{"id":13444,"date":"2024-02-05T13:09:02","date_gmt":"2024-02-05T11:09:02","guid":{"rendered":"https:\/\/www.corredormato.com\/zona-costa-brava\/"},"modified":"2024-02-05T13:37:14","modified_gmt":"2024-02-05T11:37:14","slug":"zona-costa-brava","status":"publish","type":"page","link":"https:\/\/www.corredormato.com\/es\/zona-costa-brava\/","title":{"rendered":"Costa Brava"},"content":{"rendered":"\t\t<div data-elementor-type=\"wp-page\" data-elementor-id=\"13444\" class=\"elementor elementor-13444 elementor-13387\" data-elementor-post-type=\"page\">\n\t\t\t\t\t\t<section class=\"elementor-section elementor-top-section elementor-element elementor-element-3b54baf elementor-section-boxed elementor-section-height-default elementor-section-height-default\" data-id=\"3b54baf\" data-element_type=\"section\" data-e-type=\"section\" data-settings=\"{&quot;background_background&quot;:&quot;classic&quot;}\">\n\t\t\t\t\t\t\t<div class=\"elementor-background-overlay\"><\/div>\n\t\t\t\t\t\t\t<div class=\"elementor-container elementor-column-gap-default\">\n\t\t\t\t\t<div class=\"elementor-column elementor-col-100 elementor-top-column elementor-element elementor-element-b157f16\" data-id=\"b157f16\" data-element_type=\"column\" data-e-type=\"column\">\n\t\t\t<div class=\"elementor-widget-wrap elementor-element-populated\">\n\t\t\t\t\t\t<div class=\"elementor-element elementor-element-78edebe elementor-widget elementor-widget-theme-post-title elementor-page-title elementor-widget-heading\" data-id=\"78edebe\" data-element_type=\"widget\" data-e-type=\"widget\" data-widget_type=\"theme-post-title.default\">\n\t\t\t\t<div class=\"elementor-widget-container\">\n\t\t\t\t\t<h1 class=\"elementor-heading-title elementor-size-default\">Costa Brava<\/h1>\t\t\t\t<\/div>\n\t\t\t\t<\/div>\n\t\t\t\t\t<\/div>\n\t\t<\/div>\n\t\t\t\t\t<\/div>\n\t\t<\/section>\n\t\t\t\t<section class=\"elementor-section elementor-top-section elementor-element elementor-element-c1c390e elementor-section-full_width elementor-section-height-default elementor-section-height-default\" data-id=\"c1c390e\" data-element_type=\"section\" data-e-type=\"section\" data-settings=\"{&quot;background_background&quot;:&quot;classic&quot;}\">\n\t\t\t\t\t\t\t<div class=\"elementor-background-overlay\"><\/div>\n\t\t\t\t\t\t\t<div class=\"elementor-container elementor-column-gap-no\">\n\t\t\t\t\t<div class=\"elementor-column elementor-col-100 elementor-top-column elementor-element elementor-element-ffc54f1\" data-id=\"ffc54f1\" data-element_type=\"column\" data-e-type=\"column\">\n\t\t\t<div class=\"elementor-widget-wrap elementor-element-populated\">\n\t\t\t\t\t\t<div class=\"elementor-element elementor-element-f097bda elementor-widget elementor-widget-template\" data-id=\"f097bda\" data-element_type=\"widget\" data-e-type=\"widget\" data-widget_type=\"template.default\">\n\t\t\t\t<div class=\"elementor-widget-container\">\n\t\t\t\t\t\t\t<div class=\"elementor-template\">\n\t\t\t\t\t<div data-elementor-type=\"section\" data-elementor-id=\"13269\" class=\"elementor elementor-13269 elementor-13256 elementor-13256\" data-elementor-post-type=\"elementor_library\">\n\t\t\t<div class=\"elementor-element elementor-element-7891b28 e-flex e-con-boxed e-con e-parent\" data-id=\"7891b28\" data-element_type=\"container\" data-e-type=\"container\">\n\t\t\t\t\t<div class=\"e-con-inner\">\n\t\t<div class=\"elementor-element elementor-element-25facd7 e-con-full e-flex e-con e-child\" data-id=\"25facd7\" data-element_type=\"container\" data-e-type=\"container\" data-settings=\"{&quot;background_background&quot;:&quot;classic&quot;}\">\n\t\t\t\t<div class=\"elementor-element elementor-element-0f5ff4a home-searchbox elementor-widget elementor-widget-shortcode\" data-id=\"0f5ff4a\" data-element_type=\"widget\" data-e-type=\"widget\" data-widget_type=\"shortcode.default\">\n\t\t\t\t<div class=\"elementor-widget-container\">\n\t\t\t\t\t\t\t<div class=\"elementor-shortcode\"><div class=\"n2r__search n2r__search--triggerselector \" data-n2r-searchsession-url=\"https:\/\/www.corredormato.com\/wp-json\/n2r\/v1\/searchsession\" data-n2r-nosession=\"true\">\n      <div class=\"n2r__search__mode-trigger\">\n              <div class=\"n2r__search__field n2r__search__mode-trigger\">\n          <label for=\"n2r-search-mode-87739\">Tipo<\/label>\n          <select class=\"n2r__select\" id=\"n2r-search-mode-87739\">\n            <option value=\"rental\" selected>Alquiler<\/option><option value=\"sale\" >Venta<\/option>          <\/select>\n        <\/div>\n          <\/div>\n    <div class=\"n2r__search__container n2r__tabs__content\">\n    <div class=\"n2r__tabs__content__item n2r__search__container__rental active\" >\n  <form name=\"n2r__search\" method=\"get\" action=\"https:\/\/www.corredormato.com\/resultats-de-cerca-lloguer\/\" role=\"form\" autocomplete=\"off\">\n    <input type=\"hidden\" aria-hidden=\"true\" name=\"commercialization_type\" value=\"rental\">\n              <div class=\"n2r__search__field\">\n            <label for=\"n2r-search-rental-search_text-87739\">Referencia<\/label>\n            <input type=\"text\" name=\"search_text\" id=\"n2r-search-rental-search_text-87739\" class=\"n2r__input\" value=\"\">\n          <\/div>\n                    <div class=\"n2r__search__field n2r__datepickercontainer\">\n            <label for=\"n2r-search-rental-dates-87739\">Seleccione fechas<\/label>\n            <input type=\"text\" name=\"dates\" id=\"n2r-search-rental-dates-87739\" class=\"n2r__input n2r-daterangepicker-component\" value=\"\" data-checkin=\"\" data-checkout=\"\" data-language=\"es\" data-nights=\"1\" placeholder=\" \">\n            <a class=\"n2r__datepickercontainer__clear\"><i class=\"fa fa-times\"><\/i><\/a>\n            <input type=\"hidden\" aria-hidden=\"true\" name=\"checkin\" value=\"\">\n            <input type=\"hidden\" aria-hidden=\"true\" name=\"checkout\" value=\"\">\n          <\/div>\n                    <div class=\"n2r__search__field\">\n              <label for=\"n2r-search-rental-zone-87739\">Zona<\/label>\n              <select name=\"zone\" id=\"n2r-search-rental-zone-87739\" class=\"n2r__select\" data-remoteurl=\"https:\/\/www.corredormato.com\/wp-json\/n2r\/v1\/zones\">\n                <option value=\"\">Todo<\/option>\n                <option value=\"Cala Nostra\" >Cala Nostra<\/option><option value=\"Calella Park\" >Calella Park<\/option><option value=\"Calella park\" >Calella park<\/option><option value=\"Castell d&#039;Empord\u00e0\" >Castell d&#039;Empord\u00e0<\/option><option value=\"Costa Brava\" >Costa Brava<\/option><option value=\"El Far\" >El Far<\/option><option value=\"Playa\" >Playa<\/option>              <\/select>\n              <span><\/span>\n            <\/div>\n                      <div class=\"n2r__search__field\">\n              <label for=\"n2r-search-rental-city-87739\">Poblaci\u00f3n<\/label>\n              <select name=\"city\" id=\"n2r-search-rental-city-87739\" class=\"n2r__select\">\n                <option value=\"\">Todo<\/option>\n                <option value=\"Begur\" >Begur<\/option><option value=\"Calella de Palafrugell\" >Calella de Palafrugell<\/option><option value=\"Cor\u00e7\u00e0\" >Cor\u00e7\u00e0<\/option><option value=\"Cru\u00eflles, Monells i Sant Sadurn\u00ed de l&#039;Heura\" >Cru\u00eflles, Monells i Sant Sadurn\u00ed de l&#039;Heura<\/option><option value=\"La Bisbal d&amp;apos;Empord\u00e0\" >La Bisbal d&amp;apos;Empord\u00e0<\/option><option value=\"Llafranc\" >Llafranc<\/option><option value=\"Mont-ras\" >Mont-ras<\/option><option value=\"Palam\u00f3s\" >Palam\u00f3s<\/option><option value=\"Pals\" >Pals<\/option><option value=\"Platja D&#039;aro\" >Platja D&#039;aro<\/option><option value=\"Rupi\u00e0\" >Rupi\u00e0<\/option><option value=\"Sa Riera\" >Sa Riera<\/option><option value=\"Tamariu\" >Tamariu<\/option>              <\/select>\n              <span><\/span>\n            <\/div>\n                      <div class=\"n2r__search__field \">\n              <label for=\"n2r-search-rental-type-87739\">Tipo de inmueble<\/label>\n              <select name=\"type\" id=\"n2r-search-rental-type-87739\" class=\"n2r__select\">\n                <option value=\"\">Todo<\/option>\n                <option value=\"apartment\" >Apartamento<\/option><option value=\"attached_house\" >Casa adosada<\/option><option value=\"isolated_house\" >Casa aislada \/ Villa<\/option>              <\/select>\n              <span><\/span>\n            <\/div>\n              <div class=\"n2r__search__field n2r__search__field--submit\">\n      <button type=\"submit\" class=\"n2r__search__submit n2r__btn\">Buscar<\/button>\n    <\/div>\n  <\/form>\n<\/div>\n<div class=\"n2r__tabs__content__item n2r__search__container__sale \" aria-hidden=\"true\" inert>\n  <form name=\"n2r__search\" method=\"get\" action=\"https:\/\/www.corredormato.com\/resultats-de-cerca-venda\/\" role=\"form\" autocomplete=\"off\">\n    <input type=\"hidden\" aria-hidden=\"true\" name=\"commercialization_type\" value=\"sale\">\n              <div class=\"n2r__search__field\">\n            <label for=\"n2r-search-sale-search_text-87739\">Referencia<\/label>\n            <input type=\"text\" name=\"search_text\" id=\"n2r-search-sale-search_text-87739\" class=\"n2r__input\" value=\"\">\n          <\/div>\n                      <div class=\"n2r__search__field\">\n              <label for=\"n2r-search-sale-zone-87739\">Zona<\/label>\n              <select name=\"zone\" id=\"n2r-search-sale-zone-87739\" class=\"n2r__select\" data-remoteurl=\"https:\/\/www.corredormato.com\/wp-json\/n2r\/v1\/zones\">\n                <option value=\"\">Todo<\/option>\n                <option value=\"Barcelona\" >Barcelona<\/option><option value=\"Costa Brava\" >Costa Brava<\/option><option value=\"Maresme\" >Maresme<\/option>              <\/select>\n            <\/div>\n                      <div class=\"n2r__search__field\">\n              <label for=\"n2r-search-sale-city-87739\">Poblaci\u00f3n<\/label>\n              <select name=\"city\" id=\"n2r-search-sale-city-87739\" class=\"n2r__select\">\n                <option value=\"\">Todo<\/option>\n                <option value=\"Arenys De Mar\" >Arenys De Mar<\/option><option value=\"Arenys de Munt\" >Arenys de Munt<\/option><option value=\"Argentona\" >Argentona<\/option><option value=\"Barcelona\" >Barcelona<\/option><option value=\"Begur\" >Begur<\/option><option value=\"Cabrils\" >Cabrils<\/option><option value=\"Calella De Palafrugell\" >Calella De Palafrugell<\/option><option value=\"Calonge\" >Calonge<\/option><option value=\"Canet De Mar\" >Canet De Mar<\/option><option value=\"Castell-Platja d&#039;Aro\" >Castell-Platja d&#039;Aro<\/option><option value=\"Cru\u00eflles, Monells i Sant Sadurn\u00ed de l&#039;Heura\" >Cru\u00eflles, Monells i Sant Sadurn\u00ed de l&#039;Heura<\/option><option value=\"El Masnou\" >El Masnou<\/option><option value=\"Esplugues de Llobregat\" >Esplugues de Llobregat<\/option><option value=\"Forallac\" >Forallac<\/option><option value=\"L&#039; Ametlla Del Valles\" >L&#039; Ametlla Del Valles<\/option><option value=\"L&#039;Escala\" >L&#039;Escala<\/option><option value=\"La Garriga\" >La Garriga<\/option><option value=\"Llafranc\" >Llafranc<\/option><option value=\"Matar\u00f3\" >Matar\u00f3<\/option><option value=\"Mont-Ras\" >Mont-Ras<\/option><option value=\"Palafrugell\" >Palafrugell<\/option><option value=\"Palam\u00f3s\" >Palam\u00f3s<\/option><option value=\"Pals\" >Pals<\/option><option value=\"Platja D&#039;Aro\" >Platja D&#039;Aro<\/option><option value=\"Premi\u00e0 de Dalt\" >Premi\u00e0 de Dalt<\/option><option value=\"Premi\u00e1 de Mar\" >Premi\u00e1 de Mar<\/option><option value=\"S&#039;Agar\u00f3\" >S&#039;Agar\u00f3<\/option><option value=\"Sant Andreu de Llavaneres\" >Sant Andreu de Llavaneres<\/option><option value=\"Sant Antoni De Calonge\" >Sant Antoni De Calonge<\/option><option value=\"Sant Cugat del Vall\u00e8s\" >Sant Cugat del Vall\u00e8s<\/option><option value=\"Sant Feliu de Gu\u00edxols\" >Sant Feliu de Gu\u00edxols<\/option><option value=\"Sant Gregori\" >Sant Gregori<\/option><option value=\"Sant Vicen\u00e7 de Montalt\" >Sant Vicen\u00e7 de Montalt<\/option><option value=\"Santa Cristina D&#039;Aro\" >Santa Cristina D&#039;Aro<\/option><option value=\"Sitges\" >Sitges<\/option><option value=\"Tagamanent\" >Tagamanent<\/option><option value=\"Tamariu\" >Tamariu<\/option><option value=\"Tei\u00e0\" >Tei\u00e0<\/option>              <\/select>\n            <\/div>\n                      <div class=\"n2r__search__field \">\n              <label for=\"n2r-search-sale-type-87739\">Tipo de inmueble<\/label>\n              <select name=\"type\" id=\"n2r-search-sale-type-87739\" class=\"n2r__select\">\n                <option value=\"\">Todo<\/option>\n                <option value=\"apartment\" >Apartamento<\/option><option value=\"attached_house\" >Casa adosada<\/option><option value=\"commercial_space\" >Espacio comercial<\/option><option value=\"flat\" >Piso<\/option><option value=\"isolated_house\" >Casa aislada \/ Villa<\/option><option value=\"masia\" >Masia<\/option><option value=\"penthouse\" >\u00c1tico<\/option><option value=\"terrain\" >Terreno<\/option>              <\/select>\n              <span><\/span>\n            <\/div>\n                    <div class=\"n2r__search__field\">\n            <label for=\"n2r-search-sale-price-87739\">Precio<\/label>\n            <select name=\"price\" id=\"n2r-search-sale-price-87739\" class=\"n2r__select\">\n              <option value=\"\"> - <\/option>\n              <option value=\"0 - 100.000 \u20ac\" >0 - 100.000 \u20ac<\/option><option value=\"100.000 \u20ac - 300.000 \u20ac\" >100.000 \u20ac - 300.000 \u20ac<\/option><option value=\"300.000 \u20ac - 500.000 \u20ac\" >300.000 \u20ac - 500.000 \u20ac<\/option><option value=\"500.000 \u20ac - 1.000.000 \u20ac\" >500.000 \u20ac - 1.000.000 \u20ac<\/option><option value=\"&gt; 1.000.000 \u20ac\" >&gt; 1.000.000 \u20ac<\/option>            <\/select>\n          <\/div>\n        <div class=\"n2r__search__field n2r__search__field--submit\">\n      <button type=\"submit\" class=\"n2r__search__submit n2r__btn\">Buscar<\/button>\n    <\/div>\n  <\/form>\n<\/div>  <\/div>\n<\/div><\/div>\n\t\t\t\t\t\t<\/div>\n\t\t\t\t<\/div>\n\t\t\t\t<\/div>\n\t\t\t\t\t<\/div>\n\t\t\t\t<\/div>\n\t\t\t\t<\/div>\n\t\t\t\t<\/div>\n\t\t\t\t\t\t<\/div>\n\t\t\t\t<\/div>\n\t\t\t\t\t<\/div>\n\t\t<\/div>\n\t\t\t\t\t<\/div>\n\t\t<\/section>\n\t\t\t\t<section class=\"elementor-section elementor-top-section elementor-element elementor-element-04bf458 elementor-section-boxed elementor-section-height-default elementor-section-height-default\" data-id=\"04bf458\" data-element_type=\"section\" data-e-type=\"section\" data-settings=\"{&quot;background_background&quot;:&quot;classic&quot;}\">\n\t\t\t\t\t\t<div class=\"elementor-container elementor-column-gap-no\">\n\t\t\t\t\t<div class=\"elementor-column elementor-col-100 elementor-top-column elementor-element elementor-element-6cfb267\" data-id=\"6cfb267\" data-element_type=\"column\" data-e-type=\"column\">\n\t\t\t<div class=\"elementor-widget-wrap elementor-element-populated\">\n\t\t\t\t\t\t<div class=\"elementor-element elementor-element-494929a elementor-widget elementor-widget-heading\" data-id=\"494929a\" data-element_type=\"widget\" data-e-type=\"widget\" data-widget_type=\"heading.default\">\n\t\t\t\t<div class=\"elementor-widget-container\">\n\t\t\t\t\t<h2 class=\"elementor-heading-title elementor-size-default\"><strong>Alojamientos destacados<\/strong> | Alquiler<\/h2>\t\t\t\t<\/div>\n\t\t\t\t<\/div>\n\t\t\t\t<div class=\"elementor-element elementor-element-ec4ead5 sep23 elementor-widget elementor-widget-shortcode\" data-id=\"ec4ead5\" data-element_type=\"widget\" data-e-type=\"widget\" data-widget_type=\"shortcode.default\">\n\t\t\t\t<div class=\"elementor-widget-container\">\n\t\t\t\t\t\t\t<div class=\"elementor-shortcode\">\n<div class=\"n2r__list grid\" data-n2r-searchparams=\"\">\n    <div class=\"n2r__row\">\n    <div class=\"n2r__list__items\">\n      <div class=\"n2r__list__item n2r__clickable   \" data-id=\"10711\">\n  <span class=\"n2r__list__item__icon n2r__list__item__icon--with3dtour\" title=\"Tiene paseo virtual\">360\u00ba<\/span>  <div class=\"n2r__list__item__gallery n2r__slider\">\n    <div class=\"slide-item\"><img data-lazy=\"https:\/\/files.net2rent.com\/pfiles\/43\/10711\/594506-m.jpg\" alt=\"CM1508 CAN FONT DE MUNTANYA Casa aislada \/ Villa Costa Brava Cru\u00eflles, Monells i Sant Sadurn\u00ed de l&#039;Heura\" title=\"CM1508 CAN FONT DE MUNTANYA Casa aislada \/ Villa Costa Brava Cru\u00eflles, Monells i Sant Sadurn\u00ed de l&#039;Heura\"><\/div><div class=\"slide-item\"><img data-lazy=\"https:\/\/files.net2rent.com\/pfiles\/43\/10711\/594507-m.jpg\" alt=\"CM1508 CAN FONT DE MUNTANYA Casa aislada \/ Villa Costa Brava Cru\u00eflles, Monells i Sant Sadurn\u00ed de l&#039;Heura\" title=\"CM1508 CAN FONT DE MUNTANYA Casa aislada \/ Villa Costa Brava Cru\u00eflles, Monells i Sant Sadurn\u00ed de l&#039;Heura\"><\/div><div class=\"slide-item\"><img data-lazy=\"https:\/\/files.net2rent.com\/pfiles\/43\/10711\/571362-m.jpg\" alt=\"CM1508 CAN FONT DE MUNTANYA Casa aislada \/ Villa Costa Brava Cru\u00eflles, Monells i Sant Sadurn\u00ed de l&#039;Heura\" title=\"CM1508 CAN FONT DE MUNTANYA Casa aislada \/ Villa Costa Brava Cru\u00eflles, Monells i Sant Sadurn\u00ed de l&#039;Heura\"><\/div><div class=\"slide-item\"><img data-lazy=\"https:\/\/files.net2rent.com\/pfiles\/43\/10711\/571359-m.jpg\" alt=\"CM1508 CAN FONT DE MUNTANYA Casa aislada \/ Villa Costa Brava Cru\u00eflles, Monells i Sant Sadurn\u00ed de l&#039;Heura\" title=\"CM1508 CAN FONT DE MUNTANYA Casa aislada \/ Villa Costa Brava Cru\u00eflles, Monells i Sant Sadurn\u00ed de l&#039;Heura\"><\/div><div class=\"slide-item\"><img data-lazy=\"https:\/\/files.net2rent.com\/pfiles\/43\/10711\/571360-m.jpg\" alt=\"CM1508 CAN FONT DE MUNTANYA Casa aislada \/ Villa Costa Brava Cru\u00eflles, Monells i Sant Sadurn\u00ed de l&#039;Heura\" title=\"CM1508 CAN FONT DE MUNTANYA Casa aislada \/ Villa Costa Brava Cru\u00eflles, Monells i Sant Sadurn\u00ed de l&#039;Heura\"><\/div><div class=\"slide-item\"><img data-lazy=\"https:\/\/files.net2rent.com\/pfiles\/43\/10711\/571361-m.jpg\" alt=\"CM1508 CAN FONT DE MUNTANYA Casa aislada \/ Villa Costa Brava Cru\u00eflles, Monells i Sant Sadurn\u00ed de l&#039;Heura\" title=\"CM1508 CAN FONT DE MUNTANYA Casa aislada \/ Villa Costa Brava Cru\u00eflles, Monells i Sant Sadurn\u00ed de l&#039;Heura\"><\/div><div class=\"slide-item\"><img data-lazy=\"https:\/\/files.net2rent.com\/pfiles\/43\/10711\/171260-o-m.jpg\" alt=\"1508 Can Font de Muntanya Casa rural  Cru\u00eflles, Monells i Sant Sadurn\u00ed de l&#039;Heura\" title=\"1508 Can Font de Muntanya Casa rural  Cru\u00eflles, Monells i Sant Sadurn\u00ed de l&#039;Heura\"><\/div><div class=\"slide-item\"><img data-lazy=\"https:\/\/my.matterport.com\/api\/v1\/player\/models\/BdPDQBrdT8G\/thumb?width=696&#038;dpr=2&#038;disable=upscale\" alt=\"CM1508 CAN FONT DE MUNTANYA Casa aislada \/ Villa Costa Brava Cru\u00eflles, Monells i Sant Sadurn\u00ed de l&#039;Heura\" title=\"CM1508 CAN FONT DE MUNTANYA Casa aislada \/ Villa Costa Brava Cru\u00eflles, Monells i Sant Sadurn\u00ed de l&#039;Heura\"><\/div><div class=\"slide-item\"><img data-lazy=\"https:\/\/files.net2rent.com\/pfiles\/43\/10711\/171262-o-m.jpg\" alt=\"1508 Can Font de Muntanya Casa rural  Cru\u00eflles, Monells i Sant Sadurn\u00ed de l&#039;Heura\" title=\"1508 Can Font de Muntanya Casa rural  Cru\u00eflles, Monells i Sant Sadurn\u00ed de l&#039;Heura\"><\/div><div class=\"slide-item\"><img data-lazy=\"https:\/\/files.net2rent.com\/pfiles\/43\/10711\/171265-o-m.jpg\" alt=\"1508 Can Font de Muntanya Casa rural  Cru\u00eflles, Monells i Sant Sadurn\u00ed de l&#039;Heura\" title=\"1508 Can Font de Muntanya Casa rural  Cru\u00eflles, Monells i Sant Sadurn\u00ed de l&#039;Heura\"><\/div><div class=\"slide-item\"><img data-lazy=\"https:\/\/files.net2rent.com\/pfiles\/43\/10711\/171266-o-m.jpg\" alt=\"1508 Can Font de Muntanya Casa rural  Cru\u00eflles, Monells i Sant Sadurn\u00ed de l&#039;Heura\" title=\"1508 Can Font de Muntanya Casa rural  Cru\u00eflles, Monells i Sant Sadurn\u00ed de l&#039;Heura\"><\/div><div class=\"slide-item\"><img data-lazy=\"https:\/\/files.net2rent.com\/pfiles\/43\/10711\/210101-o-m.jpg\" alt=\"CM1508 CAN FONT DE MUNTANYA Casa rural Parc Natural de les Gavarres Cru\u00eflles, Monells i Sant Sadurn\u00ed de l&#039;Heura\" title=\"CM1508 CAN FONT DE MUNTANYA Casa rural Parc Natural de les Gavarres Cru\u00eflles, Monells i Sant Sadurn\u00ed de l&#039;Heura\"><\/div><div class=\"slide-item\"><img data-lazy=\"https:\/\/files.net2rent.com\/pfiles\/43\/10711\/171270-o-m.jpg\" alt=\"1508 Can Font de Muntanya Casa rural  Cru\u00eflles, Monells i Sant Sadurn\u00ed de l&#039;Heura\" title=\"1508 Can Font de Muntanya Casa rural  Cru\u00eflles, Monells i Sant Sadurn\u00ed de l&#039;Heura\"><\/div><div class=\"slide-item\"><img data-lazy=\"https:\/\/files.net2rent.com\/pfiles\/43\/10711\/578444-m.jpg\" alt=\"CM1508 CAN FONT DE MUNTANYA Casa aislada \/ Villa Costa Brava Cru\u00eflles, Monells i Sant Sadurn\u00ed de l&#039;Heura\" title=\"CM1508 CAN FONT DE MUNTANYA Casa aislada \/ Villa Costa Brava Cru\u00eflles, Monells i Sant Sadurn\u00ed de l&#039;Heura\"><\/div><div class=\"slide-item\"><img data-lazy=\"https:\/\/files.net2rent.com\/pfiles\/43\/10711\/578442-m.jpg\" alt=\"CM1508 CAN FONT DE MUNTANYA Casa aislada \/ Villa Costa Brava Cru\u00eflles, Monells i Sant Sadurn\u00ed de l&#039;Heura\" title=\"CM1508 CAN FONT DE MUNTANYA Casa aislada \/ Villa Costa Brava Cru\u00eflles, Monells i Sant Sadurn\u00ed de l&#039;Heura\"><\/div><div class=\"slide-item\"><img data-lazy=\"https:\/\/files.net2rent.com\/pfiles\/43\/10711\/171272-o-m.jpg\" alt=\"1508 Can Font de Muntanya Casa rural  Cru\u00eflles, Monells i Sant Sadurn\u00ed de l&#039;Heura\" title=\"1508 Can Font de Muntanya Casa rural  Cru\u00eflles, Monells i Sant Sadurn\u00ed de l&#039;Heura\"><\/div><div class=\"slide-item\"><img data-lazy=\"https:\/\/files.net2rent.com\/pfiles\/43\/10711\/171273-o-m.jpg\" alt=\"1508 Can Font de Muntanya Casa rural  Cru\u00eflles, Monells i Sant Sadurn\u00ed de l&#039;Heura\" title=\"1508 Can Font de Muntanya Casa rural  Cru\u00eflles, Monells i Sant Sadurn\u00ed de l&#039;Heura\"><\/div><div class=\"slide-item\"><img data-lazy=\"https:\/\/files.net2rent.com\/pfiles\/43\/10711\/210099-o-m.jpg\" alt=\"CM1508 CAN FONT DE MUNTANYA Casa rural Parc Natural de les Gavarres Cru\u00eflles, Monells i Sant Sadurn\u00ed de l&#039;Heura\" title=\"CM1508 CAN FONT DE MUNTANYA Casa rural Parc Natural de les Gavarres Cru\u00eflles, Monells i Sant Sadurn\u00ed de l&#039;Heura\"><\/div><div class=\"slide-item\"><img data-lazy=\"https:\/\/files.net2rent.com\/pfiles\/43\/10711\/171276-o-m.jpg\" alt=\"1508 Can Font de Muntanya Casa rural  Cru\u00eflles, Monells i Sant Sadurn\u00ed de l&#039;Heura\" title=\"1508 Can Font de Muntanya Casa rural  Cru\u00eflles, Monells i Sant Sadurn\u00ed de l&#039;Heura\"><\/div><div class=\"slide-item\"><img data-lazy=\"https:\/\/files.net2rent.com\/pfiles\/43\/10711\/578447-m.jpg\" alt=\"CM1508 CAN FONT DE MUNTANYA Casa aislada \/ Villa Costa Brava Cru\u00eflles, Monells i Sant Sadurn\u00ed de l&#039;Heura\" title=\"CM1508 CAN FONT DE MUNTANYA Casa aislada \/ Villa Costa Brava Cru\u00eflles, Monells i Sant Sadurn\u00ed de l&#039;Heura\"><\/div><div class=\"slide-item\"><img data-lazy=\"https:\/\/files.net2rent.com\/pfiles\/43\/10711\/578449-m.jpg\" alt=\"CM1508 CAN FONT DE MUNTANYA Casa aislada \/ Villa Costa Brava Cru\u00eflles, Monells i Sant Sadurn\u00ed de l&#039;Heura\" title=\"CM1508 CAN FONT DE MUNTANYA Casa aislada \/ Villa Costa Brava Cru\u00eflles, Monells i Sant Sadurn\u00ed de l&#039;Heura\"><\/div><div class=\"slide-item\"><img data-lazy=\"https:\/\/files.net2rent.com\/pfiles\/43\/10711\/578445-m.jpg\" alt=\"CM1508 CAN FONT DE MUNTANYA Casa aislada \/ Villa Costa Brava Cru\u00eflles, Monells i Sant Sadurn\u00ed de l&#039;Heura\" title=\"CM1508 CAN FONT DE MUNTANYA Casa aislada \/ Villa Costa Brava Cru\u00eflles, Monells i Sant Sadurn\u00ed de l&#039;Heura\"><\/div><div class=\"slide-item\"><img data-lazy=\"https:\/\/files.net2rent.com\/pfiles\/43\/10711\/578446-m.jpg\" alt=\"CM1508 CAN FONT DE MUNTANYA Casa aislada \/ Villa Costa Brava Cru\u00eflles, Monells i Sant Sadurn\u00ed de l&#039;Heura\" title=\"CM1508 CAN FONT DE MUNTANYA Casa aislada \/ Villa Costa Brava Cru\u00eflles, Monells i Sant Sadurn\u00ed de l&#039;Heura\"><\/div><div class=\"slide-item\"><img data-lazy=\"https:\/\/files.net2rent.com\/pfiles\/43\/10711\/210090-o-m.jpg\" alt=\"CM1508 CAN FONT DE MUNTANYA Casa rural Parc Natural de les Gavarres Cru\u00eflles, Monells i Sant Sadurn\u00ed de l&#039;Heura\" title=\"CM1508 CAN FONT DE MUNTANYA Casa rural Parc Natural de les Gavarres Cru\u00eflles, Monells i Sant Sadurn\u00ed de l&#039;Heura\"><\/div><div class=\"slide-item\"><img data-lazy=\"https:\/\/files.net2rent.com\/pfiles\/43\/10711\/210091-o-m.jpg\" alt=\"CM1508 CAN FONT DE MUNTANYA Casa rural Parc Natural de les Gavarres Cru\u00eflles, Monells i Sant Sadurn\u00ed de l&#039;Heura\" title=\"CM1508 CAN FONT DE MUNTANYA Casa rural Parc Natural de les Gavarres Cru\u00eflles, Monells i Sant Sadurn\u00ed de l&#039;Heura\"><\/div><div class=\"slide-item\"><img data-lazy=\"https:\/\/files.net2rent.com\/pfiles\/43\/10711\/594547-m.jpg\" alt=\"CM1508 CAN FONT DE MUNTANYA Casa aislada \/ Villa Costa Brava Cru\u00eflles, Monells i Sant Sadurn\u00ed de l&#039;Heura\" title=\"CM1508 CAN FONT DE MUNTANYA Casa aislada \/ Villa Costa Brava Cru\u00eflles, Monells i Sant Sadurn\u00ed de l&#039;Heura\"><\/div><div class=\"slide-item\"><img data-lazy=\"https:\/\/files.net2rent.com\/pfiles\/43\/10711\/594548-m.jpg\" alt=\"CM1508 CAN FONT DE MUNTANYA Casa aislada \/ Villa Costa Brava Cru\u00eflles, Monells i Sant Sadurn\u00ed de l&#039;Heura\" title=\"CM1508 CAN FONT DE MUNTANYA Casa aislada \/ Villa Costa Brava Cru\u00eflles, Monells i Sant Sadurn\u00ed de l&#039;Heura\"><\/div><div class=\"slide-item\"><img data-lazy=\"https:\/\/files.net2rent.com\/pfiles\/43\/10711\/594549-m.jpg\" alt=\"CM1508 CAN FONT DE MUNTANYA Casa aislada \/ Villa Costa Brava Cru\u00eflles, Monells i Sant Sadurn\u00ed de l&#039;Heura\" title=\"CM1508 CAN FONT DE MUNTANYA Casa aislada \/ Villa Costa Brava Cru\u00eflles, Monells i Sant Sadurn\u00ed de l&#039;Heura\"><\/div><div class=\"slide-item\"><img data-lazy=\"https:\/\/files.net2rent.com\/pfiles\/43\/10711\/594550-m.jpg\" alt=\"CM1508 CAN FONT DE MUNTANYA Casa aislada \/ Villa Costa Brava Cru\u00eflles, Monells i Sant Sadurn\u00ed de l&#039;Heura\" title=\"CM1508 CAN FONT DE MUNTANYA Casa aislada \/ Villa Costa Brava Cru\u00eflles, Monells i Sant Sadurn\u00ed de l&#039;Heura\"><\/div><div class=\"slide-item\"><img data-lazy=\"https:\/\/files.net2rent.com\/pfiles\/43\/10711\/594551-m.jpg\" alt=\"CM1508 CAN FONT DE MUNTANYA Casa aislada \/ Villa Costa Brava Cru\u00eflles, Monells i Sant Sadurn\u00ed de l&#039;Heura\" title=\"CM1508 CAN FONT DE MUNTANYA Casa aislada \/ Villa Costa Brava Cru\u00eflles, Monells i Sant Sadurn\u00ed de l&#039;Heura\"><\/div><div class=\"slide-item\"><img data-lazy=\"https:\/\/files.net2rent.com\/pfiles\/43\/10711\/594568-m.jpg\" alt=\"CM1508 CAN FONT DE MUNTANYA Casa aislada \/ Villa Costa Brava Cru\u00eflles, Monells i Sant Sadurn\u00ed de l&#039;Heura\" title=\"CM1508 CAN FONT DE MUNTANYA Casa aislada \/ Villa Costa Brava Cru\u00eflles, Monells i Sant Sadurn\u00ed de l&#039;Heura\"><\/div><div class=\"slide-item\"><img data-lazy=\"https:\/\/files.net2rent.com\/pfiles\/43\/10711\/594567-m.jpg\" alt=\"CM1508 CAN FONT DE MUNTANYA Casa aislada \/ Villa Costa Brava Cru\u00eflles, Monells i Sant Sadurn\u00ed de l&#039;Heura\" title=\"CM1508 CAN FONT DE MUNTANYA Casa aislada \/ Villa Costa Brava Cru\u00eflles, Monells i Sant Sadurn\u00ed de l&#039;Heura\"><\/div><div class=\"slide-item\"><img data-lazy=\"https:\/\/files.net2rent.com\/pfiles\/43\/10711\/594569-m.jpg\" alt=\"CM1508 CAN FONT DE MUNTANYA Casa aislada \/ Villa Costa Brava Cru\u00eflles, Monells i Sant Sadurn\u00ed de l&#039;Heura\" title=\"CM1508 CAN FONT DE MUNTANYA Casa aislada \/ Villa Costa Brava Cru\u00eflles, Monells i Sant Sadurn\u00ed de l&#039;Heura\"><\/div><div class=\"slide-item\"><img data-lazy=\"https:\/\/files.net2rent.com\/pfiles\/43\/10711\/594570-m.jpg\" alt=\"CM1508 CAN FONT DE MUNTANYA Casa aislada \/ Villa Costa Brava Cru\u00eflles, Monells i Sant Sadurn\u00ed de l&#039;Heura\" title=\"CM1508 CAN FONT DE MUNTANYA Casa aislada \/ Villa Costa Brava Cru\u00eflles, Monells i Sant Sadurn\u00ed de l&#039;Heura\"><\/div><div class=\"slide-item\"><img data-lazy=\"https:\/\/files.net2rent.com\/pfiles\/43\/10711\/594572-m.jpg\" alt=\"CM1508 CAN FONT DE MUNTANYA Casa aislada \/ Villa Costa Brava Cru\u00eflles, Monells i Sant Sadurn\u00ed de l&#039;Heura\" title=\"CM1508 CAN FONT DE MUNTANYA Casa aislada \/ Villa Costa Brava Cru\u00eflles, Monells i Sant Sadurn\u00ed de l&#039;Heura\"><\/div><div class=\"slide-item\"><img data-lazy=\"https:\/\/files.net2rent.com\/pfiles\/43\/10711\/594571-m.jpg\" alt=\"CM1508 CAN FONT DE MUNTANYA Casa aislada \/ Villa Costa Brava Cru\u00eflles, Monells i Sant Sadurn\u00ed de l&#039;Heura\" title=\"CM1508 CAN FONT DE MUNTANYA Casa aislada \/ Villa Costa Brava Cru\u00eflles, Monells i Sant Sadurn\u00ed de l&#039;Heura\"><\/div><div class=\"slide-item\"><img data-lazy=\"https:\/\/files.net2rent.com\/pfiles\/43\/10711\/594573-m.jpg\" alt=\"CM1508 CAN FONT DE MUNTANYA Casa aislada \/ Villa Costa Brava Cru\u00eflles, Monells i Sant Sadurn\u00ed de l&#039;Heura\" title=\"CM1508 CAN FONT DE MUNTANYA Casa aislada \/ Villa Costa Brava Cru\u00eflles, Monells i Sant Sadurn\u00ed de l&#039;Heura\"><\/div><div class=\"slide-item\"><img data-lazy=\"https:\/\/files.net2rent.com\/pfiles\/43\/10711\/594552-m.jpg\" alt=\"CM1508 CAN FONT DE MUNTANYA Casa aislada \/ Villa Costa Brava Cru\u00eflles, Monells i Sant Sadurn\u00ed de l&#039;Heura\" title=\"CM1508 CAN FONT DE MUNTANYA Casa aislada \/ Villa Costa Brava Cru\u00eflles, Monells i Sant Sadurn\u00ed de l&#039;Heura\"><\/div><div class=\"slide-item\"><img data-lazy=\"https:\/\/files.net2rent.com\/pfiles\/43\/10711\/594553-m.jpg\" alt=\"CM1508 CAN FONT DE MUNTANYA Casa aislada \/ Villa Costa Brava Cru\u00eflles, Monells i Sant Sadurn\u00ed de l&#039;Heura\" title=\"CM1508 CAN FONT DE MUNTANYA Casa aislada \/ Villa Costa Brava Cru\u00eflles, Monells i Sant Sadurn\u00ed de l&#039;Heura\"><\/div><div class=\"slide-item\"><img data-lazy=\"https:\/\/files.net2rent.com\/pfiles\/43\/10711\/594554-m.jpg\" alt=\"CM1508 CAN FONT DE MUNTANYA Casa aislada \/ Villa Costa Brava Cru\u00eflles, Monells i Sant Sadurn\u00ed de l&#039;Heura\" title=\"CM1508 CAN FONT DE MUNTANYA Casa aislada \/ Villa Costa Brava Cru\u00eflles, Monells i Sant Sadurn\u00ed de l&#039;Heura\"><\/div><div class=\"slide-item\"><img data-lazy=\"https:\/\/files.net2rent.com\/pfiles\/43\/10711\/594555-m.jpg\" alt=\"CM1508 CAN FONT DE MUNTANYA Casa aislada \/ Villa Costa Brava Cru\u00eflles, Monells i Sant Sadurn\u00ed de l&#039;Heura\" title=\"CM1508 CAN FONT DE MUNTANYA Casa aislada \/ Villa Costa Brava Cru\u00eflles, Monells i Sant Sadurn\u00ed de l&#039;Heura\"><\/div><div class=\"slide-item\"><img data-lazy=\"https:\/\/files.net2rent.com\/pfiles\/43\/10711\/594556-m.jpg\" alt=\"CM1508 CAN FONT DE MUNTANYA Casa aislada \/ Villa Costa Brava Cru\u00eflles, Monells i Sant Sadurn\u00ed de l&#039;Heura\" title=\"CM1508 CAN FONT DE MUNTANYA Casa aislada \/ Villa Costa Brava Cru\u00eflles, Monells i Sant Sadurn\u00ed de l&#039;Heura\"><\/div><div class=\"slide-item\"><img data-lazy=\"https:\/\/files.net2rent.com\/pfiles\/43\/10711\/594557-m.jpg\" alt=\"CM1508 CAN FONT DE MUNTANYA Casa aislada \/ Villa Costa Brava Cru\u00eflles, Monells i Sant Sadurn\u00ed de l&#039;Heura\" title=\"CM1508 CAN FONT DE MUNTANYA Casa aislada \/ Villa Costa Brava Cru\u00eflles, Monells i Sant Sadurn\u00ed de l&#039;Heura\"><\/div><div class=\"slide-item\"><img data-lazy=\"https:\/\/files.net2rent.com\/pfiles\/43\/10711\/594558-m.jpg\" alt=\"CM1508 CAN FONT DE MUNTANYA Casa aislada \/ Villa Costa Brava Cru\u00eflles, Monells i Sant Sadurn\u00ed de l&#039;Heura\" title=\"CM1508 CAN FONT DE MUNTANYA Casa aislada \/ Villa Costa Brava Cru\u00eflles, Monells i Sant Sadurn\u00ed de l&#039;Heura\"><\/div><div class=\"slide-item\"><img data-lazy=\"https:\/\/files.net2rent.com\/pfiles\/43\/10711\/594559-m.jpg\" alt=\"CM1508 CAN FONT DE MUNTANYA Casa aislada \/ Villa Costa Brava Cru\u00eflles, Monells i Sant Sadurn\u00ed de l&#039;Heura\" title=\"CM1508 CAN FONT DE MUNTANYA Casa aislada \/ Villa Costa Brava Cru\u00eflles, Monells i Sant Sadurn\u00ed de l&#039;Heura\"><\/div><div class=\"slide-item\"><img data-lazy=\"https:\/\/files.net2rent.com\/pfiles\/43\/10711\/594560-m.jpg\" alt=\"CM1508 CAN FONT DE MUNTANYA Casa aislada \/ Villa Costa Brava Cru\u00eflles, Monells i Sant Sadurn\u00ed de l&#039;Heura\" title=\"CM1508 CAN FONT DE MUNTANYA Casa aislada \/ Villa Costa Brava Cru\u00eflles, Monells i Sant Sadurn\u00ed de l&#039;Heura\"><\/div><div class=\"slide-item\"><img data-lazy=\"https:\/\/files.net2rent.com\/pfiles\/43\/10711\/594561-m.jpg\" alt=\"CM1508 CAN FONT DE MUNTANYA Casa aislada \/ Villa Costa Brava Cru\u00eflles, Monells i Sant Sadurn\u00ed de l&#039;Heura\" title=\"CM1508 CAN FONT DE MUNTANYA Casa aislada \/ Villa Costa Brava Cru\u00eflles, Monells i Sant Sadurn\u00ed de l&#039;Heura\"><\/div><div class=\"slide-item\"><img data-lazy=\"https:\/\/files.net2rent.com\/pfiles\/43\/10711\/594562-m.jpg\" alt=\"CM1508 CAN FONT DE MUNTANYA Casa aislada \/ Villa Costa Brava Cru\u00eflles, Monells i Sant Sadurn\u00ed de l&#039;Heura\" title=\"CM1508 CAN FONT DE MUNTANYA Casa aislada \/ Villa Costa Brava Cru\u00eflles, Monells i Sant Sadurn\u00ed de l&#039;Heura\"><\/div><div class=\"slide-item\"><img data-lazy=\"https:\/\/files.net2rent.com\/pfiles\/43\/10711\/594563-m.jpg\" alt=\"CM1508 CAN FONT DE MUNTANYA Casa aislada \/ Villa Costa Brava Cru\u00eflles, Monells i Sant Sadurn\u00ed de l&#039;Heura\" title=\"CM1508 CAN FONT DE MUNTANYA Casa aislada \/ Villa Costa Brava Cru\u00eflles, Monells i Sant Sadurn\u00ed de l&#039;Heura\"><\/div><div class=\"slide-item\"><img data-lazy=\"https:\/\/files.net2rent.com\/pfiles\/43\/10711\/594564-m.jpg\" alt=\"CM1508 CAN FONT DE MUNTANYA Casa aislada \/ Villa Costa Brava Cru\u00eflles, Monells i Sant Sadurn\u00ed de l&#039;Heura\" title=\"CM1508 CAN FONT DE MUNTANYA Casa aislada \/ Villa Costa Brava Cru\u00eflles, Monells i Sant Sadurn\u00ed de l&#039;Heura\"><\/div><div class=\"slide-item\"><img data-lazy=\"https:\/\/files.net2rent.com\/pfiles\/43\/10711\/594565-m.jpg\" alt=\"CM1508 CAN FONT DE MUNTANYA Casa aislada \/ Villa Costa Brava Cru\u00eflles, Monells i Sant Sadurn\u00ed de l&#039;Heura\" title=\"CM1508 CAN FONT DE MUNTANYA Casa aislada \/ Villa Costa Brava Cru\u00eflles, Monells i Sant Sadurn\u00ed de l&#039;Heura\"><\/div><div class=\"slide-item\"><img data-lazy=\"https:\/\/files.net2rent.com\/pfiles\/43\/10711\/594566-m.jpg\" alt=\"CM1508 CAN FONT DE MUNTANYA Casa aislada \/ Villa Costa Brava Cru\u00eflles, Monells i Sant Sadurn\u00ed de l&#039;Heura\" title=\"CM1508 CAN FONT DE MUNTANYA Casa aislada \/ Villa Costa Brava Cru\u00eflles, Monells i Sant Sadurn\u00ed de l&#039;Heura\"><\/div><div class=\"slide-item\"><img data-lazy=\"https:\/\/files.net2rent.com\/pfiles\/43\/10711\/210100-o-m.jpg\" alt=\"CM1508 CAN FONT DE MUNTANYA Casa rural Parc Natural de les Gavarres Cru\u00eflles, Monells i Sant Sadurn\u00ed de l&#039;Heura\" title=\"CM1508 CAN FONT DE MUNTANYA Casa rural Parc Natural de les Gavarres Cru\u00eflles, Monells i Sant Sadurn\u00ed de l&#039;Heura\"><\/div><div class=\"slide-item\"><img data-lazy=\"https:\/\/files.net2rent.com\/pfiles\/43\/10711\/571363-m.jpg\" alt=\"CM1508 CAN FONT DE MUNTANYA Casa aislada \/ Villa Costa Brava Cru\u00eflles, Monells i Sant Sadurn\u00ed de l&#039;Heura\" title=\"CM1508 CAN FONT DE MUNTANYA Casa aislada \/ Villa Costa Brava Cru\u00eflles, Monells i Sant Sadurn\u00ed de l&#039;Heura\"><\/div>  <\/div>\n\n  <div class=\"n2r__list__item__info\">\n    <div class=\"n2r__list__item__title\">\n      <h2 class=\"n2r__list__item__name\">\n        <a href=\"https:\/\/www.corredormato.com\/es\/detalle-del-alojamiento\/alquiler-villa-can-font-de-muntanya-cruilles-monells-i-sant-sadurni-de-l-heura-10711\/\">Can Font de Muntanya - Rel\u00e1jate en el Parc Natural de les Gavarres - Costa Brava-<\/a>\n      <\/h2>\n          <\/div>\n    <div class=\"n2r__list__item__title\">\n      <div class=\"n2r__list__item__reference\">Ref: CM1508<\/div>\n      <div class=\"n2r__list__item__turisticreference\">HUTG-033000-75<\/div>      <div class=\"n2r__list__item__city\">Cru\u00eflles, Monells i Sant Sadurn\u00ed de l&#039;Heura<\/div>\n              <div class=\"n2r__list__item__rating\">\n          <div class=\"n2r__rating\">\n            <div class=\"n2r__rating__complete\" style=\"width:95%\"><\/div>\n          <\/div>\n        <\/div>\n          <\/div>\n    <div class=\"n2r__list__item__features\">\n      <div class=\"n2r__list__item__feature n2r__list__item__feature--rooms\" title=\"4 habitaciones\"><i class=\"n2r_room\"><\/i> 4<\/div><div class=\"n2r__list__item__feature n2r__list__item__feature--capacity\" title=\"13 pax\"><i class=\"n2r_people\"><\/i> 13<\/div><div class=\"n2r__list__item__feature n2r__list__item__feature--bathrooms\" title=\"4 aseos\"><i class=\"n2r_toilet\"><\/i> 4<\/div><div class=\"n2r__list__item__feature n2r__list__item__feature--terrace\" title=\"terraza\"><i class=\"n2r_terrace\"><\/i> <\/div><div class=\"n2r__list__item__feature n2r__list__item__feature--property_meters\" title=\"Metros de la propiedad\"><i class=\"n2r_property_meters\"><\/i> 155 m<sup>2<\/sup><\/div><div class=\"n2r__list__item__feature n2r__list__item__feature--pool\" title=\"piscina\"><i class=\"n2r_swimming_pool\"><\/i> <\/div>    <\/div>\n    <div class=\"n2r__list__item__description\">Can Font de Muntanya es un lugar de paz y quietud en medio del macizo de las Gavarres, situado en la poblaci\u00f3n de Cru\u00eflles en el Baix Empord\u00e0 donde podemos relajarnos en un entorno privilegiado con una espectacular zona exterior de jardines y piscina gozando de unas vistas fant\u00e1sticas a las Islas Medas y la bah\u00eda de Roses. Ideal para unas vacaciones familiares y con amigos en medio de un entorno de tranquilidad, privacidad y exclusividad.\r\nCan Font de Muntanya encontramos tambi\u00e9n cuadras de caballos, huerto ecol\u00f3gico y una gran extensi\u00f3n de terreno que rodea ampliamente las viviendas. Por todo ello, dispone del entorno ideal para reencontrarse nuevamente con uno mismo, desconectando de las actividades cotidianas, pero sin dejar de disponer de las comodidades que facilitan la vida diaria.\r\nDentro de la finca tenemos la antigua masover\u00eda rehabilitada, aqu\u00ed encontramos 4 habitaciones suites, amplio y agradable sal\u00f3n comedor ideal para relajarse gozando del descanso con la familia y cocina totalmente equipada. Del sal\u00f3n comedor accedemos a una agradable terraza ideal para comer y cenas al aire libre. \r\nHabitaci\u00f3n La Figuera: La Figuera se troba en el edificio de dimensiones m\u00e1s reducidas de la finca, pero la medida de la habitaci\u00f3n es realment destacable. En estar al primer piso, ofereix unes vistes privilegiades gr\u00e0cies a la seva orientaci\u00f3 nord-est, a m\u00e9s gaudeix d\u2019una luminosa terrassa a la seva entrada d\u2019\u00fas totalment individual. Una aut\u00e8ntica delicia per gaudir los 365 dies de l&#039;any. Una preciosa figuera tenyeix de verd l\u2019habitaci\u00f3 amb les seves fulles i l\u2019ambienta amb una agradable frag\u00e0ncia, potser una de les m\u00e9s representantes de la Mediterr\u00e0nia. Ja dins de l\u2019habitaci\u00f3, ens esperen m\u00faltiples sorpresas, destacando una llar de foc que la converteix en una habitaci\u00f3n \u00fanica en Can Font. Adem\u00e1s, tiene capacidad para tres personas gracias a su cama king size y un sof\u00e1 individual adicional. El ba\u00f1o es muy amplio y acogedor, con acabados de microcemento, amplios miralls, separaci\u00f3n entre zona de ducha y sanitarios, y, con el resto de la habitaci\u00f3n, est\u00e1 calefactada con radiadores y tovalloler. En caso de inter\u00e9s, puede conectarse con la habitaci\u00f3n Colibr\u00ed por una puerta que les separa.\r\nHabitaci\u00f3 Colibr\u00ed: Los colibr\u00eds necesitan el espacio exterior y la naturaleza, como la que pueden trobar en la amplia terraza de nuestro jard\u00edn privado que trobar\u00e0s a la entrada de esta habitaci\u00f3n. Amb unes vistes fant\u00e0stiques gr\u00e0cies a la seva orientaci\u00f3 sud i a qu\u00e8 est\u00e0 situada en una primera planta. Cuando entras a la habitaci\u00f3n t&#039;envoltar\u00e0 la escalera de un ni\u00f1o, pero a\u00fan as\u00ed s\u00ed, en un espacio muy amplio y confortable. Amb cabuda per a quatre persones perqu\u00e8 cont\u00e9 un lit king size i un sof\u00e0 llit. Adem\u00e1s, incluye un fant\u00e1stico mobiliario en el que destaca la fusteria blanca, armaris de gran cabuda y un generoso mirall frontal. La habitaci\u00f3n incluye radiadores y estufas, tambi\u00e9n calefactables, y el ba\u00f1o separa las zonas de ducha y sanitarias. Pero el elemento decorativo que impregna de car\u00e1cter todo el espacio es la figura de dos grandes colibr\u00eds que fan de cap\u00e7al tot dibuixant un cor. En caso de inter\u00e9s, puedes conectarte con la habitaci\u00f3n La Figuera.\r\nHabitaci\u00f3n La Roca: La habitaci\u00f3n La Roca conecta con el alma de Can Font de Muntanya porque una de sus paredes de piedra tiene siglos de historia dado que pertenec\u00eda a la masover\u00eda original. Pero tambi\u00e9n se conecta con el m\u00e1ximo confort gracias a su pierna king size y un sof\u00e1 pierna para dos personas. Con la naturaleza, gracias a su exclusiva terraza de uso. Con la funcionalidad, porque tiene separa las zonas de seguridad y sanitarias. Con la comodidad, con su instalaci\u00f3n de radiadoras y toallero tambi\u00e9n calefactable. Sin olvidar la est\u00e9tica. En esta habitaci\u00f3n disfrutar\u00e1s de m\u00faltiples elementos decorativos de gran personalidad y belleza. Pero quiz\u00e1s destacan las impresionantes picas del ba\u00f1o que fueron elaborados artesanalmente a partir de antiguas piedras.\r\nHabitaci\u00f3n El Olivo: Un olivo guarda la entrada de esta habitaci\u00f3n \u00edntima aport\u00e1ndole todo su simbolismo. Como ella, este espacio representa y trasmiti\u00f3 la renovaci\u00f3n y el crecimiento personal. Tiene una orientaci\u00f3n oeste por lo que se integra perfectamente en el entorno y tiene una salida directa al gran jard\u00edn ya las zonas comunes que ofrece todo el espacio alrededor de la finca. Es una habitaci\u00f3n llena de elementos innecesarios o gratuitos, enviada un claro ejemplo de elegancia, de la simplicidad y de la filosof\u00eda de los menos es m\u00e1s. Incluye un ba\u00f1o que aporta todas las comodidades con una ducha y una zona sanitaria. Una habitaci\u00f3n muy especial para un caballero que desee desconectar del d\u00eda a d\u00eda y renovar su energ\u00eda. Orientada en el oeste. Situada en planta baja con salida directa al jard\u00edn.\r\nCapacidad m\u00e1xima: 13 Personas (Maximo 8 adultos)\r\n\r\nExiste la posibilidad de ampliar la capacidad de alojamiento mediante el alquiler de dos habitaciones con cama King Size y ba\u00f1o en suite:\r\n\u00b7\u00a0\u00a0\u00a0\u00a0\u00a0\u00a0\u00a0\u00a0 Habitaci\u00f3n La Volta: 250 \u20ac\/noche\r\n\u00b7\u00a0\u00a0\u00a0\u00a0\u00a0\u00a0\u00a0\u00a0 Habitaci\u00f3n La Cova: 250 \u20ac\/noche\r\nHabitaci\u00f3n La Volta: La Volta te enamorar\u00e1 incluso antes de entrar. Concretamente, cuando cruces su acogedora terraza privada con un c\u00f3modo mobiliario exterior para que disfrutes del sol, el aire libre y la natura a lo largo del d\u00eda de forma \u00edntima y privada. Una vez dentro, la habitaci\u00f3n te sorprender\u00e1 con sus techos de vigas de madera y un amplio espacio muy acogedor donde destaca su gran cama con un cabezal espectacular. Y una aut\u00e9ntica joya decorativa y pr\u00e1ctica a la vez: una pica de piedra alargada hecha a mano que da un tono de autenticidad a todo el entorno, combin\u00e1ndose fant\u00e1sticamente con elementos decorativos m\u00e1s fr\u00e1giles y de est\u00e9tica m\u00e1s refinada. La habitaci\u00f3n toma el nombre por el techo en forma de vuelta que cubre la zona del ba\u00f1o. Un espacio peculiar distribuido de forma \u00fanica, con dos duchas sim\u00e9tricas y una zona de sanitarios. Destacan los tonos suaves y la decoraci\u00f3n del ba\u00f1o que crean un ambiente tranquilo y agradable con una relajante iluminaci\u00f3n indirecto.Habitaci\u00f3n La Cova: Todo y su nombre Cueva, en esta habitaci\u00f3n se accede cruzando una terraza alegre y luminosa que es id\u00f3nea para disfrutar de largos momentos de conversaci\u00f3n, de lectura pausada o simplemente tomando el sol de forma privada y sin interrupciones. Una vez dentro, la habitaci\u00f3n luce con intensidad gracias a su cama de medida king size y el mobiliario que lo acompa\u00f1a creando un conjunto arm\u00f3nico. Hay m\u00faltiples detalles que te deslumbrar\u00e1n como la combinaci\u00f3n entre la puerta y el espejo del ba\u00f1o que muestra una pasi\u00f3n por el detalle dif\u00edcilmente igualable. En esta habitaci\u00f3n podr\u00e1s disfrutar de uno de los lujos m\u00e1s sencillos, pero gratificantes que se pueden experimentar. Gracias al techo de vidrio de la ducha que transmite la sensaci\u00f3n de estar al aire libre y su suelo de piedrecitas redondeadas que te conectan con la natura.\r\nHUTG-033000<\/div>\n    <div class=\"n2r__list__item__footer\">\n      <div class=\"n2r__list__item__price\"><span class=\"n2r__list__item__price__from\">Desde 645 \u20ac <small class=\"n2r__list__item__price__from__type\">\/  D\u00eda<\/small><\/span><\/div>    <\/div>\n  <\/div>\n  <a class=\"n2r__list__item__link\" href=\"https:\/\/www.corredormato.com\/es\/detalle-del-alojamiento\/alquiler-villa-can-font-de-muntanya-cruilles-monells-i-sant-sadurni-de-l-heura-10711\/\">M\u00e1s detalles<\/a>\n  <\/div><div class=\"n2r__list__item n2r__clickable   \" data-id=\"1950\">\n  <span class=\"n2r__list__item__icon n2r__list__item__icon--with3dtour\" title=\"Tiene paseo virtual\">360\u00ba<\/span>  <div class=\"n2r__list__item__gallery n2r__slider\">\n    <div class=\"slide-item\"><img data-lazy=\"https:\/\/files.net2rent.com\/pfiles\/43\/1950\/327504-o-m.jpg\" alt=\"CM96 LA GALERA Casa aislada \/ Villa Costa Brava Tamariu\" title=\"CM96 LA GALERA Casa aislada \/ Villa Costa Brava Tamariu\"><\/div><div class=\"slide-item\"><img data-lazy=\"https:\/\/files.net2rent.com\/pfiles\/43\/1950\/327392-o-m.jpg\" alt=\"CM96 LA GALERA Casa aislada \/ Villa Costa Brava Tamariu\" title=\"CM96 LA GALERA Casa aislada \/ Villa Costa Brava Tamariu\"><\/div><div class=\"slide-item\"><img data-lazy=\"https:\/\/my.matterport.com\/api\/v1\/player\/models\/VkMqE1Mg4Qy\/thumb?width=696&#038;dpr=2&#038;disable=upscale\" alt=\"CM96 LA GALERA Casa aislada \/ Villa Costa Brava Tamariu\" title=\"CM96 LA GALERA Casa aislada \/ Villa Costa Brava Tamariu\"><\/div><div class=\"slide-item\"><img data-lazy=\"https:\/\/files.net2rent.com\/pfiles\/43\/1950\/327393-o-m.jpg\" alt=\"CM96 LA GALERA Casa aislada \/ Villa Costa Brava Tamariu\" title=\"CM96 LA GALERA Casa aislada \/ Villa Costa Brava Tamariu\"><\/div><div class=\"slide-item\"><img data-lazy=\"https:\/\/files.net2rent.com\/pfiles\/43\/1950\/327394-o-m.jpg\" alt=\"CM96 LA GALERA Casa aislada \/ Villa Costa Brava Tamariu\" title=\"CM96 LA GALERA Casa aislada \/ Villa Costa Brava Tamariu\"><\/div><div class=\"slide-item\"><img data-lazy=\"https:\/\/files.net2rent.com\/pfiles\/43\/1950\/326736-o-m.jpg\" alt=\"CM96 LA GALERA Casa aislada \/ Villa Costa Brava Tamariu\" title=\"CM96 LA GALERA Casa aislada \/ Villa Costa Brava Tamariu\"><\/div><div class=\"slide-item\"><img data-lazy=\"https:\/\/files.net2rent.com\/pfiles\/43\/1950\/326741-o-m.jpg\" alt=\"CM96 LA GALERA Casa aislada \/ Villa Costa Brava Tamariu\" title=\"CM96 LA GALERA Casa aislada \/ Villa Costa Brava Tamariu\"><\/div><div class=\"slide-item\"><img data-lazy=\"https:\/\/files.net2rent.com\/pfiles\/43\/1950\/326738-o-m.jpg\" alt=\"CM96 LA GALERA Casa aislada \/ Villa Costa Brava Tamariu\" title=\"CM96 LA GALERA Casa aislada \/ Villa Costa Brava Tamariu\"><\/div><div class=\"slide-item\"><img data-lazy=\"https:\/\/files.net2rent.com\/pfiles\/43\/1950\/326740-o-m.jpg\" alt=\"CM96 LA GALERA Casa aislada \/ Villa Costa Brava Tamariu\" title=\"CM96 LA GALERA Casa aislada \/ Villa Costa Brava Tamariu\"><\/div><div class=\"slide-item\"><img data-lazy=\"https:\/\/files.net2rent.com\/pfiles\/43\/1950\/326743-o-m.jpg\" alt=\"CM96 LA GALERA Casa aislada \/ Villa Costa Brava Tamariu\" title=\"CM96 LA GALERA Casa aislada \/ Villa Costa Brava Tamariu\"><\/div><div class=\"slide-item\"><img data-lazy=\"https:\/\/files.net2rent.com\/pfiles\/43\/1950\/327395-o-m.jpg\" alt=\"CM96 LA GALERA Casa aislada \/ Villa Costa Brava Tamariu\" title=\"CM96 LA GALERA Casa aislada \/ Villa Costa Brava Tamariu\"><\/div><div class=\"slide-item\"><img data-lazy=\"https:\/\/files.net2rent.com\/pfiles\/43\/1950\/327396-o-m.jpg\" alt=\"CM96 LA GALERA Casa aislada \/ Villa Costa Brava Tamariu\" title=\"CM96 LA GALERA Casa aislada \/ Villa Costa Brava Tamariu\"><\/div><div class=\"slide-item\"><img data-lazy=\"https:\/\/files.net2rent.com\/pfiles\/43\/1950\/327397-o-m.jpg\" alt=\"CM96 LA GALERA Casa aislada \/ Villa Costa Brava Tamariu\" title=\"CM96 LA GALERA Casa aislada \/ Villa Costa Brava Tamariu\"><\/div><div class=\"slide-item\"><img data-lazy=\"https:\/\/files.net2rent.com\/pfiles\/43\/1950\/327398-o-m.jpg\" alt=\"CM96 LA GALERA Casa aislada \/ Villa Costa Brava Tamariu\" title=\"CM96 LA GALERA Casa aislada \/ Villa Costa Brava Tamariu\"><\/div><div class=\"slide-item\"><img data-lazy=\"https:\/\/files.net2rent.com\/pfiles\/43\/1950\/326747-o-m.jpg\" alt=\"CM96 LA GALERA Casa aislada \/ Villa Costa Brava Tamariu\" title=\"CM96 LA GALERA Casa aislada \/ Villa Costa Brava Tamariu\"><\/div><div class=\"slide-item\"><img data-lazy=\"https:\/\/files.net2rent.com\/pfiles\/43\/1950\/327399-o-m.jpg\" alt=\"CM96 LA GALERA Casa aislada \/ Villa Costa Brava Tamariu\" title=\"CM96 LA GALERA Casa aislada \/ Villa Costa Brava Tamariu\"><\/div><div class=\"slide-item\"><img data-lazy=\"https:\/\/files.net2rent.com\/pfiles\/43\/1950\/326749-o-m.jpg\" alt=\"CM96 LA GALERA Casa aislada \/ Villa Costa Brava Tamariu\" title=\"CM96 LA GALERA Casa aislada \/ Villa Costa Brava Tamariu\"><\/div><div class=\"slide-item\"><img data-lazy=\"https:\/\/files.net2rent.com\/pfiles\/43\/1950\/326750-o-m.jpg\" alt=\"CM96 LA GALERA Casa aislada \/ Villa Costa Brava Tamariu\" title=\"CM96 LA GALERA Casa aislada \/ Villa Costa Brava Tamariu\"><\/div><div class=\"slide-item\"><img data-lazy=\"https:\/\/files.net2rent.com\/pfiles\/43\/1950\/326751-o-m.jpg\" alt=\"CM96 LA GALERA Casa aislada \/ Villa Costa Brava Tamariu\" title=\"CM96 LA GALERA Casa aislada \/ Villa Costa Brava Tamariu\"><\/div><div class=\"slide-item\"><img data-lazy=\"https:\/\/files.net2rent.com\/pfiles\/43\/1950\/326752-o-m.jpg\" alt=\"CM96 LA GALERA Casa aislada \/ Villa Costa Brava Tamariu\" title=\"CM96 LA GALERA Casa aislada \/ Villa Costa Brava Tamariu\"><\/div><div class=\"slide-item\"><img data-lazy=\"https:\/\/files.net2rent.com\/pfiles\/43\/1950\/326753-o-m.jpg\" alt=\"CM96 LA GALERA Casa aislada \/ Villa Costa Brava Tamariu\" title=\"CM96 LA GALERA Casa aislada \/ Villa Costa Brava Tamariu\"><\/div><div class=\"slide-item\"><img data-lazy=\"https:\/\/files.net2rent.com\/pfiles\/43\/1950\/326754-o-m.jpg\" alt=\"CM96 LA GALERA Casa aislada \/ Villa Costa Brava Tamariu\" title=\"CM96 LA GALERA Casa aislada \/ Villa Costa Brava Tamariu\"><\/div><div class=\"slide-item\"><img data-lazy=\"https:\/\/files.net2rent.com\/pfiles\/43\/1950\/326755-o-m.jpg\" alt=\"CM96 LA GALERA Casa aislada \/ Villa Costa Brava Tamariu\" title=\"CM96 LA GALERA Casa aislada \/ Villa Costa Brava Tamariu\"><\/div><div class=\"slide-item\"><img data-lazy=\"https:\/\/files.net2rent.com\/pfiles\/43\/1950\/326756-o-m.jpg\" alt=\"CM96 LA GALERA Casa aislada \/ Villa Costa Brava Tamariu\" title=\"CM96 LA GALERA Casa aislada \/ Villa Costa Brava Tamariu\"><\/div><div class=\"slide-item\"><img data-lazy=\"https:\/\/files.net2rent.com\/pfiles\/43\/1950\/326757-o-m.jpg\" alt=\"CM96 LA GALERA Casa aislada \/ Villa Costa Brava Tamariu\" title=\"CM96 LA GALERA Casa aislada \/ Villa Costa Brava Tamariu\"><\/div><div class=\"slide-item\"><img data-lazy=\"https:\/\/files.net2rent.com\/pfiles\/43\/1950\/326760-o-m.jpg\" alt=\"CM96 LA GALERA Casa aislada \/ Villa Costa Brava Tamariu\" title=\"CM96 LA GALERA Casa aislada \/ Villa Costa Brava Tamariu\"><\/div><div class=\"slide-item\"><img data-lazy=\"https:\/\/files.net2rent.com\/pfiles\/43\/1950\/231523-o-m.jpg\" alt=\"CM96 LA GALERA Casa aislada  Tamariu\" title=\"CM96 LA GALERA Casa aislada  Tamariu\"><\/div><div class=\"slide-item\"><img data-lazy=\"https:\/\/files.net2rent.com\/pfiles\/43\/1950\/231525-o-m.jpg\" alt=\"CM96 LA GALERA Casa aislada  Tamariu\" title=\"CM96 LA GALERA Casa aislada  Tamariu\"><\/div><div class=\"slide-item\"><img data-lazy=\"https:\/\/files.net2rent.com\/pfiles\/43\/1950\/231526-o-m.jpg\" alt=\"CM96 LA GALERA Casa aislada  Tamariu\" title=\"CM96 LA GALERA Casa aislada  Tamariu\"><\/div><div class=\"slide-item\"><img data-lazy=\"https:\/\/files.net2rent.com\/pfiles\/43\/1950\/231529-o-m.jpg\" alt=\"CM96 LA GALERA Casa aislada  Tamariu\" title=\"CM96 LA GALERA Casa aislada  Tamariu\"><\/div><div class=\"slide-item\"><img data-lazy=\"https:\/\/files.net2rent.com\/pfiles\/43\/1950\/231530-o-m.jpg\" alt=\"CM96 LA GALERA Casa aislada  Tamariu\" title=\"CM96 LA GALERA Casa aislada  Tamariu\"><\/div><div class=\"slide-item\"><img data-lazy=\"https:\/\/files.net2rent.com\/pfiles\/43\/1950\/326759-o-m.jpg\" alt=\"CM96 LA GALERA Casa aislada \/ Villa Costa Brava Tamariu\" title=\"CM96 LA GALERA Casa aislada \/ Villa Costa Brava Tamariu\"><\/div><div class=\"slide-item\"><img data-lazy=\"https:\/\/files.net2rent.com\/pfiles\/43\/1950\/231532-o-m.jpg\" alt=\"CM96 LA GALERA Casa aislada  Tamariu\" title=\"CM96 LA GALERA Casa aislada  Tamariu\"><\/div><div class=\"slide-item\"><img data-lazy=\"https:\/\/files.net2rent.com\/pfiles\/43\/1950\/295708-o-m.jpg\" alt=\"CM96 LA GALERA Casa aislada \/ Villa Costa Brava Tamariu\" title=\"CM96 LA GALERA Casa aislada \/ Villa Costa Brava Tamariu\"><\/div>  <\/div>\n\n  <div class=\"n2r__list__item__info\">\n    <div class=\"n2r__list__item__title\">\n      <h2 class=\"n2r__list__item__name\">\n        <a href=\"https:\/\/www.corredormato.com\/es\/detalle-del-alojamiento\/alquiler-villa-la-galera-tamariu-1950\/\">VILLA LA GALERA  villa con piscina y vistas al mar en Tamariu  Costa Brava<\/a>\n      <\/h2>\n          <\/div>\n    <div class=\"n2r__list__item__title\">\n      <div class=\"n2r__list__item__reference\">Ref: CM96<\/div>\n      <div class=\"n2r__list__item__turisticreference\">HUTG-052840-21<\/div>      <div class=\"n2r__list__item__city\">Tamariu<\/div>\n              <div class=\"n2r__list__item__rating\">\n          <div class=\"n2r__rating\">\n            <div class=\"n2r__rating__complete\" style=\"width:90%\"><\/div>\n          <\/div>\n        <\/div>\n          <\/div>\n    <div class=\"n2r__list__item__features\">\n      <div class=\"n2r__list__item__feature n2r__list__item__feature--rooms\" title=\"4 habitaciones\"><i class=\"n2r_room\"><\/i> 4<\/div><div class=\"n2r__list__item__feature n2r__list__item__feature--capacity\" title=\"8 pax\"><i class=\"n2r_people\"><\/i> 8<\/div><div class=\"n2r__list__item__feature n2r__list__item__feature--bathrooms\" title=\"3 aseos\"><i class=\"n2r_toilet\"><\/i> 3<\/div><div class=\"n2r__list__item__feature n2r__list__item__feature--terrace\" title=\"terraza\"><i class=\"n2r_terrace\"><\/i> <\/div><div class=\"n2r__list__item__feature n2r__list__item__feature--pool\" title=\"piscina\"><i class=\"n2r_swimming_pool\"><\/i> <\/div>    <\/div>\n    <div class=\"n2r__list__item__description\">VILLA LA GALERA Alquiler villa con piscina y vistas al mar en Tamariu\u00a0 Costa Brava\r\nTamariu es una de las calas m\u00e1s exclusivas de la Costa Brava. Villa La Galera est\u00e1 justo ah\u00ed, a 400 metros de la playa, con piscina desbordante y el Mediterr\u00e1neo como horizonte permanente.\r\nUbicaci\u00f3n privilegiada en Tamariu\r\nA 400 metros a pie de la playa de Tamariu \u2014 una de las calas m\u00e1s tranquilas y mejor valoradas de la Costa Brava \u2014 esta villa de alquiler vacacional te sit\u00faa en el coraz\u00f3n de la naturaleza mediterr\u00e1nea sin renunciar a ninguna comodidad.\r\nExterior dise\u00f1ado para vivir al aire libre\r\nLa piscina desbordante con efecto infinito, la terraza de madera con vistas al mar, el jard\u00edn privado rodeado de \u00e1rboles frutales y la zona de chill-out hacen de este alquiler vacacional un destino en s\u00ed mismo. Sin vecinos encima. Sin ruido. La terraza porticada incluye comedor exterior y cocina de verano con barbacoa, perfecta para cenas al aire libre en la Costa Brava.\r\nInterior luminoso y totalmente equipado\r\nLa luz lo inunda todo. Grandes ventanales y puertas correderas de cristal conectan el sal\u00f3n comedor con chimenea directamente con el jard\u00edn y la piscina. La cocina americana est\u00e1 totalmente equipada. Lavadora y secadora incluidas. Nada falta.\r\n4 dormitorios \u00b7 3 ba\u00f1os \u00b7 Capacidad para 8 personas\r\n\r\nSuite principal con cama extragrande y ba\u00f1o privado con ba\u00f1era y ducha.\r\nHabitaci\u00f3n doble y habitaci\u00f3n matrimonial con ba\u00f1o compartido con ducha.\r\nUnidad independiente anexa: sala estudio + habitaci\u00f3n doble con ba\u00f1o propio. Perfecta para dos familias o para quienes quieren su propio espacio dentro del mismo alquiler.\r\n\r\nPor qu\u00e9 elegir este alquiler vacacional en Tamariu:\r\n\u2714 Piscina privada desbordante con vistas al mar \u2714 A 400m de la playa de Tamariu \u2714 Jard\u00edn privado con total privacidad \u2714 Aparcamiento cubierto para 3 coches \u2714 Calefacci\u00f3n disponible para temporada media\r\nEstancia m\u00ednima: 3 noches. Suplemento de limpieza de 100 \u20ac para estancias inferiores a 1 semana (no incluido en el precio de alquiler). Licencia tur\u00edstica: HUTG-052840-21.<\/div>\n    <div class=\"n2r__list__item__footer\">\n      <div class=\"n2r__list__item__price\"><span class=\"n2r__list__item__price__from\">Desde 1.020 \u20ac <small class=\"n2r__list__item__price__from__type\">\/  D\u00eda<\/small><\/span><\/div>    <\/div>\n  <\/div>\n  <a class=\"n2r__list__item__link\" href=\"https:\/\/www.corredormato.com\/es\/detalle-del-alojamiento\/alquiler-villa-la-galera-tamariu-1950\/\">M\u00e1s detalles<\/a>\n  <\/div><div class=\"n2r__list__item n2r__clickable   \" data-id=\"2559\">\n  <span class=\"n2r__list__item__label n2r__list__item__label--offer\">Oferta<\/span><span class=\"n2r__list__item__icon n2r__list__item__icon--with3dtour\" title=\"Tiene paseo virtual\">360\u00ba<\/span>  <div class=\"n2r__list__item__gallery n2r__slider\">\n    <div class=\"slide-item\"><img data-lazy=\"https:\/\/files.net2rent.com\/pfiles\/43\/2559\/157918-o-m.jpg\" alt=\"CM718 FILIPINAS Casa aislada  Tamariu\" title=\"CM718 FILIPINAS Casa aislada  Tamariu\"><\/div><div class=\"slide-item\"><img data-lazy=\"https:\/\/files.net2rent.com\/pfiles\/43\/2559\/307953-o-m.jpg\" alt=\"CM718 FILIPINAS Casa aislada \/ Villa Costa Brava Tamariu\" title=\"CM718 FILIPINAS Casa aislada \/ Villa Costa Brava Tamariu\"><\/div><div class=\"slide-item\"><img data-lazy=\"https:\/\/files.net2rent.com\/pfiles\/43\/2559\/157913-o-m.jpg\" alt=\"CM718 FILIPINAS Casa aislada  Tamariu\" title=\"CM718 FILIPINAS Casa aislada  Tamariu\"><\/div><div class=\"slide-item\"><img data-lazy=\"https:\/\/files.net2rent.com\/pfiles\/43\/2559\/157914-o-m.jpg\" alt=\"CM718 FILIPINAS Casa aislada  Tamariu\" title=\"CM718 FILIPINAS Casa aislada  Tamariu\"><\/div><div class=\"slide-item\"><img data-lazy=\"https:\/\/files.net2rent.com\/pfiles\/43\/2559\/157916-o-m.jpg\" alt=\"CM718 FILIPINAS Casa aislada  Tamariu\" title=\"CM718 FILIPINAS Casa aislada  Tamariu\"><\/div><div class=\"slide-item\"><img data-lazy=\"https:\/\/files.net2rent.com\/pfiles\/43\/2559\/157917-o-m.jpg\" alt=\"CM718 FILIPINAS Casa aislada  Tamariu\" title=\"CM718 FILIPINAS Casa aislada  Tamariu\"><\/div><div class=\"slide-item\"><img data-lazy=\"https:\/\/files.net2rent.com\/pfiles\/43\/2559\/157919-o-m.jpg\" alt=\"CM718 FILIPINAS Casa aislada  Tamariu\" title=\"CM718 FILIPINAS Casa aislada  Tamariu\"><\/div><div class=\"slide-item\"><img data-lazy=\"https:\/\/files.net2rent.com\/pfiles\/43\/2559\/157920-o-m.jpg\" alt=\"CM718 FILIPINAS Casa aislada  Tamariu\" title=\"CM718 FILIPINAS Casa aislada  Tamariu\"><\/div><div class=\"slide-item\"><img data-lazy=\"https:\/\/files.net2rent.com\/pfiles\/43\/2559\/157921-o-m.jpg\" alt=\"CM718 FILIPINAS Casa aislada  Tamariu\" title=\"CM718 FILIPINAS Casa aislada  Tamariu\"><\/div><div class=\"slide-item\"><img data-lazy=\"https:\/\/files.net2rent.com\/pfiles\/43\/2559\/157922-o-m.jpg\" alt=\"CM718 FILIPINAS Casa aislada  Tamariu\" title=\"CM718 FILIPINAS Casa aislada  Tamariu\"><\/div><div class=\"slide-item\"><img data-lazy=\"https:\/\/files.net2rent.com\/pfiles\/43\/2559\/157923-o-m.jpg\" alt=\"CM718 FILIPINAS Casa aislada  Tamariu\" title=\"CM718 FILIPINAS Casa aislada  Tamariu\"><\/div><div class=\"slide-item\"><img data-lazy=\"https:\/\/files.net2rent.com\/pfiles\/43\/2559\/157924-o-m.jpg\" alt=\"CM718 FILIPINAS Casa aislada  Tamariu\" title=\"CM718 FILIPINAS Casa aislada  Tamariu\"><\/div><div class=\"slide-item\"><img data-lazy=\"https:\/\/files.net2rent.com\/pfiles\/43\/2559\/157925-o-m.jpg\" alt=\"CM718 FILIPINAS Casa aislada  Tamariu\" title=\"CM718 FILIPINAS Casa aislada  Tamariu\"><\/div><div class=\"slide-item\"><img data-lazy=\"https:\/\/files.net2rent.com\/pfiles\/43\/2559\/157926-o-m.jpg\" alt=\"CM718 FILIPINAS Casa aislada  Tamariu\" title=\"CM718 FILIPINAS Casa aislada  Tamariu\"><\/div><div class=\"slide-item\"><img data-lazy=\"https:\/\/files.net2rent.com\/pfiles\/43\/2559\/157927-o-m.jpg\" alt=\"CM718 FILIPINAS Casa aislada  Tamariu\" title=\"CM718 FILIPINAS Casa aislada  Tamariu\"><\/div><div class=\"slide-item\"><img data-lazy=\"https:\/\/files.net2rent.com\/pfiles\/43\/2559\/157928-o-m.jpg\" alt=\"CM718 FILIPINAS Casa aislada  Tamariu\" title=\"CM718 FILIPINAS Casa aislada  Tamariu\"><\/div><div class=\"slide-item\"><img data-lazy=\"https:\/\/files.net2rent.com\/pfiles\/43\/2559\/157929-o-m.jpg\" alt=\"CM718 FILIPINAS Casa aislada  Tamariu\" title=\"CM718 FILIPINAS Casa aislada  Tamariu\"><\/div><div class=\"slide-item\"><img data-lazy=\"https:\/\/files.net2rent.com\/pfiles\/43\/2559\/157932-o-m.jpg\" alt=\"CM718 FILIPINAS Casa aislada  Tamariu\" title=\"CM718 FILIPINAS Casa aislada  Tamariu\"><\/div><div class=\"slide-item\"><img data-lazy=\"https:\/\/files.net2rent.com\/pfiles\/43\/2559\/157930-o-m.jpg\" alt=\"CM718 FILIPINAS Casa aislada  Tamariu\" title=\"CM718 FILIPINAS Casa aislada  Tamariu\"><\/div><div class=\"slide-item\"><img data-lazy=\"https:\/\/files.net2rent.com\/pfiles\/43\/2559\/157931-o-m.jpg\" alt=\"CM718 FILIPINAS Casa aislada  Tamariu\" title=\"CM718 FILIPINAS Casa aislada  Tamariu\"><\/div><div class=\"slide-item\"><img data-lazy=\"https:\/\/files.net2rent.com\/pfiles\/43\/2559\/157933-o-m.jpg\" alt=\"CM718 FILIPINAS Casa aislada  Tamariu\" title=\"CM718 FILIPINAS Casa aislada  Tamariu\"><\/div><div class=\"slide-item\"><img data-lazy=\"https:\/\/files.net2rent.com\/pfiles\/43\/2559\/295706-o-m.jpg\" alt=\"CM718 FILIPINAS Casa aislada \/ Villa Costa Brava Tamariu\" title=\"CM718 FILIPINAS Casa aislada \/ Villa Costa Brava Tamariu\"><\/div><div class=\"slide-item\"><img data-lazy=\"https:\/\/files.net2rent.com\/pfiles\/43\/2559\/295707-o-m.jpg\" alt=\"CM718 FILIPINAS Casa aislada \/ Villa Costa Brava Tamariu\" title=\"CM718 FILIPINAS Casa aislada \/ Villa Costa Brava Tamariu\"><\/div><div class=\"slide-item\"><img data-lazy=\"https:\/\/my.matterport.com\/api\/v1\/player\/models\/ch8LiCnqPaf\/thumb?width=696&#038;dpr=2&#038;disable=upscale\" alt=\"CM718 FILIPINAS Casa aislada \/ Villa Costa Brava Tamariu\" title=\"CM718 FILIPINAS Casa aislada \/ Villa Costa Brava Tamariu\"><\/div><div class=\"slide-item\"><img data-lazy=\"https:\/\/files.net2rent.com\/pfiles\/43\/2559\/473254-m.jpg\" alt=\"CM718 FILIPINAS Casa aislada \/ Villa Costa Brava Tamariu\" title=\"CM718 FILIPINAS Casa aislada \/ Villa Costa Brava Tamariu\"><\/div><div class=\"slide-item\"><img data-lazy=\"https:\/\/files.net2rent.com\/pfiles\/43\/2559\/473244-m.jpg\" alt=\"CM718 FILIPINAS Casa aislada \/ Villa Costa Brava Tamariu\" title=\"CM718 FILIPINAS Casa aislada \/ Villa Costa Brava Tamariu\"><\/div><div class=\"slide-item\"><img data-lazy=\"https:\/\/files.net2rent.com\/pfiles\/43\/2559\/473245-m.jpg\" alt=\"CM718 FILIPINAS Casa aislada \/ Villa Costa Brava Tamariu\" title=\"CM718 FILIPINAS Casa aislada \/ Villa Costa Brava Tamariu\"><\/div><div class=\"slide-item\"><img data-lazy=\"https:\/\/files.net2rent.com\/pfiles\/43\/2559\/473246-m.jpg\" alt=\"CM718 FILIPINAS Casa aislada \/ Villa Costa Brava Tamariu\" title=\"CM718 FILIPINAS Casa aislada \/ Villa Costa Brava Tamariu\"><\/div><div class=\"slide-item\"><img data-lazy=\"https:\/\/files.net2rent.com\/pfiles\/43\/2559\/473247-m.jpg\" alt=\"CM718 FILIPINAS Casa aislada \/ Villa Costa Brava Tamariu\" title=\"CM718 FILIPINAS Casa aislada \/ Villa Costa Brava Tamariu\"><\/div><div class=\"slide-item\"><img data-lazy=\"https:\/\/files.net2rent.com\/pfiles\/43\/2559\/473248-m.jpg\" alt=\"CM718 FILIPINAS Casa aislada \/ Villa Costa Brava Tamariu\" title=\"CM718 FILIPINAS Casa aislada \/ Villa Costa Brava Tamariu\"><\/div><div class=\"slide-item\"><img data-lazy=\"https:\/\/files.net2rent.com\/pfiles\/43\/2559\/473249-m.jpg\" alt=\"CM718 FILIPINAS Casa aislada \/ Villa Costa Brava Tamariu\" title=\"CM718 FILIPINAS Casa aislada \/ Villa Costa Brava Tamariu\"><\/div><div class=\"slide-item\"><img data-lazy=\"https:\/\/files.net2rent.com\/pfiles\/43\/2559\/473250-m.jpg\" alt=\"CM718 FILIPINAS Casa aislada \/ Villa Costa Brava Tamariu\" title=\"CM718 FILIPINAS Casa aislada \/ Villa Costa Brava Tamariu\"><\/div><div class=\"slide-item\"><img data-lazy=\"https:\/\/files.net2rent.com\/pfiles\/43\/2559\/473251-m.jpg\" alt=\"CM718 FILIPINAS Casa aislada \/ Villa Costa Brava Tamariu\" title=\"CM718 FILIPINAS Casa aislada \/ Villa Costa Brava Tamariu\"><\/div><div class=\"slide-item\"><img data-lazy=\"https:\/\/files.net2rent.com\/pfiles\/43\/2559\/473252-m.jpg\" alt=\"CM718 FILIPINAS Casa aislada \/ Villa Costa Brava Tamariu\" title=\"CM718 FILIPINAS Casa aislada \/ Villa Costa Brava Tamariu\"><\/div><div class=\"slide-item\"><img data-lazy=\"https:\/\/files.net2rent.com\/pfiles\/43\/2559\/473253-m.jpg\" alt=\"CM718 FILIPINAS Casa aislada \/ Villa Costa Brava Tamariu\" title=\"CM718 FILIPINAS Casa aislada \/ Villa Costa Brava Tamariu\"><\/div><div class=\"slide-item\"><img data-lazy=\"https:\/\/files.net2rent.com\/pfiles\/43\/2559\/473255-m.jpg\" alt=\"CM718 FILIPINAS Casa aislada \/ Villa Costa Brava Tamariu\" title=\"CM718 FILIPINAS Casa aislada \/ Villa Costa Brava Tamariu\"><\/div>  <\/div>\n\n  <div class=\"n2r__list__item__info\">\n    <div class=\"n2r__list__item__title\">\n      <h2 class=\"n2r__list__item__name\">\n        <a href=\"https:\/\/www.corredormato.com\/es\/detalle-del-alojamiento\/alquiler-villa-filipinas-tamariu-2559\/?checkin=2026-05-29&#038;checkout=2026-06-05\">Villa Filipinas \u2013 Casa con piscina privada y jard\u00edn en Tamariu, Costa Brava<\/a>\n      <\/h2>\n          <\/div>\n    <div class=\"n2r__list__item__title\">\n      <div class=\"n2r__list__item__reference\">Ref: CM718<\/div>\n      <div class=\"n2r__list__item__turisticreference\">HUTG-008979-12<\/div>      <div class=\"n2r__list__item__city\">Tamariu<\/div>\n              <div class=\"n2r__list__item__rating\">\n          <div class=\"n2r__rating\">\n            <div class=\"n2r__rating__complete\" style=\"width:90%\"><\/div>\n          <\/div>\n        <\/div>\n          <\/div>\n    <div class=\"n2r__list__item__features\">\n      <div class=\"n2r__list__item__feature n2r__list__item__feature--rooms\" title=\"4 habitaciones\"><i class=\"n2r_room\"><\/i> 4<\/div><div class=\"n2r__list__item__feature n2r__list__item__feature--capacity\" title=\"8 pax\"><i class=\"n2r_people\"><\/i> 8<\/div><div class=\"n2r__list__item__feature n2r__list__item__feature--bathrooms\" title=\"5 aseos\"><i class=\"n2r_toilet\"><\/i> 5<\/div><div class=\"n2r__list__item__feature n2r__list__item__feature--terrace\" title=\"terraza\"><i class=\"n2r_terrace\"><\/i> <\/div><div class=\"n2r__list__item__feature n2r__list__item__feature--property_meters\" title=\"Metros de la propiedad\"><i class=\"n2r_property_meters\"><\/i> 265 m<sup>2<\/sup><\/div><div class=\"n2r__list__item__feature n2r__list__item__feature--pool\" title=\"piscina\"><i class=\"n2r_swimming_pool\"><\/i> <\/div>    <\/div>\n    <div class=\"n2r__list__item__description\">Villa Filipinas con piscina privada en Tamariu \u2013 Costa Brava\r\nEspectacular villa independiente situada en la exclusiva zona residencial de Tamariu, uno de los pueblos m\u00e1s tranquilos y aut\u00e9nticos de la Costa Brava. Con orientaci\u00f3n sur, jard\u00edn privado y piscina de uso exclusivo, esta propiedad es una opci\u00f3n excepcional para familias que buscan espacio, privacidad y proximidad al mar en un entorno sin masificaci\u00f3n.\r\nLa villa dispone de 265 m\u00b2 distribuidos en dos plantas, con capacidad para 8 personas. Su dise\u00f1o moderno y luminoso, con grandes ventanales, acabados contempor\u00e1neos, suelos de baldosa y paredes en tonos claros, crea un ambiente amplio y confortable desde el primer momento.\r\nPlanta baja La entrada da paso a un recibidor con guardarropa que conduce a un amplio sal\u00f3n con chimenea, integrado con el comedor y con acceso directo a la terraza, el jard\u00edn y la piscina. La cocina est\u00e1 totalmente equipada con placa, horno, frigor\u00edfico-congelador americano, lavavajillas, microondas, cafetera y una isla central con barra de desayuno. En esta misma planta se encuentra un dormitorio doble con ba\u00f1o completo.\r\nPlanta superior Tres dormitorios dobles, todos con ba\u00f1o en suite propio. Uno de ellos dispone de terraza privada con vistas al jard\u00edn y a la piscina. La distribuci\u00f3n en suite elimina las esperas y hace que la convivencia entre varias familias o un grupo numeroso sea c\u00f3moda y sin fricciones.\r\nExterior Jard\u00edn privado con piscina de uso exclusivo, orientaci\u00f3n sur con sol durante gran parte del d\u00eda, mobiliario exterior, tumbonas, toldo y barbacoa. El espacio exterior es amplio y est\u00e1 dise\u00f1ado para disfrutarlo desde la ma\u00f1ana hasta la noche.\r\nEquipamiento completo Garaje, wifi, calefacci\u00f3n a gasoil, aire acondicionado, lavadora, plancha, TV, TDT, DVD, HI-FI, armarios empotrados, barbacoa port\u00e1til y todos los elementos b\u00e1sicos de cocina. La villa est\u00e1 preparada para una estancia confortable en cualquier \u00e9poca del a\u00f1o.\r\nTamariu es un pueblo peque\u00f1o y tranquilo de la Costa Brava, sin ruido ni aglomeraciones, con una playa de arena fina rodeada de pinos y un paseo mar\u00edtimo con restaurantes y chiringuitos. Es el punto de partida ideal para explorar las calas y pueblos del Baix Empord\u00e0.\r\nCapacidad m\u00e1xima: 8 personas \u00b7 Habitaciones: 4 \u00b7 Ba\u00f1os: 4 \u00b7 Superficie: 265 m\u00b2 Registro tur\u00edstico: HUTG-008979-12<\/div>\n    <div class=\"n2r__list__item__footer\">\n      <div class=\"n2r__list__item__price\"><div class=\"n2r__list__item__price__offers\"><div class=\"n2r__list__item__price__offer\">\n          <span class=\"n2r__list__item__price__offer__amount n2r__list__item__price__offer__amount--original\">2.170 \u20ac<\/span>\n          <span class=\"n2r__list__item__price__offer__amount\">\n            995 \u20ac\n          <\/span>\n          <span class=\"n2r__list__item__price__offer__dates\">\n            Desde 29\/05\/2026 A 05\/06\/2026\n          <\/span>\n          <span class=\"n2r__list__item__price__offer__conditions\">\n            \n          <\/span>\n        <\/div><\/div><\/div>    <\/div>\n  <\/div>\n  <a class=\"n2r__list__item__link\" href=\"https:\/\/www.corredormato.com\/es\/detalle-del-alojamiento\/alquiler-villa-filipinas-tamariu-2559\/?checkin=2026-05-29&#038;checkout=2026-06-05\">M\u00e1s detalles<\/a>\n  <\/div><div class=\"n2r__list__item n2r__clickable   \" data-id=\"22933\">\n  <span class=\"n2r__list__item__icon n2r__list__item__icon--withvideo\" title=\"Tiene V\u00eddeo\"><i class=\"fas fa-video\"><\/i><\/span>  <div class=\"n2r__list__item__gallery n2r__slider\">\n    <div class=\"slide-item\"><img data-lazy=\"https:\/\/files.net2rent.com\/pfiles\/43\/22933\/561696-m.jpg\" alt=\"CM2348 L&#039;OLIVERA Casa aislada \/ Villa Costa Brava Llafranc\" title=\"CM2348 L&#039;OLIVERA Casa aislada \/ Villa Costa Brava Llafranc\"><\/div><div class=\"slide-item\"><img data-lazy=\"https:\/\/files.net2rent.com\/pfiles\/43\/22933\/552063-m.jpg\" alt=\"CM2348 L&#039;OLIVERA Casa aislada \/ Villa Costa Brava Llafranc\" title=\"CM2348 L&#039;OLIVERA Casa aislada \/ Villa Costa Brava Llafranc\"><\/div><div class=\"slide-item\"><img data-lazy=\"https:\/\/files.net2rent.com\/pfiles\/43\/22933\/552064-m.jpg\" alt=\"CM2348 L&#039;OLIVERA Casa aislada \/ Villa Costa Brava Llafranc\" title=\"CM2348 L&#039;OLIVERA Casa aislada \/ Villa Costa Brava Llafranc\"><\/div><div class=\"slide-item\"><img data-lazy=\"https:\/\/files.net2rent.com\/pfiles\/43\/22933\/552065-m.jpg\" alt=\"CM2348 L&#039;OLIVERA Casa aislada \/ Villa Costa Brava Llafranc\" title=\"CM2348 L&#039;OLIVERA Casa aislada \/ Villa Costa Brava Llafranc\"><\/div><div class=\"slide-item\"><img data-lazy=\"https:\/\/files.net2rent.com\/pfiles\/43\/22933\/552066-m.jpg\" alt=\"CM2348 L&#039;OLIVERA Casa aislada \/ Villa Costa Brava Llafranc\" title=\"CM2348 L&#039;OLIVERA Casa aislada \/ Villa Costa Brava Llafranc\"><\/div><div class=\"slide-item\"><img data-lazy=\"https:\/\/files.net2rent.com\/pfiles\/43\/22933\/552943-m.jpg\" alt=\"CM2348 L&#039;OLIVERA Casa aislada \/ Villa Costa Brava Llafranc\" title=\"CM2348 L&#039;OLIVERA Casa aislada \/ Villa Costa Brava Llafranc\"><\/div><div class=\"slide-item\"><img data-lazy=\"https:\/\/files.net2rent.com\/pfiles\/43\/22933\/552946-m.jpg\" alt=\"CM2348 L&#039;OLIVERA Casa aislada \/ Villa Costa Brava Llafranc\" title=\"CM2348 L&#039;OLIVERA Casa aislada \/ Villa Costa Brava Llafranc\"><\/div><div class=\"slide-item\"><img data-lazy=\"https:\/\/files.net2rent.com\/pfiles\/43\/22933\/552945-m.jpg\" alt=\"CM2348 L&#039;OLIVERA Casa aislada \/ Villa Costa Brava Llafranc\" title=\"CM2348 L&#039;OLIVERA Casa aislada \/ Villa Costa Brava Llafranc\"><\/div><div class=\"slide-item\"><img data-lazy=\"https:\/\/files.net2rent.com\/pfiles\/43\/22933\/552947-m.jpg\" alt=\"CM2348 L&#039;OLIVERA Casa aislada \/ Villa Costa Brava Llafranc\" title=\"CM2348 L&#039;OLIVERA Casa aislada \/ Villa Costa Brava Llafranc\"><\/div><div class=\"slide-item\"><img data-lazy=\"https:\/\/files.net2rent.com\/pfiles\/43\/22933\/552948-m.jpg\" alt=\"CM2348 L&#039;OLIVERA Casa aislada \/ Villa Costa Brava Llafranc\" title=\"CM2348 L&#039;OLIVERA Casa aislada \/ Villa Costa Brava Llafranc\"><\/div><div class=\"slide-item\"><img data-lazy=\"https:\/\/files.net2rent.com\/pfiles\/43\/22933\/561700-m.jpg\" alt=\"CM2348 L&#039;OLIVERA Casa aislada \/ Villa Costa Brava Llafranc\" title=\"CM2348 L&#039;OLIVERA Casa aislada \/ Villa Costa Brava Llafranc\"><\/div><div class=\"slide-item\"><img data-lazy=\"https:\/\/files.net2rent.com\/pfiles\/43\/22933\/552949-m.jpg\" alt=\"CM2348 L&#039;OLIVERA Casa aislada \/ Villa Costa Brava Llafranc\" title=\"CM2348 L&#039;OLIVERA Casa aislada \/ Villa Costa Brava Llafranc\"><\/div><div class=\"slide-item\"><img data-lazy=\"https:\/\/files.net2rent.com\/pfiles\/43\/22933\/552950-m.jpg\" alt=\"CM2348 L&#039;OLIVERA Casa aislada \/ Villa Costa Brava Llafranc\" title=\"CM2348 L&#039;OLIVERA Casa aislada \/ Villa Costa Brava Llafranc\"><\/div><div class=\"slide-item\"><img data-lazy=\"https:\/\/files.net2rent.com\/pfiles\/43\/22933\/552959-m.jpg\" alt=\"CM2348 L&#039;OLIVERA Casa aislada \/ Villa Costa Brava Llafranc\" title=\"CM2348 L&#039;OLIVERA Casa aislada \/ Villa Costa Brava Llafranc\"><\/div><div class=\"slide-item\"><img data-lazy=\"https:\/\/files.net2rent.com\/pfiles\/43\/22933\/552951-m.jpg\" alt=\"CM2348 L&#039;OLIVERA Casa aislada \/ Villa Costa Brava Llafranc\" title=\"CM2348 L&#039;OLIVERA Casa aislada \/ Villa Costa Brava Llafranc\"><\/div><div class=\"slide-item\"><img data-lazy=\"https:\/\/files.net2rent.com\/pfiles\/43\/22933\/552952-m.jpg\" alt=\"CM2348 L&#039;OLIVERA Casa aislada \/ Villa Costa Brava Llafranc\" title=\"CM2348 L&#039;OLIVERA Casa aislada \/ Villa Costa Brava Llafranc\"><\/div><div class=\"slide-item\"><img data-lazy=\"https:\/\/files.net2rent.com\/pfiles\/43\/22933\/552960-m.jpg\" alt=\"CM2348 L&#039;OLIVERA Casa aislada \/ Villa Costa Brava Llafranc\" title=\"CM2348 L&#039;OLIVERA Casa aislada \/ Villa Costa Brava Llafranc\"><\/div><div class=\"slide-item\"><img data-lazy=\"https:\/\/files.net2rent.com\/pfiles\/43\/22933\/552953-m.jpg\" alt=\"CM2348 L&#039;OLIVERA Casa aislada \/ Villa Costa Brava Llafranc\" title=\"CM2348 L&#039;OLIVERA Casa aislada \/ Villa Costa Brava Llafranc\"><\/div><div class=\"slide-item\"><img data-lazy=\"https:\/\/files.net2rent.com\/pfiles\/43\/22933\/552956-m.jpg\" alt=\"CM2348 L&#039;OLIVERA Casa aislada \/ Villa Costa Brava Llafranc\" title=\"CM2348 L&#039;OLIVERA Casa aislada \/ Villa Costa Brava Llafranc\"><\/div><div class=\"slide-item\"><img data-lazy=\"https:\/\/files.net2rent.com\/pfiles\/43\/22933\/552954-m.jpg\" alt=\"CM2348 L&#039;OLIVERA Casa aislada \/ Villa Costa Brava Llafranc\" title=\"CM2348 L&#039;OLIVERA Casa aislada \/ Villa Costa Brava Llafranc\"><\/div><div class=\"slide-item\"><img data-lazy=\"https:\/\/files.net2rent.com\/pfiles\/43\/22933\/552955-m.jpg\" alt=\"CM2348 L&#039;OLIVERA Casa aislada \/ Villa Costa Brava Llafranc\" title=\"CM2348 L&#039;OLIVERA Casa aislada \/ Villa Costa Brava Llafranc\"><\/div><div class=\"slide-item\"><img data-lazy=\"https:\/\/files.net2rent.com\/pfiles\/43\/22933\/552957-m.jpg\" alt=\"CM2348 L&#039;OLIVERA Casa aislada \/ Villa Costa Brava Llafranc\" title=\"CM2348 L&#039;OLIVERA Casa aislada \/ Villa Costa Brava Llafranc\"><\/div><div class=\"slide-item\"><img data-lazy=\"https:\/\/files.net2rent.com\/pfiles\/43\/22933\/552958-m.jpg\" alt=\"CM2348 L&#039;OLIVERA Casa aislada \/ Villa Costa Brava Llafranc\" title=\"CM2348 L&#039;OLIVERA Casa aislada \/ Villa Costa Brava Llafranc\"><\/div><div class=\"slide-item\"><img data-lazy=\"https:\/\/files.net2rent.com\/pfiles\/43\/22933\/552961-m.jpg\" alt=\"CM2348 L&#039;OLIVERA Casa aislada \/ Villa Costa Brava Llafranc\" title=\"CM2348 L&#039;OLIVERA Casa aislada \/ Villa Costa Brava Llafranc\"><\/div><div class=\"slide-item\"><img data-lazy=\"https:\/\/files.net2rent.com\/pfiles\/43\/22933\/561698-m.jpg\" alt=\"CM2348 L&#039;OLIVERA Casa aislada \/ Villa Costa Brava Llafranc\" title=\"CM2348 L&#039;OLIVERA Casa aislada \/ Villa Costa Brava Llafranc\"><\/div><div class=\"slide-item\"><img data-lazy=\"https:\/\/files.net2rent.com\/pfiles\/43\/22933\/552965-m.jpg\" alt=\"CM2348 L&#039;OLIVERA Casa aislada \/ Villa Costa Brava Llafranc\" title=\"CM2348 L&#039;OLIVERA Casa aislada \/ Villa Costa Brava Llafranc\"><\/div><div class=\"slide-item\"><img data-lazy=\"https:\/\/files.net2rent.com\/pfiles\/43\/22933\/552964-m.jpg\" alt=\"CM2348 L&#039;OLIVERA Casa aislada \/ Villa Costa Brava Llafranc\" title=\"CM2348 L&#039;OLIVERA Casa aislada \/ Villa Costa Brava Llafranc\"><\/div><div class=\"slide-item\"><img data-lazy=\"https:\/\/files.net2rent.com\/pfiles\/43\/22933\/552966-m.jpg\" alt=\"CM2348 L&#039;OLIVERA Casa aislada \/ Villa Costa Brava Llafranc\" title=\"CM2348 L&#039;OLIVERA Casa aislada \/ Villa Costa Brava Llafranc\"><\/div><div class=\"slide-item\"><img data-lazy=\"https:\/\/files.net2rent.com\/pfiles\/43\/22933\/552967-m.jpg\" alt=\"CM2348 L&#039;OLIVERA Casa aislada \/ Villa Costa Brava Llafranc\" title=\"CM2348 L&#039;OLIVERA Casa aislada \/ Villa Costa Brava Llafranc\"><\/div><div class=\"slide-item\"><img data-lazy=\"https:\/\/files.net2rent.com\/pfiles\/43\/22933\/552968-m.jpg\" alt=\"CM2348 L&#039;OLIVERA Casa aislada \/ Villa Costa Brava Llafranc\" title=\"CM2348 L&#039;OLIVERA Casa aislada \/ Villa Costa Brava Llafranc\"><\/div><div class=\"slide-item\"><img data-lazy=\"https:\/\/files.net2rent.com\/pfiles\/43\/22933\/552969-m.jpg\" alt=\"CM2348 L&#039;OLIVERA Casa aislada \/ Villa Costa Brava Llafranc\" title=\"CM2348 L&#039;OLIVERA Casa aislada \/ Villa Costa Brava Llafranc\"><\/div><div class=\"slide-item\"><img data-lazy=\"https:\/\/files.net2rent.com\/pfiles\/43\/22933\/552970-m.jpg\" alt=\"CM2348 L&#039;OLIVERA Casa aislada \/ Villa Costa Brava Llafranc\" title=\"CM2348 L&#039;OLIVERA Casa aislada \/ Villa Costa Brava Llafranc\"><\/div><div class=\"slide-item\"><img data-lazy=\"https:\/\/files.net2rent.com\/pfiles\/43\/22933\/561701-m.jpg\" alt=\"CM2348 L&#039;OLIVERA Casa aislada \/ Villa Costa Brava Llafranc\" title=\"CM2348 L&#039;OLIVERA Casa aislada \/ Villa Costa Brava Llafranc\"><\/div><div class=\"slide-item\"><img data-lazy=\"https:\/\/img.youtube.com\/vi\/qOrza_1eTHU\/0.jpg\" alt=\"CM2348 L&#039;OLIVERA Casa aislada \/ Villa Costa Brava Llafranc\" title=\"CM2348 L&#039;OLIVERA Casa aislada \/ Villa Costa Brava Llafranc\"><\/div><div class=\"slide-item\"><img data-lazy=\"https:\/\/files.net2rent.com\/pfiles\/43\/22933\/561697-m.jpg\" alt=\"CM2348 L&#039;OLIVERA Casa aislada \/ Villa Costa Brava Llafranc\" title=\"CM2348 L&#039;OLIVERA Casa aislada \/ Villa Costa Brava Llafranc\"><\/div><div class=\"slide-item\"><img data-lazy=\"https:\/\/files.net2rent.com\/pfiles\/43\/22933\/561699-m.jpg\" alt=\"CM2348 L&#039;OLIVERA Casa aislada \/ Villa Costa Brava Llafranc\" title=\"CM2348 L&#039;OLIVERA Casa aislada \/ Villa Costa Brava Llafranc\"><\/div>  <\/div>\n\n  <div class=\"n2r__list__item__info\">\n    <div class=\"n2r__list__item__title\">\n      <h2 class=\"n2r__list__item__name\">\n        <a href=\"https:\/\/www.corredormato.com\/es\/detalle-del-alojamiento\/alquiler-villa-l-olivera-llafranc-22933\/\">L&#039;Olivera- Casa Piscina Privada - Costa Brava- Tamariu-<\/a>\n      <\/h2>\n          <\/div>\n    <div class=\"n2r__list__item__title\">\n      <div class=\"n2r__list__item__reference\">Ref: CM2348<\/div>\n      <div class=\"n2r__list__item__turisticreference\">HUTG-024652-19<\/div>      <div class=\"n2r__list__item__city\">Llafranc<\/div>\n              <div class=\"n2r__list__item__rating\">\n          <div class=\"n2r__rating\">\n            <div class=\"n2r__rating__complete\" style=\"width:0%\"><\/div>\n          <\/div>\n        <\/div>\n          <\/div>\n    <div class=\"n2r__list__item__features\">\n      <div class=\"n2r__list__item__feature n2r__list__item__feature--rooms\" title=\"5 habitaciones\"><i class=\"n2r_room\"><\/i> 5<\/div><div class=\"n2r__list__item__feature n2r__list__item__feature--capacity\" title=\"10 pax\"><i class=\"n2r_people\"><\/i> 10<\/div><div class=\"n2r__list__item__feature n2r__list__item__feature--bathrooms\" title=\"4 aseos\"><i class=\"n2r_toilet\"><\/i> 4<\/div><div class=\"n2r__list__item__feature n2r__list__item__feature--terrace\" title=\"terraza\"><i class=\"n2r_terrace\"><\/i> <\/div><div class=\"n2r__list__item__feature n2r__list__item__feature--property_meters\" title=\"Metros de la propiedad\"><i class=\"n2r_property_meters\"><\/i> 252 m<sup>2<\/sup><\/div><div class=\"n2r__list__item__feature n2r__list__item__feature--pool\" title=\"piscina\"><i class=\"n2r_swimming_pool\"><\/i> <\/div>    <\/div>\n    <div class=\"n2r__list__item__description\">Villa L&#039;OLIVERA con piscina privada en Llafranc \u2013 Costa Brava\r\nMagn\u00edfica villa con piscina privada en Llafranc, situada en una tranquila zona residencial, a pocos kil\u00f3metros de las playas de Tamariu y Llafranc, en plena Costa Brava. Rodeada de naturaleza, esta propiedad ofrece un entorno de absoluta calma, ideal para disfrutar de unas vacaciones en familia o con amigos.\r\nLa villa se encuentra en una amplia parcela con jard\u00edn privado, piscina y zonas exteriores perfectamente acondicionadas para relajarse y disfrutar del sol durante todo el d\u00eda. Gracias a su distribuci\u00f3n y a sus dos edificaciones independientes, es una opci\u00f3n ideal para grupos que buscan espacio, privacidad y confort.\r\nLa casa principal, distribuida en dos plantas, dispone en la planta de acceso de un luminoso sal\u00f3n-comedor con vistas a la piscina, un dormitorio de matrimonio, un dormitorio doble, una habitaci\u00f3n destinada a despacho y un ba\u00f1o completo con ducha. En la planta inferior, a nivel de jard\u00edn, se encuentra una amplia suite de matrimonio con vestidor, ba\u00f1o completo con ducha y ba\u00f1era, y salida directa al jard\u00edn y a la piscina.\r\nLa segunda edificaci\u00f3n, toda en planta baja y con acceso directo al jard\u00edn, cuenta con una gran cocina totalmente equipada con isla central, un acogedor sal\u00f3n-comedor con chimenea y grandes ventanales que comunican con una terraza porche. La zona de noche ofrece una suite de matrimonio con ba\u00f1o con ducha y salida al porche, un dormitorio doble y un ba\u00f1o completo con ducha.\r\nLa propiedad dispone de wifi, aire acondicionado y bomba de calor, lo que garantiza el m\u00e1ximo confort durante todo el a\u00f1o.Capacidad m\u00e1xima para 10 personas.\r\nUna excelente opci\u00f3n de alquiler vacacional en la Costa Brava, cerca del mar y rodeada de naturaleza, ideal para quienes buscan tranquilidad sin renunciar a la proximidad de las mejores playas del Baix Empord\u00e0.\r\nSuplemento de limpieza: 100 \u20ac para estancias inferiores a una semana (no incluido en el precio del alquiler).Estancia m\u00ednima: 3 noches.\r\n<\/div>\n    <div class=\"n2r__list__item__footer\">\n      <div class=\"n2r__list__item__price\"><span class=\"n2r__list__item__price__from\">Desde 10 \u20ac <small class=\"n2r__list__item__price__from__type\">\/  D\u00eda<\/small><\/span><\/div>    <\/div>\n  <\/div>\n  <a class=\"n2r__list__item__link\" href=\"https:\/\/www.corredormato.com\/es\/detalle-del-alojamiento\/alquiler-villa-l-olivera-llafranc-22933\/\">M\u00e1s detalles<\/a>\n  <\/div>    <\/div>\n      <\/div>\n  <\/div><\/div>\n\t\t\t\t\t\t<\/div>\n\t\t\t\t<\/div>\n\t\t\t\t\t<\/div>\n\t\t<\/div>\n\t\t\t\t\t<\/div>\n\t\t<\/section>\n\t\t\t\t<section class=\"elementor-section elementor-top-section elementor-element elementor-element-2c8b649 elementor-section-boxed elementor-section-height-default elementor-section-height-default\" data-id=\"2c8b649\" data-element_type=\"section\" data-e-type=\"section\" data-settings=\"{&quot;background_background&quot;:&quot;classic&quot;}\">\n\t\t\t\t\t\t\t<div class=\"elementor-background-overlay\"><\/div>\n\t\t\t\t\t\t\t<div class=\"elementor-container elementor-column-gap-no\">\n\t\t\t\t\t<div class=\"elementor-column elementor-col-100 elementor-top-column elementor-element elementor-element-aaa97fa\" data-id=\"aaa97fa\" data-element_type=\"column\" data-e-type=\"column\">\n\t\t\t<div class=\"elementor-widget-wrap elementor-element-populated\">\n\t\t\t\t\t\t<div class=\"elementor-element elementor-element-6b8d691 elementor-widget elementor-widget-spacer\" data-id=\"6b8d691\" data-element_type=\"widget\" data-e-type=\"widget\" data-widget_type=\"spacer.default\">\n\t\t\t\t<div class=\"elementor-widget-container\">\n\t\t\t\t\t\t\t<div class=\"elementor-spacer\">\n\t\t\t<div class=\"elementor-spacer-inner\"><\/div>\n\t\t<\/div>\n\t\t\t\t\t\t<\/div>\n\t\t\t\t<\/div>\n\t\t\t\t<div class=\"elementor-element elementor-element-1942a38 elementor-widget elementor-widget-image\" data-id=\"1942a38\" data-element_type=\"widget\" data-e-type=\"widget\" data-widget_type=\"image.default\">\n\t\t\t\t<div class=\"elementor-widget-container\">\n\t\t\t\t\t\t\t\t\t\t\t\t\t\t\t\t<a href=\"https:\/\/www.corredormato.com\/lloga-amb-corredor-mato\/\">\n\t\t\t\t\t\t\t<img decoding=\"async\" width=\"128\" height=\"128\" src=\"https:\/\/www.corredormato.com\/wp-content\/uploads\/2024\/02\/key-1.png\" class=\"attachment-full size-full wp-image-13417\" alt=\"Vols posar en lloguer el teu immoble?\" \/>\t\t\t\t\t\t\t\t<\/a>\n\t\t\t\t\t\t\t\t\t\t\t\t\t\t\t<\/div>\n\t\t\t\t<\/div>\n\t\t\t\t<div class=\"elementor-element elementor-element-0fece1a elementor-widget elementor-widget-heading\" data-id=\"0fece1a\" data-element_type=\"widget\" data-e-type=\"widget\" data-widget_type=\"heading.default\">\n\t\t\t\t<div class=\"elementor-widget-container\">\n\t\t\t\t\t<h2 class=\"elementor-heading-title elementor-size-default\"><a href=\"https:\/\/www.corredormato.com\/lloga-amb-corredor-mato\/\">\u00bfQuieres alquilar tu inmueble?<\/a><\/h2>\t\t\t\t<\/div>\n\t\t\t\t<\/div>\n\t\t\t\t<div class=\"elementor-element elementor-element-0dbd951 elementor-widget elementor-widget-heading\" data-id=\"0dbd951\" data-element_type=\"widget\" data-e-type=\"widget\" data-widget_type=\"heading.default\">\n\t\t\t\t<div class=\"elementor-widget-container\">\n\t\t\t\t\t<p class=\"elementor-heading-title elementor-size-default\"><a href=\"https:\/\/www.corredormato.com\/lloga-amb-corredor-mato\/\">En Corredor Mat\u00f3 sabemos lo importante que es tu patrimonio inmobiliario y te ofrecemos total tranquilidad con garant\u00eda de que tu propiedad est\u00e1 en las mejores manos.<\/a><\/p>\t\t\t\t<\/div>\n\t\t\t\t<\/div>\n\t\t\t\t<div class=\"elementor-element elementor-element-e1eb51e elementor-widget elementor-widget-spacer\" data-id=\"e1eb51e\" data-element_type=\"widget\" data-e-type=\"widget\" data-widget_type=\"spacer.default\">\n\t\t\t\t<div class=\"elementor-widget-container\">\n\t\t\t\t\t\t\t<div class=\"elementor-spacer\">\n\t\t\t<div class=\"elementor-spacer-inner\"><\/div>\n\t\t<\/div>\n\t\t\t\t\t\t<\/div>\n\t\t\t\t<\/div>\n\t\t\t\t\t<\/div>\n\t\t<\/div>\n\t\t\t\t\t<\/div>\n\t\t<\/section>\n\t\t\t\t<section class=\"elementor-section elementor-top-section elementor-element elementor-element-4a2bd30 elementor-section-boxed elementor-section-height-default elementor-section-height-default\" data-id=\"4a2bd30\" data-element_type=\"section\" data-e-type=\"section\" data-settings=\"{&quot;background_background&quot;:&quot;classic&quot;}\">\n\t\t\t\t\t\t<div class=\"elementor-container elementor-column-gap-no\">\n\t\t\t\t\t<div class=\"elementor-column elementor-col-100 elementor-top-column elementor-element elementor-element-f2ff7aa\" data-id=\"f2ff7aa\" data-element_type=\"column\" data-e-type=\"column\">\n\t\t\t<div class=\"elementor-widget-wrap elementor-element-populated\">\n\t\t\t\t\t\t<div class=\"elementor-element elementor-element-b787f81 elementor-widget elementor-widget-heading\" data-id=\"b787f81\" data-element_type=\"widget\" data-e-type=\"widget\" data-widget_type=\"heading.default\">\n\t\t\t\t<div class=\"elementor-widget-container\">\n\t\t\t\t\t<h2 class=\"elementor-heading-title elementor-size-default\"><strong>Propiedades destacadas<\/strong> | Compra<\/h2>\t\t\t\t<\/div>\n\t\t\t\t<\/div>\n\t\t\t\t<div class=\"elementor-element elementor-element-3a4d32f sep23 elementor-widget elementor-widget-shortcode\" data-id=\"3a4d32f\" data-element_type=\"widget\" data-e-type=\"widget\" data-widget_type=\"shortcode.default\">\n\t\t\t\t<div class=\"elementor-widget-container\">\n\t\t\t\t\t\t\t<div class=\"elementor-shortcode\">\n<div class=\"n2r__list grid\" data-n2r-searchparams=\"\">\n    <div class=\"n2r__row\">\n    <div class=\"n2r__list__items\">\n      <div class=\"n2r__list__item n2r__clickable   \" data-id=\"21934\">\n  <span class=\"n2r__list__item__label n2r__list__item__label--offer\">Oferta<\/span>  <div class=\"n2r__list__item__gallery n2r__slider\">\n    <div class=\"slide-item\"><img data-lazy=\"https:\/\/files.net2rent.com\/pfiles\/43\/21934\/552045-m.jpg\" alt=\"\" title=\"\"><\/div><div class=\"slide-item\"><img data-lazy=\"https:\/\/files.net2rent.com\/pfiles\/43\/21934\/522156-m.jpg\" alt=\"\" title=\"\"><\/div><div class=\"slide-item\"><img data-lazy=\"https:\/\/files.net2rent.com\/pfiles\/43\/21934\/522150-m.jpg\" alt=\"\" title=\"\"><\/div><div class=\"slide-item\"><img data-lazy=\"https:\/\/files.net2rent.com\/pfiles\/43\/21934\/522151-m.jpg\" alt=\"\" title=\"\"><\/div><div class=\"slide-item\"><img data-lazy=\"https:\/\/files.net2rent.com\/pfiles\/43\/21934\/522152-m.jpg\" alt=\"\" title=\"\"><\/div><div class=\"slide-item\"><img data-lazy=\"https:\/\/files.net2rent.com\/pfiles\/43\/21934\/522153-m.jpg\" alt=\"\" title=\"\"><\/div><div class=\"slide-item\"><img data-lazy=\"https:\/\/files.net2rent.com\/pfiles\/43\/21934\/522154-m.jpg\" alt=\"\" title=\"\"><\/div><div class=\"slide-item\"><img data-lazy=\"https:\/\/files.net2rent.com\/pfiles\/43\/21934\/522155-m.jpg\" alt=\"\" title=\"\"><\/div><div class=\"slide-item\"><img data-lazy=\"https:\/\/files.net2rent.com\/pfiles\/43\/21934\/522157-m.jpg\" alt=\"\" title=\"\"><\/div><div class=\"slide-item\"><img data-lazy=\"https:\/\/files.net2rent.com\/pfiles\/43\/21934\/514535-m.jpg\" alt=\"\" title=\"\"><\/div><div class=\"slide-item\"><img data-lazy=\"https:\/\/files.net2rent.com\/pfiles\/43\/21934\/514538-m.jpg\" alt=\"\" title=\"\"><\/div><div class=\"slide-item\"><img data-lazy=\"https:\/\/files.net2rent.com\/pfiles\/43\/21934\/514795-m.jpg\" alt=\"\" title=\"\"><\/div><div class=\"slide-item\"><img data-lazy=\"https:\/\/files.net2rent.com\/pfiles\/43\/21934\/514796-m.jpg\" alt=\"\" title=\"\"><\/div><div class=\"slide-item\"><img data-lazy=\"https:\/\/files.net2rent.com\/pfiles\/43\/21934\/514797-m.jpg\" alt=\"\" title=\"\"><\/div><div class=\"slide-item\"><img data-lazy=\"https:\/\/files.net2rent.com\/pfiles\/43\/21934\/514798-m.jpg\" alt=\"\" title=\"\"><\/div><div class=\"slide-item\"><img data-lazy=\"https:\/\/files.net2rent.com\/pfiles\/43\/21934\/514799-m.jpg\" alt=\"\" title=\"\"><\/div><div class=\"slide-item\"><img data-lazy=\"https:\/\/files.net2rent.com\/pfiles\/43\/21934\/514800-m.jpg\" alt=\"\" title=\"\"><\/div><div class=\"slide-item\"><img data-lazy=\"https:\/\/files.net2rent.com\/pfiles\/43\/21934\/514801-m.jpg\" alt=\"\" title=\"\"><\/div><div class=\"slide-item\"><img data-lazy=\"https:\/\/files.net2rent.com\/pfiles\/43\/21934\/514802-m.jpg\" alt=\"\" title=\"\"><\/div><div class=\"slide-item\"><img data-lazy=\"https:\/\/files.net2rent.com\/pfiles\/43\/21934\/514803-m.jpg\" alt=\"\" title=\"\"><\/div>  <\/div>\n\n  <div class=\"n2r__list__item__info\">\n    <div class=\"n2r__list__item__title\">\n      <h2 class=\"n2r__list__item__name\">\n        <a href=\"https:\/\/www.corredormato.com\/es\/venta\/venta-villa-salvador-tamariu-21934\/\">Espectacular villa de nueva construcci\u00f3n<\/a>\n      <\/h2>\n          <\/div>\n    <div class=\"n2r__list__item__title\">\n      <div class=\"n2r__list__item__reference\">Ref: M2395<\/div>\n            <div class=\"n2r__list__item__city\">Tamariu<\/div>\n          <\/div>\n    <div class=\"n2r__list__item__features\">\n      <div class=\"n2r__list__item__feature n2r__list__item__feature--rooms\" title=\"4 habitaciones\"><i class=\"n2r_room\"><\/i> 4<\/div><div class=\"n2r__list__item__feature n2r__list__item__feature--bathrooms\" title=\"5 aseos\"><i class=\"n2r_toilet\"><\/i> 5<\/div><div class=\"n2r__list__item__feature n2r__list__item__feature--property_meters\" title=\"Metros de la propiedad\"><i class=\"n2r_property_meters\"><\/i> 576 m<sup>2<\/sup><\/div><div class=\"n2r__list__item__feature n2r__list__item__feature--pool\" title=\"piscina\"><i class=\"n2r_swimming_pool\"><\/i> <\/div>    <\/div>\n    <div class=\"n2r__list__item__description\">\u00daltima propiedad disponible en esta zona de casas independientes excepcionales, situada en una de las zonas m\u00e1s exclusivas de Tamariu, esta villa te ofrece la tranquilidad de un entorno natural privilegiado, a la vez que est\u00e1s a pocos minutos de todos los servicios y comodidades. Descubre la vida de lujo cerca del mar en esta espectacular villa de nueva construcci\u00f3n .\nUbicada en una parcela de 1500m\u00b2 a solo 5 minutos a pie de la playa de Tamariu , esta joya arquitect\u00f3nica te ofrece vistas panor\u00e1micas inigualables y una privacidad absoluta. \nEsta villa de dise\u00f1o contempor\u00e1neo combina a la perfecci\u00f3n elegancia y funcionalidad. Los grandes ventanales inundan de luz natural cada rinc\u00f3n de la casa, creando una atm\u00f3sfera c\u00e1lida y acogedora. La cocina, totalmente equipada, es el coraz\u00f3n de la vivienda y se abre a un amplio sal\u00f3n comedor con acceso directo a la terraza y al jard\u00edn.\nEl jard\u00edn, cuidadosamente dise\u00f1ado, es un oasis de tranquilidad donde podr\u00e1s disfrutar del sol, organizar barbacoas con amigos y familia, o simplemente relajarte junto a la piscina.\nCaracter\u00edsticas detalladas: \nSuperficie: 576m\u00b2 construidos\nParcela: 1600m\u00b2\nHabitaciones: 4 amplias y luminosas\nBa\u00f1os: 5 y 4 de ellos en suite.\nPlanta superior: 3 habitaciones y terrazas con vistas al mar. \nPlanta principal: Suite principal con ba\u00f1o privado y vestidor, ba\u00f1o de cortes\u00eda\nExterior: Amplio jard\u00edn, piscina privada\nTecnolog\u00eda: Sistema de dom\u00f3tica de \u00faltima generaci\u00f3n\nAcabados: Lujosos y de alta calidad\nEntrega 2027<\/div>\n    <div class=\"n2r__list__item__footer\">\n      <div class=\"n2r__list__item__price\"><span class=\"n2r__list__item__price__amount n2r__list__item__price__old\">4.000.000 \u20ac<\/span> 3.980.000 \u20ac<\/div>    <\/div>\n  <\/div>\n  <a class=\"n2r__list__item__link\" href=\"https:\/\/www.corredormato.com\/es\/venta\/venta-villa-salvador-tamariu-21934\/\">M\u00e1s detalles<\/a>\n  <\/div>    <\/div>\n      <\/div>\n  <\/div><\/div>\n\t\t\t\t\t\t<\/div>\n\t\t\t\t<\/div>\n\t\t\t\t\t<\/div>\n\t\t<\/div>\n\t\t\t\t\t<\/div>\n\t\t<\/section>\n\t\t\t\t<section class=\"elementor-section elementor-top-section elementor-element elementor-element-5603b7c elementor-section-boxed elementor-section-height-default elementor-section-height-default\" data-id=\"5603b7c\" data-element_type=\"section\" data-e-type=\"section\" data-settings=\"{&quot;background_background&quot;:&quot;classic&quot;}\">\n\t\t\t\t\t\t\t<div class=\"elementor-background-overlay\"><\/div>\n\t\t\t\t\t\t\t<div class=\"elementor-container elementor-column-gap-no\">\n\t\t\t\t\t<div class=\"elementor-column elementor-col-100 elementor-top-column elementor-element elementor-element-5e9181a\" data-id=\"5e9181a\" data-element_type=\"column\" data-e-type=\"column\">\n\t\t\t<div class=\"elementor-widget-wrap elementor-element-populated\">\n\t\t\t\t\t\t<div class=\"elementor-element elementor-element-4c2cf28 elementor-widget elementor-widget-spacer\" data-id=\"4c2cf28\" data-element_type=\"widget\" data-e-type=\"widget\" data-widget_type=\"spacer.default\">\n\t\t\t\t<div class=\"elementor-widget-container\">\n\t\t\t\t\t\t\t<div class=\"elementor-spacer\">\n\t\t\t<div class=\"elementor-spacer-inner\"><\/div>\n\t\t<\/div>\n\t\t\t\t\t\t<\/div>\n\t\t\t\t<\/div>\n\t\t\t\t<div class=\"elementor-element elementor-element-1c01681 elementor-widget elementor-widget-image\" data-id=\"1c01681\" data-element_type=\"widget\" data-e-type=\"widget\" data-widget_type=\"image.default\">\n\t\t\t\t<div class=\"elementor-widget-container\">\n\t\t\t\t\t\t\t\t\t\t\t\t\t\t\t\t<a href=\"https:\/\/www.corredormato.com\/ven-el-teu-immoble-en-la-costa-brava-amb-corredor-mato\/\">\n\t\t\t\t\t\t\t<img decoding=\"async\" width=\"128\" height=\"128\" src=\"https:\/\/www.corredormato.com\/wp-content\/uploads\/2024\/02\/home.png\" class=\"attachment-full size-full wp-image-13428\" alt=\"Posa a la venda la teva propietat amb Corredor Mat\u00f3\" \/>\t\t\t\t\t\t\t\t<\/a>\n\t\t\t\t\t\t\t\t\t\t\t\t\t\t\t<\/div>\n\t\t\t\t<\/div>\n\t\t\t\t<div class=\"elementor-element elementor-element-4cf1ec3 elementor-widget elementor-widget-heading\" data-id=\"4cf1ec3\" data-element_type=\"widget\" data-e-type=\"widget\" data-widget_type=\"heading.default\">\n\t\t\t\t<div class=\"elementor-widget-container\">\n\t\t\t\t\t<h2 class=\"elementor-heading-title elementor-size-default\"><a href=\"https:\/\/www.corredormato.com\/ven-el-teu-immoble-en-la-costa-brava-amb-corredor-mato\/\">Pon a la venta tu propiedad con Corredor Mat\u00f3<\/a><\/h2>\t\t\t\t<\/div>\n\t\t\t\t<\/div>\n\t\t\t\t<div class=\"elementor-element elementor-element-22274ee elementor-widget elementor-widget-heading\" data-id=\"22274ee\" data-element_type=\"widget\" data-e-type=\"widget\" data-widget_type=\"heading.default\">\n\t\t\t\t<div class=\"elementor-widget-container\">\n\t\t\t\t\t<p class=\"elementor-heading-title elementor-size-default\"><a href=\"https:\/\/www.corredormato.com\/ven-el-teu-immoble-en-la-costa-brava-amb-corredor-mato\/\">Te aconsejamos en todo momento y te ofrecemos toda la ayuda necesaria en lo referente a los tr\u00e1mites de la venta del inmueble.<\/a><\/p>\t\t\t\t<\/div>\n\t\t\t\t<\/div>\n\t\t\t\t<div class=\"elementor-element elementor-element-aed86f8 elementor-widget elementor-widget-spacer\" data-id=\"aed86f8\" data-element_type=\"widget\" data-e-type=\"widget\" data-widget_type=\"spacer.default\">\n\t\t\t\t<div class=\"elementor-widget-container\">\n\t\t\t\t\t\t\t<div class=\"elementor-spacer\">\n\t\t\t<div class=\"elementor-spacer-inner\"><\/div>\n\t\t<\/div>\n\t\t\t\t\t\t<\/div>\n\t\t\t\t<\/div>\n\t\t\t\t\t<\/div>\n\t\t<\/div>\n\t\t\t\t\t<\/div>\n\t\t<\/section>\n\t\t\t\t<section class=\"elementor-section elementor-top-section elementor-element elementor-element-8c3e2bf elementor-section-full_width elementor-section-height-default elementor-section-height-default\" data-id=\"8c3e2bf\" data-element_type=\"section\" data-e-type=\"section\" data-settings=\"{&quot;background_background&quot;:&quot;classic&quot;}\">\n\t\t\t\t\t\t<div class=\"elementor-container elementor-column-gap-no\">\n\t\t\t\t\t<div class=\"elementor-column elementor-col-100 elementor-top-column elementor-element elementor-element-76ec4d2\" data-id=\"76ec4d2\" data-element_type=\"column\" data-e-type=\"column\">\n\t\t\t<div class=\"elementor-widget-wrap elementor-element-populated\">\n\t\t\t\t\t\t<div class=\"elementor-element elementor-element-74ee081 elementor-align-left elementor-widget elementor-widget-breadcrumbs\" data-id=\"74ee081\" data-element_type=\"widget\" data-e-type=\"widget\" data-widget_type=\"breadcrumbs.default\">\n\t\t\t\t<div class=\"elementor-widget-container\">\n\t\t\t\t\t<p id=\"breadcrumbs\"><span><span><a href=\"https:\/\/www.corredormato.com\/es\/\">Home<\/a><\/span><\/span><\/p>\t\t\t\t<\/div>\n\t\t\t\t<\/div>\n\t\t\t\t\t<\/div>\n\t\t<\/div>\n\t\t\t\t\t<\/div>\n\t\t<\/section>\n\t\t\t\t<\/div>\n\t\t","protected":false},"excerpt":{"rendered":"<p>Alojamientos destacados | Alquiler \u00bfQuieres alquilar tu inmueble? En Corredor Mat\u00f3 sabemos lo importante que es tu patrimonio inmobiliario y te ofrecemos total tranquilidad con garant\u00eda de que tu propiedad est\u00e1 en las mejores manos. Propiedades destacadas | Compra Pon a la venta tu propiedad con Corredor Mat\u00f3 Te aconsejamos en todo momento y te [&hellip;]<\/p>\n","protected":false},"author":1,"featured_media":4522,"parent":0,"menu_order":0,"comment_status":"closed","ping_status":"closed","template":"","meta":{"footnotes":""},"class_list":["post-13444","page","type-page","status-publish","has-post-thumbnail","hentry"],"yoast_head":"<!-- This site is optimized with the Yoast SEO plugin v27.4 - https:\/\/yoast.com\/product\/yoast-seo-wordpress\/ -->\n<title>Costa Brava - Corredor Mat\u00f3 Real Estate &amp; Property Management<\/title>\n<meta name=\"description\" content=\"Pensem en les vostres vacances, oferint-vos el m\u00e9s gran ventall d\u2019immobles i serveis, per satisfer totes les vostres peticions. Si sou propietaris i voleu llogar, Corredor Mat\u00f3 \u00e9s la vostra ag\u00e8ncia.\" \/>\n<meta name=\"robots\" content=\"index, follow, max-snippet:-1, max-image-preview:large, max-video-preview:-1\" \/>\n<link rel=\"canonical\" href=\"https:\/\/www.corredormato.com\/es\/zona-costa-brava\/\" \/>\n<meta property=\"og:locale\" content=\"es_ES\" \/>\n<meta property=\"og:type\" content=\"article\" \/>\n<meta property=\"og:title\" content=\"Costa Brava - Corredor Mat\u00f3 Real Estate &amp; Property Management\" \/>\n<meta property=\"og:description\" content=\"Pensem en les vostres vacances, oferint-vos el m\u00e9s gran ventall d\u2019immobles i serveis, per satisfer totes les vostres peticions. Si sou propietaris i voleu llogar, Corredor Mat\u00f3 \u00e9s la vostra ag\u00e8ncia.\" \/>\n<meta property=\"og:url\" content=\"https:\/\/www.corredormato.com\/es\/zona-costa-brava\/\" \/>\n<meta property=\"og:site_name\" content=\"Corredor Mat\u00f3 Real Estate &amp; Property Management\" \/>\n<meta property=\"article:modified_time\" content=\"2024-02-05T11:37:14+00:00\" \/>\n<meta property=\"og:image\" content=\"https:\/\/www.corredormato.com\/wp-content\/uploads\/2023\/06\/RRSS_Corredor_MATO.jpg\" \/>\n\t<meta property=\"og:image:width\" content=\"1280\" \/>\n\t<meta property=\"og:image:height\" content=\"720\" \/>\n\t<meta property=\"og:image:type\" content=\"image\/jpeg\" \/>\n<meta name=\"twitter:card\" content=\"summary_large_image\" \/>\n<meta name=\"twitter:label1\" content=\"Tiempo de lectura\" \/>\n\t<meta name=\"twitter:data1\" content=\"1 minuto\" \/>\n<script type=\"application\/ld+json\" class=\"yoast-schema-graph\">{\"@context\":\"https:\\\/\\\/schema.org\",\"@graph\":[{\"@type\":\"WebPage\",\"@id\":\"https:\\\/\\\/www.corredormato.com\\\/es\\\/zona-costa-brava\\\/\",\"url\":\"https:\\\/\\\/www.corredormato.com\\\/es\\\/zona-costa-brava\\\/\",\"name\":\"Costa Brava - Corredor Mat\u00f3 Real Estate &amp; Property Management\",\"isPartOf\":{\"@id\":\"https:\\\/\\\/www.corredormato.com\\\/es\\\/#website\"},\"primaryImageOfPage\":{\"@id\":\"https:\\\/\\\/www.corredormato.com\\\/es\\\/zona-costa-brava\\\/#primaryimage\"},\"image\":{\"@id\":\"https:\\\/\\\/www.corredormato.com\\\/es\\\/zona-costa-brava\\\/#primaryimage\"},\"thumbnailUrl\":\"https:\\\/\\\/www.corredormato.com\\\/wp-content\\\/uploads\\\/2023\\\/06\\\/RRSS_Corredor_MATO.jpg\",\"datePublished\":\"2024-02-05T11:09:02+00:00\",\"dateModified\":\"2024-02-05T11:37:14+00:00\",\"description\":\"Pensem en les vostres vacances, oferint-vos el m\u00e9s gran ventall d\u2019immobles i serveis, per satisfer totes les vostres peticions. Si sou propietaris i voleu llogar, Corredor Mat\u00f3 \u00e9s la vostra ag\u00e8ncia.\",\"breadcrumb\":{\"@id\":\"https:\\\/\\\/www.corredormato.com\\\/es\\\/zona-costa-brava\\\/#breadcrumb\"},\"inLanguage\":\"es\",\"potentialAction\":[{\"@type\":\"ReadAction\",\"target\":[\"https:\\\/\\\/www.corredormato.com\\\/es\\\/zona-costa-brava\\\/\"]}]},{\"@type\":\"BreadcrumbList\",\"@id\":\"https:\\\/\\\/www.corredormato.com\\\/es\\\/zona-costa-brava\\\/#breadcrumb\",\"itemListElement\":[{\"@type\":\"ListItem\",\"position\":1,\"name\":\"Home\",\"item\":\"https:\\\/\\\/www.corredormato.com\\\/es\\\/\"},{\"@type\":\"ListItem\",\"position\":2,\"name\":\"Costa Brava\"}]},{\"@type\":\"WebSite\",\"@id\":\"https:\\\/\\\/www.corredormato.com\\\/es\\\/#website\",\"url\":\"https:\\\/\\\/www.corredormato.com\\\/es\\\/\",\"name\":\"Corredor Mat\u00f3 Real Estate &amp; Property Management\",\"description\":\"Real Estate &amp; Property Management\",\"publisher\":{\"@id\":\"https:\\\/\\\/www.corredormato.com\\\/es\\\/#organization\"},\"alternateName\":\"Corredor Mat\u00f3\",\"potentialAction\":[{\"@type\":\"SearchAction\",\"target\":{\"@type\":\"EntryPoint\",\"urlTemplate\":\"https:\\\/\\\/www.corredormato.com\\\/resultats-de-cerca-lloguer\\\/?search_text={search_term_string}\"},\"query-input\":{\"@type\":\"PropertyValueSpecification\",\"valueRequired\":true,\"valueName\":\"search_term_string\"}}],\"inLanguage\":\"es\"},{\"@type\":\"Organization\",\"@id\":\"https:\\\/\\\/www.corredormato.com\\\/es\\\/#organization\",\"name\":\"Corredor Mat\u00f3 | Real Estate & Property Management\",\"url\":\"https:\\\/\\\/www.corredormato.com\\\/es\\\/\",\"logo\":{\"@type\":\"ImageObject\",\"inLanguage\":\"es\",\"@id\":\"https:\\\/\\\/www.corredormato.com\\\/es\\\/#\\\/schema\\\/logo\\\/image\\\/\",\"url\":\"https:\\\/\\\/www.corredormato.com\\\/wp-content\\\/uploads\\\/2021\\\/04\\\/logo.png\",\"contentUrl\":\"https:\\\/\\\/www.corredormato.com\\\/wp-content\\\/uploads\\\/2021\\\/04\\\/logo.png\",\"width\":970,\"height\":225,\"caption\":\"Corredor Mat\u00f3 | Real Estate & Property Management\"},\"image\":{\"@id\":\"https:\\\/\\\/www.corredormato.com\\\/es\\\/#\\\/schema\\\/logo\\\/image\\\/\"}}]}<\/script>\n<!-- \/ Yoast SEO plugin. -->","yoast_head_json":{"title":"Costa Brava - Corredor Mat\u00f3 Real Estate &amp; Property Management","description":"Pensem en les vostres vacances, oferint-vos el m\u00e9s gran ventall d\u2019immobles i serveis, per satisfer totes les vostres peticions. Si sou propietaris i voleu llogar, Corredor Mat\u00f3 \u00e9s la vostra ag\u00e8ncia.","robots":{"index":"index","follow":"follow","max-snippet":"max-snippet:-1","max-image-preview":"max-image-preview:large","max-video-preview":"max-video-preview:-1"},"canonical":"https:\/\/www.corredormato.com\/es\/zona-costa-brava\/","og_locale":"es_ES","og_type":"article","og_title":"Costa Brava - Corredor Mat\u00f3 Real Estate &amp; Property Management","og_description":"Pensem en les vostres vacances, oferint-vos el m\u00e9s gran ventall d\u2019immobles i serveis, per satisfer totes les vostres peticions. Si sou propietaris i voleu llogar, Corredor Mat\u00f3 \u00e9s la vostra ag\u00e8ncia.","og_url":"https:\/\/www.corredormato.com\/es\/zona-costa-brava\/","og_site_name":"Corredor Mat\u00f3 Real Estate &amp; Property Management","article_modified_time":"2024-02-05T11:37:14+00:00","og_image":[{"width":1280,"height":720,"url":"https:\/\/www.corredormato.com\/wp-content\/uploads\/2023\/06\/RRSS_Corredor_MATO.jpg","type":"image\/jpeg"}],"twitter_card":"summary_large_image","twitter_misc":{"Tiempo de lectura":"1 minuto"},"schema":{"@context":"https:\/\/schema.org","@graph":[{"@type":"WebPage","@id":"https:\/\/www.corredormato.com\/es\/zona-costa-brava\/","url":"https:\/\/www.corredormato.com\/es\/zona-costa-brava\/","name":"Costa Brava - Corredor Mat\u00f3 Real Estate &amp; Property Management","isPartOf":{"@id":"https:\/\/www.corredormato.com\/es\/#website"},"primaryImageOfPage":{"@id":"https:\/\/www.corredormato.com\/es\/zona-costa-brava\/#primaryimage"},"image":{"@id":"https:\/\/www.corredormato.com\/es\/zona-costa-brava\/#primaryimage"},"thumbnailUrl":"https:\/\/www.corredormato.com\/wp-content\/uploads\/2023\/06\/RRSS_Corredor_MATO.jpg","datePublished":"2024-02-05T11:09:02+00:00","dateModified":"2024-02-05T11:37:14+00:00","description":"Pensem en les vostres vacances, oferint-vos el m\u00e9s gran ventall d\u2019immobles i serveis, per satisfer totes les vostres peticions. Si sou propietaris i voleu llogar, Corredor Mat\u00f3 \u00e9s la vostra ag\u00e8ncia.","breadcrumb":{"@id":"https:\/\/www.corredormato.com\/es\/zona-costa-brava\/#breadcrumb"},"inLanguage":"es","potentialAction":[{"@type":"ReadAction","target":["https:\/\/www.corredormato.com\/es\/zona-costa-brava\/"]}]},{"@type":"BreadcrumbList","@id":"https:\/\/www.corredormato.com\/es\/zona-costa-brava\/#breadcrumb","itemListElement":[{"@type":"ListItem","position":1,"name":"Home","item":"https:\/\/www.corredormato.com\/es\/"},{"@type":"ListItem","position":2,"name":"Costa Brava"}]},{"@type":"WebSite","@id":"https:\/\/www.corredormato.com\/es\/#website","url":"https:\/\/www.corredormato.com\/es\/","name":"Corredor Mat\u00f3 Real Estate &amp; Property Management","description":"Real Estate &amp; Property Management","publisher":{"@id":"https:\/\/www.corredormato.com\/es\/#organization"},"alternateName":"Corredor Mat\u00f3","potentialAction":[{"@type":"SearchAction","target":{"@type":"EntryPoint","urlTemplate":"https:\/\/www.corredormato.com\/resultats-de-cerca-lloguer\/?search_text={search_term_string}"},"query-input":{"@type":"PropertyValueSpecification","valueRequired":true,"valueName":"search_term_string"}}],"inLanguage":"es"},{"@type":"Organization","@id":"https:\/\/www.corredormato.com\/es\/#organization","name":"Corredor Mat\u00f3 | Real Estate & Property Management","url":"https:\/\/www.corredormato.com\/es\/","logo":{"@type":"ImageObject","inLanguage":"es","@id":"https:\/\/www.corredormato.com\/es\/#\/schema\/logo\/image\/","url":"https:\/\/www.corredormato.com\/wp-content\/uploads\/2021\/04\/logo.png","contentUrl":"https:\/\/www.corredormato.com\/wp-content\/uploads\/2021\/04\/logo.png","width":970,"height":225,"caption":"Corredor Mat\u00f3 | Real Estate & Property Management"},"image":{"@id":"https:\/\/www.corredormato.com\/es\/#\/schema\/logo\/image\/"}}]}},"_links":{"self":[{"href":"https:\/\/www.corredormato.com\/es\/wp-json\/wp\/v2\/pages\/13444","targetHints":{"allow":["GET"]}}],"collection":[{"href":"https:\/\/www.corredormato.com\/es\/wp-json\/wp\/v2\/pages"}],"about":[{"href":"https:\/\/www.corredormato.com\/es\/wp-json\/wp\/v2\/types\/page"}],"author":[{"embeddable":true,"href":"https:\/\/www.corredormato.com\/es\/wp-json\/wp\/v2\/users\/1"}],"replies":[{"embeddable":true,"href":"https:\/\/www.corredormato.com\/es\/wp-json\/wp\/v2\/comments?post=13444"}],"version-history":[{"count":2,"href":"https:\/\/www.corredormato.com\/es\/wp-json\/wp\/v2\/pages\/13444\/revisions"}],"predecessor-version":[{"id":13510,"href":"https:\/\/www.corredormato.com\/es\/wp-json\/wp\/v2\/pages\/13444\/revisions\/13510"}],"wp:featuredmedia":[{"embeddable":true,"href":"https:\/\/www.corredormato.com\/es\/wp-json\/wp\/v2\/media\/4522"}],"wp:attachment":[{"href":"https:\/\/www.corredormato.com\/es\/wp-json\/wp\/v2\/media?parent=13444"}],"curies":[{"name":"wp","href":"https:\/\/api.w.org\/{rel}","templated":true}]}}