{"id":13440,"date":"2024-02-05T13:05:30","date_gmt":"2024-02-05T11:05:30","guid":{"rendered":"https:\/\/www.corredormato.com\/zone-costa-brava\/"},"modified":"2024-02-05T13:36:30","modified_gmt":"2024-02-05T11:36:30","slug":"zone-costa-brava","status":"publish","type":"page","link":"https:\/\/www.corredormato.com\/fr\/zone-costa-brava\/","title":{"rendered":"Costa Brava"},"content":{"rendered":"\t\t<div data-elementor-type=\"wp-page\" data-elementor-id=\"13440\" class=\"elementor elementor-13440 elementor-13387\" data-elementor-post-type=\"page\">\n\t\t\t\t\t\t<section class=\"elementor-section elementor-top-section elementor-element elementor-element-3b54baf elementor-section-boxed elementor-section-height-default elementor-section-height-default\" data-id=\"3b54baf\" data-element_type=\"section\" data-e-type=\"section\" data-settings=\"{&quot;background_background&quot;:&quot;classic&quot;}\">\n\t\t\t\t\t\t\t<div class=\"elementor-background-overlay\"><\/div>\n\t\t\t\t\t\t\t<div class=\"elementor-container elementor-column-gap-default\">\n\t\t\t\t\t<div class=\"elementor-column elementor-col-100 elementor-top-column elementor-element elementor-element-b157f16\" data-id=\"b157f16\" data-element_type=\"column\" data-e-type=\"column\">\n\t\t\t<div class=\"elementor-widget-wrap elementor-element-populated\">\n\t\t\t\t\t\t<div class=\"elementor-element elementor-element-78edebe elementor-widget elementor-widget-theme-post-title elementor-page-title elementor-widget-heading\" data-id=\"78edebe\" data-element_type=\"widget\" data-e-type=\"widget\" data-widget_type=\"theme-post-title.default\">\n\t\t\t\t<div class=\"elementor-widget-container\">\n\t\t\t\t\t<h1 class=\"elementor-heading-title elementor-size-default\">Costa Brava<\/h1>\t\t\t\t<\/div>\n\t\t\t\t<\/div>\n\t\t\t\t\t<\/div>\n\t\t<\/div>\n\t\t\t\t\t<\/div>\n\t\t<\/section>\n\t\t\t\t<section class=\"elementor-section elementor-top-section elementor-element elementor-element-c1c390e elementor-section-full_width elementor-section-height-default elementor-section-height-default\" data-id=\"c1c390e\" data-element_type=\"section\" data-e-type=\"section\" data-settings=\"{&quot;background_background&quot;:&quot;classic&quot;}\">\n\t\t\t\t\t\t\t<div class=\"elementor-background-overlay\"><\/div>\n\t\t\t\t\t\t\t<div class=\"elementor-container elementor-column-gap-no\">\n\t\t\t\t\t<div class=\"elementor-column elementor-col-100 elementor-top-column elementor-element elementor-element-ffc54f1\" data-id=\"ffc54f1\" data-element_type=\"column\" data-e-type=\"column\">\n\t\t\t<div class=\"elementor-widget-wrap elementor-element-populated\">\n\t\t\t\t\t\t<div class=\"elementor-element elementor-element-f097bda elementor-widget elementor-widget-template\" data-id=\"f097bda\" data-element_type=\"widget\" data-e-type=\"widget\" data-widget_type=\"template.default\">\n\t\t\t\t<div class=\"elementor-widget-container\">\n\t\t\t\t\t\t\t<div class=\"elementor-template\">\n\t\t\t\t\t<div data-elementor-type=\"section\" data-elementor-id=\"13265\" class=\"elementor elementor-13265 elementor-13256 elementor-13256\" data-elementor-post-type=\"elementor_library\">\n\t\t\t<div class=\"elementor-element elementor-element-7891b28 e-flex e-con-boxed e-con e-parent\" data-id=\"7891b28\" data-element_type=\"container\" data-e-type=\"container\">\n\t\t\t\t\t<div class=\"e-con-inner\">\n\t\t<div class=\"elementor-element elementor-element-25facd7 e-con-full e-flex e-con e-child\" data-id=\"25facd7\" data-element_type=\"container\" data-e-type=\"container\" data-settings=\"{&quot;background_background&quot;:&quot;classic&quot;}\">\n\t\t\t\t<div class=\"elementor-element elementor-element-0f5ff4a home-searchbox elementor-widget elementor-widget-shortcode\" data-id=\"0f5ff4a\" data-element_type=\"widget\" data-e-type=\"widget\" data-widget_type=\"shortcode.default\">\n\t\t\t\t<div class=\"elementor-widget-container\">\n\t\t\t\t\t\t\t<div class=\"elementor-shortcode\"><div class=\"n2r__search n2r__search--triggerselector \" data-n2r-searchsession-url=\"https:\/\/www.corredormato.com\/wp-json\/n2r\/v1\/searchsession\" data-n2r-nosession=\"true\">\n      <div class=\"n2r__search__mode-trigger\">\n              <div class=\"n2r__search__field n2r__search__mode-trigger\">\n          <label for=\"n2r-search-mode-12531\">Type<\/label>\n          <select class=\"n2r__select\" id=\"n2r-search-mode-12531\">\n            <option value=\"rental\" selected>louer<\/option><option value=\"sale\" >Vendre<\/option>          <\/select>\n        <\/div>\n          <\/div>\n    <div class=\"n2r__search__container n2r__tabs__content\">\n    <div class=\"n2r__tabs__content__item n2r__search__container__rental active\" >\n  <form name=\"n2r__search\" method=\"get\" action=\"https:\/\/www.corredormato.com\/resultats-de-cerca-lloguer\/\" role=\"form\" autocomplete=\"off\">\n    <input type=\"hidden\" aria-hidden=\"true\" name=\"commercialization_type\" value=\"rental\">\n              <div class=\"n2r__search__field\">\n            <label for=\"n2r-search-rental-search_text-12531\">R\u00e9f\u00e9rence<\/label>\n            <input type=\"text\" name=\"search_text\" id=\"n2r-search-rental-search_text-12531\" class=\"n2r__input\" value=\"\">\n          <\/div>\n                    <div class=\"n2r__search__field n2r__datepickercontainer\">\n            <label for=\"n2r-search-rental-dates-12531\">S\u00e9lectionnez les dates<\/label>\n            <input type=\"text\" name=\"dates\" id=\"n2r-search-rental-dates-12531\" class=\"n2r__input n2r-daterangepicker-component\" value=\"\" data-checkin=\"\" data-checkout=\"\" data-language=\"fr\" data-nights=\"1\" placeholder=\" \">\n            <a class=\"n2r__datepickercontainer__clear\"><i class=\"fa fa-times\"><\/i><\/a>\n            <input type=\"hidden\" aria-hidden=\"true\" name=\"checkin\" value=\"\">\n            <input type=\"hidden\" aria-hidden=\"true\" name=\"checkout\" value=\"\">\n          <\/div>\n                    <div class=\"n2r__search__field\">\n              <label for=\"n2r-search-rental-zone-12531\">Zone<\/label>\n              <select name=\"zone\" id=\"n2r-search-rental-zone-12531\" class=\"n2r__select\" data-remoteurl=\"https:\/\/www.corredormato.com\/wp-json\/n2r\/v1\/zones\">\n                <option value=\"\">Tout<\/option>\n                <option value=\"Cala Nostra\" >Cala Nostra<\/option><option value=\"Calella Park\" >Calella Park<\/option><option value=\"Calella park\" >Calella park<\/option><option value=\"Castell d&#039;Empord\u00e0\" >Castell d&#039;Empord\u00e0<\/option><option value=\"Costa Brava\" >Costa Brava<\/option><option value=\"El Far\" >El Far<\/option><option value=\"Playa\" >Playa<\/option>              <\/select>\n              <span><\/span>\n            <\/div>\n                      <div class=\"n2r__search__field\">\n              <label for=\"n2r-search-rental-city-12531\">Ville<\/label>\n              <select name=\"city\" id=\"n2r-search-rental-city-12531\" class=\"n2r__select\">\n                <option value=\"\">Tout<\/option>\n                <option value=\"Begur\" >Begur<\/option><option value=\"Calella de Palafrugell\" >Calella de Palafrugell<\/option><option value=\"Cor\u00e7\u00e0\" >Cor\u00e7\u00e0<\/option><option value=\"Cru\u00eflles, Monells i Sant Sadurn\u00ed de l&#039;Heura\" >Cru\u00eflles, Monells i Sant Sadurn\u00ed de l&#039;Heura<\/option><option value=\"La Bisbal d&amp;apos;Empord\u00e0\" >La Bisbal d&amp;apos;Empord\u00e0<\/option><option value=\"Llafranc\" >Llafranc<\/option><option value=\"Mont-ras\" >Mont-ras<\/option><option value=\"Palam\u00f3s\" >Palam\u00f3s<\/option><option value=\"Pals\" >Pals<\/option><option value=\"Platja D&#039;aro\" >Platja D&#039;aro<\/option><option value=\"Rupi\u00e0\" >Rupi\u00e0<\/option><option value=\"Sa Riera\" >Sa Riera<\/option><option value=\"Tamariu\" >Tamariu<\/option>              <\/select>\n              <span><\/span>\n            <\/div>\n                      <div class=\"n2r__search__field \">\n              <label for=\"n2r-search-rental-type-12531\">Type de propri\u00e9t\u00e9<\/label>\n              <select name=\"type\" id=\"n2r-search-rental-type-12531\" class=\"n2r__select\">\n                <option value=\"\">Tout<\/option>\n                <option value=\"apartment\" >Appartement<\/option><option value=\"attached_house\" >Maison jumel\u00e9e<\/option><option value=\"isolated_house\" >Villa priv\u00e9e \/ Villa<\/option>              <\/select>\n              <span><\/span>\n            <\/div>\n              <div class=\"n2r__search__field n2r__search__field--submit\">\n      <button type=\"submit\" class=\"n2r__search__submit n2r__btn\">Chercher<\/button>\n    <\/div>\n  <\/form>\n<\/div>\n<div class=\"n2r__tabs__content__item n2r__search__container__sale \" aria-hidden=\"true\" inert>\n  <form name=\"n2r__search\" method=\"get\" action=\"https:\/\/www.corredormato.com\/resultats-de-cerca-venda\/\" role=\"form\" autocomplete=\"off\">\n    <input type=\"hidden\" aria-hidden=\"true\" name=\"commercialization_type\" value=\"sale\">\n              <div class=\"n2r__search__field\">\n            <label for=\"n2r-search-sale-search_text-12531\">R\u00e9f\u00e9rence<\/label>\n            <input type=\"text\" name=\"search_text\" id=\"n2r-search-sale-search_text-12531\" class=\"n2r__input\" value=\"\">\n          <\/div>\n                      <div class=\"n2r__search__field\">\n              <label for=\"n2r-search-sale-zone-12531\">Zone<\/label>\n              <select name=\"zone\" id=\"n2r-search-sale-zone-12531\" class=\"n2r__select\" data-remoteurl=\"https:\/\/www.corredormato.com\/wp-json\/n2r\/v1\/zones\">\n                <option value=\"\">Tout<\/option>\n                <option value=\"Barcelona\" >Barcelona<\/option><option value=\"Costa Brava\" >Costa Brava<\/option><option value=\"Maresme\" >Maresme<\/option>              <\/select>\n            <\/div>\n                      <div class=\"n2r__search__field\">\n              <label for=\"n2r-search-sale-city-12531\">Ville<\/label>\n              <select name=\"city\" id=\"n2r-search-sale-city-12531\" class=\"n2r__select\">\n                <option value=\"\">Tout<\/option>\n                <option value=\"Arenys De Mar\" >Arenys De Mar<\/option><option value=\"Arenys de Munt\" >Arenys de Munt<\/option><option value=\"Argentona\" >Argentona<\/option><option value=\"Barcelona\" >Barcelona<\/option><option value=\"Begur\" >Begur<\/option><option value=\"Cabrils\" >Cabrils<\/option><option value=\"Calella De Palafrugell\" >Calella De Palafrugell<\/option><option value=\"Calonge\" >Calonge<\/option><option value=\"Canet De Mar\" >Canet De Mar<\/option><option value=\"Castell-Platja d&#039;Aro\" >Castell-Platja d&#039;Aro<\/option><option value=\"Cru\u00eflles, Monells i Sant Sadurn\u00ed de l&#039;Heura\" >Cru\u00eflles, Monells i Sant Sadurn\u00ed de l&#039;Heura<\/option><option value=\"El Masnou\" >El Masnou<\/option><option value=\"Esplugues de Llobregat\" >Esplugues de Llobregat<\/option><option value=\"Forallac\" >Forallac<\/option><option value=\"L&#039; Ametlla Del Valles\" >L&#039; Ametlla Del Valles<\/option><option value=\"L&#039;Escala\" >L&#039;Escala<\/option><option value=\"La Garriga\" >La Garriga<\/option><option value=\"Llafranc\" >Llafranc<\/option><option value=\"Matar\u00f3\" >Matar\u00f3<\/option><option value=\"Mont-Ras\" >Mont-Ras<\/option><option value=\"Palafrugell\" >Palafrugell<\/option><option value=\"Palam\u00f3s\" >Palam\u00f3s<\/option><option value=\"Pals\" >Pals<\/option><option value=\"Platja D&#039;Aro\" >Platja D&#039;Aro<\/option><option value=\"Premi\u00e0 de Dalt\" >Premi\u00e0 de Dalt<\/option><option value=\"Premi\u00e1 de Mar\" >Premi\u00e1 de Mar<\/option><option value=\"S&#039;Agar\u00f3\" >S&#039;Agar\u00f3<\/option><option value=\"Sant Andreu de Llavaneres\" >Sant Andreu de Llavaneres<\/option><option value=\"Sant Antoni De Calonge\" >Sant Antoni De Calonge<\/option><option value=\"Sant Cugat del Vall\u00e8s\" >Sant Cugat del Vall\u00e8s<\/option><option value=\"Sant Feliu de Gu\u00edxols\" >Sant Feliu de Gu\u00edxols<\/option><option value=\"Sant Gregori\" >Sant Gregori<\/option><option value=\"Sant Vicen\u00e7 de Montalt\" >Sant Vicen\u00e7 de Montalt<\/option><option value=\"Santa Cristina D&#039;Aro\" >Santa Cristina D&#039;Aro<\/option><option value=\"Sitges\" >Sitges<\/option><option value=\"Tagamanent\" >Tagamanent<\/option><option value=\"Tamariu\" >Tamariu<\/option><option value=\"Tei\u00e0\" >Tei\u00e0<\/option>              <\/select>\n            <\/div>\n                      <div class=\"n2r__search__field \">\n              <label for=\"n2r-search-sale-type-12531\">Type de propri\u00e9t\u00e9<\/label>\n              <select name=\"type\" id=\"n2r-search-sale-type-12531\" class=\"n2r__select\">\n                <option value=\"\">Tout<\/option>\n                <option value=\"apartment\" >Appartement<\/option><option value=\"attached_house\" >Maison jumel\u00e9e<\/option><option value=\"commercial_space\" >Espace commercial<\/option><option value=\"flat\" >Appartement<\/option><option value=\"isolated_house\" >Villa priv\u00e9e \/ Villa<\/option><option value=\"masia\" >Masia<\/option><option value=\"penthouse\" >Attique<\/option><option value=\"terrain\" >Terrain<\/option>              <\/select>\n              <span><\/span>\n            <\/div>\n                    <div class=\"n2r__search__field\">\n            <label for=\"n2r-search-sale-price-12531\">Prix<\/label>\n            <select name=\"price\" id=\"n2r-search-sale-price-12531\" class=\"n2r__select\">\n              <option value=\"\"> - <\/option>\n              <option value=\"0 - 100.000 \u20ac\" >0 - 100.000 \u20ac<\/option><option value=\"100.000 \u20ac - 300.000 \u20ac\" >100.000 \u20ac - 300.000 \u20ac<\/option><option value=\"300.000 \u20ac - 500.000 \u20ac\" >300.000 \u20ac - 500.000 \u20ac<\/option><option value=\"500.000 \u20ac - 1.000.000 \u20ac\" >500.000 \u20ac - 1.000.000 \u20ac<\/option><option value=\"&gt; 1.000.000 \u20ac\" >&gt; 1.000.000 \u20ac<\/option>            <\/select>\n          <\/div>\n        <div class=\"n2r__search__field n2r__search__field--submit\">\n      <button type=\"submit\" class=\"n2r__search__submit n2r__btn\">Chercher<\/button>\n    <\/div>\n  <\/form>\n<\/div>  <\/div>\n<\/div><\/div>\n\t\t\t\t\t\t<\/div>\n\t\t\t\t<\/div>\n\t\t\t\t<\/div>\n\t\t\t\t\t<\/div>\n\t\t\t\t<\/div>\n\t\t\t\t<\/div>\n\t\t\t\t<\/div>\n\t\t\t\t\t\t<\/div>\n\t\t\t\t<\/div>\n\t\t\t\t\t<\/div>\n\t\t<\/div>\n\t\t\t\t\t<\/div>\n\t\t<\/section>\n\t\t\t\t<section class=\"elementor-section elementor-top-section elementor-element elementor-element-04bf458 elementor-section-boxed elementor-section-height-default elementor-section-height-default\" data-id=\"04bf458\" data-element_type=\"section\" data-e-type=\"section\" data-settings=\"{&quot;background_background&quot;:&quot;classic&quot;}\">\n\t\t\t\t\t\t<div class=\"elementor-container elementor-column-gap-no\">\n\t\t\t\t\t<div class=\"elementor-column elementor-col-100 elementor-top-column elementor-element elementor-element-6cfb267\" data-id=\"6cfb267\" data-element_type=\"column\" data-e-type=\"column\">\n\t\t\t<div class=\"elementor-widget-wrap elementor-element-populated\">\n\t\t\t\t\t\t<div class=\"elementor-element elementor-element-494929a elementor-widget elementor-widget-heading\" data-id=\"494929a\" data-element_type=\"widget\" data-e-type=\"widget\" data-widget_type=\"heading.default\">\n\t\t\t\t<div class=\"elementor-widget-container\">\n\t\t\t\t\t<h2 class=\"elementor-heading-title elementor-size-default\"><strong>H\u00e9bergements en vedette<\/strong> | Location<\/h2>\t\t\t\t<\/div>\n\t\t\t\t<\/div>\n\t\t\t\t<div class=\"elementor-element elementor-element-ec4ead5 sep23 elementor-widget elementor-widget-shortcode\" data-id=\"ec4ead5\" data-element_type=\"widget\" data-e-type=\"widget\" data-widget_type=\"shortcode.default\">\n\t\t\t\t<div class=\"elementor-widget-container\">\n\t\t\t\t\t\t\t<div class=\"elementor-shortcode\">\n<div class=\"n2r__list grid\" data-n2r-searchparams=\"\">\n    <div class=\"n2r__row\">\n    <div class=\"n2r__list__items\">\n      <div class=\"n2r__list__item n2r__clickable   \" data-id=\"10711\">\n  <span class=\"n2r__list__item__icon n2r__list__item__icon--with3dtour\" title=\"Avec visite 3d \">360\u00ba<\/span>  <div class=\"n2r__list__item__gallery n2r__slider\">\n    <div class=\"slide-item\"><img data-lazy=\"https:\/\/files.net2rent.com\/pfiles\/43\/10711\/594506-m.jpg\" alt=\"CM1508 CAN FONT DE MUNTANYA Villa priv\u00e9e \/ Villa Costa Brava Cru\u00eflles, Monells i Sant Sadurn\u00ed de l&#039;Heura\" title=\"CM1508 CAN FONT DE MUNTANYA Villa priv\u00e9e \/ Villa Costa Brava Cru\u00eflles, Monells i Sant Sadurn\u00ed de l&#039;Heura\"><\/div><div class=\"slide-item\"><img data-lazy=\"https:\/\/files.net2rent.com\/pfiles\/43\/10711\/594507-m.jpg\" alt=\"CM1508 CAN FONT DE MUNTANYA Villa priv\u00e9e \/ Villa Costa Brava Cru\u00eflles, Monells i Sant Sadurn\u00ed de l&#039;Heura\" title=\"CM1508 CAN FONT DE MUNTANYA Villa priv\u00e9e \/ Villa Costa Brava Cru\u00eflles, Monells i Sant Sadurn\u00ed de l&#039;Heura\"><\/div><div class=\"slide-item\"><img data-lazy=\"https:\/\/files.net2rent.com\/pfiles\/43\/10711\/571362-m.jpg\" alt=\"CM1508 CAN FONT DE MUNTANYA Villa priv\u00e9e \/ Villa Costa Brava Cru\u00eflles, Monells i Sant Sadurn\u00ed de l&#039;Heura\" title=\"CM1508 CAN FONT DE MUNTANYA Villa priv\u00e9e \/ Villa Costa Brava Cru\u00eflles, Monells i Sant Sadurn\u00ed de l&#039;Heura\"><\/div><div class=\"slide-item\"><img data-lazy=\"https:\/\/files.net2rent.com\/pfiles\/43\/10711\/571359-m.jpg\" alt=\"CM1508 CAN FONT DE MUNTANYA Villa priv\u00e9e \/ Villa Costa Brava Cru\u00eflles, Monells i Sant Sadurn\u00ed de l&#039;Heura\" title=\"CM1508 CAN FONT DE MUNTANYA Villa priv\u00e9e \/ Villa Costa Brava Cru\u00eflles, Monells i Sant Sadurn\u00ed de l&#039;Heura\"><\/div><div class=\"slide-item\"><img data-lazy=\"https:\/\/files.net2rent.com\/pfiles\/43\/10711\/571360-m.jpg\" alt=\"CM1508 CAN FONT DE MUNTANYA Villa priv\u00e9e \/ Villa Costa Brava Cru\u00eflles, Monells i Sant Sadurn\u00ed de l&#039;Heura\" title=\"CM1508 CAN FONT DE MUNTANYA Villa priv\u00e9e \/ Villa Costa Brava Cru\u00eflles, Monells i Sant Sadurn\u00ed de l&#039;Heura\"><\/div><div class=\"slide-item\"><img data-lazy=\"https:\/\/files.net2rent.com\/pfiles\/43\/10711\/571361-m.jpg\" alt=\"CM1508 CAN FONT DE MUNTANYA Villa priv\u00e9e \/ Villa Costa Brava Cru\u00eflles, Monells i Sant Sadurn\u00ed de l&#039;Heura\" title=\"CM1508 CAN FONT DE MUNTANYA Villa priv\u00e9e \/ Villa Costa Brava Cru\u00eflles, Monells i Sant Sadurn\u00ed de l&#039;Heura\"><\/div><div class=\"slide-item\"><img data-lazy=\"https:\/\/files.net2rent.com\/pfiles\/43\/10711\/171260-o-m.jpg\" alt=\"1508 Can Font de Muntanya Masion rurale  Cru\u00eflles, Monells i Sant Sadurn\u00ed de l&#039;Heura\" title=\"1508 Can Font de Muntanya Masion rurale  Cru\u00eflles, Monells i Sant Sadurn\u00ed de l&#039;Heura\"><\/div><div class=\"slide-item\"><img data-lazy=\"https:\/\/my.matterport.com\/api\/v1\/player\/models\/BdPDQBrdT8G\/thumb?width=696&#038;dpr=2&#038;disable=upscale\" alt=\"CM1508 CAN FONT DE MUNTANYA Villa priv\u00e9e \/ Villa Costa Brava Cru\u00eflles, Monells i Sant Sadurn\u00ed de l&#039;Heura\" title=\"CM1508 CAN FONT DE MUNTANYA Villa priv\u00e9e \/ Villa Costa Brava Cru\u00eflles, Monells i Sant Sadurn\u00ed de l&#039;Heura\"><\/div><div class=\"slide-item\"><img data-lazy=\"https:\/\/files.net2rent.com\/pfiles\/43\/10711\/171262-o-m.jpg\" alt=\"1508 Can Font de Muntanya Masion rurale  Cru\u00eflles, Monells i Sant Sadurn\u00ed de l&#039;Heura\" title=\"1508 Can Font de Muntanya Masion rurale  Cru\u00eflles, Monells i Sant Sadurn\u00ed de l&#039;Heura\"><\/div><div class=\"slide-item\"><img data-lazy=\"https:\/\/files.net2rent.com\/pfiles\/43\/10711\/171265-o-m.jpg\" alt=\"1508 Can Font de Muntanya Masion rurale  Cru\u00eflles, Monells i Sant Sadurn\u00ed de l&#039;Heura\" title=\"1508 Can Font de Muntanya Masion rurale  Cru\u00eflles, Monells i Sant Sadurn\u00ed de l&#039;Heura\"><\/div><div class=\"slide-item\"><img data-lazy=\"https:\/\/files.net2rent.com\/pfiles\/43\/10711\/171266-o-m.jpg\" alt=\"1508 Can Font de Muntanya Masion rurale  Cru\u00eflles, Monells i Sant Sadurn\u00ed de l&#039;Heura\" title=\"1508 Can Font de Muntanya Masion rurale  Cru\u00eflles, Monells i Sant Sadurn\u00ed de l&#039;Heura\"><\/div><div class=\"slide-item\"><img data-lazy=\"https:\/\/files.net2rent.com\/pfiles\/43\/10711\/210101-o-m.jpg\" alt=\"CM1508 CAN FONT DE MUNTANYA Masion rurale Parc Natural de les Gavarres Cru\u00eflles, Monells i Sant Sadurn\u00ed de l&#039;Heura\" title=\"CM1508 CAN FONT DE MUNTANYA Masion rurale Parc Natural de les Gavarres Cru\u00eflles, Monells i Sant Sadurn\u00ed de l&#039;Heura\"><\/div><div class=\"slide-item\"><img data-lazy=\"https:\/\/files.net2rent.com\/pfiles\/43\/10711\/171270-o-m.jpg\" alt=\"1508 Can Font de Muntanya Masion rurale  Cru\u00eflles, Monells i Sant Sadurn\u00ed de l&#039;Heura\" title=\"1508 Can Font de Muntanya Masion rurale  Cru\u00eflles, Monells i Sant Sadurn\u00ed de l&#039;Heura\"><\/div><div class=\"slide-item\"><img data-lazy=\"https:\/\/files.net2rent.com\/pfiles\/43\/10711\/578444-m.jpg\" alt=\"CM1508 CAN FONT DE MUNTANYA Villa priv\u00e9e \/ Villa Costa Brava Cru\u00eflles, Monells i Sant Sadurn\u00ed de l&#039;Heura\" title=\"CM1508 CAN FONT DE MUNTANYA Villa priv\u00e9e \/ Villa Costa Brava Cru\u00eflles, Monells i Sant Sadurn\u00ed de l&#039;Heura\"><\/div><div class=\"slide-item\"><img data-lazy=\"https:\/\/files.net2rent.com\/pfiles\/43\/10711\/578442-m.jpg\" alt=\"CM1508 CAN FONT DE MUNTANYA Villa priv\u00e9e \/ Villa Costa Brava Cru\u00eflles, Monells i Sant Sadurn\u00ed de l&#039;Heura\" title=\"CM1508 CAN FONT DE MUNTANYA Villa priv\u00e9e \/ Villa Costa Brava Cru\u00eflles, Monells i Sant Sadurn\u00ed de l&#039;Heura\"><\/div><div class=\"slide-item\"><img data-lazy=\"https:\/\/files.net2rent.com\/pfiles\/43\/10711\/171272-o-m.jpg\" alt=\"1508 Can Font de Muntanya Masion rurale  Cru\u00eflles, Monells i Sant Sadurn\u00ed de l&#039;Heura\" title=\"1508 Can Font de Muntanya Masion rurale  Cru\u00eflles, Monells i Sant Sadurn\u00ed de l&#039;Heura\"><\/div><div class=\"slide-item\"><img data-lazy=\"https:\/\/files.net2rent.com\/pfiles\/43\/10711\/171273-o-m.jpg\" alt=\"1508 Can Font de Muntanya Masion rurale  Cru\u00eflles, Monells i Sant Sadurn\u00ed de l&#039;Heura\" title=\"1508 Can Font de Muntanya Masion rurale  Cru\u00eflles, Monells i Sant Sadurn\u00ed de l&#039;Heura\"><\/div><div class=\"slide-item\"><img data-lazy=\"https:\/\/files.net2rent.com\/pfiles\/43\/10711\/210099-o-m.jpg\" alt=\"CM1508 CAN FONT DE MUNTANYA Masion rurale Parc Natural de les Gavarres Cru\u00eflles, Monells i Sant Sadurn\u00ed de l&#039;Heura\" title=\"CM1508 CAN FONT DE MUNTANYA Masion rurale Parc Natural de les Gavarres Cru\u00eflles, Monells i Sant Sadurn\u00ed de l&#039;Heura\"><\/div><div class=\"slide-item\"><img data-lazy=\"https:\/\/files.net2rent.com\/pfiles\/43\/10711\/171276-o-m.jpg\" alt=\"1508 Can Font de Muntanya Masion rurale  Cru\u00eflles, Monells i Sant Sadurn\u00ed de l&#039;Heura\" title=\"1508 Can Font de Muntanya Masion rurale  Cru\u00eflles, Monells i Sant Sadurn\u00ed de l&#039;Heura\"><\/div><div class=\"slide-item\"><img data-lazy=\"https:\/\/files.net2rent.com\/pfiles\/43\/10711\/578447-m.jpg\" alt=\"CM1508 CAN FONT DE MUNTANYA Villa priv\u00e9e \/ Villa Costa Brava Cru\u00eflles, Monells i Sant Sadurn\u00ed de l&#039;Heura\" title=\"CM1508 CAN FONT DE MUNTANYA Villa priv\u00e9e \/ Villa Costa Brava Cru\u00eflles, Monells i Sant Sadurn\u00ed de l&#039;Heura\"><\/div><div class=\"slide-item\"><img data-lazy=\"https:\/\/files.net2rent.com\/pfiles\/43\/10711\/578449-m.jpg\" alt=\"CM1508 CAN FONT DE MUNTANYA Villa priv\u00e9e \/ Villa Costa Brava Cru\u00eflles, Monells i Sant Sadurn\u00ed de l&#039;Heura\" title=\"CM1508 CAN FONT DE MUNTANYA Villa priv\u00e9e \/ Villa Costa Brava Cru\u00eflles, Monells i Sant Sadurn\u00ed de l&#039;Heura\"><\/div><div class=\"slide-item\"><img data-lazy=\"https:\/\/files.net2rent.com\/pfiles\/43\/10711\/578445-m.jpg\" alt=\"CM1508 CAN FONT DE MUNTANYA Villa priv\u00e9e \/ Villa Costa Brava Cru\u00eflles, Monells i Sant Sadurn\u00ed de l&#039;Heura\" title=\"CM1508 CAN FONT DE MUNTANYA Villa priv\u00e9e \/ Villa Costa Brava Cru\u00eflles, Monells i Sant Sadurn\u00ed de l&#039;Heura\"><\/div><div class=\"slide-item\"><img data-lazy=\"https:\/\/files.net2rent.com\/pfiles\/43\/10711\/578446-m.jpg\" alt=\"CM1508 CAN FONT DE MUNTANYA Villa priv\u00e9e \/ Villa Costa Brava Cru\u00eflles, Monells i Sant Sadurn\u00ed de l&#039;Heura\" title=\"CM1508 CAN FONT DE MUNTANYA Villa priv\u00e9e \/ Villa Costa Brava Cru\u00eflles, Monells i Sant Sadurn\u00ed de l&#039;Heura\"><\/div><div class=\"slide-item\"><img data-lazy=\"https:\/\/files.net2rent.com\/pfiles\/43\/10711\/210090-o-m.jpg\" alt=\"CM1508 CAN FONT DE MUNTANYA Masion rurale Parc Natural de les Gavarres Cru\u00eflles, Monells i Sant Sadurn\u00ed de l&#039;Heura\" title=\"CM1508 CAN FONT DE MUNTANYA Masion rurale Parc Natural de les Gavarres Cru\u00eflles, Monells i Sant Sadurn\u00ed de l&#039;Heura\"><\/div><div class=\"slide-item\"><img data-lazy=\"https:\/\/files.net2rent.com\/pfiles\/43\/10711\/210091-o-m.jpg\" alt=\"CM1508 CAN FONT DE MUNTANYA Masion rurale Parc Natural de les Gavarres Cru\u00eflles, Monells i Sant Sadurn\u00ed de l&#039;Heura\" title=\"CM1508 CAN FONT DE MUNTANYA Masion rurale Parc Natural de les Gavarres Cru\u00eflles, Monells i Sant Sadurn\u00ed de l&#039;Heura\"><\/div><div class=\"slide-item\"><img data-lazy=\"https:\/\/files.net2rent.com\/pfiles\/43\/10711\/594547-m.jpg\" alt=\"CM1508 CAN FONT DE MUNTANYA Villa priv\u00e9e \/ Villa Costa Brava Cru\u00eflles, Monells i Sant Sadurn\u00ed de l&#039;Heura\" title=\"CM1508 CAN FONT DE MUNTANYA Villa priv\u00e9e \/ Villa Costa Brava Cru\u00eflles, Monells i Sant Sadurn\u00ed de l&#039;Heura\"><\/div><div class=\"slide-item\"><img data-lazy=\"https:\/\/files.net2rent.com\/pfiles\/43\/10711\/594548-m.jpg\" alt=\"CM1508 CAN FONT DE MUNTANYA Villa priv\u00e9e \/ Villa Costa Brava Cru\u00eflles, Monells i Sant Sadurn\u00ed de l&#039;Heura\" title=\"CM1508 CAN FONT DE MUNTANYA Villa priv\u00e9e \/ Villa Costa Brava Cru\u00eflles, Monells i Sant Sadurn\u00ed de l&#039;Heura\"><\/div><div class=\"slide-item\"><img data-lazy=\"https:\/\/files.net2rent.com\/pfiles\/43\/10711\/594549-m.jpg\" alt=\"CM1508 CAN FONT DE MUNTANYA Villa priv\u00e9e \/ Villa Costa Brava Cru\u00eflles, Monells i Sant Sadurn\u00ed de l&#039;Heura\" title=\"CM1508 CAN FONT DE MUNTANYA Villa priv\u00e9e \/ Villa Costa Brava Cru\u00eflles, Monells i Sant Sadurn\u00ed de l&#039;Heura\"><\/div><div class=\"slide-item\"><img data-lazy=\"https:\/\/files.net2rent.com\/pfiles\/43\/10711\/594550-m.jpg\" alt=\"CM1508 CAN FONT DE MUNTANYA Villa priv\u00e9e \/ Villa Costa Brava Cru\u00eflles, Monells i Sant Sadurn\u00ed de l&#039;Heura\" title=\"CM1508 CAN FONT DE MUNTANYA Villa priv\u00e9e \/ Villa Costa Brava Cru\u00eflles, Monells i Sant Sadurn\u00ed de l&#039;Heura\"><\/div><div class=\"slide-item\"><img data-lazy=\"https:\/\/files.net2rent.com\/pfiles\/43\/10711\/594551-m.jpg\" alt=\"CM1508 CAN FONT DE MUNTANYA Villa priv\u00e9e \/ Villa Costa Brava Cru\u00eflles, Monells i Sant Sadurn\u00ed de l&#039;Heura\" title=\"CM1508 CAN FONT DE MUNTANYA Villa priv\u00e9e \/ Villa Costa Brava Cru\u00eflles, Monells i Sant Sadurn\u00ed de l&#039;Heura\"><\/div><div class=\"slide-item\"><img data-lazy=\"https:\/\/files.net2rent.com\/pfiles\/43\/10711\/594568-m.jpg\" alt=\"CM1508 CAN FONT DE MUNTANYA Villa priv\u00e9e \/ Villa Costa Brava Cru\u00eflles, Monells i Sant Sadurn\u00ed de l&#039;Heura\" title=\"CM1508 CAN FONT DE MUNTANYA Villa priv\u00e9e \/ Villa Costa Brava Cru\u00eflles, Monells i Sant Sadurn\u00ed de l&#039;Heura\"><\/div><div class=\"slide-item\"><img data-lazy=\"https:\/\/files.net2rent.com\/pfiles\/43\/10711\/594567-m.jpg\" alt=\"CM1508 CAN FONT DE MUNTANYA Villa priv\u00e9e \/ Villa Costa Brava Cru\u00eflles, Monells i Sant Sadurn\u00ed de l&#039;Heura\" title=\"CM1508 CAN FONT DE MUNTANYA Villa priv\u00e9e \/ Villa Costa Brava Cru\u00eflles, Monells i Sant Sadurn\u00ed de l&#039;Heura\"><\/div><div class=\"slide-item\"><img data-lazy=\"https:\/\/files.net2rent.com\/pfiles\/43\/10711\/594569-m.jpg\" alt=\"CM1508 CAN FONT DE MUNTANYA Villa priv\u00e9e \/ Villa Costa Brava Cru\u00eflles, Monells i Sant Sadurn\u00ed de l&#039;Heura\" title=\"CM1508 CAN FONT DE MUNTANYA Villa priv\u00e9e \/ Villa Costa Brava Cru\u00eflles, Monells i Sant Sadurn\u00ed de l&#039;Heura\"><\/div><div class=\"slide-item\"><img data-lazy=\"https:\/\/files.net2rent.com\/pfiles\/43\/10711\/594570-m.jpg\" alt=\"CM1508 CAN FONT DE MUNTANYA Villa priv\u00e9e \/ Villa Costa Brava Cru\u00eflles, Monells i Sant Sadurn\u00ed de l&#039;Heura\" title=\"CM1508 CAN FONT DE MUNTANYA Villa priv\u00e9e \/ Villa Costa Brava Cru\u00eflles, Monells i Sant Sadurn\u00ed de l&#039;Heura\"><\/div><div class=\"slide-item\"><img data-lazy=\"https:\/\/files.net2rent.com\/pfiles\/43\/10711\/594572-m.jpg\" alt=\"CM1508 CAN FONT DE MUNTANYA Villa priv\u00e9e \/ Villa Costa Brava Cru\u00eflles, Monells i Sant Sadurn\u00ed de l&#039;Heura\" title=\"CM1508 CAN FONT DE MUNTANYA Villa priv\u00e9e \/ Villa Costa Brava Cru\u00eflles, Monells i Sant Sadurn\u00ed de l&#039;Heura\"><\/div><div class=\"slide-item\"><img data-lazy=\"https:\/\/files.net2rent.com\/pfiles\/43\/10711\/594571-m.jpg\" alt=\"CM1508 CAN FONT DE MUNTANYA Villa priv\u00e9e \/ Villa Costa Brava Cru\u00eflles, Monells i Sant Sadurn\u00ed de l&#039;Heura\" title=\"CM1508 CAN FONT DE MUNTANYA Villa priv\u00e9e \/ Villa Costa Brava Cru\u00eflles, Monells i Sant Sadurn\u00ed de l&#039;Heura\"><\/div><div class=\"slide-item\"><img data-lazy=\"https:\/\/files.net2rent.com\/pfiles\/43\/10711\/594573-m.jpg\" alt=\"CM1508 CAN FONT DE MUNTANYA Villa priv\u00e9e \/ Villa Costa Brava Cru\u00eflles, Monells i Sant Sadurn\u00ed de l&#039;Heura\" title=\"CM1508 CAN FONT DE MUNTANYA Villa priv\u00e9e \/ Villa Costa Brava Cru\u00eflles, Monells i Sant Sadurn\u00ed de l&#039;Heura\"><\/div><div class=\"slide-item\"><img data-lazy=\"https:\/\/files.net2rent.com\/pfiles\/43\/10711\/594552-m.jpg\" alt=\"CM1508 CAN FONT DE MUNTANYA Villa priv\u00e9e \/ Villa Costa Brava Cru\u00eflles, Monells i Sant Sadurn\u00ed de l&#039;Heura\" title=\"CM1508 CAN FONT DE MUNTANYA Villa priv\u00e9e \/ Villa Costa Brava Cru\u00eflles, Monells i Sant Sadurn\u00ed de l&#039;Heura\"><\/div><div class=\"slide-item\"><img data-lazy=\"https:\/\/files.net2rent.com\/pfiles\/43\/10711\/594553-m.jpg\" alt=\"CM1508 CAN FONT DE MUNTANYA Villa priv\u00e9e \/ Villa Costa Brava Cru\u00eflles, Monells i Sant Sadurn\u00ed de l&#039;Heura\" title=\"CM1508 CAN FONT DE MUNTANYA Villa priv\u00e9e \/ Villa Costa Brava Cru\u00eflles, Monells i Sant Sadurn\u00ed de l&#039;Heura\"><\/div><div class=\"slide-item\"><img data-lazy=\"https:\/\/files.net2rent.com\/pfiles\/43\/10711\/594554-m.jpg\" alt=\"CM1508 CAN FONT DE MUNTANYA Villa priv\u00e9e \/ Villa Costa Brava Cru\u00eflles, Monells i Sant Sadurn\u00ed de l&#039;Heura\" title=\"CM1508 CAN FONT DE MUNTANYA Villa priv\u00e9e \/ Villa Costa Brava Cru\u00eflles, Monells i Sant Sadurn\u00ed de l&#039;Heura\"><\/div><div class=\"slide-item\"><img data-lazy=\"https:\/\/files.net2rent.com\/pfiles\/43\/10711\/594555-m.jpg\" alt=\"CM1508 CAN FONT DE MUNTANYA Villa priv\u00e9e \/ Villa Costa Brava Cru\u00eflles, Monells i Sant Sadurn\u00ed de l&#039;Heura\" title=\"CM1508 CAN FONT DE MUNTANYA Villa priv\u00e9e \/ Villa Costa Brava Cru\u00eflles, Monells i Sant Sadurn\u00ed de l&#039;Heura\"><\/div><div class=\"slide-item\"><img data-lazy=\"https:\/\/files.net2rent.com\/pfiles\/43\/10711\/594556-m.jpg\" alt=\"CM1508 CAN FONT DE MUNTANYA Villa priv\u00e9e \/ Villa Costa Brava Cru\u00eflles, Monells i Sant Sadurn\u00ed de l&#039;Heura\" title=\"CM1508 CAN FONT DE MUNTANYA Villa priv\u00e9e \/ Villa Costa Brava Cru\u00eflles, Monells i Sant Sadurn\u00ed de l&#039;Heura\"><\/div><div class=\"slide-item\"><img data-lazy=\"https:\/\/files.net2rent.com\/pfiles\/43\/10711\/594557-m.jpg\" alt=\"CM1508 CAN FONT DE MUNTANYA Villa priv\u00e9e \/ Villa Costa Brava Cru\u00eflles, Monells i Sant Sadurn\u00ed de l&#039;Heura\" title=\"CM1508 CAN FONT DE MUNTANYA Villa priv\u00e9e \/ Villa Costa Brava Cru\u00eflles, Monells i Sant Sadurn\u00ed de l&#039;Heura\"><\/div><div class=\"slide-item\"><img data-lazy=\"https:\/\/files.net2rent.com\/pfiles\/43\/10711\/594558-m.jpg\" alt=\"CM1508 CAN FONT DE MUNTANYA Villa priv\u00e9e \/ Villa Costa Brava Cru\u00eflles, Monells i Sant Sadurn\u00ed de l&#039;Heura\" title=\"CM1508 CAN FONT DE MUNTANYA Villa priv\u00e9e \/ Villa Costa Brava Cru\u00eflles, Monells i Sant Sadurn\u00ed de l&#039;Heura\"><\/div><div class=\"slide-item\"><img data-lazy=\"https:\/\/files.net2rent.com\/pfiles\/43\/10711\/594559-m.jpg\" alt=\"CM1508 CAN FONT DE MUNTANYA Villa priv\u00e9e \/ Villa Costa Brava Cru\u00eflles, Monells i Sant Sadurn\u00ed de l&#039;Heura\" title=\"CM1508 CAN FONT DE MUNTANYA Villa priv\u00e9e \/ Villa Costa Brava Cru\u00eflles, Monells i Sant Sadurn\u00ed de l&#039;Heura\"><\/div><div class=\"slide-item\"><img data-lazy=\"https:\/\/files.net2rent.com\/pfiles\/43\/10711\/594560-m.jpg\" alt=\"CM1508 CAN FONT DE MUNTANYA Villa priv\u00e9e \/ Villa Costa Brava Cru\u00eflles, Monells i Sant Sadurn\u00ed de l&#039;Heura\" title=\"CM1508 CAN FONT DE MUNTANYA Villa priv\u00e9e \/ Villa Costa Brava Cru\u00eflles, Monells i Sant Sadurn\u00ed de l&#039;Heura\"><\/div><div class=\"slide-item\"><img data-lazy=\"https:\/\/files.net2rent.com\/pfiles\/43\/10711\/594561-m.jpg\" alt=\"CM1508 CAN FONT DE MUNTANYA Villa priv\u00e9e \/ Villa Costa Brava Cru\u00eflles, Monells i Sant Sadurn\u00ed de l&#039;Heura\" title=\"CM1508 CAN FONT DE MUNTANYA Villa priv\u00e9e \/ Villa Costa Brava Cru\u00eflles, Monells i Sant Sadurn\u00ed de l&#039;Heura\"><\/div><div class=\"slide-item\"><img data-lazy=\"https:\/\/files.net2rent.com\/pfiles\/43\/10711\/594562-m.jpg\" alt=\"CM1508 CAN FONT DE MUNTANYA Villa priv\u00e9e \/ Villa Costa Brava Cru\u00eflles, Monells i Sant Sadurn\u00ed de l&#039;Heura\" title=\"CM1508 CAN FONT DE MUNTANYA Villa priv\u00e9e \/ Villa Costa Brava Cru\u00eflles, Monells i Sant Sadurn\u00ed de l&#039;Heura\"><\/div><div class=\"slide-item\"><img data-lazy=\"https:\/\/files.net2rent.com\/pfiles\/43\/10711\/594563-m.jpg\" alt=\"CM1508 CAN FONT DE MUNTANYA Villa priv\u00e9e \/ Villa Costa Brava Cru\u00eflles, Monells i Sant Sadurn\u00ed de l&#039;Heura\" title=\"CM1508 CAN FONT DE MUNTANYA Villa priv\u00e9e \/ Villa Costa Brava Cru\u00eflles, Monells i Sant Sadurn\u00ed de l&#039;Heura\"><\/div><div class=\"slide-item\"><img data-lazy=\"https:\/\/files.net2rent.com\/pfiles\/43\/10711\/594564-m.jpg\" alt=\"CM1508 CAN FONT DE MUNTANYA Villa priv\u00e9e \/ Villa Costa Brava Cru\u00eflles, Monells i Sant Sadurn\u00ed de l&#039;Heura\" title=\"CM1508 CAN FONT DE MUNTANYA Villa priv\u00e9e \/ Villa Costa Brava Cru\u00eflles, Monells i Sant Sadurn\u00ed de l&#039;Heura\"><\/div><div class=\"slide-item\"><img data-lazy=\"https:\/\/files.net2rent.com\/pfiles\/43\/10711\/594565-m.jpg\" alt=\"CM1508 CAN FONT DE MUNTANYA Villa priv\u00e9e \/ Villa Costa Brava Cru\u00eflles, Monells i Sant Sadurn\u00ed de l&#039;Heura\" title=\"CM1508 CAN FONT DE MUNTANYA Villa priv\u00e9e \/ Villa Costa Brava Cru\u00eflles, Monells i Sant Sadurn\u00ed de l&#039;Heura\"><\/div><div class=\"slide-item\"><img data-lazy=\"https:\/\/files.net2rent.com\/pfiles\/43\/10711\/594566-m.jpg\" alt=\"CM1508 CAN FONT DE MUNTANYA Villa priv\u00e9e \/ Villa Costa Brava Cru\u00eflles, Monells i Sant Sadurn\u00ed de l&#039;Heura\" title=\"CM1508 CAN FONT DE MUNTANYA Villa priv\u00e9e \/ Villa Costa Brava Cru\u00eflles, Monells i Sant Sadurn\u00ed de l&#039;Heura\"><\/div><div class=\"slide-item\"><img data-lazy=\"https:\/\/files.net2rent.com\/pfiles\/43\/10711\/210100-o-m.jpg\" alt=\"CM1508 CAN FONT DE MUNTANYA Masion rurale Parc Natural de les Gavarres Cru\u00eflles, Monells i Sant Sadurn\u00ed de l&#039;Heura\" title=\"CM1508 CAN FONT DE MUNTANYA Masion rurale Parc Natural de les Gavarres Cru\u00eflles, Monells i Sant Sadurn\u00ed de l&#039;Heura\"><\/div><div class=\"slide-item\"><img data-lazy=\"https:\/\/files.net2rent.com\/pfiles\/43\/10711\/571363-m.jpg\" alt=\"CM1508 CAN FONT DE MUNTANYA Villa priv\u00e9e \/ Villa Costa Brava Cru\u00eflles, Monells i Sant Sadurn\u00ed de l&#039;Heura\" title=\"CM1508 CAN FONT DE MUNTANYA Villa priv\u00e9e \/ Villa Costa Brava Cru\u00eflles, Monells i Sant Sadurn\u00ed de l&#039;Heura\"><\/div>  <\/div>\n\n  <div class=\"n2r__list__item__info\">\n    <div class=\"n2r__list__item__title\">\n      <h2 class=\"n2r__list__item__name\">\n        <a href=\"https:\/\/www.corredormato.com\/fr\/logement-detail\/louer-villa-can-font-de-muntanya-cruilles-monells-i-sant-sadurni-de-l-heura-10711\/\">Can Font de Muntanya - Une pause dans le Parc Natural de les Gavarres<\/a>\n      <\/h2>\n          <\/div>\n    <div class=\"n2r__list__item__title\">\n      <div class=\"n2r__list__item__reference\">Ref: CM1508<\/div>\n      <div class=\"n2r__list__item__turisticreference\">HUTG-033000-75<\/div>      <div class=\"n2r__list__item__city\">Cru\u00eflles, Monells i Sant Sadurn\u00ed de l&#039;Heura<\/div>\n              <div class=\"n2r__list__item__rating\">\n          <div class=\"n2r__rating\">\n            <div class=\"n2r__rating__complete\" style=\"width:95%\"><\/div>\n          <\/div>\n        <\/div>\n          <\/div>\n    <div class=\"n2r__list__item__features\">\n      <div class=\"n2r__list__item__feature n2r__list__item__feature--rooms\" title=\"4 chambres \u00e0 coucher\"><i class=\"n2r_room\"><\/i> 4<\/div><div class=\"n2r__list__item__feature n2r__list__item__feature--capacity\" title=\"13 pax\"><i class=\"n2r_people\"><\/i> 13<\/div><div class=\"n2r__list__item__feature n2r__list__item__feature--bathrooms\" title=\"4 toilettes\"><i class=\"n2r_toilet\"><\/i> 4<\/div><div class=\"n2r__list__item__feature n2r__list__item__feature--terrace\" title=\"terrasse\"><i class=\"n2r_terrace\"><\/i> <\/div><div class=\"n2r__list__item__feature n2r__list__item__feature--property_meters\" title=\"M\u00e8tres de la propri\u00e9t\u00e9\"><i class=\"n2r_property_meters\"><\/i> 155 m<sup>2<\/sup><\/div><div class=\"n2r__list__item__feature n2r__list__item__feature--pool\" title=\"piscine\"><i class=\"n2r_swimming_pool\"><\/i> <\/div>    <\/div>\n    <div class=\"n2r__list__item__description\">\r\n\r\n\r\n\r\nCan Font de Muntanya, une oasis de paix et de s\u00e9r\u00e9nit\u00e9 nich\u00e9e au c\u0153ur du massif des Gavarres, dans le charmant village de Cru\u00eflles, au c\u0153ur du Baix Empord\u00e0. Profitez d\u2019un cadre naturel exceptionnel, avec de superbes jardins, une piscine priv\u00e9e et des vues imprenables sur les \u00eeles Medes et la baie de Roses. Un lieu exclusif, parfait pour des vacances inoubliables en famille ou entre amis, dans une endroit de tranquillit\u00e9, d\u2019intimit\u00e9 et d\u2019exclusivit\u00e9.\r\nDans Can Font de Muntanya on avez aussi des \u00e9curies, un potager \u00e9cologique et un grand terrain autour des habitations. Le tout forme le cadre id\u00e9al pour se retrouver avec soi et couper du quotidien, sans pour autant renoncer aux commodit\u00e9s qui nous facilitent la vie.\r\nDans la propri\u00e9t\u00e9, se trouve l\u2019ancienne maison du gardien enti\u00e8rement r\u00e9nov\u00e9e. Elle dispose de quatre chambres en suite, ainsi qu\u2019un spacieux salon-salle \u00e0 manger id\u00e9al pour se d\u00e9tendre et profiter de moments de repos en famille. La cuisine est enti\u00e8rement \u00e9quip\u00e9e. Depuis le salon-salle \u00e0 manger, on acc\u00e8de \u00e0 une agr\u00e9able terrasse parfaite pour les repas et d\u00eeners en plein air.\r\nLa Figuera: se trouve dans le plus petit b\u00e2timent du domaine, et pourtant la taille de la chambre est vraiment consid\u00e9rable. Elle offre une vue privil\u00e9gi\u00e9e gr\u00e2ce \u00e0 sa situation au premier \u00e9tage et \u00e0 son orientation nord-ouest. Elle dispose d\u2019une terrasse lumineuse privative au niveau de l\u2019entr\u00e9e. Un vrai d\u00e9lice toute l\u2019ann\u00e9e. Un joli figuier teinte la chambre de vert avec ses feuilles et la parfume d\u2019une odeur agr\u00e9able, peut-\u00eatre l\u2019une des plus repr\u00e9sentatives de la M\u00e9diterran\u00e9e. \u00c0 l\u2019int\u00e9rieur de la chambre, de multiples surprises nous attendent, notamment une chemin\u00e9e qui en fait un lieu unique \u00e0 Can Font. La pi\u00e8ce peut accueillir trois personnes gr\u00e2ce \u00e0 son lit king size et \u00e0 son canap\u00e9-lit une place suppl\u00e9mentaire. La salle de bains est tr\u00e8s spacieuse et accueillante, avec des finitions en microciment, de grands miroirs, une s\u00e9paration entre la douche et les toilettes et, comme dans le reste de la chambre, du chauffage avec des radiateurs et un s\u00e8che-serviettes. Si vous le souhaitez, il est possible de faire communiquer la chambre avec une autre, la Colibri en l\u2019occurrence, gr\u00e2ce \u00e0 la porte qui les s\u00e9pare.\r\n\u00a0\r\nColibri: Les colibris ont besoin d\u2019espace ext\u00e9rieur et de nature. C\u2019est ce qu\u2019offre l\u2019immense terrasse priv\u00e9e que vous trouverez dans l\u2019entr\u00e9e de cette chambre. Les vues y sont fantastiques gr\u00e2ce \u00e0 son orientation sud et \u00e0 son emplacement au premier \u00e9tage.\r\nLorsque vous entrerez dans la chambre, vous vous sentirez comme dans un nid douillet, et ce malgr\u00e9 le grand espace et le confort des lieux. L\u2019espace, qui dispose d\u2019un lit king size et d\u2019un canap\u00e9-lit, peut accueillir quatre personnes. Par ailleurs, le mobilier est fantastique, avec de la menuiserie blanche, de grandes armoires et un imposant miroir sur le devant. La chambre poss\u00e8de des radiateurs et un s\u00e8che-serviettes. C\u00f4t\u00e9 salle de bains, la zone de douche et les toilettes sont s\u00e9par\u00e9es.\r\nMais l\u2019\u00e9l\u00e9ment de d\u00e9coration qui donne son caract\u00e8re \u00e0 l\u2019espace, ce sont les deux grands colibris en forme de c\u0153ur qui servent de t\u00eate de lit. Si vous le souhaitez, il est possible de faire communiquer la pi\u00e8ce avec la chambre La Figuera.\r\nLa Roca: La Roca symbolise l\u2019\u00e2me de Can Font de Muntanya, avec son mur de pierre vieux de plusieurs si\u00e8cles, qui appartenait au domaine d\u2019origine. Mais elle symbolise aussi le confort, avec son lit king size et un canap\u00e9-lit pour deux personnes ; la nature, avec sa terrasse privative ; le c\u00f4t\u00e9 pratique, avec une s\u00e9paration entre les douches et les toilettes ; la commodit\u00e9, avec ses radiateurs et son s\u00e8che-serviettes ; sans oublier l\u2019esth\u00e9tique. Cette chambre poss\u00e8de un caract\u00e8re marqu\u00e9 et une belle esth\u00e9tique gr\u00e2ce \u00e0 ses multiples \u00e9l\u00e9ments de d\u00e9coration. Parmi eux, les impressionnants lavabos fabriqu\u00e9s de mani\u00e8re artisanale \u00e0 partir d\u2019anciennes pierres ressortent particuli\u00e8rement.\r\nL&#039;Olivera: Un olivier veille sur l\u2019entr\u00e9e de cette chambre intime en lui offrant tout son symbolisme. Cet espace repr\u00e9sente le renouvellement et le d\u00e9veloppement personnel. Son orientation ouest permet de l\u2019int\u00e9grer parfaitement dans l\u2019environnement. Une sortie directe permet d\u2019acc\u00e9der au grand jardin et aux zones communes, qui occupent un espace important autour du domaine. C\u2019est une chambre sans \u00e9l\u00e9ments inutiles ou gratuits, c\u2019est un clair exemple d\u2019\u00e9l\u00e9gance, de sobri\u00e9t\u00e9 et de la philosophie du moins c\u2019est plus. Elle poss\u00e8de une salle de bains qui poss\u00e8de toutes les commodit\u00e9s, avec une douche et des toilettes. Une chambre tr\u00e8s sp\u00e9ciale pour les gens qui souhaitent couper du quotidien et refaire le plein d\u2019\u00e9nergie.\r\nCapacite: 13 personnes (maxime 8 adultes)\r\nIl est possible d\u2019augmenter la capacit\u00e9 d\u2019h\u00e9bergement en louant deux chambres avec lit King Size et salle de bain privative :\r\n\u00b7\u00a0\u00a0\u00a0\u00a0\u00a0\u00a0\u00a0\u00a0 Chambre La Cova : 250 \u20ac\/nuit\r\n\u00b7\u00a0\u00a0\u00a0\u00a0\u00a0\u00a0\u00a0\u00a0 Chambre La Volta : 250 \u20ac\/nuit\r\nLa Volta\u00a0vous s\u00e9duira avant m\u00eame d\u2019y entrer, en traversant sa terrasse priv\u00e9e accueillante, \u00e9quip\u00e9e de mobilier d\u2019ext\u00e9rieur confortable. Un espace intime et ensoleill\u00e9, parfait pour profiter du plein air et de la nature tout au long de la journ\u00e9e.\r\n\u00c0 l\u2019int\u00e9rieur, vous serez charm\u00e9 par ses plafonds \u00e0 poutres apparentes et son espace g\u00e9n\u00e9reux et chaleureux, domin\u00e9 par un lit majestueux avec une t\u00eate de lit spectaculaire. L\u2019un des \u00e9l\u00e9ments les plus remarquables est une vasque en pierre allong\u00e9e faite \u00e0 la main, \u00e0 la fois d\u00e9corative et fonctionnelle, qui apporte une touche d\u2019authenticit\u00e9 parfaitement \u00e9quilibr\u00e9e avec des \u00e9l\u00e9ments plus d\u00e9licats et raffin\u00e9s.\r\nLa chambre porte ce nom en hommage au plafond vo\u00fbt\u00e9 qui recouvre la zone de la salle de bain. Cet espace original est agenc\u00e9 de mani\u00e8re unique, avec deux douches sym\u00e9triques et une zone de sanitaires s\u00e9par\u00e9e. Les tons doux et l\u2019\u00e9clairage indirect cr\u00e9ent une atmosph\u00e8re paisible, intime et relaxante.\r\nLa Cova\u00a0cette chambre s\u2019ouvre sur une terrasse lumineuse et joyeuse, parfaite pour savourer de longs moments de lecture, de conversation ou tout simplement profiter du soleil en toute intimit\u00e9 et sans interruption.\r\n\u00c0 l\u2019int\u00e9rieur, l\u2019espace rayonne autour de son lit king-size et d\u2019un mobilier soigneusement choisi, cr\u00e9ant une atmosph\u00e8re harmonieuse. Plusieurs d\u00e9tails attirent l\u2019attention, comme la porte et le miroir de la salle de bain, t\u00e9moignant d\u2019un souci du d\u00e9tail exceptionnel.\r\nMais ce qui rend cette chambre vraiment unique, c\u2019est un luxe simple mais inoubliable : une douche sous un toit vitr\u00e9, qui donne l\u2019impression de se doucher en plein air, et un sol en galets arrondis qui offre une sensation naturelle et apaisante sous les pieds.\r\nHUTG-033000\r\n\u00a0\r\n\r\n\r\n\r\n<\/div>\n    <div class=\"n2r__list__item__footer\">\n      <div class=\"n2r__list__item__price\"><span class=\"n2r__list__item__price__from\">D\u00e9s 645 \u20ac <small class=\"n2r__list__item__price__from__type\">\/  Jour<\/small><\/span><\/div>    <\/div>\n  <\/div>\n  <a class=\"n2r__list__item__link\" href=\"https:\/\/www.corredormato.com\/fr\/logement-detail\/louer-villa-can-font-de-muntanya-cruilles-monells-i-sant-sadurni-de-l-heura-10711\/\">Plus<\/a>\n  <\/div><div class=\"n2r__list__item n2r__clickable   \" data-id=\"1950\">\n  <span class=\"n2r__list__item__icon n2r__list__item__icon--with3dtour\" title=\"Avec visite 3d \">360\u00ba<\/span>  <div class=\"n2r__list__item__gallery n2r__slider\">\n    <div class=\"slide-item\"><img data-lazy=\"https:\/\/files.net2rent.com\/pfiles\/43\/1950\/327504-o-m.jpg\" alt=\"CM96 LA GALERA Villa priv\u00e9e \/ Villa Costa Brava Tamariu\" title=\"CM96 LA GALERA Villa priv\u00e9e \/ Villa Costa Brava Tamariu\"><\/div><div class=\"slide-item\"><img data-lazy=\"https:\/\/files.net2rent.com\/pfiles\/43\/1950\/327392-o-m.jpg\" alt=\"CM96 LA GALERA Villa priv\u00e9e \/ Villa Costa Brava Tamariu\" title=\"CM96 LA GALERA Villa priv\u00e9e \/ Villa Costa Brava Tamariu\"><\/div><div class=\"slide-item\"><img data-lazy=\"https:\/\/my.matterport.com\/api\/v1\/player\/models\/VkMqE1Mg4Qy\/thumb?width=696&#038;dpr=2&#038;disable=upscale\" alt=\"CM96 LA GALERA Villa priv\u00e9e \/ Villa Costa Brava Tamariu\" title=\"CM96 LA GALERA Villa priv\u00e9e \/ Villa Costa Brava Tamariu\"><\/div><div class=\"slide-item\"><img data-lazy=\"https:\/\/files.net2rent.com\/pfiles\/43\/1950\/327393-o-m.jpg\" alt=\"CM96 LA GALERA Villa priv\u00e9e \/ Villa Costa Brava Tamariu\" title=\"CM96 LA GALERA Villa priv\u00e9e \/ Villa Costa Brava Tamariu\"><\/div><div class=\"slide-item\"><img data-lazy=\"https:\/\/files.net2rent.com\/pfiles\/43\/1950\/327394-o-m.jpg\" alt=\"CM96 LA GALERA Villa priv\u00e9e \/ Villa Costa Brava Tamariu\" title=\"CM96 LA GALERA Villa priv\u00e9e \/ Villa Costa Brava Tamariu\"><\/div><div class=\"slide-item\"><img data-lazy=\"https:\/\/files.net2rent.com\/pfiles\/43\/1950\/326736-o-m.jpg\" alt=\"CM96 LA GALERA Villa priv\u00e9e \/ Villa Costa Brava Tamariu\" title=\"CM96 LA GALERA Villa priv\u00e9e \/ Villa Costa Brava Tamariu\"><\/div><div class=\"slide-item\"><img data-lazy=\"https:\/\/files.net2rent.com\/pfiles\/43\/1950\/326741-o-m.jpg\" alt=\"CM96 LA GALERA Villa priv\u00e9e \/ Villa Costa Brava Tamariu\" title=\"CM96 LA GALERA Villa priv\u00e9e \/ Villa Costa Brava Tamariu\"><\/div><div class=\"slide-item\"><img data-lazy=\"https:\/\/files.net2rent.com\/pfiles\/43\/1950\/326738-o-m.jpg\" alt=\"CM96 LA GALERA Villa priv\u00e9e \/ Villa Costa Brava Tamariu\" title=\"CM96 LA GALERA Villa priv\u00e9e \/ Villa Costa Brava Tamariu\"><\/div><div class=\"slide-item\"><img data-lazy=\"https:\/\/files.net2rent.com\/pfiles\/43\/1950\/326740-o-m.jpg\" alt=\"CM96 LA GALERA Villa priv\u00e9e \/ Villa Costa Brava Tamariu\" title=\"CM96 LA GALERA Villa priv\u00e9e \/ Villa Costa Brava Tamariu\"><\/div><div class=\"slide-item\"><img data-lazy=\"https:\/\/files.net2rent.com\/pfiles\/43\/1950\/326743-o-m.jpg\" alt=\"CM96 LA GALERA Villa priv\u00e9e \/ Villa Costa Brava Tamariu\" title=\"CM96 LA GALERA Villa priv\u00e9e \/ Villa Costa Brava Tamariu\"><\/div><div class=\"slide-item\"><img data-lazy=\"https:\/\/files.net2rent.com\/pfiles\/43\/1950\/327395-o-m.jpg\" alt=\"CM96 LA GALERA Villa priv\u00e9e \/ Villa Costa Brava Tamariu\" title=\"CM96 LA GALERA Villa priv\u00e9e \/ Villa Costa Brava Tamariu\"><\/div><div class=\"slide-item\"><img data-lazy=\"https:\/\/files.net2rent.com\/pfiles\/43\/1950\/327396-o-m.jpg\" alt=\"CM96 LA GALERA Villa priv\u00e9e \/ Villa Costa Brava Tamariu\" title=\"CM96 LA GALERA Villa priv\u00e9e \/ Villa Costa Brava Tamariu\"><\/div><div class=\"slide-item\"><img data-lazy=\"https:\/\/files.net2rent.com\/pfiles\/43\/1950\/327397-o-m.jpg\" alt=\"CM96 LA GALERA Villa priv\u00e9e \/ Villa Costa Brava Tamariu\" title=\"CM96 LA GALERA Villa priv\u00e9e \/ Villa Costa Brava Tamariu\"><\/div><div class=\"slide-item\"><img data-lazy=\"https:\/\/files.net2rent.com\/pfiles\/43\/1950\/327398-o-m.jpg\" alt=\"CM96 LA GALERA Villa priv\u00e9e \/ Villa Costa Brava Tamariu\" title=\"CM96 LA GALERA Villa priv\u00e9e \/ Villa Costa Brava Tamariu\"><\/div><div class=\"slide-item\"><img data-lazy=\"https:\/\/files.net2rent.com\/pfiles\/43\/1950\/326747-o-m.jpg\" alt=\"CM96 LA GALERA Villa priv\u00e9e \/ Villa Costa Brava Tamariu\" title=\"CM96 LA GALERA Villa priv\u00e9e \/ Villa Costa Brava Tamariu\"><\/div><div class=\"slide-item\"><img data-lazy=\"https:\/\/files.net2rent.com\/pfiles\/43\/1950\/327399-o-m.jpg\" alt=\"CM96 LA GALERA Villa priv\u00e9e \/ Villa Costa Brava Tamariu\" title=\"CM96 LA GALERA Villa priv\u00e9e \/ Villa Costa Brava Tamariu\"><\/div><div class=\"slide-item\"><img data-lazy=\"https:\/\/files.net2rent.com\/pfiles\/43\/1950\/326749-o-m.jpg\" alt=\"CM96 LA GALERA Villa priv\u00e9e \/ Villa Costa Brava Tamariu\" title=\"CM96 LA GALERA Villa priv\u00e9e \/ Villa Costa Brava Tamariu\"><\/div><div class=\"slide-item\"><img data-lazy=\"https:\/\/files.net2rent.com\/pfiles\/43\/1950\/326750-o-m.jpg\" alt=\"CM96 LA GALERA Villa priv\u00e9e \/ Villa Costa Brava Tamariu\" title=\"CM96 LA GALERA Villa priv\u00e9e \/ Villa Costa Brava Tamariu\"><\/div><div class=\"slide-item\"><img data-lazy=\"https:\/\/files.net2rent.com\/pfiles\/43\/1950\/326751-o-m.jpg\" alt=\"CM96 LA GALERA Villa priv\u00e9e \/ Villa Costa Brava Tamariu\" title=\"CM96 LA GALERA Villa priv\u00e9e \/ Villa Costa Brava Tamariu\"><\/div><div class=\"slide-item\"><img data-lazy=\"https:\/\/files.net2rent.com\/pfiles\/43\/1950\/326752-o-m.jpg\" alt=\"CM96 LA GALERA Villa priv\u00e9e \/ Villa Costa Brava Tamariu\" title=\"CM96 LA GALERA Villa priv\u00e9e \/ Villa Costa Brava Tamariu\"><\/div><div class=\"slide-item\"><img data-lazy=\"https:\/\/files.net2rent.com\/pfiles\/43\/1950\/326753-o-m.jpg\" alt=\"CM96 LA GALERA Villa priv\u00e9e \/ Villa Costa Brava Tamariu\" title=\"CM96 LA GALERA Villa priv\u00e9e \/ Villa Costa Brava Tamariu\"><\/div><div class=\"slide-item\"><img data-lazy=\"https:\/\/files.net2rent.com\/pfiles\/43\/1950\/326754-o-m.jpg\" alt=\"CM96 LA GALERA Villa priv\u00e9e \/ Villa Costa Brava Tamariu\" title=\"CM96 LA GALERA Villa priv\u00e9e \/ Villa Costa Brava Tamariu\"><\/div><div class=\"slide-item\"><img data-lazy=\"https:\/\/files.net2rent.com\/pfiles\/43\/1950\/326755-o-m.jpg\" alt=\"CM96 LA GALERA Villa priv\u00e9e \/ Villa Costa Brava Tamariu\" title=\"CM96 LA GALERA Villa priv\u00e9e \/ Villa Costa Brava Tamariu\"><\/div><div class=\"slide-item\"><img data-lazy=\"https:\/\/files.net2rent.com\/pfiles\/43\/1950\/326756-o-m.jpg\" alt=\"CM96 LA GALERA Villa priv\u00e9e \/ Villa Costa Brava Tamariu\" title=\"CM96 LA GALERA Villa priv\u00e9e \/ Villa Costa Brava Tamariu\"><\/div><div class=\"slide-item\"><img data-lazy=\"https:\/\/files.net2rent.com\/pfiles\/43\/1950\/326757-o-m.jpg\" alt=\"CM96 LA GALERA Villa priv\u00e9e \/ Villa Costa Brava Tamariu\" title=\"CM96 LA GALERA Villa priv\u00e9e \/ Villa Costa Brava Tamariu\"><\/div><div class=\"slide-item\"><img data-lazy=\"https:\/\/files.net2rent.com\/pfiles\/43\/1950\/326760-o-m.jpg\" alt=\"CM96 LA GALERA Villa priv\u00e9e \/ Villa Costa Brava Tamariu\" title=\"CM96 LA GALERA Villa priv\u00e9e \/ Villa Costa Brava Tamariu\"><\/div><div class=\"slide-item\"><img data-lazy=\"https:\/\/files.net2rent.com\/pfiles\/43\/1950\/231523-o-m.jpg\" alt=\"CM96 LA GALERA Villa priv\u00e9e  Tamariu\" title=\"CM96 LA GALERA Villa priv\u00e9e  Tamariu\"><\/div><div class=\"slide-item\"><img data-lazy=\"https:\/\/files.net2rent.com\/pfiles\/43\/1950\/231525-o-m.jpg\" alt=\"CM96 LA GALERA Villa priv\u00e9e  Tamariu\" title=\"CM96 LA GALERA Villa priv\u00e9e  Tamariu\"><\/div><div class=\"slide-item\"><img data-lazy=\"https:\/\/files.net2rent.com\/pfiles\/43\/1950\/231526-o-m.jpg\" alt=\"CM96 LA GALERA Villa priv\u00e9e  Tamariu\" title=\"CM96 LA GALERA Villa priv\u00e9e  Tamariu\"><\/div><div class=\"slide-item\"><img data-lazy=\"https:\/\/files.net2rent.com\/pfiles\/43\/1950\/231529-o-m.jpg\" alt=\"CM96 LA GALERA Villa priv\u00e9e  Tamariu\" title=\"CM96 LA GALERA Villa priv\u00e9e  Tamariu\"><\/div><div class=\"slide-item\"><img data-lazy=\"https:\/\/files.net2rent.com\/pfiles\/43\/1950\/231530-o-m.jpg\" alt=\"CM96 LA GALERA Villa priv\u00e9e  Tamariu\" title=\"CM96 LA GALERA Villa priv\u00e9e  Tamariu\"><\/div><div class=\"slide-item\"><img data-lazy=\"https:\/\/files.net2rent.com\/pfiles\/43\/1950\/326759-o-m.jpg\" alt=\"CM96 LA GALERA Villa priv\u00e9e \/ Villa Costa Brava Tamariu\" title=\"CM96 LA GALERA Villa priv\u00e9e \/ Villa Costa Brava Tamariu\"><\/div><div class=\"slide-item\"><img data-lazy=\"https:\/\/files.net2rent.com\/pfiles\/43\/1950\/231532-o-m.jpg\" alt=\"CM96 LA GALERA Villa priv\u00e9e  Tamariu\" title=\"CM96 LA GALERA Villa priv\u00e9e  Tamariu\"><\/div><div class=\"slide-item\"><img data-lazy=\"https:\/\/files.net2rent.com\/pfiles\/43\/1950\/295708-o-m.jpg\" alt=\"CM96 LA GALERA Villa priv\u00e9e \/ Villa Costa Brava Tamariu\" title=\"CM96 LA GALERA Villa priv\u00e9e \/ Villa Costa Brava Tamariu\"><\/div>  <\/div>\n\n  <div class=\"n2r__list__item__info\">\n    <div class=\"n2r__list__item__title\">\n      <h2 class=\"n2r__list__item__name\">\n        <a href=\"https:\/\/www.corredormato.com\/fr\/logement-detail\/louer-villa-la-galera-tamariu-1950\/\">VILLA LA GALERA villa avec piscine et vue mer \u00e0 Tamariu  Costa Brava<\/a>\n      <\/h2>\n          <\/div>\n    <div class=\"n2r__list__item__title\">\n      <div class=\"n2r__list__item__reference\">Ref: CM96<\/div>\n      <div class=\"n2r__list__item__turisticreference\">HUTG-052840-21<\/div>      <div class=\"n2r__list__item__city\">Tamariu<\/div>\n              <div class=\"n2r__list__item__rating\">\n          <div class=\"n2r__rating\">\n            <div class=\"n2r__rating__complete\" style=\"width:90%\"><\/div>\n          <\/div>\n        <\/div>\n          <\/div>\n    <div class=\"n2r__list__item__features\">\n      <div class=\"n2r__list__item__feature n2r__list__item__feature--rooms\" title=\"4 chambres \u00e0 coucher\"><i class=\"n2r_room\"><\/i> 4<\/div><div class=\"n2r__list__item__feature n2r__list__item__feature--capacity\" title=\"8 pax\"><i class=\"n2r_people\"><\/i> 8<\/div><div class=\"n2r__list__item__feature n2r__list__item__feature--bathrooms\" title=\"3 toilettes\"><i class=\"n2r_toilet\"><\/i> 3<\/div><div class=\"n2r__list__item__feature n2r__list__item__feature--terrace\" title=\"terrasse\"><i class=\"n2r_terrace\"><\/i> <\/div><div class=\"n2r__list__item__feature n2r__list__item__feature--pool\" title=\"piscine\"><i class=\"n2r_swimming_pool\"><\/i> <\/div>    <\/div>\n    <div class=\"n2r__list__item__description\">VILLA LA GALERA\u00a0 Location villa avec piscine et vue mer \u00e0 Tamariu Costa Brava\r\nTamariu est l&#039;une des criques les plus exclusives de la Costa Brava. La Villa La Galera se trouve juste l\u00e0, \u00e0 400 m\u00e8tres de la plage, avec piscine \u00e0 d\u00e9bordement et la M\u00e9diterran\u00e9e comme horizon permanent.\r\nEmplacement privil\u00e9gi\u00e9 \u00e0 Tamariu\r\n\u00c0 seulement 400 m\u00e8tres \u00e0 pied de la plage de Tamariu \u2014 l&#039;une des criques les plus tranquilles et les mieux not\u00e9es de la Costa Brava \u2014 cette location de vacances vous place au c\u0153ur de la nature m\u00e9diterran\u00e9enne sans sacrifier aucun confort.\r\nExt\u00e9rieur con\u00e7u pour vivre en plein air\r\nLa piscine \u00e0 d\u00e9bordement avec effet infini, la terrasse en bois avec vue sur la mer, le jardin priv\u00e9 entour\u00e9 d&#039;arbres fruitiers et l&#039;espace chill-out font de cette location vacances une destination en soi. Sans voisins au-dessus. Sans bruit. La terrasse couverte comprend une salle \u00e0 manger ext\u00e9rieure et une cuisine d&#039;\u00e9t\u00e9 avec barbecue, parfaite pour d\u00eener en plein air sur la Costa Brava.\r\nInt\u00e9rieur lumineux et enti\u00e8rement \u00e9quip\u00e9\r\nLa lumi\u00e8re envahit tout. De grandes baies vitr\u00e9es et des portes coulissantes en verre relient directement le salon-salle \u00e0 manger avec chemin\u00e9e au jardin et \u00e0 la piscine. La cuisine am\u00e9ricaine est enti\u00e8rement \u00e9quip\u00e9e. Lave-linge et s\u00e8che-linge inclus. Il ne manque rien.\r\n4 chambres \u00b7 3 salles de bain \u00b7 Capacit\u00e9 pour 8 personnes\r\n\r\nSuite principale avec grand lit et salle de bain priv\u00e9e avec baignoire et douche.\r\nChambre twin et chambre double avec salle de bain partag\u00e9e avec douche.\r\nAnnexe ind\u00e9pendante : studio + chambre double avec salle de bain priv\u00e9e. Parfaite pour deux familles ou pour ceux qui souhaitent leur propre espace au sein de la m\u00eame location.\r\n\r\nPourquoi choisir cette location de vacances \u00e0 Tamariu :\r\n\u2714 Piscine priv\u00e9e \u00e0 d\u00e9bordement avec vue sur la mer \u2714 \u00c0 400m de la plage de Tamariu \u2714 Jardin priv\u00e9 en toute intimit\u00e9 \u2714 Parking couvert pour 3 voitures \u2714 Chauffage disponible en mi-saison\r\nS\u00e9jour minimum : 3 nuits. Suppl\u00e9ment m\u00e9nage de 100 \u20ac pour les s\u00e9jours inf\u00e9rieurs \u00e0 1 semaine (non inclus dans le prix de location). Licence touristique : HUTG-052840-21.<\/div>\n    <div class=\"n2r__list__item__footer\">\n      <div class=\"n2r__list__item__price\"><span class=\"n2r__list__item__price__from\">D\u00e9s 1.020 \u20ac <small class=\"n2r__list__item__price__from__type\">\/  Jour<\/small><\/span><\/div>    <\/div>\n  <\/div>\n  <a class=\"n2r__list__item__link\" href=\"https:\/\/www.corredormato.com\/fr\/logement-detail\/louer-villa-la-galera-tamariu-1950\/\">Plus<\/a>\n  <\/div><div class=\"n2r__list__item n2r__clickable   \" data-id=\"2559\">\n  <span class=\"n2r__list__item__label n2r__list__item__label--offer\">Offre<\/span><span class=\"n2r__list__item__icon n2r__list__item__icon--with3dtour\" title=\"Avec visite 3d \">360\u00ba<\/span>  <div class=\"n2r__list__item__gallery n2r__slider\">\n    <div class=\"slide-item\"><img data-lazy=\"https:\/\/files.net2rent.com\/pfiles\/43\/2559\/157918-o-m.jpg\" alt=\"CM718 FILIPINAS Villa priv\u00e9e  Tamariu\" title=\"CM718 FILIPINAS Villa priv\u00e9e  Tamariu\"><\/div><div class=\"slide-item\"><img data-lazy=\"https:\/\/files.net2rent.com\/pfiles\/43\/2559\/307953-o-m.jpg\" alt=\"CM718 FILIPINAS Villa priv\u00e9e \/ Villa Costa Brava Tamariu\" title=\"CM718 FILIPINAS Villa priv\u00e9e \/ Villa Costa Brava Tamariu\"><\/div><div class=\"slide-item\"><img data-lazy=\"https:\/\/files.net2rent.com\/pfiles\/43\/2559\/157913-o-m.jpg\" alt=\"CM718 FILIPINAS Villa priv\u00e9e  Tamariu\" title=\"CM718 FILIPINAS Villa priv\u00e9e  Tamariu\"><\/div><div class=\"slide-item\"><img data-lazy=\"https:\/\/files.net2rent.com\/pfiles\/43\/2559\/157914-o-m.jpg\" alt=\"CM718 FILIPINAS Villa priv\u00e9e  Tamariu\" title=\"CM718 FILIPINAS Villa priv\u00e9e  Tamariu\"><\/div><div class=\"slide-item\"><img data-lazy=\"https:\/\/files.net2rent.com\/pfiles\/43\/2559\/157916-o-m.jpg\" alt=\"CM718 FILIPINAS Villa priv\u00e9e  Tamariu\" title=\"CM718 FILIPINAS Villa priv\u00e9e  Tamariu\"><\/div><div class=\"slide-item\"><img data-lazy=\"https:\/\/files.net2rent.com\/pfiles\/43\/2559\/157917-o-m.jpg\" alt=\"CM718 FILIPINAS Villa priv\u00e9e  Tamariu\" title=\"CM718 FILIPINAS Villa priv\u00e9e  Tamariu\"><\/div><div class=\"slide-item\"><img data-lazy=\"https:\/\/files.net2rent.com\/pfiles\/43\/2559\/157919-o-m.jpg\" alt=\"CM718 FILIPINAS Villa priv\u00e9e  Tamariu\" title=\"CM718 FILIPINAS Villa priv\u00e9e  Tamariu\"><\/div><div class=\"slide-item\"><img data-lazy=\"https:\/\/files.net2rent.com\/pfiles\/43\/2559\/157920-o-m.jpg\" alt=\"CM718 FILIPINAS Villa priv\u00e9e  Tamariu\" title=\"CM718 FILIPINAS Villa priv\u00e9e  Tamariu\"><\/div><div class=\"slide-item\"><img data-lazy=\"https:\/\/files.net2rent.com\/pfiles\/43\/2559\/157921-o-m.jpg\" alt=\"CM718 FILIPINAS Villa priv\u00e9e  Tamariu\" title=\"CM718 FILIPINAS Villa priv\u00e9e  Tamariu\"><\/div><div class=\"slide-item\"><img data-lazy=\"https:\/\/files.net2rent.com\/pfiles\/43\/2559\/157922-o-m.jpg\" alt=\"CM718 FILIPINAS Villa priv\u00e9e  Tamariu\" title=\"CM718 FILIPINAS Villa priv\u00e9e  Tamariu\"><\/div><div class=\"slide-item\"><img data-lazy=\"https:\/\/files.net2rent.com\/pfiles\/43\/2559\/157923-o-m.jpg\" alt=\"CM718 FILIPINAS Villa priv\u00e9e  Tamariu\" title=\"CM718 FILIPINAS Villa priv\u00e9e  Tamariu\"><\/div><div class=\"slide-item\"><img data-lazy=\"https:\/\/files.net2rent.com\/pfiles\/43\/2559\/157924-o-m.jpg\" alt=\"CM718 FILIPINAS Villa priv\u00e9e  Tamariu\" title=\"CM718 FILIPINAS Villa priv\u00e9e  Tamariu\"><\/div><div class=\"slide-item\"><img data-lazy=\"https:\/\/files.net2rent.com\/pfiles\/43\/2559\/157925-o-m.jpg\" alt=\"CM718 FILIPINAS Villa priv\u00e9e  Tamariu\" title=\"CM718 FILIPINAS Villa priv\u00e9e  Tamariu\"><\/div><div class=\"slide-item\"><img data-lazy=\"https:\/\/files.net2rent.com\/pfiles\/43\/2559\/157926-o-m.jpg\" alt=\"CM718 FILIPINAS Villa priv\u00e9e  Tamariu\" title=\"CM718 FILIPINAS Villa priv\u00e9e  Tamariu\"><\/div><div class=\"slide-item\"><img data-lazy=\"https:\/\/files.net2rent.com\/pfiles\/43\/2559\/157927-o-m.jpg\" alt=\"CM718 FILIPINAS Villa priv\u00e9e  Tamariu\" title=\"CM718 FILIPINAS Villa priv\u00e9e  Tamariu\"><\/div><div class=\"slide-item\"><img data-lazy=\"https:\/\/files.net2rent.com\/pfiles\/43\/2559\/157928-o-m.jpg\" alt=\"CM718 FILIPINAS Villa priv\u00e9e  Tamariu\" title=\"CM718 FILIPINAS Villa priv\u00e9e  Tamariu\"><\/div><div class=\"slide-item\"><img data-lazy=\"https:\/\/files.net2rent.com\/pfiles\/43\/2559\/157929-o-m.jpg\" alt=\"CM718 FILIPINAS Villa priv\u00e9e  Tamariu\" title=\"CM718 FILIPINAS Villa priv\u00e9e  Tamariu\"><\/div><div class=\"slide-item\"><img data-lazy=\"https:\/\/files.net2rent.com\/pfiles\/43\/2559\/157932-o-m.jpg\" alt=\"CM718 FILIPINAS Villa priv\u00e9e  Tamariu\" title=\"CM718 FILIPINAS Villa priv\u00e9e  Tamariu\"><\/div><div class=\"slide-item\"><img data-lazy=\"https:\/\/files.net2rent.com\/pfiles\/43\/2559\/157930-o-m.jpg\" alt=\"CM718 FILIPINAS Villa priv\u00e9e  Tamariu\" title=\"CM718 FILIPINAS Villa priv\u00e9e  Tamariu\"><\/div><div class=\"slide-item\"><img data-lazy=\"https:\/\/files.net2rent.com\/pfiles\/43\/2559\/157931-o-m.jpg\" alt=\"CM718 FILIPINAS Villa priv\u00e9e  Tamariu\" title=\"CM718 FILIPINAS Villa priv\u00e9e  Tamariu\"><\/div><div class=\"slide-item\"><img data-lazy=\"https:\/\/files.net2rent.com\/pfiles\/43\/2559\/157933-o-m.jpg\" alt=\"CM718 FILIPINAS Villa priv\u00e9e  Tamariu\" title=\"CM718 FILIPINAS Villa priv\u00e9e  Tamariu\"><\/div><div class=\"slide-item\"><img data-lazy=\"https:\/\/files.net2rent.com\/pfiles\/43\/2559\/295706-o-m.jpg\" alt=\"CM718 FILIPINAS Villa priv\u00e9e \/ Villa Costa Brava Tamariu\" title=\"CM718 FILIPINAS Villa priv\u00e9e \/ Villa Costa Brava Tamariu\"><\/div><div class=\"slide-item\"><img data-lazy=\"https:\/\/files.net2rent.com\/pfiles\/43\/2559\/295707-o-m.jpg\" alt=\"CM718 FILIPINAS Villa priv\u00e9e \/ Villa Costa Brava Tamariu\" title=\"CM718 FILIPINAS Villa priv\u00e9e \/ Villa Costa Brava Tamariu\"><\/div><div class=\"slide-item\"><img data-lazy=\"https:\/\/my.matterport.com\/api\/v1\/player\/models\/ch8LiCnqPaf\/thumb?width=696&#038;dpr=2&#038;disable=upscale\" alt=\"CM718 FILIPINAS Villa priv\u00e9e \/ Villa Costa Brava Tamariu\" title=\"CM718 FILIPINAS Villa priv\u00e9e \/ Villa Costa Brava Tamariu\"><\/div><div class=\"slide-item\"><img data-lazy=\"https:\/\/files.net2rent.com\/pfiles\/43\/2559\/473254-m.jpg\" alt=\"CM718 FILIPINAS Villa priv\u00e9e \/ Villa Costa Brava Tamariu\" title=\"CM718 FILIPINAS Villa priv\u00e9e \/ Villa Costa Brava Tamariu\"><\/div><div class=\"slide-item\"><img data-lazy=\"https:\/\/files.net2rent.com\/pfiles\/43\/2559\/473244-m.jpg\" alt=\"CM718 FILIPINAS Villa priv\u00e9e \/ Villa Costa Brava Tamariu\" title=\"CM718 FILIPINAS Villa priv\u00e9e \/ Villa Costa Brava Tamariu\"><\/div><div class=\"slide-item\"><img data-lazy=\"https:\/\/files.net2rent.com\/pfiles\/43\/2559\/473245-m.jpg\" alt=\"CM718 FILIPINAS Villa priv\u00e9e \/ Villa Costa Brava Tamariu\" title=\"CM718 FILIPINAS Villa priv\u00e9e \/ Villa Costa Brava Tamariu\"><\/div><div class=\"slide-item\"><img data-lazy=\"https:\/\/files.net2rent.com\/pfiles\/43\/2559\/473246-m.jpg\" alt=\"CM718 FILIPINAS Villa priv\u00e9e \/ Villa Costa Brava Tamariu\" title=\"CM718 FILIPINAS Villa priv\u00e9e \/ Villa Costa Brava Tamariu\"><\/div><div class=\"slide-item\"><img data-lazy=\"https:\/\/files.net2rent.com\/pfiles\/43\/2559\/473247-m.jpg\" alt=\"CM718 FILIPINAS Villa priv\u00e9e \/ Villa Costa Brava Tamariu\" title=\"CM718 FILIPINAS Villa priv\u00e9e \/ Villa Costa Brava Tamariu\"><\/div><div class=\"slide-item\"><img data-lazy=\"https:\/\/files.net2rent.com\/pfiles\/43\/2559\/473248-m.jpg\" alt=\"CM718 FILIPINAS Villa priv\u00e9e \/ Villa Costa Brava Tamariu\" title=\"CM718 FILIPINAS Villa priv\u00e9e \/ Villa Costa Brava Tamariu\"><\/div><div class=\"slide-item\"><img data-lazy=\"https:\/\/files.net2rent.com\/pfiles\/43\/2559\/473249-m.jpg\" alt=\"CM718 FILIPINAS Villa priv\u00e9e \/ Villa Costa Brava Tamariu\" title=\"CM718 FILIPINAS Villa priv\u00e9e \/ Villa Costa Brava Tamariu\"><\/div><div class=\"slide-item\"><img data-lazy=\"https:\/\/files.net2rent.com\/pfiles\/43\/2559\/473250-m.jpg\" alt=\"CM718 FILIPINAS Villa priv\u00e9e \/ Villa Costa Brava Tamariu\" title=\"CM718 FILIPINAS Villa priv\u00e9e \/ Villa Costa Brava Tamariu\"><\/div><div class=\"slide-item\"><img data-lazy=\"https:\/\/files.net2rent.com\/pfiles\/43\/2559\/473251-m.jpg\" alt=\"CM718 FILIPINAS Villa priv\u00e9e \/ Villa Costa Brava Tamariu\" title=\"CM718 FILIPINAS Villa priv\u00e9e \/ Villa Costa Brava Tamariu\"><\/div><div class=\"slide-item\"><img data-lazy=\"https:\/\/files.net2rent.com\/pfiles\/43\/2559\/473252-m.jpg\" alt=\"CM718 FILIPINAS Villa priv\u00e9e \/ Villa Costa Brava Tamariu\" title=\"CM718 FILIPINAS Villa priv\u00e9e \/ Villa Costa Brava Tamariu\"><\/div><div class=\"slide-item\"><img data-lazy=\"https:\/\/files.net2rent.com\/pfiles\/43\/2559\/473253-m.jpg\" alt=\"CM718 FILIPINAS Villa priv\u00e9e \/ Villa Costa Brava Tamariu\" title=\"CM718 FILIPINAS Villa priv\u00e9e \/ Villa Costa Brava Tamariu\"><\/div><div class=\"slide-item\"><img data-lazy=\"https:\/\/files.net2rent.com\/pfiles\/43\/2559\/473255-m.jpg\" alt=\"CM718 FILIPINAS Villa priv\u00e9e \/ Villa Costa Brava Tamariu\" title=\"CM718 FILIPINAS Villa priv\u00e9e \/ Villa Costa Brava Tamariu\"><\/div>  <\/div>\n\n  <div class=\"n2r__list__item__info\">\n    <div class=\"n2r__list__item__title\">\n      <h2 class=\"n2r__list__item__name\">\n        <a href=\"https:\/\/www.corredormato.com\/fr\/logement-detail\/louer-villa-filipinas-tamariu-2559\/?checkin=2026-05-29&#038;checkout=2026-06-05\">Villa Filipinas \u2013 Villa avec piscine priv\u00e9e et jardin \u00e0 Tamariu, Costa Brava<\/a>\n      <\/h2>\n          <\/div>\n    <div class=\"n2r__list__item__title\">\n      <div class=\"n2r__list__item__reference\">Ref: CM718<\/div>\n      <div class=\"n2r__list__item__turisticreference\">HUTG-008979-12<\/div>      <div class=\"n2r__list__item__city\">Tamariu<\/div>\n              <div class=\"n2r__list__item__rating\">\n          <div class=\"n2r__rating\">\n            <div class=\"n2r__rating__complete\" style=\"width:90%\"><\/div>\n          <\/div>\n        <\/div>\n          <\/div>\n    <div class=\"n2r__list__item__features\">\n      <div class=\"n2r__list__item__feature n2r__list__item__feature--rooms\" title=\"4 chambres \u00e0 coucher\"><i class=\"n2r_room\"><\/i> 4<\/div><div class=\"n2r__list__item__feature n2r__list__item__feature--capacity\" title=\"8 pax\"><i class=\"n2r_people\"><\/i> 8<\/div><div class=\"n2r__list__item__feature n2r__list__item__feature--bathrooms\" title=\"5 toilettes\"><i class=\"n2r_toilet\"><\/i> 5<\/div><div class=\"n2r__list__item__feature n2r__list__item__feature--terrace\" title=\"terrasse\"><i class=\"n2r_terrace\"><\/i> <\/div><div class=\"n2r__list__item__feature n2r__list__item__feature--property_meters\" title=\"M\u00e8tres de la propri\u00e9t\u00e9\"><i class=\"n2r_property_meters\"><\/i> 265 m<sup>2<\/sup><\/div><div class=\"n2r__list__item__feature n2r__list__item__feature--pool\" title=\"piscine\"><i class=\"n2r_swimming_pool\"><\/i> <\/div>    <\/div>\n    <div class=\"n2r__list__item__description\">Villa Filipinas avec piscine priv\u00e9e \u00e0 Tamariu \u2013 Costa Brava\r\nSpectaculaire villa individuelle situ\u00e9e dans le quartier r\u00e9sidentiel exclusif de Tamariu, l&#039;un des villages les plus tranquilles et authentiques de la Costa Brava. Orient\u00e9e plein sud, avec jardin priv\u00e9 et piscine \u00e0 usage exclusif, cette propri\u00e9t\u00e9 est un choix exceptionnel pour les familles qui recherchent espace, intimit\u00e9 et proximit\u00e9 de la mer dans un cadre calme et pr\u00e9serv\u00e9.\r\nLa villa offre 265 m\u00b2 r\u00e9partis sur deux niveaux, pour une capacit\u00e9 maximale de 8 personnes. Son design moderne et lumineux \u2014 avec de grandes baies vitr\u00e9es, des finitions contemporaines, des sols en carrelage et des murs aux tons clairs \u2014 cr\u00e9e une atmosph\u00e8re spacieuse et confortable d\u00e8s l&#039;arriv\u00e9e.\r\nRez-de-chauss\u00e9e L&#039;entr\u00e9e m\u00e8ne par un hall avec vestiaire vers un grand salon avec chemin\u00e9e, ouvert sur la salle \u00e0 manger et avec acc\u00e8s direct \u00e0 la terrasse, au jardin et \u00e0 la piscine. La cuisine est enti\u00e8rement \u00e9quip\u00e9e avec plaque \u00e9lectrique, four, r\u00e9frig\u00e9rateur-cong\u00e9lateur am\u00e9ricain, lave-vaisselle, micro-ondes, cafeti\u00e8re et un \u00eelot central faisant office de bar petit-d\u00e9jeuner. Une chambre double avec salle de bain compl\u00e8te se trouve \u00e9galement \u00e0 ce niveau.\r\n\u00c9tage Trois chambres doubles, chacune avec sa propre salle de bain privative. L&#039;une d&#039;elles dispose d&#039;une terrasse priv\u00e9e avec vue sur le jardin et la piscine. La configuration en suite \u00e9vite les files d&#039;attente le matin \u2014 id\u00e9ale pour deux familles ou un grand groupe.\r\nEspace ext\u00e9rieur Jardin priv\u00e9 avec piscine \u00e0 usage exclusif, orient\u00e9e sud pour profiter du soleil toute la journ\u00e9e, mobilier de jardin, chaises longues, auvent et barbecue. L&#039;espace ext\u00e9rieur est g\u00e9n\u00e9reux et con\u00e7u pour \u00eatre appr\u00e9ci\u00e9 du matin au soir.\r\n\u00c9quipement complet Garage, WiFi, chauffage au fioul, climatisation, lave-linge, fer \u00e0 repasser, TV, TNT, DVD, cha\u00eene hi-fi, placards int\u00e9gr\u00e9s, barbecue portable et tout l&#039;\u00e9quipement de cuisine n\u00e9cessaire. La villa est pr\u00eate pour un s\u00e9jour confortable en toute saison.\r\nTamariu est un petit village tranquille de la Costa Brava, sans bruit ni foule, avec une plage de sable fin bord\u00e9e de pins et un front de mer anim\u00e9 de restaurants et de bars de plage. C&#039;est la base id\u00e9ale pour explorer les criques et les villages du Baix Empord\u00e0.\r\nCapacit\u00e9 maximale : 8 personnes \u00b7 Chambres : 4 \u00b7 Salles de bain : 4 \u00b7 Surface : 265 m\u00b2 Num\u00e9ro d&#039;enregistrement touristique : HUTG-008979-12<\/div>\n    <div class=\"n2r__list__item__footer\">\n      <div class=\"n2r__list__item__price\"><div class=\"n2r__list__item__price__offers\"><div class=\"n2r__list__item__price__offer\">\n          <span class=\"n2r__list__item__price__offer__amount n2r__list__item__price__offer__amount--original\">2.170 \u20ac<\/span>\n          <span class=\"n2r__list__item__price__offer__amount\">\n            995 \u20ac\n          <\/span>\n          <span class=\"n2r__list__item__price__offer__dates\">\n            D\u00e9s 29\/05\/2026 \u00c0 05\/06\/2026\n          <\/span>\n          <span class=\"n2r__list__item__price__offer__conditions\">\n            \n          <\/span>\n        <\/div><\/div><\/div>    <\/div>\n  <\/div>\n  <a class=\"n2r__list__item__link\" href=\"https:\/\/www.corredormato.com\/fr\/logement-detail\/louer-villa-filipinas-tamariu-2559\/?checkin=2026-05-29&#038;checkout=2026-06-05\">Plus<\/a>\n  <\/div><div class=\"n2r__list__item n2r__clickable   \" data-id=\"22933\">\n  <span class=\"n2r__list__item__icon n2r__list__item__icon--withvideo\" title=\"Avec vid\u00e9o\"><i class=\"fas fa-video\"><\/i><\/span>  <div class=\"n2r__list__item__gallery n2r__slider\">\n    <div class=\"slide-item\"><img data-lazy=\"https:\/\/files.net2rent.com\/pfiles\/43\/22933\/561696-m.jpg\" alt=\"CM2348 L&#039;OLIVERA Villa priv\u00e9e \/ Villa Costa Brava Llafranc\" title=\"CM2348 L&#039;OLIVERA Villa priv\u00e9e \/ Villa Costa Brava Llafranc\"><\/div><div class=\"slide-item\"><img data-lazy=\"https:\/\/files.net2rent.com\/pfiles\/43\/22933\/552063-m.jpg\" alt=\"CM2348 L&#039;OLIVERA Villa priv\u00e9e \/ Villa Costa Brava Llafranc\" title=\"CM2348 L&#039;OLIVERA Villa priv\u00e9e \/ Villa Costa Brava Llafranc\"><\/div><div class=\"slide-item\"><img data-lazy=\"https:\/\/files.net2rent.com\/pfiles\/43\/22933\/552064-m.jpg\" alt=\"CM2348 L&#039;OLIVERA Villa priv\u00e9e \/ Villa Costa Brava Llafranc\" title=\"CM2348 L&#039;OLIVERA Villa priv\u00e9e \/ Villa Costa Brava Llafranc\"><\/div><div class=\"slide-item\"><img data-lazy=\"https:\/\/files.net2rent.com\/pfiles\/43\/22933\/552065-m.jpg\" alt=\"CM2348 L&#039;OLIVERA Villa priv\u00e9e \/ Villa Costa Brava Llafranc\" title=\"CM2348 L&#039;OLIVERA Villa priv\u00e9e \/ Villa Costa Brava Llafranc\"><\/div><div class=\"slide-item\"><img data-lazy=\"https:\/\/files.net2rent.com\/pfiles\/43\/22933\/552066-m.jpg\" alt=\"CM2348 L&#039;OLIVERA Villa priv\u00e9e \/ Villa Costa Brava Llafranc\" title=\"CM2348 L&#039;OLIVERA Villa priv\u00e9e \/ Villa Costa Brava Llafranc\"><\/div><div class=\"slide-item\"><img data-lazy=\"https:\/\/files.net2rent.com\/pfiles\/43\/22933\/552943-m.jpg\" alt=\"CM2348 L&#039;OLIVERA Villa priv\u00e9e \/ Villa Costa Brava Llafranc\" title=\"CM2348 L&#039;OLIVERA Villa priv\u00e9e \/ Villa Costa Brava Llafranc\"><\/div><div class=\"slide-item\"><img data-lazy=\"https:\/\/files.net2rent.com\/pfiles\/43\/22933\/552946-m.jpg\" alt=\"CM2348 L&#039;OLIVERA Villa priv\u00e9e \/ Villa Costa Brava Llafranc\" title=\"CM2348 L&#039;OLIVERA Villa priv\u00e9e \/ Villa Costa Brava Llafranc\"><\/div><div class=\"slide-item\"><img data-lazy=\"https:\/\/files.net2rent.com\/pfiles\/43\/22933\/552945-m.jpg\" alt=\"CM2348 L&#039;OLIVERA Villa priv\u00e9e \/ Villa Costa Brava Llafranc\" title=\"CM2348 L&#039;OLIVERA Villa priv\u00e9e \/ Villa Costa Brava Llafranc\"><\/div><div class=\"slide-item\"><img data-lazy=\"https:\/\/files.net2rent.com\/pfiles\/43\/22933\/552947-m.jpg\" alt=\"CM2348 L&#039;OLIVERA Villa priv\u00e9e \/ Villa Costa Brava Llafranc\" title=\"CM2348 L&#039;OLIVERA Villa priv\u00e9e \/ Villa Costa Brava Llafranc\"><\/div><div class=\"slide-item\"><img data-lazy=\"https:\/\/files.net2rent.com\/pfiles\/43\/22933\/552948-m.jpg\" alt=\"CM2348 L&#039;OLIVERA Villa priv\u00e9e \/ Villa Costa Brava Llafranc\" title=\"CM2348 L&#039;OLIVERA Villa priv\u00e9e \/ Villa Costa Brava Llafranc\"><\/div><div class=\"slide-item\"><img data-lazy=\"https:\/\/files.net2rent.com\/pfiles\/43\/22933\/561700-m.jpg\" alt=\"CM2348 L&#039;OLIVERA Villa priv\u00e9e \/ Villa Costa Brava Llafranc\" title=\"CM2348 L&#039;OLIVERA Villa priv\u00e9e \/ Villa Costa Brava Llafranc\"><\/div><div class=\"slide-item\"><img data-lazy=\"https:\/\/files.net2rent.com\/pfiles\/43\/22933\/552949-m.jpg\" alt=\"CM2348 L&#039;OLIVERA Villa priv\u00e9e \/ Villa Costa Brava Llafranc\" title=\"CM2348 L&#039;OLIVERA Villa priv\u00e9e \/ Villa Costa Brava Llafranc\"><\/div><div class=\"slide-item\"><img data-lazy=\"https:\/\/files.net2rent.com\/pfiles\/43\/22933\/552950-m.jpg\" alt=\"CM2348 L&#039;OLIVERA Villa priv\u00e9e \/ Villa Costa Brava Llafranc\" title=\"CM2348 L&#039;OLIVERA Villa priv\u00e9e \/ Villa Costa Brava Llafranc\"><\/div><div class=\"slide-item\"><img data-lazy=\"https:\/\/files.net2rent.com\/pfiles\/43\/22933\/552959-m.jpg\" alt=\"CM2348 L&#039;OLIVERA Villa priv\u00e9e \/ Villa Costa Brava Llafranc\" title=\"CM2348 L&#039;OLIVERA Villa priv\u00e9e \/ Villa Costa Brava Llafranc\"><\/div><div class=\"slide-item\"><img data-lazy=\"https:\/\/files.net2rent.com\/pfiles\/43\/22933\/552951-m.jpg\" alt=\"CM2348 L&#039;OLIVERA Villa priv\u00e9e \/ Villa Costa Brava Llafranc\" title=\"CM2348 L&#039;OLIVERA Villa priv\u00e9e \/ Villa Costa Brava Llafranc\"><\/div><div class=\"slide-item\"><img data-lazy=\"https:\/\/files.net2rent.com\/pfiles\/43\/22933\/552952-m.jpg\" alt=\"CM2348 L&#039;OLIVERA Villa priv\u00e9e \/ Villa Costa Brava Llafranc\" title=\"CM2348 L&#039;OLIVERA Villa priv\u00e9e \/ Villa Costa Brava Llafranc\"><\/div><div class=\"slide-item\"><img data-lazy=\"https:\/\/files.net2rent.com\/pfiles\/43\/22933\/552960-m.jpg\" alt=\"CM2348 L&#039;OLIVERA Villa priv\u00e9e \/ Villa Costa Brava Llafranc\" title=\"CM2348 L&#039;OLIVERA Villa priv\u00e9e \/ Villa Costa Brava Llafranc\"><\/div><div class=\"slide-item\"><img data-lazy=\"https:\/\/files.net2rent.com\/pfiles\/43\/22933\/552953-m.jpg\" alt=\"CM2348 L&#039;OLIVERA Villa priv\u00e9e \/ Villa Costa Brava Llafranc\" title=\"CM2348 L&#039;OLIVERA Villa priv\u00e9e \/ Villa Costa Brava Llafranc\"><\/div><div class=\"slide-item\"><img data-lazy=\"https:\/\/files.net2rent.com\/pfiles\/43\/22933\/552956-m.jpg\" alt=\"CM2348 L&#039;OLIVERA Villa priv\u00e9e \/ Villa Costa Brava Llafranc\" title=\"CM2348 L&#039;OLIVERA Villa priv\u00e9e \/ Villa Costa Brava Llafranc\"><\/div><div class=\"slide-item\"><img data-lazy=\"https:\/\/files.net2rent.com\/pfiles\/43\/22933\/552954-m.jpg\" alt=\"CM2348 L&#039;OLIVERA Villa priv\u00e9e \/ Villa Costa Brava Llafranc\" title=\"CM2348 L&#039;OLIVERA Villa priv\u00e9e \/ Villa Costa Brava Llafranc\"><\/div><div class=\"slide-item\"><img data-lazy=\"https:\/\/files.net2rent.com\/pfiles\/43\/22933\/552955-m.jpg\" alt=\"CM2348 L&#039;OLIVERA Villa priv\u00e9e \/ Villa Costa Brava Llafranc\" title=\"CM2348 L&#039;OLIVERA Villa priv\u00e9e \/ Villa Costa Brava Llafranc\"><\/div><div class=\"slide-item\"><img data-lazy=\"https:\/\/files.net2rent.com\/pfiles\/43\/22933\/552957-m.jpg\" alt=\"CM2348 L&#039;OLIVERA Villa priv\u00e9e \/ Villa Costa Brava Llafranc\" title=\"CM2348 L&#039;OLIVERA Villa priv\u00e9e \/ Villa Costa Brava Llafranc\"><\/div><div class=\"slide-item\"><img data-lazy=\"https:\/\/files.net2rent.com\/pfiles\/43\/22933\/552958-m.jpg\" alt=\"CM2348 L&#039;OLIVERA Villa priv\u00e9e \/ Villa Costa Brava Llafranc\" title=\"CM2348 L&#039;OLIVERA Villa priv\u00e9e \/ Villa Costa Brava Llafranc\"><\/div><div class=\"slide-item\"><img data-lazy=\"https:\/\/files.net2rent.com\/pfiles\/43\/22933\/552961-m.jpg\" alt=\"CM2348 L&#039;OLIVERA Villa priv\u00e9e \/ Villa Costa Brava Llafranc\" title=\"CM2348 L&#039;OLIVERA Villa priv\u00e9e \/ Villa Costa Brava Llafranc\"><\/div><div class=\"slide-item\"><img data-lazy=\"https:\/\/files.net2rent.com\/pfiles\/43\/22933\/561698-m.jpg\" alt=\"CM2348 L&#039;OLIVERA Villa priv\u00e9e \/ Villa Costa Brava Llafranc\" title=\"CM2348 L&#039;OLIVERA Villa priv\u00e9e \/ Villa Costa Brava Llafranc\"><\/div><div class=\"slide-item\"><img data-lazy=\"https:\/\/files.net2rent.com\/pfiles\/43\/22933\/552965-m.jpg\" alt=\"CM2348 L&#039;OLIVERA Villa priv\u00e9e \/ Villa Costa Brava Llafranc\" title=\"CM2348 L&#039;OLIVERA Villa priv\u00e9e \/ Villa Costa Brava Llafranc\"><\/div><div class=\"slide-item\"><img data-lazy=\"https:\/\/files.net2rent.com\/pfiles\/43\/22933\/552964-m.jpg\" alt=\"CM2348 L&#039;OLIVERA Villa priv\u00e9e \/ Villa Costa Brava Llafranc\" title=\"CM2348 L&#039;OLIVERA Villa priv\u00e9e \/ Villa Costa Brava Llafranc\"><\/div><div class=\"slide-item\"><img data-lazy=\"https:\/\/files.net2rent.com\/pfiles\/43\/22933\/552966-m.jpg\" alt=\"CM2348 L&#039;OLIVERA Villa priv\u00e9e \/ Villa Costa Brava Llafranc\" title=\"CM2348 L&#039;OLIVERA Villa priv\u00e9e \/ Villa Costa Brava Llafranc\"><\/div><div class=\"slide-item\"><img data-lazy=\"https:\/\/files.net2rent.com\/pfiles\/43\/22933\/552967-m.jpg\" alt=\"CM2348 L&#039;OLIVERA Villa priv\u00e9e \/ Villa Costa Brava Llafranc\" title=\"CM2348 L&#039;OLIVERA Villa priv\u00e9e \/ Villa Costa Brava Llafranc\"><\/div><div class=\"slide-item\"><img data-lazy=\"https:\/\/files.net2rent.com\/pfiles\/43\/22933\/552968-m.jpg\" alt=\"CM2348 L&#039;OLIVERA Villa priv\u00e9e \/ Villa Costa Brava Llafranc\" title=\"CM2348 L&#039;OLIVERA Villa priv\u00e9e \/ Villa Costa Brava Llafranc\"><\/div><div class=\"slide-item\"><img data-lazy=\"https:\/\/files.net2rent.com\/pfiles\/43\/22933\/552969-m.jpg\" alt=\"CM2348 L&#039;OLIVERA Villa priv\u00e9e \/ Villa Costa Brava Llafranc\" title=\"CM2348 L&#039;OLIVERA Villa priv\u00e9e \/ Villa Costa Brava Llafranc\"><\/div><div class=\"slide-item\"><img data-lazy=\"https:\/\/files.net2rent.com\/pfiles\/43\/22933\/552970-m.jpg\" alt=\"CM2348 L&#039;OLIVERA Villa priv\u00e9e \/ Villa Costa Brava Llafranc\" title=\"CM2348 L&#039;OLIVERA Villa priv\u00e9e \/ Villa Costa Brava Llafranc\"><\/div><div class=\"slide-item\"><img data-lazy=\"https:\/\/files.net2rent.com\/pfiles\/43\/22933\/561701-m.jpg\" alt=\"CM2348 L&#039;OLIVERA Villa priv\u00e9e \/ Villa Costa Brava Llafranc\" title=\"CM2348 L&#039;OLIVERA Villa priv\u00e9e \/ Villa Costa Brava Llafranc\"><\/div><div class=\"slide-item\"><img data-lazy=\"https:\/\/img.youtube.com\/vi\/qOrza_1eTHU\/0.jpg\" alt=\"CM2348 L&#039;OLIVERA Villa priv\u00e9e \/ Villa Costa Brava Llafranc\" title=\"CM2348 L&#039;OLIVERA Villa priv\u00e9e \/ Villa Costa Brava Llafranc\"><\/div><div class=\"slide-item\"><img data-lazy=\"https:\/\/files.net2rent.com\/pfiles\/43\/22933\/561697-m.jpg\" alt=\"CM2348 L&#039;OLIVERA Villa priv\u00e9e \/ Villa Costa Brava Llafranc\" title=\"CM2348 L&#039;OLIVERA Villa priv\u00e9e \/ Villa Costa Brava Llafranc\"><\/div><div class=\"slide-item\"><img data-lazy=\"https:\/\/files.net2rent.com\/pfiles\/43\/22933\/561699-m.jpg\" alt=\"CM2348 L&#039;OLIVERA Villa priv\u00e9e \/ Villa Costa Brava Llafranc\" title=\"CM2348 L&#039;OLIVERA Villa priv\u00e9e \/ Villa Costa Brava Llafranc\"><\/div>  <\/div>\n\n  <div class=\"n2r__list__item__info\">\n    <div class=\"n2r__list__item__title\">\n      <h2 class=\"n2r__list__item__name\">\n        <a href=\"https:\/\/www.corredormato.com\/fr\/logement-detail\/louer-villa-l-olivera-llafranc-22933\/\">L&#039;Olivera - Villa avec piscine priv\u00e9e a - Tamariu<\/a>\n      <\/h2>\n          <\/div>\n    <div class=\"n2r__list__item__title\">\n      <div class=\"n2r__list__item__reference\">Ref: CM2348<\/div>\n      <div class=\"n2r__list__item__turisticreference\">HUTG-024652-19<\/div>      <div class=\"n2r__list__item__city\">Llafranc<\/div>\n              <div class=\"n2r__list__item__rating\">\n          <div class=\"n2r__rating\">\n            <div class=\"n2r__rating__complete\" style=\"width:0%\"><\/div>\n          <\/div>\n        <\/div>\n          <\/div>\n    <div class=\"n2r__list__item__features\">\n      <div class=\"n2r__list__item__feature n2r__list__item__feature--rooms\" title=\"5 chambres \u00e0 coucher\"><i class=\"n2r_room\"><\/i> 5<\/div><div class=\"n2r__list__item__feature n2r__list__item__feature--capacity\" title=\"10 pax\"><i class=\"n2r_people\"><\/i> 10<\/div><div class=\"n2r__list__item__feature n2r__list__item__feature--bathrooms\" title=\"4 toilettes\"><i class=\"n2r_toilet\"><\/i> 4<\/div><div class=\"n2r__list__item__feature n2r__list__item__feature--terrace\" title=\"terrasse\"><i class=\"n2r_terrace\"><\/i> <\/div><div class=\"n2r__list__item__feature n2r__list__item__feature--property_meters\" title=\"M\u00e8tres de la propri\u00e9t\u00e9\"><i class=\"n2r_property_meters\"><\/i> 252 m<sup>2<\/sup><\/div><div class=\"n2r__list__item__feature n2r__list__item__feature--pool\" title=\"piscine\"><i class=\"n2r_swimming_pool\"><\/i> <\/div>    <\/div>\n    <div class=\"n2r__list__item__description\">Villa L\u2019OLIVERA avec piscine priv\u00e9e \u00e0 Llafranc \u2013 Costa Brava\r\nMagnifique villa avec piscine priv\u00e9e \u00e0 Llafranc, situ\u00e9e dans un quartier r\u00e9sidentiel calme, \u00e0 seulement quelques kilom\u00e8tres des plages de Tamariu et de Llafranc, au c\u0153ur de la Costa Brava. Entour\u00e9e de nature, cette propri\u00e9t\u00e9 offre un cadre de tranquillit\u00e9 absolue, id\u00e9al pour des vacances en famille ou entre amis.\r\nLa villa est implant\u00e9e sur une vaste parcelle avec jardin priv\u00e9, piscine et espaces ext\u00e9rieurs soigneusement am\u00e9nag\u00e9s, parfaits pour se d\u00e9tendre et profiter du soleil tout au long de la journ\u00e9e. Gr\u00e2ce \u00e0 sa configuration et \u00e0 ses deux b\u00e2timents ind\u00e9pendants, elle constitue une option id\u00e9ale pour les groupes \u00e0 la recherche d\u2019espace, d\u2019intimit\u00e9 et de confort.\r\nLa maison principale est r\u00e9partie sur deux niveaux. Au niveau d\u2019entr\u00e9e, on trouve un lumineux salon-salle \u00e0 manger avec vue sur la piscine, une chambre double, une chambre \u00e0 deux lits, une pi\u00e8ce am\u00e9nag\u00e9e en bureau ainsi qu\u2019une salle de bains compl\u00e8te avec douche. Au niveau inf\u00e9rieur, au rez-de-jardin, se trouve une spacieuse suite parentale avec dressing, une salle de bains compl\u00e8te avec douche et baignoire, et un acc\u00e8s direct au jardin et \u00e0 la piscine.\r\nLe second b\u00e2timent, enti\u00e8rement de plain-pied et avec acc\u00e8s direct au jardin, dispose d\u2019une grande cuisine enti\u00e8rement \u00e9quip\u00e9e avec \u00eelot central, d\u2019un agr\u00e9able espace salon-salle \u00e0 manger avec chemin\u00e9e et de larges baies vitr\u00e9es ouvrant sur une terrasse couverte. L\u2019espace nuit comprend une suite parentale avec salle de bains avec douche et acc\u00e8s au porche, une chambre \u00e0 deux lits ainsi qu\u2019une salle de bains suppl\u00e9mentaire avec douche.\r\nLa propri\u00e9t\u00e9 est \u00e9quip\u00e9e du Wi-Fi, de la climatisation et d\u2019une pompe \u00e0 chaleur, garantissant un confort optimal tout au long de l\u2019ann\u00e9e.Capacit\u00e9 maximale : 10 personnes.\r\nUne excellente option de location de vacances sur la Costa Brava, proche de la mer et entour\u00e9e de nature, id\u00e9ale pour ceux qui recherchent le calme sans renoncer \u00e0 la proximit\u00e9 des plus belles plages du Baix Empord\u00e0.\r\nSuppl\u00e9ment m\u00e9nage : 100 \u20ac pour les s\u00e9jours de moins d\u2019une semaine (non inclus dans le prix de la location).S\u00e9jour minimum : 3 nuits.<\/div>\n    <div class=\"n2r__list__item__footer\">\n      <div class=\"n2r__list__item__price\"><span class=\"n2r__list__item__price__from\">D\u00e9s 10 \u20ac <small class=\"n2r__list__item__price__from__type\">\/  Jour<\/small><\/span><\/div>    <\/div>\n  <\/div>\n  <a class=\"n2r__list__item__link\" href=\"https:\/\/www.corredormato.com\/fr\/logement-detail\/louer-villa-l-olivera-llafranc-22933\/\">Plus<\/a>\n  <\/div>    <\/div>\n      <\/div>\n  <\/div><\/div>\n\t\t\t\t\t\t<\/div>\n\t\t\t\t<\/div>\n\t\t\t\t\t<\/div>\n\t\t<\/div>\n\t\t\t\t\t<\/div>\n\t\t<\/section>\n\t\t\t\t<section class=\"elementor-section elementor-top-section elementor-element elementor-element-2c8b649 elementor-section-boxed elementor-section-height-default elementor-section-height-default\" data-id=\"2c8b649\" data-element_type=\"section\" data-e-type=\"section\" data-settings=\"{&quot;background_background&quot;:&quot;classic&quot;}\">\n\t\t\t\t\t\t\t<div class=\"elementor-background-overlay\"><\/div>\n\t\t\t\t\t\t\t<div class=\"elementor-container elementor-column-gap-no\">\n\t\t\t\t\t<div class=\"elementor-column elementor-col-100 elementor-top-column elementor-element elementor-element-aaa97fa\" data-id=\"aaa97fa\" data-element_type=\"column\" data-e-type=\"column\">\n\t\t\t<div class=\"elementor-widget-wrap elementor-element-populated\">\n\t\t\t\t\t\t<div class=\"elementor-element elementor-element-6b8d691 elementor-widget elementor-widget-spacer\" data-id=\"6b8d691\" data-element_type=\"widget\" data-e-type=\"widget\" data-widget_type=\"spacer.default\">\n\t\t\t\t<div class=\"elementor-widget-container\">\n\t\t\t\t\t\t\t<div class=\"elementor-spacer\">\n\t\t\t<div class=\"elementor-spacer-inner\"><\/div>\n\t\t<\/div>\n\t\t\t\t\t\t<\/div>\n\t\t\t\t<\/div>\n\t\t\t\t<div class=\"elementor-element elementor-element-1942a38 elementor-widget elementor-widget-image\" data-id=\"1942a38\" data-element_type=\"widget\" data-e-type=\"widget\" data-widget_type=\"image.default\">\n\t\t\t\t<div class=\"elementor-widget-container\">\n\t\t\t\t\t\t\t\t\t\t\t\t\t\t\t\t<a href=\"https:\/\/www.corredormato.com\/lloga-amb-corredor-mato\/\">\n\t\t\t\t\t\t\t<img decoding=\"async\" width=\"128\" height=\"128\" src=\"https:\/\/www.corredormato.com\/wp-content\/uploads\/2024\/02\/key-1.png\" class=\"attachment-full size-full wp-image-13415\" alt=\"Vols posar en lloguer el teu immoble?\" \/>\t\t\t\t\t\t\t\t<\/a>\n\t\t\t\t\t\t\t\t\t\t\t\t\t\t\t<\/div>\n\t\t\t\t<\/div>\n\t\t\t\t<div class=\"elementor-element elementor-element-0fece1a elementor-widget elementor-widget-heading\" data-id=\"0fece1a\" data-element_type=\"widget\" data-e-type=\"widget\" data-widget_type=\"heading.default\">\n\t\t\t\t<div class=\"elementor-widget-container\">\n\t\t\t\t\t<h2 class=\"elementor-heading-title elementor-size-default\"><a href=\"https:\/\/www.corredormato.com\/lloga-amb-corredor-mato\/\">Vous souhaitez louer votre bien ?<\/a><\/h2>\t\t\t\t<\/div>\n\t\t\t\t<\/div>\n\t\t\t\t<div class=\"elementor-element elementor-element-0dbd951 elementor-widget elementor-widget-heading\" data-id=\"0dbd951\" data-element_type=\"widget\" data-e-type=\"widget\" data-widget_type=\"heading.default\">\n\t\t\t\t<div class=\"elementor-widget-container\">\n\t\t\t\t\t<p class=\"elementor-heading-title elementor-size-default\"><a href=\"https:\/\/www.corredormato.com\/lloga-amb-corredor-mato\/\">Chez Corredor Mat\u00f3, nous connaissons l'importance de votre patrimoine immobilier et nous vous offrons une totale tranquillit\u00e9 d'esprit avec la garantie que votre propri\u00e9t\u00e9 est entre de meilleures mains.<\/a><\/p>\t\t\t\t<\/div>\n\t\t\t\t<\/div>\n\t\t\t\t<div class=\"elementor-element elementor-element-e1eb51e elementor-widget elementor-widget-spacer\" data-id=\"e1eb51e\" data-element_type=\"widget\" data-e-type=\"widget\" data-widget_type=\"spacer.default\">\n\t\t\t\t<div class=\"elementor-widget-container\">\n\t\t\t\t\t\t\t<div class=\"elementor-spacer\">\n\t\t\t<div class=\"elementor-spacer-inner\"><\/div>\n\t\t<\/div>\n\t\t\t\t\t\t<\/div>\n\t\t\t\t<\/div>\n\t\t\t\t\t<\/div>\n\t\t<\/div>\n\t\t\t\t\t<\/div>\n\t\t<\/section>\n\t\t\t\t<section class=\"elementor-section elementor-top-section elementor-element elementor-element-4a2bd30 elementor-section-boxed elementor-section-height-default elementor-section-height-default\" data-id=\"4a2bd30\" data-element_type=\"section\" data-e-type=\"section\" data-settings=\"{&quot;background_background&quot;:&quot;classic&quot;}\">\n\t\t\t\t\t\t<div class=\"elementor-container elementor-column-gap-no\">\n\t\t\t\t\t<div class=\"elementor-column elementor-col-100 elementor-top-column elementor-element elementor-element-f2ff7aa\" data-id=\"f2ff7aa\" data-element_type=\"column\" data-e-type=\"column\">\n\t\t\t<div class=\"elementor-widget-wrap elementor-element-populated\">\n\t\t\t\t\t\t<div class=\"elementor-element elementor-element-b787f81 elementor-widget elementor-widget-heading\" data-id=\"b787f81\" data-element_type=\"widget\" data-e-type=\"widget\" data-widget_type=\"heading.default\">\n\t\t\t\t<div class=\"elementor-widget-container\">\n\t\t\t\t\t<h2 class=\"elementor-heading-title elementor-size-default\"><strong>Propri\u00e9t\u00e9s en vedette<\/strong> | Ach\u00e8te<\/h2>\t\t\t\t<\/div>\n\t\t\t\t<\/div>\n\t\t\t\t<div class=\"elementor-element elementor-element-3a4d32f sep23 elementor-widget elementor-widget-shortcode\" data-id=\"3a4d32f\" data-element_type=\"widget\" data-e-type=\"widget\" data-widget_type=\"shortcode.default\">\n\t\t\t\t<div class=\"elementor-widget-container\">\n\t\t\t\t\t\t\t<div class=\"elementor-shortcode\">\n<div class=\"n2r__list grid\" data-n2r-searchparams=\"\">\n    <div class=\"n2r__row\">\n    <div class=\"n2r__list__items\">\n      <div class=\"n2r__list__item n2r__clickable   \" data-id=\"21934\">\n  <span class=\"n2r__list__item__label n2r__list__item__label--offer\">Offre<\/span>  <div class=\"n2r__list__item__gallery n2r__slider\">\n    <div class=\"slide-item\"><img data-lazy=\"https:\/\/files.net2rent.com\/pfiles\/43\/21934\/552045-m.jpg\" alt=\"\" title=\"\"><\/div><div class=\"slide-item\"><img data-lazy=\"https:\/\/files.net2rent.com\/pfiles\/43\/21934\/522156-m.jpg\" alt=\"\" title=\"\"><\/div><div class=\"slide-item\"><img data-lazy=\"https:\/\/files.net2rent.com\/pfiles\/43\/21934\/522150-m.jpg\" alt=\"\" title=\"\"><\/div><div class=\"slide-item\"><img data-lazy=\"https:\/\/files.net2rent.com\/pfiles\/43\/21934\/522151-m.jpg\" alt=\"\" title=\"\"><\/div><div class=\"slide-item\"><img data-lazy=\"https:\/\/files.net2rent.com\/pfiles\/43\/21934\/522152-m.jpg\" alt=\"\" title=\"\"><\/div><div class=\"slide-item\"><img data-lazy=\"https:\/\/files.net2rent.com\/pfiles\/43\/21934\/522153-m.jpg\" alt=\"\" title=\"\"><\/div><div class=\"slide-item\"><img data-lazy=\"https:\/\/files.net2rent.com\/pfiles\/43\/21934\/522154-m.jpg\" alt=\"\" title=\"\"><\/div><div class=\"slide-item\"><img data-lazy=\"https:\/\/files.net2rent.com\/pfiles\/43\/21934\/522155-m.jpg\" alt=\"\" title=\"\"><\/div><div class=\"slide-item\"><img data-lazy=\"https:\/\/files.net2rent.com\/pfiles\/43\/21934\/522157-m.jpg\" alt=\"\" title=\"\"><\/div><div class=\"slide-item\"><img data-lazy=\"https:\/\/files.net2rent.com\/pfiles\/43\/21934\/514535-m.jpg\" alt=\"\" title=\"\"><\/div><div class=\"slide-item\"><img data-lazy=\"https:\/\/files.net2rent.com\/pfiles\/43\/21934\/514538-m.jpg\" alt=\"\" title=\"\"><\/div><div class=\"slide-item\"><img data-lazy=\"https:\/\/files.net2rent.com\/pfiles\/43\/21934\/514795-m.jpg\" alt=\"\" title=\"\"><\/div><div class=\"slide-item\"><img data-lazy=\"https:\/\/files.net2rent.com\/pfiles\/43\/21934\/514796-m.jpg\" alt=\"\" title=\"\"><\/div><div class=\"slide-item\"><img data-lazy=\"https:\/\/files.net2rent.com\/pfiles\/43\/21934\/514797-m.jpg\" alt=\"\" title=\"\"><\/div><div class=\"slide-item\"><img data-lazy=\"https:\/\/files.net2rent.com\/pfiles\/43\/21934\/514798-m.jpg\" alt=\"\" title=\"\"><\/div><div class=\"slide-item\"><img data-lazy=\"https:\/\/files.net2rent.com\/pfiles\/43\/21934\/514799-m.jpg\" alt=\"\" title=\"\"><\/div><div class=\"slide-item\"><img data-lazy=\"https:\/\/files.net2rent.com\/pfiles\/43\/21934\/514800-m.jpg\" alt=\"\" title=\"\"><\/div><div class=\"slide-item\"><img data-lazy=\"https:\/\/files.net2rent.com\/pfiles\/43\/21934\/514801-m.jpg\" alt=\"\" title=\"\"><\/div><div class=\"slide-item\"><img data-lazy=\"https:\/\/files.net2rent.com\/pfiles\/43\/21934\/514802-m.jpg\" alt=\"\" title=\"\"><\/div><div class=\"slide-item\"><img data-lazy=\"https:\/\/files.net2rent.com\/pfiles\/43\/21934\/514803-m.jpg\" alt=\"\" title=\"\"><\/div>  <\/div>\n\n  <div class=\"n2r__list__item__info\">\n    <div class=\"n2r__list__item__title\">\n      <h2 class=\"n2r__list__item__name\">\n        <a href=\"https:\/\/www.corredormato.com\/fr\/vendre\/vente-villa-salvador-tamariu-21934\/\">Spectaculaire villa nouvellement construite<\/a>\n      <\/h2>\n          <\/div>\n    <div class=\"n2r__list__item__title\">\n      <div class=\"n2r__list__item__reference\">Ref: M2395<\/div>\n            <div class=\"n2r__list__item__city\">Tamariu<\/div>\n          <\/div>\n    <div class=\"n2r__list__item__features\">\n      <div class=\"n2r__list__item__feature n2r__list__item__feature--rooms\" title=\"4 chambres \u00e0 coucher\"><i class=\"n2r_room\"><\/i> 4<\/div><div class=\"n2r__list__item__feature n2r__list__item__feature--bathrooms\" title=\"5 toilettes\"><i class=\"n2r_toilet\"><\/i> 5<\/div><div class=\"n2r__list__item__feature n2r__list__item__feature--property_meters\" title=\"M\u00e8tres de la propri\u00e9t\u00e9\"><i class=\"n2r_property_meters\"><\/i> 576 m<sup>2<\/sup><\/div><div class=\"n2r__list__item__feature n2r__list__item__feature--pool\" title=\"piscine\"><i class=\"n2r_swimming_pool\"><\/i> <\/div>    <\/div>\n    <div class=\"n2r__list__item__description\">Derni\u00e8re propri\u00e9t\u00e9 disponible dans cette zone de maisons ind\u00e9pendantes d&#039;exception, situ\u00e9e dans l&#039;un des quartiers les plus exclusifs de Tamariu, cette villa vous offre la tranquillit\u00e9 d&#039;un environnement naturel privil\u00e9gi\u00e9, en m\u00eame temps que vous \u00eates \u00e0 quelques minutes de tous les services et commodit\u00e9s. D\u00e9couvrez la vie de luxe pr\u00e8s de la mer dans cette spectaculaire villa de nouvelle construction.\nSitu\u00e9 sur un terrain de 1600 m\u00b2 \u00e0 seulement 5 minutes \u00e0 pied de la plage de Tamariu, ce joyau architectural offre une vue panoramique in\u00e9gal\u00e9e et une intimit\u00e9 absolue.\nCette villa au design contemporain allie parfaitement \u00e9l\u00e9gance et fonctionnalit\u00e9. Les grandes fen\u00eatres inondent chaque recoin de la maison de lumi\u00e8re naturelle, cr\u00e9ant une atmosph\u00e8re chaleureuse et accueillante. La cuisine, enti\u00e8rement \u00e9quip\u00e9e, est le c\u0153ur de la maison et s&#039;ouvre sur un grand s\u00e9jour avec acc\u00e8s direct \u00e0 la terrasse et au jardin.\nLe jardin, soigneusement con\u00e7u, est une oasis de tranquillit\u00e9 o\u00f9 vous pourrez profiter du soleil, organiser des barbecues entre amis ou en famille, ou simplement vous d\u00e9tendre au bord de la piscine.\nCaract\u00e9ristiques d\u00e9taill\u00e9es :\nSuperficie : 576m\u00b2 construits\nTerrain : 1500m\u00b2\nChambres : 4 spacieuses et lumineuses\nSalles de bains : 5 et 4 en suite.\n\u00c0 l&#039;\u00e9tage sup\u00e9rieur : 3 pi\u00e8ces et terrasses avec vue mer.\nRez-de-chauss\u00e9e&nbsp;: Suite principale avec salle de bain priv\u00e9e et dressing, salle de bain de courtoisie\nExt\u00e9rieur : Grand jardin, piscine priv\u00e9e\nTechnologie : Syst\u00e8me domotique \u00e0 la fine pointe de la technologie\nFinitions : Luxueuses et de haute qualit\u00e9\nLivraison 2027<\/div>\n    <div class=\"n2r__list__item__footer\">\n      <div class=\"n2r__list__item__price\"><span class=\"n2r__list__item__price__amount n2r__list__item__price__old\">4.000.000 \u20ac<\/span> 3.980.000 \u20ac<\/div>    <\/div>\n  <\/div>\n  <a class=\"n2r__list__item__link\" href=\"https:\/\/www.corredormato.com\/fr\/vendre\/vente-villa-salvador-tamariu-21934\/\">Plus<\/a>\n  <\/div>    <\/div>\n      <\/div>\n  <\/div><\/div>\n\t\t\t\t\t\t<\/div>\n\t\t\t\t<\/div>\n\t\t\t\t\t<\/div>\n\t\t<\/div>\n\t\t\t\t\t<\/div>\n\t\t<\/section>\n\t\t\t\t<section class=\"elementor-section elementor-top-section elementor-element elementor-element-5603b7c elementor-section-boxed elementor-section-height-default elementor-section-height-default\" data-id=\"5603b7c\" data-element_type=\"section\" data-e-type=\"section\" data-settings=\"{&quot;background_background&quot;:&quot;classic&quot;}\">\n\t\t\t\t\t\t\t<div class=\"elementor-background-overlay\"><\/div>\n\t\t\t\t\t\t\t<div class=\"elementor-container elementor-column-gap-no\">\n\t\t\t\t\t<div class=\"elementor-column elementor-col-100 elementor-top-column elementor-element elementor-element-5e9181a\" data-id=\"5e9181a\" data-element_type=\"column\" data-e-type=\"column\">\n\t\t\t<div class=\"elementor-widget-wrap elementor-element-populated\">\n\t\t\t\t\t\t<div class=\"elementor-element elementor-element-4c2cf28 elementor-widget elementor-widget-spacer\" data-id=\"4c2cf28\" data-element_type=\"widget\" data-e-type=\"widget\" data-widget_type=\"spacer.default\">\n\t\t\t\t<div class=\"elementor-widget-container\">\n\t\t\t\t\t\t\t<div class=\"elementor-spacer\">\n\t\t\t<div class=\"elementor-spacer-inner\"><\/div>\n\t\t<\/div>\n\t\t\t\t\t\t<\/div>\n\t\t\t\t<\/div>\n\t\t\t\t<div class=\"elementor-element elementor-element-1c01681 elementor-widget elementor-widget-image\" data-id=\"1c01681\" data-element_type=\"widget\" data-e-type=\"widget\" data-widget_type=\"image.default\">\n\t\t\t\t<div class=\"elementor-widget-container\">\n\t\t\t\t\t\t\t\t\t\t\t\t\t\t\t\t<a href=\"https:\/\/www.corredormato.com\/ven-el-teu-immoble-en-la-costa-brava-amb-corredor-mato\/\">\n\t\t\t\t\t\t\t<img decoding=\"async\" width=\"128\" height=\"128\" src=\"https:\/\/www.corredormato.com\/wp-content\/uploads\/2024\/02\/home.png\" class=\"attachment-full size-full wp-image-13426\" alt=\"Posa a la venda la teva propietat amb Corredor Mat\u00f3\" \/>\t\t\t\t\t\t\t\t<\/a>\n\t\t\t\t\t\t\t\t\t\t\t\t\t\t\t<\/div>\n\t\t\t\t<\/div>\n\t\t\t\t<div class=\"elementor-element elementor-element-4cf1ec3 elementor-widget elementor-widget-heading\" data-id=\"4cf1ec3\" data-element_type=\"widget\" data-e-type=\"widget\" data-widget_type=\"heading.default\">\n\t\t\t\t<div class=\"elementor-widget-container\">\n\t\t\t\t\t<h2 class=\"elementor-heading-title elementor-size-default\"><a href=\"https:\/\/www.corredormato.com\/ven-el-teu-immoble-en-la-costa-brava-amb-corredor-mato\/\">Vendez votre propri\u00e9t\u00e9 avec Corredor Mat\u00f3<\/a><\/h2>\t\t\t\t<\/div>\n\t\t\t\t<\/div>\n\t\t\t\t<div class=\"elementor-element elementor-element-22274ee elementor-widget elementor-widget-heading\" data-id=\"22274ee\" data-element_type=\"widget\" data-e-type=\"widget\" data-widget_type=\"heading.default\">\n\t\t\t\t<div class=\"elementor-widget-container\">\n\t\t\t\t\t<p class=\"elementor-heading-title elementor-size-default\"><a href=\"https:\/\/www.corredormato.com\/ven-el-teu-immoble-en-la-costa-brava-amb-corredor-mato\/\">Nous vous conseillons \u00e0 tout moment et vous offrons toute l'aide n\u00e9cessaire concernant les d\u00e9marches de vente du bien.<\/a><\/p>\t\t\t\t<\/div>\n\t\t\t\t<\/div>\n\t\t\t\t<div class=\"elementor-element elementor-element-aed86f8 elementor-widget elementor-widget-spacer\" data-id=\"aed86f8\" data-element_type=\"widget\" data-e-type=\"widget\" data-widget_type=\"spacer.default\">\n\t\t\t\t<div class=\"elementor-widget-container\">\n\t\t\t\t\t\t\t<div class=\"elementor-spacer\">\n\t\t\t<div class=\"elementor-spacer-inner\"><\/div>\n\t\t<\/div>\n\t\t\t\t\t\t<\/div>\n\t\t\t\t<\/div>\n\t\t\t\t\t<\/div>\n\t\t<\/div>\n\t\t\t\t\t<\/div>\n\t\t<\/section>\n\t\t\t\t<section class=\"elementor-section elementor-top-section elementor-element elementor-element-8c3e2bf elementor-section-full_width elementor-section-height-default elementor-section-height-default\" data-id=\"8c3e2bf\" data-element_type=\"section\" data-e-type=\"section\" data-settings=\"{&quot;background_background&quot;:&quot;classic&quot;}\">\n\t\t\t\t\t\t<div class=\"elementor-container elementor-column-gap-no\">\n\t\t\t\t\t<div class=\"elementor-column elementor-col-100 elementor-top-column elementor-element elementor-element-76ec4d2\" data-id=\"76ec4d2\" data-element_type=\"column\" data-e-type=\"column\">\n\t\t\t<div class=\"elementor-widget-wrap elementor-element-populated\">\n\t\t\t\t\t\t<div class=\"elementor-element elementor-element-74ee081 elementor-align-left elementor-widget elementor-widget-breadcrumbs\" data-id=\"74ee081\" data-element_type=\"widget\" data-e-type=\"widget\" data-widget_type=\"breadcrumbs.default\">\n\t\t\t\t<div class=\"elementor-widget-container\">\n\t\t\t\t\t<p id=\"breadcrumbs\"><span><span><a href=\"https:\/\/www.corredormato.com\/fr\/\">Home<\/a><\/span><\/span><\/p>\t\t\t\t<\/div>\n\t\t\t\t<\/div>\n\t\t\t\t\t<\/div>\n\t\t<\/div>\n\t\t\t\t\t<\/div>\n\t\t<\/section>\n\t\t\t\t<\/div>\n\t\t","protected":false},"excerpt":{"rendered":"<p>H\u00e9bergements en vedette | Location Vous souhaitez louer votre bien ? Chez Corredor Mat\u00f3, nous connaissons l&#8217;importance de votre patrimoine immobilier et nous vous offrons une totale tranquillit\u00e9 d&#8217;esprit avec la garantie que votre propri\u00e9t\u00e9 est entre de meilleures mains. Propri\u00e9t\u00e9s en vedette | Ach\u00e8te Vendez votre propri\u00e9t\u00e9 avec Corredor Mat\u00f3 Nous vous conseillons \u00e0 [&hellip;]<\/p>\n","protected":false},"author":1,"featured_media":4520,"parent":0,"menu_order":0,"comment_status":"closed","ping_status":"closed","template":"","meta":{"footnotes":""},"class_list":["post-13440","page","type-page","status-publish","has-post-thumbnail","hentry"],"yoast_head":"<!-- This site is optimized with the Yoast SEO plugin v27.4 - https:\/\/yoast.com\/product\/yoast-seo-wordpress\/ -->\n<title>Costa Brava - Corredor Mat\u00f3 Real Estate &amp; Property Management<\/title>\n<meta name=\"description\" content=\"Pensem en les vostres vacances, oferint-vos el m\u00e9s gran ventall d\u2019immobles i serveis, per satisfer totes les vostres peticions. Si sou propietaris i voleu llogar, Corredor Mat\u00f3 \u00e9s la vostra ag\u00e8ncia.\" \/>\n<meta name=\"robots\" content=\"index, follow, max-snippet:-1, max-image-preview:large, max-video-preview:-1\" \/>\n<link rel=\"canonical\" href=\"https:\/\/www.corredormato.com\/fr\/zone-costa-brava\/\" \/>\n<meta property=\"og:locale\" content=\"fr_FR\" \/>\n<meta property=\"og:type\" content=\"article\" \/>\n<meta property=\"og:title\" content=\"Costa Brava - Corredor Mat\u00f3 Real Estate &amp; Property Management\" \/>\n<meta property=\"og:description\" content=\"Pensem en les vostres vacances, oferint-vos el m\u00e9s gran ventall d\u2019immobles i serveis, per satisfer totes les vostres peticions. Si sou propietaris i voleu llogar, Corredor Mat\u00f3 \u00e9s la vostra ag\u00e8ncia.\" \/>\n<meta property=\"og:url\" content=\"https:\/\/www.corredormato.com\/fr\/zone-costa-brava\/\" \/>\n<meta property=\"og:site_name\" content=\"Corredor Mat\u00f3 Real Estate &amp; Property Management\" \/>\n<meta property=\"article:modified_time\" content=\"2024-02-05T11:36:30+00:00\" \/>\n<meta property=\"og:image\" content=\"https:\/\/www.corredormato.com\/wp-content\/uploads\/2023\/06\/RRSS_Corredor_MATO.jpg\" \/>\n\t<meta property=\"og:image:width\" content=\"1280\" \/>\n\t<meta property=\"og:image:height\" content=\"720\" \/>\n\t<meta property=\"og:image:type\" content=\"image\/jpeg\" \/>\n<meta name=\"twitter:card\" content=\"summary_large_image\" \/>\n<meta name=\"twitter:label1\" content=\"Dur\u00e9e de lecture estim\u00e9e\" \/>\n\t<meta name=\"twitter:data1\" content=\"1 minute\" \/>\n<script type=\"application\/ld+json\" class=\"yoast-schema-graph\">{\"@context\":\"https:\\\/\\\/schema.org\",\"@graph\":[{\"@type\":\"WebPage\",\"@id\":\"https:\\\/\\\/www.corredormato.com\\\/fr\\\/zone-costa-brava\\\/\",\"url\":\"https:\\\/\\\/www.corredormato.com\\\/fr\\\/zone-costa-brava\\\/\",\"name\":\"Costa Brava - Corredor Mat\u00f3 Real Estate &amp; Property Management\",\"isPartOf\":{\"@id\":\"https:\\\/\\\/www.corredormato.com\\\/fr\\\/#website\"},\"primaryImageOfPage\":{\"@id\":\"https:\\\/\\\/www.corredormato.com\\\/fr\\\/zone-costa-brava\\\/#primaryimage\"},\"image\":{\"@id\":\"https:\\\/\\\/www.corredormato.com\\\/fr\\\/zone-costa-brava\\\/#primaryimage\"},\"thumbnailUrl\":\"https:\\\/\\\/www.corredormato.com\\\/wp-content\\\/uploads\\\/2023\\\/06\\\/RRSS_Corredor_MATO.jpg\",\"datePublished\":\"2024-02-05T11:05:30+00:00\",\"dateModified\":\"2024-02-05T11:36:30+00:00\",\"description\":\"Pensem en les vostres vacances, oferint-vos el m\u00e9s gran ventall d\u2019immobles i serveis, per satisfer totes les vostres peticions. Si sou propietaris i voleu llogar, Corredor Mat\u00f3 \u00e9s la vostra ag\u00e8ncia.\",\"breadcrumb\":{\"@id\":\"https:\\\/\\\/www.corredormato.com\\\/fr\\\/zone-costa-brava\\\/#breadcrumb\"},\"inLanguage\":\"fr-FR\",\"potentialAction\":[{\"@type\":\"ReadAction\",\"target\":[\"https:\\\/\\\/www.corredormato.com\\\/fr\\\/zone-costa-brava\\\/\"]}]},{\"@type\":\"BreadcrumbList\",\"@id\":\"https:\\\/\\\/www.corredormato.com\\\/fr\\\/zone-costa-brava\\\/#breadcrumb\",\"itemListElement\":[{\"@type\":\"ListItem\",\"position\":1,\"name\":\"Home\",\"item\":\"https:\\\/\\\/www.corredormato.com\\\/fr\\\/\"},{\"@type\":\"ListItem\",\"position\":2,\"name\":\"Costa Brava\"}]},{\"@type\":\"WebSite\",\"@id\":\"https:\\\/\\\/www.corredormato.com\\\/fr\\\/#website\",\"url\":\"https:\\\/\\\/www.corredormato.com\\\/fr\\\/\",\"name\":\"Corredor Mat\u00f3 Real Estate &amp; Property Management\",\"description\":\"Real Estate &amp; Property Management\",\"publisher\":{\"@id\":\"https:\\\/\\\/www.corredormato.com\\\/fr\\\/#organization\"},\"alternateName\":\"Corredor Mat\u00f3\",\"potentialAction\":[{\"@type\":\"SearchAction\",\"target\":{\"@type\":\"EntryPoint\",\"urlTemplate\":\"https:\\\/\\\/www.corredormato.com\\\/resultats-de-cerca-lloguer\\\/?search_text={search_term_string}\"},\"query-input\":{\"@type\":\"PropertyValueSpecification\",\"valueRequired\":true,\"valueName\":\"search_term_string\"}}],\"inLanguage\":\"fr-FR\"},{\"@type\":\"Organization\",\"@id\":\"https:\\\/\\\/www.corredormato.com\\\/fr\\\/#organization\",\"name\":\"Corredor Mat\u00f3 | Real Estate & Property Management\",\"url\":\"https:\\\/\\\/www.corredormato.com\\\/fr\\\/\",\"logo\":{\"@type\":\"ImageObject\",\"inLanguage\":\"fr-FR\",\"@id\":\"https:\\\/\\\/www.corredormato.com\\\/fr\\\/#\\\/schema\\\/logo\\\/image\\\/\",\"url\":\"https:\\\/\\\/www.corredormato.com\\\/wp-content\\\/uploads\\\/2021\\\/04\\\/logo.png\",\"contentUrl\":\"https:\\\/\\\/www.corredormato.com\\\/wp-content\\\/uploads\\\/2021\\\/04\\\/logo.png\",\"width\":970,\"height\":225,\"caption\":\"Corredor Mat\u00f3 | Real Estate & Property Management\"},\"image\":{\"@id\":\"https:\\\/\\\/www.corredormato.com\\\/fr\\\/#\\\/schema\\\/logo\\\/image\\\/\"}}]}<\/script>\n<!-- \/ Yoast SEO plugin. -->","yoast_head_json":{"title":"Costa Brava - Corredor Mat\u00f3 Real Estate &amp; Property Management","description":"Pensem en les vostres vacances, oferint-vos el m\u00e9s gran ventall d\u2019immobles i serveis, per satisfer totes les vostres peticions. Si sou propietaris i voleu llogar, Corredor Mat\u00f3 \u00e9s la vostra ag\u00e8ncia.","robots":{"index":"index","follow":"follow","max-snippet":"max-snippet:-1","max-image-preview":"max-image-preview:large","max-video-preview":"max-video-preview:-1"},"canonical":"https:\/\/www.corredormato.com\/fr\/zone-costa-brava\/","og_locale":"fr_FR","og_type":"article","og_title":"Costa Brava - Corredor Mat\u00f3 Real Estate &amp; Property Management","og_description":"Pensem en les vostres vacances, oferint-vos el m\u00e9s gran ventall d\u2019immobles i serveis, per satisfer totes les vostres peticions. Si sou propietaris i voleu llogar, Corredor Mat\u00f3 \u00e9s la vostra ag\u00e8ncia.","og_url":"https:\/\/www.corredormato.com\/fr\/zone-costa-brava\/","og_site_name":"Corredor Mat\u00f3 Real Estate &amp; Property Management","article_modified_time":"2024-02-05T11:36:30+00:00","og_image":[{"width":1280,"height":720,"url":"https:\/\/www.corredormato.com\/wp-content\/uploads\/2023\/06\/RRSS_Corredor_MATO.jpg","type":"image\/jpeg"}],"twitter_card":"summary_large_image","twitter_misc":{"Dur\u00e9e de lecture estim\u00e9e":"1 minute"},"schema":{"@context":"https:\/\/schema.org","@graph":[{"@type":"WebPage","@id":"https:\/\/www.corredormato.com\/fr\/zone-costa-brava\/","url":"https:\/\/www.corredormato.com\/fr\/zone-costa-brava\/","name":"Costa Brava - Corredor Mat\u00f3 Real Estate &amp; Property Management","isPartOf":{"@id":"https:\/\/www.corredormato.com\/fr\/#website"},"primaryImageOfPage":{"@id":"https:\/\/www.corredormato.com\/fr\/zone-costa-brava\/#primaryimage"},"image":{"@id":"https:\/\/www.corredormato.com\/fr\/zone-costa-brava\/#primaryimage"},"thumbnailUrl":"https:\/\/www.corredormato.com\/wp-content\/uploads\/2023\/06\/RRSS_Corredor_MATO.jpg","datePublished":"2024-02-05T11:05:30+00:00","dateModified":"2024-02-05T11:36:30+00:00","description":"Pensem en les vostres vacances, oferint-vos el m\u00e9s gran ventall d\u2019immobles i serveis, per satisfer totes les vostres peticions. Si sou propietaris i voleu llogar, Corredor Mat\u00f3 \u00e9s la vostra ag\u00e8ncia.","breadcrumb":{"@id":"https:\/\/www.corredormato.com\/fr\/zone-costa-brava\/#breadcrumb"},"inLanguage":"fr-FR","potentialAction":[{"@type":"ReadAction","target":["https:\/\/www.corredormato.com\/fr\/zone-costa-brava\/"]}]},{"@type":"BreadcrumbList","@id":"https:\/\/www.corredormato.com\/fr\/zone-costa-brava\/#breadcrumb","itemListElement":[{"@type":"ListItem","position":1,"name":"Home","item":"https:\/\/www.corredormato.com\/fr\/"},{"@type":"ListItem","position":2,"name":"Costa Brava"}]},{"@type":"WebSite","@id":"https:\/\/www.corredormato.com\/fr\/#website","url":"https:\/\/www.corredormato.com\/fr\/","name":"Corredor Mat\u00f3 Real Estate &amp; Property Management","description":"Real Estate &amp; Property Management","publisher":{"@id":"https:\/\/www.corredormato.com\/fr\/#organization"},"alternateName":"Corredor Mat\u00f3","potentialAction":[{"@type":"SearchAction","target":{"@type":"EntryPoint","urlTemplate":"https:\/\/www.corredormato.com\/resultats-de-cerca-lloguer\/?search_text={search_term_string}"},"query-input":{"@type":"PropertyValueSpecification","valueRequired":true,"valueName":"search_term_string"}}],"inLanguage":"fr-FR"},{"@type":"Organization","@id":"https:\/\/www.corredormato.com\/fr\/#organization","name":"Corredor Mat\u00f3 | Real Estate & Property Management","url":"https:\/\/www.corredormato.com\/fr\/","logo":{"@type":"ImageObject","inLanguage":"fr-FR","@id":"https:\/\/www.corredormato.com\/fr\/#\/schema\/logo\/image\/","url":"https:\/\/www.corredormato.com\/wp-content\/uploads\/2021\/04\/logo.png","contentUrl":"https:\/\/www.corredormato.com\/wp-content\/uploads\/2021\/04\/logo.png","width":970,"height":225,"caption":"Corredor Mat\u00f3 | Real Estate & Property Management"},"image":{"@id":"https:\/\/www.corredormato.com\/fr\/#\/schema\/logo\/image\/"}}]}},"_links":{"self":[{"href":"https:\/\/www.corredormato.com\/fr\/wp-json\/wp\/v2\/pages\/13440","targetHints":{"allow":["GET"]}}],"collection":[{"href":"https:\/\/www.corredormato.com\/fr\/wp-json\/wp\/v2\/pages"}],"about":[{"href":"https:\/\/www.corredormato.com\/fr\/wp-json\/wp\/v2\/types\/page"}],"author":[{"embeddable":true,"href":"https:\/\/www.corredormato.com\/fr\/wp-json\/wp\/v2\/users\/1"}],"replies":[{"embeddable":true,"href":"https:\/\/www.corredormato.com\/fr\/wp-json\/wp\/v2\/comments?post=13440"}],"version-history":[{"count":3,"href":"https:\/\/www.corredormato.com\/fr\/wp-json\/wp\/v2\/pages\/13440\/revisions"}],"predecessor-version":[{"id":13508,"href":"https:\/\/www.corredormato.com\/fr\/wp-json\/wp\/v2\/pages\/13440\/revisions\/13508"}],"wp:featuredmedia":[{"embeddable":true,"href":"https:\/\/www.corredormato.com\/fr\/wp-json\/wp\/v2\/media\/4520"}],"wp:attachment":[{"href":"https:\/\/www.corredormato.com\/fr\/wp-json\/wp\/v2\/media?parent=13440"}],"curies":[{"name":"wp","href":"https:\/\/api.w.org\/{rel}","templated":true}]}}