{"id":320,"date":"2021-04-30T16:20:51","date_gmt":"2021-04-30T16:20:51","guid":{"rendered":"http:\/\/52.30.243.130\/resultats-de-la-recherche-location\/"},"modified":"2024-04-17T12:01:08","modified_gmt":"2024-04-17T10:01:08","slug":"resultats-de-la-recherche-location","status":"publish","type":"page","link":"https:\/\/www.corredormato.com\/fr\/resultats-de-la-recherche-location\/","title":{"rendered":"R\u00e9sultats de la recherche : Location"},"content":{"rendered":"\t\t<div data-elementor-type=\"wp-page\" data-elementor-id=\"320\" class=\"elementor elementor-320 elementor-304\" data-elementor-post-type=\"page\">\n\t\t\t\t\t\t<section class=\"elementor-section elementor-top-section elementor-element elementor-element-fa097c4 elementor-section-full_width elementor-section-height-default elementor-section-height-default\" data-id=\"fa097c4\" data-element_type=\"section\" data-e-type=\"section\">\n\t\t\t\t\t\t<div class=\"elementor-container elementor-column-gap-default\">\n\t\t\t\t\t<div class=\"elementor-column elementor-col-100 elementor-top-column elementor-element elementor-element-67d6c50\" data-id=\"67d6c50\" data-element_type=\"column\" data-e-type=\"column\">\n\t\t\t<div class=\"elementor-widget-wrap elementor-element-populated\">\n\t\t\t\t\t\t<div class=\"elementor-element elementor-element-1c11189 listado-general elementor-widget elementor-widget-shortcode\" data-id=\"1c11189\" data-element_type=\"widget\" data-e-type=\"widget\" id=\"resultats-lloguer\" data-widget_type=\"shortcode.default\">\n\t\t\t\t<div class=\"elementor-widget-container\">\n\t\t\t\t\t\t\t<div class=\"elementor-shortcode\">\n<div class=\"n2r__list grid\" data-n2r-searchparams=\"\">\n      <div class=\"n2r__list__header\">\n              <a href=\"#\" class=\"n2r__btn n2r__btn--mobileicon n2r__btn--filters\" data-toggleclass=\"filters\" data-target-parent=\".n2r__list\">Ouvrez les filtres<\/a>\n            <select name=\"orderby\" class=\"n2r__select\" aria-label=\"Trier les r\u00e9sultats\">\n        <option value=\"\/fr\/wp-json\/wp\/v2\/pages\/320?orderby=\"> Trier les r\u00e9sultats<\/option>\n        <option value=\"\/fr\/wp-json\/wp\/v2\/pages\/320?orderby=pricedesc\" > Prix: de haut en bas        <option value=\"\/fr\/wp-json\/wp\/v2\/pages\/320?orderby=priceasc\" > Prix: de bas en haut      <\/select>\n      <span class=\"separator\"><\/span>\n              <a href=\"\" class=\"n2r__btn n2r__btn--mobileicon n2r__btn--map\" data-toggleclass=\"map\" data-target-parent=\".n2r__list\" data-activated-text=\"Masquer la carte\" data-deactivated-text=\"Montrer la carte\">Montrer la carte<\/a>\n                  <a href=\"#\" class=\"n2r__btn n2r__btn--mobileicon n2r__btn--searchinmap\">recherche sur la carte<\/a>\n            <div class=\"n2r__btngroup n2r__btngroup--viewmode\">\n        <a href=\"\" class=\"n2r__btn n2r__btn--grid active\" data-viewmode=\"grid\" aria-label=\"Grid view\"><\/a>\n        <a href=\"\" class=\"n2r__btn n2r__btn--list \" data-viewmode=\"list\" aria-label=\"List view\"><\/a>\n      <\/div>\n    <\/div>\n  <div class=\"n2r__list__filters\">\n  <header>\n    Filtrer recherche    <a href=\"#\" class=\"n2r__btn--close\" data-toggleclass=\"filters\" data-target-parent=\".n2r__list\" aria-label=\"Fermer\"><\/a>\n  <\/header>\n  <form method=\"get\" action=\"\/fr\/wp-json\/wp\/v2\/pages\/320?_f=1\" role=\"form\" autocomplete=\"off\">\n    <input type=\"hidden\" aria-hidden=\"true\" name=\"commercialization_type\" value=\"rental\">\n\n                <div class=\"n2r__list__filters__field\">\n              <label for=\"n2r-filters-search-text-44017\">Chercher<\/label>\n              <input type=\"text\" name=\"search_text\" id=\"n2r-filters-search-text-44017\" class=\"n2r__input\" value=\"\">\n            <\/div>\n                          <div class=\"n2r__list__filters__field\">\n                <label for=\"n2r-filters-city-44017\">Ville<\/label>\n                <select name=\"city\" id=\"n2r-filters-city-44017\" class=\"n2r__select\">\n                  <option value=\"\">Tout<\/option>\n                  <option value=\"Begur\" >Begur<\/option><option value=\"Calella de Palafrugell\" >Calella de Palafrugell<\/option><option value=\"Cor\u00e7\u00e0\" >Cor\u00e7\u00e0<\/option><option value=\"Cru\u00eflles, Monells i Sant Sadurn\u00ed de l&#039;Heura\" >Cru\u00eflles, Monells i Sant Sadurn\u00ed de l&#039;Heura<\/option><option value=\"La Bisbal d&amp;apos;Empord\u00e0\" >La Bisbal d&amp;apos;Empord\u00e0<\/option><option value=\"Llafranc\" >Llafranc<\/option><option value=\"Mont-ras\" >Mont-ras<\/option><option value=\"Palam\u00f3s\" >Palam\u00f3s<\/option><option value=\"Pals\" >Pals<\/option><option value=\"Platja D&#039;aro\" >Platja D&#039;aro<\/option><option value=\"Rupi\u00e0\" >Rupi\u00e0<\/option><option value=\"Sa Riera\" >Sa Riera<\/option><option value=\"Tamariu\" >Tamariu<\/option>                <\/select>\n              <\/div>\n                          <div class=\"n2r__list__filters__field\">\n                <label for=\"n2r-filters-zone-44017\">Zone<\/label>\n                <select name=\"zone\" id=\"n2r-filters-zone-44017\" class=\"n2r__select\" data-remoteurl=\"https:\/\/www.corredormato.com\/wp-json\/n2r\/v1\/zones\">\n                  <option value=\"\">Tout<\/option>\n                  <option value=\"Cala Nostra\" >Cala Nostra<\/option><option value=\"Calella Park\" >Calella Park<\/option><option value=\"Calella park\" >Calella park<\/option><option value=\"Castell d&#039;Empord\u00e0\" >Castell d&#039;Empord\u00e0<\/option><option value=\"Costa Brava\" >Costa Brava<\/option><option value=\"El Far\" >El Far<\/option><option value=\"Playa\" >Playa<\/option>                <\/select>\n              <\/div>\n                          <div class=\"n2r__list__filters__field \">\n                <label for=\"n2r-filters-type-44017\">Type de propri\u00e9t\u00e9<\/label>\n                <select name=\"type\" id=\"n2r-filters-type-44017\" class=\"n2r__select\">\n                  <option value=\"\">Type de propri\u00e9t\u00e9<\/option>\n                  <option value=\"apartment\" >Appartement<\/option><option value=\"attached_house\" >Maison jumel\u00e9e<\/option><option value=\"isolated_house\" >Villa priv\u00e9e \/ Villa<\/option>                <\/select>\n              <\/div>\n                          <div class=\"n2r__list__filters__field\">\n                <label for=\"n2r-filters-category-44017\" Cat\u00e9gorie<\/label>\n                  <select name=\"category\" id=\"n2r-filters-category-44017\" class=\"n2r__select\">\n                    <option value=\"\">Tout<\/option>\n                    <option value=\"10\" >Touristique<\/option><option value=\"11\" >Exclusif<\/option><option value=\"12\" >Premium<\/option><option value=\"415\" >Early Birds<\/option><option value=\"489\" >HALF-TERM-2026<\/option><option value=\"619\" >RadikalSwim2025<\/option><option value=\"662\" >PROMO-PURISIMA-2025<\/option><option value=\"697\" >Purisima2026<\/option>                  <\/select>\n              <\/div>\n                        <div class=\"n2r__list__filters__field n2r__datepickercontainer\">\n              <label for=\"n2r-filters-dates-44017\">S\u00e9lectionnez les dates<\/label>\n              <input type=\"text\" id=\"n2r-filters-dates-44017\" class=\"n2r__input n2r-daterangepicker-component\" data-checkin=\"\" data-checkout=\"\" data-language=\"fr\">\n              <input type=\"hidden\" aria-hidden=\"true\" name=\"checkin\" value=\"\">\n              <input type=\"hidden\" aria-hidden=\"true\" name=\"checkout\" value=\"\">\n            <\/div>\n                      <div class=\"n2r__list__filters__field n2r__list__filters__field--small\">\n              <label for=\"n2r-filters-adults-44017\">Adultes<\/label>\n                            <input class=\"n2r__input\" name=\"adults\" id=\"n2r-filters-adults-44017\" type=\"number\" min=\"1\" max=\"15\" value=\"1\">\n            <\/div>\n                      <div class=\"n2r__list__filters__field n2r__list__filters__field--small\">\n              <label for=\"n2r-filters-children-44017\">Enfants<\/label>\n                            <input class=\"n2r__input\" name=\"children\" id=\"n2r-filters-children-44017\" type=\"number\" min=\"0\" max=\"15\" value=\"0\">\n            <\/div>\n                      <div class=\"n2r__list__filters__field\">\n              <label for=\"flexible\">\n                <input type=\"hidden\" aria-hidden=\"true\" name=\"flexible\" value=\"\">\n                <input type=\"checkbox\" name=\"flexible\" value=\"1\" >\n                Je suis flexible sur les dates              <\/label>\n            <\/div>\n                      <div class=\"n2r__list__filters__field\">\n              <label for=\"n2r-filters-rooms-min-44017\">Chambres<\/label>\n              <div class=\"n2r__radio\">\n                <input type=\"hidden\" aria-hidden=\"true\" name=\"min_room_number\" id=\"n2r-filters-rooms-min-44017\" value=\"\">\n                                  <div class=\"n2r__radio__item \" data-value=\"1\">+1<\/div>\n                                  <div class=\"n2r__radio__item \" data-value=\"2\">+2<\/div>\n                                  <div class=\"n2r__radio__item \" data-value=\"3\">+3<\/div>\n                                  <div class=\"n2r__radio__item \" data-value=\"4\">+4<\/div>\n                                  <div class=\"n2r__radio__item \" data-value=\"5\">+5<\/div>\n                              <\/div>\n            <\/div>\n                      <div class=\"n2r__list__filters__field\">\n              <label for=\"n2r-filters-toilets-min-44017\">Toilettes<\/label>\n              <div class=\"n2r__radio\">\n                <input type=\"hidden\" id=\"n2r-filters-toilets-min-44017\" aria-hidden=\"true\" name=\"min_toilets_number\" value=\"\">\n                                  <div class=\"n2r__radio__item \" data-value=\"1\">+1<\/div>\n                                  <div class=\"n2r__radio__item \" data-value=\"2\">+2<\/div>\n                                  <div class=\"n2r__radio__item \" data-value=\"3\">+3<\/div>\n                              <\/div>\n            <\/div>\n                <div class=\"n2r__list__filters__field\">\n        <label>Plus de fonctionnalit\u00e9s<\/label>\n                  <label class=\"n2r__btn n2r__btn--outline n2r__btn--checkbox\">\n            <input type=\"hidden\" aria-hidden=\"true\" name=\"pets\" value=\"\">\n            <input type=\"checkbox\" class=\"n2r__checkbox\" name=\"pets\" value=\"1\" >\n            Mascottes          <\/label>\n                  <label class=\"n2r__btn n2r__btn--outline n2r__btn--checkbox\">\n            <input type=\"hidden\" aria-hidden=\"true\" name=\"pool\" value=\"\">\n            <input type=\"checkbox\" class=\"n2r__checkbox\" name=\"pool\" value=\"1\" >\n            Piscine          <\/label>\n                  <label class=\"n2r__btn n2r__btn--outline n2r__btn--checkbox\">\n            <input type=\"hidden\" aria-hidden=\"true\" name=\"parking_garage\" value=\"\">\n            <input type=\"checkbox\" class=\"n2r__checkbox\" name=\"parking_garage\" value=\"1\" >\n            Parking          <\/label>\n                  <label class=\"n2r__btn n2r__btn--outline n2r__btn--checkbox\">\n            <input type=\"hidden\" aria-hidden=\"true\" name=\"garden\" value=\"\">\n            <input type=\"checkbox\" class=\"n2r__checkbox\" name=\"garden\" value=\"1\" >\n            Jardin          <\/label>\n                  <label class=\"n2r__btn n2r__btn--outline n2r__btn--checkbox\">\n            <input type=\"hidden\" aria-hidden=\"true\" name=\"wifi\" value=\"\">\n            <input type=\"checkbox\" class=\"n2r__checkbox\" name=\"wifi\" value=\"1\" >\n            WIFI          <\/label>\n                  <label class=\"n2r__btn n2r__btn--outline n2r__btn--checkbox\">\n            <input type=\"hidden\" aria-hidden=\"true\" name=\"air_conditioning\" value=\"\">\n            <input type=\"checkbox\" class=\"n2r__checkbox\" name=\"air_conditioning\" value=\"1\" >\n            Climatisation          <\/label>\n                  <label class=\"n2r__btn n2r__btn--outline n2r__btn--checkbox\">\n            <input type=\"hidden\" aria-hidden=\"true\" name=\"barbecue\" value=\"\">\n            <input type=\"checkbox\" class=\"n2r__checkbox\" name=\"barbecue\" value=\"1\" >\n            Barbecue          <\/label>\n                  <label class=\"n2r__btn n2r__btn--outline n2r__btn--checkbox\">\n            <input type=\"hidden\" aria-hidden=\"true\" name=\"terrace\" value=\"\">\n            <input type=\"checkbox\" class=\"n2r__checkbox\" name=\"terrace\" value=\"1\" >\n            Terrasse          <\/label>\n              <\/div>\n        <footer>\n      <button type=\"submit\" class=\"n2r__btn n2r__btn--search\">Chercher<\/button>\n    <\/footer>\n  <\/form>\n<\/div>  <div class=\"n2r__row\">\n    <div class=\"n2r__list__items\">\n      <div class=\"n2r__list__item n2r__clickable   \" data-id=\"2773\">\n    <div class=\"n2r__list__item__gallery n2r__slider\">\n    <div class=\"slide-item\"><img data-lazy=\"https:\/\/files.net2rent.com\/pfiles\/43\/2773\/589146-m.jpg\" alt=\"CM950 GERANIS Maison jumel\u00e9e  Llafranc\" title=\"CM950 GERANIS Maison jumel\u00e9e  Llafranc\"><\/div><div class=\"slide-item\"><img data-lazy=\"https:\/\/files.net2rent.com\/pfiles\/43\/2773\/589147-m.jpg\" alt=\"CM950 GERANIS Maison jumel\u00e9e  Llafranc\" title=\"CM950 GERANIS Maison jumel\u00e9e  Llafranc\"><\/div><div class=\"slide-item\"><img data-lazy=\"https:\/\/files.net2rent.com\/pfiles\/43\/2773\/589149-m.jpg\" alt=\"CM950 GERANIS Maison jumel\u00e9e  Llafranc\" title=\"CM950 GERANIS Maison jumel\u00e9e  Llafranc\"><\/div><div class=\"slide-item\"><img data-lazy=\"https:\/\/files.net2rent.com\/pfiles\/43\/2773\/589148-m.jpg\" alt=\"CM950 GERANIS Maison jumel\u00e9e  Llafranc\" title=\"CM950 GERANIS Maison jumel\u00e9e  Llafranc\"><\/div><div class=\"slide-item\"><img data-lazy=\"https:\/\/files.net2rent.com\/pfiles\/43\/2773\/589136-m.jpg\" alt=\"CM950 GERANIS Maison jumel\u00e9e  Llafranc\" title=\"CM950 GERANIS Maison jumel\u00e9e  Llafranc\"><\/div><div class=\"slide-item\"><img data-lazy=\"https:\/\/files.net2rent.com\/pfiles\/43\/2773\/589138-m.jpg\" alt=\"CM950 GERANIS Maison jumel\u00e9e  Llafranc\" title=\"CM950 GERANIS Maison jumel\u00e9e  Llafranc\"><\/div><div class=\"slide-item\"><img data-lazy=\"https:\/\/files.net2rent.com\/pfiles\/43\/2773\/589139-m.jpg\" alt=\"CM950 GERANIS Maison jumel\u00e9e  Llafranc\" title=\"CM950 GERANIS Maison jumel\u00e9e  Llafranc\"><\/div><div class=\"slide-item\"><img data-lazy=\"https:\/\/files.net2rent.com\/pfiles\/43\/2773\/589137-m.jpg\" alt=\"CM950 GERANIS Maison jumel\u00e9e  Llafranc\" title=\"CM950 GERANIS Maison jumel\u00e9e  Llafranc\"><\/div><div class=\"slide-item\"><img data-lazy=\"https:\/\/files.net2rent.com\/pfiles\/43\/2773\/589152-m.jpg\" alt=\"CM950 GERANIS Maison jumel\u00e9e  Llafranc\" title=\"CM950 GERANIS Maison jumel\u00e9e  Llafranc\"><\/div><div class=\"slide-item\"><img data-lazy=\"https:\/\/files.net2rent.com\/pfiles\/43\/2773\/589151-m.jpg\" alt=\"CM950 GERANIS Maison jumel\u00e9e  Llafranc\" title=\"CM950 GERANIS Maison jumel\u00e9e  Llafranc\"><\/div><div class=\"slide-item\"><img data-lazy=\"https:\/\/files.net2rent.com\/pfiles\/43\/2773\/589153-m.jpg\" alt=\"CM950 GERANIS Maison jumel\u00e9e  Llafranc\" title=\"CM950 GERANIS Maison jumel\u00e9e  Llafranc\"><\/div><div class=\"slide-item\"><img data-lazy=\"https:\/\/files.net2rent.com\/pfiles\/43\/2773\/589141-m.jpg\" alt=\"CM950 GERANIS Maison jumel\u00e9e  Llafranc\" title=\"CM950 GERANIS Maison jumel\u00e9e  Llafranc\"><\/div><div class=\"slide-item\"><img data-lazy=\"https:\/\/files.net2rent.com\/pfiles\/43\/2773\/589142-m.jpg\" alt=\"CM950 GERANIS Maison jumel\u00e9e  Llafranc\" title=\"CM950 GERANIS Maison jumel\u00e9e  Llafranc\"><\/div><div class=\"slide-item\"><img data-lazy=\"https:\/\/files.net2rent.com\/pfiles\/43\/2773\/589140-m.jpg\" alt=\"CM950 GERANIS Maison jumel\u00e9e  Llafranc\" title=\"CM950 GERANIS Maison jumel\u00e9e  Llafranc\"><\/div><div class=\"slide-item\"><img data-lazy=\"https:\/\/files.net2rent.com\/pfiles\/43\/2773\/589144-m.jpg\" alt=\"CM950 GERANIS Maison jumel\u00e9e  Llafranc\" title=\"CM950 GERANIS Maison jumel\u00e9e  Llafranc\"><\/div><div class=\"slide-item\"><img data-lazy=\"https:\/\/files.net2rent.com\/pfiles\/43\/2773\/589143-m.jpg\" alt=\"CM950 GERANIS Maison jumel\u00e9e  Llafranc\" title=\"CM950 GERANIS Maison jumel\u00e9e  Llafranc\"><\/div><div class=\"slide-item\"><img data-lazy=\"https:\/\/files.net2rent.com\/pfiles\/43\/2773\/589145-m.jpg\" alt=\"CM950 GERANIS Maison jumel\u00e9e  Llafranc\" title=\"CM950 GERANIS Maison jumel\u00e9e  Llafranc\"><\/div><div class=\"slide-item\"><img data-lazy=\"https:\/\/files.net2rent.com\/pfiles\/43\/2773\/589157-m.jpg\" alt=\"CM950 GERANIS Maison jumel\u00e9e  Llafranc\" title=\"CM950 GERANIS Maison jumel\u00e9e  Llafranc\"><\/div><div class=\"slide-item\"><img data-lazy=\"https:\/\/files.net2rent.com\/pfiles\/43\/2773\/589156-m.jpg\" alt=\"CM950 GERANIS Maison jumel\u00e9e  Llafranc\" title=\"CM950 GERANIS Maison jumel\u00e9e  Llafranc\"><\/div><div class=\"slide-item\"><img data-lazy=\"https:\/\/files.net2rent.com\/pfiles\/43\/2773\/589150-m.jpg\" alt=\"CM950 GERANIS Maison jumel\u00e9e  Llafranc\" title=\"CM950 GERANIS Maison jumel\u00e9e  Llafranc\"><\/div><div class=\"slide-item\"><img data-lazy=\"https:\/\/files.net2rent.com\/pfiles\/43\/2773\/589154-m.jpg\" alt=\"CM950 GERANIS Maison jumel\u00e9e  Llafranc\" title=\"CM950 GERANIS Maison jumel\u00e9e  Llafranc\"><\/div><div class=\"slide-item\"><img data-lazy=\"https:\/\/files.net2rent.com\/pfiles\/43\/2773\/589155-m.jpg\" alt=\"CM950 GERANIS Maison jumel\u00e9e  Llafranc\" title=\"CM950 GERANIS Maison jumel\u00e9e  Llafranc\"><\/div><div class=\"slide-item\"><img data-lazy=\"https:\/\/files.net2rent.com\/pfiles\/43\/2773\/461592-m.jpg\" alt=\"CM950 GERANIS Villa priv\u00e9e \/ Villa  Llafranc\" title=\"CM950 GERANIS Villa priv\u00e9e \/ Villa  Llafranc\"><\/div><div class=\"slide-item\"><img data-lazy=\"https:\/\/files.net2rent.com\/pfiles\/43\/2773\/473330-m.jpg\" alt=\"CM950 GERANIS Maison jumel\u00e9e  Llafranc\" title=\"CM950 GERANIS Maison jumel\u00e9e  Llafranc\"><\/div><div class=\"slide-item\"><img data-lazy=\"https:\/\/files.net2rent.com\/pfiles\/43\/2773\/473333-m.jpg\" alt=\"CM950 GERANIS Maison jumel\u00e9e  Llafranc\" title=\"CM950 GERANIS Maison jumel\u00e9e  Llafranc\"><\/div><div class=\"slide-item\"><img data-lazy=\"https:\/\/files.net2rent.com\/pfiles\/43\/2773\/473334-m.jpg\" alt=\"CM950 GERANIS Maison jumel\u00e9e  Llafranc\" title=\"CM950 GERANIS Maison jumel\u00e9e  Llafranc\"><\/div><div class=\"slide-item\"><img data-lazy=\"https:\/\/files.net2rent.com\/pfiles\/43\/2773\/473338-m.jpg\" alt=\"CM950 GERANIS Maison jumel\u00e9e  Llafranc\" title=\"CM950 GERANIS Maison jumel\u00e9e  Llafranc\"><\/div><div class=\"slide-item\"><img data-lazy=\"https:\/\/files.net2rent.com\/pfiles\/43\/2773\/473328-m.jpg\" alt=\"CM950 GERANIS Maison jumel\u00e9e  Llafranc\" title=\"CM950 GERANIS Maison jumel\u00e9e  Llafranc\"><\/div><div class=\"slide-item\"><img data-lazy=\"https:\/\/files.net2rent.com\/pfiles\/43\/2773\/473329-m.jpg\" alt=\"CM950 GERANIS Maison jumel\u00e9e  Llafranc\" title=\"CM950 GERANIS Maison jumel\u00e9e  Llafranc\"><\/div><div class=\"slide-item\"><img data-lazy=\"https:\/\/files.net2rent.com\/pfiles\/43\/2773\/473331-m.jpg\" alt=\"CM950 GERANIS Maison jumel\u00e9e  Llafranc\" title=\"CM950 GERANIS Maison jumel\u00e9e  Llafranc\"><\/div><div class=\"slide-item\"><img data-lazy=\"https:\/\/files.net2rent.com\/pfiles\/43\/2773\/473332-m.jpg\" alt=\"CM950 GERANIS Maison jumel\u00e9e  Llafranc\" title=\"CM950 GERANIS Maison jumel\u00e9e  Llafranc\"><\/div><div class=\"slide-item\"><img data-lazy=\"https:\/\/files.net2rent.com\/pfiles\/43\/2773\/473335-m.jpg\" alt=\"CM950 GERANIS Maison jumel\u00e9e  Llafranc\" title=\"CM950 GERANIS Maison jumel\u00e9e  Llafranc\"><\/div><div class=\"slide-item\"><img data-lazy=\"https:\/\/files.net2rent.com\/pfiles\/43\/2773\/473336-m.jpg\" alt=\"CM950 GERANIS Maison jumel\u00e9e  Llafranc\" title=\"CM950 GERANIS Maison jumel\u00e9e  Llafranc\"><\/div><div class=\"slide-item\"><img data-lazy=\"https:\/\/files.net2rent.com\/pfiles\/43\/2773\/473337-m.jpg\" alt=\"CM950 GERANIS Maison jumel\u00e9e  Llafranc\" title=\"CM950 GERANIS Maison jumel\u00e9e  Llafranc\"><\/div>  <\/div>\n\n  <div class=\"n2r__list__item__info\">\n    <div class=\"n2r__list__item__title\">\n      <h2 class=\"n2r__list__item__name\">\n        <a href=\"https:\/\/www.corredormato.com\/fr\/logement-detail\/louer-maison-mitoyenne-geranis-llafranc-2773\/\">GERANIS - Maison mitoyenne \u00e0 Llafranc - Costa Brava<\/a>\n      <\/h2>\n          <\/div>\n    <div class=\"n2r__list__item__title\">\n      <div class=\"n2r__list__item__reference\">Ref: CM950<\/div>\n      <div class=\"n2r__list__item__turisticreference\">HUTG-009872-69<\/div>      <div class=\"n2r__list__item__city\">Llafranc<\/div>\n              <div class=\"n2r__list__item__rating\">\n          <div class=\"n2r__rating\">\n            <div class=\"n2r__rating__complete\" style=\"width:70%\"><\/div>\n          <\/div>\n        <\/div>\n          <\/div>\n    <div class=\"n2r__list__item__features\">\n      <div class=\"n2r__list__item__feature n2r__list__item__feature--rooms\" title=\"4 chambres \u00e0 coucher\"><i class=\"n2r_room\"><\/i> 4<\/div><div class=\"n2r__list__item__feature n2r__list__item__feature--capacity\" title=\"8 pax\"><i class=\"n2r_people\"><\/i> 8<\/div><div class=\"n2r__list__item__feature n2r__list__item__feature--bathrooms\" title=\"3 toilettes\"><i class=\"n2r_toilet\"><\/i> 3<\/div><div class=\"n2r__list__item__feature n2r__list__item__feature--terrace\" title=\"terrasse\"><i class=\"n2r_terrace\"><\/i> <\/div><div class=\"n2r__list__item__feature n2r__list__item__feature--property_meters\" title=\"M\u00e8tres de la propri\u00e9t\u00e9\"><i class=\"n2r_property_meters\"><\/i> 170 m<sup>2<\/sup><\/div>    <\/div>\n    <div class=\"n2r__list__item__description\">Maison adoss\u00e9e situ\u00e9 \u00e0 800m. de la plage avec jardin priv\u00e9e de 100m. La maison est distribu\u00e9e sur 3 \u00e9tages. La premier \u00e9tage, nous avons un salon spacieux et lumineux avec chemin\u00e9e et acc\u00e8s \u00e0 la terrasse et jardin, cuisine et salle de bains. Le deuxi\u00e8me \u00e9tage ont une chambre double avec salle de bains, deux chambres avec deux lits et salle de bains avec baignoire. Dans le derni\u00e8re \u00e9tage ont un grand salon avec acc\u00e8s au balcon. Garage pour 2 voituresCapacit\u00e9: 8 personnes<\/div>\n    <div class=\"n2r__list__item__footer\">\n      <div class=\"n2r__list__item__price\"><span class=\"n2r__list__item__price__from\">D\u00e9s 145 \u20ac <small class=\"n2r__list__item__price__from__type\">\/  Jour<\/small><\/span><\/div>    <\/div>\n  <\/div>\n  <a class=\"n2r__list__item__link\" href=\"https:\/\/www.corredormato.com\/fr\/logement-detail\/louer-maison-mitoyenne-geranis-llafranc-2773\/\">Plus<\/a>\n  <\/div><div class=\"n2r__list__item n2r__clickable   \" data-id=\"10711\">\n  <span class=\"n2r__list__item__icon n2r__list__item__icon--with3dtour\" title=\"Avec visite 3d \">360\u00ba<\/span>  <div class=\"n2r__list__item__gallery n2r__slider\">\n    <div class=\"slide-item\"><img data-lazy=\"https:\/\/files.net2rent.com\/pfiles\/43\/10711\/594506-m.jpg\" alt=\"CM1508 CAN FONT DE MUNTANYA Villa priv\u00e9e \/ Villa Costa Brava Cru\u00eflles, Monells i Sant Sadurn\u00ed de l&#039;Heura\" title=\"CM1508 CAN FONT DE MUNTANYA Villa priv\u00e9e \/ Villa Costa Brava Cru\u00eflles, Monells i Sant Sadurn\u00ed de l&#039;Heura\"><\/div><div class=\"slide-item\"><img data-lazy=\"https:\/\/files.net2rent.com\/pfiles\/43\/10711\/594507-m.jpg\" alt=\"CM1508 CAN FONT DE MUNTANYA Villa priv\u00e9e \/ Villa Costa Brava Cru\u00eflles, Monells i Sant Sadurn\u00ed de l&#039;Heura\" title=\"CM1508 CAN FONT DE MUNTANYA Villa priv\u00e9e \/ Villa Costa Brava Cru\u00eflles, Monells i Sant Sadurn\u00ed de l&#039;Heura\"><\/div><div class=\"slide-item\"><img data-lazy=\"https:\/\/files.net2rent.com\/pfiles\/43\/10711\/571362-m.jpg\" alt=\"CM1508 CAN FONT DE MUNTANYA Villa priv\u00e9e \/ Villa Costa Brava Cru\u00eflles, Monells i Sant Sadurn\u00ed de l&#039;Heura\" title=\"CM1508 CAN FONT DE MUNTANYA Villa priv\u00e9e \/ Villa Costa Brava Cru\u00eflles, Monells i Sant Sadurn\u00ed de l&#039;Heura\"><\/div><div class=\"slide-item\"><img data-lazy=\"https:\/\/files.net2rent.com\/pfiles\/43\/10711\/571359-m.jpg\" alt=\"CM1508 CAN FONT DE MUNTANYA Villa priv\u00e9e \/ Villa Costa Brava Cru\u00eflles, Monells i Sant Sadurn\u00ed de l&#039;Heura\" title=\"CM1508 CAN FONT DE MUNTANYA Villa priv\u00e9e \/ Villa Costa Brava Cru\u00eflles, Monells i Sant Sadurn\u00ed de l&#039;Heura\"><\/div><div class=\"slide-item\"><img data-lazy=\"https:\/\/files.net2rent.com\/pfiles\/43\/10711\/571360-m.jpg\" alt=\"CM1508 CAN FONT DE MUNTANYA Villa priv\u00e9e \/ Villa Costa Brava Cru\u00eflles, Monells i Sant Sadurn\u00ed de l&#039;Heura\" title=\"CM1508 CAN FONT DE MUNTANYA Villa priv\u00e9e \/ Villa Costa Brava Cru\u00eflles, Monells i Sant Sadurn\u00ed de l&#039;Heura\"><\/div><div class=\"slide-item\"><img data-lazy=\"https:\/\/files.net2rent.com\/pfiles\/43\/10711\/571361-m.jpg\" alt=\"CM1508 CAN FONT DE MUNTANYA Villa priv\u00e9e \/ Villa Costa Brava Cru\u00eflles, Monells i Sant Sadurn\u00ed de l&#039;Heura\" title=\"CM1508 CAN FONT DE MUNTANYA Villa priv\u00e9e \/ Villa Costa Brava Cru\u00eflles, Monells i Sant Sadurn\u00ed de l&#039;Heura\"><\/div><div class=\"slide-item\"><img data-lazy=\"https:\/\/files.net2rent.com\/pfiles\/43\/10711\/171260-o-m.jpg\" alt=\"1508 Can Font de Muntanya Masion rurale  Cru\u00eflles, Monells i Sant Sadurn\u00ed de l&#039;Heura\" title=\"1508 Can Font de Muntanya Masion rurale  Cru\u00eflles, Monells i Sant Sadurn\u00ed de l&#039;Heura\"><\/div><div class=\"slide-item\"><img data-lazy=\"https:\/\/my.matterport.com\/api\/v1\/player\/models\/BdPDQBrdT8G\/thumb?width=696&#038;dpr=2&#038;disable=upscale\" alt=\"CM1508 CAN FONT DE MUNTANYA Villa priv\u00e9e \/ Villa Costa Brava Cru\u00eflles, Monells i Sant Sadurn\u00ed de l&#039;Heura\" title=\"CM1508 CAN FONT DE MUNTANYA Villa priv\u00e9e \/ Villa Costa Brava Cru\u00eflles, Monells i Sant Sadurn\u00ed de l&#039;Heura\"><\/div><div class=\"slide-item\"><img data-lazy=\"https:\/\/files.net2rent.com\/pfiles\/43\/10711\/171262-o-m.jpg\" alt=\"1508 Can Font de Muntanya Masion rurale  Cru\u00eflles, Monells i Sant Sadurn\u00ed de l&#039;Heura\" title=\"1508 Can Font de Muntanya Masion rurale  Cru\u00eflles, Monells i Sant Sadurn\u00ed de l&#039;Heura\"><\/div><div class=\"slide-item\"><img data-lazy=\"https:\/\/files.net2rent.com\/pfiles\/43\/10711\/171265-o-m.jpg\" alt=\"1508 Can Font de Muntanya Masion rurale  Cru\u00eflles, Monells i Sant Sadurn\u00ed de l&#039;Heura\" title=\"1508 Can Font de Muntanya Masion rurale  Cru\u00eflles, Monells i Sant Sadurn\u00ed de l&#039;Heura\"><\/div><div class=\"slide-item\"><img data-lazy=\"https:\/\/files.net2rent.com\/pfiles\/43\/10711\/171266-o-m.jpg\" alt=\"1508 Can Font de Muntanya Masion rurale  Cru\u00eflles, Monells i Sant Sadurn\u00ed de l&#039;Heura\" title=\"1508 Can Font de Muntanya Masion rurale  Cru\u00eflles, Monells i Sant Sadurn\u00ed de l&#039;Heura\"><\/div><div class=\"slide-item\"><img data-lazy=\"https:\/\/files.net2rent.com\/pfiles\/43\/10711\/210101-o-m.jpg\" alt=\"CM1508 CAN FONT DE MUNTANYA Masion rurale Parc Natural de les Gavarres Cru\u00eflles, Monells i Sant Sadurn\u00ed de l&#039;Heura\" title=\"CM1508 CAN FONT DE MUNTANYA Masion rurale Parc Natural de les Gavarres Cru\u00eflles, Monells i Sant Sadurn\u00ed de l&#039;Heura\"><\/div><div class=\"slide-item\"><img data-lazy=\"https:\/\/files.net2rent.com\/pfiles\/43\/10711\/171270-o-m.jpg\" alt=\"1508 Can Font de Muntanya Masion rurale  Cru\u00eflles, Monells i Sant Sadurn\u00ed de l&#039;Heura\" title=\"1508 Can Font de Muntanya Masion rurale  Cru\u00eflles, Monells i Sant Sadurn\u00ed de l&#039;Heura\"><\/div><div class=\"slide-item\"><img data-lazy=\"https:\/\/files.net2rent.com\/pfiles\/43\/10711\/578444-m.jpg\" alt=\"CM1508 CAN FONT DE MUNTANYA Villa priv\u00e9e \/ Villa Costa Brava Cru\u00eflles, Monells i Sant Sadurn\u00ed de l&#039;Heura\" title=\"CM1508 CAN FONT DE MUNTANYA Villa priv\u00e9e \/ Villa Costa Brava Cru\u00eflles, Monells i Sant Sadurn\u00ed de l&#039;Heura\"><\/div><div class=\"slide-item\"><img data-lazy=\"https:\/\/files.net2rent.com\/pfiles\/43\/10711\/578442-m.jpg\" alt=\"CM1508 CAN FONT DE MUNTANYA Villa priv\u00e9e \/ Villa Costa Brava Cru\u00eflles, Monells i Sant Sadurn\u00ed de l&#039;Heura\" title=\"CM1508 CAN FONT DE MUNTANYA Villa priv\u00e9e \/ Villa Costa Brava Cru\u00eflles, Monells i Sant Sadurn\u00ed de l&#039;Heura\"><\/div><div class=\"slide-item\"><img data-lazy=\"https:\/\/files.net2rent.com\/pfiles\/43\/10711\/171272-o-m.jpg\" alt=\"1508 Can Font de Muntanya Masion rurale  Cru\u00eflles, Monells i Sant Sadurn\u00ed de l&#039;Heura\" title=\"1508 Can Font de Muntanya Masion rurale  Cru\u00eflles, Monells i Sant Sadurn\u00ed de l&#039;Heura\"><\/div><div class=\"slide-item\"><img data-lazy=\"https:\/\/files.net2rent.com\/pfiles\/43\/10711\/171273-o-m.jpg\" alt=\"1508 Can Font de Muntanya Masion rurale  Cru\u00eflles, Monells i Sant Sadurn\u00ed de l&#039;Heura\" title=\"1508 Can Font de Muntanya Masion rurale  Cru\u00eflles, Monells i Sant Sadurn\u00ed de l&#039;Heura\"><\/div><div class=\"slide-item\"><img data-lazy=\"https:\/\/files.net2rent.com\/pfiles\/43\/10711\/210099-o-m.jpg\" alt=\"CM1508 CAN FONT DE MUNTANYA Masion rurale Parc Natural de les Gavarres Cru\u00eflles, Monells i Sant Sadurn\u00ed de l&#039;Heura\" title=\"CM1508 CAN FONT DE MUNTANYA Masion rurale Parc Natural de les Gavarres Cru\u00eflles, Monells i Sant Sadurn\u00ed de l&#039;Heura\"><\/div><div class=\"slide-item\"><img data-lazy=\"https:\/\/files.net2rent.com\/pfiles\/43\/10711\/171276-o-m.jpg\" alt=\"1508 Can Font de Muntanya Masion rurale  Cru\u00eflles, Monells i Sant Sadurn\u00ed de l&#039;Heura\" title=\"1508 Can Font de Muntanya Masion rurale  Cru\u00eflles, Monells i Sant Sadurn\u00ed de l&#039;Heura\"><\/div><div class=\"slide-item\"><img data-lazy=\"https:\/\/files.net2rent.com\/pfiles\/43\/10711\/578447-m.jpg\" alt=\"CM1508 CAN FONT DE MUNTANYA Villa priv\u00e9e \/ Villa Costa Brava Cru\u00eflles, Monells i Sant Sadurn\u00ed de l&#039;Heura\" title=\"CM1508 CAN FONT DE MUNTANYA Villa priv\u00e9e \/ Villa Costa Brava Cru\u00eflles, Monells i Sant Sadurn\u00ed de l&#039;Heura\"><\/div><div class=\"slide-item\"><img data-lazy=\"https:\/\/files.net2rent.com\/pfiles\/43\/10711\/578449-m.jpg\" alt=\"CM1508 CAN FONT DE MUNTANYA Villa priv\u00e9e \/ Villa Costa Brava Cru\u00eflles, Monells i Sant Sadurn\u00ed de l&#039;Heura\" title=\"CM1508 CAN FONT DE MUNTANYA Villa priv\u00e9e \/ Villa Costa Brava Cru\u00eflles, Monells i Sant Sadurn\u00ed de l&#039;Heura\"><\/div><div class=\"slide-item\"><img data-lazy=\"https:\/\/files.net2rent.com\/pfiles\/43\/10711\/578445-m.jpg\" alt=\"CM1508 CAN FONT DE MUNTANYA Villa priv\u00e9e \/ Villa Costa Brava Cru\u00eflles, Monells i Sant Sadurn\u00ed de l&#039;Heura\" title=\"CM1508 CAN FONT DE MUNTANYA Villa priv\u00e9e \/ Villa Costa Brava Cru\u00eflles, Monells i Sant Sadurn\u00ed de l&#039;Heura\"><\/div><div class=\"slide-item\"><img data-lazy=\"https:\/\/files.net2rent.com\/pfiles\/43\/10711\/578446-m.jpg\" alt=\"CM1508 CAN FONT DE MUNTANYA Villa priv\u00e9e \/ Villa Costa Brava Cru\u00eflles, Monells i Sant Sadurn\u00ed de l&#039;Heura\" title=\"CM1508 CAN FONT DE MUNTANYA Villa priv\u00e9e \/ Villa Costa Brava Cru\u00eflles, Monells i Sant Sadurn\u00ed de l&#039;Heura\"><\/div><div class=\"slide-item\"><img data-lazy=\"https:\/\/files.net2rent.com\/pfiles\/43\/10711\/210090-o-m.jpg\" alt=\"CM1508 CAN FONT DE MUNTANYA Masion rurale Parc Natural de les Gavarres Cru\u00eflles, Monells i Sant Sadurn\u00ed de l&#039;Heura\" title=\"CM1508 CAN FONT DE MUNTANYA Masion rurale Parc Natural de les Gavarres Cru\u00eflles, Monells i Sant Sadurn\u00ed de l&#039;Heura\"><\/div><div class=\"slide-item\"><img data-lazy=\"https:\/\/files.net2rent.com\/pfiles\/43\/10711\/210091-o-m.jpg\" alt=\"CM1508 CAN FONT DE MUNTANYA Masion rurale Parc Natural de les Gavarres Cru\u00eflles, Monells i Sant Sadurn\u00ed de l&#039;Heura\" title=\"CM1508 CAN FONT DE MUNTANYA Masion rurale Parc Natural de les Gavarres Cru\u00eflles, Monells i Sant Sadurn\u00ed de l&#039;Heura\"><\/div><div class=\"slide-item\"><img data-lazy=\"https:\/\/files.net2rent.com\/pfiles\/43\/10711\/594547-m.jpg\" alt=\"CM1508 CAN FONT DE MUNTANYA Villa priv\u00e9e \/ Villa Costa Brava Cru\u00eflles, Monells i Sant Sadurn\u00ed de l&#039;Heura\" title=\"CM1508 CAN FONT DE MUNTANYA Villa priv\u00e9e \/ Villa Costa Brava Cru\u00eflles, Monells i Sant Sadurn\u00ed de l&#039;Heura\"><\/div><div class=\"slide-item\"><img data-lazy=\"https:\/\/files.net2rent.com\/pfiles\/43\/10711\/594548-m.jpg\" alt=\"CM1508 CAN FONT DE MUNTANYA Villa priv\u00e9e \/ Villa Costa Brava Cru\u00eflles, Monells i Sant Sadurn\u00ed de l&#039;Heura\" title=\"CM1508 CAN FONT DE MUNTANYA Villa priv\u00e9e \/ Villa Costa Brava Cru\u00eflles, Monells i Sant Sadurn\u00ed de l&#039;Heura\"><\/div><div class=\"slide-item\"><img data-lazy=\"https:\/\/files.net2rent.com\/pfiles\/43\/10711\/594549-m.jpg\" alt=\"CM1508 CAN FONT DE MUNTANYA Villa priv\u00e9e \/ Villa Costa Brava Cru\u00eflles, Monells i Sant Sadurn\u00ed de l&#039;Heura\" title=\"CM1508 CAN FONT DE MUNTANYA Villa priv\u00e9e \/ Villa Costa Brava Cru\u00eflles, Monells i Sant Sadurn\u00ed de l&#039;Heura\"><\/div><div class=\"slide-item\"><img data-lazy=\"https:\/\/files.net2rent.com\/pfiles\/43\/10711\/594550-m.jpg\" alt=\"CM1508 CAN FONT DE MUNTANYA Villa priv\u00e9e \/ Villa Costa Brava Cru\u00eflles, Monells i Sant Sadurn\u00ed de l&#039;Heura\" title=\"CM1508 CAN FONT DE MUNTANYA Villa priv\u00e9e \/ Villa Costa Brava Cru\u00eflles, Monells i Sant Sadurn\u00ed de l&#039;Heura\"><\/div><div class=\"slide-item\"><img data-lazy=\"https:\/\/files.net2rent.com\/pfiles\/43\/10711\/594551-m.jpg\" alt=\"CM1508 CAN FONT DE MUNTANYA Villa priv\u00e9e \/ Villa Costa Brava Cru\u00eflles, Monells i Sant Sadurn\u00ed de l&#039;Heura\" title=\"CM1508 CAN FONT DE MUNTANYA Villa priv\u00e9e \/ Villa Costa Brava Cru\u00eflles, Monells i Sant Sadurn\u00ed de l&#039;Heura\"><\/div><div class=\"slide-item\"><img data-lazy=\"https:\/\/files.net2rent.com\/pfiles\/43\/10711\/594568-m.jpg\" alt=\"CM1508 CAN FONT DE MUNTANYA Villa priv\u00e9e \/ Villa Costa Brava Cru\u00eflles, Monells i Sant Sadurn\u00ed de l&#039;Heura\" title=\"CM1508 CAN FONT DE MUNTANYA Villa priv\u00e9e \/ Villa Costa Brava Cru\u00eflles, Monells i Sant Sadurn\u00ed de l&#039;Heura\"><\/div><div class=\"slide-item\"><img data-lazy=\"https:\/\/files.net2rent.com\/pfiles\/43\/10711\/594567-m.jpg\" alt=\"CM1508 CAN FONT DE MUNTANYA Villa priv\u00e9e \/ Villa Costa Brava Cru\u00eflles, Monells i Sant Sadurn\u00ed de l&#039;Heura\" title=\"CM1508 CAN FONT DE MUNTANYA Villa priv\u00e9e \/ Villa Costa Brava Cru\u00eflles, Monells i Sant Sadurn\u00ed de l&#039;Heura\"><\/div><div class=\"slide-item\"><img data-lazy=\"https:\/\/files.net2rent.com\/pfiles\/43\/10711\/594569-m.jpg\" alt=\"CM1508 CAN FONT DE MUNTANYA Villa priv\u00e9e \/ Villa Costa Brava Cru\u00eflles, Monells i Sant Sadurn\u00ed de l&#039;Heura\" title=\"CM1508 CAN FONT DE MUNTANYA Villa priv\u00e9e \/ Villa Costa Brava Cru\u00eflles, Monells i Sant Sadurn\u00ed de l&#039;Heura\"><\/div><div class=\"slide-item\"><img data-lazy=\"https:\/\/files.net2rent.com\/pfiles\/43\/10711\/594570-m.jpg\" alt=\"CM1508 CAN FONT DE MUNTANYA Villa priv\u00e9e \/ Villa Costa Brava Cru\u00eflles, Monells i Sant Sadurn\u00ed de l&#039;Heura\" title=\"CM1508 CAN FONT DE MUNTANYA Villa priv\u00e9e \/ Villa Costa Brava Cru\u00eflles, Monells i Sant Sadurn\u00ed de l&#039;Heura\"><\/div><div class=\"slide-item\"><img data-lazy=\"https:\/\/files.net2rent.com\/pfiles\/43\/10711\/594572-m.jpg\" alt=\"CM1508 CAN FONT DE MUNTANYA Villa priv\u00e9e \/ Villa Costa Brava Cru\u00eflles, Monells i Sant Sadurn\u00ed de l&#039;Heura\" title=\"CM1508 CAN FONT DE MUNTANYA Villa priv\u00e9e \/ Villa Costa Brava Cru\u00eflles, Monells i Sant Sadurn\u00ed de l&#039;Heura\"><\/div><div class=\"slide-item\"><img data-lazy=\"https:\/\/files.net2rent.com\/pfiles\/43\/10711\/594571-m.jpg\" alt=\"CM1508 CAN FONT DE MUNTANYA Villa priv\u00e9e \/ Villa Costa Brava Cru\u00eflles, Monells i Sant Sadurn\u00ed de l&#039;Heura\" title=\"CM1508 CAN FONT DE MUNTANYA Villa priv\u00e9e \/ Villa Costa Brava Cru\u00eflles, Monells i Sant Sadurn\u00ed de l&#039;Heura\"><\/div><div class=\"slide-item\"><img data-lazy=\"https:\/\/files.net2rent.com\/pfiles\/43\/10711\/594573-m.jpg\" alt=\"CM1508 CAN FONT DE MUNTANYA Villa priv\u00e9e \/ Villa Costa Brava Cru\u00eflles, Monells i Sant Sadurn\u00ed de l&#039;Heura\" title=\"CM1508 CAN FONT DE MUNTANYA Villa priv\u00e9e \/ Villa Costa Brava Cru\u00eflles, Monells i Sant Sadurn\u00ed de l&#039;Heura\"><\/div><div class=\"slide-item\"><img data-lazy=\"https:\/\/files.net2rent.com\/pfiles\/43\/10711\/594552-m.jpg\" alt=\"CM1508 CAN FONT DE MUNTANYA Villa priv\u00e9e \/ Villa Costa Brava Cru\u00eflles, Monells i Sant Sadurn\u00ed de l&#039;Heura\" title=\"CM1508 CAN FONT DE MUNTANYA Villa priv\u00e9e \/ Villa Costa Brava Cru\u00eflles, Monells i Sant Sadurn\u00ed de l&#039;Heura\"><\/div><div class=\"slide-item\"><img data-lazy=\"https:\/\/files.net2rent.com\/pfiles\/43\/10711\/594553-m.jpg\" alt=\"CM1508 CAN FONT DE MUNTANYA Villa priv\u00e9e \/ Villa Costa Brava Cru\u00eflles, Monells i Sant Sadurn\u00ed de l&#039;Heura\" title=\"CM1508 CAN FONT DE MUNTANYA Villa priv\u00e9e \/ Villa Costa Brava Cru\u00eflles, Monells i Sant Sadurn\u00ed de l&#039;Heura\"><\/div><div class=\"slide-item\"><img data-lazy=\"https:\/\/files.net2rent.com\/pfiles\/43\/10711\/594554-m.jpg\" alt=\"CM1508 CAN FONT DE MUNTANYA Villa priv\u00e9e \/ Villa Costa Brava Cru\u00eflles, Monells i Sant Sadurn\u00ed de l&#039;Heura\" title=\"CM1508 CAN FONT DE MUNTANYA Villa priv\u00e9e \/ Villa Costa Brava Cru\u00eflles, Monells i Sant Sadurn\u00ed de l&#039;Heura\"><\/div><div class=\"slide-item\"><img data-lazy=\"https:\/\/files.net2rent.com\/pfiles\/43\/10711\/594555-m.jpg\" alt=\"CM1508 CAN FONT DE MUNTANYA Villa priv\u00e9e \/ Villa Costa Brava Cru\u00eflles, Monells i Sant Sadurn\u00ed de l&#039;Heura\" title=\"CM1508 CAN FONT DE MUNTANYA Villa priv\u00e9e \/ Villa Costa Brava Cru\u00eflles, Monells i Sant Sadurn\u00ed de l&#039;Heura\"><\/div><div class=\"slide-item\"><img data-lazy=\"https:\/\/files.net2rent.com\/pfiles\/43\/10711\/594556-m.jpg\" alt=\"CM1508 CAN FONT DE MUNTANYA Villa priv\u00e9e \/ Villa Costa Brava Cru\u00eflles, Monells i Sant Sadurn\u00ed de l&#039;Heura\" title=\"CM1508 CAN FONT DE MUNTANYA Villa priv\u00e9e \/ Villa Costa Brava Cru\u00eflles, Monells i Sant Sadurn\u00ed de l&#039;Heura\"><\/div><div class=\"slide-item\"><img data-lazy=\"https:\/\/files.net2rent.com\/pfiles\/43\/10711\/594557-m.jpg\" alt=\"CM1508 CAN FONT DE MUNTANYA Villa priv\u00e9e \/ Villa Costa Brava Cru\u00eflles, Monells i Sant Sadurn\u00ed de l&#039;Heura\" title=\"CM1508 CAN FONT DE MUNTANYA Villa priv\u00e9e \/ Villa Costa Brava Cru\u00eflles, Monells i Sant Sadurn\u00ed de l&#039;Heura\"><\/div><div class=\"slide-item\"><img data-lazy=\"https:\/\/files.net2rent.com\/pfiles\/43\/10711\/594558-m.jpg\" alt=\"CM1508 CAN FONT DE MUNTANYA Villa priv\u00e9e \/ Villa Costa Brava Cru\u00eflles, Monells i Sant Sadurn\u00ed de l&#039;Heura\" title=\"CM1508 CAN FONT DE MUNTANYA Villa priv\u00e9e \/ Villa Costa Brava Cru\u00eflles, Monells i Sant Sadurn\u00ed de l&#039;Heura\"><\/div><div class=\"slide-item\"><img data-lazy=\"https:\/\/files.net2rent.com\/pfiles\/43\/10711\/594559-m.jpg\" alt=\"CM1508 CAN FONT DE MUNTANYA Villa priv\u00e9e \/ Villa Costa Brava Cru\u00eflles, Monells i Sant Sadurn\u00ed de l&#039;Heura\" title=\"CM1508 CAN FONT DE MUNTANYA Villa priv\u00e9e \/ Villa Costa Brava Cru\u00eflles, Monells i Sant Sadurn\u00ed de l&#039;Heura\"><\/div><div class=\"slide-item\"><img data-lazy=\"https:\/\/files.net2rent.com\/pfiles\/43\/10711\/594560-m.jpg\" alt=\"CM1508 CAN FONT DE MUNTANYA Villa priv\u00e9e \/ Villa Costa Brava Cru\u00eflles, Monells i Sant Sadurn\u00ed de l&#039;Heura\" title=\"CM1508 CAN FONT DE MUNTANYA Villa priv\u00e9e \/ Villa Costa Brava Cru\u00eflles, Monells i Sant Sadurn\u00ed de l&#039;Heura\"><\/div><div class=\"slide-item\"><img data-lazy=\"https:\/\/files.net2rent.com\/pfiles\/43\/10711\/594561-m.jpg\" alt=\"CM1508 CAN FONT DE MUNTANYA Villa priv\u00e9e \/ Villa Costa Brava Cru\u00eflles, Monells i Sant Sadurn\u00ed de l&#039;Heura\" title=\"CM1508 CAN FONT DE MUNTANYA Villa priv\u00e9e \/ Villa Costa Brava Cru\u00eflles, Monells i Sant Sadurn\u00ed de l&#039;Heura\"><\/div><div class=\"slide-item\"><img data-lazy=\"https:\/\/files.net2rent.com\/pfiles\/43\/10711\/594562-m.jpg\" alt=\"CM1508 CAN FONT DE MUNTANYA Villa priv\u00e9e \/ Villa Costa Brava Cru\u00eflles, Monells i Sant Sadurn\u00ed de l&#039;Heura\" title=\"CM1508 CAN FONT DE MUNTANYA Villa priv\u00e9e \/ Villa Costa Brava Cru\u00eflles, Monells i Sant Sadurn\u00ed de l&#039;Heura\"><\/div><div class=\"slide-item\"><img data-lazy=\"https:\/\/files.net2rent.com\/pfiles\/43\/10711\/594563-m.jpg\" alt=\"CM1508 CAN FONT DE MUNTANYA Villa priv\u00e9e \/ Villa Costa Brava Cru\u00eflles, Monells i Sant Sadurn\u00ed de l&#039;Heura\" title=\"CM1508 CAN FONT DE MUNTANYA Villa priv\u00e9e \/ Villa Costa Brava Cru\u00eflles, Monells i Sant Sadurn\u00ed de l&#039;Heura\"><\/div><div class=\"slide-item\"><img data-lazy=\"https:\/\/files.net2rent.com\/pfiles\/43\/10711\/594564-m.jpg\" alt=\"CM1508 CAN FONT DE MUNTANYA Villa priv\u00e9e \/ Villa Costa Brava Cru\u00eflles, Monells i Sant Sadurn\u00ed de l&#039;Heura\" title=\"CM1508 CAN FONT DE MUNTANYA Villa priv\u00e9e \/ Villa Costa Brava Cru\u00eflles, Monells i Sant Sadurn\u00ed de l&#039;Heura\"><\/div><div class=\"slide-item\"><img data-lazy=\"https:\/\/files.net2rent.com\/pfiles\/43\/10711\/594565-m.jpg\" alt=\"CM1508 CAN FONT DE MUNTANYA Villa priv\u00e9e \/ Villa Costa Brava Cru\u00eflles, Monells i Sant Sadurn\u00ed de l&#039;Heura\" title=\"CM1508 CAN FONT DE MUNTANYA Villa priv\u00e9e \/ Villa Costa Brava Cru\u00eflles, Monells i Sant Sadurn\u00ed de l&#039;Heura\"><\/div><div class=\"slide-item\"><img data-lazy=\"https:\/\/files.net2rent.com\/pfiles\/43\/10711\/594566-m.jpg\" alt=\"CM1508 CAN FONT DE MUNTANYA Villa priv\u00e9e \/ Villa Costa Brava Cru\u00eflles, Monells i Sant Sadurn\u00ed de l&#039;Heura\" title=\"CM1508 CAN FONT DE MUNTANYA Villa priv\u00e9e \/ Villa Costa Brava Cru\u00eflles, Monells i Sant Sadurn\u00ed de l&#039;Heura\"><\/div><div class=\"slide-item\"><img data-lazy=\"https:\/\/files.net2rent.com\/pfiles\/43\/10711\/210100-o-m.jpg\" alt=\"CM1508 CAN FONT DE MUNTANYA Masion rurale Parc Natural de les Gavarres Cru\u00eflles, Monells i Sant Sadurn\u00ed de l&#039;Heura\" title=\"CM1508 CAN FONT DE MUNTANYA Masion rurale Parc Natural de les Gavarres Cru\u00eflles, Monells i Sant Sadurn\u00ed de l&#039;Heura\"><\/div><div class=\"slide-item\"><img data-lazy=\"https:\/\/files.net2rent.com\/pfiles\/43\/10711\/571363-m.jpg\" alt=\"CM1508 CAN FONT DE MUNTANYA Villa priv\u00e9e \/ Villa Costa Brava Cru\u00eflles, Monells i Sant Sadurn\u00ed de l&#039;Heura\" title=\"CM1508 CAN FONT DE MUNTANYA Villa priv\u00e9e \/ Villa Costa Brava Cru\u00eflles, Monells i Sant Sadurn\u00ed de l&#039;Heura\"><\/div>  <\/div>\n\n  <div class=\"n2r__list__item__info\">\n    <div class=\"n2r__list__item__title\">\n      <h2 class=\"n2r__list__item__name\">\n        <a href=\"https:\/\/www.corredormato.com\/fr\/logement-detail\/louer-villa-can-font-de-muntanya-cruilles-monells-i-sant-sadurni-de-l-heura-10711\/\">Can Font de Muntanya - Une pause dans le Parc Natural de les Gavarres<\/a>\n      <\/h2>\n          <\/div>\n    <div class=\"n2r__list__item__title\">\n      <div class=\"n2r__list__item__reference\">Ref: CM1508<\/div>\n      <div class=\"n2r__list__item__turisticreference\">HUTG-033000-75<\/div>      <div class=\"n2r__list__item__city\">Cru\u00eflles, Monells i Sant Sadurn\u00ed de l&#039;Heura<\/div>\n              <div class=\"n2r__list__item__rating\">\n          <div class=\"n2r__rating\">\n            <div class=\"n2r__rating__complete\" style=\"width:95%\"><\/div>\n          <\/div>\n        <\/div>\n          <\/div>\n    <div class=\"n2r__list__item__features\">\n      <div class=\"n2r__list__item__feature n2r__list__item__feature--rooms\" title=\"4 chambres \u00e0 coucher\"><i class=\"n2r_room\"><\/i> 4<\/div><div class=\"n2r__list__item__feature n2r__list__item__feature--capacity\" title=\"13 pax\"><i class=\"n2r_people\"><\/i> 13<\/div><div class=\"n2r__list__item__feature n2r__list__item__feature--bathrooms\" title=\"4 toilettes\"><i class=\"n2r_toilet\"><\/i> 4<\/div><div class=\"n2r__list__item__feature n2r__list__item__feature--terrace\" title=\"terrasse\"><i class=\"n2r_terrace\"><\/i> <\/div><div class=\"n2r__list__item__feature n2r__list__item__feature--property_meters\" title=\"M\u00e8tres de la propri\u00e9t\u00e9\"><i class=\"n2r_property_meters\"><\/i> 155 m<sup>2<\/sup><\/div><div class=\"n2r__list__item__feature n2r__list__item__feature--pool\" title=\"piscine\"><i class=\"n2r_swimming_pool\"><\/i> <\/div>    <\/div>\n    <div class=\"n2r__list__item__description\">\r\n\r\n\r\n\r\nCan Font de Muntanya, une oasis de paix et de s\u00e9r\u00e9nit\u00e9 nich\u00e9e au c\u0153ur du massif des Gavarres, dans le charmant village de Cru\u00eflles, au c\u0153ur du Baix Empord\u00e0. Profitez d\u2019un cadre naturel exceptionnel, avec de superbes jardins, une piscine priv\u00e9e et des vues imprenables sur les \u00eeles Medes et la baie de Roses. Un lieu exclusif, parfait pour des vacances inoubliables en famille ou entre amis, dans une endroit de tranquillit\u00e9, d\u2019intimit\u00e9 et d\u2019exclusivit\u00e9.\r\nDans Can Font de Muntanya on avez aussi des \u00e9curies, un potager \u00e9cologique et un grand terrain autour des habitations. Le tout forme le cadre id\u00e9al pour se retrouver avec soi et couper du quotidien, sans pour autant renoncer aux commodit\u00e9s qui nous facilitent la vie.\r\nDans la propri\u00e9t\u00e9, se trouve l\u2019ancienne maison du gardien enti\u00e8rement r\u00e9nov\u00e9e. Elle dispose de quatre chambres en suite, ainsi qu\u2019un spacieux salon-salle \u00e0 manger id\u00e9al pour se d\u00e9tendre et profiter de moments de repos en famille. La cuisine est enti\u00e8rement \u00e9quip\u00e9e. Depuis le salon-salle \u00e0 manger, on acc\u00e8de \u00e0 une agr\u00e9able terrasse parfaite pour les repas et d\u00eeners en plein air.\r\nLa Figuera: se trouve dans le plus petit b\u00e2timent du domaine, et pourtant la taille de la chambre est vraiment consid\u00e9rable. Elle offre une vue privil\u00e9gi\u00e9e gr\u00e2ce \u00e0 sa situation au premier \u00e9tage et \u00e0 son orientation nord-ouest. Elle dispose d\u2019une terrasse lumineuse privative au niveau de l\u2019entr\u00e9e. Un vrai d\u00e9lice toute l\u2019ann\u00e9e. Un joli figuier teinte la chambre de vert avec ses feuilles et la parfume d\u2019une odeur agr\u00e9able, peut-\u00eatre l\u2019une des plus repr\u00e9sentatives de la M\u00e9diterran\u00e9e. \u00c0 l\u2019int\u00e9rieur de la chambre, de multiples surprises nous attendent, notamment une chemin\u00e9e qui en fait un lieu unique \u00e0 Can Font. La pi\u00e8ce peut accueillir trois personnes gr\u00e2ce \u00e0 son lit king size et \u00e0 son canap\u00e9-lit une place suppl\u00e9mentaire. La salle de bains est tr\u00e8s spacieuse et accueillante, avec des finitions en microciment, de grands miroirs, une s\u00e9paration entre la douche et les toilettes et, comme dans le reste de la chambre, du chauffage avec des radiateurs et un s\u00e8che-serviettes. Si vous le souhaitez, il est possible de faire communiquer la chambre avec une autre, la Colibri en l\u2019occurrence, gr\u00e2ce \u00e0 la porte qui les s\u00e9pare.\r\n\u00a0\r\nColibri: Les colibris ont besoin d\u2019espace ext\u00e9rieur et de nature. C\u2019est ce qu\u2019offre l\u2019immense terrasse priv\u00e9e que vous trouverez dans l\u2019entr\u00e9e de cette chambre. Les vues y sont fantastiques gr\u00e2ce \u00e0 son orientation sud et \u00e0 son emplacement au premier \u00e9tage.\r\nLorsque vous entrerez dans la chambre, vous vous sentirez comme dans un nid douillet, et ce malgr\u00e9 le grand espace et le confort des lieux. L\u2019espace, qui dispose d\u2019un lit king size et d\u2019un canap\u00e9-lit, peut accueillir quatre personnes. Par ailleurs, le mobilier est fantastique, avec de la menuiserie blanche, de grandes armoires et un imposant miroir sur le devant. La chambre poss\u00e8de des radiateurs et un s\u00e8che-serviettes. C\u00f4t\u00e9 salle de bains, la zone de douche et les toilettes sont s\u00e9par\u00e9es.\r\nMais l\u2019\u00e9l\u00e9ment de d\u00e9coration qui donne son caract\u00e8re \u00e0 l\u2019espace, ce sont les deux grands colibris en forme de c\u0153ur qui servent de t\u00eate de lit. Si vous le souhaitez, il est possible de faire communiquer la pi\u00e8ce avec la chambre La Figuera.\r\nLa Roca: La Roca symbolise l\u2019\u00e2me de Can Font de Muntanya, avec son mur de pierre vieux de plusieurs si\u00e8cles, qui appartenait au domaine d\u2019origine. Mais elle symbolise aussi le confort, avec son lit king size et un canap\u00e9-lit pour deux personnes ; la nature, avec sa terrasse privative ; le c\u00f4t\u00e9 pratique, avec une s\u00e9paration entre les douches et les toilettes ; la commodit\u00e9, avec ses radiateurs et son s\u00e8che-serviettes ; sans oublier l\u2019esth\u00e9tique. Cette chambre poss\u00e8de un caract\u00e8re marqu\u00e9 et une belle esth\u00e9tique gr\u00e2ce \u00e0 ses multiples \u00e9l\u00e9ments de d\u00e9coration. Parmi eux, les impressionnants lavabos fabriqu\u00e9s de mani\u00e8re artisanale \u00e0 partir d\u2019anciennes pierres ressortent particuli\u00e8rement.\r\nL&#039;Olivera: Un olivier veille sur l\u2019entr\u00e9e de cette chambre intime en lui offrant tout son symbolisme. Cet espace repr\u00e9sente le renouvellement et le d\u00e9veloppement personnel. Son orientation ouest permet de l\u2019int\u00e9grer parfaitement dans l\u2019environnement. Une sortie directe permet d\u2019acc\u00e9der au grand jardin et aux zones communes, qui occupent un espace important autour du domaine. C\u2019est une chambre sans \u00e9l\u00e9ments inutiles ou gratuits, c\u2019est un clair exemple d\u2019\u00e9l\u00e9gance, de sobri\u00e9t\u00e9 et de la philosophie du moins c\u2019est plus. Elle poss\u00e8de une salle de bains qui poss\u00e8de toutes les commodit\u00e9s, avec une douche et des toilettes. Une chambre tr\u00e8s sp\u00e9ciale pour les gens qui souhaitent couper du quotidien et refaire le plein d\u2019\u00e9nergie.\r\nCapacite: 13 personnes (maxime 8 adultes)\r\nIl est possible d\u2019augmenter la capacit\u00e9 d\u2019h\u00e9bergement en louant deux chambres avec lit King Size et salle de bain privative :\r\n\u00b7\u00a0\u00a0\u00a0\u00a0\u00a0\u00a0\u00a0\u00a0 Chambre La Cova : 250 \u20ac\/nuit\r\n\u00b7\u00a0\u00a0\u00a0\u00a0\u00a0\u00a0\u00a0\u00a0 Chambre La Volta : 250 \u20ac\/nuit\r\nLa Volta\u00a0vous s\u00e9duira avant m\u00eame d\u2019y entrer, en traversant sa terrasse priv\u00e9e accueillante, \u00e9quip\u00e9e de mobilier d\u2019ext\u00e9rieur confortable. Un espace intime et ensoleill\u00e9, parfait pour profiter du plein air et de la nature tout au long de la journ\u00e9e.\r\n\u00c0 l\u2019int\u00e9rieur, vous serez charm\u00e9 par ses plafonds \u00e0 poutres apparentes et son espace g\u00e9n\u00e9reux et chaleureux, domin\u00e9 par un lit majestueux avec une t\u00eate de lit spectaculaire. L\u2019un des \u00e9l\u00e9ments les plus remarquables est une vasque en pierre allong\u00e9e faite \u00e0 la main, \u00e0 la fois d\u00e9corative et fonctionnelle, qui apporte une touche d\u2019authenticit\u00e9 parfaitement \u00e9quilibr\u00e9e avec des \u00e9l\u00e9ments plus d\u00e9licats et raffin\u00e9s.\r\nLa chambre porte ce nom en hommage au plafond vo\u00fbt\u00e9 qui recouvre la zone de la salle de bain. Cet espace original est agenc\u00e9 de mani\u00e8re unique, avec deux douches sym\u00e9triques et une zone de sanitaires s\u00e9par\u00e9e. Les tons doux et l\u2019\u00e9clairage indirect cr\u00e9ent une atmosph\u00e8re paisible, intime et relaxante.\r\nLa Cova\u00a0cette chambre s\u2019ouvre sur une terrasse lumineuse et joyeuse, parfaite pour savourer de longs moments de lecture, de conversation ou tout simplement profiter du soleil en toute intimit\u00e9 et sans interruption.\r\n\u00c0 l\u2019int\u00e9rieur, l\u2019espace rayonne autour de son lit king-size et d\u2019un mobilier soigneusement choisi, cr\u00e9ant une atmosph\u00e8re harmonieuse. Plusieurs d\u00e9tails attirent l\u2019attention, comme la porte et le miroir de la salle de bain, t\u00e9moignant d\u2019un souci du d\u00e9tail exceptionnel.\r\nMais ce qui rend cette chambre vraiment unique, c\u2019est un luxe simple mais inoubliable : une douche sous un toit vitr\u00e9, qui donne l\u2019impression de se doucher en plein air, et un sol en galets arrondis qui offre une sensation naturelle et apaisante sous les pieds.\r\nHUTG-033000\r\n\u00a0\r\n\r\n\r\n\r\n<\/div>\n    <div class=\"n2r__list__item__footer\">\n      <div class=\"n2r__list__item__price\"><span class=\"n2r__list__item__price__from\">D\u00e9s 645 \u20ac <small class=\"n2r__list__item__price__from__type\">\/  Jour<\/small><\/span><\/div>    <\/div>\n  <\/div>\n  <a class=\"n2r__list__item__link\" href=\"https:\/\/www.corredormato.com\/fr\/logement-detail\/louer-villa-can-font-de-muntanya-cruilles-monells-i-sant-sadurni-de-l-heura-10711\/\">Plus<\/a>\n  <\/div><div class=\"n2r__list__item n2r__clickable   \" data-id=\"19290\">\n  <span class=\"n2r__list__item__icon n2r__list__item__icon--withvideo\" title=\"Avec vid\u00e9o\"><i class=\"fas fa-video\"><\/i><\/span><span class=\"n2r__list__item__icon n2r__list__item__icon--with3dtour\" title=\"Avec visite 3d \">360\u00ba<\/span>  <div class=\"n2r__list__item__gallery n2r__slider\">\n    <div class=\"slide-item\"><img data-lazy=\"https:\/\/files.net2rent.com\/pfiles\/43\/19290\/477323-m.jpg\" alt=\"CM2157 MAS CASA GRAN Villa priv\u00e9e \/ Villa  Rupi\u00e0\" title=\"CM2157 MAS CASA GRAN Villa priv\u00e9e \/ Villa  Rupi\u00e0\"><\/div><div class=\"slide-item\"><img data-lazy=\"https:\/\/files.net2rent.com\/pfiles\/43\/19290\/477373-m.jpg\" alt=\"CM2157 MAS CASA GRAN Villa priv\u00e9e \/ Villa  Rupi\u00e0\" title=\"CM2157 MAS CASA GRAN Villa priv\u00e9e \/ Villa  Rupi\u00e0\"><\/div><div class=\"slide-item\"><img data-lazy=\"https:\/\/files.net2rent.com\/pfiles\/43\/19290\/477380-m.jpg\" alt=\"CM2157 MAS CASA GRAN Villa priv\u00e9e \/ Villa  Rupi\u00e0\" title=\"CM2157 MAS CASA GRAN Villa priv\u00e9e \/ Villa  Rupi\u00e0\"><\/div><div class=\"slide-item\"><img data-lazy=\"https:\/\/files.net2rent.com\/pfiles\/43\/19290\/477320-m.jpg\" alt=\"CM2157 MAS CASA GRAN Villa priv\u00e9e \/ Villa  Rupi\u00e0\" title=\"CM2157 MAS CASA GRAN Villa priv\u00e9e \/ Villa  Rupi\u00e0\"><\/div><div class=\"slide-item\"><img data-lazy=\"https:\/\/files.net2rent.com\/pfiles\/43\/19290\/477337-m.jpg\" alt=\"CM2157 MAS CASA GRAN Villa priv\u00e9e \/ Villa  Rupi\u00e0\" title=\"CM2157 MAS CASA GRAN Villa priv\u00e9e \/ Villa  Rupi\u00e0\"><\/div><div class=\"slide-item\"><img data-lazy=\"https:\/\/files.net2rent.com\/pfiles\/43\/19290\/477326-m.jpg\" alt=\"CM2157 MAS CASA GRAN Villa priv\u00e9e \/ Villa  Rupi\u00e0\" title=\"CM2157 MAS CASA GRAN Villa priv\u00e9e \/ Villa  Rupi\u00e0\"><\/div><div class=\"slide-item\"><img data-lazy=\"https:\/\/files.net2rent.com\/pfiles\/43\/19290\/477322-m.jpg\" alt=\"CM2157 MAS CASA GRAN Villa priv\u00e9e \/ Villa  Rupi\u00e0\" title=\"CM2157 MAS CASA GRAN Villa priv\u00e9e \/ Villa  Rupi\u00e0\"><\/div><div class=\"slide-item\"><img data-lazy=\"https:\/\/files.net2rent.com\/pfiles\/43\/19290\/477379-m.jpg\" alt=\"CM2157 MAS CASA GRAN Villa priv\u00e9e \/ Villa  Rupi\u00e0\" title=\"CM2157 MAS CASA GRAN Villa priv\u00e9e \/ Villa  Rupi\u00e0\"><\/div><div class=\"slide-item\"><img data-lazy=\"https:\/\/files.net2rent.com\/pfiles\/43\/19290\/477356-m.jpg\" alt=\"CM2157 MAS CASA GRAN Villa priv\u00e9e \/ Villa  Rupi\u00e0\" title=\"CM2157 MAS CASA GRAN Villa priv\u00e9e \/ Villa  Rupi\u00e0\"><\/div><div class=\"slide-item\"><img data-lazy=\"https:\/\/files.net2rent.com\/pfiles\/43\/19290\/477359-m.jpg\" alt=\"CM2157 MAS CASA GRAN Villa priv\u00e9e \/ Villa  Rupi\u00e0\" title=\"CM2157 MAS CASA GRAN Villa priv\u00e9e \/ Villa  Rupi\u00e0\"><\/div><div class=\"slide-item\"><img data-lazy=\"https:\/\/files.net2rent.com\/pfiles\/43\/19290\/477344-m.jpg\" alt=\"CM2157 MAS CASA GRAN Villa priv\u00e9e \/ Villa  Rupi\u00e0\" title=\"CM2157 MAS CASA GRAN Villa priv\u00e9e \/ Villa  Rupi\u00e0\"><\/div><div class=\"slide-item\"><img data-lazy=\"https:\/\/files.net2rent.com\/pfiles\/43\/19290\/477360-m.jpg\" alt=\"CM2157 MAS CASA GRAN Villa priv\u00e9e \/ Villa  Rupi\u00e0\" title=\"CM2157 MAS CASA GRAN Villa priv\u00e9e \/ Villa  Rupi\u00e0\"><\/div><div class=\"slide-item\"><img data-lazy=\"https:\/\/files.net2rent.com\/pfiles\/43\/19290\/477371-m.jpg\" alt=\"CM2157 MAS CASA GRAN Villa priv\u00e9e \/ Villa  Rupi\u00e0\" title=\"CM2157 MAS CASA GRAN Villa priv\u00e9e \/ Villa  Rupi\u00e0\"><\/div><div class=\"slide-item\"><img data-lazy=\"https:\/\/files.net2rent.com\/pfiles\/43\/19290\/477369-m.jpg\" alt=\"CM2157 MAS CASA GRAN Villa priv\u00e9e \/ Villa  Rupi\u00e0\" title=\"CM2157 MAS CASA GRAN Villa priv\u00e9e \/ Villa  Rupi\u00e0\"><\/div><div class=\"slide-item\"><img data-lazy=\"https:\/\/files.net2rent.com\/pfiles\/43\/19290\/477370-m.jpg\" alt=\"CM2157 MAS CASA GRAN Villa priv\u00e9e \/ Villa  Rupi\u00e0\" title=\"CM2157 MAS CASA GRAN Villa priv\u00e9e \/ Villa  Rupi\u00e0\"><\/div><div class=\"slide-item\"><img data-lazy=\"https:\/\/files.net2rent.com\/pfiles\/43\/19290\/477372-m.jpg\" alt=\"CM2157 MAS CASA GRAN Villa priv\u00e9e \/ Villa  Rupi\u00e0\" title=\"CM2157 MAS CASA GRAN Villa priv\u00e9e \/ Villa  Rupi\u00e0\"><\/div><div class=\"slide-item\"><img data-lazy=\"https:\/\/files.net2rent.com\/pfiles\/43\/19290\/477362-m.jpg\" alt=\"CM2157 MAS CASA GRAN Villa priv\u00e9e \/ Villa  Rupi\u00e0\" title=\"CM2157 MAS CASA GRAN Villa priv\u00e9e \/ Villa  Rupi\u00e0\"><\/div><div class=\"slide-item\"><img data-lazy=\"https:\/\/files.net2rent.com\/pfiles\/43\/19290\/477361-m.jpg\" alt=\"CM2157 MAS CASA GRAN Villa priv\u00e9e \/ Villa  Rupi\u00e0\" title=\"CM2157 MAS CASA GRAN Villa priv\u00e9e \/ Villa  Rupi\u00e0\"><\/div><div class=\"slide-item\"><img data-lazy=\"https:\/\/files.net2rent.com\/pfiles\/43\/19290\/477363-m.jpg\" alt=\"CM2157 MAS CASA GRAN Villa priv\u00e9e \/ Villa  Rupi\u00e0\" title=\"CM2157 MAS CASA GRAN Villa priv\u00e9e \/ Villa  Rupi\u00e0\"><\/div><div class=\"slide-item\"><img data-lazy=\"https:\/\/files.net2rent.com\/pfiles\/43\/19290\/477364-m.jpg\" alt=\"CM2157 MAS CASA GRAN Villa priv\u00e9e \/ Villa  Rupi\u00e0\" title=\"CM2157 MAS CASA GRAN Villa priv\u00e9e \/ Villa  Rupi\u00e0\"><\/div><div class=\"slide-item\"><img data-lazy=\"https:\/\/files.net2rent.com\/pfiles\/43\/19290\/477365-m.jpg\" alt=\"CM2157 MAS CASA GRAN Villa priv\u00e9e \/ Villa  Rupi\u00e0\" title=\"CM2157 MAS CASA GRAN Villa priv\u00e9e \/ Villa  Rupi\u00e0\"><\/div><div class=\"slide-item\"><img data-lazy=\"https:\/\/files.net2rent.com\/pfiles\/43\/19290\/477366-m.jpg\" alt=\"CM2157 MAS CASA GRAN Villa priv\u00e9e \/ Villa  Rupi\u00e0\" title=\"CM2157 MAS CASA GRAN Villa priv\u00e9e \/ Villa  Rupi\u00e0\"><\/div><div class=\"slide-item\"><img data-lazy=\"https:\/\/files.net2rent.com\/pfiles\/43\/19290\/477367-m.jpg\" alt=\"CM2157 MAS CASA GRAN Villa priv\u00e9e \/ Villa  Rupi\u00e0\" title=\"CM2157 MAS CASA GRAN Villa priv\u00e9e \/ Villa  Rupi\u00e0\"><\/div><div class=\"slide-item\"><img data-lazy=\"https:\/\/files.net2rent.com\/pfiles\/43\/19290\/477368-m.jpg\" alt=\"CM2157 MAS CASA GRAN Villa priv\u00e9e \/ Villa  Rupi\u00e0\" title=\"CM2157 MAS CASA GRAN Villa priv\u00e9e \/ Villa  Rupi\u00e0\"><\/div><div class=\"slide-item\"><img data-lazy=\"https:\/\/files.net2rent.com\/pfiles\/43\/19290\/477349-m.jpg\" alt=\"CM2157 MAS CASA GRAN Villa priv\u00e9e \/ Villa  Rupi\u00e0\" title=\"CM2157 MAS CASA GRAN Villa priv\u00e9e \/ Villa  Rupi\u00e0\"><\/div><div class=\"slide-item\"><img data-lazy=\"https:\/\/files.net2rent.com\/pfiles\/43\/19290\/477350-m.jpg\" alt=\"CM2157 MAS CASA GRAN Villa priv\u00e9e \/ Villa  Rupi\u00e0\" title=\"CM2157 MAS CASA GRAN Villa priv\u00e9e \/ Villa  Rupi\u00e0\"><\/div><div class=\"slide-item\"><img data-lazy=\"https:\/\/files.net2rent.com\/pfiles\/43\/19290\/477351-m.jpg\" alt=\"CM2157 MAS CASA GRAN Villa priv\u00e9e \/ Villa  Rupi\u00e0\" title=\"CM2157 MAS CASA GRAN Villa priv\u00e9e \/ Villa  Rupi\u00e0\"><\/div><div class=\"slide-item\"><img data-lazy=\"https:\/\/files.net2rent.com\/pfiles\/43\/19290\/477353-m.jpg\" alt=\"CM2157 MAS CASA GRAN Villa priv\u00e9e \/ Villa  Rupi\u00e0\" title=\"CM2157 MAS CASA GRAN Villa priv\u00e9e \/ Villa  Rupi\u00e0\"><\/div><div class=\"slide-item\"><img data-lazy=\"https:\/\/files.net2rent.com\/pfiles\/43\/19290\/477352-m.jpg\" alt=\"CM2157 MAS CASA GRAN Villa priv\u00e9e \/ Villa  Rupi\u00e0\" title=\"CM2157 MAS CASA GRAN Villa priv\u00e9e \/ Villa  Rupi\u00e0\"><\/div><div class=\"slide-item\"><img data-lazy=\"https:\/\/files.net2rent.com\/pfiles\/43\/19290\/477343-m.jpg\" alt=\"CM2157 MAS CASA GRAN Villa priv\u00e9e \/ Villa  Rupi\u00e0\" title=\"CM2157 MAS CASA GRAN Villa priv\u00e9e \/ Villa  Rupi\u00e0\"><\/div><div class=\"slide-item\"><img data-lazy=\"https:\/\/files.net2rent.com\/pfiles\/43\/19290\/477354-m.jpg\" alt=\"CM2157 MAS CASA GRAN Villa priv\u00e9e \/ Villa  Rupi\u00e0\" title=\"CM2157 MAS CASA GRAN Villa priv\u00e9e \/ Villa  Rupi\u00e0\"><\/div><div class=\"slide-item\"><img data-lazy=\"https:\/\/files.net2rent.com\/pfiles\/43\/19290\/477339-m.jpg\" alt=\"CM2157 MAS CASA GRAN Villa priv\u00e9e \/ Villa  Rupi\u00e0\" title=\"CM2157 MAS CASA GRAN Villa priv\u00e9e \/ Villa  Rupi\u00e0\"><\/div><div class=\"slide-item\"><img data-lazy=\"https:\/\/files.net2rent.com\/pfiles\/43\/19290\/477342-m.jpg\" alt=\"CM2157 MAS CASA GRAN Villa priv\u00e9e \/ Villa  Rupi\u00e0\" title=\"CM2157 MAS CASA GRAN Villa priv\u00e9e \/ Villa  Rupi\u00e0\"><\/div><div class=\"slide-item\"><img data-lazy=\"https:\/\/files.net2rent.com\/pfiles\/43\/19290\/477338-m.jpg\" alt=\"CM2157 MAS CASA GRAN Villa priv\u00e9e \/ Villa  Rupi\u00e0\" title=\"CM2157 MAS CASA GRAN Villa priv\u00e9e \/ Villa  Rupi\u00e0\"><\/div><div class=\"slide-item\"><img data-lazy=\"https:\/\/files.net2rent.com\/pfiles\/43\/19290\/477340-m.jpg\" alt=\"CM2157 MAS CASA GRAN Villa priv\u00e9e \/ Villa  Rupi\u00e0\" title=\"CM2157 MAS CASA GRAN Villa priv\u00e9e \/ Villa  Rupi\u00e0\"><\/div><div class=\"slide-item\"><img data-lazy=\"https:\/\/files.net2rent.com\/pfiles\/43\/19290\/477341-m.jpg\" alt=\"CM2157 MAS CASA GRAN Villa priv\u00e9e \/ Villa  Rupi\u00e0\" title=\"CM2157 MAS CASA GRAN Villa priv\u00e9e \/ Villa  Rupi\u00e0\"><\/div><div class=\"slide-item\"><img data-lazy=\"https:\/\/files.net2rent.com\/pfiles\/43\/19290\/477345-m.jpg\" alt=\"CM2157 MAS CASA GRAN Villa priv\u00e9e \/ Villa  Rupi\u00e0\" title=\"CM2157 MAS CASA GRAN Villa priv\u00e9e \/ Villa  Rupi\u00e0\"><\/div><div class=\"slide-item\"><img data-lazy=\"https:\/\/files.net2rent.com\/pfiles\/43\/19290\/477347-m.jpg\" alt=\"CM2157 MAS CASA GRAN Villa priv\u00e9e \/ Villa  Rupi\u00e0\" title=\"CM2157 MAS CASA GRAN Villa priv\u00e9e \/ Villa  Rupi\u00e0\"><\/div><div class=\"slide-item\"><img data-lazy=\"https:\/\/files.net2rent.com\/pfiles\/43\/19290\/477348-m.jpg\" alt=\"CM2157 MAS CASA GRAN Villa priv\u00e9e \/ Villa  Rupi\u00e0\" title=\"CM2157 MAS CASA GRAN Villa priv\u00e9e \/ Villa  Rupi\u00e0\"><\/div><div class=\"slide-item\"><img data-lazy=\"https:\/\/files.net2rent.com\/pfiles\/43\/19290\/477346-m.jpg\" alt=\"CM2157 MAS CASA GRAN Villa priv\u00e9e \/ Villa  Rupi\u00e0\" title=\"CM2157 MAS CASA GRAN Villa priv\u00e9e \/ Villa  Rupi\u00e0\"><\/div><div class=\"slide-item\"><img data-lazy=\"https:\/\/files.net2rent.com\/pfiles\/43\/19290\/477332-m.jpg\" alt=\"CM2157 MAS CASA GRAN Villa priv\u00e9e \/ Villa  Rupi\u00e0\" title=\"CM2157 MAS CASA GRAN Villa priv\u00e9e \/ Villa  Rupi\u00e0\"><\/div><div class=\"slide-item\"><img data-lazy=\"https:\/\/files.net2rent.com\/pfiles\/43\/19290\/477331-m.jpg\" alt=\"CM2157 MAS CASA GRAN Villa priv\u00e9e \/ Villa  Rupi\u00e0\" title=\"CM2157 MAS CASA GRAN Villa priv\u00e9e \/ Villa  Rupi\u00e0\"><\/div><div class=\"slide-item\"><img data-lazy=\"https:\/\/files.net2rent.com\/pfiles\/43\/19290\/477333-m.jpg\" alt=\"CM2157 MAS CASA GRAN Villa priv\u00e9e \/ Villa  Rupi\u00e0\" title=\"CM2157 MAS CASA GRAN Villa priv\u00e9e \/ Villa  Rupi\u00e0\"><\/div><div class=\"slide-item\"><img data-lazy=\"https:\/\/files.net2rent.com\/pfiles\/43\/19290\/477334-m.jpg\" alt=\"CM2157 MAS CASA GRAN Villa priv\u00e9e \/ Villa  Rupi\u00e0\" title=\"CM2157 MAS CASA GRAN Villa priv\u00e9e \/ Villa  Rupi\u00e0\"><\/div><div class=\"slide-item\"><img data-lazy=\"https:\/\/files.net2rent.com\/pfiles\/43\/19290\/477335-m.jpg\" alt=\"CM2157 MAS CASA GRAN Villa priv\u00e9e \/ Villa  Rupi\u00e0\" title=\"CM2157 MAS CASA GRAN Villa priv\u00e9e \/ Villa  Rupi\u00e0\"><\/div><div class=\"slide-item\"><img data-lazy=\"https:\/\/files.net2rent.com\/pfiles\/43\/19290\/477336-m.jpg\" alt=\"CM2157 MAS CASA GRAN Villa priv\u00e9e \/ Villa  Rupi\u00e0\" title=\"CM2157 MAS CASA GRAN Villa priv\u00e9e \/ Villa  Rupi\u00e0\"><\/div><div class=\"slide-item\"><img data-lazy=\"https:\/\/files.net2rent.com\/pfiles\/43\/19290\/477328-m.jpg\" alt=\"CM2157 MAS CASA GRAN Villa priv\u00e9e \/ Villa  Rupi\u00e0\" title=\"CM2157 MAS CASA GRAN Villa priv\u00e9e \/ Villa  Rupi\u00e0\"><\/div><div class=\"slide-item\"><img data-lazy=\"https:\/\/files.net2rent.com\/pfiles\/43\/19290\/477381-m.jpg\" alt=\"CM2157 MAS CASA GRAN Villa priv\u00e9e \/ Villa  Rupi\u00e0\" title=\"CM2157 MAS CASA GRAN Villa priv\u00e9e \/ Villa  Rupi\u00e0\"><\/div><div class=\"slide-item\"><img data-lazy=\"https:\/\/files.net2rent.com\/pfiles\/43\/19290\/477382-m.jpg\" alt=\"CM2157 MAS CASA GRAN Villa priv\u00e9e \/ Villa  Rupi\u00e0\" title=\"CM2157 MAS CASA GRAN Villa priv\u00e9e \/ Villa  Rupi\u00e0\"><\/div><div class=\"slide-item\"><img data-lazy=\"https:\/\/files.net2rent.com\/pfiles\/43\/19290\/477383-m.jpg\" alt=\"CM2157 MAS CASA GRAN Villa priv\u00e9e \/ Villa  Rupi\u00e0\" title=\"CM2157 MAS CASA GRAN Villa priv\u00e9e \/ Villa  Rupi\u00e0\"><\/div><div class=\"slide-item\"><img data-lazy=\"https:\/\/files.net2rent.com\/pfiles\/43\/19290\/477384-m.jpg\" alt=\"CM2157 MAS CASA GRAN Villa priv\u00e9e \/ Villa  Rupi\u00e0\" title=\"CM2157 MAS CASA GRAN Villa priv\u00e9e \/ Villa  Rupi\u00e0\"><\/div><div class=\"slide-item\"><img data-lazy=\"https:\/\/files.net2rent.com\/pfiles\/43\/19290\/477386-m.jpg\" alt=\"CM2157 MAS CASA GRAN Villa priv\u00e9e \/ Villa  Rupi\u00e0\" title=\"CM2157 MAS CASA GRAN Villa priv\u00e9e \/ Villa  Rupi\u00e0\"><\/div><div class=\"slide-item\"><img data-lazy=\"https:\/\/files.net2rent.com\/pfiles\/43\/19290\/477385-m.jpg\" alt=\"CM2157 MAS CASA GRAN Villa priv\u00e9e \/ Villa  Rupi\u00e0\" title=\"CM2157 MAS CASA GRAN Villa priv\u00e9e \/ Villa  Rupi\u00e0\"><\/div><div class=\"slide-item\"><img data-lazy=\"https:\/\/files.net2rent.com\/pfiles\/43\/19290\/477321-m.jpg\" alt=\"CM2157 MAS CASA GRAN Villa priv\u00e9e \/ Villa  Rupi\u00e0\" title=\"CM2157 MAS CASA GRAN Villa priv\u00e9e \/ Villa  Rupi\u00e0\"><\/div><div class=\"slide-item\"><img data-lazy=\"https:\/\/files.net2rent.com\/pfiles\/43\/19290\/479123-m.jpg\" alt=\"CM2157 MAS CASAGRAN Villa priv\u00e9e \/ Villa  Rupi\u00e0\" title=\"CM2157 MAS CASAGRAN Villa priv\u00e9e \/ Villa  Rupi\u00e0\"><\/div><div class=\"slide-item\"><img data-lazy=\"https:\/\/files.net2rent.com\/pfiles\/43\/19290\/477355-m.jpg\" alt=\"CM2157 MAS CASA GRAN Villa priv\u00e9e \/ Villa  Rupi\u00e0\" title=\"CM2157 MAS CASA GRAN Villa priv\u00e9e \/ Villa  Rupi\u00e0\"><\/div><div class=\"slide-item\"><img data-lazy=\"https:\/\/files.net2rent.com\/pfiles\/43\/19290\/477374-m.jpg\" alt=\"CM2157 MAS CASA GRAN Villa priv\u00e9e \/ Villa  Rupi\u00e0\" title=\"CM2157 MAS CASA GRAN Villa priv\u00e9e \/ Villa  Rupi\u00e0\"><\/div><div class=\"slide-item\"><img data-lazy=\"https:\/\/files.net2rent.com\/pfiles\/43\/19290\/477376-m.jpg\" alt=\"CM2157 MAS CASA GRAN Villa priv\u00e9e \/ Villa  Rupi\u00e0\" title=\"CM2157 MAS CASA GRAN Villa priv\u00e9e \/ Villa  Rupi\u00e0\"><\/div><div class=\"slide-item\"><img data-lazy=\"https:\/\/files.net2rent.com\/pfiles\/43\/19290\/477377-m.jpg\" alt=\"CM2157 MAS CASA GRAN Villa priv\u00e9e \/ Villa  Rupi\u00e0\" title=\"CM2157 MAS CASA GRAN Villa priv\u00e9e \/ Villa  Rupi\u00e0\"><\/div><div class=\"slide-item\"><img data-lazy=\"https:\/\/files.net2rent.com\/pfiles\/43\/19290\/481227-m.jpg\" alt=\"CM2157 MAS CASAGRAN Villa priv\u00e9e \/ Villa  Rupi\u00e0\" title=\"CM2157 MAS CASAGRAN Villa priv\u00e9e \/ Villa  Rupi\u00e0\"><\/div><div class=\"slide-item\"><img data-lazy=\"https:\/\/files.net2rent.com\/pfiles\/43\/19290\/477388-m.jpg\" alt=\"CM2157 MAS CASA GRAN Villa priv\u00e9e \/ Villa  Rupi\u00e0\" title=\"CM2157 MAS CASA GRAN Villa priv\u00e9e \/ Villa  Rupi\u00e0\"><\/div><div class=\"slide-item\"><img data-lazy=\"https:\/\/files.net2rent.com\/pfiles\/43\/19290\/477389-m.jpg\" alt=\"CM2157 MAS CASA GRAN Villa priv\u00e9e \/ Villa  Rupi\u00e0\" title=\"CM2157 MAS CASA GRAN Villa priv\u00e9e \/ Villa  Rupi\u00e0\"><\/div><div class=\"slide-item\"><img data-lazy=\"https:\/\/files.net2rent.com\/pfiles\/43\/19290\/503564-m.jpg\" alt=\"CM2157 MAS CASAGRAN Villa priv\u00e9e \/ Villa  Rupi\u00e0\" title=\"CM2157 MAS CASAGRAN Villa priv\u00e9e \/ Villa  Rupi\u00e0\"><\/div><div class=\"slide-item\"><img data-lazy=\"https:\/\/files.net2rent.com\/pfiles\/43\/19290\/503563-m.jpg\" alt=\"CM2157 MAS CASAGRAN Villa priv\u00e9e \/ Villa  Rupi\u00e0\" title=\"CM2157 MAS CASAGRAN Villa priv\u00e9e \/ Villa  Rupi\u00e0\"><\/div><div class=\"slide-item\"><img data-lazy=\"https:\/\/files.net2rent.com\/pfiles\/43\/19290\/503565-m.jpg\" alt=\"CM2157 MAS CASAGRAN Villa priv\u00e9e \/ Villa  Rupi\u00e0\" title=\"CM2157 MAS CASAGRAN Villa priv\u00e9e \/ Villa  Rupi\u00e0\"><\/div><div class=\"slide-item\"><img data-lazy=\"https:\/\/my.matterport.com\/api\/v1\/player\/models\/YhVkY3toTzZ\/thumb?width=696&#038;dpr=2&#038;disable=upscale\" alt=\"CM2157 MAS CASA GRAN Villa priv\u00e9e \/ Villa  Rupi\u00e0\" title=\"CM2157 MAS CASA GRAN Villa priv\u00e9e \/ Villa  Rupi\u00e0\"><\/div><div class=\"slide-item\"><img data-lazy=\"https:\/\/my.matterport.com\/api\/v1\/player\/models\/BCeL1LvxMSv\/thumb?width=696&#038;dpr=2&#038;disable=upscale\" alt=\"CM2157 MAS CASA GRAN Villa priv\u00e9e \/ Villa  Rupi\u00e0\" title=\"CM2157 MAS CASA GRAN Villa priv\u00e9e \/ Villa  Rupi\u00e0\"><\/div><div class=\"slide-item\"><img data-lazy=\"https:\/\/img.youtube.com\/vi\/cvbHD3SLesI\/0.jpg\" alt=\"CM2157 MAS CASA GRAN Villa priv\u00e9e \/ Villa  Rupi\u00e0\" title=\"CM2157 MAS CASA GRAN Villa priv\u00e9e \/ Villa  Rupi\u00e0\"><\/div>  <\/div>\n\n  <div class=\"n2r__list__item__info\">\n    <div class=\"n2r__list__item__title\">\n      <h2 class=\"n2r__list__item__name\">\n        <a href=\"https:\/\/www.corredormato.com\/fr\/logement-detail\/louer-villa-mas-casagran-rupia-19290\/\">Mas Casagran, un &quot;mini-resort&quot; priv\u00e9 avec court de padel multi-jeux dans une masia centenaire r\u00e9nov\u00e9e avec une vue imprenable.<\/a>\n      <\/h2>\n          <\/div>\n    <div class=\"n2r__list__item__title\">\n      <div class=\"n2r__list__item__reference\">Ref: CM2157<\/div>\n      <div class=\"n2r__list__item__turisticreference\">HUTG-029133-84<\/div>      <div class=\"n2r__list__item__city\">Rupi\u00e0<\/div>\n              <div class=\"n2r__list__item__rating\">\n          <div class=\"n2r__rating\">\n            <div class=\"n2r__rating__complete\" style=\"width:0%\"><\/div>\n          <\/div>\n        <\/div>\n          <\/div>\n    <div class=\"n2r__list__item__features\">\n      <div class=\"n2r__list__item__feature n2r__list__item__feature--rooms\" title=\"5 chambres \u00e0 coucher\"><i class=\"n2r_room\"><\/i> 5<\/div><div class=\"n2r__list__item__feature n2r__list__item__feature--capacity\" title=\"14 pax\"><i class=\"n2r_people\"><\/i> 14<\/div><div class=\"n2r__list__item__feature n2r__list__item__feature--bathrooms\" title=\"7 toilettes\"><i class=\"n2r_toilet\"><\/i> 7<\/div><div class=\"n2r__list__item__feature n2r__list__item__feature--terrace\" title=\"terrasse\"><i class=\"n2r_terrace\"><\/i> <\/div><div class=\"n2r__list__item__feature n2r__list__item__feature--property_meters\" title=\"M\u00e8tres de la propri\u00e9t\u00e9\"><i class=\"n2r_property_meters\"><\/i> 500 m<sup>2<\/sup><\/div><div class=\"n2r__list__item__feature n2r__list__item__feature--pool\" title=\"piscine\"><i class=\"n2r_swimming_pool\"><\/i> <\/div>    <\/div>\n    <div class=\"n2r__list__item__description\">Situ\u00e9e \u00e0 la p\u00e9riph\u00e9rie de la charmante ville de Rupi\u00e0, cette maison allie parfaitement style moderne et caract\u00e8re historique. Nich\u00e9e dans le paysage vallonn\u00e9 du Baix Empord\u00e0 et face \u00e0 la mer M\u00e9diterran\u00e9e, cette propri\u00e9t\u00e9 offre des vues incomparables.\r\n\u00a0\r\nCette retraite priv\u00e9e exclusive se compose d&#039;une r\u00e9sidence principale de 535 m2 r\u00e9partie sur trois \u00e9tages, avec plusieurs terrasses pour se d\u00e9tendre. Le terrain comprend un \u00e9tang tranquille avec sa propre plage, une annexe polyvalente avec un grand barbecue, un terrain de football compact avec des buts, une piscine chauff\u00e9e suppl\u00e9mentaire, une salle de sport, une table de ping-pong ext\u00e9rieure et un court de paddle-tennis polyvalent. Toutes ces installations sont situ\u00e9es dans un beau jardin agr\u00e9ment\u00e9 d&#039;un vignoble et d&#039;oliviers monumentaux.\r\n\u00a0\r\nSitu\u00e9e sur un terrain de 1,7 hectare, cette propri\u00e9t\u00e9 isol\u00e9e \u00e0 c\u00f4t\u00e9 du charmant village de Rupia dispose d&#039;une agr\u00e9able piscine qui peut \u00eatre chauff\u00e9e pendant les vacances de printemps ou d&#039;automne, et dont on peut profiter pour se rafra\u00eechir en \u00e9t\u00e9 ou jouer \u00e0 des jeux comme le volley-ball aquatique. De multiples espaces ext\u00e9rieurs vous invitent \u00e0 la d\u00e9tente. L&#039;annexe ouverte de 60 m2 comprend de hauts plafonds, la climatisation, une cuisine d&#039;\u00e9t\u00e9, une salle de bains et un salon int\u00e9rieur avec divertissement et jeux (dont une table de billard, des fl\u00e9chettes et une console d&#039;arcade Pac-Man). L&#039;annexe s&#039;ouvre sur un porche spectaculaire avec un grand barbecue et un coin repas ext\u00e9rieur, \u00e0 c\u00f4t\u00e9 d&#039;un \u00e9tang de baignade naturel de 280 m2, avec sa propre plage.\r\n\u00a0\r\nLa propri\u00e9t\u00e9 dispose \u00e9galement d&#039;un terrain multi-jeux pour le paddle-tennis, le pickleball, le volley-ball, le badminton et le basket-ball, une table de ping-pong ext\u00e9rieure et un petit terrain de football avec des buts ad\u00e9quats. De plus, il y a une salle de sport priv\u00e9e basique dans une ancienne grange. Enfin, ne manquez pas l&#039;espace bois\u00e9 \u00e0 l&#039;arri\u00e8re de la maison, id\u00e9al pour que les enfants puissent explorer et jouer \u00e0 cache-cache.\r\n\u00a0\r\nLes terrasses et les espaces ext\u00e9rieurs vous invitent \u00e0 la d\u00e9tente, tandis que les pi\u00e8ces int\u00e9rieures offrent un grand confort qui vous fait vous sentir encore mieux que chez vous!\r\n\u00a0\r\nLa maison principale a trois \u00e9tages :\r\n\u00a0\r\n- Rez-de-chauss\u00e9e : Accessible depuis le jardin, les terrasses et la piscine, cet \u00e9tage dispose d&#039;un agr\u00e9able hall d&#039;entr\u00e9e qui dessert une salle \u00e0 manger lumineuse avec une cuisine am\u00e9ricaine enti\u00e8rement \u00e9quip\u00e9e. Plusieurs terrasses couvertes entourent la maison et il y a une suite avec une chambre double avec air conditionn\u00e9, smart TV, dressing et une salle de bain spacieuse avec 2 lavabos. A c\u00f4t\u00e9 se trouve une autre chambre en suite avec 2 lits superpos\u00e9s et une salle de bain avec 2 lavabos, id\u00e9ale pour les enfants. Des toilettes invit\u00e9s, un d\u00e9barras et une buanderie compl\u00e8tent cet \u00e9tage.\r\n\u00a0\r\n- Premier \u00e9tage : Deux grandes suites avec acc\u00e8s \u00e0 une v\u00e9randa spacieuse offrent une vue imprenable. L&#039;impressionnante chambre principale de 60 m2 pr\u00e9sente des plafonds aux poutres apparentes, une t\u00e9l\u00e9vision connect\u00e9e, des dressings, deux lavabos sur\u00e9lev\u00e9s et une grande douche \u00e0 effet pluie offrant une vue in\u00e9gal\u00e9e. Une autre suite climatis\u00e9e avec 2 lits superpos\u00e9s et salle de bain offre \u00e9galement un acc\u00e8s direct \u00e0 la v\u00e9randa. De plus, il y a un salon spacieux avec un immense canap\u00e9, une Smart TV (dont une PlayStation 5), une grande chemin\u00e9e et un coin bureau. La terrasse solarium de 60 m2 vous attend pour continuer \u00e0 vous d\u00e9tendre.\r\n\u00a0\r\n- \u00c9tage mansard\u00e9 : Enfin, au grenier, nous avons une spectaculaire suite climatis\u00e9e, \u00e9galement avec Smart TV, et un lit double qui peut \u00eatre sur\u00e9lev\u00e9 \u00e9lectroniquement pour contempler le lever du soleil directement depuis le lit lui-m\u00eame, avec sa salle de bain avec douche \u00e0 effet pluie et acc\u00e8s \u00e9galement \u00e0 une terrasse solarium tr\u00e8s priv\u00e9e d&#039;environ 36m2 d&#039;o\u00f9 nous pouvons profiter des vues les plus impressionnantes qu&#039;offre la propri\u00e9t\u00e9.\r\n\u00a0\r\nCe mini complexe garantit 100% d&#039;intimit\u00e9 au sein de son magnifique jardin orn\u00e9 de vignes et d&#039;oliviers impressionnants. Cependant, il est situ\u00e9 \u00e0 deux pas de la charmante ville m\u00e9di\u00e9vale de Rupi\u00e0. Pendant les mois d&#039;\u00e9t\u00e9, vous pourrez vous immerger dans la culture locale, explorer le march\u00e9 de produits frais biologiques et assister \u00e0 des spectacles musicaux en plein air.\r\n\u00a0\r\nExplorez les sentiers de randonn\u00e9e pittoresques, les sentiers de randonn\u00e9e et les pistes cyclables juste devant la porte. Pour une exp\u00e9rience de plage diff\u00e9rente, la plage naturelle \u00e0 l&#039;embouchure de la rivi\u00e8re Ter se trouve \u00e0 seulement 15 minutes. La plage bien-aim\u00e9e des ruines romaines d&#039;Emp\u00faries se trouve \u00e0 seulement 22 minutes en voiture, et d&#039;autres plages c\u00e9l\u00e8bres de la Costa Brava, telles que Pals, Llafranc et Calella, sont \u00e0 environ 30 minutes, parfaites pour une excursion d&#039;une journ\u00e9e \u00e0 la mer M\u00e9diterran\u00e9e.\r\n\u00a0\r\nSans aucun doute, une destination de vacances unique sur la Costa Brava pour se d\u00e9tendre, se d\u00e9connecter, profiter et s&#039;activer en famille ou entre amis.\r\n\u00a0\r\n\r\nLe prix comprend une personne de service 4 heures par jour, du lundi au samedi. Grand parking, climatisation dans toutes les chambres et Wi-Fi par fibre optique dans toute la propri\u00e9t\u00e9.SUPPLEMENT PISCINE CHAUFF\u00c9E 250\u20ac\/semaine (en cas de s\u00e9jour plus court, le montant de la semaine sera factur\u00e9)\r\n\u00a0\r\nCapacit\u00e9 : (max. 8 adultes +6 enfants) 14 personnes.\r\n<\/div>\n    <div class=\"n2r__list__item__footer\">\n      <div class=\"n2r__list__item__price\"><span class=\"n2r__list__item__price__from\">D\u00e9s 975 \u20ac <small class=\"n2r__list__item__price__from__type\">\/  Jour<\/small><\/span><\/div>    <\/div>\n  <\/div>\n  <a class=\"n2r__list__item__link\" href=\"https:\/\/www.corredormato.com\/fr\/logement-detail\/louer-villa-mas-casagran-rupia-19290\/\">Plus<\/a>\n  <\/div><div class=\"n2r__list__item n2r__clickable   \" data-id=\"1875\">\n    <div class=\"n2r__list__item__gallery n2r__slider\">\n    <div class=\"slide-item\"><img data-lazy=\"https:\/\/files.net2rent.com\/pfiles\/43\/1875\/307334-o-m.jpg\" alt=\"CM24 AIGUA DOL\u00c7A 2 Appartement Costa Brava Tamariu\" title=\"CM24 AIGUA DOL\u00c7A 2 Appartement Costa Brava Tamariu\"><\/div><div class=\"slide-item\"><img data-lazy=\"https:\/\/files.net2rent.com\/pfiles\/43\/1875\/166414-o-m.jpg\" alt=\"CM24 AIGUA DOL\u00c7A 2 Appartement AIGUADOL\u00c7A Tamariu\" title=\"CM24 AIGUA DOL\u00c7A 2 Appartement AIGUADOL\u00c7A Tamariu\"><\/div><div class=\"slide-item\"><img data-lazy=\"https:\/\/files.net2rent.com\/pfiles\/43\/1875\/479567-m.jpg\" alt=\"CM24 AIGUA DOL\u00c7A 2 Appartement Costa Brava Tamariu\" title=\"CM24 AIGUA DOL\u00c7A 2 Appartement Costa Brava Tamariu\"><\/div><div class=\"slide-item\"><img data-lazy=\"https:\/\/files.net2rent.com\/pfiles\/43\/1875\/479566-m.jpg\" alt=\"CM24 AIGUA DOL\u00c7A 2 Appartement Costa Brava Tamariu\" title=\"CM24 AIGUA DOL\u00c7A 2 Appartement Costa Brava Tamariu\"><\/div><div class=\"slide-item\"><img data-lazy=\"https:\/\/files.net2rent.com\/pfiles\/43\/1875\/479565-m.jpg\" alt=\"CM24 AIGUA DOL\u00c7A 2 Appartement Costa Brava Tamariu\" title=\"CM24 AIGUA DOL\u00c7A 2 Appartement Costa Brava Tamariu\"><\/div><div class=\"slide-item\"><img data-lazy=\"https:\/\/files.net2rent.com\/pfiles\/43\/1875\/563455-m.jpg\" alt=\"CM24 AIGUA DOL\u00c7A 2 Appartement Costa Brava Tamariu\" title=\"CM24 AIGUA DOL\u00c7A 2 Appartement Costa Brava Tamariu\"><\/div><div class=\"slide-item\"><img data-lazy=\"https:\/\/files.net2rent.com\/pfiles\/43\/1875\/563454-m.jpg\" alt=\"CM24 AIGUA DOL\u00c7A 2 Appartement Costa Brava Tamariu\" title=\"CM24 AIGUA DOL\u00c7A 2 Appartement Costa Brava Tamariu\"><\/div><div class=\"slide-item\"><img data-lazy=\"https:\/\/files.net2rent.com\/pfiles\/43\/1875\/479569-m.jpg\" alt=\"CM24 AIGUA DOL\u00c7A 2 Appartement Costa Brava Tamariu\" title=\"CM24 AIGUA DOL\u00c7A 2 Appartement Costa Brava Tamariu\"><\/div><div class=\"slide-item\"><img data-lazy=\"https:\/\/files.net2rent.com\/pfiles\/43\/1875\/418673-o-m.jpg\" alt=\"CM24 AIGUA DOL\u00c7A 2 Appartement Costa Brava Tamariu\" title=\"CM24 AIGUA DOL\u00c7A 2 Appartement Costa Brava Tamariu\"><\/div><div class=\"slide-item\"><img data-lazy=\"https:\/\/files.net2rent.com\/pfiles\/43\/1875\/479571-m.jpg\" alt=\"CM24 AIGUA DOL\u00c7A 2 Appartement Costa Brava Tamariu\" title=\"CM24 AIGUA DOL\u00c7A 2 Appartement Costa Brava Tamariu\"><\/div><div class=\"slide-item\"><img data-lazy=\"https:\/\/files.net2rent.com\/pfiles\/43\/1875\/151972-o-m.jpg\" alt=\"CM24 AIGUA DOL\u00c7A 2 Appartement AIGUADOL\u00c7A Tamariu\" title=\"CM24 AIGUA DOL\u00c7A 2 Appartement AIGUADOL\u00c7A Tamariu\"><\/div><div class=\"slide-item\"><img data-lazy=\"https:\/\/files.net2rent.com\/pfiles\/43\/1875\/151970-o-m.jpg\" alt=\"CM24 AIGUA DOL\u00c7A 2 Appartement AIGUADOL\u00c7A Tamariu\" title=\"CM24 AIGUA DOL\u00c7A 2 Appartement AIGUADOL\u00c7A Tamariu\"><\/div><div class=\"slide-item\"><img data-lazy=\"https:\/\/files.net2rent.com\/pfiles\/43\/1875\/479577-m.jpg\" alt=\"CM24 AIGUA DOL\u00c7A 2 Appartement Costa Brava Tamariu\" title=\"CM24 AIGUA DOL\u00c7A 2 Appartement Costa Brava Tamariu\"><\/div><div class=\"slide-item\"><img data-lazy=\"https:\/\/files.net2rent.com\/pfiles\/43\/1875\/479574-m.jpg\" alt=\"CM24 AIGUA DOL\u00c7A 2 Appartement Costa Brava Tamariu\" title=\"CM24 AIGUA DOL\u00c7A 2 Appartement Costa Brava Tamariu\"><\/div><div class=\"slide-item\"><img data-lazy=\"https:\/\/files.net2rent.com\/pfiles\/43\/1875\/479575-m.jpg\" alt=\"CM24 AIGUA DOL\u00c7A 2 Appartement Costa Brava Tamariu\" title=\"CM24 AIGUA DOL\u00c7A 2 Appartement Costa Brava Tamariu\"><\/div><div class=\"slide-item\"><img data-lazy=\"https:\/\/files.net2rent.com\/pfiles\/43\/1875\/479576-m.jpg\" alt=\"CM24 AIGUA DOL\u00c7A 2 Appartement Costa Brava Tamariu\" title=\"CM24 AIGUA DOL\u00c7A 2 Appartement Costa Brava Tamariu\"><\/div><div class=\"slide-item\"><img data-lazy=\"https:\/\/files.net2rent.com\/pfiles\/43\/1875\/472675-m.jpg\" alt=\"CM24 AIGUA DOL\u00c7A 2 Appartement Costa Brava Tamariu\" title=\"CM24 AIGUA DOL\u00c7A 2 Appartement Costa Brava Tamariu\"><\/div><div class=\"slide-item\"><img data-lazy=\"https:\/\/files.net2rent.com\/pfiles\/43\/1875\/152344-o-m.jpg\" alt=\"CM24 AIGUA DOL\u00c7A 2 Appartement AIGUADOL\u00c7A Tamariu\" title=\"CM24 AIGUA DOL\u00c7A 2 Appartement AIGUADOL\u00c7A Tamariu\"><\/div><div class=\"slide-item\"><img data-lazy=\"https:\/\/files.net2rent.com\/pfiles\/43\/1875\/152342-o-m.jpg\" alt=\"CM24 AIGUA DOL\u00c7A 2 Appartement AIGUADOL\u00c7A Tamariu\" title=\"CM24 AIGUA DOL\u00c7A 2 Appartement AIGUADOL\u00c7A Tamariu\"><\/div><div class=\"slide-item\"><img data-lazy=\"https:\/\/files.net2rent.com\/pfiles\/43\/1875\/152345-o-m.jpg\" alt=\"CM24 AIGUA DOL\u00c7A 2 Appartement AIGUADOL\u00c7A Tamariu\" title=\"CM24 AIGUA DOL\u00c7A 2 Appartement AIGUADOL\u00c7A Tamariu\"><\/div><div class=\"slide-item\"><img data-lazy=\"https:\/\/files.net2rent.com\/pfiles\/43\/1875\/472676-m.jpg\" alt=\"CM24 AIGUA DOL\u00c7A 2 Appartement Costa Brava Tamariu\" title=\"CM24 AIGUA DOL\u00c7A 2 Appartement Costa Brava Tamariu\"><\/div><div class=\"slide-item\"><img data-lazy=\"https:\/\/files.net2rent.com\/pfiles\/43\/1875\/152355-o-m.jpg\" alt=\"CM24 AIGUA DOL\u00c7A 2 Appartement AIGUADOL\u00c7A Tamariu\" title=\"CM24 AIGUA DOL\u00c7A 2 Appartement AIGUADOL\u00c7A Tamariu\"><\/div><div class=\"slide-item\"><img data-lazy=\"https:\/\/files.net2rent.com\/pfiles\/43\/1875\/472669-m.jpg\" alt=\"CM24 AIGUA DOL\u00c7A 2 Appartement Costa Brava Tamariu\" title=\"CM24 AIGUA DOL\u00c7A 2 Appartement Costa Brava Tamariu\"><\/div><div class=\"slide-item\"><img data-lazy=\"https:\/\/files.net2rent.com\/pfiles\/43\/1875\/472670-m.jpg\" alt=\"CM24 AIGUA DOL\u00c7A 2 Appartement Costa Brava Tamariu\" title=\"CM24 AIGUA DOL\u00c7A 2 Appartement Costa Brava Tamariu\"><\/div><div class=\"slide-item\"><img data-lazy=\"https:\/\/files.net2rent.com\/pfiles\/43\/1875\/472671-m.jpg\" alt=\"CM24 AIGUA DOL\u00c7A 2 Appartement Costa Brava Tamariu\" title=\"CM24 AIGUA DOL\u00c7A 2 Appartement Costa Brava Tamariu\"><\/div><div class=\"slide-item\"><img data-lazy=\"https:\/\/files.net2rent.com\/pfiles\/43\/1875\/472672-m.jpg\" alt=\"CM24 AIGUA DOL\u00c7A 2 Appartement Costa Brava Tamariu\" title=\"CM24 AIGUA DOL\u00c7A 2 Appartement Costa Brava Tamariu\"><\/div><div class=\"slide-item\"><img data-lazy=\"https:\/\/files.net2rent.com\/pfiles\/43\/1875\/472673-m.jpg\" alt=\"CM24 AIGUA DOL\u00c7A 2 Appartement Costa Brava Tamariu\" title=\"CM24 AIGUA DOL\u00c7A 2 Appartement Costa Brava Tamariu\"><\/div><div class=\"slide-item\"><img data-lazy=\"https:\/\/files.net2rent.com\/pfiles\/43\/1875\/472674-m.jpg\" alt=\"CM24 AIGUA DOL\u00c7A 2 Appartement Costa Brava Tamariu\" title=\"CM24 AIGUA DOL\u00c7A 2 Appartement Costa Brava Tamariu\"><\/div><div class=\"slide-item\"><img data-lazy=\"https:\/\/files.net2rent.com\/pfiles\/43\/1875\/472668-m.jpg\" alt=\"CM24 AIGUA DOL\u00c7A 2 Appartement Costa Brava Tamariu\" title=\"CM24 AIGUA DOL\u00c7A 2 Appartement Costa Brava Tamariu\"><\/div>  <\/div>\n\n  <div class=\"n2r__list__item__info\">\n    <div class=\"n2r__list__item__title\">\n      <h2 class=\"n2r__list__item__name\">\n        <a href=\"https:\/\/www.corredormato.com\/fr\/logement-detail\/louer-appartement-aigua-dolca-2-tamariu-1875\/\">AIGUA DOL\u00c7A 2  Appartement front de mer \u00e0 Tamariu ,Vue mer, acc\u00e8s direct promenade, Wi-Fi &amp; clim  4\u20136 pers (HUTG-009891)<\/a>\n      <\/h2>\n          <\/div>\n    <div class=\"n2r__list__item__title\">\n      <div class=\"n2r__list__item__reference\">Ref: CM24<\/div>\n      <div class=\"n2r__list__item__turisticreference\">HUTG-009891-33<\/div>      <div class=\"n2r__list__item__city\">Tamariu<\/div>\n              <div class=\"n2r__list__item__rating\">\n          <div class=\"n2r__rating\">\n            <div class=\"n2r__rating__complete\" style=\"width:75%\"><\/div>\n          <\/div>\n        <\/div>\n          <\/div>\n    <div class=\"n2r__list__item__features\">\n      <div class=\"n2r__list__item__feature n2r__list__item__feature--rooms\" title=\"2 chambres \u00e0 coucher\"><i class=\"n2r_room\"><\/i> 2<\/div><div class=\"n2r__list__item__feature n2r__list__item__feature--capacity\" title=\"6 pax\"><i class=\"n2r_people\"><\/i> 6<\/div><div class=\"n2r__list__item__feature n2r__list__item__feature--bathrooms\" title=\"1 toilettes\"><i class=\"n2r_toilet\"><\/i> 1<\/div><div class=\"n2r__list__item__feature n2r__list__item__feature--terrace\" title=\"terrasse\"><i class=\"n2r_terrace\"><\/i> <\/div><div class=\"n2r__list__item__feature n2r__list__item__feature--property_meters\" title=\"M\u00e8tres de la propri\u00e9t\u00e9\"><i class=\"n2r_property_meters\"><\/i> 48 m<sup>2<\/sup><\/div>    <\/div>\n    <div class=\"n2r__list__item__description\">Appartement en premi\u00e8re ligne \u00e0 Tamariu , Vue mer, patio, Wi-Fi et climatisation \u00a04\u20136 personnes (HUTG-009891)\r\nAppartement de vacances id\u00e9alement situ\u00e9 en premi\u00e8re ligne de mer \u00e0 Tamariu, sur le Passeig Mar\u00edtim, \u00e0 seulement 2 m\u00e8tres de la mer, avec une vue exceptionnelle sur la plage et la baie de Tamariu. En rez-de-chauss\u00e9e, il offre un salon-salle \u00e0 manger lumineux avec acc\u00e8s direct \u00e0 la promenade, parfait pour profiter de l\u2019ambiance du village et de la brise marine.\r\nIl dispose d\u2019une cuisine ind\u00e9pendante enti\u00e8rement \u00e9quip\u00e9e et de 1 salle de bain avec douche. L\u2019appartement comprend 2 chambres : une chambre avec lit double et une chambre avec deux lits simples. Le salon propose \u00e9galement un canap\u00e9-lit double, portant la capacit\u00e9 totale \u00e0 4\u20136 personnes. \u00c0 l\u2019arri\u00e8re, vous profiterez d\u2019un grand patio int\u00e9rieur avec mobilier ext\u00e9rieur, id\u00e9al pour les repas en plein air ou pour se d\u00e9tendre apr\u00e8s la plage.\r\nWi-Fi et climatisation inclus.\r\n\u00c9quipements :\r\n\u00b7\u00a0\u00a0\u00a0\u00a0\u00a0\u00a0\u00a0\u00a0 Couchages : 1 lit double, 2 lits simples, 1 canap\u00e9-lit double\r\n\u00b7\u00a0\u00a0\u00a0\u00a0\u00a0\u00a0\u00a0\u00a0 Cuisine : gaz, four, micro-ondes, cafeti\u00e8re, bouilloire, grille-pain\r\n\u00b7\u00a0\u00a0\u00a0\u00a0\u00a0\u00a0\u00a0\u00a0 R\u00e9frig\u00e9rateur combin\u00e9, chauffe-eau \u00e9lectrique\r\n\u00b7\u00a0\u00a0\u00a0\u00a0\u00a0\u00a0\u00a0\u00a0 Lave-linge, fer \u00e0 repasser, TV\r\n\u00b7\u00a0\u00a0\u00a0\u00a0\u00a0\u00a0\u00a0\u00a0 Placards int\u00e9gr\u00e9s, \u00e9quipements de base et ustensiles de cuisine\r\n\u00b7\u00a0\u00a0\u00a0\u00a0\u00a0\u00a0\u00a0\u00a0 Mobilier ext\u00e9rieur \/ jardin\r\n\u00b7\u00a0\u00a0\u00a0\u00a0\u00a0\u00a0\u00a0\u00a0 Wi-Fi, climatisation\r\nCapacit\u00e9 : 4\u20136 personnesSuperficie : 48 m\u00b2Licence touristique : HUTG-009891\r\n\u00a0\r\nConditions de s\u00e9jour\u00a0\r\nS\u00e9jour minimum : 3 nui\r\nFrais de m\u00e9nage : 80 \u20ac pour les s\u00e9jours inf\u00e9rieurs \u00e0 1 semain\r\nCes frais\u00a0ne sont pas inclus dans le prix de la location et sont \u00e0 r\u00e9gler s\u00e9par\u00e9ment.<\/div>\n    <div class=\"n2r__list__item__footer\">\n      <div class=\"n2r__list__item__price\"><span class=\"n2r__list__item__price__from\">D\u00e9s 135 \u20ac <small class=\"n2r__list__item__price__from__type\">\/  Jour<\/small><\/span><\/div>    <\/div>\n  <\/div>\n  <a class=\"n2r__list__item__link\" href=\"https:\/\/www.corredormato.com\/fr\/logement-detail\/louer-appartement-aigua-dolca-2-tamariu-1875\/\">Plus<\/a>\n  <\/div><div class=\"n2r__list__item n2r__clickable   \" data-id=\"1940\">\n  <span class=\"n2r__list__item__icon n2r__list__item__icon--with3dtour\" title=\"Avec visite 3d \">360\u00ba<\/span>  <div class=\"n2r__list__item__gallery n2r__slider\">\n    <div class=\"slide-item\"><img data-lazy=\"https:\/\/files.net2rent.com\/pfiles\/43\/1940\/540295-m.jpg\" alt=\"CM86 ESCAPADA Villa priv\u00e9e \/ Villa  Tamariu\" title=\"CM86 ESCAPADA Villa priv\u00e9e \/ Villa  Tamariu\"><\/div><div class=\"slide-item\"><img data-lazy=\"https:\/\/files.net2rent.com\/pfiles\/43\/1940\/540294-m.jpg\" alt=\"CM86 ESCAPADA Villa priv\u00e9e \/ Villa  Tamariu\" title=\"CM86 ESCAPADA Villa priv\u00e9e \/ Villa  Tamariu\"><\/div><div class=\"slide-item\"><img data-lazy=\"https:\/\/files.net2rent.com\/pfiles\/43\/1940\/540300-m.jpg\" alt=\"CM86 ESCAPADA Villa priv\u00e9e \/ Villa  Tamariu\" title=\"CM86 ESCAPADA Villa priv\u00e9e \/ Villa  Tamariu\"><\/div><div class=\"slide-item\"><img data-lazy=\"https:\/\/files.net2rent.com\/pfiles\/43\/1940\/540296-m.jpg\" alt=\"CM86 ESCAPADA Villa priv\u00e9e \/ Villa  Tamariu\" title=\"CM86 ESCAPADA Villa priv\u00e9e \/ Villa  Tamariu\"><\/div><div class=\"slide-item\"><img data-lazy=\"https:\/\/files.net2rent.com\/pfiles\/43\/1940\/540297-m.jpg\" alt=\"CM86 ESCAPADA Villa priv\u00e9e \/ Villa  Tamariu\" title=\"CM86 ESCAPADA Villa priv\u00e9e \/ Villa  Tamariu\"><\/div><div class=\"slide-item\"><img data-lazy=\"https:\/\/files.net2rent.com\/pfiles\/43\/1940\/540293-m.jpg\" alt=\"CM86 ESCAPADA Villa priv\u00e9e \/ Villa  Tamariu\" title=\"CM86 ESCAPADA Villa priv\u00e9e \/ Villa  Tamariu\"><\/div><div class=\"slide-item\"><img data-lazy=\"https:\/\/files.net2rent.com\/pfiles\/43\/1940\/426164-o-m.jpg\" alt=\"CM86 ESCAPADA Villa priv\u00e9e \/ Villa  Tamariu\" title=\"CM86 ESCAPADA Villa priv\u00e9e \/ Villa  Tamariu\"><\/div><div class=\"slide-item\"><img data-lazy=\"https:\/\/files.net2rent.com\/pfiles\/43\/1940\/540292-m.jpg\" alt=\"CM86 ESCAPADA Villa priv\u00e9e \/ Villa  Tamariu\" title=\"CM86 ESCAPADA Villa priv\u00e9e \/ Villa  Tamariu\"><\/div><div class=\"slide-item\"><img data-lazy=\"https:\/\/files.net2rent.com\/pfiles\/43\/1940\/540291-m.jpg\" alt=\"CM86 ESCAPADA Villa priv\u00e9e \/ Villa  Tamariu\" title=\"CM86 ESCAPADA Villa priv\u00e9e \/ Villa  Tamariu\"><\/div><div class=\"slide-item\"><img data-lazy=\"https:\/\/files.net2rent.com\/pfiles\/43\/1940\/540290-m.jpg\" alt=\"CM86 ESCAPADA Villa priv\u00e9e \/ Villa  Tamariu\" title=\"CM86 ESCAPADA Villa priv\u00e9e \/ Villa  Tamariu\"><\/div><div class=\"slide-item\"><img data-lazy=\"https:\/\/files.net2rent.com\/pfiles\/43\/1940\/540289-m.jpg\" alt=\"CM86 ESCAPADA Villa priv\u00e9e \/ Villa  Tamariu\" title=\"CM86 ESCAPADA Villa priv\u00e9e \/ Villa  Tamariu\"><\/div><div class=\"slide-item\"><img data-lazy=\"https:\/\/files.net2rent.com\/pfiles\/43\/1940\/540288-m.jpg\" alt=\"CM86 ESCAPADA Villa priv\u00e9e \/ Villa  Tamariu\" title=\"CM86 ESCAPADA Villa priv\u00e9e \/ Villa  Tamariu\"><\/div><div class=\"slide-item\"><img data-lazy=\"https:\/\/files.net2rent.com\/pfiles\/43\/1940\/540287-m.jpg\" alt=\"CM86 ESCAPADA Villa priv\u00e9e \/ Villa  Tamariu\" title=\"CM86 ESCAPADA Villa priv\u00e9e \/ Villa  Tamariu\"><\/div><div class=\"slide-item\"><img data-lazy=\"https:\/\/files.net2rent.com\/pfiles\/43\/1940\/540283-m.jpg\" alt=\"CM86 ESCAPADA Villa priv\u00e9e \/ Villa  Tamariu\" title=\"CM86 ESCAPADA Villa priv\u00e9e \/ Villa  Tamariu\"><\/div><div class=\"slide-item\"><img data-lazy=\"https:\/\/files.net2rent.com\/pfiles\/43\/1940\/540282-m.jpg\" alt=\"CM86 ESCAPADA Villa priv\u00e9e \/ Villa  Tamariu\" title=\"CM86 ESCAPADA Villa priv\u00e9e \/ Villa  Tamariu\"><\/div><div class=\"slide-item\"><img data-lazy=\"https:\/\/files.net2rent.com\/pfiles\/43\/1940\/540286-m.jpg\" alt=\"CM86 ESCAPADA Villa priv\u00e9e \/ Villa  Tamariu\" title=\"CM86 ESCAPADA Villa priv\u00e9e \/ Villa  Tamariu\"><\/div><div class=\"slide-item\"><img data-lazy=\"https:\/\/files.net2rent.com\/pfiles\/43\/1940\/540280-m.jpg\" alt=\"CM86 ESCAPADA Villa priv\u00e9e \/ Villa  Tamariu\" title=\"CM86 ESCAPADA Villa priv\u00e9e \/ Villa  Tamariu\"><\/div><div class=\"slide-item\"><img data-lazy=\"https:\/\/files.net2rent.com\/pfiles\/43\/1940\/540281-m.jpg\" alt=\"CM86 ESCAPADA Villa priv\u00e9e \/ Villa  Tamariu\" title=\"CM86 ESCAPADA Villa priv\u00e9e \/ Villa  Tamariu\"><\/div><div class=\"slide-item\"><img data-lazy=\"https:\/\/files.net2rent.com\/pfiles\/43\/1940\/540285-m.jpg\" alt=\"CM86 ESCAPADA Villa priv\u00e9e \/ Villa  Tamariu\" title=\"CM86 ESCAPADA Villa priv\u00e9e \/ Villa  Tamariu\"><\/div><div class=\"slide-item\"><img data-lazy=\"https:\/\/files.net2rent.com\/pfiles\/43\/1940\/540284-m.jpg\" alt=\"CM86 ESCAPADA Villa priv\u00e9e \/ Villa  Tamariu\" title=\"CM86 ESCAPADA Villa priv\u00e9e \/ Villa  Tamariu\"><\/div><div class=\"slide-item\"><img data-lazy=\"https:\/\/files.net2rent.com\/pfiles\/43\/1940\/540299-m.jpg\" alt=\"CM86 ESCAPADA Villa priv\u00e9e \/ Villa  Tamariu\" title=\"CM86 ESCAPADA Villa priv\u00e9e \/ Villa  Tamariu\"><\/div><div class=\"slide-item\"><img data-lazy=\"https:\/\/files.net2rent.com\/pfiles\/43\/1940\/540298-m.jpg\" alt=\"CM86 ESCAPADA Villa priv\u00e9e \/ Villa  Tamariu\" title=\"CM86 ESCAPADA Villa priv\u00e9e \/ Villa  Tamariu\"><\/div><div class=\"slide-item\"><img data-lazy=\"https:\/\/files.net2rent.com\/pfiles\/43\/1940\/426178-o-m.jpg\" alt=\"CM86 ESCAPADA Villa priv\u00e9e \/ Villa  Tamariu\" title=\"CM86 ESCAPADA Villa priv\u00e9e \/ Villa  Tamariu\"><\/div><div class=\"slide-item\"><img data-lazy=\"https:\/\/files.net2rent.com\/pfiles\/43\/1940\/540279-m.jpg\" alt=\"CM86 ESCAPADA Villa priv\u00e9e \/ Villa  Tamariu\" title=\"CM86 ESCAPADA Villa priv\u00e9e \/ Villa  Tamariu\"><\/div><div class=\"slide-item\"><img data-lazy=\"https:\/\/files.net2rent.com\/pfiles\/43\/1940\/540303-m.jpg\" alt=\"CM86 ESCAPADA Villa priv\u00e9e \/ Villa  Tamariu\" title=\"CM86 ESCAPADA Villa priv\u00e9e \/ Villa  Tamariu\"><\/div><div class=\"slide-item\"><img data-lazy=\"https:\/\/files.net2rent.com\/pfiles\/43\/1940\/434392-o-m.jpg\" alt=\"CM86 ESCAPADA Villa priv\u00e9e \/ Villa  Tamariu\" title=\"CM86 ESCAPADA Villa priv\u00e9e \/ Villa  Tamariu\"><\/div><div class=\"slide-item\"><img data-lazy=\"https:\/\/files.net2rent.com\/pfiles\/43\/1940\/540304-m.jpg\" alt=\"CM86 ESCAPADA Villa priv\u00e9e \/ Villa  Tamariu\" title=\"CM86 ESCAPADA Villa priv\u00e9e \/ Villa  Tamariu\"><\/div><div class=\"slide-item\"><img data-lazy=\"https:\/\/files.net2rent.com\/pfiles\/43\/1940\/434388-o-m.jpg\" alt=\"CM86 ESCAPADA Villa priv\u00e9e \/ Villa  Tamariu\" title=\"CM86 ESCAPADA Villa priv\u00e9e \/ Villa  Tamariu\"><\/div><div class=\"slide-item\"><img data-lazy=\"https:\/\/files.net2rent.com\/pfiles\/43\/1940\/540305-m.jpg\" alt=\"CM86 ESCAPADA Villa priv\u00e9e \/ Villa  Tamariu\" title=\"CM86 ESCAPADA Villa priv\u00e9e \/ Villa  Tamariu\"><\/div><div class=\"slide-item\"><img data-lazy=\"https:\/\/files.net2rent.com\/pfiles\/43\/1940\/434399-o-m.jpg\" alt=\"CM86 ESCAPADA Villa priv\u00e9e \/ Villa  Tamariu\" title=\"CM86 ESCAPADA Villa priv\u00e9e \/ Villa  Tamariu\"><\/div><div class=\"slide-item\"><img data-lazy=\"https:\/\/files.net2rent.com\/pfiles\/43\/1940\/540276-m.jpg\" alt=\"CM86 ESCAPADA Villa priv\u00e9e \/ Villa  Tamariu\" title=\"CM86 ESCAPADA Villa priv\u00e9e \/ Villa  Tamariu\"><\/div><div class=\"slide-item\"><img data-lazy=\"https:\/\/files.net2rent.com\/pfiles\/43\/1940\/540274-m.jpg\" alt=\"CM86 ESCAPADA Villa priv\u00e9e \/ Villa  Tamariu\" title=\"CM86 ESCAPADA Villa priv\u00e9e \/ Villa  Tamariu\"><\/div><div class=\"slide-item\"><img data-lazy=\"https:\/\/files.net2rent.com\/pfiles\/43\/1940\/540275-m.jpg\" alt=\"CM86 ESCAPADA Villa priv\u00e9e \/ Villa  Tamariu\" title=\"CM86 ESCAPADA Villa priv\u00e9e \/ Villa  Tamariu\"><\/div><div class=\"slide-item\"><img data-lazy=\"https:\/\/files.net2rent.com\/pfiles\/43\/1940\/434411-o-m.jpg\" alt=\"CM86 ESCAPADA Villa priv\u00e9e \/ Villa  Tamariu\" title=\"CM86 ESCAPADA Villa priv\u00e9e \/ Villa  Tamariu\"><\/div><div class=\"slide-item\"><img data-lazy=\"https:\/\/files.net2rent.com\/pfiles\/43\/1940\/540277-m.jpg\" alt=\"CM86 ESCAPADA Villa priv\u00e9e \/ Villa  Tamariu\" title=\"CM86 ESCAPADA Villa priv\u00e9e \/ Villa  Tamariu\"><\/div><div class=\"slide-item\"><img data-lazy=\"https:\/\/files.net2rent.com\/pfiles\/43\/1940\/540278-m.jpg\" alt=\"CM86 ESCAPADA Villa priv\u00e9e \/ Villa  Tamariu\" title=\"CM86 ESCAPADA Villa priv\u00e9e \/ Villa  Tamariu\"><\/div><div class=\"slide-item\"><img data-lazy=\"https:\/\/files.net2rent.com\/pfiles\/43\/1940\/426187-o-m.jpg\" alt=\"CM86 ESCAPADA Villa priv\u00e9e \/ Villa  Tamariu\" title=\"CM86 ESCAPADA Villa priv\u00e9e \/ Villa  Tamariu\"><\/div><div class=\"slide-item\"><img data-lazy=\"https:\/\/files.net2rent.com\/pfiles\/43\/1940\/434403-o-m.jpg\" alt=\"CM86 ESCAPADA Villa priv\u00e9e \/ Villa  Tamariu\" title=\"CM86 ESCAPADA Villa priv\u00e9e \/ Villa  Tamariu\"><\/div><div class=\"slide-item\"><img data-lazy=\"https:\/\/files.net2rent.com\/pfiles\/43\/1940\/540301-m.jpg\" alt=\"CM86 ESCAPADA Villa priv\u00e9e \/ Villa  Tamariu\" title=\"CM86 ESCAPADA Villa priv\u00e9e \/ Villa  Tamariu\"><\/div><div class=\"slide-item\"><img data-lazy=\"https:\/\/files.net2rent.com\/pfiles\/43\/1940\/434410-o-m.jpg\" alt=\"CM86 ESCAPADA Villa priv\u00e9e \/ Villa  Tamariu\" title=\"CM86 ESCAPADA Villa priv\u00e9e \/ Villa  Tamariu\"><\/div><div class=\"slide-item\"><img data-lazy=\"https:\/\/files.net2rent.com\/pfiles\/43\/1940\/434409-o-m.jpg\" alt=\"CM86 ESCAPADA Villa priv\u00e9e \/ Villa  Tamariu\" title=\"CM86 ESCAPADA Villa priv\u00e9e \/ Villa  Tamariu\"><\/div><div class=\"slide-item\"><img data-lazy=\"https:\/\/my.matterport.com\/api\/v1\/player\/models\/deMThij7cx8\/thumb?width=696&#038;dpr=2&#038;disable=upscale\" alt=\"CM86 ESCAPADA Villa priv\u00e9e \/ Villa  Tamariu\" title=\"CM86 ESCAPADA Villa priv\u00e9e \/ Villa  Tamariu\"><\/div><div class=\"slide-item\"><img data-lazy=\"https:\/\/files.net2rent.com\/pfiles\/43\/1940\/472656-m.jpg\" alt=\"CM86 ESCAPADA Villa priv\u00e9e \/ Villa  Tamariu\" title=\"CM86 ESCAPADA Villa priv\u00e9e \/ Villa  Tamariu\"><\/div><div class=\"slide-item\"><img data-lazy=\"https:\/\/files.net2rent.com\/pfiles\/43\/1940\/472657-m.jpg\" alt=\"CM86 ESCAPADA Villa priv\u00e9e \/ Villa  Tamariu\" title=\"CM86 ESCAPADA Villa priv\u00e9e \/ Villa  Tamariu\"><\/div><div class=\"slide-item\"><img data-lazy=\"https:\/\/files.net2rent.com\/pfiles\/43\/1940\/472658-m.jpg\" alt=\"CM86 ESCAPADA Villa priv\u00e9e \/ Villa  Tamariu\" title=\"CM86 ESCAPADA Villa priv\u00e9e \/ Villa  Tamariu\"><\/div><div class=\"slide-item\"><img data-lazy=\"https:\/\/files.net2rent.com\/pfiles\/43\/1940\/473232-m.jpg\" alt=\"CM86 ESCAPADA Villa priv\u00e9e \/ Villa  Tamariu\" title=\"CM86 ESCAPADA Villa priv\u00e9e \/ Villa  Tamariu\"><\/div><div class=\"slide-item\"><img data-lazy=\"https:\/\/files.net2rent.com\/pfiles\/43\/1940\/473233-m.jpg\" alt=\"CM86 ESCAPADA Villa priv\u00e9e \/ Villa  Tamariu\" title=\"CM86 ESCAPADA Villa priv\u00e9e \/ Villa  Tamariu\"><\/div><div class=\"slide-item\"><img data-lazy=\"https:\/\/files.net2rent.com\/pfiles\/43\/1940\/473242-m.jpg\" alt=\"CM86 ESCAPADA Villa priv\u00e9e \/ Villa  Tamariu\" title=\"CM86 ESCAPADA Villa priv\u00e9e \/ Villa  Tamariu\"><\/div><div class=\"slide-item\"><img data-lazy=\"https:\/\/files.net2rent.com\/pfiles\/43\/1940\/473234-m.jpg\" alt=\"CM86 ESCAPADA Villa priv\u00e9e \/ Villa  Tamariu\" title=\"CM86 ESCAPADA Villa priv\u00e9e \/ Villa  Tamariu\"><\/div><div class=\"slide-item\"><img data-lazy=\"https:\/\/files.net2rent.com\/pfiles\/43\/1940\/473235-m.jpg\" alt=\"CM86 ESCAPADA Villa priv\u00e9e \/ Villa  Tamariu\" title=\"CM86 ESCAPADA Villa priv\u00e9e \/ Villa  Tamariu\"><\/div><div class=\"slide-item\"><img data-lazy=\"https:\/\/files.net2rent.com\/pfiles\/43\/1940\/473236-m.jpg\" alt=\"CM86 ESCAPADA Villa priv\u00e9e \/ Villa  Tamariu\" title=\"CM86 ESCAPADA Villa priv\u00e9e \/ Villa  Tamariu\"><\/div><div class=\"slide-item\"><img data-lazy=\"https:\/\/files.net2rent.com\/pfiles\/43\/1940\/473237-m.jpg\" alt=\"CM86 ESCAPADA Villa priv\u00e9e \/ Villa  Tamariu\" title=\"CM86 ESCAPADA Villa priv\u00e9e \/ Villa  Tamariu\"><\/div><div class=\"slide-item\"><img data-lazy=\"https:\/\/files.net2rent.com\/pfiles\/43\/1940\/473238-m.jpg\" alt=\"CM86 ESCAPADA Villa priv\u00e9e \/ Villa  Tamariu\" title=\"CM86 ESCAPADA Villa priv\u00e9e \/ Villa  Tamariu\"><\/div><div class=\"slide-item\"><img data-lazy=\"https:\/\/files.net2rent.com\/pfiles\/43\/1940\/473239-m.jpg\" alt=\"CM86 ESCAPADA Villa priv\u00e9e \/ Villa  Tamariu\" title=\"CM86 ESCAPADA Villa priv\u00e9e \/ Villa  Tamariu\"><\/div><div class=\"slide-item\"><img data-lazy=\"https:\/\/files.net2rent.com\/pfiles\/43\/1940\/473240-m.jpg\" alt=\"CM86 ESCAPADA Villa priv\u00e9e \/ Villa  Tamariu\" title=\"CM86 ESCAPADA Villa priv\u00e9e \/ Villa  Tamariu\"><\/div><div class=\"slide-item\"><img data-lazy=\"https:\/\/files.net2rent.com\/pfiles\/43\/1940\/473241-m.jpg\" alt=\"CM86 ESCAPADA Villa priv\u00e9e \/ Villa  Tamariu\" title=\"CM86 ESCAPADA Villa priv\u00e9e \/ Villa  Tamariu\"><\/div><div class=\"slide-item\"><img data-lazy=\"https:\/\/files.net2rent.com\/pfiles\/43\/1940\/473243-m.jpg\" alt=\"CM86 ESCAPADA Villa priv\u00e9e \/ Villa  Tamariu\" title=\"CM86 ESCAPADA Villa priv\u00e9e \/ Villa  Tamariu\"><\/div>  <\/div>\n\n  <div class=\"n2r__list__item__info\">\n    <div class=\"n2r__list__item__title\">\n      <h2 class=\"n2r__list__item__name\">\n        <a href=\"https:\/\/www.corredormato.com\/fr\/logement-detail\/louer-villa-escapada-tamariu-1940\/\">ESCAPADA -Maison design moderne \u00e0 Tamariu - Costa Brava<\/a>\n      <\/h2>\n          <\/div>\n    <div class=\"n2r__list__item__title\">\n      <div class=\"n2r__list__item__reference\">Ref: CM86<\/div>\n      <div class=\"n2r__list__item__turisticreference\">HUTG-009876-73<\/div>      <div class=\"n2r__list__item__city\">Tamariu<\/div>\n              <div class=\"n2r__list__item__rating\">\n          <div class=\"n2r__rating\">\n            <div class=\"n2r__rating__complete\" style=\"width:97%\"><\/div>\n          <\/div>\n        <\/div>\n          <\/div>\n    <div class=\"n2r__list__item__features\">\n      <div class=\"n2r__list__item__feature n2r__list__item__feature--rooms\" title=\"5 chambres \u00e0 coucher\"><i class=\"n2r_room\"><\/i> 5<\/div><div class=\"n2r__list__item__feature n2r__list__item__feature--capacity\" title=\"12 pax\"><i class=\"n2r_people\"><\/i> 12<\/div><div class=\"n2r__list__item__feature n2r__list__item__feature--bathrooms\" title=\"5 toilettes\"><i class=\"n2r_toilet\"><\/i> 5<\/div><div class=\"n2r__list__item__feature n2r__list__item__feature--terrace\" title=\"terrasse\"><i class=\"n2r_terrace\"><\/i> <\/div><div class=\"n2r__list__item__feature n2r__list__item__feature--property_meters\" title=\"M\u00e8tres de la propri\u00e9t\u00e9\"><i class=\"n2r_property_meters\"><\/i> 240 m<sup>2<\/sup><\/div><div class=\"n2r__list__item__feature n2r__list__item__feature--pool\" title=\"piscine\"><i class=\"n2r_swimming_pool\"><\/i> <\/div>    <\/div>\n    <div class=\"n2r__list__item__description\">Maison d\u2019architecte de 240m2 enti\u00e8rement climatis\u00e9e, agr\u00e9ment\u00e9e de 175m2 de terrasses et d\u2019une grande piscine de 50m2, elle a \u00e9t\u00e9 enti\u00e8rement reconstruite en 2022-2023 avec des mat\u00e9riaux de tr\u00e8s haut de gamme et une d\u00e9coration de qualit\u00e9. Elle est situ\u00e9 dans le quartier renomm\u00e9 d&#039;Aigua Gelida, \u00e0 14mn \u00e0 pied \/ 1km du centre et de la plage de Tamariu, dans un emplacement privil\u00e9gi\u00e9, sur une parcelle en hauteur de 925m2 qui offre de belles vues sur les collines avoisinantes et le mer au loin. V\u00e9ritable oasis de paix situ\u00e9 dans la pin\u00e8de, elle nous permet de se reposer et profiter sans aucun vis-\u00e0-vis de la nature et de la tranquillit\u00e9 de la Costa Brava.Disposant d&#039;un design contemporain, alliant tradition et modernit\u00e9 et con\u00e7ue pour profiter totalement de la nature gr\u00e2ce \u00e0 chaque \u00e9tage grace \u00e0 de nombreuses et grandes vitr\u00e9es qui s&#039;ouvrent compl\u00e8tement, elle est enti\u00e8rement connect\u00e9 avec l\u2019ext\u00e9rieur.R\u00e9partie sur 3 niveaux, la maison offre au rez-de-chauss\u00e9e un espace de vie de 230m2 avec un ensemble de 80m2 habitables, comprenant salon avec chemin\u00e9e et toilettes, salle \u00e0 manger, et cuisine am\u00e9ricaine, b\u00e9n\u00e9ficiant de beaucoup de lumi\u00e8re, enti\u00e8rement connect\u00e9 avec l\u2019ext\u00e9rieur,\u00a0 via des baies vitr\u00e9e pliables et donnant directement sur une grande terrasse de 150m2 sur le jardin, avec zone repas, zone salon et piscine \u00e0 la forme unique. Cette piscine de 11m de longueur fonctionne sans chlore et b\u00e9n\u00e9ficie d\u2019un syst\u00e8me de nage \u00e0 contre courant et hydromassage. La cuisine est enti\u00e8rement \u00e9quip\u00e9e avec des appareils haut de gamme de derni\u00e8re g\u00e9n\u00e9ration, une cave \u00e0 vin \u00e9lectronique, de nombreux rangement et un barbecue ext\u00e9rieur.\r\nAu rez-de-chauss\u00e9e sur\u00e9lev\u00e9, on trouve un espace nuit ind\u00e9pendant, avec 3 chambres de 11-12m2 pouvant accueillir 6 personnes et deux salles de douche. Toutes les chambres ont des armoires encastr\u00e9es.\r\nLa suite parentale de 30m2 tr\u00e8s lumineuse avec poutres apparentes, balcon, dressing et salle de bain avec baignoire se trouve au premier \u00e9tage. Les vues depuis la suite et la salle de bains sont magnifiques et relaxantes.\r\nLe deuxi\u00e8me \u00e9tage dessert un appartement de 40m2 avec poutres apparentes, accessible depuis la maison mais qui est totalement ind\u00e9pendant, avec chambre, espace de vie, cuisine am\u00e9ricaine et salle de douche. Il est agr\u00e9ment\u00e9 de 2 terrasses, une de 15m2 avec table et chaises et une de 11m2 plein sud avec vue sur mer.\r\nA l&#039;ext\u00e9rieur de la maison, les enfants peuvent profiter d\u2019une table de ping-pong et d\u2019un trampoline et les adulte d\u2019un salon ext\u00e9rieur expos\u00e9 sud-ouest qui permet de profiter des longs apr\u00e8s-midi d&#039;\u00e9t\u00e9.\u00a0\r\nLes animaux ne sont pas accept\u00e9sInterdiction de fumerLes f\u00eates ne sont pas autoris\u00e9esCapacite: 12 personnes<\/div>\n    <div class=\"n2r__list__item__footer\">\n      <div class=\"n2r__list__item__price\"><span class=\"n2r__list__item__price__from\">D\u00e9s 715 \u20ac <small class=\"n2r__list__item__price__from__type\">\/  Jour<\/small><\/span><\/div>    <\/div>\n  <\/div>\n  <a class=\"n2r__list__item__link\" href=\"https:\/\/www.corredormato.com\/fr\/logement-detail\/louer-villa-escapada-tamariu-1940\/\">Plus<\/a>\n  <\/div><div class=\"n2r__list__item n2r__clickable   \" data-id=\"1950\">\n  <span class=\"n2r__list__item__icon n2r__list__item__icon--with3dtour\" title=\"Avec visite 3d \">360\u00ba<\/span>  <div class=\"n2r__list__item__gallery n2r__slider\">\n    <div class=\"slide-item\"><img data-lazy=\"https:\/\/files.net2rent.com\/pfiles\/43\/1950\/327504-o-m.jpg\" alt=\"CM96 LA GALERA Villa priv\u00e9e \/ Villa Costa Brava Tamariu\" title=\"CM96 LA GALERA Villa priv\u00e9e \/ Villa Costa Brava Tamariu\"><\/div><div class=\"slide-item\"><img data-lazy=\"https:\/\/files.net2rent.com\/pfiles\/43\/1950\/327392-o-m.jpg\" alt=\"CM96 LA GALERA Villa priv\u00e9e \/ Villa Costa Brava Tamariu\" title=\"CM96 LA GALERA Villa priv\u00e9e \/ Villa Costa Brava Tamariu\"><\/div><div class=\"slide-item\"><img data-lazy=\"https:\/\/my.matterport.com\/api\/v1\/player\/models\/VkMqE1Mg4Qy\/thumb?width=696&#038;dpr=2&#038;disable=upscale\" alt=\"CM96 LA GALERA Villa priv\u00e9e \/ Villa Costa Brava Tamariu\" title=\"CM96 LA GALERA Villa priv\u00e9e \/ Villa Costa Brava Tamariu\"><\/div><div class=\"slide-item\"><img data-lazy=\"https:\/\/files.net2rent.com\/pfiles\/43\/1950\/327393-o-m.jpg\" alt=\"CM96 LA GALERA Villa priv\u00e9e \/ Villa Costa Brava Tamariu\" title=\"CM96 LA GALERA Villa priv\u00e9e \/ Villa Costa Brava Tamariu\"><\/div><div class=\"slide-item\"><img data-lazy=\"https:\/\/files.net2rent.com\/pfiles\/43\/1950\/327394-o-m.jpg\" alt=\"CM96 LA GALERA Villa priv\u00e9e \/ Villa Costa Brava Tamariu\" title=\"CM96 LA GALERA Villa priv\u00e9e \/ Villa Costa Brava Tamariu\"><\/div><div class=\"slide-item\"><img data-lazy=\"https:\/\/files.net2rent.com\/pfiles\/43\/1950\/326736-o-m.jpg\" alt=\"CM96 LA GALERA Villa priv\u00e9e \/ Villa Costa Brava Tamariu\" title=\"CM96 LA GALERA Villa priv\u00e9e \/ Villa Costa Brava Tamariu\"><\/div><div class=\"slide-item\"><img data-lazy=\"https:\/\/files.net2rent.com\/pfiles\/43\/1950\/326741-o-m.jpg\" alt=\"CM96 LA GALERA Villa priv\u00e9e \/ Villa Costa Brava Tamariu\" title=\"CM96 LA GALERA Villa priv\u00e9e \/ Villa Costa Brava Tamariu\"><\/div><div class=\"slide-item\"><img data-lazy=\"https:\/\/files.net2rent.com\/pfiles\/43\/1950\/326738-o-m.jpg\" alt=\"CM96 LA GALERA Villa priv\u00e9e \/ Villa Costa Brava Tamariu\" title=\"CM96 LA GALERA Villa priv\u00e9e \/ Villa Costa Brava Tamariu\"><\/div><div class=\"slide-item\"><img data-lazy=\"https:\/\/files.net2rent.com\/pfiles\/43\/1950\/326740-o-m.jpg\" alt=\"CM96 LA GALERA Villa priv\u00e9e \/ Villa Costa Brava Tamariu\" title=\"CM96 LA GALERA Villa priv\u00e9e \/ Villa Costa Brava Tamariu\"><\/div><div class=\"slide-item\"><img data-lazy=\"https:\/\/files.net2rent.com\/pfiles\/43\/1950\/326743-o-m.jpg\" alt=\"CM96 LA GALERA Villa priv\u00e9e \/ Villa Costa Brava Tamariu\" title=\"CM96 LA GALERA Villa priv\u00e9e \/ Villa Costa Brava Tamariu\"><\/div><div class=\"slide-item\"><img data-lazy=\"https:\/\/files.net2rent.com\/pfiles\/43\/1950\/327395-o-m.jpg\" alt=\"CM96 LA GALERA Villa priv\u00e9e \/ Villa Costa Brava Tamariu\" title=\"CM96 LA GALERA Villa priv\u00e9e \/ Villa Costa Brava Tamariu\"><\/div><div class=\"slide-item\"><img data-lazy=\"https:\/\/files.net2rent.com\/pfiles\/43\/1950\/327396-o-m.jpg\" alt=\"CM96 LA GALERA Villa priv\u00e9e \/ Villa Costa Brava Tamariu\" title=\"CM96 LA GALERA Villa priv\u00e9e \/ Villa Costa Brava Tamariu\"><\/div><div class=\"slide-item\"><img data-lazy=\"https:\/\/files.net2rent.com\/pfiles\/43\/1950\/327397-o-m.jpg\" alt=\"CM96 LA GALERA Villa priv\u00e9e \/ Villa Costa Brava Tamariu\" title=\"CM96 LA GALERA Villa priv\u00e9e \/ Villa Costa Brava Tamariu\"><\/div><div class=\"slide-item\"><img data-lazy=\"https:\/\/files.net2rent.com\/pfiles\/43\/1950\/327398-o-m.jpg\" alt=\"CM96 LA GALERA Villa priv\u00e9e \/ Villa Costa Brava Tamariu\" title=\"CM96 LA GALERA Villa priv\u00e9e \/ Villa Costa Brava Tamariu\"><\/div><div class=\"slide-item\"><img data-lazy=\"https:\/\/files.net2rent.com\/pfiles\/43\/1950\/326747-o-m.jpg\" alt=\"CM96 LA GALERA Villa priv\u00e9e \/ Villa Costa Brava Tamariu\" title=\"CM96 LA GALERA Villa priv\u00e9e \/ Villa Costa Brava Tamariu\"><\/div><div class=\"slide-item\"><img data-lazy=\"https:\/\/files.net2rent.com\/pfiles\/43\/1950\/327399-o-m.jpg\" alt=\"CM96 LA GALERA Villa priv\u00e9e \/ Villa Costa Brava Tamariu\" title=\"CM96 LA GALERA Villa priv\u00e9e \/ Villa Costa Brava Tamariu\"><\/div><div class=\"slide-item\"><img data-lazy=\"https:\/\/files.net2rent.com\/pfiles\/43\/1950\/326749-o-m.jpg\" alt=\"CM96 LA GALERA Villa priv\u00e9e \/ Villa Costa Brava Tamariu\" title=\"CM96 LA GALERA Villa priv\u00e9e \/ Villa Costa Brava Tamariu\"><\/div><div class=\"slide-item\"><img data-lazy=\"https:\/\/files.net2rent.com\/pfiles\/43\/1950\/326750-o-m.jpg\" alt=\"CM96 LA GALERA Villa priv\u00e9e \/ Villa Costa Brava Tamariu\" title=\"CM96 LA GALERA Villa priv\u00e9e \/ Villa Costa Brava Tamariu\"><\/div><div class=\"slide-item\"><img data-lazy=\"https:\/\/files.net2rent.com\/pfiles\/43\/1950\/326751-o-m.jpg\" alt=\"CM96 LA GALERA Villa priv\u00e9e \/ Villa Costa Brava Tamariu\" title=\"CM96 LA GALERA Villa priv\u00e9e \/ Villa Costa Brava Tamariu\"><\/div><div class=\"slide-item\"><img data-lazy=\"https:\/\/files.net2rent.com\/pfiles\/43\/1950\/326752-o-m.jpg\" alt=\"CM96 LA GALERA Villa priv\u00e9e \/ Villa Costa Brava Tamariu\" title=\"CM96 LA GALERA Villa priv\u00e9e \/ Villa Costa Brava Tamariu\"><\/div><div class=\"slide-item\"><img data-lazy=\"https:\/\/files.net2rent.com\/pfiles\/43\/1950\/326753-o-m.jpg\" alt=\"CM96 LA GALERA Villa priv\u00e9e \/ Villa Costa Brava Tamariu\" title=\"CM96 LA GALERA Villa priv\u00e9e \/ Villa Costa Brava Tamariu\"><\/div><div class=\"slide-item\"><img data-lazy=\"https:\/\/files.net2rent.com\/pfiles\/43\/1950\/326754-o-m.jpg\" alt=\"CM96 LA GALERA Villa priv\u00e9e \/ Villa Costa Brava Tamariu\" title=\"CM96 LA GALERA Villa priv\u00e9e \/ Villa Costa Brava Tamariu\"><\/div><div class=\"slide-item\"><img data-lazy=\"https:\/\/files.net2rent.com\/pfiles\/43\/1950\/326755-o-m.jpg\" alt=\"CM96 LA GALERA Villa priv\u00e9e \/ Villa Costa Brava Tamariu\" title=\"CM96 LA GALERA Villa priv\u00e9e \/ Villa Costa Brava Tamariu\"><\/div><div class=\"slide-item\"><img data-lazy=\"https:\/\/files.net2rent.com\/pfiles\/43\/1950\/326756-o-m.jpg\" alt=\"CM96 LA GALERA Villa priv\u00e9e \/ Villa Costa Brava Tamariu\" title=\"CM96 LA GALERA Villa priv\u00e9e \/ Villa Costa Brava Tamariu\"><\/div><div class=\"slide-item\"><img data-lazy=\"https:\/\/files.net2rent.com\/pfiles\/43\/1950\/326757-o-m.jpg\" alt=\"CM96 LA GALERA Villa priv\u00e9e \/ Villa Costa Brava Tamariu\" title=\"CM96 LA GALERA Villa priv\u00e9e \/ Villa Costa Brava Tamariu\"><\/div><div class=\"slide-item\"><img data-lazy=\"https:\/\/files.net2rent.com\/pfiles\/43\/1950\/326760-o-m.jpg\" alt=\"CM96 LA GALERA Villa priv\u00e9e \/ Villa Costa Brava Tamariu\" title=\"CM96 LA GALERA Villa priv\u00e9e \/ Villa Costa Brava Tamariu\"><\/div><div class=\"slide-item\"><img data-lazy=\"https:\/\/files.net2rent.com\/pfiles\/43\/1950\/231523-o-m.jpg\" alt=\"CM96 LA GALERA Villa priv\u00e9e  Tamariu\" title=\"CM96 LA GALERA Villa priv\u00e9e  Tamariu\"><\/div><div class=\"slide-item\"><img data-lazy=\"https:\/\/files.net2rent.com\/pfiles\/43\/1950\/231525-o-m.jpg\" alt=\"CM96 LA GALERA Villa priv\u00e9e  Tamariu\" title=\"CM96 LA GALERA Villa priv\u00e9e  Tamariu\"><\/div><div class=\"slide-item\"><img data-lazy=\"https:\/\/files.net2rent.com\/pfiles\/43\/1950\/231526-o-m.jpg\" alt=\"CM96 LA GALERA Villa priv\u00e9e  Tamariu\" title=\"CM96 LA GALERA Villa priv\u00e9e  Tamariu\"><\/div><div class=\"slide-item\"><img data-lazy=\"https:\/\/files.net2rent.com\/pfiles\/43\/1950\/231529-o-m.jpg\" alt=\"CM96 LA GALERA Villa priv\u00e9e  Tamariu\" title=\"CM96 LA GALERA Villa priv\u00e9e  Tamariu\"><\/div><div class=\"slide-item\"><img data-lazy=\"https:\/\/files.net2rent.com\/pfiles\/43\/1950\/231530-o-m.jpg\" alt=\"CM96 LA GALERA Villa priv\u00e9e  Tamariu\" title=\"CM96 LA GALERA Villa priv\u00e9e  Tamariu\"><\/div><div class=\"slide-item\"><img data-lazy=\"https:\/\/files.net2rent.com\/pfiles\/43\/1950\/326759-o-m.jpg\" alt=\"CM96 LA GALERA Villa priv\u00e9e \/ Villa Costa Brava Tamariu\" title=\"CM96 LA GALERA Villa priv\u00e9e \/ Villa Costa Brava Tamariu\"><\/div><div class=\"slide-item\"><img data-lazy=\"https:\/\/files.net2rent.com\/pfiles\/43\/1950\/231532-o-m.jpg\" alt=\"CM96 LA GALERA Villa priv\u00e9e  Tamariu\" title=\"CM96 LA GALERA Villa priv\u00e9e  Tamariu\"><\/div><div class=\"slide-item\"><img data-lazy=\"https:\/\/files.net2rent.com\/pfiles\/43\/1950\/295708-o-m.jpg\" alt=\"CM96 LA GALERA Villa priv\u00e9e \/ Villa Costa Brava Tamariu\" title=\"CM96 LA GALERA Villa priv\u00e9e \/ Villa Costa Brava Tamariu\"><\/div>  <\/div>\n\n  <div class=\"n2r__list__item__info\">\n    <div class=\"n2r__list__item__title\">\n      <h2 class=\"n2r__list__item__name\">\n        <a href=\"https:\/\/www.corredormato.com\/fr\/logement-detail\/louer-villa-la-galera-tamariu-1950\/\">VILLA LA GALERA villa avec piscine et vue mer \u00e0 Tamariu  Costa Brava<\/a>\n      <\/h2>\n          <\/div>\n    <div class=\"n2r__list__item__title\">\n      <div class=\"n2r__list__item__reference\">Ref: CM96<\/div>\n      <div class=\"n2r__list__item__turisticreference\">HUTG-052840-21<\/div>      <div class=\"n2r__list__item__city\">Tamariu<\/div>\n              <div class=\"n2r__list__item__rating\">\n          <div class=\"n2r__rating\">\n            <div class=\"n2r__rating__complete\" style=\"width:90%\"><\/div>\n          <\/div>\n        <\/div>\n          <\/div>\n    <div class=\"n2r__list__item__features\">\n      <div class=\"n2r__list__item__feature n2r__list__item__feature--rooms\" title=\"4 chambres \u00e0 coucher\"><i class=\"n2r_room\"><\/i> 4<\/div><div class=\"n2r__list__item__feature n2r__list__item__feature--capacity\" title=\"8 pax\"><i class=\"n2r_people\"><\/i> 8<\/div><div class=\"n2r__list__item__feature n2r__list__item__feature--bathrooms\" title=\"3 toilettes\"><i class=\"n2r_toilet\"><\/i> 3<\/div><div class=\"n2r__list__item__feature n2r__list__item__feature--terrace\" title=\"terrasse\"><i class=\"n2r_terrace\"><\/i> <\/div><div class=\"n2r__list__item__feature n2r__list__item__feature--pool\" title=\"piscine\"><i class=\"n2r_swimming_pool\"><\/i> <\/div>    <\/div>\n    <div class=\"n2r__list__item__description\">VILLA LA GALERA\u00a0 Location villa avec piscine et vue mer \u00e0 Tamariu Costa Brava\r\nTamariu est l&#039;une des criques les plus exclusives de la Costa Brava. La Villa La Galera se trouve juste l\u00e0, \u00e0 400 m\u00e8tres de la plage, avec piscine \u00e0 d\u00e9bordement et la M\u00e9diterran\u00e9e comme horizon permanent.\r\nEmplacement privil\u00e9gi\u00e9 \u00e0 Tamariu\r\n\u00c0 seulement 400 m\u00e8tres \u00e0 pied de la plage de Tamariu \u2014 l&#039;une des criques les plus tranquilles et les mieux not\u00e9es de la Costa Brava \u2014 cette location de vacances vous place au c\u0153ur de la nature m\u00e9diterran\u00e9enne sans sacrifier aucun confort.\r\nExt\u00e9rieur con\u00e7u pour vivre en plein air\r\nLa piscine \u00e0 d\u00e9bordement avec effet infini, la terrasse en bois avec vue sur la mer, le jardin priv\u00e9 entour\u00e9 d&#039;arbres fruitiers et l&#039;espace chill-out font de cette location vacances une destination en soi. Sans voisins au-dessus. Sans bruit. La terrasse couverte comprend une salle \u00e0 manger ext\u00e9rieure et une cuisine d&#039;\u00e9t\u00e9 avec barbecue, parfaite pour d\u00eener en plein air sur la Costa Brava.\r\nInt\u00e9rieur lumineux et enti\u00e8rement \u00e9quip\u00e9\r\nLa lumi\u00e8re envahit tout. De grandes baies vitr\u00e9es et des portes coulissantes en verre relient directement le salon-salle \u00e0 manger avec chemin\u00e9e au jardin et \u00e0 la piscine. La cuisine am\u00e9ricaine est enti\u00e8rement \u00e9quip\u00e9e. Lave-linge et s\u00e8che-linge inclus. Il ne manque rien.\r\n4 chambres \u00b7 3 salles de bain \u00b7 Capacit\u00e9 pour 8 personnes\r\n\r\nSuite principale avec grand lit et salle de bain priv\u00e9e avec baignoire et douche.\r\nChambre twin et chambre double avec salle de bain partag\u00e9e avec douche.\r\nAnnexe ind\u00e9pendante : studio + chambre double avec salle de bain priv\u00e9e. Parfaite pour deux familles ou pour ceux qui souhaitent leur propre espace au sein de la m\u00eame location.\r\n\r\nPourquoi choisir cette location de vacances \u00e0 Tamariu :\r\n\u2714 Piscine priv\u00e9e \u00e0 d\u00e9bordement avec vue sur la mer \u2714 \u00c0 400m de la plage de Tamariu \u2714 Jardin priv\u00e9 en toute intimit\u00e9 \u2714 Parking couvert pour 3 voitures \u2714 Chauffage disponible en mi-saison\r\nS\u00e9jour minimum : 3 nuits. Suppl\u00e9ment m\u00e9nage de 100 \u20ac pour les s\u00e9jours inf\u00e9rieurs \u00e0 1 semaine (non inclus dans le prix de location). Licence touristique : HUTG-052840-21.<\/div>\n    <div class=\"n2r__list__item__footer\">\n      <div class=\"n2r__list__item__price\"><span class=\"n2r__list__item__price__from\">D\u00e9s 1.020 \u20ac <small class=\"n2r__list__item__price__from__type\">\/  Jour<\/small><\/span><\/div>    <\/div>\n  <\/div>\n  <a class=\"n2r__list__item__link\" href=\"https:\/\/www.corredormato.com\/fr\/logement-detail\/louer-villa-la-galera-tamariu-1950\/\">Plus<\/a>\n  <\/div><div class=\"n2r__list__item n2r__clickable   \" data-id=\"20158\">\n    <div class=\"n2r__list__item__gallery n2r__slider\">\n    <div class=\"slide-item\"><img data-lazy=\"https:\/\/files.net2rent.com\/pfiles\/43\/20158\/468997-m.jpg\" alt=\"CM2285 CORAL 14 Appartement Costa Brava Llafranc\" title=\"CM2285 CORAL 14 Appartement Costa Brava Llafranc\"><\/div><div class=\"slide-item\"><img data-lazy=\"https:\/\/files.net2rent.com\/pfiles\/43\/20158\/456460-m.jpg\" alt=\"CM2285 CORAL 14 Appartement  Llafranc\" title=\"CM2285 CORAL 14 Appartement  Llafranc\"><\/div><div class=\"slide-item\"><img data-lazy=\"https:\/\/files.net2rent.com\/pfiles\/43\/20158\/447320-m.jpg\" alt=\"CM2285 CORAL 14 Appartement  Llafranc\" title=\"CM2285 CORAL 14 Appartement  Llafranc\"><\/div><div class=\"slide-item\"><img data-lazy=\"https:\/\/files.net2rent.com\/pfiles\/43\/20158\/468998-m.jpg\" alt=\"CM2285 CORAL 14 Appartement Costa Brava Llafranc\" title=\"CM2285 CORAL 14 Appartement Costa Brava Llafranc\"><\/div><div class=\"slide-item\"><img data-lazy=\"https:\/\/files.net2rent.com\/pfiles\/43\/20158\/468990-m.jpg\" alt=\"CM2285 CORAL 14 Appartement Costa Brava Llafranc\" title=\"CM2285 CORAL 14 Appartement Costa Brava Llafranc\"><\/div><div class=\"slide-item\"><img data-lazy=\"https:\/\/files.net2rent.com\/pfiles\/43\/20158\/468995-m.jpg\" alt=\"CM2285 CORAL 14 Appartement Costa Brava Llafranc\" title=\"CM2285 CORAL 14 Appartement Costa Brava Llafranc\"><\/div><div class=\"slide-item\"><img data-lazy=\"https:\/\/files.net2rent.com\/pfiles\/43\/20158\/468991-m.jpg\" alt=\"CM2285 CORAL 14 Appartement Costa Brava Llafranc\" title=\"CM2285 CORAL 14 Appartement Costa Brava Llafranc\"><\/div><div class=\"slide-item\"><img data-lazy=\"https:\/\/files.net2rent.com\/pfiles\/43\/20158\/468992-m.jpg\" alt=\"CM2285 CORAL 14 Appartement Costa Brava Llafranc\" title=\"CM2285 CORAL 14 Appartement Costa Brava Llafranc\"><\/div><div class=\"slide-item\"><img data-lazy=\"https:\/\/files.net2rent.com\/pfiles\/43\/20158\/468993-m.jpg\" alt=\"CM2285 CORAL 14 Appartement Costa Brava Llafranc\" title=\"CM2285 CORAL 14 Appartement Costa Brava Llafranc\"><\/div><div class=\"slide-item\"><img data-lazy=\"https:\/\/files.net2rent.com\/pfiles\/43\/20158\/468994-m.jpg\" alt=\"CM2285 CORAL 14 Appartement Costa Brava Llafranc\" title=\"CM2285 CORAL 14 Appartement Costa Brava Llafranc\"><\/div><div class=\"slide-item\"><img data-lazy=\"https:\/\/files.net2rent.com\/pfiles\/43\/20158\/453623-m.jpg\" alt=\"CM2285 CORAL 14 Appartement  Llafranc\" title=\"CM2285 CORAL 14 Appartement  Llafranc\"><\/div><div class=\"slide-item\"><img data-lazy=\"https:\/\/files.net2rent.com\/pfiles\/43\/20158\/468996-m.jpg\" alt=\"CM2285 CORAL 14 Appartement Costa Brava Llafranc\" title=\"CM2285 CORAL 14 Appartement Costa Brava Llafranc\"><\/div><div class=\"slide-item\"><img data-lazy=\"https:\/\/files.net2rent.com\/pfiles\/43\/20158\/472268-m.jpg\" alt=\"CM2285 CORAL 14 Appartement Costa Brava Llafranc\" title=\"CM2285 CORAL 14 Appartement Costa Brava Llafranc\"><\/div><div class=\"slide-item\"><img data-lazy=\"https:\/\/files.net2rent.com\/pfiles\/43\/20158\/456466-m.jpg\" alt=\"CM2285 CORAL 14 Appartement  Llafranc\" title=\"CM2285 CORAL 14 Appartement  Llafranc\"><\/div><div class=\"slide-item\"><img data-lazy=\"https:\/\/files.net2rent.com\/pfiles\/43\/20158\/456464-m.jpg\" alt=\"CM2285 CORAL 14 Appartement  Llafranc\" title=\"CM2285 CORAL 14 Appartement  Llafranc\"><\/div><div class=\"slide-item\"><img data-lazy=\"https:\/\/files.net2rent.com\/pfiles\/43\/20158\/456463-m.jpg\" alt=\"CM2285 CORAL 14 Appartement  Llafranc\" title=\"CM2285 CORAL 14 Appartement  Llafranc\"><\/div><div class=\"slide-item\"><img data-lazy=\"https:\/\/files.net2rent.com\/pfiles\/43\/20158\/473064-m.jpg\" alt=\"CM2285 CORAL 14 Appartement Costa Brava Llafranc\" title=\"CM2285 CORAL 14 Appartement Costa Brava Llafranc\"><\/div><div class=\"slide-item\"><img data-lazy=\"https:\/\/files.net2rent.com\/pfiles\/43\/20158\/473065-m.jpg\" alt=\"CM2285 CORAL 14 Appartement Costa Brava Llafranc\" title=\"CM2285 CORAL 14 Appartement Costa Brava Llafranc\"><\/div><div class=\"slide-item\"><img data-lazy=\"https:\/\/files.net2rent.com\/pfiles\/43\/20158\/473066-m.jpg\" alt=\"CM2285 CORAL 14 Appartement Costa Brava Llafranc\" title=\"CM2285 CORAL 14 Appartement Costa Brava Llafranc\"><\/div><div class=\"slide-item\"><img data-lazy=\"https:\/\/files.net2rent.com\/pfiles\/43\/20158\/473067-m.jpg\" alt=\"CM2285 CORAL 14 Appartement Costa Brava Llafranc\" title=\"CM2285 CORAL 14 Appartement Costa Brava Llafranc\"><\/div><div class=\"slide-item\"><img data-lazy=\"https:\/\/files.net2rent.com\/pfiles\/43\/20158\/473068-m.jpg\" alt=\"CM2285 CORAL 14 Appartement Costa Brava Llafranc\" title=\"CM2285 CORAL 14 Appartement Costa Brava Llafranc\"><\/div><div class=\"slide-item\"><img data-lazy=\"https:\/\/files.net2rent.com\/pfiles\/43\/20158\/473069-m.jpg\" alt=\"CM2285 CORAL 14 Appartement Costa Brava Llafranc\" title=\"CM2285 CORAL 14 Appartement Costa Brava Llafranc\"><\/div><div class=\"slide-item\"><img data-lazy=\"https:\/\/files.net2rent.com\/pfiles\/43\/20158\/473070-m.jpg\" alt=\"CM2285 CORAL 14 Appartement Costa Brava Llafranc\" title=\"CM2285 CORAL 14 Appartement Costa Brava Llafranc\"><\/div><div class=\"slide-item\"><img data-lazy=\"https:\/\/files.net2rent.com\/pfiles\/43\/20158\/473071-m.jpg\" alt=\"CM2285 CORAL 14 Appartement Costa Brava Llafranc\" title=\"CM2285 CORAL 14 Appartement Costa Brava Llafranc\"><\/div><div class=\"slide-item\"><img data-lazy=\"https:\/\/files.net2rent.com\/pfiles\/43\/20158\/473072-m.jpg\" alt=\"CM2285 CORAL 14 Appartement Costa Brava Llafranc\" title=\"CM2285 CORAL 14 Appartement Costa Brava Llafranc\"><\/div><div class=\"slide-item\"><img data-lazy=\"https:\/\/files.net2rent.com\/pfiles\/43\/20158\/473073-m.jpg\" alt=\"CM2285 CORAL 14 Appartement Costa Brava Llafranc\" title=\"CM2285 CORAL 14 Appartement Costa Brava Llafranc\"><\/div>  <\/div>\n\n  <div class=\"n2r__list__item__info\">\n    <div class=\"n2r__list__item__title\">\n      <h2 class=\"n2r__list__item__name\">\n        <a href=\"https:\/\/www.corredormato.com\/fr\/logement-detail\/louer-appartement-coral-14-llafranc-20158\/\">CORAL 14 - appartement au centre du Llafranc-Costa Brava<\/a>\n      <\/h2>\n          <\/div>\n    <div class=\"n2r__list__item__title\">\n      <div class=\"n2r__list__item__reference\">Ref: CM2285<\/div>\n      <div class=\"n2r__list__item__turisticreference\">HUTG-057246-40<\/div>      <div class=\"n2r__list__item__city\">Llafranc<\/div>\n              <div class=\"n2r__list__item__rating\">\n          <div class=\"n2r__rating\">\n            <div class=\"n2r__rating__complete\" style=\"width:88%\"><\/div>\n          <\/div>\n        <\/div>\n          <\/div>\n    <div class=\"n2r__list__item__features\">\n      <div class=\"n2r__list__item__feature n2r__list__item__feature--rooms\" title=\"3 chambres \u00e0 coucher\"><i class=\"n2r_room\"><\/i> 3<\/div><div class=\"n2r__list__item__feature n2r__list__item__feature--capacity\" title=\"5 pax\"><i class=\"n2r_people\"><\/i> 5<\/div><div class=\"n2r__list__item__feature n2r__list__item__feature--bathrooms\" title=\"1 toilettes\"><i class=\"n2r_toilet\"><\/i> 1<\/div><div class=\"n2r__list__item__feature n2r__list__item__feature--property_meters\" title=\"M\u00e8tres de la propri\u00e9t\u00e9\"><i class=\"n2r_property_meters\"><\/i> 56 m<sup>2<\/sup><\/div>    <\/div>\n    <div class=\"n2r__list__item__description\">Propri\u00e9t\u00e9 situ\u00e9e au centre de la ville de Llafranc, dans une zone tranquile.\r\nL&#039;appartement est distribu\u00e9 sur un seul \u00e9tage. Il ya un salon-salle \u00e0 manger avec terrasse qui donnant directement sur la rue, une cuisine enti\u00e8rement \u00e9quip\u00e9e, une chambre double, une chambres avec un lit double gigogne et acc\u00e8s \u00e0 une terrasse int\u00e9rieure et un chambre individuel. Il y a aussi 1 salle de bain avec douche.\r\n\u00a0\r\nPlace de Parking\u00a0Wi-fi Compr\u00eds\r\nCapacit\u00e9 : 5 personnes\r\n\u00a0\r\nSUPPL\u00c9MENT DE 80\u20ac POUR LES S\u00c9JOURS DE MOINS D&#039;UNE SEMAINE. S\u00c9JOUR MINIMUM DE 3 NUITS. CE SUPPL\u00c9MENT N&#039;EST PAS INCLUS DANS LE PRIX DE LA LOCATION.<\/div>\n    <div class=\"n2r__list__item__footer\">\n      <div class=\"n2r__list__item__price\"><span class=\"n2r__list__item__price__from\">D\u00e9s 100 \u20ac <small class=\"n2r__list__item__price__from__type\">\/  Jour<\/small><\/span><\/div>    <\/div>\n  <\/div>\n  <a class=\"n2r__list__item__link\" href=\"https:\/\/www.corredormato.com\/fr\/logement-detail\/louer-appartement-coral-14-llafranc-20158\/\">Plus<\/a>\n  <\/div><div class=\"n2r__list__item n2r__clickable   \" data-id=\"17954\">\n  <span class=\"n2r__list__item__icon n2r__list__item__icon--with3dtour\" title=\"Avec visite 3d \">360\u00ba<\/span>  <div class=\"n2r__list__item__gallery n2r__slider\">\n    <div class=\"slide-item\"><img data-lazy=\"https:\/\/files.net2rent.com\/pfiles\/43\/17954\/435192-o-m.jpg\" alt=\"CM1997 VILLA CELIMAR Villa priv\u00e9e \/ Villa  Tamariu\" title=\"CM1997 VILLA CELIMAR Villa priv\u00e9e \/ Villa  Tamariu\"><\/div><div class=\"slide-item\"><img data-lazy=\"https:\/\/files.net2rent.com\/pfiles\/43\/17954\/435200-o-m.jpg\" alt=\"CM1997 VILLA CELIMAR Villa priv\u00e9e \/ Villa  Tamariu\" title=\"CM1997 VILLA CELIMAR Villa priv\u00e9e \/ Villa  Tamariu\"><\/div><div class=\"slide-item\"><img data-lazy=\"https:\/\/files.net2rent.com\/pfiles\/43\/17954\/435191-o-m.jpg\" alt=\"CM1997 VILLA CELIMAR Villa priv\u00e9e \/ Villa  Tamariu\" title=\"CM1997 VILLA CELIMAR Villa priv\u00e9e \/ Villa  Tamariu\"><\/div><div class=\"slide-item\"><img data-lazy=\"https:\/\/files.net2rent.com\/pfiles\/43\/17954\/435193-o-m.jpg\" alt=\"CM1997 VILLA CELIMAR Villa priv\u00e9e \/ Villa  Tamariu\" title=\"CM1997 VILLA CELIMAR Villa priv\u00e9e \/ Villa  Tamariu\"><\/div><div class=\"slide-item\"><img data-lazy=\"https:\/\/files.net2rent.com\/pfiles\/43\/17954\/435197-o-m.jpg\" alt=\"CM1997 VILLA CELIMAR Villa priv\u00e9e \/ Villa  Tamariu\" title=\"CM1997 VILLA CELIMAR Villa priv\u00e9e \/ Villa  Tamariu\"><\/div><div class=\"slide-item\"><img data-lazy=\"https:\/\/files.net2rent.com\/pfiles\/43\/17954\/435194-o-m.jpg\" alt=\"CM1997 VILLA CELIMAR Villa priv\u00e9e \/ Villa  Tamariu\" title=\"CM1997 VILLA CELIMAR Villa priv\u00e9e \/ Villa  Tamariu\"><\/div><div class=\"slide-item\"><img data-lazy=\"https:\/\/files.net2rent.com\/pfiles\/43\/17954\/435195-o-m.jpg\" alt=\"CM1997 VILLA CELIMAR Villa priv\u00e9e \/ Villa  Tamariu\" title=\"CM1997 VILLA CELIMAR Villa priv\u00e9e \/ Villa  Tamariu\"><\/div><div class=\"slide-item\"><img data-lazy=\"https:\/\/files.net2rent.com\/pfiles\/43\/17954\/375384-o-m.jpg\" alt=\"CM1997 VILLA CELIMAR Villa priv\u00e9e \/ Villa  Tamariu\" title=\"CM1997 VILLA CELIMAR Villa priv\u00e9e \/ Villa  Tamariu\"><\/div><div class=\"slide-item\"><img data-lazy=\"https:\/\/files.net2rent.com\/pfiles\/43\/17954\/435196-o-m.jpg\" alt=\"CM1997 VILLA CELIMAR Villa priv\u00e9e \/ Villa  Tamariu\" title=\"CM1997 VILLA CELIMAR Villa priv\u00e9e \/ Villa  Tamariu\"><\/div><div class=\"slide-item\"><img data-lazy=\"https:\/\/files.net2rent.com\/pfiles\/43\/17954\/375393-o-m.jpg\" alt=\"CM1997 VILLA CELIMAR Villa priv\u00e9e \/ Villa  Tamariu\" title=\"CM1997 VILLA CELIMAR Villa priv\u00e9e \/ Villa  Tamariu\"><\/div><div class=\"slide-item\"><img data-lazy=\"https:\/\/files.net2rent.com\/pfiles\/43\/17954\/375383-o-m.jpg\" alt=\"CM1997 VILLA CELIMAR Villa priv\u00e9e \/ Villa  Tamariu\" title=\"CM1997 VILLA CELIMAR Villa priv\u00e9e \/ Villa  Tamariu\"><\/div><div class=\"slide-item\"><img data-lazy=\"https:\/\/files.net2rent.com\/pfiles\/43\/17954\/375380-o-m.jpg\" alt=\"CM1997 VILLA CELIMAR Villa priv\u00e9e \/ Villa  Tamariu\" title=\"CM1997 VILLA CELIMAR Villa priv\u00e9e \/ Villa  Tamariu\"><\/div><div class=\"slide-item\"><img data-lazy=\"https:\/\/files.net2rent.com\/pfiles\/43\/17954\/375389-o-m.jpg\" alt=\"CM1997 VILLA CELIMAR Villa priv\u00e9e \/ Villa  Tamariu\" title=\"CM1997 VILLA CELIMAR Villa priv\u00e9e \/ Villa  Tamariu\"><\/div><div class=\"slide-item\"><img data-lazy=\"https:\/\/files.net2rent.com\/pfiles\/43\/17954\/375388-o-m.jpg\" alt=\"CM1997 VILLA CELIMAR Villa priv\u00e9e \/ Villa  Tamariu\" title=\"CM1997 VILLA CELIMAR Villa priv\u00e9e \/ Villa  Tamariu\"><\/div><div class=\"slide-item\"><img data-lazy=\"https:\/\/files.net2rent.com\/pfiles\/43\/17954\/375391-o-m.jpg\" alt=\"CM1997 VILLA CELIMAR Villa priv\u00e9e \/ Villa  Tamariu\" title=\"CM1997 VILLA CELIMAR Villa priv\u00e9e \/ Villa  Tamariu\"><\/div><div class=\"slide-item\"><img data-lazy=\"https:\/\/files.net2rent.com\/pfiles\/43\/17954\/375381-o-m.jpg\" alt=\"CM1997 VILLA CELIMAR Villa priv\u00e9e \/ Villa  Tamariu\" title=\"CM1997 VILLA CELIMAR Villa priv\u00e9e \/ Villa  Tamariu\"><\/div><div class=\"slide-item\"><img data-lazy=\"https:\/\/files.net2rent.com\/pfiles\/43\/17954\/375382-o-m.jpg\" alt=\"CM1997 VILLA CELIMAR Villa priv\u00e9e \/ Villa  Tamariu\" title=\"CM1997 VILLA CELIMAR Villa priv\u00e9e \/ Villa  Tamariu\"><\/div><div class=\"slide-item\"><img data-lazy=\"https:\/\/files.net2rent.com\/pfiles\/43\/17954\/375374-o-m.jpg\" alt=\"CM1997 VILLA CELIMAR Villa priv\u00e9e \/ Villa  Tamariu\" title=\"CM1997 VILLA CELIMAR Villa priv\u00e9e \/ Villa  Tamariu\"><\/div><div class=\"slide-item\"><img data-lazy=\"https:\/\/files.net2rent.com\/pfiles\/43\/17954\/375390-o-m.jpg\" alt=\"CM1997 VILLA CELIMAR Villa priv\u00e9e \/ Villa  Tamariu\" title=\"CM1997 VILLA CELIMAR Villa priv\u00e9e \/ Villa  Tamariu\"><\/div><div class=\"slide-item\"><img data-lazy=\"https:\/\/files.net2rent.com\/pfiles\/43\/17954\/375396-o-m.jpg\" alt=\"CM1997 VILLA CELIMAR Villa priv\u00e9e \/ Villa  Tamariu\" title=\"CM1997 VILLA CELIMAR Villa priv\u00e9e \/ Villa  Tamariu\"><\/div><div class=\"slide-item\"><img data-lazy=\"https:\/\/files.net2rent.com\/pfiles\/43\/17954\/375394-o-m.jpg\" alt=\"CM1997 VILLA CELIMAR Villa priv\u00e9e \/ Villa  Tamariu\" title=\"CM1997 VILLA CELIMAR Villa priv\u00e9e \/ Villa  Tamariu\"><\/div><div class=\"slide-item\"><img data-lazy=\"https:\/\/files.net2rent.com\/pfiles\/43\/17954\/375395-o-m.jpg\" alt=\"CM1997 VILLA CELIMAR Villa priv\u00e9e \/ Villa  Tamariu\" title=\"CM1997 VILLA CELIMAR Villa priv\u00e9e \/ Villa  Tamariu\"><\/div><div class=\"slide-item\"><img data-lazy=\"https:\/\/files.net2rent.com\/pfiles\/43\/17954\/375385-o-m.jpg\" alt=\"CM1997 VILLA CELIMAR Villa priv\u00e9e \/ Villa  Tamariu\" title=\"CM1997 VILLA CELIMAR Villa priv\u00e9e \/ Villa  Tamariu\"><\/div><div class=\"slide-item\"><img data-lazy=\"https:\/\/files.net2rent.com\/pfiles\/43\/17954\/375386-o-m.jpg\" alt=\"CM1997 VILLA CELIMAR Villa priv\u00e9e \/ Villa  Tamariu\" title=\"CM1997 VILLA CELIMAR Villa priv\u00e9e \/ Villa  Tamariu\"><\/div><div class=\"slide-item\"><img data-lazy=\"https:\/\/files.net2rent.com\/pfiles\/43\/17954\/375387-o-m.jpg\" alt=\"CM1997 VILLA CELIMAR Villa priv\u00e9e \/ Villa  Tamariu\" title=\"CM1997 VILLA CELIMAR Villa priv\u00e9e \/ Villa  Tamariu\"><\/div><div class=\"slide-item\"><img data-lazy=\"https:\/\/files.net2rent.com\/pfiles\/43\/17954\/375379-o-m.jpg\" alt=\"CM1997 VILLA CELIMAR Villa priv\u00e9e \/ Villa  Tamariu\" title=\"CM1997 VILLA CELIMAR Villa priv\u00e9e \/ Villa  Tamariu\"><\/div><div class=\"slide-item\"><img data-lazy=\"https:\/\/files.net2rent.com\/pfiles\/43\/17954\/375378-o-m.jpg\" alt=\"CM1997 VILLA CELIMAR Villa priv\u00e9e \/ Villa  Tamariu\" title=\"CM1997 VILLA CELIMAR Villa priv\u00e9e \/ Villa  Tamariu\"><\/div><div class=\"slide-item\"><img data-lazy=\"https:\/\/files.net2rent.com\/pfiles\/43\/17954\/375392-o-m.jpg\" alt=\"CM1997 VILLA CELIMAR Villa priv\u00e9e \/ Villa  Tamariu\" title=\"CM1997 VILLA CELIMAR Villa priv\u00e9e \/ Villa  Tamariu\"><\/div><div class=\"slide-item\"><img data-lazy=\"https:\/\/files.net2rent.com\/pfiles\/43\/17954\/375375-o-m.jpg\" alt=\"CM1997 VILLA CELIMAR Villa priv\u00e9e \/ Villa  Tamariu\" title=\"CM1997 VILLA CELIMAR Villa priv\u00e9e \/ Villa  Tamariu\"><\/div><div class=\"slide-item\"><img data-lazy=\"https:\/\/files.net2rent.com\/pfiles\/43\/17954\/375376-o-m.jpg\" alt=\"CM1997 VILLA CELIMAR Villa priv\u00e9e \/ Villa  Tamariu\" title=\"CM1997 VILLA CELIMAR Villa priv\u00e9e \/ Villa  Tamariu\"><\/div><div class=\"slide-item\"><img data-lazy=\"https:\/\/files.net2rent.com\/pfiles\/43\/17954\/375397-o-m.jpg\" alt=\"CM1997 VILLA CELIMAR Villa priv\u00e9e \/ Villa  Tamariu\" title=\"CM1997 VILLA CELIMAR Villa priv\u00e9e \/ Villa  Tamariu\"><\/div><div class=\"slide-item\"><img data-lazy=\"https:\/\/files.net2rent.com\/pfiles\/43\/17954\/375398-o-m.jpg\" alt=\"CM1997 VILLA CELIMAR Villa priv\u00e9e \/ Villa  Tamariu\" title=\"CM1997 VILLA CELIMAR Villa priv\u00e9e \/ Villa  Tamariu\"><\/div><div class=\"slide-item\"><img data-lazy=\"https:\/\/files.net2rent.com\/pfiles\/43\/17954\/375405-o-m.jpg\" alt=\"CM1997 VILLA CELIMAR Villa priv\u00e9e \/ Villa  Tamariu\" title=\"CM1997 VILLA CELIMAR Villa priv\u00e9e \/ Villa  Tamariu\"><\/div><div class=\"slide-item\"><img data-lazy=\"https:\/\/files.net2rent.com\/pfiles\/43\/17954\/375404-o-m.jpg\" alt=\"CM1997 VILLA CELIMAR Villa priv\u00e9e \/ Villa  Tamariu\" title=\"CM1997 VILLA CELIMAR Villa priv\u00e9e \/ Villa  Tamariu\"><\/div><div class=\"slide-item\"><img data-lazy=\"https:\/\/files.net2rent.com\/pfiles\/43\/17954\/375406-o-m.jpg\" alt=\"CM1997 VILLA CELIMAR Villa priv\u00e9e \/ Villa  Tamariu\" title=\"CM1997 VILLA CELIMAR Villa priv\u00e9e \/ Villa  Tamariu\"><\/div><div class=\"slide-item\"><img data-lazy=\"https:\/\/files.net2rent.com\/pfiles\/43\/17954\/375407-o-m.jpg\" alt=\"CM1997 VILLA CELIMAR Villa priv\u00e9e \/ Villa  Tamariu\" title=\"CM1997 VILLA CELIMAR Villa priv\u00e9e \/ Villa  Tamariu\"><\/div><div class=\"slide-item\"><img data-lazy=\"https:\/\/files.net2rent.com\/pfiles\/43\/17954\/435198-o-m.jpg\" alt=\"CM1997 VILLA CELIMAR Villa priv\u00e9e \/ Villa  Tamariu\" title=\"CM1997 VILLA CELIMAR Villa priv\u00e9e \/ Villa  Tamariu\"><\/div><div class=\"slide-item\"><img data-lazy=\"https:\/\/files.net2rent.com\/pfiles\/43\/17954\/435199-o-m.jpg\" alt=\"CM1997 VILLA CELIMAR Villa priv\u00e9e \/ Villa  Tamariu\" title=\"CM1997 VILLA CELIMAR Villa priv\u00e9e \/ Villa  Tamariu\"><\/div><div class=\"slide-item\"><img data-lazy=\"https:\/\/files.net2rent.com\/pfiles\/43\/17954\/375403-o-m.jpg\" alt=\"CM1997 VILLA CELIMAR Villa priv\u00e9e \/ Villa  Tamariu\" title=\"CM1997 VILLA CELIMAR Villa priv\u00e9e \/ Villa  Tamariu\"><\/div><div class=\"slide-item\"><img data-lazy=\"https:\/\/files.net2rent.com\/pfiles\/43\/17954\/375399-o-m.jpg\" alt=\"CM1997 VILLA CELIMAR Villa priv\u00e9e \/ Villa  Tamariu\" title=\"CM1997 VILLA CELIMAR Villa priv\u00e9e \/ Villa  Tamariu\"><\/div><div class=\"slide-item\"><img data-lazy=\"https:\/\/files.net2rent.com\/pfiles\/43\/17954\/375401-o-m.jpg\" alt=\"CM1997 VILLA CELIMAR Villa priv\u00e9e \/ Villa  Tamariu\" title=\"CM1997 VILLA CELIMAR Villa priv\u00e9e \/ Villa  Tamariu\"><\/div><div class=\"slide-item\"><img data-lazy=\"https:\/\/files.net2rent.com\/pfiles\/43\/17954\/375400-o-m.jpg\" alt=\"CM1997 VILLA CELIMAR Villa priv\u00e9e \/ Villa  Tamariu\" title=\"CM1997 VILLA CELIMAR Villa priv\u00e9e \/ Villa  Tamariu\"><\/div><div class=\"slide-item\"><img data-lazy=\"https:\/\/files.net2rent.com\/pfiles\/43\/17954\/375402-o-m.jpg\" alt=\"CM1997 VILLA CELIMAR Villa priv\u00e9e \/ Villa  Tamariu\" title=\"CM1997 VILLA CELIMAR Villa priv\u00e9e \/ Villa  Tamariu\"><\/div><div class=\"slide-item\"><img data-lazy=\"https:\/\/files.net2rent.com\/pfiles\/43\/17954\/375408-o-m.jpg\" alt=\"CM1997 VILLA CELIMAR Villa priv\u00e9e \/ Villa  Tamariu\" title=\"CM1997 VILLA CELIMAR Villa priv\u00e9e \/ Villa  Tamariu\"><\/div><div class=\"slide-item\"><img data-lazy=\"https:\/\/files.net2rent.com\/pfiles\/43\/17954\/375409-o-m.jpg\" alt=\"CM1997 VILLA CELIMAR Villa priv\u00e9e \/ Villa  Tamariu\" title=\"CM1997 VILLA CELIMAR Villa priv\u00e9e \/ Villa  Tamariu\"><\/div><div class=\"slide-item\"><img data-lazy=\"https:\/\/files.net2rent.com\/pfiles\/43\/17954\/375411-o-m.jpg\" alt=\"CM1997 VILLA CELIMAR Villa priv\u00e9e \/ Villa  Tamariu\" title=\"CM1997 VILLA CELIMAR Villa priv\u00e9e \/ Villa  Tamariu\"><\/div><div class=\"slide-item\"><img data-lazy=\"https:\/\/files.net2rent.com\/pfiles\/43\/17954\/375410-o-m.jpg\" alt=\"CM1997 VILLA CELIMAR Villa priv\u00e9e \/ Villa  Tamariu\" title=\"CM1997 VILLA CELIMAR Villa priv\u00e9e \/ Villa  Tamariu\"><\/div><div class=\"slide-item\"><img data-lazy=\"https:\/\/files.net2rent.com\/pfiles\/43\/17954\/375373-o-m.jpg\" alt=\"CM1997 VILLA CELIMAR Villa priv\u00e9e \/ Villa  Tamariu\" title=\"CM1997 VILLA CELIMAR Villa priv\u00e9e \/ Villa  Tamariu\"><\/div><div class=\"slide-item\"><img data-lazy=\"https:\/\/my.matterport.com\/api\/v1\/player\/models\/E3zbRvYeq89\/thumb?width=696&#038;dpr=2&#038;disable=upscale\" alt=\"CM1997 VILLA CELIMAR Villa priv\u00e9e \/ Villa  Tamariu\" title=\"CM1997 VILLA CELIMAR Villa priv\u00e9e \/ Villa  Tamariu\"><\/div><div class=\"slide-item\"><img data-lazy=\"https:\/\/files.net2rent.com\/pfiles\/43\/17954\/474106-m.jpg\" alt=\"CM1997 VILLA CELIMAR Villa priv\u00e9e \/ Villa  Tamariu\" title=\"CM1997 VILLA CELIMAR Villa priv\u00e9e \/ Villa  Tamariu\"><\/div><div class=\"slide-item\"><img data-lazy=\"https:\/\/files.net2rent.com\/pfiles\/43\/17954\/474107-m.jpg\" alt=\"CM1997 VILLA CELIMAR Villa priv\u00e9e \/ Villa  Tamariu\" title=\"CM1997 VILLA CELIMAR Villa priv\u00e9e \/ Villa  Tamariu\"><\/div><div class=\"slide-item\"><img data-lazy=\"https:\/\/files.net2rent.com\/pfiles\/43\/17954\/474108-m.jpg\" alt=\"CM1997 VILLA CELIMAR Villa priv\u00e9e \/ Villa  Tamariu\" title=\"CM1997 VILLA CELIMAR Villa priv\u00e9e \/ Villa  Tamariu\"><\/div><div class=\"slide-item\"><img data-lazy=\"https:\/\/files.net2rent.com\/pfiles\/43\/17954\/474109-m.jpg\" alt=\"CM1997 VILLA CELIMAR Villa priv\u00e9e \/ Villa  Tamariu\" title=\"CM1997 VILLA CELIMAR Villa priv\u00e9e \/ Villa  Tamariu\"><\/div><div class=\"slide-item\"><img data-lazy=\"https:\/\/files.net2rent.com\/pfiles\/43\/17954\/474110-m.jpg\" alt=\"CM1997 VILLA CELIMAR Villa priv\u00e9e \/ Villa  Tamariu\" title=\"CM1997 VILLA CELIMAR Villa priv\u00e9e \/ Villa  Tamariu\"><\/div><div class=\"slide-item\"><img data-lazy=\"https:\/\/files.net2rent.com\/pfiles\/43\/17954\/474111-m.jpg\" alt=\"CM1997 VILLA CELIMAR Villa priv\u00e9e \/ Villa  Tamariu\" title=\"CM1997 VILLA CELIMAR Villa priv\u00e9e \/ Villa  Tamariu\"><\/div><div class=\"slide-item\"><img data-lazy=\"https:\/\/files.net2rent.com\/pfiles\/43\/17954\/474112-m.jpg\" alt=\"CM1997 VILLA CELIMAR Villa priv\u00e9e \/ Villa  Tamariu\" title=\"CM1997 VILLA CELIMAR Villa priv\u00e9e \/ Villa  Tamariu\"><\/div><div class=\"slide-item\"><img data-lazy=\"https:\/\/files.net2rent.com\/pfiles\/43\/17954\/474113-m.jpg\" alt=\"CM1997 VILLA CELIMAR Villa priv\u00e9e \/ Villa  Tamariu\" title=\"CM1997 VILLA CELIMAR Villa priv\u00e9e \/ Villa  Tamariu\"><\/div><div class=\"slide-item\"><img data-lazy=\"https:\/\/files.net2rent.com\/pfiles\/43\/17954\/474114-m.jpg\" alt=\"CM1997 VILLA CELIMAR Villa priv\u00e9e \/ Villa  Tamariu\" title=\"CM1997 VILLA CELIMAR Villa priv\u00e9e \/ Villa  Tamariu\"><\/div><div class=\"slide-item\"><img data-lazy=\"https:\/\/files.net2rent.com\/pfiles\/43\/17954\/474115-m.jpg\" alt=\"CM1997 VILLA CELIMAR Villa priv\u00e9e \/ Villa  Tamariu\" title=\"CM1997 VILLA CELIMAR Villa priv\u00e9e \/ Villa  Tamariu\"><\/div><div class=\"slide-item\"><img data-lazy=\"https:\/\/files.net2rent.com\/pfiles\/43\/17954\/474116-m.jpg\" alt=\"CM1997 VILLA CELIMAR Villa priv\u00e9e \/ Villa  Tamariu\" title=\"CM1997 VILLA CELIMAR Villa priv\u00e9e \/ Villa  Tamariu\"><\/div>  <\/div>\n\n  <div class=\"n2r__list__item__info\">\n    <div class=\"n2r__list__item__title\">\n      <h2 class=\"n2r__list__item__name\">\n        <a href=\"https:\/\/www.corredormato.com\/fr\/logement-detail\/louer-villa-villa-celimar-tamariu-17954\/\">VILLA CELIMAR<\/a>\n      <\/h2>\n          <\/div>\n    <div class=\"n2r__list__item__title\">\n      <div class=\"n2r__list__item__reference\">Ref: CM1997<\/div>\n      <div class=\"n2r__list__item__turisticreference\">HUTG-017916-44<\/div>      <div class=\"n2r__list__item__city\">Tamariu<\/div>\n              <div class=\"n2r__list__item__rating\">\n          <div class=\"n2r__rating\">\n            <div class=\"n2r__rating__complete\" style=\"width:80%\"><\/div>\n          <\/div>\n        <\/div>\n          <\/div>\n    <div class=\"n2r__list__item__features\">\n      <div class=\"n2r__list__item__feature n2r__list__item__feature--rooms\" title=\"4 chambres \u00e0 coucher\"><i class=\"n2r_room\"><\/i> 4<\/div><div class=\"n2r__list__item__feature n2r__list__item__feature--capacity\" title=\"8 pax\"><i class=\"n2r_people\"><\/i> 8<\/div><div class=\"n2r__list__item__feature n2r__list__item__feature--bathrooms\" title=\"4 toilettes\"><i class=\"n2r_toilet\"><\/i> 4<\/div><div class=\"n2r__list__item__feature n2r__list__item__feature--terrace\" title=\"terrasse\"><i class=\"n2r_terrace\"><\/i> <\/div><div class=\"n2r__list__item__feature n2r__list__item__feature--property_meters\" title=\"M\u00e8tres de la propri\u00e9t\u00e9\"><i class=\"n2r_property_meters\"><\/i> 165 m<sup>2<\/sup><\/div><div class=\"n2r__list__item__feature n2r__list__item__feature--pool\" title=\"piscine\"><i class=\"n2r_swimming_pool\"><\/i> <\/div>    <\/div>\n    <div class=\"n2r__list__item__description\">Villa Celimar \u2013 une villa de luxe pour se ressourcer avec vue sur la mer\r\nD\u00e9couvrez Villa\u202fCelimar, un joyau architectural perch\u00e9 en haute Aigua Xelida, l\u2019un des coins les plus exclusifs de la Costa Brava. \u00c0 seulement 1,5\u202fkm de la charmante plage de Tamariu, cette villa au design contemporain vous invite \u00e0 vivre des vacances de r\u00eave, baign\u00e9es de calme, de lumi\u00e8re et de mer.\r\nCon\u00e7ue pour inspirer, pens\u00e9e pour profiterVilla\u202fCelimar marie \u00e0 la perfection la sophistication du design moderne avec la chaleur des mat\u00e9riaux nobles et une d\u00e9coration raffin\u00e9e. Tout a \u00e9t\u00e9 pens\u00e9 pour vous offrir une exp\u00e9rience unique, dans un environnement empreint de s\u00e9r\u00e9nit\u00e9 et d\u2019intimit\u00e9.\r\nDepuis sa terrasse \u00e9l\u00e9gante avec piscine, chaque coin de cette maison vous offre une vue imprenable sur la M\u00e9diterran\u00e9e. Le temps semble s\u2019arr\u00eater alors que vous vous d\u00e9tendez au soleil, savourez un verre au coucher du soleil ou d\u00eenez sous les \u00e9toiles.\r\nTrois niveaux de pur confort\r\nAu rez\u2011de\u2011chauss\u00e9e, un vaste hall d\u2019entr\u00e9e et un espace parking vous accueillent.\r\nAu premier \u00e9tage, le repos devient la priorit\u00e9\u202f:\r\n\u00b7\u00a0\u00a0\u00a0\u00a0\u00a0\u00a0\u00a0\u00a0 Une suite principale avec salle de bains priv\u00e9e et acc\u00e8s direct \u00e0 la terrasse\r\n\u00b7\u00a0\u00a0\u00a0\u00a0\u00a0\u00a0\u00a0\u00a0 Deux chambres doubles partageant une salle de bains \u00e9l\u00e9gante avec douche\r\n\u00b7\u00a0\u00a0\u00a0\u00a0\u00a0\u00a0\u00a0\u00a0 Une seconde suite avec salle de bains priv\u00e9e, \u00e9galement avec acc\u00e8s \u00e0 la terrasse\r\n\u00c0 l\u2019\u00e9tage sup\u00e9rieur, la lumi\u00e8re et les vues vous enveloppent\u202f:\r\n\u00b7\u00a0\u00a0\u00a0\u00a0\u00a0\u00a0\u00a0\u00a0 Un salon spacieux et convivial avec acc\u00e8s direct \u00e0 une terrasse spectaculaire avec piscine \u00e0 d\u00e9bordement\r\n\u00b7\u00a0\u00a0\u00a0\u00a0\u00a0\u00a0\u00a0\u00a0 Une cuisine am\u00e9ricaine enti\u00e8rement \u00e9quip\u00e9e, ouverte sur un espace repas id\u00e9al pour les moments partag\u00e9s\r\n\u00b7\u00a0\u00a0\u00a0\u00a0\u00a0\u00a0\u00a0\u00a0 Une autre terrasse avec coin barbecue, parfaite pour les d\u00e9jeuners en plein air\r\n\u00b7\u00a0\u00a0\u00a0\u00a0\u00a0\u00a0\u00a0\u00a0 Un WC d\u2019invit\u00e9s\r\nDes \u00e9quipements qui enchantent\r\n\u2022 Capacit\u00e9 jusqu\u2019\u00e0 8 personnes\u2022 4 lits doubles | 4 salles de bains (3 avec douche + 1 WC invit\u00e9)\u2022 Piscine priv\u00e9e avec vue sur mer\u2022 Climatisation dans toute la villa\u2022 Wi\u2011Fi, t\u00e9l\u00e9vision, alarme de s\u00e9curit\u00e9\u2022 Cuisine \u00e9quip\u00e9e : lave\u2011vaisselle, four, cafeti\u00e8re, bouilloire, r\u00e9frig\u00e9rateur combin\u00e9\u2022 Lave\u2011linge, fer \u00e0 repasser, mobilier d\u2019ext\u00e9rieur et barbecue\r\nAfin de pr\u00e9server la tranquillit\u00e9 du lieu :\u2022 Animaux non admis\u2022 Interdiction de fumer\u2022 F\u00eates non autoris\u00e9es\r\nVilla\u202fCelimar n\u2019est pas seulement un h\u00e9bergement : c\u2019est un refuge face \u00e0 la mer o\u00f9 chaque jour se vit avec s\u00e9r\u00e9nit\u00e9, beaut\u00e9 et pl\u00e9nitude.\r\n\u00a0<\/div>\n    <div class=\"n2r__list__item__footer\">\n      <div class=\"n2r__list__item__price\"><span class=\"n2r__list__item__price__from\">D\u00e9s 345 \u20ac <small class=\"n2r__list__item__price__from__type\">\/  Jour<\/small><\/span><\/div>    <\/div>\n  <\/div>\n  <a class=\"n2r__list__item__link\" href=\"https:\/\/www.corredormato.com\/fr\/logement-detail\/louer-villa-villa-celimar-tamariu-17954\/\">Plus<\/a>\n  <\/div><div class=\"n2r__list__item n2r__clickable   \" data-id=\"2760\">\n    <div class=\"n2r__list__item__gallery n2r__slider\">\n    <div class=\"slide-item\"><img data-lazy=\"https:\/\/files.net2rent.com\/pfiles\/43\/2760\/199617-o-m.jpg\" alt=\"CM937 MACRINA 2 Appartement  Tamariu\" title=\"CM937 MACRINA 2 Appartement  Tamariu\"><\/div><div class=\"slide-item\"><img data-lazy=\"https:\/\/files.net2rent.com\/pfiles\/43\/2760\/199620-o-m.jpg\" alt=\"CM937 MACRINA 2 Appartement  Tamariu\" title=\"CM937 MACRINA 2 Appartement  Tamariu\"><\/div><div class=\"slide-item\"><img data-lazy=\"https:\/\/files.net2rent.com\/pfiles\/43\/2760\/199621-o-m.jpg\" alt=\"CM937 MACRINA 2 Appartement  Tamariu\" title=\"CM937 MACRINA 2 Appartement  Tamariu\"><\/div><div class=\"slide-item\"><img data-lazy=\"https:\/\/files.net2rent.com\/pfiles\/43\/2760\/199622-o-m.jpg\" alt=\"CM937 MACRINA 2 Appartement  Tamariu\" title=\"CM937 MACRINA 2 Appartement  Tamariu\"><\/div><div class=\"slide-item\"><img data-lazy=\"https:\/\/files.net2rent.com\/pfiles\/43\/2760\/199623-o-m.jpg\" alt=\"CM937 MACRINA 2 Appartement  Tamariu\" title=\"CM937 MACRINA 2 Appartement  Tamariu\"><\/div><div class=\"slide-item\"><img data-lazy=\"https:\/\/files.net2rent.com\/pfiles\/43\/2760\/199624-o-m.jpg\" alt=\"CM937 MACRINA 2 Appartement  Tamariu\" title=\"CM937 MACRINA 2 Appartement  Tamariu\"><\/div><div class=\"slide-item\"><img data-lazy=\"https:\/\/files.net2rent.com\/pfiles\/43\/2760\/199618-o-m.jpg\" alt=\"CM937 MACRINA 2 Appartement  Tamariu\" title=\"CM937 MACRINA 2 Appartement  Tamariu\"><\/div><div class=\"slide-item\"><img data-lazy=\"https:\/\/files.net2rent.com\/pfiles\/43\/2760\/199626-o-m.jpg\" alt=\"CM937 MACRINA 2 Appartement  Tamariu\" title=\"CM937 MACRINA 2 Appartement  Tamariu\"><\/div><div class=\"slide-item\"><img data-lazy=\"https:\/\/files.net2rent.com\/pfiles\/43\/2760\/153772-o-m.jpg\" alt=\"CM937 MACRINA 2 Appartement  Tamariu\" title=\"CM937 MACRINA 2 Appartement  Tamariu\"><\/div><div class=\"slide-item\"><img data-lazy=\"https:\/\/files.net2rent.com\/pfiles\/43\/2760\/199627-o-m.jpg\" alt=\"CM937 MACRINA 2 Appartement  Tamariu\" title=\"CM937 MACRINA 2 Appartement  Tamariu\"><\/div><div class=\"slide-item\"><img data-lazy=\"https:\/\/files.net2rent.com\/pfiles\/43\/2760\/199625-o-m.jpg\" alt=\"CM937 MACRINA 2 Appartement  Tamariu\" title=\"CM937 MACRINA 2 Appartement  Tamariu\"><\/div><div class=\"slide-item\"><img data-lazy=\"https:\/\/files.net2rent.com\/pfiles\/43\/2760\/199619-o-m.jpg\" alt=\"CM937 MACRINA 2 Appartement  Tamariu\" title=\"CM937 MACRINA 2 Appartement  Tamariu\"><\/div><div class=\"slide-item\"><img data-lazy=\"https:\/\/files.net2rent.com\/pfiles\/43\/2760\/153826-o-m.jpg\" alt=\"\" title=\"\"><\/div><div class=\"slide-item\"><img data-lazy=\"https:\/\/files.net2rent.com\/pfiles\/43\/2760\/307959-o-m.jpg\" alt=\"CM937 MACRINA 2 Appartement Costa Brava Tamariu\" title=\"CM937 MACRINA 2 Appartement Costa Brava Tamariu\"><\/div><div class=\"slide-item\"><img data-lazy=\"https:\/\/files.net2rent.com\/pfiles\/43\/2760\/473493-m.jpg\" alt=\"CM937 MACRINA 2 Appartement Costa Brava Tamariu\" title=\"CM937 MACRINA 2 Appartement Costa Brava Tamariu\"><\/div><div class=\"slide-item\"><img data-lazy=\"https:\/\/files.net2rent.com\/pfiles\/43\/2760\/473482-m.jpg\" alt=\"CM937 MACRINA 2 Appartement Costa Brava Tamariu\" title=\"CM937 MACRINA 2 Appartement Costa Brava Tamariu\"><\/div><div class=\"slide-item\"><img data-lazy=\"https:\/\/files.net2rent.com\/pfiles\/43\/2760\/473483-m.jpg\" alt=\"CM937 MACRINA 2 Appartement Costa Brava Tamariu\" title=\"CM937 MACRINA 2 Appartement Costa Brava Tamariu\"><\/div><div class=\"slide-item\"><img data-lazy=\"https:\/\/files.net2rent.com\/pfiles\/43\/2760\/473484-m.jpg\" alt=\"CM937 MACRINA 2 Appartement Costa Brava Tamariu\" title=\"CM937 MACRINA 2 Appartement Costa Brava Tamariu\"><\/div><div class=\"slide-item\"><img data-lazy=\"https:\/\/files.net2rent.com\/pfiles\/43\/2760\/473485-m.jpg\" alt=\"CM937 MACRINA 2 Appartement Costa Brava Tamariu\" title=\"CM937 MACRINA 2 Appartement Costa Brava Tamariu\"><\/div><div class=\"slide-item\"><img data-lazy=\"https:\/\/files.net2rent.com\/pfiles\/43\/2760\/473486-m.jpg\" alt=\"CM937 MACRINA 2 Appartement Costa Brava Tamariu\" title=\"CM937 MACRINA 2 Appartement Costa Brava Tamariu\"><\/div><div class=\"slide-item\"><img data-lazy=\"https:\/\/files.net2rent.com\/pfiles\/43\/2760\/473487-m.jpg\" alt=\"CM937 MACRINA 2 Appartement Costa Brava Tamariu\" title=\"CM937 MACRINA 2 Appartement Costa Brava Tamariu\"><\/div><div class=\"slide-item\"><img data-lazy=\"https:\/\/files.net2rent.com\/pfiles\/43\/2760\/473488-m.jpg\" alt=\"CM937 MACRINA 2 Appartement Costa Brava Tamariu\" title=\"CM937 MACRINA 2 Appartement Costa Brava Tamariu\"><\/div><div class=\"slide-item\"><img data-lazy=\"https:\/\/files.net2rent.com\/pfiles\/43\/2760\/473489-m.jpg\" alt=\"CM937 MACRINA 2 Appartement Costa Brava Tamariu\" title=\"CM937 MACRINA 2 Appartement Costa Brava Tamariu\"><\/div><div class=\"slide-item\"><img data-lazy=\"https:\/\/files.net2rent.com\/pfiles\/43\/2760\/473490-m.jpg\" alt=\"CM937 MACRINA 2 Appartement Costa Brava Tamariu\" title=\"CM937 MACRINA 2 Appartement Costa Brava Tamariu\"><\/div><div class=\"slide-item\"><img data-lazy=\"https:\/\/files.net2rent.com\/pfiles\/43\/2760\/473491-m.jpg\" alt=\"CM937 MACRINA 2 Appartement Costa Brava Tamariu\" title=\"CM937 MACRINA 2 Appartement Costa Brava Tamariu\"><\/div><div class=\"slide-item\"><img data-lazy=\"https:\/\/files.net2rent.com\/pfiles\/43\/2760\/473492-m.jpg\" alt=\"CM937 MACRINA 2 Appartement Costa Brava Tamariu\" title=\"CM937 MACRINA 2 Appartement Costa Brava Tamariu\"><\/div>  <\/div>\n\n  <div class=\"n2r__list__item__info\">\n    <div class=\"n2r__list__item__title\">\n      <h2 class=\"n2r__list__item__name\">\n        <a href=\"https:\/\/www.corredormato.com\/fr\/logement-detail\/louer-appartement-macrina-2-tamariu-2760\/\">MACRINA 2-appartement plac\u00e9e sur la promenade du Tamariu-Costa Brava<\/a>\n      <\/h2>\n          <\/div>\n    <div class=\"n2r__list__item__title\">\n      <div class=\"n2r__list__item__reference\">Ref: CM937<\/div>\n      <div class=\"n2r__list__item__turisticreference\">HUTG-009850-07<\/div>      <div class=\"n2r__list__item__city\">Tamariu<\/div>\n              <div class=\"n2r__list__item__rating\">\n          <div class=\"n2r__rating\">\n            <div class=\"n2r__rating__complete\" style=\"width:85%\"><\/div>\n          <\/div>\n        <\/div>\n          <\/div>\n    <div class=\"n2r__list__item__features\">\n      <div class=\"n2r__list__item__feature n2r__list__item__feature--rooms\" title=\"3 chambres \u00e0 coucher\"><i class=\"n2r_room\"><\/i> 3<\/div><div class=\"n2r__list__item__feature n2r__list__item__feature--capacity\" title=\"6 pax\"><i class=\"n2r_people\"><\/i> 6<\/div><div class=\"n2r__list__item__feature n2r__list__item__feature--bathrooms\" title=\"2 toilettes\"><i class=\"n2r_toilet\"><\/i> 2<\/div><div class=\"n2r__list__item__feature n2r__list__item__feature--terrace\" title=\"terrasse\"><i class=\"n2r_terrace\"><\/i> <\/div><div class=\"n2r__list__item__feature n2r__list__item__feature--property_meters\" title=\"M\u00e8tres de la propri\u00e9t\u00e9\"><i class=\"n2r_property_meters\"><\/i> 90 m<sup>2<\/sup><\/div>    <\/div>\n    <div class=\"n2r__list__item__description\">Profitez de vacances merveilleuses sur la plage dans cet appartement duplex ensoleill\u00e9, situ\u00e9 au c\u0153ur de la promenade de Tamariu. Vue spectaculaire sur la mer! Sur le front de mer, l&#039;appartement Macrina 2 offre des vues splendides sur la belle plage de Tamariu. Son orientation fantastique lui conf\u00e8re une luminosit\u00e9 exceptionnelle. Au niveau inf\u00e9rieur, il y a une grande et confortable salle de s\u00e9jour avec acc\u00e8s \u00e0 un balcon. La meilleure vue sur la mer de Tamariu, depuis le canap\u00e9 de votre appartement! Cuisine enti\u00e8rement \u00e9quip\u00e9e avec lave-vaisselle et machine \u00e0 laver. Sur ce m\u00eame \u00e9tage se trouvent deux chambres doubles (dont une avec vue sur la mer) et une salle de bain compl\u00e8te avec baignoire. L&#039;\u00e9tage sup\u00e9rieur est compos\u00e9 d&#039;une chambre double, qui comprend une salle de douche et une terrasse solarium. WIFI. Capacit\u00e9 : 6 personnes. HUTG-009850\r\n80\u20ac DE SUPPL\u00c9MENT DE PROPET\u00c9 POUR LES SEJOURS INFERIEURS D\u2019UNE SEMAINE ET AVEC UN MINIMUM DE 3 NUITS. CE SUPPL\u00c9MENT N\u2019EST PAS INCLU DANS LE PRIX DE LOCATION.\r\n<\/div>\n    <div class=\"n2r__list__item__footer\">\n      <div class=\"n2r__list__item__price\"><span class=\"n2r__list__item__price__from\">D\u00e9s 105 \u20ac <small class=\"n2r__list__item__price__from__type\">\/  Jour<\/small><\/span><\/div>    <\/div>\n  <\/div>\n  <a class=\"n2r__list__item__link\" href=\"https:\/\/www.corredormato.com\/fr\/logement-detail\/louer-appartement-macrina-2-tamariu-2760\/\">Plus<\/a>\n  <\/div><div class=\"n2r__list__item n2r__clickable   \" data-id=\"2509\">\n  <span class=\"n2r__list__item__icon n2r__list__item__icon--with3dtour\" title=\"Avec visite 3d \">360\u00ba<\/span>  <div class=\"n2r__list__item__gallery n2r__slider\">\n    <div class=\"slide-item\"><img data-lazy=\"https:\/\/files.net2rent.com\/pfiles\/43\/2509\/156646-o-m.jpg\" alt=\"CM655 ROURE Villa priv\u00e9e  Tamariu\" title=\"CM655 ROURE Villa priv\u00e9e  Tamariu\"><\/div><div class=\"slide-item\"><img data-lazy=\"https:\/\/files.net2rent.com\/pfiles\/43\/2509\/156644-o-m.jpg\" alt=\"CM655 ROURE Villa priv\u00e9e  Tamariu\" title=\"CM655 ROURE Villa priv\u00e9e  Tamariu\"><\/div><div class=\"slide-item\"><img data-lazy=\"https:\/\/files.net2rent.com\/pfiles\/43\/2509\/156645-o-m.jpg\" alt=\"CM655 ROURE Villa priv\u00e9e  Tamariu\" title=\"CM655 ROURE Villa priv\u00e9e  Tamariu\"><\/div><div class=\"slide-item\"><img data-lazy=\"https:\/\/my.matterport.com\/api\/v1\/player\/models\/gkJStAZehrs\/thumb?width=696&#038;dpr=2&#038;disable=upscale\" alt=\"CM655 ROURE Villa priv\u00e9e \/ Villa Costa Brava Tamariu\" title=\"CM655 ROURE Villa priv\u00e9e \/ Villa Costa Brava Tamariu\"><\/div><div class=\"slide-item\"><img data-lazy=\"https:\/\/files.net2rent.com\/pfiles\/43\/2509\/331902-o-m.jpg\" alt=\"CM655 ROURE Villa priv\u00e9e \/ Villa Costa Brava Tamariu\" title=\"CM655 ROURE Villa priv\u00e9e \/ Villa Costa Brava Tamariu\"><\/div><div class=\"slide-item\"><img data-lazy=\"https:\/\/files.net2rent.com\/pfiles\/43\/2509\/156652-o-m.jpg\" alt=\"CM655 ROURE Villa priv\u00e9e  Tamariu\" title=\"CM655 ROURE Villa priv\u00e9e  Tamariu\"><\/div><div class=\"slide-item\"><img data-lazy=\"https:\/\/files.net2rent.com\/pfiles\/43\/2509\/331900-o-m.jpg\" alt=\"CM655 ROURE Villa priv\u00e9e \/ Villa Costa Brava Tamariu\" title=\"CM655 ROURE Villa priv\u00e9e \/ Villa Costa Brava Tamariu\"><\/div><div class=\"slide-item\"><img data-lazy=\"https:\/\/files.net2rent.com\/pfiles\/43\/2509\/331901-o-m.jpg\" alt=\"CM655 ROURE Villa priv\u00e9e \/ Villa Costa Brava Tamariu\" title=\"CM655 ROURE Villa priv\u00e9e \/ Villa Costa Brava Tamariu\"><\/div><div class=\"slide-item\"><img data-lazy=\"https:\/\/files.net2rent.com\/pfiles\/43\/2509\/156654-o-m.jpg\" alt=\"CM655 ROURE Villa priv\u00e9e  Tamariu\" title=\"CM655 ROURE Villa priv\u00e9e  Tamariu\"><\/div><div class=\"slide-item\"><img data-lazy=\"https:\/\/files.net2rent.com\/pfiles\/43\/2509\/331904-o-m.jpg\" alt=\"CM655 ROURE Villa priv\u00e9e \/ Villa Costa Brava Tamariu\" title=\"CM655 ROURE Villa priv\u00e9e \/ Villa Costa Brava Tamariu\"><\/div><div class=\"slide-item\"><img data-lazy=\"https:\/\/files.net2rent.com\/pfiles\/43\/2509\/331905-o-m.jpg\" alt=\"CM655 ROURE Villa priv\u00e9e \/ Villa Costa Brava Tamariu\" title=\"CM655 ROURE Villa priv\u00e9e \/ Villa Costa Brava Tamariu\"><\/div><div class=\"slide-item\"><img data-lazy=\"https:\/\/files.net2rent.com\/pfiles\/43\/2509\/331907-o-m.jpg\" alt=\"CM655 ROURE Villa priv\u00e9e \/ Villa Costa Brava Tamariu\" title=\"CM655 ROURE Villa priv\u00e9e \/ Villa Costa Brava Tamariu\"><\/div><div class=\"slide-item\"><img data-lazy=\"https:\/\/files.net2rent.com\/pfiles\/43\/2509\/331908-o-m.jpg\" alt=\"CM655 ROURE Villa priv\u00e9e \/ Villa Costa Brava Tamariu\" title=\"CM655 ROURE Villa priv\u00e9e \/ Villa Costa Brava Tamariu\"><\/div><div class=\"slide-item\"><img data-lazy=\"https:\/\/files.net2rent.com\/pfiles\/43\/2509\/331909-o-m.jpg\" alt=\"CM655 ROURE Villa priv\u00e9e \/ Villa Costa Brava Tamariu\" title=\"CM655 ROURE Villa priv\u00e9e \/ Villa Costa Brava Tamariu\"><\/div><div class=\"slide-item\"><img data-lazy=\"https:\/\/files.net2rent.com\/pfiles\/43\/2509\/331910-o-m.jpg\" alt=\"CM655 ROURE Villa priv\u00e9e \/ Villa Costa Brava Tamariu\" title=\"CM655 ROURE Villa priv\u00e9e \/ Villa Costa Brava Tamariu\"><\/div><div class=\"slide-item\"><img data-lazy=\"https:\/\/files.net2rent.com\/pfiles\/43\/2509\/331911-o-m.jpg\" alt=\"CM655 ROURE Villa priv\u00e9e \/ Villa Costa Brava Tamariu\" title=\"CM655 ROURE Villa priv\u00e9e \/ Villa Costa Brava Tamariu\"><\/div><div class=\"slide-item\"><img data-lazy=\"https:\/\/files.net2rent.com\/pfiles\/43\/2509\/331919-o-m.jpg\" alt=\"CM655 ROURE Villa priv\u00e9e \/ Villa Costa Brava Tamariu\" title=\"CM655 ROURE Villa priv\u00e9e \/ Villa Costa Brava Tamariu\"><\/div><div class=\"slide-item\"><img data-lazy=\"https:\/\/files.net2rent.com\/pfiles\/43\/2509\/331912-o-m.jpg\" alt=\"CM655 ROURE Villa priv\u00e9e \/ Villa Costa Brava Tamariu\" title=\"CM655 ROURE Villa priv\u00e9e \/ Villa Costa Brava Tamariu\"><\/div><div class=\"slide-item\"><img data-lazy=\"https:\/\/files.net2rent.com\/pfiles\/43\/2509\/331914-o-m.jpg\" alt=\"CM655 ROURE Villa priv\u00e9e \/ Villa Costa Brava Tamariu\" title=\"CM655 ROURE Villa priv\u00e9e \/ Villa Costa Brava Tamariu\"><\/div><div class=\"slide-item\"><img data-lazy=\"https:\/\/files.net2rent.com\/pfiles\/43\/2509\/331913-o-m.jpg\" alt=\"CM655 ROURE Villa priv\u00e9e \/ Villa Costa Brava Tamariu\" title=\"CM655 ROURE Villa priv\u00e9e \/ Villa Costa Brava Tamariu\"><\/div><div class=\"slide-item\"><img data-lazy=\"https:\/\/files.net2rent.com\/pfiles\/43\/2509\/331916-o-m.jpg\" alt=\"CM655 ROURE Villa priv\u00e9e \/ Villa Costa Brava Tamariu\" title=\"CM655 ROURE Villa priv\u00e9e \/ Villa Costa Brava Tamariu\"><\/div><div class=\"slide-item\"><img data-lazy=\"https:\/\/files.net2rent.com\/pfiles\/43\/2509\/331915-o-m.jpg\" alt=\"CM655 ROURE Villa priv\u00e9e \/ Villa Costa Brava Tamariu\" title=\"CM655 ROURE Villa priv\u00e9e \/ Villa Costa Brava Tamariu\"><\/div><div class=\"slide-item\"><img data-lazy=\"https:\/\/files.net2rent.com\/pfiles\/43\/2509\/331917-o-m.jpg\" alt=\"CM655 ROURE Villa priv\u00e9e \/ Villa Costa Brava Tamariu\" title=\"CM655 ROURE Villa priv\u00e9e \/ Villa Costa Brava Tamariu\"><\/div><div class=\"slide-item\"><img data-lazy=\"https:\/\/files.net2rent.com\/pfiles\/43\/2509\/331918-o-m.jpg\" alt=\"CM655 ROURE Villa priv\u00e9e \/ Villa Costa Brava Tamariu\" title=\"CM655 ROURE Villa priv\u00e9e \/ Villa Costa Brava Tamariu\"><\/div><div class=\"slide-item\"><img data-lazy=\"https:\/\/files.net2rent.com\/pfiles\/43\/2509\/156657-o-m.jpg\" alt=\"CM655 ROURE Villa priv\u00e9e  Tamariu\" title=\"CM655 ROURE Villa priv\u00e9e  Tamariu\"><\/div><div class=\"slide-item\"><img data-lazy=\"https:\/\/files.net2rent.com\/pfiles\/43\/2509\/156659-o-m.jpg\" alt=\"CM655 ROURE Villa priv\u00e9e  Tamariu\" title=\"CM655 ROURE Villa priv\u00e9e  Tamariu\"><\/div><div class=\"slide-item\"><img data-lazy=\"https:\/\/files.net2rent.com\/pfiles\/43\/2509\/156665-o-m.jpg\" alt=\"CM655 ROURE Villa priv\u00e9e  Tamariu\" title=\"CM655 ROURE Villa priv\u00e9e  Tamariu\"><\/div><div class=\"slide-item\"><img data-lazy=\"https:\/\/files.net2rent.com\/pfiles\/43\/2509\/156673-o-m.jpg\" alt=\"CM655 ROURE Villa priv\u00e9e  Tamariu\" title=\"CM655 ROURE Villa priv\u00e9e  Tamariu\"><\/div><div class=\"slide-item\"><img data-lazy=\"https:\/\/files.net2rent.com\/pfiles\/43\/2509\/156674-o-m.jpg\" alt=\"CM655 ROURE Villa priv\u00e9e  Tamariu\" title=\"CM655 ROURE Villa priv\u00e9e  Tamariu\"><\/div><div class=\"slide-item\"><img data-lazy=\"https:\/\/files.net2rent.com\/pfiles\/43\/2509\/295716-o-m.jpg\" alt=\"CM655 ROURE Villa priv\u00e9e \/ Villa Costa Brava Tamariu\" title=\"CM655 ROURE Villa priv\u00e9e \/ Villa Costa Brava Tamariu\"><\/div><div class=\"slide-item\"><img data-lazy=\"https:\/\/files.net2rent.com\/pfiles\/43\/2509\/295717-o-m.jpg\" alt=\"CM655 ROURE Villa priv\u00e9e \/ Villa Costa Brava Tamariu\" title=\"CM655 ROURE Villa priv\u00e9e \/ Villa Costa Brava Tamariu\"><\/div><div class=\"slide-item\"><img data-lazy=\"https:\/\/files.net2rent.com\/pfiles\/43\/2509\/295718-o-m.jpg\" alt=\"CM655 ROURE Villa priv\u00e9e \/ Villa Costa Brava Tamariu\" title=\"CM655 ROURE Villa priv\u00e9e \/ Villa Costa Brava Tamariu\"><\/div><div class=\"slide-item\"><img data-lazy=\"https:\/\/files.net2rent.com\/pfiles\/43\/2509\/473828-m.jpg\" alt=\"CM655 ROURE Villa priv\u00e9e \/ Villa Costa Brava Tamariu\" title=\"CM655 ROURE Villa priv\u00e9e \/ Villa Costa Brava Tamariu\"><\/div><div class=\"slide-item\"><img data-lazy=\"https:\/\/files.net2rent.com\/pfiles\/43\/2509\/473817-m.jpg\" alt=\"CM655 ROURE Villa priv\u00e9e \/ Villa Costa Brava Tamariu\" title=\"CM655 ROURE Villa priv\u00e9e \/ Villa Costa Brava Tamariu\"><\/div><div class=\"slide-item\"><img data-lazy=\"https:\/\/files.net2rent.com\/pfiles\/43\/2509\/473818-m.jpg\" alt=\"CM655 ROURE Villa priv\u00e9e \/ Villa Costa Brava Tamariu\" title=\"CM655 ROURE Villa priv\u00e9e \/ Villa Costa Brava Tamariu\"><\/div><div class=\"slide-item\"><img data-lazy=\"https:\/\/files.net2rent.com\/pfiles\/43\/2509\/473819-m.jpg\" alt=\"CM655 ROURE Villa priv\u00e9e \/ Villa Costa Brava Tamariu\" title=\"CM655 ROURE Villa priv\u00e9e \/ Villa Costa Brava Tamariu\"><\/div><div class=\"slide-item\"><img data-lazy=\"https:\/\/files.net2rent.com\/pfiles\/43\/2509\/473820-m.jpg\" alt=\"CM655 ROURE Villa priv\u00e9e \/ Villa Costa Brava Tamariu\" title=\"CM655 ROURE Villa priv\u00e9e \/ Villa Costa Brava Tamariu\"><\/div><div class=\"slide-item\"><img data-lazy=\"https:\/\/files.net2rent.com\/pfiles\/43\/2509\/473821-m.jpg\" alt=\"CM655 ROURE Villa priv\u00e9e \/ Villa Costa Brava Tamariu\" title=\"CM655 ROURE Villa priv\u00e9e \/ Villa Costa Brava Tamariu\"><\/div><div class=\"slide-item\"><img data-lazy=\"https:\/\/files.net2rent.com\/pfiles\/43\/2509\/473822-m.jpg\" alt=\"CM655 ROURE Villa priv\u00e9e \/ Villa Costa Brava Tamariu\" title=\"CM655 ROURE Villa priv\u00e9e \/ Villa Costa Brava Tamariu\"><\/div><div class=\"slide-item\"><img data-lazy=\"https:\/\/files.net2rent.com\/pfiles\/43\/2509\/473823-m.jpg\" alt=\"CM655 ROURE Villa priv\u00e9e \/ Villa Costa Brava Tamariu\" title=\"CM655 ROURE Villa priv\u00e9e \/ Villa Costa Brava Tamariu\"><\/div><div class=\"slide-item\"><img data-lazy=\"https:\/\/files.net2rent.com\/pfiles\/43\/2509\/473824-m.jpg\" alt=\"CM655 ROURE Villa priv\u00e9e \/ Villa Costa Brava Tamariu\" title=\"CM655 ROURE Villa priv\u00e9e \/ Villa Costa Brava Tamariu\"><\/div><div class=\"slide-item\"><img data-lazy=\"https:\/\/files.net2rent.com\/pfiles\/43\/2509\/473825-m.jpg\" alt=\"CM655 ROURE Villa priv\u00e9e \/ Villa Costa Brava Tamariu\" title=\"CM655 ROURE Villa priv\u00e9e \/ Villa Costa Brava Tamariu\"><\/div><div class=\"slide-item\"><img data-lazy=\"https:\/\/files.net2rent.com\/pfiles\/43\/2509\/473826-m.jpg\" alt=\"CM655 ROURE Villa priv\u00e9e \/ Villa Costa Brava Tamariu\" title=\"CM655 ROURE Villa priv\u00e9e \/ Villa Costa Brava Tamariu\"><\/div><div class=\"slide-item\"><img data-lazy=\"https:\/\/files.net2rent.com\/pfiles\/43\/2509\/473827-m.jpg\" alt=\"CM655 ROURE Villa priv\u00e9e \/ Villa Costa Brava Tamariu\" title=\"CM655 ROURE Villa priv\u00e9e \/ Villa Costa Brava Tamariu\"><\/div>  <\/div>\n\n  <div class=\"n2r__list__item__info\">\n    <div class=\"n2r__list__item__title\">\n      <h2 class=\"n2r__list__item__name\">\n        <a href=\"https:\/\/www.corredormato.com\/fr\/logement-detail\/louer-villa-roure-tamariu-2509\/\">ROURE - maison avec piscine priv\u00e9e - Tamariu-Costa Brava<\/a>\n      <\/h2>\n          <\/div>\n    <div class=\"n2r__list__item__title\">\n      <div class=\"n2r__list__item__reference\">Ref: CM655<\/div>\n      <div class=\"n2r__list__item__turisticreference\">HUTG-009036-48<\/div>      <div class=\"n2r__list__item__city\">Tamariu<\/div>\n              <div class=\"n2r__list__item__rating\">\n          <div class=\"n2r__rating\">\n            <div class=\"n2r__rating__complete\" style=\"width:92%\"><\/div>\n          <\/div>\n        <\/div>\n          <\/div>\n    <div class=\"n2r__list__item__features\">\n      <div class=\"n2r__list__item__feature n2r__list__item__feature--rooms\" title=\"5 chambres \u00e0 coucher\"><i class=\"n2r_room\"><\/i> 5<\/div><div class=\"n2r__list__item__feature n2r__list__item__feature--capacity\" title=\"10 pax\"><i class=\"n2r_people\"><\/i> 10<\/div><div class=\"n2r__list__item__feature n2r__list__item__feature--bathrooms\" title=\"4 toilettes\"><i class=\"n2r_toilet\"><\/i> 4<\/div><div class=\"n2r__list__item__feature n2r__list__item__feature--terrace\" title=\"terrasse\"><i class=\"n2r_terrace\"><\/i> <\/div><div class=\"n2r__list__item__feature n2r__list__item__feature--property_meters\" title=\"M\u00e8tres de la propri\u00e9t\u00e9\"><i class=\"n2r_property_meters\"><\/i> 250 m<sup>2<\/sup><\/div><div class=\"n2r__list__item__feature n2r__list__item__feature--pool\" title=\"piscine\"><i class=\"n2r_swimming_pool\"><\/i> <\/div>    <\/div>\n    <div class=\"n2r__list__item__description\">Situ\u00e9 \u00e0 Aigua Gelida un zone r\u00e9sidentiel calme de Tamariu et avec orientation sud cette neuve villa avec des chambres \u00e9l\u00e9gantes et spacieuses et un design moderne et unique, est \u00e0 seulement 900 m de la plage de Tamariu. \r\nROURE est une villa de 3 \u00e9tages avec un beau jardin, piscine priv\u00e9e et une vue magnifique sur les collines o\u00f9 nous avons soleil toute la journ\u00e9e.\r\nLe hall d&#039;entr\u00e9e au rez de chauss\u00e9e il donne \u00e0 une spacieuse salle de s\u00e9jour avec une grande chemin\u00e9e et salle \u00e0 manger avec des fen\u00eatres faisant au sud-ouest que et acc\u00e8s \u00e0 la terrasse. Nous avons \u00e9galement une grande cuisine enti\u00e8rement \u00e9quip\u00e9e avec des \u00e9lectrodomestiques modernes et une salle de bains. Les escaliers m\u00e8nent \u00e0 la zone nuit o\u00f9 nous avons 4 chambres doubles (2 en suite), 3 avec acc\u00e8s \u00e0 une grande terrasse qui donnant sur la piscine et le jardin, une salle de bains et une chambre ouverte avec un canap\u00e9-lit.Les 4 chambres a coucher sont climatise (suplement de 100\u20ac par semaine)\r\nPossibilit\u00e9 d&#039;acc\u00e8s WIFI disponible\r\nCapacit\u00e9: 8\/10 personnnes\r\n\r\n100\u20ac DE SUPPL\u00c9MENT DE PROPET\u00c9 POUR LES SEJOURS INFERIEURS D\u2019UNE SEMAINE ET AVEC UN MINIMUM DE 3 NUITS. CE SUPPL\u00c9MENT N\u2019EST PAS INCLU DANS LE PRIX DE LOCATION.\r\n<\/div>\n    <div class=\"n2r__list__item__footer\">\n      <div class=\"n2r__list__item__price\"><span class=\"n2r__list__item__price__from\">D\u00e9s 295 \u20ac <small class=\"n2r__list__item__price__from__type\">\/  Jour<\/small><\/span><\/div>    <\/div>\n  <\/div>\n  <a class=\"n2r__list__item__link\" href=\"https:\/\/www.corredormato.com\/fr\/logement-detail\/louer-villa-roure-tamariu-2509\/\">Plus<\/a>\n  <\/div><div class=\"n2r__list__item n2r__clickable   \" data-id=\"1884\">\n  <span class=\"n2r__list__item__icon n2r__list__item__icon--with3dtour\" title=\"Avec visite 3d \">360\u00ba<\/span>  <div class=\"n2r__list__item__gallery n2r__slider\">\n    <div class=\"slide-item\"><img data-lazy=\"https:\/\/files.net2rent.com\/pfiles\/43\/1884\/588976-m.jpg\" alt=\"CM33 ANGELA Villa priv\u00e9e \/ Villa Costa Brava Tamariu\" title=\"CM33 ANGELA Villa priv\u00e9e \/ Villa Costa Brava Tamariu\"><\/div><div class=\"slide-item\"><img data-lazy=\"https:\/\/files.net2rent.com\/pfiles\/43\/1884\/171057-o-m.jpg\" alt=\"CM33 ANGELA Villa priv\u00e9e  Tamariu\" title=\"CM33 ANGELA Villa priv\u00e9e  Tamariu\"><\/div><div class=\"slide-item\"><img data-lazy=\"https:\/\/files.net2rent.com\/pfiles\/43\/1884\/307337-o-m.jpg\" alt=\"CM33 ANGELA Villa priv\u00e9e \/ Villa Costa Brava Tamariu\" title=\"CM33 ANGELA Villa priv\u00e9e \/ Villa Costa Brava Tamariu\"><\/div><div class=\"slide-item\"><img data-lazy=\"https:\/\/files.net2rent.com\/pfiles\/43\/1884\/171060-o-m.jpg\" alt=\"CM33 ANGELA Villa priv\u00e9e  Tamariu\" title=\"CM33 ANGELA Villa priv\u00e9e  Tamariu\"><\/div><div class=\"slide-item\"><img data-lazy=\"https:\/\/files.net2rent.com\/pfiles\/43\/1884\/171059-o-m.jpg\" alt=\"CM33 ANGELA Villa priv\u00e9e  Tamariu\" title=\"CM33 ANGELA Villa priv\u00e9e  Tamariu\"><\/div><div class=\"slide-item\"><img data-lazy=\"https:\/\/files.net2rent.com\/pfiles\/43\/1884\/171062-o-m.jpg\" alt=\"CM33 ANGELA Villa priv\u00e9e  Tamariu\" title=\"CM33 ANGELA Villa priv\u00e9e  Tamariu\"><\/div><div class=\"slide-item\"><img data-lazy=\"https:\/\/files.net2rent.com\/pfiles\/43\/1884\/171067-o-m.jpg\" alt=\"CM33 ANGELA Villa priv\u00e9e  Tamariu\" title=\"CM33 ANGELA Villa priv\u00e9e  Tamariu\"><\/div><div class=\"slide-item\"><img data-lazy=\"https:\/\/files.net2rent.com\/pfiles\/43\/1884\/588962-m.jpg\" alt=\"CM33 ANGELA Villa priv\u00e9e \/ Villa Costa Brava Tamariu\" title=\"CM33 ANGELA Villa priv\u00e9e \/ Villa Costa Brava Tamariu\"><\/div><div class=\"slide-item\"><img data-lazy=\"https:\/\/files.net2rent.com\/pfiles\/43\/1884\/588977-m.jpg\" alt=\"CM33 ANGELA Villa priv\u00e9e \/ Villa Costa Brava Tamariu\" title=\"CM33 ANGELA Villa priv\u00e9e \/ Villa Costa Brava Tamariu\"><\/div><div class=\"slide-item\"><img data-lazy=\"https:\/\/files.net2rent.com\/pfiles\/43\/1884\/588963-m.jpg\" alt=\"CM33 ANGELA Villa priv\u00e9e \/ Villa Costa Brava Tamariu\" title=\"CM33 ANGELA Villa priv\u00e9e \/ Villa Costa Brava Tamariu\"><\/div><div class=\"slide-item\"><img data-lazy=\"https:\/\/files.net2rent.com\/pfiles\/43\/1884\/588964-m.jpg\" alt=\"CM33 ANGELA Villa priv\u00e9e \/ Villa Costa Brava Tamariu\" title=\"CM33 ANGELA Villa priv\u00e9e \/ Villa Costa Brava Tamariu\"><\/div><div class=\"slide-item\"><img data-lazy=\"https:\/\/files.net2rent.com\/pfiles\/43\/1884\/588965-m.jpg\" alt=\"CM33 ANGELA Villa priv\u00e9e \/ Villa Costa Brava Tamariu\" title=\"CM33 ANGELA Villa priv\u00e9e \/ Villa Costa Brava Tamariu\"><\/div><div class=\"slide-item\"><img data-lazy=\"https:\/\/files.net2rent.com\/pfiles\/43\/1884\/588967-m.jpg\" alt=\"CM33 ANGELA Villa priv\u00e9e \/ Villa Costa Brava Tamariu\" title=\"CM33 ANGELA Villa priv\u00e9e \/ Villa Costa Brava Tamariu\"><\/div><div class=\"slide-item\"><img data-lazy=\"https:\/\/files.net2rent.com\/pfiles\/43\/1884\/588961-m.jpg\" alt=\"CM33 ANGELA Villa priv\u00e9e \/ Villa Costa Brava Tamariu\" title=\"CM33 ANGELA Villa priv\u00e9e \/ Villa Costa Brava Tamariu\"><\/div><div class=\"slide-item\"><img data-lazy=\"https:\/\/files.net2rent.com\/pfiles\/43\/1884\/588966-m.jpg\" alt=\"CM33 ANGELA Villa priv\u00e9e \/ Villa Costa Brava Tamariu\" title=\"CM33 ANGELA Villa priv\u00e9e \/ Villa Costa Brava Tamariu\"><\/div><div class=\"slide-item\"><img data-lazy=\"https:\/\/files.net2rent.com\/pfiles\/43\/1884\/588968-m.jpg\" alt=\"CM33 ANGELA Villa priv\u00e9e \/ Villa Costa Brava Tamariu\" title=\"CM33 ANGELA Villa priv\u00e9e \/ Villa Costa Brava Tamariu\"><\/div><div class=\"slide-item\"><img data-lazy=\"https:\/\/files.net2rent.com\/pfiles\/43\/1884\/588970-m.jpg\" alt=\"CM33 ANGELA Villa priv\u00e9e \/ Villa Costa Brava Tamariu\" title=\"CM33 ANGELA Villa priv\u00e9e \/ Villa Costa Brava Tamariu\"><\/div><div class=\"slide-item\"><img data-lazy=\"https:\/\/files.net2rent.com\/pfiles\/43\/1884\/588971-m.jpg\" alt=\"CM33 ANGELA Villa priv\u00e9e \/ Villa Costa Brava Tamariu\" title=\"CM33 ANGELA Villa priv\u00e9e \/ Villa Costa Brava Tamariu\"><\/div><div class=\"slide-item\"><img data-lazy=\"https:\/\/files.net2rent.com\/pfiles\/43\/1884\/588974-m.jpg\" alt=\"CM33 ANGELA Villa priv\u00e9e \/ Villa Costa Brava Tamariu\" title=\"CM33 ANGELA Villa priv\u00e9e \/ Villa Costa Brava Tamariu\"><\/div><div class=\"slide-item\"><img data-lazy=\"https:\/\/files.net2rent.com\/pfiles\/43\/1884\/588972-m.jpg\" alt=\"CM33 ANGELA Villa priv\u00e9e \/ Villa Costa Brava Tamariu\" title=\"CM33 ANGELA Villa priv\u00e9e \/ Villa Costa Brava Tamariu\"><\/div><div class=\"slide-item\"><img data-lazy=\"https:\/\/files.net2rent.com\/pfiles\/43\/1884\/588973-m.jpg\" alt=\"CM33 ANGELA Villa priv\u00e9e \/ Villa Costa Brava Tamariu\" title=\"CM33 ANGELA Villa priv\u00e9e \/ Villa Costa Brava Tamariu\"><\/div><div class=\"slide-item\"><img data-lazy=\"https:\/\/files.net2rent.com\/pfiles\/43\/1884\/171061-o-m.jpg\" alt=\"CM33 ANGELA Villa priv\u00e9e  Tamariu\" title=\"CM33 ANGELA Villa priv\u00e9e  Tamariu\"><\/div><div class=\"slide-item\"><img data-lazy=\"https:\/\/files.net2rent.com\/pfiles\/43\/1884\/292051-o-m.jpg\" alt=\"CM33 ANGELA Villa priv\u00e9e \/ Villa Costa Brava Tamariu\" title=\"CM33 ANGELA Villa priv\u00e9e \/ Villa Costa Brava Tamariu\"><\/div><div class=\"slide-item\"><img data-lazy=\"https:\/\/files.net2rent.com\/pfiles\/43\/1884\/503566-m.jpg\" alt=\"CM33 ANGELA Villa priv\u00e9e \/ Villa Costa Brava Tamariu\" title=\"CM33 ANGELA Villa priv\u00e9e \/ Villa Costa Brava Tamariu\"><\/div><div class=\"slide-item\"><img data-lazy=\"https:\/\/files.net2rent.com\/pfiles\/43\/1884\/503567-m.jpg\" alt=\"CM33 ANGELA Villa priv\u00e9e \/ Villa Costa Brava Tamariu\" title=\"CM33 ANGELA Villa priv\u00e9e \/ Villa Costa Brava Tamariu\"><\/div><div class=\"slide-item\"><img data-lazy=\"https:\/\/files.net2rent.com\/pfiles\/43\/1884\/152553-o-m.jpg\" alt=\"CM33 ANGELA Villa priv\u00e9e  Tamariu\" title=\"CM33 ANGELA Villa priv\u00e9e  Tamariu\"><\/div><div class=\"slide-item\"><img data-lazy=\"https:\/\/files.net2rent.com\/pfiles\/43\/1884\/472700-m.jpg\" alt=\"CM33 ANGELA Villa priv\u00e9e \/ Villa Costa Brava Tamariu\" title=\"CM33 ANGELA Villa priv\u00e9e \/ Villa Costa Brava Tamariu\"><\/div><div class=\"slide-item\"><img data-lazy=\"https:\/\/files.net2rent.com\/pfiles\/43\/1884\/152554-o-m.jpg\" alt=\"CM33 ANGELA Villa priv\u00e9e  Tamariu\" title=\"CM33 ANGELA Villa priv\u00e9e  Tamariu\"><\/div><div class=\"slide-item\"><img data-lazy=\"https:\/\/files.net2rent.com\/pfiles\/43\/1884\/152555-o-m.jpg\" alt=\"CM33 ANGELA Villa priv\u00e9e  Tamariu\" title=\"CM33 ANGELA Villa priv\u00e9e  Tamariu\"><\/div><div class=\"slide-item\"><img data-lazy=\"https:\/\/files.net2rent.com\/pfiles\/43\/1884\/152560-o-m.jpg\" alt=\"CM33 ANGELA Villa priv\u00e9e  Tamariu\" title=\"CM33 ANGELA Villa priv\u00e9e  Tamariu\"><\/div><div class=\"slide-item\"><img data-lazy=\"https:\/\/files.net2rent.com\/pfiles\/43\/1884\/588969-m.jpg\" alt=\"CM33 ANGELA Villa priv\u00e9e \/ Villa Costa Brava Tamariu\" title=\"CM33 ANGELA Villa priv\u00e9e \/ Villa Costa Brava Tamariu\"><\/div><div class=\"slide-item\"><img data-lazy=\"https:\/\/files.net2rent.com\/pfiles\/43\/1884\/472693-m.jpg\" alt=\"CM33 ANGELA Villa priv\u00e9e \/ Villa Costa Brava Tamariu\" title=\"CM33 ANGELA Villa priv\u00e9e \/ Villa Costa Brava Tamariu\"><\/div><div class=\"slide-item\"><img data-lazy=\"https:\/\/files.net2rent.com\/pfiles\/43\/1884\/472694-m.jpg\" alt=\"CM33 ANGELA Villa priv\u00e9e \/ Villa Costa Brava Tamariu\" title=\"CM33 ANGELA Villa priv\u00e9e \/ Villa Costa Brava Tamariu\"><\/div><div class=\"slide-item\"><img data-lazy=\"https:\/\/files.net2rent.com\/pfiles\/43\/1884\/472695-m.jpg\" alt=\"CM33 ANGELA Villa priv\u00e9e \/ Villa Costa Brava Tamariu\" title=\"CM33 ANGELA Villa priv\u00e9e \/ Villa Costa Brava Tamariu\"><\/div><div class=\"slide-item\"><img data-lazy=\"https:\/\/files.net2rent.com\/pfiles\/43\/1884\/472696-m.jpg\" alt=\"CM33 ANGELA Villa priv\u00e9e \/ Villa Costa Brava Tamariu\" title=\"CM33 ANGELA Villa priv\u00e9e \/ Villa Costa Brava Tamariu\"><\/div><div class=\"slide-item\"><img data-lazy=\"https:\/\/files.net2rent.com\/pfiles\/43\/1884\/472697-m.jpg\" alt=\"CM33 ANGELA Villa priv\u00e9e \/ Villa Costa Brava Tamariu\" title=\"CM33 ANGELA Villa priv\u00e9e \/ Villa Costa Brava Tamariu\"><\/div><div class=\"slide-item\"><img data-lazy=\"https:\/\/files.net2rent.com\/pfiles\/43\/1884\/472698-m.jpg\" alt=\"CM33 ANGELA Villa priv\u00e9e \/ Villa Costa Brava Tamariu\" title=\"CM33 ANGELA Villa priv\u00e9e \/ Villa Costa Brava Tamariu\"><\/div><div class=\"slide-item\"><img data-lazy=\"https:\/\/files.net2rent.com\/pfiles\/43\/1884\/472699-m.jpg\" alt=\"CM33 ANGELA Villa priv\u00e9e \/ Villa Costa Brava Tamariu\" title=\"CM33 ANGELA Villa priv\u00e9e \/ Villa Costa Brava Tamariu\"><\/div><div class=\"slide-item\"><img data-lazy=\"https:\/\/files.net2rent.com\/pfiles\/43\/1884\/472701-m.jpg\" alt=\"CM33 ANGELA Villa priv\u00e9e \/ Villa Costa Brava Tamariu\" title=\"CM33 ANGELA Villa priv\u00e9e \/ Villa Costa Brava Tamariu\"><\/div><div class=\"slide-item\"><img data-lazy=\"https:\/\/my.matterport.com\/api\/v1\/player\/models\/cWAUqVMNK9g\/thumb?width=696&#038;dpr=2&#038;disable=upscale\" alt=\"CM33 ANGELA Villa priv\u00e9e \/ Villa Costa Brava Tamariu\" title=\"CM33 ANGELA Villa priv\u00e9e \/ Villa Costa Brava Tamariu\"><\/div>  <\/div>\n\n  <div class=\"n2r__list__item__info\">\n    <div class=\"n2r__list__item__title\">\n      <h2 class=\"n2r__list__item__name\">\n        <a href=\"https:\/\/www.corredormato.com\/fr\/logement-detail\/louer-villa-angela-tamariu-1884\/\">ANGELA-villa avec vue sur la mer et piscine priv\u00e9e-Tamariu-Costa Brava<\/a>\n      <\/h2>\n          <\/div>\n    <div class=\"n2r__list__item__title\">\n      <div class=\"n2r__list__item__reference\">Ref: CM33<\/div>\n      <div class=\"n2r__list__item__turisticreference\">HUTG-012341-75<\/div>      <div class=\"n2r__list__item__city\">Tamariu<\/div>\n              <div class=\"n2r__list__item__rating\">\n          <div class=\"n2r__rating\">\n            <div class=\"n2r__rating__complete\" style=\"width:83%\"><\/div>\n          <\/div>\n        <\/div>\n          <\/div>\n    <div class=\"n2r__list__item__features\">\n      <div class=\"n2r__list__item__feature n2r__list__item__feature--rooms\" title=\"4 chambres \u00e0 coucher\"><i class=\"n2r_room\"><\/i> 4<\/div><div class=\"n2r__list__item__feature n2r__list__item__feature--capacity\" title=\"8 pax\"><i class=\"n2r_people\"><\/i> 8<\/div><div class=\"n2r__list__item__feature n2r__list__item__feature--bathrooms\" title=\"2 toilettes\"><i class=\"n2r_toilet\"><\/i> 2<\/div><div class=\"n2r__list__item__feature n2r__list__item__feature--terrace\" title=\"terrasse\"><i class=\"n2r_terrace\"><\/i> <\/div><div class=\"n2r__list__item__feature n2r__list__item__feature--property_meters\" title=\"M\u00e8tres de la propri\u00e9t\u00e9\"><i class=\"n2r_property_meters\"><\/i> 125 m<sup>2<\/sup><\/div><div class=\"n2r__list__item__feature n2r__list__item__feature--pool\" title=\"piscine\"><i class=\"n2r_swimming_pool\"><\/i> <\/div>    <\/div>\n    <div class=\"n2r__list__item__description\">La Villa Angela est plac\u00e9e dans l\u2019urbanisation Aigua Gelida, \u00e0 1.5 Km de la plage de Tamariu, dans un endroit tr\u00e8s tranquille, entour\u00e9 de pins. Elle se caract\u00e9rise par une vue imprenable sur la mer. La villa se compose de quatre chambres doubles, deux salles de bains, cuisine (avec machine \u00e0 laver et micro-ondes), salle de s\u00e9jour avec une grande terrasse. A l\u2019\u00e9tage, il y a un agr\u00e9able salon qui se caract\u00e9rise par sa jolie vue sur la mer. Toute la maison est entour\u00e9e de jardin. Barbecue, piscine priv\u00e9e et garage. Capacit\u00e9: 8 personnes. HUTG-012341\r\n100\u20ac DE SUPPL\u00c9MENT DE PROPET\u00c9 POUR LES SEJOURS INFERIEURS D\u2019UNE SEMAINE ET AVEC UN MINIMUM DE 3 NUITS. CE SUPPL\u00c9MENT N\u2019EST PAS INCLU DANS LE PRIX DE LOCATION.\r\n<\/div>\n    <div class=\"n2r__list__item__footer\">\n      <div class=\"n2r__list__item__price\"><span class=\"n2r__list__item__price__from\">D\u00e9s 200 \u20ac <small class=\"n2r__list__item__price__from__type\">\/  Jour<\/small><\/span><\/div>    <\/div>\n  <\/div>\n  <a class=\"n2r__list__item__link\" href=\"https:\/\/www.corredormato.com\/fr\/logement-detail\/louer-villa-angela-tamariu-1884\/\">Plus<\/a>\n  <\/div><div class=\"n2r__list__item n2r__clickable   \" data-id=\"2559\">\n  <span class=\"n2r__list__item__label n2r__list__item__label--offer\">Offre<\/span><span class=\"n2r__list__item__icon n2r__list__item__icon--with3dtour\" title=\"Avec visite 3d \">360\u00ba<\/span>  <div class=\"n2r__list__item__gallery n2r__slider\">\n    <div class=\"slide-item\"><img data-lazy=\"https:\/\/files.net2rent.com\/pfiles\/43\/2559\/157918-o-m.jpg\" alt=\"CM718 FILIPINAS Villa priv\u00e9e  Tamariu\" title=\"CM718 FILIPINAS Villa priv\u00e9e  Tamariu\"><\/div><div class=\"slide-item\"><img data-lazy=\"https:\/\/files.net2rent.com\/pfiles\/43\/2559\/307953-o-m.jpg\" alt=\"CM718 FILIPINAS Villa priv\u00e9e \/ Villa Costa Brava Tamariu\" title=\"CM718 FILIPINAS Villa priv\u00e9e \/ Villa Costa Brava Tamariu\"><\/div><div class=\"slide-item\"><img data-lazy=\"https:\/\/files.net2rent.com\/pfiles\/43\/2559\/157913-o-m.jpg\" alt=\"CM718 FILIPINAS Villa priv\u00e9e  Tamariu\" title=\"CM718 FILIPINAS Villa priv\u00e9e  Tamariu\"><\/div><div class=\"slide-item\"><img data-lazy=\"https:\/\/files.net2rent.com\/pfiles\/43\/2559\/157914-o-m.jpg\" alt=\"CM718 FILIPINAS Villa priv\u00e9e  Tamariu\" title=\"CM718 FILIPINAS Villa priv\u00e9e  Tamariu\"><\/div><div class=\"slide-item\"><img data-lazy=\"https:\/\/files.net2rent.com\/pfiles\/43\/2559\/157916-o-m.jpg\" alt=\"CM718 FILIPINAS Villa priv\u00e9e  Tamariu\" title=\"CM718 FILIPINAS Villa priv\u00e9e  Tamariu\"><\/div><div class=\"slide-item\"><img data-lazy=\"https:\/\/files.net2rent.com\/pfiles\/43\/2559\/157917-o-m.jpg\" alt=\"CM718 FILIPINAS Villa priv\u00e9e  Tamariu\" title=\"CM718 FILIPINAS Villa priv\u00e9e  Tamariu\"><\/div><div class=\"slide-item\"><img data-lazy=\"https:\/\/files.net2rent.com\/pfiles\/43\/2559\/157919-o-m.jpg\" alt=\"CM718 FILIPINAS Villa priv\u00e9e  Tamariu\" title=\"CM718 FILIPINAS Villa priv\u00e9e  Tamariu\"><\/div><div class=\"slide-item\"><img data-lazy=\"https:\/\/files.net2rent.com\/pfiles\/43\/2559\/157920-o-m.jpg\" alt=\"CM718 FILIPINAS Villa priv\u00e9e  Tamariu\" title=\"CM718 FILIPINAS Villa priv\u00e9e  Tamariu\"><\/div><div class=\"slide-item\"><img data-lazy=\"https:\/\/files.net2rent.com\/pfiles\/43\/2559\/157921-o-m.jpg\" alt=\"CM718 FILIPINAS Villa priv\u00e9e  Tamariu\" title=\"CM718 FILIPINAS Villa priv\u00e9e  Tamariu\"><\/div><div class=\"slide-item\"><img data-lazy=\"https:\/\/files.net2rent.com\/pfiles\/43\/2559\/157922-o-m.jpg\" alt=\"CM718 FILIPINAS Villa priv\u00e9e  Tamariu\" title=\"CM718 FILIPINAS Villa priv\u00e9e  Tamariu\"><\/div><div class=\"slide-item\"><img data-lazy=\"https:\/\/files.net2rent.com\/pfiles\/43\/2559\/157923-o-m.jpg\" alt=\"CM718 FILIPINAS Villa priv\u00e9e  Tamariu\" title=\"CM718 FILIPINAS Villa priv\u00e9e  Tamariu\"><\/div><div class=\"slide-item\"><img data-lazy=\"https:\/\/files.net2rent.com\/pfiles\/43\/2559\/157924-o-m.jpg\" alt=\"CM718 FILIPINAS Villa priv\u00e9e  Tamariu\" title=\"CM718 FILIPINAS Villa priv\u00e9e  Tamariu\"><\/div><div class=\"slide-item\"><img data-lazy=\"https:\/\/files.net2rent.com\/pfiles\/43\/2559\/157925-o-m.jpg\" alt=\"CM718 FILIPINAS Villa priv\u00e9e  Tamariu\" title=\"CM718 FILIPINAS Villa priv\u00e9e  Tamariu\"><\/div><div class=\"slide-item\"><img data-lazy=\"https:\/\/files.net2rent.com\/pfiles\/43\/2559\/157926-o-m.jpg\" alt=\"CM718 FILIPINAS Villa priv\u00e9e  Tamariu\" title=\"CM718 FILIPINAS Villa priv\u00e9e  Tamariu\"><\/div><div class=\"slide-item\"><img data-lazy=\"https:\/\/files.net2rent.com\/pfiles\/43\/2559\/157927-o-m.jpg\" alt=\"CM718 FILIPINAS Villa priv\u00e9e  Tamariu\" title=\"CM718 FILIPINAS Villa priv\u00e9e  Tamariu\"><\/div><div class=\"slide-item\"><img data-lazy=\"https:\/\/files.net2rent.com\/pfiles\/43\/2559\/157928-o-m.jpg\" alt=\"CM718 FILIPINAS Villa priv\u00e9e  Tamariu\" title=\"CM718 FILIPINAS Villa priv\u00e9e  Tamariu\"><\/div><div class=\"slide-item\"><img data-lazy=\"https:\/\/files.net2rent.com\/pfiles\/43\/2559\/157929-o-m.jpg\" alt=\"CM718 FILIPINAS Villa priv\u00e9e  Tamariu\" title=\"CM718 FILIPINAS Villa priv\u00e9e  Tamariu\"><\/div><div class=\"slide-item\"><img data-lazy=\"https:\/\/files.net2rent.com\/pfiles\/43\/2559\/157932-o-m.jpg\" alt=\"CM718 FILIPINAS Villa priv\u00e9e  Tamariu\" title=\"CM718 FILIPINAS Villa priv\u00e9e  Tamariu\"><\/div><div class=\"slide-item\"><img data-lazy=\"https:\/\/files.net2rent.com\/pfiles\/43\/2559\/157930-o-m.jpg\" alt=\"CM718 FILIPINAS Villa priv\u00e9e  Tamariu\" title=\"CM718 FILIPINAS Villa priv\u00e9e  Tamariu\"><\/div><div class=\"slide-item\"><img data-lazy=\"https:\/\/files.net2rent.com\/pfiles\/43\/2559\/157931-o-m.jpg\" alt=\"CM718 FILIPINAS Villa priv\u00e9e  Tamariu\" title=\"CM718 FILIPINAS Villa priv\u00e9e  Tamariu\"><\/div><div class=\"slide-item\"><img data-lazy=\"https:\/\/files.net2rent.com\/pfiles\/43\/2559\/157933-o-m.jpg\" alt=\"CM718 FILIPINAS Villa priv\u00e9e  Tamariu\" title=\"CM718 FILIPINAS Villa priv\u00e9e  Tamariu\"><\/div><div class=\"slide-item\"><img data-lazy=\"https:\/\/files.net2rent.com\/pfiles\/43\/2559\/295706-o-m.jpg\" alt=\"CM718 FILIPINAS Villa priv\u00e9e \/ Villa Costa Brava Tamariu\" title=\"CM718 FILIPINAS Villa priv\u00e9e \/ Villa Costa Brava Tamariu\"><\/div><div class=\"slide-item\"><img data-lazy=\"https:\/\/files.net2rent.com\/pfiles\/43\/2559\/295707-o-m.jpg\" alt=\"CM718 FILIPINAS Villa priv\u00e9e \/ Villa Costa Brava Tamariu\" title=\"CM718 FILIPINAS Villa priv\u00e9e \/ Villa Costa Brava Tamariu\"><\/div><div class=\"slide-item\"><img data-lazy=\"https:\/\/my.matterport.com\/api\/v1\/player\/models\/ch8LiCnqPaf\/thumb?width=696&#038;dpr=2&#038;disable=upscale\" alt=\"CM718 FILIPINAS Villa priv\u00e9e \/ Villa Costa Brava Tamariu\" title=\"CM718 FILIPINAS Villa priv\u00e9e \/ Villa Costa Brava Tamariu\"><\/div><div class=\"slide-item\"><img data-lazy=\"https:\/\/files.net2rent.com\/pfiles\/43\/2559\/473254-m.jpg\" alt=\"CM718 FILIPINAS Villa priv\u00e9e \/ Villa Costa Brava Tamariu\" title=\"CM718 FILIPINAS Villa priv\u00e9e \/ Villa Costa Brava Tamariu\"><\/div><div class=\"slide-item\"><img data-lazy=\"https:\/\/files.net2rent.com\/pfiles\/43\/2559\/473244-m.jpg\" alt=\"CM718 FILIPINAS Villa priv\u00e9e \/ Villa Costa Brava Tamariu\" title=\"CM718 FILIPINAS Villa priv\u00e9e \/ Villa Costa Brava Tamariu\"><\/div><div class=\"slide-item\"><img data-lazy=\"https:\/\/files.net2rent.com\/pfiles\/43\/2559\/473245-m.jpg\" alt=\"CM718 FILIPINAS Villa priv\u00e9e \/ Villa Costa Brava Tamariu\" title=\"CM718 FILIPINAS Villa priv\u00e9e \/ Villa Costa Brava Tamariu\"><\/div><div class=\"slide-item\"><img data-lazy=\"https:\/\/files.net2rent.com\/pfiles\/43\/2559\/473246-m.jpg\" alt=\"CM718 FILIPINAS Villa priv\u00e9e \/ Villa Costa Brava Tamariu\" title=\"CM718 FILIPINAS Villa priv\u00e9e \/ Villa Costa Brava Tamariu\"><\/div><div class=\"slide-item\"><img data-lazy=\"https:\/\/files.net2rent.com\/pfiles\/43\/2559\/473247-m.jpg\" alt=\"CM718 FILIPINAS Villa priv\u00e9e \/ Villa Costa Brava Tamariu\" title=\"CM718 FILIPINAS Villa priv\u00e9e \/ Villa Costa Brava Tamariu\"><\/div><div class=\"slide-item\"><img data-lazy=\"https:\/\/files.net2rent.com\/pfiles\/43\/2559\/473248-m.jpg\" alt=\"CM718 FILIPINAS Villa priv\u00e9e \/ Villa Costa Brava Tamariu\" title=\"CM718 FILIPINAS Villa priv\u00e9e \/ Villa Costa Brava Tamariu\"><\/div><div class=\"slide-item\"><img data-lazy=\"https:\/\/files.net2rent.com\/pfiles\/43\/2559\/473249-m.jpg\" alt=\"CM718 FILIPINAS Villa priv\u00e9e \/ Villa Costa Brava Tamariu\" title=\"CM718 FILIPINAS Villa priv\u00e9e \/ Villa Costa Brava Tamariu\"><\/div><div class=\"slide-item\"><img data-lazy=\"https:\/\/files.net2rent.com\/pfiles\/43\/2559\/473250-m.jpg\" alt=\"CM718 FILIPINAS Villa priv\u00e9e \/ Villa Costa Brava Tamariu\" title=\"CM718 FILIPINAS Villa priv\u00e9e \/ Villa Costa Brava Tamariu\"><\/div><div class=\"slide-item\"><img data-lazy=\"https:\/\/files.net2rent.com\/pfiles\/43\/2559\/473251-m.jpg\" alt=\"CM718 FILIPINAS Villa priv\u00e9e \/ Villa Costa Brava Tamariu\" title=\"CM718 FILIPINAS Villa priv\u00e9e \/ Villa Costa Brava Tamariu\"><\/div><div class=\"slide-item\"><img data-lazy=\"https:\/\/files.net2rent.com\/pfiles\/43\/2559\/473252-m.jpg\" alt=\"CM718 FILIPINAS Villa priv\u00e9e \/ Villa Costa Brava Tamariu\" title=\"CM718 FILIPINAS Villa priv\u00e9e \/ Villa Costa Brava Tamariu\"><\/div><div class=\"slide-item\"><img data-lazy=\"https:\/\/files.net2rent.com\/pfiles\/43\/2559\/473253-m.jpg\" alt=\"CM718 FILIPINAS Villa priv\u00e9e \/ Villa Costa Brava Tamariu\" title=\"CM718 FILIPINAS Villa priv\u00e9e \/ Villa Costa Brava Tamariu\"><\/div><div class=\"slide-item\"><img data-lazy=\"https:\/\/files.net2rent.com\/pfiles\/43\/2559\/473255-m.jpg\" alt=\"CM718 FILIPINAS Villa priv\u00e9e \/ Villa Costa Brava Tamariu\" title=\"CM718 FILIPINAS Villa priv\u00e9e \/ Villa Costa Brava Tamariu\"><\/div>  <\/div>\n\n  <div class=\"n2r__list__item__info\">\n    <div class=\"n2r__list__item__title\">\n      <h2 class=\"n2r__list__item__name\">\n        <a href=\"https:\/\/www.corredormato.com\/fr\/logement-detail\/louer-villa-filipinas-tamariu-2559\/?checkin=2026-05-29&#038;checkout=2026-06-05\">Villa Filipinas \u2013 Villa avec piscine priv\u00e9e et jardin \u00e0 Tamariu, Costa Brava<\/a>\n      <\/h2>\n          <\/div>\n    <div class=\"n2r__list__item__title\">\n      <div class=\"n2r__list__item__reference\">Ref: CM718<\/div>\n      <div class=\"n2r__list__item__turisticreference\">HUTG-008979-12<\/div>      <div class=\"n2r__list__item__city\">Tamariu<\/div>\n              <div class=\"n2r__list__item__rating\">\n          <div class=\"n2r__rating\">\n            <div class=\"n2r__rating__complete\" style=\"width:90%\"><\/div>\n          <\/div>\n        <\/div>\n          <\/div>\n    <div class=\"n2r__list__item__features\">\n      <div class=\"n2r__list__item__feature n2r__list__item__feature--rooms\" title=\"4 chambres \u00e0 coucher\"><i class=\"n2r_room\"><\/i> 4<\/div><div class=\"n2r__list__item__feature n2r__list__item__feature--capacity\" title=\"8 pax\"><i class=\"n2r_people\"><\/i> 8<\/div><div class=\"n2r__list__item__feature n2r__list__item__feature--bathrooms\" title=\"5 toilettes\"><i class=\"n2r_toilet\"><\/i> 5<\/div><div class=\"n2r__list__item__feature n2r__list__item__feature--terrace\" title=\"terrasse\"><i class=\"n2r_terrace\"><\/i> <\/div><div class=\"n2r__list__item__feature n2r__list__item__feature--property_meters\" title=\"M\u00e8tres de la propri\u00e9t\u00e9\"><i class=\"n2r_property_meters\"><\/i> 265 m<sup>2<\/sup><\/div><div class=\"n2r__list__item__feature n2r__list__item__feature--pool\" title=\"piscine\"><i class=\"n2r_swimming_pool\"><\/i> <\/div>    <\/div>\n    <div class=\"n2r__list__item__description\">Villa Filipinas avec piscine priv\u00e9e \u00e0 Tamariu \u2013 Costa Brava\r\nSpectaculaire villa individuelle situ\u00e9e dans le quartier r\u00e9sidentiel exclusif de Tamariu, l&#039;un des villages les plus tranquilles et authentiques de la Costa Brava. Orient\u00e9e plein sud, avec jardin priv\u00e9 et piscine \u00e0 usage exclusif, cette propri\u00e9t\u00e9 est un choix exceptionnel pour les familles qui recherchent espace, intimit\u00e9 et proximit\u00e9 de la mer dans un cadre calme et pr\u00e9serv\u00e9.\r\nLa villa offre 265 m\u00b2 r\u00e9partis sur deux niveaux, pour une capacit\u00e9 maximale de 8 personnes. Son design moderne et lumineux \u2014 avec de grandes baies vitr\u00e9es, des finitions contemporaines, des sols en carrelage et des murs aux tons clairs \u2014 cr\u00e9e une atmosph\u00e8re spacieuse et confortable d\u00e8s l&#039;arriv\u00e9e.\r\nRez-de-chauss\u00e9e L&#039;entr\u00e9e m\u00e8ne par un hall avec vestiaire vers un grand salon avec chemin\u00e9e, ouvert sur la salle \u00e0 manger et avec acc\u00e8s direct \u00e0 la terrasse, au jardin et \u00e0 la piscine. La cuisine est enti\u00e8rement \u00e9quip\u00e9e avec plaque \u00e9lectrique, four, r\u00e9frig\u00e9rateur-cong\u00e9lateur am\u00e9ricain, lave-vaisselle, micro-ondes, cafeti\u00e8re et un \u00eelot central faisant office de bar petit-d\u00e9jeuner. Une chambre double avec salle de bain compl\u00e8te se trouve \u00e9galement \u00e0 ce niveau.\r\n\u00c9tage Trois chambres doubles, chacune avec sa propre salle de bain privative. L&#039;une d&#039;elles dispose d&#039;une terrasse priv\u00e9e avec vue sur le jardin et la piscine. La configuration en suite \u00e9vite les files d&#039;attente le matin \u2014 id\u00e9ale pour deux familles ou un grand groupe.\r\nEspace ext\u00e9rieur Jardin priv\u00e9 avec piscine \u00e0 usage exclusif, orient\u00e9e sud pour profiter du soleil toute la journ\u00e9e, mobilier de jardin, chaises longues, auvent et barbecue. L&#039;espace ext\u00e9rieur est g\u00e9n\u00e9reux et con\u00e7u pour \u00eatre appr\u00e9ci\u00e9 du matin au soir.\r\n\u00c9quipement complet Garage, WiFi, chauffage au fioul, climatisation, lave-linge, fer \u00e0 repasser, TV, TNT, DVD, cha\u00eene hi-fi, placards int\u00e9gr\u00e9s, barbecue portable et tout l&#039;\u00e9quipement de cuisine n\u00e9cessaire. La villa est pr\u00eate pour un s\u00e9jour confortable en toute saison.\r\nTamariu est un petit village tranquille de la Costa Brava, sans bruit ni foule, avec une plage de sable fin bord\u00e9e de pins et un front de mer anim\u00e9 de restaurants et de bars de plage. C&#039;est la base id\u00e9ale pour explorer les criques et les villages du Baix Empord\u00e0.\r\nCapacit\u00e9 maximale : 8 personnes \u00b7 Chambres : 4 \u00b7 Salles de bain : 4 \u00b7 Surface : 265 m\u00b2 Num\u00e9ro d&#039;enregistrement touristique : HUTG-008979-12<\/div>\n    <div class=\"n2r__list__item__footer\">\n      <div class=\"n2r__list__item__price\"><div class=\"n2r__list__item__price__offers\"><div class=\"n2r__list__item__price__offer\">\n          <span class=\"n2r__list__item__price__offer__amount n2r__list__item__price__offer__amount--original\">2.170 \u20ac<\/span>\n          <span class=\"n2r__list__item__price__offer__amount\">\n            995 \u20ac\n          <\/span>\n          <span class=\"n2r__list__item__price__offer__dates\">\n            D\u00e9s 29\/05\/2026 \u00c0 05\/06\/2026\n          <\/span>\n          <span class=\"n2r__list__item__price__offer__conditions\">\n            \n          <\/span>\n        <\/div><\/div><\/div>    <\/div>\n  <\/div>\n  <a class=\"n2r__list__item__link\" href=\"https:\/\/www.corredormato.com\/fr\/logement-detail\/louer-villa-filipinas-tamariu-2559\/?checkin=2026-05-29&#038;checkout=2026-06-05\">Plus<\/a>\n  <\/div>    <\/div>\n    <div class=\"n2r__list__map \">\n  <div class=\"n2r__sticky\">\n    <div id=\"n2r__list__map__googlemaps\" class=\"n2r__googlemaps\" data-n2r-scrollwheel=\"0\" data-n2r-markerclustererimage=\"https:\/\/www.corredormato.com\/wp-content\/plugins\/net2rent-wp-plugin\/\/assets\/js\/googlemaps\/images\/m\"   data-n2r-markerimage=\"https:\/\/www.corredormato.com\/wp-content\/plugins\/net2rent-wp-plugin\/\/assets\/images\/map_position.png\" data-n2r-markers=\"[{&quot;id&quot;:&quot;2773&quot;,&quot;latitude&quot;:41.895573,&quot;longitude&quot;:3.188123,&quot;link&quot;:&quot;https:\\\/\\\/www.corredormato.com\\\/fr\\\/logement-detail\\\/louer-maison-mitoyenne-geranis-llafranc-2773\\\/&quot;,&quot;infoWindow&quot;:{&quot;image&quot;:&quot;https:\\\/\\\/files.net2rent.com\\\/pfiles\\\/43\\\/2773\\\/589146-m.jpg&quot;,&quot;title&quot;:&quot;GERANIS - Maison mitoyenne \\u00e0 Llafranc - Costa Brava&quot;,&quot;description&quot;:&quot;\\u003Cdiv\\u003E\\u003Cdiv class=\\&quot;n2r__list__item__feature n2r__list__item__feature--rooms\\&quot; title=\\&quot;4 chambres \\u00e0 coucher\\&quot;\\u003E\\u003Ci class=\\&quot;n2r_room\\&quot;\\u003E\\u003C\\\/i\\u003E 4\\u003C\\\/div\\u003E\\u003Cdiv class=\\&quot;n2r__list__item__feature n2r__list__item__feature--capacity\\&quot; title=\\&quot;8 pax\\&quot;\\u003E\\u003Ci class=\\&quot;n2r_people\\&quot;\\u003E\\u003C\\\/i\\u003E 8\\u003C\\\/div\\u003E\\u003C\\\/div\\u003E\\u003Cdiv\\u003E\\u003Cdiv class=\\&quot;n2r__list__item__price\\&quot;\\u003E\\u003Cspan class=\\&quot;n2r__list__item__price__from\\&quot;\\u003ED\\u00e9s 145 \\u20ac \\u003Csmall class=\\&quot;n2r__list__item__price__from__type\\&quot;\\u003E\\\/  Jour\\u003C\\\/small\\u003E\\u003C\\\/span\\u003E\\u003C\\\/div\\u003E\\u003C\\\/div\\u003E&quot;}},{&quot;id&quot;:&quot;10711&quot;,&quot;latitude&quot;:41.920876,&quot;longitude&quot;:2.988211,&quot;link&quot;:&quot;https:\\\/\\\/www.corredormato.com\\\/fr\\\/logement-detail\\\/louer-villa-can-font-de-muntanya-cruilles-monells-i-sant-sadurni-de-l-heura-10711\\\/&quot;,&quot;infoWindow&quot;:{&quot;image&quot;:&quot;https:\\\/\\\/files.net2rent.com\\\/pfiles\\\/43\\\/10711\\\/594506-m.jpg&quot;,&quot;title&quot;:&quot;Can Font de Muntanya - Une pause dans le Parc Natural de les Gavarres&quot;,&quot;description&quot;:&quot;\\u003Cdiv\\u003E\\u003Cdiv class=\\&quot;n2r__list__item__feature n2r__list__item__feature--rooms\\&quot; title=\\&quot;4 chambres \\u00e0 coucher\\&quot;\\u003E\\u003Ci class=\\&quot;n2r_room\\&quot;\\u003E\\u003C\\\/i\\u003E 4\\u003C\\\/div\\u003E\\u003Cdiv class=\\&quot;n2r__list__item__feature n2r__list__item__feature--capacity\\&quot; title=\\&quot;13 pax\\&quot;\\u003E\\u003Ci class=\\&quot;n2r_people\\&quot;\\u003E\\u003C\\\/i\\u003E 13\\u003C\\\/div\\u003E\\u003C\\\/div\\u003E\\u003Cdiv\\u003E\\u003Cdiv class=\\&quot;n2r__list__item__price\\&quot;\\u003E\\u003Cspan class=\\&quot;n2r__list__item__price__from\\&quot;\\u003ED\\u00e9s 645 \\u20ac \\u003Csmall class=\\&quot;n2r__list__item__price__from__type\\&quot;\\u003E\\\/  Jour\\u003C\\\/small\\u003E\\u003C\\\/span\\u003E\\u003C\\\/div\\u003E\\u003C\\\/div\\u003E&quot;}},{&quot;id&quot;:&quot;19290&quot;,&quot;latitude&quot;:42.01815,&quot;longitude&quot;:3.009454,&quot;link&quot;:&quot;https:\\\/\\\/www.corredormato.com\\\/fr\\\/logement-detail\\\/louer-villa-mas-casagran-rupia-19290\\\/&quot;,&quot;infoWindow&quot;:{&quot;image&quot;:&quot;https:\\\/\\\/files.net2rent.com\\\/pfiles\\\/43\\\/19290\\\/477323-m.jpg&quot;,&quot;title&quot;:&quot;Mas Casagran, un \\&quot;mini-resort\\&quot; priv\\u00e9 avec court de padel multi-jeux dans une masia centenaire r\\u00e9nov\\u00e9e avec une vue imprenable.&quot;,&quot;description&quot;:&quot;\\u003Cdiv\\u003E\\u003Cdiv class=\\&quot;n2r__list__item__feature n2r__list__item__feature--rooms\\&quot; title=\\&quot;5 chambres \\u00e0 coucher\\&quot;\\u003E\\u003Ci class=\\&quot;n2r_room\\&quot;\\u003E\\u003C\\\/i\\u003E 5\\u003C\\\/div\\u003E\\u003Cdiv class=\\&quot;n2r__list__item__feature n2r__list__item__feature--capacity\\&quot; title=\\&quot;14 pax\\&quot;\\u003E\\u003Ci class=\\&quot;n2r_people\\&quot;\\u003E\\u003C\\\/i\\u003E 14\\u003C\\\/div\\u003E\\u003C\\\/div\\u003E\\u003Cdiv\\u003E\\u003Cdiv class=\\&quot;n2r__list__item__price\\&quot;\\u003E\\u003Cspan class=\\&quot;n2r__list__item__price__from\\&quot;\\u003ED\\u00e9s 975 \\u20ac \\u003Csmall class=\\&quot;n2r__list__item__price__from__type\\&quot;\\u003E\\\/  Jour\\u003C\\\/small\\u003E\\u003C\\\/span\\u003E\\u003C\\\/div\\u003E\\u003C\\\/div\\u003E&quot;}},{&quot;id&quot;:&quot;1875&quot;,&quot;latitude&quot;:41.917992,&quot;longitude&quot;:3.208804,&quot;link&quot;:&quot;https:\\\/\\\/www.corredormato.com\\\/fr\\\/logement-detail\\\/louer-appartement-aigua-dolca-2-tamariu-1875\\\/&quot;,&quot;infoWindow&quot;:{&quot;image&quot;:&quot;https:\\\/\\\/files.net2rent.com\\\/pfiles\\\/43\\\/1875\\\/307334-o-m.jpg&quot;,&quot;title&quot;:&quot;AIGUA DOL\\u00c7A 2  Appartement front de mer \\u00e0 Tamariu ,Vue mer, acc\\u00e8s direct promenade, Wi-Fi &amp; clim  4\\u20136 pers (HUTG-009891)&quot;,&quot;description&quot;:&quot;\\u003Cdiv\\u003E\\u003Cdiv class=\\&quot;n2r__list__item__feature n2r__list__item__feature--rooms\\&quot; title=\\&quot;2 chambres \\u00e0 coucher\\&quot;\\u003E\\u003Ci class=\\&quot;n2r_room\\&quot;\\u003E\\u003C\\\/i\\u003E 2\\u003C\\\/div\\u003E\\u003Cdiv class=\\&quot;n2r__list__item__feature n2r__list__item__feature--capacity\\&quot; title=\\&quot;6 pax\\&quot;\\u003E\\u003Ci class=\\&quot;n2r_people\\&quot;\\u003E\\u003C\\\/i\\u003E 6\\u003C\\\/div\\u003E\\u003C\\\/div\\u003E\\u003Cdiv\\u003E\\u003Cdiv class=\\&quot;n2r__list__item__price\\&quot;\\u003E\\u003Cspan class=\\&quot;n2r__list__item__price__from\\&quot;\\u003ED\\u00e9s 135 \\u20ac \\u003Csmall class=\\&quot;n2r__list__item__price__from__type\\&quot;\\u003E\\\/  Jour\\u003C\\\/small\\u003E\\u003C\\\/span\\u003E\\u003C\\\/div\\u003E\\u003C\\\/div\\u003E&quot;}},{&quot;id&quot;:&quot;1940&quot;,&quot;latitude&quot;:41.924751,&quot;longitude&quot;:3.209335,&quot;link&quot;:&quot;https:\\\/\\\/www.corredormato.com\\\/fr\\\/logement-detail\\\/louer-villa-escapada-tamariu-1940\\\/&quot;,&quot;infoWindow&quot;:{&quot;image&quot;:&quot;https:\\\/\\\/files.net2rent.com\\\/pfiles\\\/43\\\/1940\\\/540295-m.jpg&quot;,&quot;title&quot;:&quot;ESCAPADA -Maison design moderne \\u00e0 Tamariu - Costa Brava&quot;,&quot;description&quot;:&quot;\\u003Cdiv\\u003E\\u003Cdiv class=\\&quot;n2r__list__item__feature n2r__list__item__feature--rooms\\&quot; title=\\&quot;5 chambres \\u00e0 coucher\\&quot;\\u003E\\u003Ci class=\\&quot;n2r_room\\&quot;\\u003E\\u003C\\\/i\\u003E 5\\u003C\\\/div\\u003E\\u003Cdiv class=\\&quot;n2r__list__item__feature n2r__list__item__feature--capacity\\&quot; title=\\&quot;12 pax\\&quot;\\u003E\\u003Ci class=\\&quot;n2r_people\\&quot;\\u003E\\u003C\\\/i\\u003E 12\\u003C\\\/div\\u003E\\u003C\\\/div\\u003E\\u003Cdiv\\u003E\\u003Cdiv class=\\&quot;n2r__list__item__price\\&quot;\\u003E\\u003Cspan class=\\&quot;n2r__list__item__price__from\\&quot;\\u003ED\\u00e9s 715 \\u20ac \\u003Csmall class=\\&quot;n2r__list__item__price__from__type\\&quot;\\u003E\\\/  Jour\\u003C\\\/small\\u003E\\u003C\\\/span\\u003E\\u003C\\\/div\\u003E\\u003C\\\/div\\u003E&quot;}},{&quot;id&quot;:&quot;1950&quot;,&quot;latitude&quot;:41.915077,&quot;longitude&quot;:3.206012,&quot;link&quot;:&quot;https:\\\/\\\/www.corredormato.com\\\/fr\\\/logement-detail\\\/louer-villa-la-galera-tamariu-1950\\\/&quot;,&quot;infoWindow&quot;:{&quot;image&quot;:&quot;https:\\\/\\\/files.net2rent.com\\\/pfiles\\\/43\\\/1950\\\/327504-o-m.jpg&quot;,&quot;title&quot;:&quot;VILLA LA GALERA villa avec piscine et vue mer \\u00e0 Tamariu  Costa Brava&quot;,&quot;description&quot;:&quot;\\u003Cdiv\\u003E\\u003Cdiv class=\\&quot;n2r__list__item__feature n2r__list__item__feature--rooms\\&quot; title=\\&quot;4 chambres \\u00e0 coucher\\&quot;\\u003E\\u003Ci class=\\&quot;n2r_room\\&quot;\\u003E\\u003C\\\/i\\u003E 4\\u003C\\\/div\\u003E\\u003Cdiv class=\\&quot;n2r__list__item__feature n2r__list__item__feature--capacity\\&quot; title=\\&quot;8 pax\\&quot;\\u003E\\u003Ci class=\\&quot;n2r_people\\&quot;\\u003E\\u003C\\\/i\\u003E 8\\u003C\\\/div\\u003E\\u003C\\\/div\\u003E\\u003Cdiv\\u003E\\u003Cdiv class=\\&quot;n2r__list__item__price\\&quot;\\u003E\\u003Cspan class=\\&quot;n2r__list__item__price__from\\&quot;\\u003ED\\u00e9s 1.020 \\u20ac \\u003Csmall class=\\&quot;n2r__list__item__price__from__type\\&quot;\\u003E\\\/  Jour\\u003C\\\/small\\u003E\\u003C\\\/span\\u003E\\u003C\\\/div\\u003E\\u003C\\\/div\\u003E&quot;}},{&quot;id&quot;:&quot;20158&quot;,&quot;latitude&quot;:41.89484,&quot;longitude&quot;:3.19586,&quot;link&quot;:&quot;https:\\\/\\\/www.corredormato.com\\\/fr\\\/logement-detail\\\/louer-appartement-coral-14-llafranc-20158\\\/&quot;,&quot;infoWindow&quot;:{&quot;image&quot;:&quot;https:\\\/\\\/files.net2rent.com\\\/pfiles\\\/43\\\/20158\\\/468997-m.jpg&quot;,&quot;title&quot;:&quot;CORAL 14 - appartement au centre du Llafranc-Costa Brava&quot;,&quot;description&quot;:&quot;\\u003Cdiv\\u003E\\u003Cdiv class=\\&quot;n2r__list__item__feature n2r__list__item__feature--rooms\\&quot; title=\\&quot;3 chambres \\u00e0 coucher\\&quot;\\u003E\\u003Ci class=\\&quot;n2r_room\\&quot;\\u003E\\u003C\\\/i\\u003E 3\\u003C\\\/div\\u003E\\u003Cdiv class=\\&quot;n2r__list__item__feature n2r__list__item__feature--capacity\\&quot; title=\\&quot;5 pax\\&quot;\\u003E\\u003Ci class=\\&quot;n2r_people\\&quot;\\u003E\\u003C\\\/i\\u003E 5\\u003C\\\/div\\u003E\\u003C\\\/div\\u003E\\u003Cdiv\\u003E\\u003Cdiv class=\\&quot;n2r__list__item__price\\&quot;\\u003E\\u003Cspan class=\\&quot;n2r__list__item__price__from\\&quot;\\u003ED\\u00e9s 100 \\u20ac \\u003Csmall class=\\&quot;n2r__list__item__price__from__type\\&quot;\\u003E\\\/  Jour\\u003C\\\/small\\u003E\\u003C\\\/span\\u003E\\u003C\\\/div\\u003E\\u003C\\\/div\\u003E&quot;}},{&quot;id&quot;:&quot;17954&quot;,&quot;latitude&quot;:41.925529,&quot;longitude&quot;:3.21513,&quot;link&quot;:&quot;https:\\\/\\\/www.corredormato.com\\\/fr\\\/logement-detail\\\/louer-villa-villa-celimar-tamariu-17954\\\/&quot;,&quot;infoWindow&quot;:{&quot;image&quot;:&quot;https:\\\/\\\/files.net2rent.com\\\/pfiles\\\/43\\\/17954\\\/435192-o-m.jpg&quot;,&quot;title&quot;:null,&quot;description&quot;:&quot;\\u003Cdiv\\u003E\\u003Cdiv class=\\&quot;n2r__list__item__feature n2r__list__item__feature--rooms\\&quot; title=\\&quot;4 chambres \\u00e0 coucher\\&quot;\\u003E\\u003Ci class=\\&quot;n2r_room\\&quot;\\u003E\\u003C\\\/i\\u003E 4\\u003C\\\/div\\u003E\\u003Cdiv class=\\&quot;n2r__list__item__feature n2r__list__item__feature--capacity\\&quot; title=\\&quot;8 pax\\&quot;\\u003E\\u003Ci class=\\&quot;n2r_people\\&quot;\\u003E\\u003C\\\/i\\u003E 8\\u003C\\\/div\\u003E\\u003C\\\/div\\u003E\\u003Cdiv\\u003E\\u003Cdiv class=\\&quot;n2r__list__item__price\\&quot;\\u003E\\u003Cspan class=\\&quot;n2r__list__item__price__from\\&quot;\\u003ED\\u00e9s 345 \\u20ac \\u003Csmall class=\\&quot;n2r__list__item__price__from__type\\&quot;\\u003E\\\/  Jour\\u003C\\\/small\\u003E\\u003C\\\/span\\u003E\\u003C\\\/div\\u003E\\u003C\\\/div\\u003E&quot;}},{&quot;id&quot;:&quot;2760&quot;,&quot;latitude&quot;:41.918392,&quot;longitude&quot;:3.207954,&quot;link&quot;:&quot;https:\\\/\\\/www.corredormato.com\\\/fr\\\/logement-detail\\\/louer-appartement-macrina-2-tamariu-2760\\\/&quot;,&quot;infoWindow&quot;:{&quot;image&quot;:&quot;https:\\\/\\\/files.net2rent.com\\\/pfiles\\\/43\\\/2760\\\/199617-o-m.jpg&quot;,&quot;title&quot;:&quot;MACRINA 2-appartement plac\\u00e9e sur la promenade du Tamariu-Costa Brava&quot;,&quot;description&quot;:&quot;\\u003Cdiv\\u003E\\u003Cdiv class=\\&quot;n2r__list__item__feature n2r__list__item__feature--rooms\\&quot; title=\\&quot;3 chambres \\u00e0 coucher\\&quot;\\u003E\\u003Ci class=\\&quot;n2r_room\\&quot;\\u003E\\u003C\\\/i\\u003E 3\\u003C\\\/div\\u003E\\u003Cdiv class=\\&quot;n2r__list__item__feature n2r__list__item__feature--capacity\\&quot; title=\\&quot;6 pax\\&quot;\\u003E\\u003Ci class=\\&quot;n2r_people\\&quot;\\u003E\\u003C\\\/i\\u003E 6\\u003C\\\/div\\u003E\\u003C\\\/div\\u003E\\u003Cdiv\\u003E\\u003Cdiv class=\\&quot;n2r__list__item__price\\&quot;\\u003E\\u003Cspan class=\\&quot;n2r__list__item__price__from\\&quot;\\u003ED\\u00e9s 105 \\u20ac \\u003Csmall class=\\&quot;n2r__list__item__price__from__type\\&quot;\\u003E\\\/  Jour\\u003C\\\/small\\u003E\\u003C\\\/span\\u003E\\u003C\\\/div\\u003E\\u003C\\\/div\\u003E&quot;}},{&quot;id&quot;:&quot;2509&quot;,&quot;latitude&quot;:41.925892,&quot;longitude&quot;:3.20576,&quot;link&quot;:&quot;https:\\\/\\\/www.corredormato.com\\\/fr\\\/logement-detail\\\/louer-villa-roure-tamariu-2509\\\/&quot;,&quot;infoWindow&quot;:{&quot;image&quot;:&quot;https:\\\/\\\/files.net2rent.com\\\/pfiles\\\/43\\\/2509\\\/156646-o-m.jpg&quot;,&quot;title&quot;:&quot;ROURE - maison avec piscine priv\\u00e9e - Tamariu-Costa Brava&quot;,&quot;description&quot;:&quot;\\u003Cdiv\\u003E\\u003Cdiv class=\\&quot;n2r__list__item__feature n2r__list__item__feature--rooms\\&quot; title=\\&quot;5 chambres \\u00e0 coucher\\&quot;\\u003E\\u003Ci class=\\&quot;n2r_room\\&quot;\\u003E\\u003C\\\/i\\u003E 5\\u003C\\\/div\\u003E\\u003Cdiv class=\\&quot;n2r__list__item__feature n2r__list__item__feature--capacity\\&quot; title=\\&quot;10 pax\\&quot;\\u003E\\u003Ci class=\\&quot;n2r_people\\&quot;\\u003E\\u003C\\\/i\\u003E 10\\u003C\\\/div\\u003E\\u003C\\\/div\\u003E\\u003Cdiv\\u003E\\u003Cdiv class=\\&quot;n2r__list__item__price\\&quot;\\u003E\\u003Cspan class=\\&quot;n2r__list__item__price__from\\&quot;\\u003ED\\u00e9s 295 \\u20ac \\u003Csmall class=\\&quot;n2r__list__item__price__from__type\\&quot;\\u003E\\\/  Jour\\u003C\\\/small\\u003E\\u003C\\\/span\\u003E\\u003C\\\/div\\u003E\\u003C\\\/div\\u003E&quot;}},{&quot;id&quot;:&quot;1884&quot;,&quot;latitude&quot;:41.919888,&quot;longitude&quot;:3.214018,&quot;link&quot;:&quot;https:\\\/\\\/www.corredormato.com\\\/fr\\\/logement-detail\\\/louer-villa-angela-tamariu-1884\\\/&quot;,&quot;infoWindow&quot;:{&quot;image&quot;:&quot;https:\\\/\\\/files.net2rent.com\\\/pfiles\\\/43\\\/1884\\\/588976-m.jpg&quot;,&quot;title&quot;:&quot;ANGELA-villa avec vue sur la mer et piscine priv\\u00e9e-Tamariu-Costa Brava&quot;,&quot;description&quot;:&quot;\\u003Cdiv\\u003E\\u003Cdiv class=\\&quot;n2r__list__item__feature n2r__list__item__feature--rooms\\&quot; title=\\&quot;4 chambres \\u00e0 coucher\\&quot;\\u003E\\u003Ci class=\\&quot;n2r_room\\&quot;\\u003E\\u003C\\\/i\\u003E 4\\u003C\\\/div\\u003E\\u003Cdiv class=\\&quot;n2r__list__item__feature n2r__list__item__feature--capacity\\&quot; title=\\&quot;8 pax\\&quot;\\u003E\\u003Ci class=\\&quot;n2r_people\\&quot;\\u003E\\u003C\\\/i\\u003E 8\\u003C\\\/div\\u003E\\u003C\\\/div\\u003E\\u003Cdiv\\u003E\\u003Cdiv class=\\&quot;n2r__list__item__price\\&quot;\\u003E\\u003Cspan class=\\&quot;n2r__list__item__price__from\\&quot;\\u003ED\\u00e9s 200 \\u20ac \\u003Csmall class=\\&quot;n2r__list__item__price__from__type\\&quot;\\u003E\\\/  Jour\\u003C\\\/small\\u003E\\u003C\\\/span\\u003E\\u003C\\\/div\\u003E\\u003C\\\/div\\u003E&quot;}},{&quot;id&quot;:&quot;2559&quot;,&quot;latitude&quot;:41.92617,&quot;longitude&quot;:3.206087,&quot;link&quot;:&quot;https:\\\/\\\/www.corredormato.com\\\/fr\\\/logement-detail\\\/louer-villa-filipinas-tamariu-2559\\\/?checkin=2026-05-29&amp;checkout=2026-06-05&quot;,&quot;infoWindow&quot;:{&quot;image&quot;:&quot;https:\\\/\\\/files.net2rent.com\\\/pfiles\\\/43\\\/2559\\\/157918-o-m.jpg&quot;,&quot;title&quot;:&quot;Villa Filipinas \\u2013 Villa avec piscine priv\\u00e9e et jardin \\u00e0 Tamariu, Costa Brava&quot;,&quot;description&quot;:&quot;\\u003Cdiv\\u003E\\u003Cdiv class=\\&quot;n2r__list__item__feature n2r__list__item__feature--rooms\\&quot; title=\\&quot;4 chambres \\u00e0 coucher\\&quot;\\u003E\\u003Ci class=\\&quot;n2r_room\\&quot;\\u003E\\u003C\\\/i\\u003E 4\\u003C\\\/div\\u003E\\u003Cdiv class=\\&quot;n2r__list__item__feature n2r__list__item__feature--capacity\\&quot; title=\\&quot;8 pax\\&quot;\\u003E\\u003Ci class=\\&quot;n2r_people\\&quot;\\u003E\\u003C\\\/i\\u003E 8\\u003C\\\/div\\u003E\\u003C\\\/div\\u003E\\u003Cdiv\\u003E\\u003Cdiv class=\\&quot;n2r__list__item__price\\&quot;\\u003E\\u003Cdiv class=\\&quot;n2r__list__item__price__offers\\&quot;\\u003E\\u003Cdiv class=\\&quot;n2r__list__item__price__offer\\&quot;\\u003E\\n          \\u003Cspan class=\\&quot;n2r__list__item__price__offer__amount n2r__list__item__price__offer__amount--original\\&quot;\\u003E2.170 \\u20ac\\u003C\\\/span\\u003E\\n          \\u003Cspan class=\\&quot;n2r__list__item__price__offer__amount\\&quot;\\u003E\\n            995 \\u20ac\\n          \\u003C\\\/span\\u003E\\n          \\u003Cspan class=\\&quot;n2r__list__item__price__offer__dates\\&quot;\\u003E\\n            D\\u00e9s 29\\\/05\\\/2026 \\u00c0 05\\\/06\\\/2026\\n          \\u003C\\\/span\\u003E\\n          \\u003Cspan class=\\&quot;n2r__list__item__price__offer__conditions\\&quot;\\u003E\\n            \\n          \\u003C\\\/span\\u003E\\n        \\u003C\\\/div\\u003E\\u003C\\\/div\\u003E\\u003C\\\/div\\u003E\\u003C\\\/div\\u003E&quot;}}]\" data-n2r-lodgingsurl=\"https:\/\/www.corredormato.com\/wp-json\/n2r\/v1\/lodgings\/list\" ><\/div>\n  <\/div>\n\n<\/div>  <\/div>\n  <div class=\"n2r__pagination\">\n  <div class=\"n2r__pagination__summary\">\n    124 R\u00e9sultats    -\n    Page 1 sur 11  <\/div>\n  <div class=\"separator\"><\/div>\n      <div class=\"n2r__pagination__links\">\n      <a href=\"https:\/\/www.corredormato.com\/fr\/resultats-de-la-recherche-location\/\" class=\"active\" data-page=\"1\">1<\/a><a href=\"https:\/\/www.corredormato.com\/fr\/resultats-de-la-recherche-location\/pg-2\/\" class=\"\" data-page=\"2\">2<\/a><span>...<\/span><a href=\"https:\/\/www.corredormato.com\/fr\/resultats-de-la-recherche-location\/pg-11\/\" class=\"\" data-page=\"11\">11<\/a>        <a href=\"https:\/\/www.corredormato.com\/fr\/resultats-de-la-recherche-location\/pg-2\/\" data-page=\"2\" class=\"n2r__pagination__links__icon\">&rsaquo;<\/a>\n        <a href=\"https:\/\/www.corredormato.com\/fr\/resultats-de-la-recherche-location\/pg-11\/\" data-page=\"11\" class=\"n2r__pagination__links__icon\">&raquo;<\/a>\n          <\/div>\n      <div class=\"n2r__pagination__itemsperpage\">\n      <form method=\"GET\" action=\"\">\n                <label for=\"items_per_page\">Par page<\/label>\n        <select class=\"n2r__select\" id=\"items_per_page\" name=\"items\" onchange=\"this.form.submit()\">\n          <option value=\"12\"  selected='selected'>12<\/option><option value=\"24\" >24<\/option><option value=\"48\" >48<\/option>        <\/select>\n      <\/form>\n    <\/div>\n  <\/div><\/div><\/div>\n\t\t\t\t\t\t<\/div>\n\t\t\t\t<\/div>\n\t\t\t\t\t<\/div>\n\t\t<\/div>\n\t\t\t\t\t<\/div>\n\t\t<\/section>\n\t\t\t\t<\/div>\n\t\t","protected":false},"excerpt":{"rendered":"","protected":false},"author":1,"featured_media":66,"parent":0,"menu_order":0,"comment_status":"closed","ping_status":"closed","template":"","meta":{"footnotes":""},"class_list":["post-320","page","type-page","status-publish","has-post-thumbnail","hentry"],"yoast_head":"<!-- This site is optimized with the Yoast SEO plugin v27.4 - https:\/\/yoast.com\/product\/yoast-seo-wordpress\/ -->\n<title>Voici les r\u00e9sultats de votre recherche \u00e0 Corredor Mat\u00f3<\/title>\n<meta name=\"description\" content=\"Nous pr\u00e9sentons ci-dessous diff\u00e9rents r\u00e9sultats de recherche que nous avons obtenus selon les crit\u00e8res de recherche que vous avez indiqu\u00e9s.\" \/>\n<meta name=\"robots\" content=\"index, follow, max-snippet:-1, max-image-preview:large, max-video-preview:-1\" \/>\n<link rel=\"canonical\" href=\"https:\/\/www.corredormato.com\/fr\/resultats-de-la-recherche-location\/\" \/>\n<meta property=\"og:locale\" content=\"fr_FR\" \/>\n<meta property=\"og:type\" content=\"article\" \/>\n<meta property=\"og:title\" content=\"Voici les r\u00e9sultats de votre recherche \u00e0 Corredor Mat\u00f3\" \/>\n<meta property=\"og:description\" content=\"Nous pr\u00e9sentons ci-dessous diff\u00e9rents r\u00e9sultats de recherche que nous avons obtenus selon les crit\u00e8res de recherche que vous avez indiqu\u00e9s.\" \/>\n<meta property=\"og:url\" content=\"https:\/\/www.corredormato.com\/fr\/resultats-de-la-recherche-location\/\" \/>\n<meta property=\"og:site_name\" content=\"Corredor Mat\u00f3 Real Estate &amp; Property Management\" \/>\n<meta property=\"article:modified_time\" content=\"2024-04-17T10:01:08+00:00\" \/>\n<meta property=\"og:image\" content=\"https:\/\/www.corredormato.com\/wp-content\/uploads\/2021\/04\/RRSS_Corredor_MATO.jpg\" \/>\n\t<meta property=\"og:image:width\" content=\"1280\" \/>\n\t<meta property=\"og:image:height\" content=\"720\" \/>\n\t<meta property=\"og:image:type\" content=\"image\/jpeg\" \/>\n<meta name=\"twitter:card\" content=\"summary_large_image\" \/>\n<script type=\"application\/ld+json\" class=\"yoast-schema-graph\">{\"@context\":\"https:\\\/\\\/schema.org\",\"@graph\":[{\"@type\":\"WebPage\",\"@id\":\"https:\\\/\\\/www.corredormato.com\\\/fr\\\/resultats-de-la-recherche-location\\\/\",\"url\":\"https:\\\/\\\/www.corredormato.com\\\/fr\\\/resultats-de-la-recherche-location\\\/\",\"name\":\"Voici les r\u00e9sultats de votre recherche \u00e0 Corredor Mat\u00f3\",\"isPartOf\":{\"@id\":\"https:\\\/\\\/www.corredormato.com\\\/fr\\\/#website\"},\"primaryImageOfPage\":{\"@id\":\"https:\\\/\\\/www.corredormato.com\\\/fr\\\/resultats-de-la-recherche-location\\\/#primaryimage\"},\"image\":{\"@id\":\"https:\\\/\\\/www.corredormato.com\\\/fr\\\/resultats-de-la-recherche-location\\\/#primaryimage\"},\"thumbnailUrl\":\"https:\\\/\\\/www.corredormato.com\\\/wp-content\\\/uploads\\\/2021\\\/04\\\/RRSS_Corredor_MATO.jpg\",\"datePublished\":\"2021-04-30T16:20:51+00:00\",\"dateModified\":\"2024-04-17T10:01:08+00:00\",\"description\":\"Nous pr\u00e9sentons ci-dessous diff\u00e9rents r\u00e9sultats de recherche que nous avons obtenus selon les crit\u00e8res de recherche que vous avez indiqu\u00e9s.\",\"breadcrumb\":{\"@id\":\"https:\\\/\\\/www.corredormato.com\\\/fr\\\/resultats-de-la-recherche-location\\\/#breadcrumb\"},\"inLanguage\":\"fr-FR\",\"potentialAction\":[{\"@type\":\"ReadAction\",\"target\":[\"https:\\\/\\\/www.corredormato.com\\\/fr\\\/resultats-de-la-recherche-location\\\/\"]}]},{\"@type\":\"BreadcrumbList\",\"@id\":\"https:\\\/\\\/www.corredormato.com\\\/fr\\\/resultats-de-la-recherche-location\\\/#breadcrumb\",\"itemListElement\":[{\"@type\":\"ListItem\",\"position\":1,\"name\":\"Home\",\"item\":\"https:\\\/\\\/www.corredormato.com\\\/fr\\\/\"},{\"@type\":\"ListItem\",\"position\":2,\"name\":\"R\u00e9sultats de la recherche : Location\"}]},{\"@type\":\"WebSite\",\"@id\":\"https:\\\/\\\/www.corredormato.com\\\/fr\\\/#website\",\"url\":\"https:\\\/\\\/www.corredormato.com\\\/fr\\\/\",\"name\":\"Corredor Mat\u00f3 Real Estate &amp; Property Management\",\"description\":\"Real Estate &amp; Property Management\",\"publisher\":{\"@id\":\"https:\\\/\\\/www.corredormato.com\\\/fr\\\/#organization\"},\"alternateName\":\"Corredor Mat\u00f3\",\"potentialAction\":[{\"@type\":\"SearchAction\",\"target\":{\"@type\":\"EntryPoint\",\"urlTemplate\":\"https:\\\/\\\/www.corredormato.com\\\/resultats-de-cerca-lloguer\\\/?search_text={search_term_string}\"},\"query-input\":{\"@type\":\"PropertyValueSpecification\",\"valueRequired\":true,\"valueName\":\"search_term_string\"}}],\"inLanguage\":\"fr-FR\"},{\"@type\":\"Organization\",\"@id\":\"https:\\\/\\\/www.corredormato.com\\\/fr\\\/#organization\",\"name\":\"Corredor Mat\u00f3 | Real Estate & Property Management\",\"url\":\"https:\\\/\\\/www.corredormato.com\\\/fr\\\/\",\"logo\":{\"@type\":\"ImageObject\",\"inLanguage\":\"fr-FR\",\"@id\":\"https:\\\/\\\/www.corredormato.com\\\/fr\\\/#\\\/schema\\\/logo\\\/image\\\/\",\"url\":\"https:\\\/\\\/www.corredormato.com\\\/wp-content\\\/uploads\\\/2021\\\/04\\\/logo.png\",\"contentUrl\":\"https:\\\/\\\/www.corredormato.com\\\/wp-content\\\/uploads\\\/2021\\\/04\\\/logo.png\",\"width\":970,\"height\":225,\"caption\":\"Corredor Mat\u00f3 | Real Estate & Property Management\"},\"image\":{\"@id\":\"https:\\\/\\\/www.corredormato.com\\\/fr\\\/#\\\/schema\\\/logo\\\/image\\\/\"}}]}<\/script>\n<!-- \/ Yoast SEO plugin. -->","yoast_head_json":{"title":"Voici les r\u00e9sultats de votre recherche \u00e0 Corredor Mat\u00f3","description":"Nous pr\u00e9sentons ci-dessous diff\u00e9rents r\u00e9sultats de recherche que nous avons obtenus selon les crit\u00e8res de recherche que vous avez indiqu\u00e9s.","robots":{"index":"index","follow":"follow","max-snippet":"max-snippet:-1","max-image-preview":"max-image-preview:large","max-video-preview":"max-video-preview:-1"},"canonical":"https:\/\/www.corredormato.com\/fr\/resultats-de-la-recherche-location\/","og_locale":"fr_FR","og_type":"article","og_title":"Voici les r\u00e9sultats de votre recherche \u00e0 Corredor Mat\u00f3","og_description":"Nous pr\u00e9sentons ci-dessous diff\u00e9rents r\u00e9sultats de recherche que nous avons obtenus selon les crit\u00e8res de recherche que vous avez indiqu\u00e9s.","og_url":"https:\/\/www.corredormato.com\/fr\/resultats-de-la-recherche-location\/","og_site_name":"Corredor Mat\u00f3 Real Estate &amp; Property Management","article_modified_time":"2024-04-17T10:01:08+00:00","og_image":[{"width":1280,"height":720,"url":"https:\/\/www.corredormato.com\/wp-content\/uploads\/2021\/04\/RRSS_Corredor_MATO.jpg","type":"image\/jpeg"}],"twitter_card":"summary_large_image","schema":{"@context":"https:\/\/schema.org","@graph":[{"@type":"WebPage","@id":"https:\/\/www.corredormato.com\/fr\/resultats-de-la-recherche-location\/","url":"https:\/\/www.corredormato.com\/fr\/resultats-de-la-recherche-location\/","name":"Voici les r\u00e9sultats de votre recherche \u00e0 Corredor Mat\u00f3","isPartOf":{"@id":"https:\/\/www.corredormato.com\/fr\/#website"},"primaryImageOfPage":{"@id":"https:\/\/www.corredormato.com\/fr\/resultats-de-la-recherche-location\/#primaryimage"},"image":{"@id":"https:\/\/www.corredormato.com\/fr\/resultats-de-la-recherche-location\/#primaryimage"},"thumbnailUrl":"https:\/\/www.corredormato.com\/wp-content\/uploads\/2021\/04\/RRSS_Corredor_MATO.jpg","datePublished":"2021-04-30T16:20:51+00:00","dateModified":"2024-04-17T10:01:08+00:00","description":"Nous pr\u00e9sentons ci-dessous diff\u00e9rents r\u00e9sultats de recherche que nous avons obtenus selon les crit\u00e8res de recherche que vous avez indiqu\u00e9s.","breadcrumb":{"@id":"https:\/\/www.corredormato.com\/fr\/resultats-de-la-recherche-location\/#breadcrumb"},"inLanguage":"fr-FR","potentialAction":[{"@type":"ReadAction","target":["https:\/\/www.corredormato.com\/fr\/resultats-de-la-recherche-location\/"]}]},{"@type":"BreadcrumbList","@id":"https:\/\/www.corredormato.com\/fr\/resultats-de-la-recherche-location\/#breadcrumb","itemListElement":[{"@type":"ListItem","position":1,"name":"Home","item":"https:\/\/www.corredormato.com\/fr\/"},{"@type":"ListItem","position":2,"name":"R\u00e9sultats de la recherche : Location"}]},{"@type":"WebSite","@id":"https:\/\/www.corredormato.com\/fr\/#website","url":"https:\/\/www.corredormato.com\/fr\/","name":"Corredor Mat\u00f3 Real Estate &amp; Property Management","description":"Real Estate &amp; Property Management","publisher":{"@id":"https:\/\/www.corredormato.com\/fr\/#organization"},"alternateName":"Corredor Mat\u00f3","potentialAction":[{"@type":"SearchAction","target":{"@type":"EntryPoint","urlTemplate":"https:\/\/www.corredormato.com\/resultats-de-cerca-lloguer\/?search_text={search_term_string}"},"query-input":{"@type":"PropertyValueSpecification","valueRequired":true,"valueName":"search_term_string"}}],"inLanguage":"fr-FR"},{"@type":"Organization","@id":"https:\/\/www.corredormato.com\/fr\/#organization","name":"Corredor Mat\u00f3 | Real Estate & Property Management","url":"https:\/\/www.corredormato.com\/fr\/","logo":{"@type":"ImageObject","inLanguage":"fr-FR","@id":"https:\/\/www.corredormato.com\/fr\/#\/schema\/logo\/image\/","url":"https:\/\/www.corredormato.com\/wp-content\/uploads\/2021\/04\/logo.png","contentUrl":"https:\/\/www.corredormato.com\/wp-content\/uploads\/2021\/04\/logo.png","width":970,"height":225,"caption":"Corredor Mat\u00f3 | Real Estate & Property Management"},"image":{"@id":"https:\/\/www.corredormato.com\/fr\/#\/schema\/logo\/image\/"}}]}},"_links":{"self":[{"href":"https:\/\/www.corredormato.com\/fr\/wp-json\/wp\/v2\/pages\/320","targetHints":{"allow":["GET"]}}],"collection":[{"href":"https:\/\/www.corredormato.com\/fr\/wp-json\/wp\/v2\/pages"}],"about":[{"href":"https:\/\/www.corredormato.com\/fr\/wp-json\/wp\/v2\/types\/page"}],"author":[{"embeddable":true,"href":"https:\/\/www.corredormato.com\/fr\/wp-json\/wp\/v2\/users\/1"}],"replies":[{"embeddable":true,"href":"https:\/\/www.corredormato.com\/fr\/wp-json\/wp\/v2\/comments?post=320"}],"version-history":[{"count":13,"href":"https:\/\/www.corredormato.com\/fr\/wp-json\/wp\/v2\/pages\/320\/revisions"}],"predecessor-version":[{"id":16615,"href":"https:\/\/www.corredormato.com\/fr\/wp-json\/wp\/v2\/pages\/320\/revisions\/16615"}],"wp:featuredmedia":[{"embeddable":true,"href":"https:\/\/www.corredormato.com\/fr\/wp-json\/wp\/v2\/media\/66"}],"wp:attachment":[{"href":"https:\/\/www.corredormato.com\/fr\/wp-json\/wp\/v2\/media?parent=320"}],"curies":[{"name":"wp","href":"https:\/\/api.w.org\/{rel}","templated":true}]}}