{"id":3644,"date":"2022-09-19T10:43:04","date_gmt":"2022-09-19T08:43:04","guid":{"rendered":"http:\/\/52.30.243.130\/bases-legales-du-concours-sur-instagram-week-end-a-palafrugell\/"},"modified":"2022-09-19T10:43:04","modified_gmt":"2022-09-19T08:43:04","slug":"bases-legales-du-concours-sur-instagram-week-end-a-palafrugell","status":"publish","type":"page","link":"https:\/\/www.corredormato.com\/fr\/bases-legales-du-concours-sur-instagram-week-end-a-palafrugell\/","title":{"rendered":"Bases l\u00e9gales du concours sur Instagram &#8220;Week-end \u00e0 Palafrugell&#8221;"},"content":{"rendered":"\t\t<div data-elementor-type=\"wp-page\" data-elementor-id=\"3644\" class=\"elementor elementor-3644 elementor-3627\" data-elementor-post-type=\"page\">\n\t\t\t\t\t\t<section class=\"elementor-section elementor-top-section elementor-element elementor-element-264630c elementor-section-full_width elementor-section-height-min-height elementor-section-height-default elementor-section-items-middle\" data-id=\"264630c\" data-element_type=\"section\" data-e-type=\"section\" data-settings=\"{&quot;background_background&quot;:&quot;classic&quot;}\">\n\t\t\t\t\t\t<div class=\"elementor-container elementor-column-gap-default\">\n\t\t\t\t\t<div class=\"elementor-column elementor-col-100 elementor-top-column elementor-element elementor-element-9ac15d3\" data-id=\"9ac15d3\" data-element_type=\"column\" data-e-type=\"column\" data-settings=\"{&quot;background_background&quot;:&quot;classic&quot;}\">\n\t\t\t<div class=\"elementor-widget-wrap\">\n\t\t\t\t\t\t\t<\/div>\n\t\t<\/div>\n\t\t\t\t\t<\/div>\n\t\t<\/section>\n\t\t\t\t<section class=\"elementor-section elementor-top-section elementor-element elementor-element-2e6794c elementor-section-full_width elementor-section-height-default elementor-section-height-default\" data-id=\"2e6794c\" data-element_type=\"section\" data-e-type=\"section\" data-settings=\"{&quot;background_background&quot;:&quot;classic&quot;}\">\n\t\t\t\t\t\t<div class=\"elementor-container elementor-column-gap-no\">\n\t\t\t\t\t<div class=\"elementor-column elementor-col-100 elementor-top-column elementor-element elementor-element-e3ed202\" data-id=\"e3ed202\" data-element_type=\"column\" data-e-type=\"column\">\n\t\t\t<div class=\"elementor-widget-wrap elementor-element-populated\">\n\t\t\t\t\t\t<section class=\"elementor-section elementor-inner-section elementor-element elementor-element-d871162 elementor-section-boxed elementor-section-height-default elementor-section-height-default\" data-id=\"d871162\" data-element_type=\"section\" data-e-type=\"section\" data-settings=\"{&quot;background_background&quot;:&quot;classic&quot;}\">\n\t\t\t\t\t\t<div class=\"elementor-container elementor-column-gap-default\">\n\t\t\t\t\t<div class=\"elementor-column elementor-col-100 elementor-inner-column elementor-element elementor-element-923c255\" data-id=\"923c255\" data-element_type=\"column\" data-e-type=\"column\" data-settings=\"{&quot;background_background&quot;:&quot;classic&quot;}\">\n\t\t\t<div class=\"elementor-widget-wrap elementor-element-populated\">\n\t\t\t\t\t\t<div class=\"elementor-element elementor-element-3ef6c6e elementor-widget elementor-widget-heading\" data-id=\"3ef6c6e\" data-element_type=\"widget\" data-e-type=\"widget\" data-widget_type=\"heading.default\">\n\t\t\t\t<div class=\"elementor-widget-container\">\n\t\t\t\t\t<h2 class=\"elementor-heading-title elementor-size-default\">Corredor Mat\u00f3<\/h2>\t\t\t\t<\/div>\n\t\t\t\t<\/div>\n\t\t\t\t<div class=\"elementor-element elementor-element-2fda070 elementor-widget elementor-widget-heading\" data-id=\"2fda070\" data-element_type=\"widget\" data-e-type=\"widget\" data-widget_type=\"heading.default\">\n\t\t\t\t<div class=\"elementor-widget-container\">\n\t\t\t\t\t<h1 class=\"elementor-heading-title elementor-size-default\">Base juridique du concours sur Instagram \"Palafrugell Weekend\"<\/h1>\t\t\t\t<\/div>\n\t\t\t\t<\/div>\n\t\t\t\t\t<\/div>\n\t\t<\/div>\n\t\t\t\t\t<\/div>\n\t\t<\/section>\n\t\t\t\t<section class=\"elementor-section elementor-inner-section elementor-element elementor-element-a229f76 elementor-section-boxed elementor-section-height-default elementor-section-height-default\" data-id=\"a229f76\" data-element_type=\"section\" data-e-type=\"section\" data-settings=\"{&quot;background_background&quot;:&quot;classic&quot;}\">\n\t\t\t\t\t\t<div class=\"elementor-container elementor-column-gap-default\">\n\t\t\t\t\t<div class=\"elementor-column elementor-col-100 elementor-inner-column elementor-element elementor-element-ed7628c\" data-id=\"ed7628c\" data-element_type=\"column\" data-e-type=\"column\" data-settings=\"{&quot;background_background&quot;:&quot;classic&quot;}\">\n\t\t\t<div class=\"elementor-widget-wrap elementor-element-populated\">\n\t\t\t\t\t\t<div class=\"elementor-element elementor-element-9cda91a elementor-widget elementor-widget-text-editor\" data-id=\"9cda91a\" data-element_type=\"widget\" data-e-type=\"widget\" data-widget_type=\"text-editor.default\">\n\t\t\t\t<div class=\"elementor-widget-container\">\n\t\t\t\t\t\t\t\t\t<p>La soci\u00e9t\u00e9 Top Cala S.L., en tant qu&#8217;organisatrice de la promotion &#8221; Week-end de Palafrugell &#8220;, \u00e9tablit, par le biais des r\u00e8gles promotionnelles \u00e9num\u00e9r\u00e9es ci-dessous (ci-apr\u00e8s, les &#8221; R\u00e8gles &#8220;), les r\u00e8gles r\u00e9glementaires qui r\u00e9gissent la promotion, qui sont les suivantes :<\/p>\t\t\t\t\t\t\t\t<\/div>\n\t\t\t\t<\/div>\n\t\t\t\t<div class=\"elementor-element elementor-element-ab76a11 elementor-widget elementor-widget-text-editor\" data-id=\"ab76a11\" data-element_type=\"widget\" data-e-type=\"widget\" data-widget_type=\"text-editor.default\">\n\t\t\t\t<div class=\"elementor-widget-container\">\n\t\t\t\t\t\t\t\t\t<p><strong>PREMI\u00c8REMENT<\/strong>. Les donn\u00e9es d&#8217;identification de la soci\u00e9t\u00e9 organisatrice. Top Cala S.L., Sucursal en Espa\u00f1a, dont le si\u00e8ge social est situ\u00e9 Calle Riera, 6, Palafrugell, 17212, Girona, titulaire du num\u00e9ro d&#8217;identification fiscale B55299416.<\/p>\t\t\t\t\t\t\t\t<\/div>\n\t\t\t\t<\/div>\n\t\t\t\t<div class=\"elementor-element elementor-element-908dced elementor-widget elementor-widget-text-editor\" data-id=\"908dced\" data-element_type=\"widget\" data-e-type=\"widget\" data-widget_type=\"text-editor.default\">\n\t\t\t\t<div class=\"elementor-widget-container\">\n\t\t\t\t\t\t\t\t\t<p><strong>SECONDEMENT<\/strong>. Objectif de la promotion. L&#8217;objectif de la promotion est de tirer au sort un magnifique week-end (2 nuits) \u00e0 Calella de Palafrugell (Costa Brava) et de promouvoir ses profils officiels sur les r\u00e9seaux sociaux.<\/p>\t\t\t\t\t\t\t\t<\/div>\n\t\t\t\t<\/div>\n\t\t\t\t<div class=\"elementor-element elementor-element-7f570ec elementor-widget elementor-widget-text-editor\" data-id=\"7f570ec\" data-element_type=\"widget\" data-e-type=\"widget\" data-widget_type=\"text-editor.default\">\n\t\t\t\t<div class=\"elementor-widget-container\">\n\t\t\t\t\t\t\t\t\t<p><strong>TROISI\u00c8MEMENT<\/strong> : Champ d&#8217;application territorial. La port\u00e9e g\u00e9ographique de la promotion est le <strong>territoire national de l&#8217;Espagne<\/strong> et elle sera publi\u00e9e sur le r\u00e9seau social Instagram. \u00c0 titre d&#8217;information, Top Cala S.L. d\u00e9clare qu&#8217;Instagram ne sponsorise pas, n&#8217;approuve pas et ne g\u00e8re pas cette promotion de quelque mani\u00e8re que ce soit, et n&#8217;y est pas associ\u00e9.<\/p>\t\t\t\t\t\t\t\t<\/div>\n\t\t\t\t<\/div>\n\t\t\t\t<div class=\"elementor-element elementor-element-c540a38 elementor-widget elementor-widget-text-editor\" data-id=\"c540a38\" data-element_type=\"widget\" data-e-type=\"widget\" data-widget_type=\"text-editor.default\">\n\t\t\t\t<div class=\"elementor-widget-container\">\n\t\t\t\t\t\t\t\t\t<p><strong>QUATRIEME<\/strong>. Gratuit. La participation \u00e0 la pr\u00e9sente promotion sera gratuite, il ne sera pas n\u00e9cessaire pour le participant de payer un montant suppl\u00e9mentaire et cela n&#8217;impliquera pas d&#8217;augmentation du prix du produit promu.<\/p>\t\t\t\t\t\t\t\t<\/div>\n\t\t\t\t<\/div>\n\t\t\t\t<div class=\"elementor-element elementor-element-6a83fb4 elementor-widget elementor-widget-text-editor\" data-id=\"6a83fb4\" data-element_type=\"widget\" data-e-type=\"widget\" data-widget_type=\"text-editor.default\">\n\t\t\t\t<div class=\"elementor-widget-container\">\n\t\t\t\t\t\t\t\t\t<p><strong>CINQUI\u00c8ME<\/strong> Autorisation de participer. Toutes les personnes physiques de plus de 18 ans, <strong>r\u00e9sidentes et domicili\u00e9es sur le territoire espagnol,<\/strong> qui respectent les dispositions des clauses suivantes des pr\u00e9sentes conditions g\u00e9n\u00e9rales, peuvent participer \u00e0 cette promotion. La participation des employ\u00e9s de Top Cala S.L. est exclue. ou les membres de leur famille imm\u00e9diate, les agences de publicit\u00e9 et toute personne impliqu\u00e9e dans le d\u00e9veloppement de la promotion, ainsi que les fournisseurs des deux organisations li\u00e9es \u00e0 cette garantie ou les membres de leur famille imm\u00e9diate. Top Cala S.L. se r\u00e9serve le droit d&#8217;annuler cette promotion ou de la suspendre, ou de modifier l&#8217;une de ses conditions si, pour des raisons techniques ou de toute autre nature, elle ne peut pas suivre son d\u00e9roulement normal, conform\u00e9ment aux stipulations des pr\u00e9sentes Conditions. La participation \u00e0 la promotion implique l&#8217;acceptation pleine et enti\u00e8re du contenu du r\u00e8glement de la promotion par le participant.<\/p>\t\t\t\t\t\t\t\t<\/div>\n\t\t\t\t<\/div>\n\t\t\t\t<div class=\"elementor-element elementor-element-88a0e56 elementor-widget elementor-widget-text-editor\" data-id=\"88a0e56\" data-element_type=\"widget\" data-e-type=\"widget\" data-widget_type=\"text-editor.default\">\n\t\t\t\t<div class=\"elementor-widget-container\">\n\t\t\t\t\t\t\t\t\t<p>SIXI\u00c8ME. M\u00e9canismes promotionnels et prix offerts dans la promotion. Pour participer au tirage que nous lancerons le 20 septembre \u00e0 10 h. et se terminera le 27 septembre \u00e0 10 h.<\/p><p>Le prix offert dans la Promotion est&nbsp;:<\/p><p>Profitez<strong> d&#8217;un week-end (2 nuits)<\/strong> dans l&#8217;un des appartements appartenant \u00e0 Top Cala S.L. \u00e0 <strong>Calella de Palafrugell,<\/strong> Costa Brava. En fonction des disponibilit\u00e9s, le gagnant du tirage au sort pourra choisir o\u00f9 s\u00e9journer dans l&#8217;un de ces appartements pouvant accueillir jusqu&#8217;\u00e0 <strong>4 personnes<\/strong>.<\/p><p>Les dates pour pouvoir profiter du s\u00e9jour sont les suivantes : entre le <strong>9 janvier et le 18 juin<\/strong>, ou entre le <strong>12 septembre et le 31 d\u00e9cembre 2023. Hors week-ends et jours f\u00e9ri\u00e9s.<\/strong> Sous r\u00e9serve de disponibilit\u00e9.<\/p><p>Top Cala S.L. il ne couvre que l&#8217;h\u00e9bergement pour deux nuits dans l&#8217;un de ses appartements, <strong>mais n&#8217;inclut pas les frais de d\u00e9placement et autres.<\/strong><\/p><p>1 gagnant sera choisi par tirage au sort parmi tous les participants qui suivent les \u00e9tapes suivantes :<\/p><ol><li>Aimer la publication<\/li><li>Commentez en identifiant un ami avec qui vous passeriez le week-end<\/li><li>Suivez les profils <a data-mce-href=\"https:\/\/www.instagram.com\/corredormato1960\/\" href=\"https:\/\/www.instagram.com\/corredormato1960\/\" target=\"_blank\"><strong>@corredormato1960<\/strong><\/a> et <a data-mce-href=\"https:\/\/www.instagram.com\/boutique_villas_\/\" href=\"https:\/\/www.instagram.com\/boutique_villas_\/\" target=\"_blank\"><strong>@boutique_villas_<\/strong><\/a><\/li><\/ol><p>Le tirage au sort aura lieu \u00e0 la fin de la promotion parmi toutes les personnes ayant particip\u00e9 en suivant la proc\u00e9dure d\u00e9crite ci-dessus. Les participants peuvent laisser autant de commentaires qu&#8217;ils jugent appropri\u00e9s, mais une seule participation par participant sera prise en compte lors du tirage au sort.<\/p><p>L&#8217;agence contactera le gagnant pour g\u00e9rer les coordonn\u00e9es et g\u00e9rer le prix. Le prix est non transf\u00e9rable et ne peut \u00eatre \u00e9chang\u00e9 contre de l&#8217;argent ou tout autre prix. La soci\u00e9t\u00e9 ne sera pas responsable des services que des tiers doivent fournir en relation avec le prix offert dans cette promotion. Les participants r\u00e9compens\u00e9s seront annonc\u00e9s par leur num\u00e9ro sur le profil des marques et seront contact\u00e9s par message priv\u00e9 depuis ce profil officiel dans les 48 heures. Si le gagnant ne r\u00e9pond pas \u00e0 ce message avec les donn\u00e9es d\u00e9crites ci-dessous dans la semaine suivant la notification, le lieu sera vide.<\/p><p>Les donn\u00e9es qui seront demand\u00e9es aux gagnants pour leur envoyer le lot sont : num\u00e9ro, pr\u00e9nom, email et t\u00e9l\u00e9phone portable.<\/p>\t\t\t\t\t\t\t\t<\/div>\n\t\t\t\t<\/div>\n\t\t\t\t<div class=\"elementor-element elementor-element-bd46876 elementor-widget elementor-widget-text-editor\" data-id=\"bd46876\" data-element_type=\"widget\" data-e-type=\"widget\" data-widget_type=\"text-editor.default\">\n\t\t\t\t<div class=\"elementor-widget-container\">\n\t\t\t\t\t\t\t\t\t<p><strong>SEPTI\u00c8MEMENT<\/strong>. Top Cala S.L. se r\u00e9serve le droit de disqualifier les participations qui contiennent des commentaires offensants, des insultes, des menaces, un langage grossier, des contenus d\u00e9gradants ou des disqualifications envers les autres membres de la communaut\u00e9 de la page Instagram ou envers nos produits, services, marques ou \u00e9quipe.<\/p>\t\t\t\t\t\t\t\t<\/div>\n\t\t\t\t<\/div>\n\t\t\t\t<div class=\"elementor-element elementor-element-a988f28 elementor-widget elementor-widget-text-editor\" data-id=\"a988f28\" data-element_type=\"widget\" data-e-type=\"widget\" data-widget_type=\"text-editor.default\">\n\t\t\t\t<div class=\"elementor-widget-container\">\n\t\t\t\t\t\t\t\t\t<strong>HUITI\u00c8MEMENT<\/strong> : D\u00e9termination du gagnant Les gagnants seront choisis par le syst\u00e8me que la marque jugera appropri\u00e9. Par la suite, elle informera l&#8217;agence afin qu&#8217;elle puisse contacter le gagnant.\t\t\t\t\t\t\t\t<\/div>\n\t\t\t\t<\/div>\n\t\t\t\t<div class=\"elementor-element elementor-element-e14f35c elementor-widget elementor-widget-text-editor\" data-id=\"e14f35c\" data-element_type=\"widget\" data-e-type=\"widget\" data-widget_type=\"text-editor.default\">\n\t\t\t\t<div class=\"elementor-widget-container\">\n\t\t\t\t\t\t\t\t\t<strong>NEUFI\u00c8ME<\/strong> &#8211; Acceptation du r\u00e8glement La participation \u00e0 cette promotion implique l&#8217;acceptation pleine et inconditionnelle du pr\u00e9sent r\u00e8glement par les int\u00e9ress\u00e9s et la soumission expresse aux d\u00e9cisions interpr\u00e9tatives prises par Top Cala S.L. Top Cala S.L. se r\u00e9serve le droit de modifier ou d&#8217;annuler les conditions de la promotion pendant le d\u00e9roulement de celle-ci en raison de circonstances ind\u00e9pendantes de sa volont\u00e9 ou qui le rendent opportun. De m\u00eame, la participation \u00e0 une promotion de cette nature implique l&#8217;acceptation des r\u00e8gles de la communaut\u00e9 Instagram o\u00f9 se d\u00e9roule la promotion.\t\t\t\t\t\t\t\t<\/div>\n\t\t\t\t<\/div>\n\t\t\t\t<div class=\"elementor-element elementor-element-425431b elementor-widget elementor-widget-text-editor\" data-id=\"425431b\" data-element_type=\"widget\" data-e-type=\"widget\" data-widget_type=\"text-editor.default\">\n\t\t\t\t<div class=\"elementor-widget-container\">\n\t\t\t\t\t\t\t\t\t<strong>DIXI\u00c9MEMENT<\/strong>, les aspects juridiques. L&#8217;interpr\u00e9tation et le non-respect de ces r\u00e8gles seront r\u00e9gis par la loi espagnole. Toute controverse pouvant d\u00e9couler de l&#8217;interpr\u00e9tation ou de l&#8217;ex\u00e9cution du pr\u00e9sent r\u00e8glement sera soumise aux Cours et Tribunaux de la Ville de Barcelone, en renon\u00e7ant express\u00e9ment \u00e0 toute autre juridiction qui pourrait correspondre. Les donn\u00e9es des participants \u00e0 cette promotion seront trait\u00e9es avec la plus grande confidentialit\u00e9 et conform\u00e9ment aux dispositions de la loi 15\/99 du 13 d\u00e9cembre 1999 sur la protection des donn\u00e9es personnelles (LOPD), et feront partie d&#8217;un fichier de donn\u00e9es personnelles dont Top Cala S.L. sera responsable. Les informations fournies par les participants \u00e0 cette promotion sont volontaires, et ont pour but de constituer un fichier de donn\u00e9es personnelles de Top Cala S.L. afin de g\u00e9rer leur participation \u00e0 la promotion, de r\u00e9aliser des \u00e9tudes de march\u00e9 et des \u00e9tudes statistiques et de leur envoyer de futures actions promotionnelles et commerciales de Top Cala S.L., dans le cas o\u00f9 le participant ne souhaite pas que le traitement de ses donn\u00e9es personnelles susmentionn\u00e9 soit effectu\u00e9, veuillez ne pas participer \u00e0 cette promotion. Les participants peuvent exercer leur droit d&#8217;acc\u00e8s, de rectification, d&#8217;annulation et d&#8217;opposition en envoyant une communication \u00e0 agencia@52.30.243.130. Ces droits doivent \u00eatre exerc\u00e9s au moyen d&#8217;une communication expresse par \u00e9crit, accompagn\u00e9e d&#8217;une photocopie de la carte d&#8217;identit\u00e9 envoy\u00e9e \u00e0 Top Cala S.L. De m\u00eame, les participants \u00e0 la promotion, par le simple fait d&#8217;y participer, c\u00e8dent \u00e0 Top Cala S.L., \u00e0 titre exclusif et sans limitation dans le temps, \u00e0 titre exclusif et sans aucune limitation temporelle ou territoriale, d&#8217;exposer, d&#8217;exploiter, de publier et\/ou de diffuser les photographies et les commentaires envoy\u00e9s, par tout moyen, format ou support, y compris tout mode d&#8217;exploitation imaginable et, par cons\u00e9quent, les droits de reproduction, de distribution, de communication publique et de transformation, sans que, dans ce dernier cas, les \u00e9ventuelles transformations, adaptations ou variations soient consid\u00e9r\u00e9es comme des modifications soumises aux dispositions de la section 4 de l&#8217;article 14 de la loi sur la propri\u00e9t\u00e9 intellectuelle, aux fins de l&#8217;organisation du concours, de la publication du r\u00e9sultat de celui-ci et des communications commerciales ult\u00e9rieures de la soci\u00e9t\u00e9. Si, pour des raisons de force majeure, il s&#8217;av\u00e9rait n\u00e9cessaire de modifier les conditions de la promotion, les participants en seraient inform\u00e9s. Les prix sont soumis \u00e0 la l\u00e9gislation fiscale en vigueur. Les participants \u00e0 cette promotion s&#8217;engagent \u00e0 respecter les obligations fiscales qui peuvent d\u00e9couler de leur participation \u00e0 celle-ci.\t\t\t\t\t\t\t\t<\/div>\n\t\t\t\t<\/div>\n\t\t\t\t\t<\/div>\n\t\t<\/div>\n\t\t\t\t\t<\/div>\n\t\t<\/section>\n\t\t\t\t\t<\/div>\n\t\t<\/div>\n\t\t\t\t\t<\/div>\n\t\t<\/section>\n\t\t\t\t<\/div>\n\t\t","protected":false},"excerpt":{"rendered":"<p>Corredor Mat\u00f3 Base juridique du concours sur Instagram &#8220;Palafrugell Weekend&#8221; La soci\u00e9t\u00e9 Top Cala S.L., en tant qu&#8217;organisatrice de la promotion &#8221; Week-end de Palafrugell &#8220;, \u00e9tablit, par le biais des r\u00e8gles promotionnelles \u00e9num\u00e9r\u00e9es ci-dessous (ci-apr\u00e8s, les &#8221; R\u00e8gles &#8220;), les r\u00e8gles r\u00e9glementaires qui r\u00e9gissent la promotion, qui sont les suivantes : PREMI\u00c8REMENT. Les donn\u00e9es [&hellip;]<\/p>\n","protected":false},"author":1,"featured_media":66,"parent":0,"menu_order":0,"comment_status":"closed","ping_status":"closed","template":"","meta":{"footnotes":""},"class_list":["post-3644","page","type-page","status-publish","has-post-thumbnail","hentry"],"yoast_head":"<!-- This site is optimized with the Yoast SEO plugin v27.4 - https:\/\/yoast.com\/product\/yoast-seo-wordpress\/ -->\n<title>Bases l\u00e9gales du concours sur Instagram &quot;Week-end \u00e0 Palafrugell&quot; - Corredor Mat\u00f3 Real Estate &amp; Property Management<\/title>\n<meta name=\"description\" content=\"La soci\u00e9t\u00e9 Top Cala S.L., en tant qu&#039;organisateur de la promotion Palafrugell Weekend, \u00e9tablit les r\u00e8gles r\u00e9gissant la promotion\" \/>\n<meta name=\"robots\" content=\"index, follow, max-snippet:-1, max-image-preview:large, max-video-preview:-1\" \/>\n<link rel=\"canonical\" href=\"https:\/\/www.corredormato.com\/fr\/bases-legales-du-concours-sur-instagram-week-end-a-palafrugell\/\" \/>\n<meta property=\"og:locale\" content=\"fr_FR\" \/>\n<meta property=\"og:type\" content=\"article\" \/>\n<meta property=\"og:title\" content=\"Bases l\u00e9gales du concours sur Instagram &quot;Week-end \u00e0 Palafrugell&quot; - Corredor Mat\u00f3 Real Estate &amp; Property Management\" \/>\n<meta property=\"og:description\" content=\"La soci\u00e9t\u00e9 Top Cala S.L., en tant qu&#039;organisateur de la promotion Palafrugell Weekend, \u00e9tablit les r\u00e8gles r\u00e9gissant la promotion\" \/>\n<meta property=\"og:url\" content=\"https:\/\/www.corredormato.com\/fr\/bases-legales-du-concours-sur-instagram-week-end-a-palafrugell\/\" \/>\n<meta property=\"og:site_name\" content=\"Corredor Mat\u00f3 Real Estate &amp; Property Management\" \/>\n<meta property=\"og:image\" content=\"https:\/\/www.corredormato.com\/wp-content\/uploads\/2021\/04\/RRSS_Corredor_MATO.jpg\" \/>\n\t<meta property=\"og:image:width\" content=\"1280\" \/>\n\t<meta property=\"og:image:height\" content=\"720\" \/>\n\t<meta property=\"og:image:type\" content=\"image\/jpeg\" \/>\n<meta name=\"twitter:card\" content=\"summary_large_image\" \/>\n<meta name=\"twitter:label1\" content=\"Dur\u00e9e de lecture estim\u00e9e\" \/>\n\t<meta name=\"twitter:data1\" content=\"7 minutes\" \/>\n<script type=\"application\/ld+json\" class=\"yoast-schema-graph\">{\"@context\":\"https:\\\/\\\/schema.org\",\"@graph\":[{\"@type\":\"WebPage\",\"@id\":\"https:\\\/\\\/www.corredormato.com\\\/fr\\\/bases-legales-du-concours-sur-instagram-week-end-a-palafrugell\\\/\",\"url\":\"https:\\\/\\\/www.corredormato.com\\\/fr\\\/bases-legales-du-concours-sur-instagram-week-end-a-palafrugell\\\/\",\"name\":\"Bases l\u00e9gales du concours sur Instagram \\\"Week-end \u00e0 Palafrugell\\\" - Corredor Mat\u00f3 Real Estate &amp; Property Management\",\"isPartOf\":{\"@id\":\"https:\\\/\\\/www.corredormato.com\\\/fr\\\/#website\"},\"primaryImageOfPage\":{\"@id\":\"https:\\\/\\\/www.corredormato.com\\\/fr\\\/bases-legales-du-concours-sur-instagram-week-end-a-palafrugell\\\/#primaryimage\"},\"image\":{\"@id\":\"https:\\\/\\\/www.corredormato.com\\\/fr\\\/bases-legales-du-concours-sur-instagram-week-end-a-palafrugell\\\/#primaryimage\"},\"thumbnailUrl\":\"https:\\\/\\\/www.corredormato.com\\\/wp-content\\\/uploads\\\/2021\\\/04\\\/RRSS_Corredor_MATO.jpg\",\"datePublished\":\"2022-09-19T08:43:04+00:00\",\"description\":\"La soci\u00e9t\u00e9 Top Cala S.L., en tant qu'organisateur de la promotion Palafrugell Weekend, \u00e9tablit les r\u00e8gles r\u00e9gissant la promotion\",\"breadcrumb\":{\"@id\":\"https:\\\/\\\/www.corredormato.com\\\/fr\\\/bases-legales-du-concours-sur-instagram-week-end-a-palafrugell\\\/#breadcrumb\"},\"inLanguage\":\"fr-FR\",\"potentialAction\":[{\"@type\":\"ReadAction\",\"target\":[\"https:\\\/\\\/www.corredormato.com\\\/fr\\\/bases-legales-du-concours-sur-instagram-week-end-a-palafrugell\\\/\"]}]},{\"@type\":\"BreadcrumbList\",\"@id\":\"https:\\\/\\\/www.corredormato.com\\\/fr\\\/bases-legales-du-concours-sur-instagram-week-end-a-palafrugell\\\/#breadcrumb\",\"itemListElement\":[{\"@type\":\"ListItem\",\"position\":1,\"name\":\"Home\",\"item\":\"https:\\\/\\\/www.corredormato.com\\\/fr\\\/\"},{\"@type\":\"ListItem\",\"position\":2,\"name\":\"Bases l\u00e9gales du concours sur Instagram \u00ab\u00a0Week-end \u00e0 Palafrugell\u00a0\u00bb\"}]},{\"@type\":\"WebSite\",\"@id\":\"https:\\\/\\\/www.corredormato.com\\\/fr\\\/#website\",\"url\":\"https:\\\/\\\/www.corredormato.com\\\/fr\\\/\",\"name\":\"Corredor Mat\u00f3 Real Estate &amp; Property Management\",\"description\":\"Real Estate &amp; Property Management\",\"publisher\":{\"@id\":\"https:\\\/\\\/www.corredormato.com\\\/fr\\\/#organization\"},\"alternateName\":\"Corredor Mat\u00f3\",\"potentialAction\":[{\"@type\":\"SearchAction\",\"target\":{\"@type\":\"EntryPoint\",\"urlTemplate\":\"https:\\\/\\\/www.corredormato.com\\\/resultats-de-cerca-lloguer\\\/?search_text={search_term_string}\"},\"query-input\":{\"@type\":\"PropertyValueSpecification\",\"valueRequired\":true,\"valueName\":\"search_term_string\"}}],\"inLanguage\":\"fr-FR\"},{\"@type\":\"Organization\",\"@id\":\"https:\\\/\\\/www.corredormato.com\\\/fr\\\/#organization\",\"name\":\"Corredor Mat\u00f3 | Real Estate & Property Management\",\"url\":\"https:\\\/\\\/www.corredormato.com\\\/fr\\\/\",\"logo\":{\"@type\":\"ImageObject\",\"inLanguage\":\"fr-FR\",\"@id\":\"https:\\\/\\\/www.corredormato.com\\\/fr\\\/#\\\/schema\\\/logo\\\/image\\\/\",\"url\":\"https:\\\/\\\/www.corredormato.com\\\/wp-content\\\/uploads\\\/2021\\\/04\\\/logo.png\",\"contentUrl\":\"https:\\\/\\\/www.corredormato.com\\\/wp-content\\\/uploads\\\/2021\\\/04\\\/logo.png\",\"width\":970,\"height\":225,\"caption\":\"Corredor Mat\u00f3 | Real Estate & Property Management\"},\"image\":{\"@id\":\"https:\\\/\\\/www.corredormato.com\\\/fr\\\/#\\\/schema\\\/logo\\\/image\\\/\"}}]}<\/script>\n<!-- \/ Yoast SEO plugin. -->","yoast_head_json":{"title":"Bases l\u00e9gales du concours sur Instagram \"Week-end \u00e0 Palafrugell\" - Corredor Mat\u00f3 Real Estate &amp; Property Management","description":"La soci\u00e9t\u00e9 Top Cala S.L., en tant qu'organisateur de la promotion Palafrugell Weekend, \u00e9tablit les r\u00e8gles r\u00e9gissant la promotion","robots":{"index":"index","follow":"follow","max-snippet":"max-snippet:-1","max-image-preview":"max-image-preview:large","max-video-preview":"max-video-preview:-1"},"canonical":"https:\/\/www.corredormato.com\/fr\/bases-legales-du-concours-sur-instagram-week-end-a-palafrugell\/","og_locale":"fr_FR","og_type":"article","og_title":"Bases l\u00e9gales du concours sur Instagram \"Week-end \u00e0 Palafrugell\" - Corredor Mat\u00f3 Real Estate &amp; Property Management","og_description":"La soci\u00e9t\u00e9 Top Cala S.L., en tant qu'organisateur de la promotion Palafrugell Weekend, \u00e9tablit les r\u00e8gles r\u00e9gissant la promotion","og_url":"https:\/\/www.corredormato.com\/fr\/bases-legales-du-concours-sur-instagram-week-end-a-palafrugell\/","og_site_name":"Corredor Mat\u00f3 Real Estate &amp; Property Management","og_image":[{"width":1280,"height":720,"url":"https:\/\/www.corredormato.com\/wp-content\/uploads\/2021\/04\/RRSS_Corredor_MATO.jpg","type":"image\/jpeg"}],"twitter_card":"summary_large_image","twitter_misc":{"Dur\u00e9e de lecture estim\u00e9e":"7 minutes"},"schema":{"@context":"https:\/\/schema.org","@graph":[{"@type":"WebPage","@id":"https:\/\/www.corredormato.com\/fr\/bases-legales-du-concours-sur-instagram-week-end-a-palafrugell\/","url":"https:\/\/www.corredormato.com\/fr\/bases-legales-du-concours-sur-instagram-week-end-a-palafrugell\/","name":"Bases l\u00e9gales du concours sur Instagram \"Week-end \u00e0 Palafrugell\" - Corredor Mat\u00f3 Real Estate &amp; Property Management","isPartOf":{"@id":"https:\/\/www.corredormato.com\/fr\/#website"},"primaryImageOfPage":{"@id":"https:\/\/www.corredormato.com\/fr\/bases-legales-du-concours-sur-instagram-week-end-a-palafrugell\/#primaryimage"},"image":{"@id":"https:\/\/www.corredormato.com\/fr\/bases-legales-du-concours-sur-instagram-week-end-a-palafrugell\/#primaryimage"},"thumbnailUrl":"https:\/\/www.corredormato.com\/wp-content\/uploads\/2021\/04\/RRSS_Corredor_MATO.jpg","datePublished":"2022-09-19T08:43:04+00:00","description":"La soci\u00e9t\u00e9 Top Cala S.L., en tant qu'organisateur de la promotion Palafrugell Weekend, \u00e9tablit les r\u00e8gles r\u00e9gissant la promotion","breadcrumb":{"@id":"https:\/\/www.corredormato.com\/fr\/bases-legales-du-concours-sur-instagram-week-end-a-palafrugell\/#breadcrumb"},"inLanguage":"fr-FR","potentialAction":[{"@type":"ReadAction","target":["https:\/\/www.corredormato.com\/fr\/bases-legales-du-concours-sur-instagram-week-end-a-palafrugell\/"]}]},{"@type":"BreadcrumbList","@id":"https:\/\/www.corredormato.com\/fr\/bases-legales-du-concours-sur-instagram-week-end-a-palafrugell\/#breadcrumb","itemListElement":[{"@type":"ListItem","position":1,"name":"Home","item":"https:\/\/www.corredormato.com\/fr\/"},{"@type":"ListItem","position":2,"name":"Bases l\u00e9gales du concours sur Instagram \u00ab\u00a0Week-end \u00e0 Palafrugell\u00a0\u00bb"}]},{"@type":"WebSite","@id":"https:\/\/www.corredormato.com\/fr\/#website","url":"https:\/\/www.corredormato.com\/fr\/","name":"Corredor Mat\u00f3 Real Estate &amp; Property Management","description":"Real Estate &amp; Property Management","publisher":{"@id":"https:\/\/www.corredormato.com\/fr\/#organization"},"alternateName":"Corredor Mat\u00f3","potentialAction":[{"@type":"SearchAction","target":{"@type":"EntryPoint","urlTemplate":"https:\/\/www.corredormato.com\/resultats-de-cerca-lloguer\/?search_text={search_term_string}"},"query-input":{"@type":"PropertyValueSpecification","valueRequired":true,"valueName":"search_term_string"}}],"inLanguage":"fr-FR"},{"@type":"Organization","@id":"https:\/\/www.corredormato.com\/fr\/#organization","name":"Corredor Mat\u00f3 | Real Estate & Property Management","url":"https:\/\/www.corredormato.com\/fr\/","logo":{"@type":"ImageObject","inLanguage":"fr-FR","@id":"https:\/\/www.corredormato.com\/fr\/#\/schema\/logo\/image\/","url":"https:\/\/www.corredormato.com\/wp-content\/uploads\/2021\/04\/logo.png","contentUrl":"https:\/\/www.corredormato.com\/wp-content\/uploads\/2021\/04\/logo.png","width":970,"height":225,"caption":"Corredor Mat\u00f3 | Real Estate & Property Management"},"image":{"@id":"https:\/\/www.corredormato.com\/fr\/#\/schema\/logo\/image\/"}}]}},"_links":{"self":[{"href":"https:\/\/www.corredormato.com\/fr\/wp-json\/wp\/v2\/pages\/3644","targetHints":{"allow":["GET"]}}],"collection":[{"href":"https:\/\/www.corredormato.com\/fr\/wp-json\/wp\/v2\/pages"}],"about":[{"href":"https:\/\/www.corredormato.com\/fr\/wp-json\/wp\/v2\/types\/page"}],"author":[{"embeddable":true,"href":"https:\/\/www.corredormato.com\/fr\/wp-json\/wp\/v2\/users\/1"}],"replies":[{"embeddable":true,"href":"https:\/\/www.corredormato.com\/fr\/wp-json\/wp\/v2\/comments?post=3644"}],"version-history":[{"count":0,"href":"https:\/\/www.corredormato.com\/fr\/wp-json\/wp\/v2\/pages\/3644\/revisions"}],"wp:featuredmedia":[{"embeddable":true,"href":"https:\/\/www.corredormato.com\/fr\/wp-json\/wp\/v2\/media\/66"}],"wp:attachment":[{"href":"https:\/\/www.corredormato.com\/fr\/wp-json\/wp\/v2\/media?parent=3644"}],"curies":[{"name":"wp","href":"https:\/\/api.w.org\/{rel}","templated":true}]}}