{"id":4833,"date":"2023-06-29T13:36:15","date_gmt":"2023-06-29T11:36:15","guid":{"rendered":"http:\/\/52.30.243.130\/vente-costa-braqva\/caldes-de-malavella\/maisons\/"},"modified":"2024-02-28T17:47:23","modified_gmt":"2024-02-28T15:47:23","slug":"maisons","status":"publish","type":"page","link":"https:\/\/www.corredormato.com\/fr\/vente-costa-brava\/caldes-de-malavella\/maisons\/","title":{"rendered":"Maisons \u00e0 Caldes De Malavella"},"content":{"rendered":"\t\t<div data-elementor-type=\"wp-page\" data-elementor-id=\"4833\" class=\"elementor elementor-4833 elementor-4821\" data-elementor-post-type=\"page\">\n\t\t\t\t\t\t<section class=\"elementor-section elementor-top-section elementor-element elementor-element-b1c459a elementor-section-full_width elementor-section-height-default elementor-section-height-default\" data-id=\"b1c459a\" data-element_type=\"section\" data-e-type=\"section\">\n\t\t\t\t\t\t<div class=\"elementor-container elementor-column-gap-default\">\n\t\t\t\t\t<div class=\"elementor-column elementor-col-100 elementor-top-column elementor-element elementor-element-2c1d714\" data-id=\"2c1d714\" data-element_type=\"column\" data-e-type=\"column\">\n\t\t\t<div class=\"elementor-widget-wrap elementor-element-populated\">\n\t\t\t\t\t\t<div class=\"elementor-element elementor-element-97a16a1 listado-general elementor-widget elementor-widget-shortcode\" data-id=\"97a16a1\" data-element_type=\"widget\" data-e-type=\"widget\" id=\"listado-general-venta\" data-widget_type=\"shortcode.default\">\n\t\t\t\t<div class=\"elementor-widget-container\">\n\t\t\t\t\t\t\t<div class=\"elementor-shortcode\">  <div class=\"n2r__list n2r__list--empty\">\n    <h3>Aucun r\u00e9sultat trouv\u00e9. Veuillez nous contacter pour que nous puissions vous aider.<\/h3>\n  <\/div>\n<\/div>\n\t\t\t\t\t\t<\/div>\n\t\t\t\t<\/div>\n\t\t\t\t\t<\/div>\n\t\t<\/div>\n\t\t\t\t\t<\/div>\n\t\t<\/section>\n\t\t\t\t<section class=\"elementor-section elementor-top-section elementor-element elementor-element-cda98e7 elementor-section-boxed elementor-section-height-default elementor-section-height-default\" data-id=\"cda98e7\" data-element_type=\"section\" data-e-type=\"section\" data-settings=\"{&quot;background_background&quot;:&quot;classic&quot;}\">\n\t\t\t\t\t\t<div class=\"elementor-container elementor-column-gap-default\">\n\t\t\t\t\t<div class=\"elementor-column elementor-col-100 elementor-top-column elementor-element elementor-element-23d0f3d\" data-id=\"23d0f3d\" data-element_type=\"column\" data-e-type=\"column\">\n\t\t\t<div class=\"elementor-widget-wrap elementor-element-populated\">\n\t\t\t\t\t\t<div class=\"elementor-element elementor-element-5dfbd1e elementor-widget elementor-widget-text-editor\" data-id=\"5dfbd1e\" data-element_type=\"widget\" data-e-type=\"widget\" data-widget_type=\"text-editor.default\">\n\t\t\t\t<div class=\"elementor-widget-container\">\n\t\t\t\t\t\t\t\t\t<h2>La grande d\u00e9couverte \u00e0 20 minutes de G\u00e9rone<\/h2>\n<p>Caldes de Malavella offre un \u00e9quilibre fantastique entre sa propre personnalit\u00e9, celle de Girona et la passion du golf. La somme de ces trois \u00e9l\u00e9ments en fait une ville de premier ordre pour la recherche d&#8217;une maison \u00e0 vendre. Historiquement, <strong>Caldes de Malavella est une ville thermale depuis l&#8217;\u00e9poque romaine<\/strong> et il existe de nombreux vestiges qu&#8217;il est essentiel de conna\u00eetre. Mais lorsqu&#8217;il s&#8217;agit d&#8217;acheter une maison ici, il faut savoir qu&#8217;aujourd&#8217;hui encore, on peut profiter de ce patrimoine thermal dans de multiples spas et thermes. <strong>Son histoire et la beaut\u00e9 de cet endroit<\/strong> de l&#8217;arri\u00e8re-pays de Girona font que de plus en plus de familles souhaitent y acheter une maison ou une propri\u00e9t\u00e9 \u00e0 vendre.<\/p>\n<h2>Quels sont les types de propri\u00e9t\u00e9s que vous pouvez trouver ?<\/h2>\n<p>D&#8217;une mani\u00e8re g\u00e9n\u00e9rale, on peut d\u00e9finir trois types de propri\u00e9t\u00e9s \u00e0 vendre \u00e0 Caldes de Malavella. Tout d&#8217;abord, les maisons de village situ\u00e9es dans le centre historique, <strong>dans un cadre fantastique et idyllique.<\/strong> Ensuite, les maisons de village et les fermes que l&#8217;on trouve dans les champs et les terres qui entourent la ville. Et enfin, les<strong> maisons modernes, attrayantes et fonctionnelles que l&#8217;on trouve autour du Camiral Golf &amp; Wellness<\/strong> et qui sont pr\u00e9f\u00e9r\u00e9es par les grands amateurs de ce sport.<\/p>\n<h2>Quelles sont les zones que l&#8217;on trouve \u00e0 Caldes de Malavella ?<\/h2>\n<p>Outre le patrimoine romain et thermal de la ville, l&#8217;environnement de Caldes de Malavella est tr\u00e8s riche pour ceux qui ach\u00e8tent une maison dans cette ville. La commune compte <strong>150 kilom\u00e8tres d&#8217;itin\u00e9raires balis\u00e9s,<\/strong> ce qui en fait un point de r\u00e9f\u00e9rence pour le tourisme actif en trekking et en VTT. Un compl\u00e9ment parfait \u00e0 son offre de golf et \u00e0 une gastronomie riche en produits locaux et avec une cuisine thermale qui la rend absolument unique. Toute une s\u00e9rie de <strong>privil\u00e8ges dont vous pourrez profiter si vous achetez votre maison \u00e0 Caldes de Malavella.<\/strong><\/p>\n\t\t\t\t\t\t\t\t<\/div>\n\t\t\t\t<\/div>\n\t\t\t\t\t<\/div>\n\t\t<\/div>\n\t\t\t\t\t<\/div>\n\t\t<\/section>\n\t\t\t\t<section class=\"elementor-section elementor-top-section elementor-element elementor-element-760626c elementor-section-boxed elementor-section-height-default elementor-section-height-default\" data-id=\"760626c\" data-element_type=\"section\" data-e-type=\"section\" data-settings=\"{&quot;background_background&quot;:&quot;classic&quot;}\">\n\t\t\t\t\t\t<div class=\"elementor-container elementor-column-gap-default\">\n\t\t\t\t\t<div class=\"elementor-column elementor-col-100 elementor-top-column elementor-element elementor-element-a3deee1\" data-id=\"a3deee1\" data-element_type=\"column\" data-e-type=\"column\">\n\t\t\t<div class=\"elementor-widget-wrap elementor-element-populated\">\n\t\t\t\t\t\t<div class=\"elementor-element elementor-element-3d15151 elementor-widget elementor-widget-shortcode\" data-id=\"3d15151\" data-element_type=\"widget\" data-e-type=\"widget\" data-widget_type=\"shortcode.default\">\n\t\t\t\t<div class=\"elementor-widget-container\">\n\t\t\t\t\t\t\t<div class=\"elementor-shortcode\"><style>.wp-show-posts-columns#wpsp-7629 {margin-left: -2em; }.wp-show-posts-columns#wpsp-7629 .wp-show-posts-inner {margin: 0 0 2em 2em; }<\/style><section id=\"wpsp-7629\" class=\" wp-show-posts-columns wp-show-posts\" style=\"\"><article class=\" wp-show-posts-single post-5108 page type-page status-publish has-post-thumbnail hentry wpsp-col-4\" itemtype=\"http:\/\/schema.org\/CreativeWork\" itemscope><div class=\"wp-show-posts-inner\" style=\"\">\t\t\t\t\t\t<header class=\"wp-show-posts-entry-header\">\n\t\t\t\t\t\t\t<h3 class=\"wp-show-posts-entry-title\" itemprop=\"headline\"><a href=\"https:\/\/www.corredormato.com\/fr\/vente-costa-brava\/tamariu\/maisons\/\" rel=\"bookmark\">Maisons \u00e0 Tamariu<\/a><\/h3>\t\t\t\t\t\t<\/header><!-- .entry-header -->\n\t\t\t\t\t\t\t<div class=\"wp-show-posts-image  wpsp-image-center \">\n\t\t\t<a href=\"https:\/\/www.corredormato.com\/fr\/vente-costa-brava\/tamariu\/maisons\/\"  title=\"Maisons \u00e0 Tamariu\"><img fetchpriority=\"high\" decoding=\"async\" width=\"1280\" height=\"887\" src=\"https:\/\/www.corredormato.com\/wp-content\/uploads\/2024\/02\/FOTOS-IMATGES-PREVIEW-38.jpg\" class=\"attachment-full size-full wp-post-image\" alt=\"\" itemprop=\"image\" srcset=\"https:\/\/www.corredormato.com\/wp-content\/uploads\/2024\/02\/FOTOS-IMATGES-PREVIEW-38.jpg 1280w, https:\/\/www.corredormato.com\/wp-content\/uploads\/2024\/02\/FOTOS-IMATGES-PREVIEW-38-300x208.jpg 300w, https:\/\/www.corredormato.com\/wp-content\/uploads\/2024\/02\/FOTOS-IMATGES-PREVIEW-38-1024x710.jpg 1024w, https:\/\/www.corredormato.com\/wp-content\/uploads\/2024\/02\/FOTOS-IMATGES-PREVIEW-38-768x532.jpg 768w\" sizes=\"(max-width: 1280px) 100vw, 1280px\" \/><\/a>\t\t<\/div>\n\t\t<\/div><!-- wp-show-posts-inner --><\/article><article class=\" wp-show-posts-single post-5085 page type-page status-publish has-post-thumbnail hentry wpsp-col-4\" itemtype=\"http:\/\/schema.org\/CreativeWork\" itemscope><div class=\"wp-show-posts-inner\" style=\"\">\t\t\t\t\t\t<header class=\"wp-show-posts-entry-header\">\n\t\t\t\t\t\t\t<h3 class=\"wp-show-posts-entry-title\" itemprop=\"headline\"><a href=\"https:\/\/www.corredormato.com\/fr\/vente-costa-brava\/santa-cristina-daro\/maisons\/\" rel=\"bookmark\">Maisons \u00e0 Santa Cristina D&#8217;Aro<\/a><\/h3>\t\t\t\t\t\t<\/header><!-- .entry-header -->\n\t\t\t\t\t\t\t<div class=\"wp-show-posts-image  wpsp-image-center \">\n\t\t\t<a href=\"https:\/\/www.corredormato.com\/fr\/vente-costa-brava\/santa-cristina-daro\/maisons\/\"  title=\"Maisons \u00e0 Santa Cristina D&#8217;Aro\"><img decoding=\"async\" width=\"1280\" height=\"887\" src=\"https:\/\/www.corredormato.com\/wp-content\/uploads\/2023\/09\/2.png\" class=\"attachment-full size-full wp-post-image\" alt=\"\" itemprop=\"image\" srcset=\"https:\/\/www.corredormato.com\/wp-content\/uploads\/2023\/09\/2.png 1280w, https:\/\/www.corredormato.com\/wp-content\/uploads\/2023\/09\/2-300x208.png 300w, https:\/\/www.corredormato.com\/wp-content\/uploads\/2023\/09\/2-1024x710.png 1024w, https:\/\/www.corredormato.com\/wp-content\/uploads\/2023\/09\/2-768x532.png 768w\" sizes=\"(max-width: 1280px) 100vw, 1280px\" \/><\/a>\t\t<\/div>\n\t\t<\/div><!-- wp-show-posts-inner --><\/article><article class=\" wp-show-posts-single post-5067 page type-page status-publish has-post-thumbnail hentry wpsp-col-4\" itemtype=\"http:\/\/schema.org\/CreativeWork\" itemscope><div class=\"wp-show-posts-inner\" style=\"\">\t\t\t\t\t\t<header class=\"wp-show-posts-entry-header\">\n\t\t\t\t\t\t\t<h3 class=\"wp-show-posts-entry-title\" itemprop=\"headline\"><a href=\"https:\/\/www.corredormato.com\/fr\/vente-costa-brava\/sant-feliu-de-guixols\/maisons\/\" rel=\"bookmark\">Maisons \u00e0 Sant Feliu De Gu\u00edxols<\/a><\/h3>\t\t\t\t\t\t<\/header><!-- .entry-header -->\n\t\t\t\t\t\t\t<div class=\"wp-show-posts-image  wpsp-image-center \">\n\t\t\t<a href=\"https:\/\/www.corredormato.com\/fr\/vente-costa-brava\/sant-feliu-de-guixols\/maisons\/\"  title=\"Maisons \u00e0 Sant Feliu De Gu\u00edxols\"><img decoding=\"async\" width=\"1280\" height=\"887\" src=\"https:\/\/www.corredormato.com\/wp-content\/uploads\/2023\/09\/3.png\" class=\"attachment-full size-full wp-post-image\" alt=\"\" itemprop=\"image\" srcset=\"https:\/\/www.corredormato.com\/wp-content\/uploads\/2023\/09\/3.png 1280w, https:\/\/www.corredormato.com\/wp-content\/uploads\/2023\/09\/3-300x208.png 300w, https:\/\/www.corredormato.com\/wp-content\/uploads\/2023\/09\/3-1024x710.png 1024w, https:\/\/www.corredormato.com\/wp-content\/uploads\/2023\/09\/3-768x532.png 768w\" sizes=\"(max-width: 1280px) 100vw, 1280px\" \/><\/a>\t\t<\/div>\n\t\t<\/div><!-- wp-show-posts-inner --><\/article><article class=\" wp-show-posts-single post-5043 page type-page status-publish has-post-thumbnail hentry wpsp-col-4\" itemtype=\"http:\/\/schema.org\/CreativeWork\" itemscope><div class=\"wp-show-posts-inner\" style=\"\">\t\t\t\t\t\t<header class=\"wp-show-posts-entry-header\">\n\t\t\t\t\t\t\t<h3 class=\"wp-show-posts-entry-title\" itemprop=\"headline\"><a href=\"https:\/\/www.corredormato.com\/fr\/vente-costa-brava\/sant-antoni-de-calonge\/maisons\/\" rel=\"bookmark\">Maisons \u00e0 Sant Antoni De Calonge<\/a><\/h3>\t\t\t\t\t\t<\/header><!-- .entry-header -->\n\t\t\t\t\t\t\t<div class=\"wp-show-posts-image  wpsp-image-center \">\n\t\t\t<a href=\"https:\/\/www.corredormato.com\/fr\/vente-costa-brava\/sant-antoni-de-calonge\/maisons\/\"  title=\"Maisons \u00e0 Sant Antoni De Calonge\"><img loading=\"lazy\" decoding=\"async\" width=\"1280\" height=\"887\" src=\"https:\/\/www.corredormato.com\/wp-content\/uploads\/2023\/09\/4.png\" class=\"attachment-full size-full wp-post-image\" alt=\"\" itemprop=\"image\" srcset=\"https:\/\/www.corredormato.com\/wp-content\/uploads\/2023\/09\/4.png 1280w, https:\/\/www.corredormato.com\/wp-content\/uploads\/2023\/09\/4-300x208.png 300w, https:\/\/www.corredormato.com\/wp-content\/uploads\/2023\/09\/4-1024x710.png 1024w, https:\/\/www.corredormato.com\/wp-content\/uploads\/2023\/09\/4-768x532.png 768w\" sizes=\"(max-width: 1280px) 100vw, 1280px\" \/><\/a>\t\t<\/div>\n\t\t<\/div><!-- wp-show-posts-inner --><\/article><article class=\" wp-show-posts-single post-5025 page type-page status-publish has-post-thumbnail hentry wpsp-col-4\" itemtype=\"http:\/\/schema.org\/CreativeWork\" itemscope><div class=\"wp-show-posts-inner\" style=\"\">\t\t\t\t\t\t<header class=\"wp-show-posts-entry-header\">\n\t\t\t\t\t\t\t<h3 class=\"wp-show-posts-entry-title\" itemprop=\"headline\"><a href=\"https:\/\/www.corredormato.com\/fr\/vente-costa-brava\/platja-daro\/maisons\/\" rel=\"bookmark\">Maisons \u00e0 Platja D&#8217;Aro<\/a><\/h3>\t\t\t\t\t\t<\/header><!-- .entry-header -->\n\t\t\t\t\t\t\t<div class=\"wp-show-posts-image  wpsp-image-center \">\n\t\t\t<a href=\"https:\/\/www.corredormato.com\/fr\/vente-costa-brava\/platja-daro\/maisons\/\"  title=\"Maisons \u00e0 Platja D&#8217;Aro\"><img loading=\"lazy\" decoding=\"async\" width=\"1280\" height=\"887\" src=\"https:\/\/www.corredormato.com\/wp-content\/uploads\/2023\/09\/5.png\" class=\"attachment-full size-full wp-post-image\" alt=\"\" itemprop=\"image\" srcset=\"https:\/\/www.corredormato.com\/wp-content\/uploads\/2023\/09\/5.png 1280w, https:\/\/www.corredormato.com\/wp-content\/uploads\/2023\/09\/5-300x208.png 300w, https:\/\/www.corredormato.com\/wp-content\/uploads\/2023\/09\/5-1024x710.png 1024w, https:\/\/www.corredormato.com\/wp-content\/uploads\/2023\/09\/5-768x532.png 768w\" sizes=\"(max-width: 1280px) 100vw, 1280px\" \/><\/a>\t\t<\/div>\n\t\t<\/div><!-- wp-show-posts-inner --><\/article><article class=\" wp-show-posts-single post-5007 page type-page status-publish has-post-thumbnail hentry wpsp-col-4\" itemtype=\"http:\/\/schema.org\/CreativeWork\" itemscope><div class=\"wp-show-posts-inner\" style=\"\">\t\t\t\t\t\t<header class=\"wp-show-posts-entry-header\">\n\t\t\t\t\t\t\t<h3 class=\"wp-show-posts-entry-title\" itemprop=\"headline\"><a href=\"https:\/\/www.corredormato.com\/fr\/vente-costa-brava\/peralada\/maisons\/\" rel=\"bookmark\">Maisons \u00e0 Peralada<\/a><\/h3>\t\t\t\t\t\t<\/header><!-- .entry-header -->\n\t\t\t\t\t\t\t<div class=\"wp-show-posts-image  wpsp-image-center \">\n\t\t\t<a href=\"https:\/\/www.corredormato.com\/fr\/vente-costa-brava\/peralada\/maisons\/\"  title=\"Maisons \u00e0 Peralada\"><img loading=\"lazy\" decoding=\"async\" width=\"1280\" height=\"887\" src=\"https:\/\/www.corredormato.com\/wp-content\/uploads\/2024\/02\/FOTOS-IMATGES-PREVIEW-47.jpg\" class=\"attachment-full size-full wp-post-image\" alt=\"\" itemprop=\"image\" srcset=\"https:\/\/www.corredormato.com\/wp-content\/uploads\/2024\/02\/FOTOS-IMATGES-PREVIEW-47.jpg 1280w, https:\/\/www.corredormato.com\/wp-content\/uploads\/2024\/02\/FOTOS-IMATGES-PREVIEW-47-300x208.jpg 300w, https:\/\/www.corredormato.com\/wp-content\/uploads\/2024\/02\/FOTOS-IMATGES-PREVIEW-47-1024x710.jpg 1024w, https:\/\/www.corredormato.com\/wp-content\/uploads\/2024\/02\/FOTOS-IMATGES-PREVIEW-47-768x532.jpg 768w\" sizes=\"(max-width: 1280px) 100vw, 1280px\" \/><\/a>\t\t<\/div>\n\t\t<\/div><!-- wp-show-posts-inner --><\/article><article class=\" wp-show-posts-single post-4974 page type-page status-publish has-post-thumbnail hentry wpsp-col-4\" itemtype=\"http:\/\/schema.org\/CreativeWork\" itemscope><div class=\"wp-show-posts-inner\" style=\"\">\t\t\t\t\t\t<header class=\"wp-show-posts-entry-header\">\n\t\t\t\t\t\t\t<h3 class=\"wp-show-posts-entry-title\" itemprop=\"headline\"><a href=\"https:\/\/www.corredormato.com\/fr\/vente-costa-brava\/pals\/maisons\/\" rel=\"bookmark\">Maisons \u00e0 Pals<\/a><\/h3>\t\t\t\t\t\t<\/header><!-- .entry-header -->\n\t\t\t\t\t\t\t<div class=\"wp-show-posts-image  wpsp-image-center \">\n\t\t\t<a href=\"https:\/\/www.corredormato.com\/fr\/vente-costa-brava\/pals\/maisons\/\"  title=\"Maisons \u00e0 Pals\"><img loading=\"lazy\" decoding=\"async\" width=\"1280\" height=\"887\" src=\"https:\/\/www.corredormato.com\/wp-content\/uploads\/2024\/02\/FOTOS-IMATGES-PREVIEW-46.jpg\" class=\"attachment-full size-full wp-post-image\" alt=\"\" itemprop=\"image\" srcset=\"https:\/\/www.corredormato.com\/wp-content\/uploads\/2024\/02\/FOTOS-IMATGES-PREVIEW-46.jpg 1280w, https:\/\/www.corredormato.com\/wp-content\/uploads\/2024\/02\/FOTOS-IMATGES-PREVIEW-46-300x208.jpg 300w, https:\/\/www.corredormato.com\/wp-content\/uploads\/2024\/02\/FOTOS-IMATGES-PREVIEW-46-1024x710.jpg 1024w, https:\/\/www.corredormato.com\/wp-content\/uploads\/2024\/02\/FOTOS-IMATGES-PREVIEW-46-768x532.jpg 768w\" sizes=\"(max-width: 1280px) 100vw, 1280px\" \/><\/a>\t\t<\/div>\n\t\t<\/div><!-- wp-show-posts-inner --><\/article><article class=\" wp-show-posts-single post-4961 page type-page status-publish has-post-thumbnail hentry wpsp-col-4\" itemtype=\"http:\/\/schema.org\/CreativeWork\" itemscope><div class=\"wp-show-posts-inner\" style=\"\">\t\t\t\t\t\t<header class=\"wp-show-posts-entry-header\">\n\t\t\t\t\t\t\t<h3 class=\"wp-show-posts-entry-title\" itemprop=\"headline\"><a href=\"https:\/\/www.corredormato.com\/fr\/vente-costa-brava\/palamos\/maisons\/\" rel=\"bookmark\">Maisons \u00e0 Palamos<\/a><\/h3>\t\t\t\t\t\t<\/header><!-- .entry-header -->\n\t\t\t\t\t\t\t<div class=\"wp-show-posts-image  wpsp-image-center \">\n\t\t\t<a href=\"https:\/\/www.corredormato.com\/fr\/vente-costa-brava\/palamos\/maisons\/\"  title=\"Maisons \u00e0 Palamos\"><img loading=\"lazy\" decoding=\"async\" width=\"1280\" height=\"887\" src=\"https:\/\/www.corredormato.com\/wp-content\/uploads\/2023\/09\/8.png\" class=\"attachment-full size-full wp-post-image\" alt=\"\" itemprop=\"image\" srcset=\"https:\/\/www.corredormato.com\/wp-content\/uploads\/2023\/09\/8.png 1280w, https:\/\/www.corredormato.com\/wp-content\/uploads\/2023\/09\/8-300x208.png 300w, https:\/\/www.corredormato.com\/wp-content\/uploads\/2023\/09\/8-1024x710.png 1024w, https:\/\/www.corredormato.com\/wp-content\/uploads\/2023\/09\/8-768x532.png 768w\" sizes=\"(max-width: 1280px) 100vw, 1280px\" \/><\/a>\t\t<\/div>\n\t\t<\/div><!-- wp-show-posts-inner --><\/article><article class=\" wp-show-posts-single post-4943 page type-page status-publish has-post-thumbnail hentry wpsp-col-4\" itemtype=\"http:\/\/schema.org\/CreativeWork\" itemscope><div class=\"wp-show-posts-inner\" style=\"\">\t\t\t\t\t\t<header class=\"wp-show-posts-entry-header\">\n\t\t\t\t\t\t\t<h3 class=\"wp-show-posts-entry-title\" itemprop=\"headline\"><a href=\"https:\/\/www.corredormato.com\/fr\/vente-costa-brava\/palafrugell\/maisons\/\" rel=\"bookmark\">Maisons \u00e0 Palafrugell<\/a><\/h3>\t\t\t\t\t\t<\/header><!-- .entry-header -->\n\t\t\t\t\t\t\t<div class=\"wp-show-posts-image  wpsp-image-center \">\n\t\t\t<a href=\"https:\/\/www.corredormato.com\/fr\/vente-costa-brava\/palafrugell\/maisons\/\"  title=\"Maisons \u00e0 Palafrugell\"><img loading=\"lazy\" decoding=\"async\" width=\"1280\" height=\"887\" src=\"https:\/\/www.corredormato.com\/wp-content\/uploads\/2024\/02\/FOTOS-IMATGES-PREVIEW-43.jpg\" class=\"attachment-full size-full wp-post-image\" alt=\"\" itemprop=\"image\" srcset=\"https:\/\/www.corredormato.com\/wp-content\/uploads\/2024\/02\/FOTOS-IMATGES-PREVIEW-43.jpg 1280w, https:\/\/www.corredormato.com\/wp-content\/uploads\/2024\/02\/FOTOS-IMATGES-PREVIEW-43-300x208.jpg 300w, https:\/\/www.corredormato.com\/wp-content\/uploads\/2024\/02\/FOTOS-IMATGES-PREVIEW-43-1024x710.jpg 1024w, https:\/\/www.corredormato.com\/wp-content\/uploads\/2024\/02\/FOTOS-IMATGES-PREVIEW-43-768x532.jpg 768w\" sizes=\"(max-width: 1280px) 100vw, 1280px\" \/><\/a>\t\t<\/div>\n\t\t<\/div><!-- wp-show-posts-inner --><\/article><article class=\" wp-show-posts-single post-4925 page type-page status-publish has-post-thumbnail hentry wpsp-col-4\" itemtype=\"http:\/\/schema.org\/CreativeWork\" itemscope><div class=\"wp-show-posts-inner\" style=\"\">\t\t\t\t\t\t<header class=\"wp-show-posts-entry-header\">\n\t\t\t\t\t\t\t<h3 class=\"wp-show-posts-entry-title\" itemprop=\"headline\"><a href=\"https:\/\/www.corredormato.com\/fr\/vente-costa-brava\/mont-ras\/maisons\/\" rel=\"bookmark\">Maisons \u00e0 Mont-ras<\/a><\/h3>\t\t\t\t\t\t<\/header><!-- .entry-header -->\n\t\t\t\t\t\t\t<div class=\"wp-show-posts-image  wpsp-image-center \">\n\t\t\t<a href=\"https:\/\/www.corredormato.com\/fr\/vente-costa-brava\/mont-ras\/maisons\/\"  title=\"Maisons \u00e0 Mont-ras\"><img loading=\"lazy\" decoding=\"async\" width=\"1280\" height=\"887\" src=\"https:\/\/www.corredormato.com\/wp-content\/uploads\/2024\/02\/FOTOS-IMATGES-PREVIEW-42.jpg\" class=\"attachment-full size-full wp-post-image\" alt=\"\" itemprop=\"image\" srcset=\"https:\/\/www.corredormato.com\/wp-content\/uploads\/2024\/02\/FOTOS-IMATGES-PREVIEW-42.jpg 1280w, https:\/\/www.corredormato.com\/wp-content\/uploads\/2024\/02\/FOTOS-IMATGES-PREVIEW-42-300x208.jpg 300w, https:\/\/www.corredormato.com\/wp-content\/uploads\/2024\/02\/FOTOS-IMATGES-PREVIEW-42-1024x710.jpg 1024w, https:\/\/www.corredormato.com\/wp-content\/uploads\/2024\/02\/FOTOS-IMATGES-PREVIEW-42-768x532.jpg 768w\" sizes=\"(max-width: 1280px) 100vw, 1280px\" \/><\/a>\t\t<\/div>\n\t\t<\/div><!-- wp-show-posts-inner --><\/article><article class=\" wp-show-posts-single post-4907 page type-page status-publish has-post-thumbnail hentry wpsp-col-4\" itemtype=\"http:\/\/schema.org\/CreativeWork\" itemscope><div class=\"wp-show-posts-inner\" style=\"\">\t\t\t\t\t\t<header class=\"wp-show-posts-entry-header\">\n\t\t\t\t\t\t\t<h3 class=\"wp-show-posts-entry-title\" itemprop=\"headline\"><a href=\"https:\/\/www.corredormato.com\/fr\/vente-costa-brava\/llafranc\/maisons\/\" rel=\"bookmark\">Maisons \u00e0 Llafranc<\/a><\/h3>\t\t\t\t\t\t<\/header><!-- .entry-header -->\n\t\t\t\t\t\t\t<div class=\"wp-show-posts-image  wpsp-image-center \">\n\t\t\t<a href=\"https:\/\/www.corredormato.com\/fr\/vente-costa-brava\/llafranc\/maisons\/\"  title=\"Maisons \u00e0 Llafranc\"><img loading=\"lazy\" decoding=\"async\" width=\"1280\" height=\"887\" src=\"https:\/\/www.corredormato.com\/wp-content\/uploads\/2024\/02\/FOTOS-IMATGES-PREVIEW-40.jpg\" class=\"attachment-full size-full wp-post-image\" alt=\"\" itemprop=\"image\" srcset=\"https:\/\/www.corredormato.com\/wp-content\/uploads\/2024\/02\/FOTOS-IMATGES-PREVIEW-40.jpg 1280w, https:\/\/www.corredormato.com\/wp-content\/uploads\/2024\/02\/FOTOS-IMATGES-PREVIEW-40-300x208.jpg 300w, https:\/\/www.corredormato.com\/wp-content\/uploads\/2024\/02\/FOTOS-IMATGES-PREVIEW-40-1024x710.jpg 1024w, https:\/\/www.corredormato.com\/wp-content\/uploads\/2024\/02\/FOTOS-IMATGES-PREVIEW-40-768x532.jpg 768w\" sizes=\"(max-width: 1280px) 100vw, 1280px\" \/><\/a>\t\t<\/div>\n\t\t<\/div><!-- wp-show-posts-inner --><\/article><article class=\" wp-show-posts-single post-4884 page type-page status-publish has-post-thumbnail hentry wpsp-col-4\" itemtype=\"http:\/\/schema.org\/CreativeWork\" itemscope><div class=\"wp-show-posts-inner\" style=\"\">\t\t\t\t\t\t<header class=\"wp-show-posts-entry-header\">\n\t\t\t\t\t\t\t<h3 class=\"wp-show-posts-entry-title\" itemprop=\"headline\"><a href=\"https:\/\/www.corredormato.com\/fr\/vente-costa-brava\/girona\/maisons\/\" rel=\"bookmark\">Maisons \u00e0 Girona<\/a><\/h3>\t\t\t\t\t\t<\/header><!-- .entry-header -->\n\t\t\t\t\t\t\t<div class=\"wp-show-posts-image  wpsp-image-center \">\n\t\t\t<a href=\"https:\/\/www.corredormato.com\/fr\/vente-costa-brava\/girona\/maisons\/\"  title=\"Maisons \u00e0 Girona\"><img loading=\"lazy\" decoding=\"async\" width=\"1280\" height=\"887\" src=\"https:\/\/www.corredormato.com\/wp-content\/uploads\/2023\/09\/12.png\" class=\"attachment-full size-full wp-post-image\" alt=\"\" itemprop=\"image\" srcset=\"https:\/\/www.corredormato.com\/wp-content\/uploads\/2023\/09\/12.png 1280w, https:\/\/www.corredormato.com\/wp-content\/uploads\/2023\/09\/12-300x208.png 300w, https:\/\/www.corredormato.com\/wp-content\/uploads\/2023\/09\/12-1024x710.png 1024w, https:\/\/www.corredormato.com\/wp-content\/uploads\/2023\/09\/12-768x532.png 768w\" sizes=\"(max-width: 1280px) 100vw, 1280px\" \/><\/a>\t\t<\/div>\n\t\t<\/div><!-- wp-show-posts-inner --><\/article><article class=\" wp-show-posts-single post-4869 page type-page status-publish has-post-thumbnail hentry wpsp-col-4\" itemtype=\"http:\/\/schema.org\/CreativeWork\" itemscope><div class=\"wp-show-posts-inner\" style=\"\">\t\t\t\t\t\t<header class=\"wp-show-posts-entry-header\">\n\t\t\t\t\t\t\t<h3 class=\"wp-show-posts-entry-title\" itemprop=\"headline\"><a href=\"https:\/\/www.corredormato.com\/fr\/vente-costa-brava\/calonge\/maisons\/\" rel=\"bookmark\">Maisons \u00e0 Calonge<\/a><\/h3>\t\t\t\t\t\t<\/header><!-- .entry-header -->\n\t\t\t\t\t\t\t<div class=\"wp-show-posts-image  wpsp-image-center \">\n\t\t\t<a href=\"https:\/\/www.corredormato.com\/fr\/vente-costa-brava\/calonge\/maisons\/\"  title=\"Maisons \u00e0 Calonge\"><img loading=\"lazy\" decoding=\"async\" width=\"1280\" height=\"887\" src=\"https:\/\/www.corredormato.com\/wp-content\/uploads\/2024\/02\/FOTOS-IMATGES-PREVIEW-34.jpg\" class=\"attachment-full size-full wp-post-image\" alt=\"\" itemprop=\"image\" srcset=\"https:\/\/www.corredormato.com\/wp-content\/uploads\/2024\/02\/FOTOS-IMATGES-PREVIEW-34.jpg 1280w, https:\/\/www.corredormato.com\/wp-content\/uploads\/2024\/02\/FOTOS-IMATGES-PREVIEW-34-300x208.jpg 300w, https:\/\/www.corredormato.com\/wp-content\/uploads\/2024\/02\/FOTOS-IMATGES-PREVIEW-34-1024x710.jpg 1024w, https:\/\/www.corredormato.com\/wp-content\/uploads\/2024\/02\/FOTOS-IMATGES-PREVIEW-34-768x532.jpg 768w\" sizes=\"(max-width: 1280px) 100vw, 1280px\" \/><\/a>\t\t<\/div>\n\t\t<\/div><!-- wp-show-posts-inner --><\/article><article class=\" wp-show-posts-single post-4846 page type-page status-publish has-post-thumbnail hentry wpsp-col-4\" itemtype=\"http:\/\/schema.org\/CreativeWork\" itemscope><div class=\"wp-show-posts-inner\" style=\"\">\t\t\t\t\t\t<header class=\"wp-show-posts-entry-header\">\n\t\t\t\t\t\t\t<h3 class=\"wp-show-posts-entry-title\" itemprop=\"headline\"><a href=\"https:\/\/www.corredormato.com\/fr\/vente-costa-brava\/calella-de-palafrugell\/maisons\/\" rel=\"bookmark\">Maisons \u00e0 Calella De Palafrugell<\/a><\/h3>\t\t\t\t\t\t<\/header><!-- .entry-header -->\n\t\t\t\t\t\t\t<div class=\"wp-show-posts-image  wpsp-image-center \">\n\t\t\t<a href=\"https:\/\/www.corredormato.com\/fr\/vente-costa-brava\/calella-de-palafrugell\/maisons\/\"  title=\"Maisons \u00e0 Calella De Palafrugell\"><img loading=\"lazy\" decoding=\"async\" width=\"1280\" height=\"887\" src=\"https:\/\/www.corredormato.com\/wp-content\/uploads\/2024\/02\/FOTOS-IMATGES-PREVIEW-33.jpg\" class=\"attachment-full size-full wp-post-image\" alt=\"\" itemprop=\"image\" srcset=\"https:\/\/www.corredormato.com\/wp-content\/uploads\/2024\/02\/FOTOS-IMATGES-PREVIEW-33.jpg 1280w, https:\/\/www.corredormato.com\/wp-content\/uploads\/2024\/02\/FOTOS-IMATGES-PREVIEW-33-300x208.jpg 300w, https:\/\/www.corredormato.com\/wp-content\/uploads\/2024\/02\/FOTOS-IMATGES-PREVIEW-33-1024x710.jpg 1024w, https:\/\/www.corredormato.com\/wp-content\/uploads\/2024\/02\/FOTOS-IMATGES-PREVIEW-33-768x532.jpg 768w\" sizes=\"(max-width: 1280px) 100vw, 1280px\" \/><\/a>\t\t<\/div>\n\t\t<\/div><!-- wp-show-posts-inner --><\/article><article class=\" wp-show-posts-single post-4833 page type-page status-publish has-post-thumbnail hentry wpsp-col-4\" itemtype=\"http:\/\/schema.org\/CreativeWork\" itemscope><div class=\"wp-show-posts-inner\" style=\"\">\t\t\t\t\t\t<header class=\"wp-show-posts-entry-header\">\n\t\t\t\t\t\t\t<h3 class=\"wp-show-posts-entry-title\" itemprop=\"headline\"><a href=\"https:\/\/www.corredormato.com\/fr\/vente-costa-brava\/caldes-de-malavella\/maisons\/\" rel=\"bookmark\">Maisons \u00e0 Caldes De Malavella<\/a><\/h3>\t\t\t\t\t\t<\/header><!-- .entry-header -->\n\t\t\t\t\t\t\t<div class=\"wp-show-posts-image  wpsp-image-center \">\n\t\t\t<a href=\"https:\/\/www.corredormato.com\/fr\/vente-costa-brava\/caldes-de-malavella\/maisons\/\"  title=\"Maisons \u00e0 Caldes De Malavella\"><img loading=\"lazy\" decoding=\"async\" width=\"1280\" height=\"887\" src=\"https:\/\/www.corredormato.com\/wp-content\/uploads\/2024\/02\/FOTOS-IMATGES-PREVIEW-32.jpg\" class=\"attachment-full size-full wp-post-image\" alt=\"\" itemprop=\"image\" srcset=\"https:\/\/www.corredormato.com\/wp-content\/uploads\/2024\/02\/FOTOS-IMATGES-PREVIEW-32.jpg 1280w, https:\/\/www.corredormato.com\/wp-content\/uploads\/2024\/02\/FOTOS-IMATGES-PREVIEW-32-300x208.jpg 300w, https:\/\/www.corredormato.com\/wp-content\/uploads\/2024\/02\/FOTOS-IMATGES-PREVIEW-32-1024x710.jpg 1024w, https:\/\/www.corredormato.com\/wp-content\/uploads\/2024\/02\/FOTOS-IMATGES-PREVIEW-32-768x532.jpg 768w\" sizes=\"(max-width: 1280px) 100vw, 1280px\" \/><\/a>\t\t<\/div>\n\t\t<\/div><!-- wp-show-posts-inner --><\/article><article class=\" wp-show-posts-single post-4815 page type-page status-publish has-post-thumbnail hentry wpsp-col-4\" itemtype=\"http:\/\/schema.org\/CreativeWork\" itemscope><div class=\"wp-show-posts-inner\" style=\"\">\t\t\t\t\t\t<header class=\"wp-show-posts-entry-header\">\n\t\t\t\t\t\t\t<h3 class=\"wp-show-posts-entry-title\" itemprop=\"headline\"><a href=\"https:\/\/www.corredormato.com\/fr\/vente-costa-brava\/begur\/maisons\/\" rel=\"bookmark\">Maisons \u00e0 Begur<\/a><\/h3>\t\t\t\t\t\t<\/header><!-- .entry-header -->\n\t\t\t\t\t\t\t<div class=\"wp-show-posts-image  wpsp-image-center \">\n\t\t\t<a href=\"https:\/\/www.corredormato.com\/fr\/vente-costa-brava\/begur\/maisons\/\"  title=\"Maisons \u00e0 Begur\"><img loading=\"lazy\" decoding=\"async\" width=\"1280\" height=\"887\" src=\"https:\/\/www.corredormato.com\/wp-content\/uploads\/2025\/01\/16.jpg\" class=\"attachment-full size-full wp-post-image\" alt=\"Houses in Begur\" itemprop=\"image\" srcset=\"https:\/\/www.corredormato.com\/wp-content\/uploads\/2025\/01\/16.jpg 1280w, https:\/\/www.corredormato.com\/wp-content\/uploads\/2025\/01\/16-300x208.jpg 300w, https:\/\/www.corredormato.com\/wp-content\/uploads\/2025\/01\/16-1024x710.jpg 1024w, https:\/\/www.corredormato.com\/wp-content\/uploads\/2025\/01\/16-768x532.jpg 768w\" sizes=\"(max-width: 1280px) 100vw, 1280px\" \/><\/a>\t\t<\/div>\n\t\t<\/div><!-- wp-show-posts-inner --><\/article><div class=\"wpsp-clear\"><\/div><\/section><!-- .wp-show-posts --><\/div>\n\t\t\t\t\t\t<\/div>\n\t\t\t\t<\/div>\n\t\t\t\t\t<\/div>\n\t\t<\/div>\n\t\t\t\t\t<\/div>\n\t\t<\/section>\n\t\t\t\t<\/div>\n\t\t","protected":false},"excerpt":{"rendered":"<p>La grande d\u00e9couverte \u00e0 20 minutes de G\u00e9rone Caldes de Malavella offre un \u00e9quilibre fantastique entre sa propre personnalit\u00e9, celle de Girona et la passion du golf. La somme de ces trois \u00e9l\u00e9ments en fait une ville de premier ordre pour la recherche d&#8217;une maison \u00e0 vendre. Historiquement, Caldes de Malavella est une ville thermale [&hellip;]<\/p>\n","protected":false},"author":1,"featured_media":14259,"parent":4471,"menu_order":0,"comment_status":"closed","ping_status":"closed","template":"","meta":{"footnotes":""},"class_list":["post-4833","page","type-page","status-publish","has-post-thumbnail","hentry"],"yoast_head":"<!-- This site is optimized with the Yoast SEO plugin v27.4 - https:\/\/yoast.com\/product\/yoast-seo-wordpress\/ -->\n<title>Corredor Mat\u00f3 Immobilier \u00b7 Maisons \u00e0 vendre \u00b7 Caldes de Malavella<\/title>\n<meta name=\"description\" content=\"Nous avons les meilleures maisons nouvellement construites \u00e0 Camiral Golf and Resort, con\u00e7ues pour se fondre dans l&#039;environnement afin que vous puissiez en profiter.\" \/>\n<meta name=\"robots\" content=\"index, follow, max-snippet:-1, max-image-preview:large, max-video-preview:-1\" \/>\n<link rel=\"canonical\" href=\"https:\/\/www.corredormato.com\/fr\/vente-costa-brava\/caldes-de-malavella\/maisons\/\" \/>\n<meta property=\"og:locale\" content=\"fr_FR\" \/>\n<meta property=\"og:type\" content=\"article\" \/>\n<meta property=\"og:title\" content=\"Corredor Mat\u00f3 Immobilier \u00b7 Maisons \u00e0 vendre \u00b7 Caldes de Malavella\" \/>\n<meta property=\"og:description\" content=\"Nous avons les meilleures maisons nouvellement construites \u00e0 Camiral Golf and Resort, con\u00e7ues pour se fondre dans l&#039;environnement afin que vous puissiez en profiter.\" \/>\n<meta property=\"og:url\" content=\"https:\/\/www.corredormato.com\/fr\/vente-costa-brava\/caldes-de-malavella\/maisons\/\" \/>\n<meta property=\"og:site_name\" content=\"Corredor Mat\u00f3 Real Estate &amp; Property Management\" \/>\n<meta property=\"article:modified_time\" content=\"2024-02-28T15:47:23+00:00\" \/>\n<meta property=\"og:image\" content=\"https:\/\/www.corredormato.com\/wp-content\/uploads\/2024\/02\/FOTOS-IMATGES-PREVIEW-32.jpg\" \/>\n\t<meta property=\"og:image:width\" content=\"1280\" \/>\n\t<meta property=\"og:image:height\" content=\"887\" \/>\n\t<meta property=\"og:image:type\" content=\"image\/jpeg\" \/>\n<meta name=\"twitter:card\" content=\"summary_large_image\" \/>\n<meta name=\"twitter:label1\" content=\"Dur\u00e9e de lecture estim\u00e9e\" \/>\n\t<meta name=\"twitter:data1\" content=\"2 minutes\" \/>\n<script type=\"application\/ld+json\" class=\"yoast-schema-graph\">{\"@context\":\"https:\\\/\\\/schema.org\",\"@graph\":[{\"@type\":\"WebPage\",\"@id\":\"https:\\\/\\\/www.corredormato.com\\\/fr\\\/vente-costa-brava\\\/caldes-de-malavella\\\/maisons\\\/\",\"url\":\"https:\\\/\\\/www.corredormato.com\\\/fr\\\/vente-costa-brava\\\/caldes-de-malavella\\\/maisons\\\/\",\"name\":\"Corredor Mat\u00f3 Immobilier \u00b7 Maisons \u00e0 vendre \u00b7 Caldes de Malavella\",\"isPartOf\":{\"@id\":\"https:\\\/\\\/www.corredormato.com\\\/fr\\\/#website\"},\"primaryImageOfPage\":{\"@id\":\"https:\\\/\\\/www.corredormato.com\\\/fr\\\/vente-costa-brava\\\/caldes-de-malavella\\\/maisons\\\/#primaryimage\"},\"image\":{\"@id\":\"https:\\\/\\\/www.corredormato.com\\\/fr\\\/vente-costa-brava\\\/caldes-de-malavella\\\/maisons\\\/#primaryimage\"},\"thumbnailUrl\":\"https:\\\/\\\/www.corredormato.com\\\/wp-content\\\/uploads\\\/2024\\\/02\\\/FOTOS-IMATGES-PREVIEW-32.jpg\",\"datePublished\":\"2023-06-29T11:36:15+00:00\",\"dateModified\":\"2024-02-28T15:47:23+00:00\",\"description\":\"Nous avons les meilleures maisons nouvellement construites \u00e0 Camiral Golf and Resort, con\u00e7ues pour se fondre dans l'environnement afin que vous puissiez en profiter.\",\"breadcrumb\":{\"@id\":\"https:\\\/\\\/www.corredormato.com\\\/fr\\\/vente-costa-brava\\\/caldes-de-malavella\\\/maisons\\\/#breadcrumb\"},\"inLanguage\":\"fr-FR\",\"potentialAction\":[{\"@type\":\"ReadAction\",\"target\":[\"https:\\\/\\\/www.corredormato.com\\\/fr\\\/vente-costa-brava\\\/caldes-de-malavella\\\/maisons\\\/\"]}]},{\"@type\":\"BreadcrumbList\",\"@id\":\"https:\\\/\\\/www.corredormato.com\\\/fr\\\/vente-costa-brava\\\/caldes-de-malavella\\\/maisons\\\/#breadcrumb\",\"itemListElement\":[{\"@type\":\"ListItem\",\"position\":1,\"name\":\"Home\",\"item\":\"https:\\\/\\\/www.corredormato.com\\\/fr\\\/\"},{\"@type\":\"ListItem\",\"position\":2,\"name\":\"Vente Costa Brava\",\"item\":\"https:\\\/\\\/www.corredormato.com\\\/fr\\\/venda-costa-brava\\\/\"},{\"@type\":\"ListItem\",\"position\":3,\"name\":\"Propri\u00e9t\u00e9s \u00e0 vendre \u00e0 Caldes De Malavella\",\"item\":\"https:\\\/\\\/www.corredormato.com\\\/fr\\\/venda-costa-brava\\\/caldes-de-malavella\\\/\"},{\"@type\":\"ListItem\",\"position\":4,\"name\":\"Maisons \u00e0 Caldes De Malavella\"}]},{\"@type\":\"WebSite\",\"@id\":\"https:\\\/\\\/www.corredormato.com\\\/fr\\\/#website\",\"url\":\"https:\\\/\\\/www.corredormato.com\\\/fr\\\/\",\"name\":\"Corredor Mat\u00f3 Real Estate &amp; Property Management\",\"description\":\"Real Estate &amp; Property Management\",\"publisher\":{\"@id\":\"https:\\\/\\\/www.corredormato.com\\\/fr\\\/#organization\"},\"alternateName\":\"Corredor Mat\u00f3\",\"potentialAction\":[{\"@type\":\"SearchAction\",\"target\":{\"@type\":\"EntryPoint\",\"urlTemplate\":\"https:\\\/\\\/www.corredormato.com\\\/resultats-de-cerca-lloguer\\\/?search_text={search_term_string}\"},\"query-input\":{\"@type\":\"PropertyValueSpecification\",\"valueRequired\":true,\"valueName\":\"search_term_string\"}}],\"inLanguage\":\"fr-FR\"},{\"@type\":\"Organization\",\"@id\":\"https:\\\/\\\/www.corredormato.com\\\/fr\\\/#organization\",\"name\":\"Corredor Mat\u00f3 | Real Estate & Property Management\",\"url\":\"https:\\\/\\\/www.corredormato.com\\\/fr\\\/\",\"logo\":{\"@type\":\"ImageObject\",\"inLanguage\":\"fr-FR\",\"@id\":\"https:\\\/\\\/www.corredormato.com\\\/fr\\\/#\\\/schema\\\/logo\\\/image\\\/\",\"url\":\"https:\\\/\\\/www.corredormato.com\\\/wp-content\\\/uploads\\\/2021\\\/04\\\/logo.png\",\"contentUrl\":\"https:\\\/\\\/www.corredormato.com\\\/wp-content\\\/uploads\\\/2021\\\/04\\\/logo.png\",\"width\":970,\"height\":225,\"caption\":\"Corredor Mat\u00f3 | Real Estate & Property Management\"},\"image\":{\"@id\":\"https:\\\/\\\/www.corredormato.com\\\/fr\\\/#\\\/schema\\\/logo\\\/image\\\/\"}}]}<\/script>\n<!-- \/ Yoast SEO plugin. -->","yoast_head_json":{"title":"Corredor Mat\u00f3 Immobilier \u00b7 Maisons \u00e0 vendre \u00b7 Caldes de Malavella","description":"Nous avons les meilleures maisons nouvellement construites \u00e0 Camiral Golf and Resort, con\u00e7ues pour se fondre dans l'environnement afin que vous puissiez en profiter.","robots":{"index":"index","follow":"follow","max-snippet":"max-snippet:-1","max-image-preview":"max-image-preview:large","max-video-preview":"max-video-preview:-1"},"canonical":"https:\/\/www.corredormato.com\/fr\/vente-costa-brava\/caldes-de-malavella\/maisons\/","og_locale":"fr_FR","og_type":"article","og_title":"Corredor Mat\u00f3 Immobilier \u00b7 Maisons \u00e0 vendre \u00b7 Caldes de Malavella","og_description":"Nous avons les meilleures maisons nouvellement construites \u00e0 Camiral Golf and Resort, con\u00e7ues pour se fondre dans l'environnement afin que vous puissiez en profiter.","og_url":"https:\/\/www.corredormato.com\/fr\/vente-costa-brava\/caldes-de-malavella\/maisons\/","og_site_name":"Corredor Mat\u00f3 Real Estate &amp; Property Management","article_modified_time":"2024-02-28T15:47:23+00:00","og_image":[{"width":1280,"height":887,"url":"https:\/\/www.corredormato.com\/wp-content\/uploads\/2024\/02\/FOTOS-IMATGES-PREVIEW-32.jpg","type":"image\/jpeg"}],"twitter_card":"summary_large_image","twitter_misc":{"Dur\u00e9e de lecture estim\u00e9e":"2 minutes"},"schema":{"@context":"https:\/\/schema.org","@graph":[{"@type":"WebPage","@id":"https:\/\/www.corredormato.com\/fr\/vente-costa-brava\/caldes-de-malavella\/maisons\/","url":"https:\/\/www.corredormato.com\/fr\/vente-costa-brava\/caldes-de-malavella\/maisons\/","name":"Corredor Mat\u00f3 Immobilier \u00b7 Maisons \u00e0 vendre \u00b7 Caldes de Malavella","isPartOf":{"@id":"https:\/\/www.corredormato.com\/fr\/#website"},"primaryImageOfPage":{"@id":"https:\/\/www.corredormato.com\/fr\/vente-costa-brava\/caldes-de-malavella\/maisons\/#primaryimage"},"image":{"@id":"https:\/\/www.corredormato.com\/fr\/vente-costa-brava\/caldes-de-malavella\/maisons\/#primaryimage"},"thumbnailUrl":"https:\/\/www.corredormato.com\/wp-content\/uploads\/2024\/02\/FOTOS-IMATGES-PREVIEW-32.jpg","datePublished":"2023-06-29T11:36:15+00:00","dateModified":"2024-02-28T15:47:23+00:00","description":"Nous avons les meilleures maisons nouvellement construites \u00e0 Camiral Golf and Resort, con\u00e7ues pour se fondre dans l'environnement afin que vous puissiez en profiter.","breadcrumb":{"@id":"https:\/\/www.corredormato.com\/fr\/vente-costa-brava\/caldes-de-malavella\/maisons\/#breadcrumb"},"inLanguage":"fr-FR","potentialAction":[{"@type":"ReadAction","target":["https:\/\/www.corredormato.com\/fr\/vente-costa-brava\/caldes-de-malavella\/maisons\/"]}]},{"@type":"BreadcrumbList","@id":"https:\/\/www.corredormato.com\/fr\/vente-costa-brava\/caldes-de-malavella\/maisons\/#breadcrumb","itemListElement":[{"@type":"ListItem","position":1,"name":"Home","item":"https:\/\/www.corredormato.com\/fr\/"},{"@type":"ListItem","position":2,"name":"Vente Costa Brava","item":"https:\/\/www.corredormato.com\/fr\/venda-costa-brava\/"},{"@type":"ListItem","position":3,"name":"Propri\u00e9t\u00e9s \u00e0 vendre \u00e0 Caldes De Malavella","item":"https:\/\/www.corredormato.com\/fr\/venda-costa-brava\/caldes-de-malavella\/"},{"@type":"ListItem","position":4,"name":"Maisons \u00e0 Caldes De Malavella"}]},{"@type":"WebSite","@id":"https:\/\/www.corredormato.com\/fr\/#website","url":"https:\/\/www.corredormato.com\/fr\/","name":"Corredor Mat\u00f3 Real Estate &amp; Property Management","description":"Real Estate &amp; Property Management","publisher":{"@id":"https:\/\/www.corredormato.com\/fr\/#organization"},"alternateName":"Corredor Mat\u00f3","potentialAction":[{"@type":"SearchAction","target":{"@type":"EntryPoint","urlTemplate":"https:\/\/www.corredormato.com\/resultats-de-cerca-lloguer\/?search_text={search_term_string}"},"query-input":{"@type":"PropertyValueSpecification","valueRequired":true,"valueName":"search_term_string"}}],"inLanguage":"fr-FR"},{"@type":"Organization","@id":"https:\/\/www.corredormato.com\/fr\/#organization","name":"Corredor Mat\u00f3 | Real Estate & Property Management","url":"https:\/\/www.corredormato.com\/fr\/","logo":{"@type":"ImageObject","inLanguage":"fr-FR","@id":"https:\/\/www.corredormato.com\/fr\/#\/schema\/logo\/image\/","url":"https:\/\/www.corredormato.com\/wp-content\/uploads\/2021\/04\/logo.png","contentUrl":"https:\/\/www.corredormato.com\/wp-content\/uploads\/2021\/04\/logo.png","width":970,"height":225,"caption":"Corredor Mat\u00f3 | Real Estate & Property Management"},"image":{"@id":"https:\/\/www.corredormato.com\/fr\/#\/schema\/logo\/image\/"}}]}},"_links":{"self":[{"href":"https:\/\/www.corredormato.com\/fr\/wp-json\/wp\/v2\/pages\/4833","targetHints":{"allow":["GET"]}}],"collection":[{"href":"https:\/\/www.corredormato.com\/fr\/wp-json\/wp\/v2\/pages"}],"about":[{"href":"https:\/\/www.corredormato.com\/fr\/wp-json\/wp\/v2\/types\/page"}],"author":[{"embeddable":true,"href":"https:\/\/www.corredormato.com\/fr\/wp-json\/wp\/v2\/users\/1"}],"replies":[{"embeddable":true,"href":"https:\/\/www.corredormato.com\/fr\/wp-json\/wp\/v2\/comments?post=4833"}],"version-history":[{"count":2,"href":"https:\/\/www.corredormato.com\/fr\/wp-json\/wp\/v2\/pages\/4833\/revisions"}],"predecessor-version":[{"id":15271,"href":"https:\/\/www.corredormato.com\/fr\/wp-json\/wp\/v2\/pages\/4833\/revisions\/15271"}],"up":[{"embeddable":true,"href":"https:\/\/www.corredormato.com\/fr\/wp-json\/wp\/v2\/pages\/4471"}],"wp:featuredmedia":[{"embeddable":true,"href":"https:\/\/www.corredormato.com\/fr\/wp-json\/wp\/v2\/media\/14259"}],"wp:attachment":[{"href":"https:\/\/www.corredormato.com\/fr\/wp-json\/wp\/v2\/media?parent=4833"}],"curies":[{"name":"wp","href":"https:\/\/api.w.org\/{rel}","templated":true}]}}