{"id":9132,"date":"2023-10-24T11:10:13","date_gmt":"2023-10-24T09:10:13","guid":{"rendered":"http:\/\/52.30.243.130\/courtier-mato-immobilier-touristique-location-et-achat-vente\/"},"modified":"2025-11-20T12:46:35","modified_gmt":"2025-11-20T10:46:35","slug":"courtier-mato-immobilier-touristique-location-et-achat-vente","status":"publish","type":"page","link":"https:\/\/www.corredormato.com\/fr\/","title":{"rendered":"Accueil &#8211; Corredor Mat\u00f3"},"content":{"rendered":"\t\t<div data-elementor-type=\"wp-page\" data-elementor-id=\"9132\" class=\"elementor elementor-9132 elementor-7791\" data-elementor-post-type=\"page\">\n\t\t\t\t<div class=\"elementor-element elementor-element-c59254d e-flex e-con-boxed e-con e-parent\" data-id=\"c59254d\" data-element_type=\"container\" data-e-type=\"container\" data-settings=\"{&quot;background_background&quot;:&quot;video&quot;,&quot;background_video_link&quot;:&quot;https:\\\/\\\/www.youtube.com\\\/watch?v=O0agwCLLeNw&quot;,&quot;background_play_on_mobile&quot;:&quot;yes&quot;}\">\n\t\t\t\t\t<div class=\"e-con-inner\">\n\t\t<div class=\"elementor-background-video-container\">\n\t\t\t\t\t\t\t<div class=\"elementor-background-video-embed\" role=\"presentation\"><\/div>\n\t\t\t\t\t\t<\/div>\t\t<div class=\"elementor-element elementor-element-11e9802 elementor-widget elementor-widget-spacer\" data-id=\"11e9802\" data-element_type=\"widget\" data-e-type=\"widget\" data-widget_type=\"spacer.default\">\n\t\t\t\t<div class=\"elementor-widget-container\">\n\t\t\t\t\t\t\t<div class=\"elementor-spacer\">\n\t\t\t<div class=\"elementor-spacer-inner\"><\/div>\n\t\t<\/div>\n\t\t\t\t\t\t<\/div>\n\t\t\t\t<\/div>\n\t\t\t\t<div class=\"elementor-element elementor-element-e823413 elementor-widget elementor-widget-heading\" data-id=\"e823413\" data-element_type=\"widget\" data-e-type=\"widget\" data-widget_type=\"heading.default\">\n\t\t\t\t<div class=\"elementor-widget-container\">\n\t\t\t\t\t<h1 class=\"elementor-heading-title elementor-size-default\">L'immobilier de r\u00e9f\u00e9rence<br><span style=\"font-size:2.7rem\">sur la Costa Brava depuis 1960<\/span><\/h1>\t\t\t\t<\/div>\n\t\t\t\t<\/div>\n\t\t\t\t\t<\/div>\n\t\t\t\t<\/div>\n\t\t<div class=\"elementor-element elementor-element-2c5e75c e-flex e-con-boxed e-con e-parent\" data-id=\"2c5e75c\" data-element_type=\"container\" data-e-type=\"container\">\n\t\t\t\t\t<div class=\"e-con-inner\">\n\t\t<div class=\"elementor-element elementor-element-2e9813e e-flex e-con-boxed e-con e-child\" data-id=\"2e9813e\" data-element_type=\"container\" data-e-type=\"container\" data-settings=\"{&quot;background_background&quot;:&quot;classic&quot;}\">\n\t\t\t\t\t<div class=\"e-con-inner\">\n\t\t\t\t<div class=\"elementor-element elementor-element-b841bf5 home-searchbox elementor-widget elementor-widget-shortcode\" data-id=\"b841bf5\" data-element_type=\"widget\" data-e-type=\"widget\" data-widget_type=\"shortcode.default\">\n\t\t\t\t<div class=\"elementor-widget-container\">\n\t\t\t\t\t\t\t<div class=\"elementor-shortcode\"><div class=\"n2r__search n2r__search--triggerselector \" data-n2r-searchsession-url=\"https:\/\/www.corredormato.com\/wp-json\/n2r\/v1\/searchsession\" data-n2r-nosession=\"true\">\n      <div class=\"n2r__search__mode-trigger\">\n              <div class=\"n2r__search__field n2r__search__mode-trigger\">\n          <label for=\"n2r-search-mode-67474\">Type<\/label>\n          <select class=\"n2r__select\" id=\"n2r-search-mode-67474\">\n            <option value=\"rental\" selected>louer<\/option><option value=\"sale\" >Vendre<\/option>          <\/select>\n        <\/div>\n          <\/div>\n    <div class=\"n2r__search__container n2r__tabs__content\">\n    <div class=\"n2r__tabs__content__item n2r__search__container__rental active\" >\n  <form name=\"n2r__search\" method=\"get\" action=\"https:\/\/www.corredormato.com\/resultats-de-cerca-lloguer\/\" role=\"form\" autocomplete=\"off\">\n    <input type=\"hidden\" aria-hidden=\"true\" name=\"commercialization_type\" value=\"rental\">\n                <div class=\"n2r__search__field\">\n              <label for=\"n2r-search-rental-city-67474\">Ville<\/label>\n              <select name=\"city\" id=\"n2r-search-rental-city-67474\" class=\"n2r__select\">\n                <option value=\"\">Tout<\/option>\n                <option value=\"Begur\" >Begur<\/option><option value=\"Calella de Palafrugell\" >Calella de Palafrugell<\/option><option value=\"Cor\u00e7\u00e0\" >Cor\u00e7\u00e0<\/option><option value=\"Cru\u00eflles, Monells i Sant Sadurn\u00ed de l&#039;Heura\" >Cru\u00eflles, Monells i Sant Sadurn\u00ed de l&#039;Heura<\/option><option value=\"La Bisbal d&amp;apos;Empord\u00e0\" >La Bisbal d&amp;apos;Empord\u00e0<\/option><option value=\"Llafranc\" >Llafranc<\/option><option value=\"Mont-ras\" >Mont-ras<\/option><option value=\"Palam\u00f3s\" >Palam\u00f3s<\/option><option value=\"Pals\" >Pals<\/option><option value=\"Platja D&#039;aro\" >Platja D&#039;aro<\/option><option value=\"Rupi\u00e0\" >Rupi\u00e0<\/option><option value=\"Sa Riera\" >Sa Riera<\/option><option value=\"Tamariu\" >Tamariu<\/option>              <\/select>\n              <span><\/span>\n            <\/div>\n                    <div class=\"n2r__search__field n2r__datepickercontainer\">\n            <label for=\"n2r-search-rental-dates-67474\">S\u00e9lectionnez les dates<\/label>\n            <input type=\"text\" name=\"dates\" id=\"n2r-search-rental-dates-67474\" class=\"n2r__input n2r-daterangepicker-component\" value=\"\" data-checkin=\"\" data-checkout=\"\" data-language=\"fr\" data-nights=\"1\" placeholder=\" \">\n            <a class=\"n2r__datepickercontainer__clear\"><i class=\"fa fa-times\"><\/i><\/a>\n            <input type=\"hidden\" aria-hidden=\"true\" name=\"checkin\" value=\"\">\n            <input type=\"hidden\" aria-hidden=\"true\" name=\"checkout\" value=\"\">\n          <\/div>\n            <div class=\"n2r__search__field n2r__search__field--submit\">\n      <button type=\"submit\" class=\"n2r__search__submit n2r__btn\">Chercher<\/button>\n    <\/div>\n  <\/form>\n<\/div>\n<div class=\"n2r__tabs__content__item n2r__search__container__sale \" aria-hidden=\"true\" inert>\n  <form name=\"n2r__search\" method=\"get\" action=\"https:\/\/www.corredormato.com\/resultats-de-cerca-venda\/\" role=\"form\" autocomplete=\"off\">\n    <input type=\"hidden\" aria-hidden=\"true\" name=\"commercialization_type\" value=\"sale\">\n                <div class=\"n2r__search__field\">\n              <label for=\"n2r-search-sale-city-67474\">Ville<\/label>\n              <select name=\"city\" id=\"n2r-search-sale-city-67474\" class=\"n2r__select\">\n                <option value=\"\">Tout<\/option>\n                <option value=\"Arenys De Mar\" >Arenys De Mar<\/option><option value=\"Arenys de Munt\" >Arenys de Munt<\/option><option value=\"Argentona\" >Argentona<\/option><option value=\"Barcelona\" >Barcelona<\/option><option value=\"Begur\" >Begur<\/option><option value=\"Cabrils\" >Cabrils<\/option><option value=\"Calella De Palafrugell\" >Calella De Palafrugell<\/option><option value=\"Calonge\" >Calonge<\/option><option value=\"Canet De Mar\" >Canet De Mar<\/option><option value=\"Castell-Platja d&#039;Aro\" >Castell-Platja d&#039;Aro<\/option><option value=\"Cru\u00eflles, Monells i Sant Sadurn\u00ed de l&#039;Heura\" >Cru\u00eflles, Monells i Sant Sadurn\u00ed de l&#039;Heura<\/option><option value=\"El Masnou\" >El Masnou<\/option><option value=\"Esplugues de Llobregat\" >Esplugues de Llobregat<\/option><option value=\"Forallac\" >Forallac<\/option><option value=\"L&#039; Ametlla Del Valles\" >L&#039; Ametlla Del Valles<\/option><option value=\"L&#039;Escala\" >L&#039;Escala<\/option><option value=\"La Garriga\" >La Garriga<\/option><option value=\"Llafranc\" >Llafranc<\/option><option value=\"Matar\u00f3\" >Matar\u00f3<\/option><option value=\"Mont-Ras\" >Mont-Ras<\/option><option value=\"Palafrugell\" >Palafrugell<\/option><option value=\"Palam\u00f3s\" >Palam\u00f3s<\/option><option value=\"Pals\" >Pals<\/option><option value=\"Platja D&#039;Aro\" >Platja D&#039;Aro<\/option><option value=\"Premi\u00e0 de Dalt\" >Premi\u00e0 de Dalt<\/option><option value=\"Premi\u00e1 de Mar\" >Premi\u00e1 de Mar<\/option><option value=\"S&#039;Agar\u00f3\" >S&#039;Agar\u00f3<\/option><option value=\"Sant Andreu de Llavaneres\" >Sant Andreu de Llavaneres<\/option><option value=\"Sant Antoni De Calonge\" >Sant Antoni De Calonge<\/option><option value=\"Sant Cugat del Vall\u00e8s\" >Sant Cugat del Vall\u00e8s<\/option><option value=\"Sant Feliu de Gu\u00edxols\" >Sant Feliu de Gu\u00edxols<\/option><option value=\"Sant Gregori\" >Sant Gregori<\/option><option value=\"Sant Vicen\u00e7 de Montalt\" >Sant Vicen\u00e7 de Montalt<\/option><option value=\"Santa Cristina D&#039;Aro\" >Santa Cristina D&#039;Aro<\/option><option value=\"Sitges\" >Sitges<\/option><option value=\"Tagamanent\" >Tagamanent<\/option><option value=\"Tamariu\" >Tamariu<\/option><option value=\"Tei\u00e0\" >Tei\u00e0<\/option>              <\/select>\n            <\/div>\n              <div class=\"n2r__search__field n2r__search__field--submit\">\n      <button type=\"submit\" class=\"n2r__search__submit n2r__btn\">Chercher<\/button>\n    <\/div>\n  <\/form>\n<\/div>  <\/div>\n<\/div><\/div>\n\t\t\t\t\t\t<\/div>\n\t\t\t\t<\/div>\n\t\t\t\t\t<\/div>\n\t\t\t\t<\/div>\n\t\t\t\t\t<\/div>\n\t\t\t\t<\/div>\n\t\t<div class=\"elementor-element elementor-element-f9bc69e e-flex e-con-boxed e-con e-parent\" data-id=\"f9bc69e\" data-element_type=\"container\" data-e-type=\"container\" data-settings=\"{&quot;background_background&quot;:&quot;classic&quot;}\">\n\t\t\t\t\t<div class=\"e-con-inner\">\n\t\t\t\t<div class=\"elementor-element elementor-element-84a5da9 elementor-widget elementor-widget-spacer\" data-id=\"84a5da9\" data-element_type=\"widget\" data-e-type=\"widget\" data-widget_type=\"spacer.default\">\n\t\t\t\t<div class=\"elementor-widget-container\">\n\t\t\t\t\t\t\t<div class=\"elementor-spacer\">\n\t\t\t<div class=\"elementor-spacer-inner\"><\/div>\n\t\t<\/div>\n\t\t\t\t\t\t<\/div>\n\t\t\t\t<\/div>\n\t\t\t\t\t<\/div>\n\t\t\t\t<\/div>\n\t\t<div class=\"elementor-element elementor-element-25804b3 e-flex e-con-boxed e-con e-parent\" data-id=\"25804b3\" data-element_type=\"container\" data-e-type=\"container\" data-settings=\"{&quot;background_background&quot;:&quot;classic&quot;}\">\n\t\t\t\t\t<div class=\"e-con-inner\">\n\t\t\t\t<div class=\"elementor-element elementor-element-cdf3b2c elementor-widget elementor-widget-heading\" data-id=\"cdf3b2c\" data-element_type=\"widget\" data-e-type=\"widget\" data-widget_type=\"heading.default\">\n\t\t\t\t<div class=\"elementor-widget-container\">\n\t\t\t\t\t<h2 class=\"elementor-heading-title elementor-size-default\">Chez <strong>Corredor Mat\u00f3<\/strong>, nous sommes experts en contrats de location et de vente de propri\u00e9t\u00e9s<br>pour des clients nationaux et internationaux.<\/h2>\t\t\t\t<\/div>\n\t\t\t\t<\/div>\n\t\t\t\t\t<\/div>\n\t\t\t\t<\/div>\n\t\t<div class=\"elementor-element elementor-element-dfdceaf e-flex e-con-boxed e-con e-parent\" data-id=\"dfdceaf\" data-element_type=\"container\" data-e-type=\"container\" data-settings=\"{&quot;background_background&quot;:&quot;classic&quot;}\">\n\t\t\t\t\t<div class=\"e-con-inner\">\n\t\t\t\t<div class=\"elementor-element elementor-element-ba3595e elementor-widget elementor-widget-heading\" data-id=\"ba3595e\" data-element_type=\"widget\" data-e-type=\"widget\" data-widget_type=\"heading.default\">\n\t\t\t\t<div class=\"elementor-widget-container\">\n\t\t\t\t\t<h2 class=\"elementor-heading-title elementor-size-default\"><strong>H\u00e9bergements en vedette<\/strong> | Location<\/h2>\t\t\t\t<\/div>\n\t\t\t\t<\/div>\n\t\t\t\t<div class=\"elementor-element elementor-element-132f07c sep23 elementor-widget elementor-widget-shortcode\" data-id=\"132f07c\" data-element_type=\"widget\" data-e-type=\"widget\" data-widget_type=\"shortcode.default\">\n\t\t\t\t<div class=\"elementor-widget-container\">\n\t\t\t\t\t\t\t<div class=\"elementor-shortcode\">\n<div class=\"n2r__list grid\" data-n2r-searchparams=\"\">\n    <div class=\"n2r__row\">\n    <div class=\"n2r__list__items\">\n      <div class=\"n2r__list__item n2r__clickable   \" data-id=\"10711\">\n  <span class=\"n2r__list__item__icon n2r__list__item__icon--with3dtour\" title=\"Avec visite 3d \">360\u00ba<\/span>  <div class=\"n2r__list__item__gallery n2r__slider\">\n    <div class=\"slide-item\"><img data-lazy=\"https:\/\/files.net2rent.com\/pfiles\/43\/10711\/594506-m.jpg\" alt=\"CM1508 CAN FONT DE MUNTANYA Villa priv\u00e9e \/ Villa Costa Brava Cru\u00eflles, Monells i Sant Sadurn\u00ed de l&#039;Heura\" title=\"CM1508 CAN FONT DE MUNTANYA Villa priv\u00e9e \/ Villa Costa Brava Cru\u00eflles, Monells i Sant Sadurn\u00ed de l&#039;Heura\"><\/div><div class=\"slide-item\"><img data-lazy=\"https:\/\/files.net2rent.com\/pfiles\/43\/10711\/594507-m.jpg\" alt=\"CM1508 CAN FONT DE MUNTANYA Villa priv\u00e9e \/ Villa Costa Brava Cru\u00eflles, Monells i Sant Sadurn\u00ed de l&#039;Heura\" title=\"CM1508 CAN FONT DE MUNTANYA Villa priv\u00e9e \/ Villa Costa Brava Cru\u00eflles, Monells i Sant Sadurn\u00ed de l&#039;Heura\"><\/div><div class=\"slide-item\"><img data-lazy=\"https:\/\/files.net2rent.com\/pfiles\/43\/10711\/571362-m.jpg\" alt=\"CM1508 CAN FONT DE MUNTANYA Villa priv\u00e9e \/ Villa Costa Brava Cru\u00eflles, Monells i Sant Sadurn\u00ed de l&#039;Heura\" title=\"CM1508 CAN FONT DE MUNTANYA Villa priv\u00e9e \/ Villa Costa Brava Cru\u00eflles, Monells i Sant Sadurn\u00ed de l&#039;Heura\"><\/div><div class=\"slide-item\"><img data-lazy=\"https:\/\/files.net2rent.com\/pfiles\/43\/10711\/571359-m.jpg\" alt=\"CM1508 CAN FONT DE MUNTANYA Villa priv\u00e9e \/ Villa Costa Brava Cru\u00eflles, Monells i Sant Sadurn\u00ed de l&#039;Heura\" title=\"CM1508 CAN FONT DE MUNTANYA Villa priv\u00e9e \/ Villa Costa Brava Cru\u00eflles, Monells i Sant Sadurn\u00ed de l&#039;Heura\"><\/div><div class=\"slide-item\"><img data-lazy=\"https:\/\/files.net2rent.com\/pfiles\/43\/10711\/571360-m.jpg\" alt=\"CM1508 CAN FONT DE MUNTANYA Villa priv\u00e9e \/ Villa Costa Brava Cru\u00eflles, Monells i Sant Sadurn\u00ed de l&#039;Heura\" title=\"CM1508 CAN FONT DE MUNTANYA Villa priv\u00e9e \/ Villa Costa Brava Cru\u00eflles, Monells i Sant Sadurn\u00ed de l&#039;Heura\"><\/div><div class=\"slide-item\"><img data-lazy=\"https:\/\/files.net2rent.com\/pfiles\/43\/10711\/571361-m.jpg\" alt=\"CM1508 CAN FONT DE MUNTANYA Villa priv\u00e9e \/ Villa Costa Brava Cru\u00eflles, Monells i Sant Sadurn\u00ed de l&#039;Heura\" title=\"CM1508 CAN FONT DE MUNTANYA Villa priv\u00e9e \/ Villa Costa Brava Cru\u00eflles, Monells i Sant Sadurn\u00ed de l&#039;Heura\"><\/div><div class=\"slide-item\"><img data-lazy=\"https:\/\/files.net2rent.com\/pfiles\/43\/10711\/171260-o-m.jpg\" alt=\"1508 Can Font de Muntanya Masion rurale  Cru\u00eflles, Monells i Sant Sadurn\u00ed de l&#039;Heura\" title=\"1508 Can Font de Muntanya Masion rurale  Cru\u00eflles, Monells i Sant Sadurn\u00ed de l&#039;Heura\"><\/div><div class=\"slide-item\"><img data-lazy=\"https:\/\/my.matterport.com\/api\/v1\/player\/models\/BdPDQBrdT8G\/thumb?width=696&#038;dpr=2&#038;disable=upscale\" alt=\"CM1508 CAN FONT DE MUNTANYA Villa priv\u00e9e \/ Villa Costa Brava Cru\u00eflles, Monells i Sant Sadurn\u00ed de l&#039;Heura\" title=\"CM1508 CAN FONT DE MUNTANYA Villa priv\u00e9e \/ Villa Costa Brava Cru\u00eflles, Monells i Sant Sadurn\u00ed de l&#039;Heura\"><\/div><div class=\"slide-item\"><img data-lazy=\"https:\/\/files.net2rent.com\/pfiles\/43\/10711\/171262-o-m.jpg\" alt=\"1508 Can Font de Muntanya Masion rurale  Cru\u00eflles, Monells i Sant Sadurn\u00ed de l&#039;Heura\" title=\"1508 Can Font de Muntanya Masion rurale  Cru\u00eflles, Monells i Sant Sadurn\u00ed de l&#039;Heura\"><\/div><div class=\"slide-item\"><img data-lazy=\"https:\/\/files.net2rent.com\/pfiles\/43\/10711\/171265-o-m.jpg\" alt=\"1508 Can Font de Muntanya Masion rurale  Cru\u00eflles, Monells i Sant Sadurn\u00ed de l&#039;Heura\" title=\"1508 Can Font de Muntanya Masion rurale  Cru\u00eflles, Monells i Sant Sadurn\u00ed de l&#039;Heura\"><\/div><div class=\"slide-item\"><img data-lazy=\"https:\/\/files.net2rent.com\/pfiles\/43\/10711\/171266-o-m.jpg\" alt=\"1508 Can Font de Muntanya Masion rurale  Cru\u00eflles, Monells i Sant Sadurn\u00ed de l&#039;Heura\" title=\"1508 Can Font de Muntanya Masion rurale  Cru\u00eflles, Monells i Sant Sadurn\u00ed de l&#039;Heura\"><\/div><div class=\"slide-item\"><img data-lazy=\"https:\/\/files.net2rent.com\/pfiles\/43\/10711\/210101-o-m.jpg\" alt=\"CM1508 CAN FONT DE MUNTANYA Masion rurale Parc Natural de les Gavarres Cru\u00eflles, Monells i Sant Sadurn\u00ed de l&#039;Heura\" title=\"CM1508 CAN FONT DE MUNTANYA Masion rurale Parc Natural de les Gavarres Cru\u00eflles, Monells i Sant Sadurn\u00ed de l&#039;Heura\"><\/div><div class=\"slide-item\"><img data-lazy=\"https:\/\/files.net2rent.com\/pfiles\/43\/10711\/171270-o-m.jpg\" alt=\"1508 Can Font de Muntanya Masion rurale  Cru\u00eflles, Monells i Sant Sadurn\u00ed de l&#039;Heura\" title=\"1508 Can Font de Muntanya Masion rurale  Cru\u00eflles, Monells i Sant Sadurn\u00ed de l&#039;Heura\"><\/div><div class=\"slide-item\"><img data-lazy=\"https:\/\/files.net2rent.com\/pfiles\/43\/10711\/578444-m.jpg\" alt=\"CM1508 CAN FONT DE MUNTANYA Villa priv\u00e9e \/ Villa Costa Brava Cru\u00eflles, Monells i Sant Sadurn\u00ed de l&#039;Heura\" title=\"CM1508 CAN FONT DE MUNTANYA Villa priv\u00e9e \/ Villa Costa Brava Cru\u00eflles, Monells i Sant Sadurn\u00ed de l&#039;Heura\"><\/div><div class=\"slide-item\"><img data-lazy=\"https:\/\/files.net2rent.com\/pfiles\/43\/10711\/578442-m.jpg\" alt=\"CM1508 CAN FONT DE MUNTANYA Villa priv\u00e9e \/ Villa Costa Brava Cru\u00eflles, Monells i Sant Sadurn\u00ed de l&#039;Heura\" title=\"CM1508 CAN FONT DE MUNTANYA Villa priv\u00e9e \/ Villa Costa Brava Cru\u00eflles, Monells i Sant Sadurn\u00ed de l&#039;Heura\"><\/div><div class=\"slide-item\"><img data-lazy=\"https:\/\/files.net2rent.com\/pfiles\/43\/10711\/171272-o-m.jpg\" alt=\"1508 Can Font de Muntanya Masion rurale  Cru\u00eflles, Monells i Sant Sadurn\u00ed de l&#039;Heura\" title=\"1508 Can Font de Muntanya Masion rurale  Cru\u00eflles, Monells i Sant Sadurn\u00ed de l&#039;Heura\"><\/div><div class=\"slide-item\"><img data-lazy=\"https:\/\/files.net2rent.com\/pfiles\/43\/10711\/171273-o-m.jpg\" alt=\"1508 Can Font de Muntanya Masion rurale  Cru\u00eflles, Monells i Sant Sadurn\u00ed de l&#039;Heura\" title=\"1508 Can Font de Muntanya Masion rurale  Cru\u00eflles, Monells i Sant Sadurn\u00ed de l&#039;Heura\"><\/div><div class=\"slide-item\"><img data-lazy=\"https:\/\/files.net2rent.com\/pfiles\/43\/10711\/210099-o-m.jpg\" alt=\"CM1508 CAN FONT DE MUNTANYA Masion rurale Parc Natural de les Gavarres Cru\u00eflles, Monells i Sant Sadurn\u00ed de l&#039;Heura\" title=\"CM1508 CAN FONT DE MUNTANYA Masion rurale Parc Natural de les Gavarres Cru\u00eflles, Monells i Sant Sadurn\u00ed de l&#039;Heura\"><\/div><div class=\"slide-item\"><img data-lazy=\"https:\/\/files.net2rent.com\/pfiles\/43\/10711\/171276-o-m.jpg\" alt=\"1508 Can Font de Muntanya Masion rurale  Cru\u00eflles, Monells i Sant Sadurn\u00ed de l&#039;Heura\" title=\"1508 Can Font de Muntanya Masion rurale  Cru\u00eflles, Monells i Sant Sadurn\u00ed de l&#039;Heura\"><\/div><div class=\"slide-item\"><img data-lazy=\"https:\/\/files.net2rent.com\/pfiles\/43\/10711\/578447-m.jpg\" alt=\"CM1508 CAN FONT DE MUNTANYA Villa priv\u00e9e \/ Villa Costa Brava Cru\u00eflles, Monells i Sant Sadurn\u00ed de l&#039;Heura\" title=\"CM1508 CAN FONT DE MUNTANYA Villa priv\u00e9e \/ Villa Costa Brava Cru\u00eflles, Monells i Sant Sadurn\u00ed de l&#039;Heura\"><\/div><div class=\"slide-item\"><img data-lazy=\"https:\/\/files.net2rent.com\/pfiles\/43\/10711\/578449-m.jpg\" alt=\"CM1508 CAN FONT DE MUNTANYA Villa priv\u00e9e \/ Villa Costa Brava Cru\u00eflles, Monells i Sant Sadurn\u00ed de l&#039;Heura\" title=\"CM1508 CAN FONT DE MUNTANYA Villa priv\u00e9e \/ Villa Costa Brava Cru\u00eflles, Monells i Sant Sadurn\u00ed de l&#039;Heura\"><\/div><div class=\"slide-item\"><img data-lazy=\"https:\/\/files.net2rent.com\/pfiles\/43\/10711\/578445-m.jpg\" alt=\"CM1508 CAN FONT DE MUNTANYA Villa priv\u00e9e \/ Villa Costa Brava Cru\u00eflles, Monells i Sant Sadurn\u00ed de l&#039;Heura\" title=\"CM1508 CAN FONT DE MUNTANYA Villa priv\u00e9e \/ Villa Costa Brava Cru\u00eflles, Monells i Sant Sadurn\u00ed de l&#039;Heura\"><\/div><div class=\"slide-item\"><img data-lazy=\"https:\/\/files.net2rent.com\/pfiles\/43\/10711\/578446-m.jpg\" alt=\"CM1508 CAN FONT DE MUNTANYA Villa priv\u00e9e \/ Villa Costa Brava Cru\u00eflles, Monells i Sant Sadurn\u00ed de l&#039;Heura\" title=\"CM1508 CAN FONT DE MUNTANYA Villa priv\u00e9e \/ Villa Costa Brava Cru\u00eflles, Monells i Sant Sadurn\u00ed de l&#039;Heura\"><\/div><div class=\"slide-item\"><img data-lazy=\"https:\/\/files.net2rent.com\/pfiles\/43\/10711\/210090-o-m.jpg\" alt=\"CM1508 CAN FONT DE MUNTANYA Masion rurale Parc Natural de les Gavarres Cru\u00eflles, Monells i Sant Sadurn\u00ed de l&#039;Heura\" title=\"CM1508 CAN FONT DE MUNTANYA Masion rurale Parc Natural de les Gavarres Cru\u00eflles, Monells i Sant Sadurn\u00ed de l&#039;Heura\"><\/div><div class=\"slide-item\"><img data-lazy=\"https:\/\/files.net2rent.com\/pfiles\/43\/10711\/210091-o-m.jpg\" alt=\"CM1508 CAN FONT DE MUNTANYA Masion rurale Parc Natural de les Gavarres Cru\u00eflles, Monells i Sant Sadurn\u00ed de l&#039;Heura\" title=\"CM1508 CAN FONT DE MUNTANYA Masion rurale Parc Natural de les Gavarres Cru\u00eflles, Monells i Sant Sadurn\u00ed de l&#039;Heura\"><\/div><div class=\"slide-item\"><img data-lazy=\"https:\/\/files.net2rent.com\/pfiles\/43\/10711\/594547-m.jpg\" alt=\"CM1508 CAN FONT DE MUNTANYA Villa priv\u00e9e \/ Villa Costa Brava Cru\u00eflles, Monells i Sant Sadurn\u00ed de l&#039;Heura\" title=\"CM1508 CAN FONT DE MUNTANYA Villa priv\u00e9e \/ Villa Costa Brava Cru\u00eflles, Monells i Sant Sadurn\u00ed de l&#039;Heura\"><\/div><div class=\"slide-item\"><img data-lazy=\"https:\/\/files.net2rent.com\/pfiles\/43\/10711\/594548-m.jpg\" alt=\"CM1508 CAN FONT DE MUNTANYA Villa priv\u00e9e \/ Villa Costa Brava Cru\u00eflles, Monells i Sant Sadurn\u00ed de l&#039;Heura\" title=\"CM1508 CAN FONT DE MUNTANYA Villa priv\u00e9e \/ Villa Costa Brava Cru\u00eflles, Monells i Sant Sadurn\u00ed de l&#039;Heura\"><\/div><div class=\"slide-item\"><img data-lazy=\"https:\/\/files.net2rent.com\/pfiles\/43\/10711\/594549-m.jpg\" alt=\"CM1508 CAN FONT DE MUNTANYA Villa priv\u00e9e \/ Villa Costa Brava Cru\u00eflles, Monells i Sant Sadurn\u00ed de l&#039;Heura\" title=\"CM1508 CAN FONT DE MUNTANYA Villa priv\u00e9e \/ Villa Costa Brava Cru\u00eflles, Monells i Sant Sadurn\u00ed de l&#039;Heura\"><\/div><div class=\"slide-item\"><img data-lazy=\"https:\/\/files.net2rent.com\/pfiles\/43\/10711\/594550-m.jpg\" alt=\"CM1508 CAN FONT DE MUNTANYA Villa priv\u00e9e \/ Villa Costa Brava Cru\u00eflles, Monells i Sant Sadurn\u00ed de l&#039;Heura\" title=\"CM1508 CAN FONT DE MUNTANYA Villa priv\u00e9e \/ Villa Costa Brava Cru\u00eflles, Monells i Sant Sadurn\u00ed de l&#039;Heura\"><\/div><div class=\"slide-item\"><img data-lazy=\"https:\/\/files.net2rent.com\/pfiles\/43\/10711\/594551-m.jpg\" alt=\"CM1508 CAN FONT DE MUNTANYA Villa priv\u00e9e \/ Villa Costa Brava Cru\u00eflles, Monells i Sant Sadurn\u00ed de l&#039;Heura\" title=\"CM1508 CAN FONT DE MUNTANYA Villa priv\u00e9e \/ Villa Costa Brava Cru\u00eflles, Monells i Sant Sadurn\u00ed de l&#039;Heura\"><\/div><div class=\"slide-item\"><img data-lazy=\"https:\/\/files.net2rent.com\/pfiles\/43\/10711\/594568-m.jpg\" alt=\"CM1508 CAN FONT DE MUNTANYA Villa priv\u00e9e \/ Villa Costa Brava Cru\u00eflles, Monells i Sant Sadurn\u00ed de l&#039;Heura\" title=\"CM1508 CAN FONT DE MUNTANYA Villa priv\u00e9e \/ Villa Costa Brava Cru\u00eflles, Monells i Sant Sadurn\u00ed de l&#039;Heura\"><\/div><div class=\"slide-item\"><img data-lazy=\"https:\/\/files.net2rent.com\/pfiles\/43\/10711\/594567-m.jpg\" alt=\"CM1508 CAN FONT DE MUNTANYA Villa priv\u00e9e \/ Villa Costa Brava Cru\u00eflles, Monells i Sant Sadurn\u00ed de l&#039;Heura\" title=\"CM1508 CAN FONT DE MUNTANYA Villa priv\u00e9e \/ Villa Costa Brava Cru\u00eflles, Monells i Sant Sadurn\u00ed de l&#039;Heura\"><\/div><div class=\"slide-item\"><img data-lazy=\"https:\/\/files.net2rent.com\/pfiles\/43\/10711\/594569-m.jpg\" alt=\"CM1508 CAN FONT DE MUNTANYA Villa priv\u00e9e \/ Villa Costa Brava Cru\u00eflles, Monells i Sant Sadurn\u00ed de l&#039;Heura\" title=\"CM1508 CAN FONT DE MUNTANYA Villa priv\u00e9e \/ Villa Costa Brava Cru\u00eflles, Monells i Sant Sadurn\u00ed de l&#039;Heura\"><\/div><div class=\"slide-item\"><img data-lazy=\"https:\/\/files.net2rent.com\/pfiles\/43\/10711\/594570-m.jpg\" alt=\"CM1508 CAN FONT DE MUNTANYA Villa priv\u00e9e \/ Villa Costa Brava Cru\u00eflles, Monells i Sant Sadurn\u00ed de l&#039;Heura\" title=\"CM1508 CAN FONT DE MUNTANYA Villa priv\u00e9e \/ Villa Costa Brava Cru\u00eflles, Monells i Sant Sadurn\u00ed de l&#039;Heura\"><\/div><div class=\"slide-item\"><img data-lazy=\"https:\/\/files.net2rent.com\/pfiles\/43\/10711\/594572-m.jpg\" alt=\"CM1508 CAN FONT DE MUNTANYA Villa priv\u00e9e \/ Villa Costa Brava Cru\u00eflles, Monells i Sant Sadurn\u00ed de l&#039;Heura\" title=\"CM1508 CAN FONT DE MUNTANYA Villa priv\u00e9e \/ Villa Costa Brava Cru\u00eflles, Monells i Sant Sadurn\u00ed de l&#039;Heura\"><\/div><div class=\"slide-item\"><img data-lazy=\"https:\/\/files.net2rent.com\/pfiles\/43\/10711\/594571-m.jpg\" alt=\"CM1508 CAN FONT DE MUNTANYA Villa priv\u00e9e \/ Villa Costa Brava Cru\u00eflles, Monells i Sant Sadurn\u00ed de l&#039;Heura\" title=\"CM1508 CAN FONT DE MUNTANYA Villa priv\u00e9e \/ Villa Costa Brava Cru\u00eflles, Monells i Sant Sadurn\u00ed de l&#039;Heura\"><\/div><div class=\"slide-item\"><img data-lazy=\"https:\/\/files.net2rent.com\/pfiles\/43\/10711\/594573-m.jpg\" alt=\"CM1508 CAN FONT DE MUNTANYA Villa priv\u00e9e \/ Villa Costa Brava Cru\u00eflles, Monells i Sant Sadurn\u00ed de l&#039;Heura\" title=\"CM1508 CAN FONT DE MUNTANYA Villa priv\u00e9e \/ Villa Costa Brava Cru\u00eflles, Monells i Sant Sadurn\u00ed de l&#039;Heura\"><\/div><div class=\"slide-item\"><img data-lazy=\"https:\/\/files.net2rent.com\/pfiles\/43\/10711\/594552-m.jpg\" alt=\"CM1508 CAN FONT DE MUNTANYA Villa priv\u00e9e \/ Villa Costa Brava Cru\u00eflles, Monells i Sant Sadurn\u00ed de l&#039;Heura\" title=\"CM1508 CAN FONT DE MUNTANYA Villa priv\u00e9e \/ Villa Costa Brava Cru\u00eflles, Monells i Sant Sadurn\u00ed de l&#039;Heura\"><\/div><div class=\"slide-item\"><img data-lazy=\"https:\/\/files.net2rent.com\/pfiles\/43\/10711\/594553-m.jpg\" alt=\"CM1508 CAN FONT DE MUNTANYA Villa priv\u00e9e \/ Villa Costa Brava Cru\u00eflles, Monells i Sant Sadurn\u00ed de l&#039;Heura\" title=\"CM1508 CAN FONT DE MUNTANYA Villa priv\u00e9e \/ Villa Costa Brava Cru\u00eflles, Monells i Sant Sadurn\u00ed de l&#039;Heura\"><\/div><div class=\"slide-item\"><img data-lazy=\"https:\/\/files.net2rent.com\/pfiles\/43\/10711\/594554-m.jpg\" alt=\"CM1508 CAN FONT DE MUNTANYA Villa priv\u00e9e \/ Villa Costa Brava Cru\u00eflles, Monells i Sant Sadurn\u00ed de l&#039;Heura\" title=\"CM1508 CAN FONT DE MUNTANYA Villa priv\u00e9e \/ Villa Costa Brava Cru\u00eflles, Monells i Sant Sadurn\u00ed de l&#039;Heura\"><\/div><div class=\"slide-item\"><img data-lazy=\"https:\/\/files.net2rent.com\/pfiles\/43\/10711\/594555-m.jpg\" alt=\"CM1508 CAN FONT DE MUNTANYA Villa priv\u00e9e \/ Villa Costa Brava Cru\u00eflles, Monells i Sant Sadurn\u00ed de l&#039;Heura\" title=\"CM1508 CAN FONT DE MUNTANYA Villa priv\u00e9e \/ Villa Costa Brava Cru\u00eflles, Monells i Sant Sadurn\u00ed de l&#039;Heura\"><\/div><div class=\"slide-item\"><img data-lazy=\"https:\/\/files.net2rent.com\/pfiles\/43\/10711\/594556-m.jpg\" alt=\"CM1508 CAN FONT DE MUNTANYA Villa priv\u00e9e \/ Villa Costa Brava Cru\u00eflles, Monells i Sant Sadurn\u00ed de l&#039;Heura\" title=\"CM1508 CAN FONT DE MUNTANYA Villa priv\u00e9e \/ Villa Costa Brava Cru\u00eflles, Monells i Sant Sadurn\u00ed de l&#039;Heura\"><\/div><div class=\"slide-item\"><img data-lazy=\"https:\/\/files.net2rent.com\/pfiles\/43\/10711\/594557-m.jpg\" alt=\"CM1508 CAN FONT DE MUNTANYA Villa priv\u00e9e \/ Villa Costa Brava Cru\u00eflles, Monells i Sant Sadurn\u00ed de l&#039;Heura\" title=\"CM1508 CAN FONT DE MUNTANYA Villa priv\u00e9e \/ Villa Costa Brava Cru\u00eflles, Monells i Sant Sadurn\u00ed de l&#039;Heura\"><\/div><div class=\"slide-item\"><img data-lazy=\"https:\/\/files.net2rent.com\/pfiles\/43\/10711\/594558-m.jpg\" alt=\"CM1508 CAN FONT DE MUNTANYA Villa priv\u00e9e \/ Villa Costa Brava Cru\u00eflles, Monells i Sant Sadurn\u00ed de l&#039;Heura\" title=\"CM1508 CAN FONT DE MUNTANYA Villa priv\u00e9e \/ Villa Costa Brava Cru\u00eflles, Monells i Sant Sadurn\u00ed de l&#039;Heura\"><\/div><div class=\"slide-item\"><img data-lazy=\"https:\/\/files.net2rent.com\/pfiles\/43\/10711\/594559-m.jpg\" alt=\"CM1508 CAN FONT DE MUNTANYA Villa priv\u00e9e \/ Villa Costa Brava Cru\u00eflles, Monells i Sant Sadurn\u00ed de l&#039;Heura\" title=\"CM1508 CAN FONT DE MUNTANYA Villa priv\u00e9e \/ Villa Costa Brava Cru\u00eflles, Monells i Sant Sadurn\u00ed de l&#039;Heura\"><\/div><div class=\"slide-item\"><img data-lazy=\"https:\/\/files.net2rent.com\/pfiles\/43\/10711\/594560-m.jpg\" alt=\"CM1508 CAN FONT DE MUNTANYA Villa priv\u00e9e \/ Villa Costa Brava Cru\u00eflles, Monells i Sant Sadurn\u00ed de l&#039;Heura\" title=\"CM1508 CAN FONT DE MUNTANYA Villa priv\u00e9e \/ Villa Costa Brava Cru\u00eflles, Monells i Sant Sadurn\u00ed de l&#039;Heura\"><\/div><div class=\"slide-item\"><img data-lazy=\"https:\/\/files.net2rent.com\/pfiles\/43\/10711\/594561-m.jpg\" alt=\"CM1508 CAN FONT DE MUNTANYA Villa priv\u00e9e \/ Villa Costa Brava Cru\u00eflles, Monells i Sant Sadurn\u00ed de l&#039;Heura\" title=\"CM1508 CAN FONT DE MUNTANYA Villa priv\u00e9e \/ Villa Costa Brava Cru\u00eflles, Monells i Sant Sadurn\u00ed de l&#039;Heura\"><\/div><div class=\"slide-item\"><img data-lazy=\"https:\/\/files.net2rent.com\/pfiles\/43\/10711\/594562-m.jpg\" alt=\"CM1508 CAN FONT DE MUNTANYA Villa priv\u00e9e \/ Villa Costa Brava Cru\u00eflles, Monells i Sant Sadurn\u00ed de l&#039;Heura\" title=\"CM1508 CAN FONT DE MUNTANYA Villa priv\u00e9e \/ Villa Costa Brava Cru\u00eflles, Monells i Sant Sadurn\u00ed de l&#039;Heura\"><\/div><div class=\"slide-item\"><img data-lazy=\"https:\/\/files.net2rent.com\/pfiles\/43\/10711\/594563-m.jpg\" alt=\"CM1508 CAN FONT DE MUNTANYA Villa priv\u00e9e \/ Villa Costa Brava Cru\u00eflles, Monells i Sant Sadurn\u00ed de l&#039;Heura\" title=\"CM1508 CAN FONT DE MUNTANYA Villa priv\u00e9e \/ Villa Costa Brava Cru\u00eflles, Monells i Sant Sadurn\u00ed de l&#039;Heura\"><\/div><div class=\"slide-item\"><img data-lazy=\"https:\/\/files.net2rent.com\/pfiles\/43\/10711\/594564-m.jpg\" alt=\"CM1508 CAN FONT DE MUNTANYA Villa priv\u00e9e \/ Villa Costa Brava Cru\u00eflles, Monells i Sant Sadurn\u00ed de l&#039;Heura\" title=\"CM1508 CAN FONT DE MUNTANYA Villa priv\u00e9e \/ Villa Costa Brava Cru\u00eflles, Monells i Sant Sadurn\u00ed de l&#039;Heura\"><\/div><div class=\"slide-item\"><img data-lazy=\"https:\/\/files.net2rent.com\/pfiles\/43\/10711\/594565-m.jpg\" alt=\"CM1508 CAN FONT DE MUNTANYA Villa priv\u00e9e \/ Villa Costa Brava Cru\u00eflles, Monells i Sant Sadurn\u00ed de l&#039;Heura\" title=\"CM1508 CAN FONT DE MUNTANYA Villa priv\u00e9e \/ Villa Costa Brava Cru\u00eflles, Monells i Sant Sadurn\u00ed de l&#039;Heura\"><\/div><div class=\"slide-item\"><img data-lazy=\"https:\/\/files.net2rent.com\/pfiles\/43\/10711\/594566-m.jpg\" alt=\"CM1508 CAN FONT DE MUNTANYA Villa priv\u00e9e \/ Villa Costa Brava Cru\u00eflles, Monells i Sant Sadurn\u00ed de l&#039;Heura\" title=\"CM1508 CAN FONT DE MUNTANYA Villa priv\u00e9e \/ Villa Costa Brava Cru\u00eflles, Monells i Sant Sadurn\u00ed de l&#039;Heura\"><\/div><div class=\"slide-item\"><img data-lazy=\"https:\/\/files.net2rent.com\/pfiles\/43\/10711\/210100-o-m.jpg\" alt=\"CM1508 CAN FONT DE MUNTANYA Masion rurale Parc Natural de les Gavarres Cru\u00eflles, Monells i Sant Sadurn\u00ed de l&#039;Heura\" title=\"CM1508 CAN FONT DE MUNTANYA Masion rurale Parc Natural de les Gavarres Cru\u00eflles, Monells i Sant Sadurn\u00ed de l&#039;Heura\"><\/div><div class=\"slide-item\"><img data-lazy=\"https:\/\/files.net2rent.com\/pfiles\/43\/10711\/571363-m.jpg\" alt=\"CM1508 CAN FONT DE MUNTANYA Villa priv\u00e9e \/ Villa Costa Brava Cru\u00eflles, Monells i Sant Sadurn\u00ed de l&#039;Heura\" title=\"CM1508 CAN FONT DE MUNTANYA Villa priv\u00e9e \/ Villa Costa Brava Cru\u00eflles, Monells i Sant Sadurn\u00ed de l&#039;Heura\"><\/div>  <\/div>\n\n  <div class=\"n2r__list__item__info\">\n    <div class=\"n2r__list__item__title\">\n      <h2 class=\"n2r__list__item__name\">\n        <a href=\"https:\/\/www.corredormato.com\/fr\/logement-detail\/louer-villa-can-font-de-muntanya-cruilles-monells-i-sant-sadurni-de-l-heura-10711\/\">Can Font de Muntanya - Une pause dans le Parc Natural de les Gavarres<\/a>\n      <\/h2>\n          <\/div>\n    <div class=\"n2r__list__item__title\">\n      <div class=\"n2r__list__item__reference\">Ref: CM1508<\/div>\n      <div class=\"n2r__list__item__turisticreference\">HUTG-033000-75<\/div>      <div class=\"n2r__list__item__city\">Cru\u00eflles, Monells i Sant Sadurn\u00ed de l&#039;Heura<\/div>\n              <div class=\"n2r__list__item__rating\">\n          <div class=\"n2r__rating\">\n            <div class=\"n2r__rating__complete\" style=\"width:95%\"><\/div>\n          <\/div>\n        <\/div>\n          <\/div>\n    <div class=\"n2r__list__item__features\">\n      <div class=\"n2r__list__item__feature n2r__list__item__feature--rooms\" title=\"4 chambres \u00e0 coucher\"><i class=\"n2r_room\"><\/i> 4<\/div><div class=\"n2r__list__item__feature n2r__list__item__feature--capacity\" title=\"13 pax\"><i class=\"n2r_people\"><\/i> 13<\/div><div class=\"n2r__list__item__feature n2r__list__item__feature--bathrooms\" title=\"4 toilettes\"><i class=\"n2r_toilet\"><\/i> 4<\/div><div class=\"n2r__list__item__feature n2r__list__item__feature--terrace\" title=\"terrasse\"><i class=\"n2r_terrace\"><\/i> <\/div><div class=\"n2r__list__item__feature n2r__list__item__feature--property_meters\" title=\"M\u00e8tres de la propri\u00e9t\u00e9\"><i class=\"n2r_property_meters\"><\/i> 155 m<sup>2<\/sup><\/div><div class=\"n2r__list__item__feature n2r__list__item__feature--pool\" title=\"piscine\"><i class=\"n2r_swimming_pool\"><\/i> <\/div>    <\/div>\n    <div class=\"n2r__list__item__description\">\r\n\r\n\r\n\r\nCan Font de Muntanya, une oasis de paix et de s\u00e9r\u00e9nit\u00e9 nich\u00e9e au c\u0153ur du massif des Gavarres, dans le charmant village de Cru\u00eflles, au c\u0153ur du Baix Empord\u00e0. Profitez d\u2019un cadre naturel exceptionnel, avec de superbes jardins, une piscine priv\u00e9e et des vues imprenables sur les \u00eeles Medes et la baie de Roses. Un lieu exclusif, parfait pour des vacances inoubliables en famille ou entre amis, dans une endroit de tranquillit\u00e9, d\u2019intimit\u00e9 et d\u2019exclusivit\u00e9.\r\nDans Can Font de Muntanya on avez aussi des \u00e9curies, un potager \u00e9cologique et un grand terrain autour des habitations. Le tout forme le cadre id\u00e9al pour se retrouver avec soi et couper du quotidien, sans pour autant renoncer aux commodit\u00e9s qui nous facilitent la vie.\r\nDans la propri\u00e9t\u00e9, se trouve l\u2019ancienne maison du gardien enti\u00e8rement r\u00e9nov\u00e9e. Elle dispose de quatre chambres en suite, ainsi qu\u2019un spacieux salon-salle \u00e0 manger id\u00e9al pour se d\u00e9tendre et profiter de moments de repos en famille. La cuisine est enti\u00e8rement \u00e9quip\u00e9e. Depuis le salon-salle \u00e0 manger, on acc\u00e8de \u00e0 une agr\u00e9able terrasse parfaite pour les repas et d\u00eeners en plein air.\r\nLa Figuera: se trouve dans le plus petit b\u00e2timent du domaine, et pourtant la taille de la chambre est vraiment consid\u00e9rable. Elle offre une vue privil\u00e9gi\u00e9e gr\u00e2ce \u00e0 sa situation au premier \u00e9tage et \u00e0 son orientation nord-ouest. Elle dispose d\u2019une terrasse lumineuse privative au niveau de l\u2019entr\u00e9e. Un vrai d\u00e9lice toute l\u2019ann\u00e9e. Un joli figuier teinte la chambre de vert avec ses feuilles et la parfume d\u2019une odeur agr\u00e9able, peut-\u00eatre l\u2019une des plus repr\u00e9sentatives de la M\u00e9diterran\u00e9e. \u00c0 l\u2019int\u00e9rieur de la chambre, de multiples surprises nous attendent, notamment une chemin\u00e9e qui en fait un lieu unique \u00e0 Can Font. La pi\u00e8ce peut accueillir trois personnes gr\u00e2ce \u00e0 son lit king size et \u00e0 son canap\u00e9-lit une place suppl\u00e9mentaire. La salle de bains est tr\u00e8s spacieuse et accueillante, avec des finitions en microciment, de grands miroirs, une s\u00e9paration entre la douche et les toilettes et, comme dans le reste de la chambre, du chauffage avec des radiateurs et un s\u00e8che-serviettes. Si vous le souhaitez, il est possible de faire communiquer la chambre avec une autre, la Colibri en l\u2019occurrence, gr\u00e2ce \u00e0 la porte qui les s\u00e9pare.\r\n\u00a0\r\nColibri: Les colibris ont besoin d\u2019espace ext\u00e9rieur et de nature. C\u2019est ce qu\u2019offre l\u2019immense terrasse priv\u00e9e que vous trouverez dans l\u2019entr\u00e9e de cette chambre. Les vues y sont fantastiques gr\u00e2ce \u00e0 son orientation sud et \u00e0 son emplacement au premier \u00e9tage.\r\nLorsque vous entrerez dans la chambre, vous vous sentirez comme dans un nid douillet, et ce malgr\u00e9 le grand espace et le confort des lieux. L\u2019espace, qui dispose d\u2019un lit king size et d\u2019un canap\u00e9-lit, peut accueillir quatre personnes. Par ailleurs, le mobilier est fantastique, avec de la menuiserie blanche, de grandes armoires et un imposant miroir sur le devant. La chambre poss\u00e8de des radiateurs et un s\u00e8che-serviettes. C\u00f4t\u00e9 salle de bains, la zone de douche et les toilettes sont s\u00e9par\u00e9es.\r\nMais l\u2019\u00e9l\u00e9ment de d\u00e9coration qui donne son caract\u00e8re \u00e0 l\u2019espace, ce sont les deux grands colibris en forme de c\u0153ur qui servent de t\u00eate de lit. Si vous le souhaitez, il est possible de faire communiquer la pi\u00e8ce avec la chambre La Figuera.\r\nLa Roca: La Roca symbolise l\u2019\u00e2me de Can Font de Muntanya, avec son mur de pierre vieux de plusieurs si\u00e8cles, qui appartenait au domaine d\u2019origine. Mais elle symbolise aussi le confort, avec son lit king size et un canap\u00e9-lit pour deux personnes ; la nature, avec sa terrasse privative ; le c\u00f4t\u00e9 pratique, avec une s\u00e9paration entre les douches et les toilettes ; la commodit\u00e9, avec ses radiateurs et son s\u00e8che-serviettes ; sans oublier l\u2019esth\u00e9tique. Cette chambre poss\u00e8de un caract\u00e8re marqu\u00e9 et une belle esth\u00e9tique gr\u00e2ce \u00e0 ses multiples \u00e9l\u00e9ments de d\u00e9coration. Parmi eux, les impressionnants lavabos fabriqu\u00e9s de mani\u00e8re artisanale \u00e0 partir d\u2019anciennes pierres ressortent particuli\u00e8rement.\r\nL&#039;Olivera: Un olivier veille sur l\u2019entr\u00e9e de cette chambre intime en lui offrant tout son symbolisme. Cet espace repr\u00e9sente le renouvellement et le d\u00e9veloppement personnel. Son orientation ouest permet de l\u2019int\u00e9grer parfaitement dans l\u2019environnement. Une sortie directe permet d\u2019acc\u00e9der au grand jardin et aux zones communes, qui occupent un espace important autour du domaine. C\u2019est une chambre sans \u00e9l\u00e9ments inutiles ou gratuits, c\u2019est un clair exemple d\u2019\u00e9l\u00e9gance, de sobri\u00e9t\u00e9 et de la philosophie du moins c\u2019est plus. Elle poss\u00e8de une salle de bains qui poss\u00e8de toutes les commodit\u00e9s, avec une douche et des toilettes. Une chambre tr\u00e8s sp\u00e9ciale pour les gens qui souhaitent couper du quotidien et refaire le plein d\u2019\u00e9nergie.\r\nCapacite: 13 personnes (maxime 8 adultes)\r\nIl est possible d\u2019augmenter la capacit\u00e9 d\u2019h\u00e9bergement en louant deux chambres avec lit King Size et salle de bain privative :\r\n\u00b7\u00a0\u00a0\u00a0\u00a0\u00a0\u00a0\u00a0\u00a0 Chambre La Cova : 250 \u20ac\/nuit\r\n\u00b7\u00a0\u00a0\u00a0\u00a0\u00a0\u00a0\u00a0\u00a0 Chambre La Volta : 250 \u20ac\/nuit\r\nLa Volta\u00a0vous s\u00e9duira avant m\u00eame d\u2019y entrer, en traversant sa terrasse priv\u00e9e accueillante, \u00e9quip\u00e9e de mobilier d\u2019ext\u00e9rieur confortable. Un espace intime et ensoleill\u00e9, parfait pour profiter du plein air et de la nature tout au long de la journ\u00e9e.\r\n\u00c0 l\u2019int\u00e9rieur, vous serez charm\u00e9 par ses plafonds \u00e0 poutres apparentes et son espace g\u00e9n\u00e9reux et chaleureux, domin\u00e9 par un lit majestueux avec une t\u00eate de lit spectaculaire. L\u2019un des \u00e9l\u00e9ments les plus remarquables est une vasque en pierre allong\u00e9e faite \u00e0 la main, \u00e0 la fois d\u00e9corative et fonctionnelle, qui apporte une touche d\u2019authenticit\u00e9 parfaitement \u00e9quilibr\u00e9e avec des \u00e9l\u00e9ments plus d\u00e9licats et raffin\u00e9s.\r\nLa chambre porte ce nom en hommage au plafond vo\u00fbt\u00e9 qui recouvre la zone de la salle de bain. Cet espace original est agenc\u00e9 de mani\u00e8re unique, avec deux douches sym\u00e9triques et une zone de sanitaires s\u00e9par\u00e9e. Les tons doux et l\u2019\u00e9clairage indirect cr\u00e9ent une atmosph\u00e8re paisible, intime et relaxante.\r\nLa Cova\u00a0cette chambre s\u2019ouvre sur une terrasse lumineuse et joyeuse, parfaite pour savourer de longs moments de lecture, de conversation ou tout simplement profiter du soleil en toute intimit\u00e9 et sans interruption.\r\n\u00c0 l\u2019int\u00e9rieur, l\u2019espace rayonne autour de son lit king-size et d\u2019un mobilier soigneusement choisi, cr\u00e9ant une atmosph\u00e8re harmonieuse. Plusieurs d\u00e9tails attirent l\u2019attention, comme la porte et le miroir de la salle de bain, t\u00e9moignant d\u2019un souci du d\u00e9tail exceptionnel.\r\nMais ce qui rend cette chambre vraiment unique, c\u2019est un luxe simple mais inoubliable : une douche sous un toit vitr\u00e9, qui donne l\u2019impression de se doucher en plein air, et un sol en galets arrondis qui offre une sensation naturelle et apaisante sous les pieds.\r\nHUTG-033000\r\n\u00a0\r\n\r\n\r\n\r\n<\/div>\n    <div class=\"n2r__list__item__footer\">\n      <div class=\"n2r__list__item__price\"><span class=\"n2r__list__item__price__from\">D\u00e9s 645 \u20ac <small class=\"n2r__list__item__price__from__type\">\/  Jour<\/small><\/span><\/div>    <\/div>\n  <\/div>\n  <a class=\"n2r__list__item__link\" href=\"https:\/\/www.corredormato.com\/fr\/logement-detail\/louer-villa-can-font-de-muntanya-cruilles-monells-i-sant-sadurni-de-l-heura-10711\/\">Plus<\/a>\n  <\/div><div class=\"n2r__list__item n2r__clickable   \" data-id=\"1950\">\n  <span class=\"n2r__list__item__icon n2r__list__item__icon--with3dtour\" title=\"Avec visite 3d \">360\u00ba<\/span>  <div class=\"n2r__list__item__gallery n2r__slider\">\n    <div class=\"slide-item\"><img data-lazy=\"https:\/\/files.net2rent.com\/pfiles\/43\/1950\/327504-o-m.jpg\" alt=\"CM96 LA GALERA Villa priv\u00e9e \/ Villa Costa Brava Tamariu\" title=\"CM96 LA GALERA Villa priv\u00e9e \/ Villa Costa Brava Tamariu\"><\/div><div class=\"slide-item\"><img data-lazy=\"https:\/\/files.net2rent.com\/pfiles\/43\/1950\/327392-o-m.jpg\" alt=\"CM96 LA GALERA Villa priv\u00e9e \/ Villa Costa Brava Tamariu\" title=\"CM96 LA GALERA Villa priv\u00e9e \/ Villa Costa Brava Tamariu\"><\/div><div class=\"slide-item\"><img data-lazy=\"https:\/\/my.matterport.com\/api\/v1\/player\/models\/VkMqE1Mg4Qy\/thumb?width=696&#038;dpr=2&#038;disable=upscale\" alt=\"CM96 LA GALERA Villa priv\u00e9e \/ Villa Costa Brava Tamariu\" title=\"CM96 LA GALERA Villa priv\u00e9e \/ Villa Costa Brava Tamariu\"><\/div><div class=\"slide-item\"><img data-lazy=\"https:\/\/files.net2rent.com\/pfiles\/43\/1950\/327393-o-m.jpg\" alt=\"CM96 LA GALERA Villa priv\u00e9e \/ Villa Costa Brava Tamariu\" title=\"CM96 LA GALERA Villa priv\u00e9e \/ Villa Costa Brava Tamariu\"><\/div><div class=\"slide-item\"><img data-lazy=\"https:\/\/files.net2rent.com\/pfiles\/43\/1950\/327394-o-m.jpg\" alt=\"CM96 LA GALERA Villa priv\u00e9e \/ Villa Costa Brava Tamariu\" title=\"CM96 LA GALERA Villa priv\u00e9e \/ Villa Costa Brava Tamariu\"><\/div><div class=\"slide-item\"><img data-lazy=\"https:\/\/files.net2rent.com\/pfiles\/43\/1950\/326736-o-m.jpg\" alt=\"CM96 LA GALERA Villa priv\u00e9e \/ Villa Costa Brava Tamariu\" title=\"CM96 LA GALERA Villa priv\u00e9e \/ Villa Costa Brava Tamariu\"><\/div><div class=\"slide-item\"><img data-lazy=\"https:\/\/files.net2rent.com\/pfiles\/43\/1950\/326741-o-m.jpg\" alt=\"CM96 LA GALERA Villa priv\u00e9e \/ Villa Costa Brava Tamariu\" title=\"CM96 LA GALERA Villa priv\u00e9e \/ Villa Costa Brava Tamariu\"><\/div><div class=\"slide-item\"><img data-lazy=\"https:\/\/files.net2rent.com\/pfiles\/43\/1950\/326738-o-m.jpg\" alt=\"CM96 LA GALERA Villa priv\u00e9e \/ Villa Costa Brava Tamariu\" title=\"CM96 LA GALERA Villa priv\u00e9e \/ Villa Costa Brava Tamariu\"><\/div><div class=\"slide-item\"><img data-lazy=\"https:\/\/files.net2rent.com\/pfiles\/43\/1950\/326740-o-m.jpg\" alt=\"CM96 LA GALERA Villa priv\u00e9e \/ Villa Costa Brava Tamariu\" title=\"CM96 LA GALERA Villa priv\u00e9e \/ Villa Costa Brava Tamariu\"><\/div><div class=\"slide-item\"><img data-lazy=\"https:\/\/files.net2rent.com\/pfiles\/43\/1950\/326743-o-m.jpg\" alt=\"CM96 LA GALERA Villa priv\u00e9e \/ Villa Costa Brava Tamariu\" title=\"CM96 LA GALERA Villa priv\u00e9e \/ Villa Costa Brava Tamariu\"><\/div><div class=\"slide-item\"><img data-lazy=\"https:\/\/files.net2rent.com\/pfiles\/43\/1950\/327395-o-m.jpg\" alt=\"CM96 LA GALERA Villa priv\u00e9e \/ Villa Costa Brava Tamariu\" title=\"CM96 LA GALERA Villa priv\u00e9e \/ Villa Costa Brava Tamariu\"><\/div><div class=\"slide-item\"><img data-lazy=\"https:\/\/files.net2rent.com\/pfiles\/43\/1950\/327396-o-m.jpg\" alt=\"CM96 LA GALERA Villa priv\u00e9e \/ Villa Costa Brava Tamariu\" title=\"CM96 LA GALERA Villa priv\u00e9e \/ Villa Costa Brava Tamariu\"><\/div><div class=\"slide-item\"><img data-lazy=\"https:\/\/files.net2rent.com\/pfiles\/43\/1950\/327397-o-m.jpg\" alt=\"CM96 LA GALERA Villa priv\u00e9e \/ Villa Costa Brava Tamariu\" title=\"CM96 LA GALERA Villa priv\u00e9e \/ Villa Costa Brava Tamariu\"><\/div><div class=\"slide-item\"><img data-lazy=\"https:\/\/files.net2rent.com\/pfiles\/43\/1950\/327398-o-m.jpg\" alt=\"CM96 LA GALERA Villa priv\u00e9e \/ Villa Costa Brava Tamariu\" title=\"CM96 LA GALERA Villa priv\u00e9e \/ Villa Costa Brava Tamariu\"><\/div><div class=\"slide-item\"><img data-lazy=\"https:\/\/files.net2rent.com\/pfiles\/43\/1950\/326747-o-m.jpg\" alt=\"CM96 LA GALERA Villa priv\u00e9e \/ Villa Costa Brava Tamariu\" title=\"CM96 LA GALERA Villa priv\u00e9e \/ Villa Costa Brava Tamariu\"><\/div><div class=\"slide-item\"><img data-lazy=\"https:\/\/files.net2rent.com\/pfiles\/43\/1950\/327399-o-m.jpg\" alt=\"CM96 LA GALERA Villa priv\u00e9e \/ Villa Costa Brava Tamariu\" title=\"CM96 LA GALERA Villa priv\u00e9e \/ Villa Costa Brava Tamariu\"><\/div><div class=\"slide-item\"><img data-lazy=\"https:\/\/files.net2rent.com\/pfiles\/43\/1950\/326749-o-m.jpg\" alt=\"CM96 LA GALERA Villa priv\u00e9e \/ Villa Costa Brava Tamariu\" title=\"CM96 LA GALERA Villa priv\u00e9e \/ Villa Costa Brava Tamariu\"><\/div><div class=\"slide-item\"><img data-lazy=\"https:\/\/files.net2rent.com\/pfiles\/43\/1950\/326750-o-m.jpg\" alt=\"CM96 LA GALERA Villa priv\u00e9e \/ Villa Costa Brava Tamariu\" title=\"CM96 LA GALERA Villa priv\u00e9e \/ Villa Costa Brava Tamariu\"><\/div><div class=\"slide-item\"><img data-lazy=\"https:\/\/files.net2rent.com\/pfiles\/43\/1950\/326751-o-m.jpg\" alt=\"CM96 LA GALERA Villa priv\u00e9e \/ Villa Costa Brava Tamariu\" title=\"CM96 LA GALERA Villa priv\u00e9e \/ Villa Costa Brava Tamariu\"><\/div><div class=\"slide-item\"><img data-lazy=\"https:\/\/files.net2rent.com\/pfiles\/43\/1950\/326752-o-m.jpg\" alt=\"CM96 LA GALERA Villa priv\u00e9e \/ Villa Costa Brava Tamariu\" title=\"CM96 LA GALERA Villa priv\u00e9e \/ Villa Costa Brava Tamariu\"><\/div><div class=\"slide-item\"><img data-lazy=\"https:\/\/files.net2rent.com\/pfiles\/43\/1950\/326753-o-m.jpg\" alt=\"CM96 LA GALERA Villa priv\u00e9e \/ Villa Costa Brava Tamariu\" title=\"CM96 LA GALERA Villa priv\u00e9e \/ Villa Costa Brava Tamariu\"><\/div><div class=\"slide-item\"><img data-lazy=\"https:\/\/files.net2rent.com\/pfiles\/43\/1950\/326754-o-m.jpg\" alt=\"CM96 LA GALERA Villa priv\u00e9e \/ Villa Costa Brava Tamariu\" title=\"CM96 LA GALERA Villa priv\u00e9e \/ Villa Costa Brava Tamariu\"><\/div><div class=\"slide-item\"><img data-lazy=\"https:\/\/files.net2rent.com\/pfiles\/43\/1950\/326755-o-m.jpg\" alt=\"CM96 LA GALERA Villa priv\u00e9e \/ Villa Costa Brava Tamariu\" title=\"CM96 LA GALERA Villa priv\u00e9e \/ Villa Costa Brava Tamariu\"><\/div><div class=\"slide-item\"><img data-lazy=\"https:\/\/files.net2rent.com\/pfiles\/43\/1950\/326756-o-m.jpg\" alt=\"CM96 LA GALERA Villa priv\u00e9e \/ Villa Costa Brava Tamariu\" title=\"CM96 LA GALERA Villa priv\u00e9e \/ Villa Costa Brava Tamariu\"><\/div><div class=\"slide-item\"><img data-lazy=\"https:\/\/files.net2rent.com\/pfiles\/43\/1950\/326757-o-m.jpg\" alt=\"CM96 LA GALERA Villa priv\u00e9e \/ Villa Costa Brava Tamariu\" title=\"CM96 LA GALERA Villa priv\u00e9e \/ Villa Costa Brava Tamariu\"><\/div><div class=\"slide-item\"><img data-lazy=\"https:\/\/files.net2rent.com\/pfiles\/43\/1950\/326760-o-m.jpg\" alt=\"CM96 LA GALERA Villa priv\u00e9e \/ Villa Costa Brava Tamariu\" title=\"CM96 LA GALERA Villa priv\u00e9e \/ Villa Costa Brava Tamariu\"><\/div><div class=\"slide-item\"><img data-lazy=\"https:\/\/files.net2rent.com\/pfiles\/43\/1950\/231523-o-m.jpg\" alt=\"CM96 LA GALERA Villa priv\u00e9e  Tamariu\" title=\"CM96 LA GALERA Villa priv\u00e9e  Tamariu\"><\/div><div class=\"slide-item\"><img data-lazy=\"https:\/\/files.net2rent.com\/pfiles\/43\/1950\/231525-o-m.jpg\" alt=\"CM96 LA GALERA Villa priv\u00e9e  Tamariu\" title=\"CM96 LA GALERA Villa priv\u00e9e  Tamariu\"><\/div><div class=\"slide-item\"><img data-lazy=\"https:\/\/files.net2rent.com\/pfiles\/43\/1950\/231526-o-m.jpg\" alt=\"CM96 LA GALERA Villa priv\u00e9e  Tamariu\" title=\"CM96 LA GALERA Villa priv\u00e9e  Tamariu\"><\/div><div class=\"slide-item\"><img data-lazy=\"https:\/\/files.net2rent.com\/pfiles\/43\/1950\/231529-o-m.jpg\" alt=\"CM96 LA GALERA Villa priv\u00e9e  Tamariu\" title=\"CM96 LA GALERA Villa priv\u00e9e  Tamariu\"><\/div><div class=\"slide-item\"><img data-lazy=\"https:\/\/files.net2rent.com\/pfiles\/43\/1950\/231530-o-m.jpg\" alt=\"CM96 LA GALERA Villa priv\u00e9e  Tamariu\" title=\"CM96 LA GALERA Villa priv\u00e9e  Tamariu\"><\/div><div class=\"slide-item\"><img data-lazy=\"https:\/\/files.net2rent.com\/pfiles\/43\/1950\/326759-o-m.jpg\" alt=\"CM96 LA GALERA Villa priv\u00e9e \/ Villa Costa Brava Tamariu\" title=\"CM96 LA GALERA Villa priv\u00e9e \/ Villa Costa Brava Tamariu\"><\/div><div class=\"slide-item\"><img data-lazy=\"https:\/\/files.net2rent.com\/pfiles\/43\/1950\/231532-o-m.jpg\" alt=\"CM96 LA GALERA Villa priv\u00e9e  Tamariu\" title=\"CM96 LA GALERA Villa priv\u00e9e  Tamariu\"><\/div><div class=\"slide-item\"><img data-lazy=\"https:\/\/files.net2rent.com\/pfiles\/43\/1950\/295708-o-m.jpg\" alt=\"CM96 LA GALERA Villa priv\u00e9e \/ Villa Costa Brava Tamariu\" title=\"CM96 LA GALERA Villa priv\u00e9e \/ Villa Costa Brava Tamariu\"><\/div>  <\/div>\n\n  <div class=\"n2r__list__item__info\">\n    <div class=\"n2r__list__item__title\">\n      <h2 class=\"n2r__list__item__name\">\n        <a href=\"https:\/\/www.corredormato.com\/fr\/logement-detail\/louer-villa-la-galera-tamariu-1950\/\">VILLA LA GALERA villa avec piscine et vue mer \u00e0 Tamariu  Costa Brava<\/a>\n      <\/h2>\n          <\/div>\n    <div class=\"n2r__list__item__title\">\n      <div class=\"n2r__list__item__reference\">Ref: CM96<\/div>\n      <div class=\"n2r__list__item__turisticreference\">HUTG-052840-21<\/div>      <div class=\"n2r__list__item__city\">Tamariu<\/div>\n              <div class=\"n2r__list__item__rating\">\n          <div class=\"n2r__rating\">\n            <div class=\"n2r__rating__complete\" style=\"width:90%\"><\/div>\n          <\/div>\n        <\/div>\n          <\/div>\n    <div class=\"n2r__list__item__features\">\n      <div class=\"n2r__list__item__feature n2r__list__item__feature--rooms\" title=\"4 chambres \u00e0 coucher\"><i class=\"n2r_room\"><\/i> 4<\/div><div class=\"n2r__list__item__feature n2r__list__item__feature--capacity\" title=\"8 pax\"><i class=\"n2r_people\"><\/i> 8<\/div><div class=\"n2r__list__item__feature n2r__list__item__feature--bathrooms\" title=\"3 toilettes\"><i class=\"n2r_toilet\"><\/i> 3<\/div><div class=\"n2r__list__item__feature n2r__list__item__feature--terrace\" title=\"terrasse\"><i class=\"n2r_terrace\"><\/i> <\/div><div class=\"n2r__list__item__feature n2r__list__item__feature--pool\" title=\"piscine\"><i class=\"n2r_swimming_pool\"><\/i> <\/div>    <\/div>\n    <div class=\"n2r__list__item__description\">VILLA LA GALERA\u00a0 Location villa avec piscine et vue mer \u00e0 Tamariu Costa Brava\r\nTamariu est l&#039;une des criques les plus exclusives de la Costa Brava. La Villa La Galera se trouve juste l\u00e0, \u00e0 400 m\u00e8tres de la plage, avec piscine \u00e0 d\u00e9bordement et la M\u00e9diterran\u00e9e comme horizon permanent.\r\nEmplacement privil\u00e9gi\u00e9 \u00e0 Tamariu\r\n\u00c0 seulement 400 m\u00e8tres \u00e0 pied de la plage de Tamariu \u2014 l&#039;une des criques les plus tranquilles et les mieux not\u00e9es de la Costa Brava \u2014 cette location de vacances vous place au c\u0153ur de la nature m\u00e9diterran\u00e9enne sans sacrifier aucun confort.\r\nExt\u00e9rieur con\u00e7u pour vivre en plein air\r\nLa piscine \u00e0 d\u00e9bordement avec effet infini, la terrasse en bois avec vue sur la mer, le jardin priv\u00e9 entour\u00e9 d&#039;arbres fruitiers et l&#039;espace chill-out font de cette location vacances une destination en soi. Sans voisins au-dessus. Sans bruit. La terrasse couverte comprend une salle \u00e0 manger ext\u00e9rieure et une cuisine d&#039;\u00e9t\u00e9 avec barbecue, parfaite pour d\u00eener en plein air sur la Costa Brava.\r\nInt\u00e9rieur lumineux et enti\u00e8rement \u00e9quip\u00e9\r\nLa lumi\u00e8re envahit tout. De grandes baies vitr\u00e9es et des portes coulissantes en verre relient directement le salon-salle \u00e0 manger avec chemin\u00e9e au jardin et \u00e0 la piscine. La cuisine am\u00e9ricaine est enti\u00e8rement \u00e9quip\u00e9e. Lave-linge et s\u00e8che-linge inclus. Il ne manque rien.\r\n4 chambres \u00b7 3 salles de bain \u00b7 Capacit\u00e9 pour 8 personnes\r\n\r\nSuite principale avec grand lit et salle de bain priv\u00e9e avec baignoire et douche.\r\nChambre twin et chambre double avec salle de bain partag\u00e9e avec douche.\r\nAnnexe ind\u00e9pendante : studio + chambre double avec salle de bain priv\u00e9e. Parfaite pour deux familles ou pour ceux qui souhaitent leur propre espace au sein de la m\u00eame location.\r\n\r\nPourquoi choisir cette location de vacances \u00e0 Tamariu :\r\n\u2714 Piscine priv\u00e9e \u00e0 d\u00e9bordement avec vue sur la mer \u2714 \u00c0 400m de la plage de Tamariu \u2714 Jardin priv\u00e9 en toute intimit\u00e9 \u2714 Parking couvert pour 3 voitures \u2714 Chauffage disponible en mi-saison\r\nS\u00e9jour minimum : 3 nuits. Suppl\u00e9ment m\u00e9nage de 100 \u20ac pour les s\u00e9jours inf\u00e9rieurs \u00e0 1 semaine (non inclus dans le prix de location). Licence touristique : HUTG-052840-21.<\/div>\n    <div class=\"n2r__list__item__footer\">\n      <div class=\"n2r__list__item__price\"><span class=\"n2r__list__item__price__from\">D\u00e9s 1.020 \u20ac <small class=\"n2r__list__item__price__from__type\">\/  Jour<\/small><\/span><\/div>    <\/div>\n  <\/div>\n  <a class=\"n2r__list__item__link\" href=\"https:\/\/www.corredormato.com\/fr\/logement-detail\/louer-villa-la-galera-tamariu-1950\/\">Plus<\/a>\n  <\/div><div class=\"n2r__list__item n2r__clickable   \" data-id=\"2559\">\n  <span class=\"n2r__list__item__label n2r__list__item__label--offer\">Offre<\/span><span class=\"n2r__list__item__icon n2r__list__item__icon--with3dtour\" title=\"Avec visite 3d \">360\u00ba<\/span>  <div class=\"n2r__list__item__gallery n2r__slider\">\n    <div class=\"slide-item\"><img data-lazy=\"https:\/\/files.net2rent.com\/pfiles\/43\/2559\/157918-o-m.jpg\" alt=\"CM718 FILIPINAS Villa priv\u00e9e  Tamariu\" title=\"CM718 FILIPINAS Villa priv\u00e9e  Tamariu\"><\/div><div class=\"slide-item\"><img data-lazy=\"https:\/\/files.net2rent.com\/pfiles\/43\/2559\/307953-o-m.jpg\" alt=\"CM718 FILIPINAS Villa priv\u00e9e \/ Villa Costa Brava Tamariu\" title=\"CM718 FILIPINAS Villa priv\u00e9e \/ Villa Costa Brava Tamariu\"><\/div><div class=\"slide-item\"><img data-lazy=\"https:\/\/files.net2rent.com\/pfiles\/43\/2559\/157913-o-m.jpg\" alt=\"CM718 FILIPINAS Villa priv\u00e9e  Tamariu\" title=\"CM718 FILIPINAS Villa priv\u00e9e  Tamariu\"><\/div><div class=\"slide-item\"><img data-lazy=\"https:\/\/files.net2rent.com\/pfiles\/43\/2559\/157914-o-m.jpg\" alt=\"CM718 FILIPINAS Villa priv\u00e9e  Tamariu\" title=\"CM718 FILIPINAS Villa priv\u00e9e  Tamariu\"><\/div><div class=\"slide-item\"><img data-lazy=\"https:\/\/files.net2rent.com\/pfiles\/43\/2559\/157916-o-m.jpg\" alt=\"CM718 FILIPINAS Villa priv\u00e9e  Tamariu\" title=\"CM718 FILIPINAS Villa priv\u00e9e  Tamariu\"><\/div><div class=\"slide-item\"><img data-lazy=\"https:\/\/files.net2rent.com\/pfiles\/43\/2559\/157917-o-m.jpg\" alt=\"CM718 FILIPINAS Villa priv\u00e9e  Tamariu\" title=\"CM718 FILIPINAS Villa priv\u00e9e  Tamariu\"><\/div><div class=\"slide-item\"><img data-lazy=\"https:\/\/files.net2rent.com\/pfiles\/43\/2559\/157919-o-m.jpg\" alt=\"CM718 FILIPINAS Villa priv\u00e9e  Tamariu\" title=\"CM718 FILIPINAS Villa priv\u00e9e  Tamariu\"><\/div><div class=\"slide-item\"><img data-lazy=\"https:\/\/files.net2rent.com\/pfiles\/43\/2559\/157920-o-m.jpg\" alt=\"CM718 FILIPINAS Villa priv\u00e9e  Tamariu\" title=\"CM718 FILIPINAS Villa priv\u00e9e  Tamariu\"><\/div><div class=\"slide-item\"><img data-lazy=\"https:\/\/files.net2rent.com\/pfiles\/43\/2559\/157921-o-m.jpg\" alt=\"CM718 FILIPINAS Villa priv\u00e9e  Tamariu\" title=\"CM718 FILIPINAS Villa priv\u00e9e  Tamariu\"><\/div><div class=\"slide-item\"><img data-lazy=\"https:\/\/files.net2rent.com\/pfiles\/43\/2559\/157922-o-m.jpg\" alt=\"CM718 FILIPINAS Villa priv\u00e9e  Tamariu\" title=\"CM718 FILIPINAS Villa priv\u00e9e  Tamariu\"><\/div><div class=\"slide-item\"><img data-lazy=\"https:\/\/files.net2rent.com\/pfiles\/43\/2559\/157923-o-m.jpg\" alt=\"CM718 FILIPINAS Villa priv\u00e9e  Tamariu\" title=\"CM718 FILIPINAS Villa priv\u00e9e  Tamariu\"><\/div><div class=\"slide-item\"><img data-lazy=\"https:\/\/files.net2rent.com\/pfiles\/43\/2559\/157924-o-m.jpg\" alt=\"CM718 FILIPINAS Villa priv\u00e9e  Tamariu\" title=\"CM718 FILIPINAS Villa priv\u00e9e  Tamariu\"><\/div><div class=\"slide-item\"><img data-lazy=\"https:\/\/files.net2rent.com\/pfiles\/43\/2559\/157925-o-m.jpg\" alt=\"CM718 FILIPINAS Villa priv\u00e9e  Tamariu\" title=\"CM718 FILIPINAS Villa priv\u00e9e  Tamariu\"><\/div><div class=\"slide-item\"><img data-lazy=\"https:\/\/files.net2rent.com\/pfiles\/43\/2559\/157926-o-m.jpg\" alt=\"CM718 FILIPINAS Villa priv\u00e9e  Tamariu\" title=\"CM718 FILIPINAS Villa priv\u00e9e  Tamariu\"><\/div><div class=\"slide-item\"><img data-lazy=\"https:\/\/files.net2rent.com\/pfiles\/43\/2559\/157927-o-m.jpg\" alt=\"CM718 FILIPINAS Villa priv\u00e9e  Tamariu\" title=\"CM718 FILIPINAS Villa priv\u00e9e  Tamariu\"><\/div><div class=\"slide-item\"><img data-lazy=\"https:\/\/files.net2rent.com\/pfiles\/43\/2559\/157928-o-m.jpg\" alt=\"CM718 FILIPINAS Villa priv\u00e9e  Tamariu\" title=\"CM718 FILIPINAS Villa priv\u00e9e  Tamariu\"><\/div><div class=\"slide-item\"><img data-lazy=\"https:\/\/files.net2rent.com\/pfiles\/43\/2559\/157929-o-m.jpg\" alt=\"CM718 FILIPINAS Villa priv\u00e9e  Tamariu\" title=\"CM718 FILIPINAS Villa priv\u00e9e  Tamariu\"><\/div><div class=\"slide-item\"><img data-lazy=\"https:\/\/files.net2rent.com\/pfiles\/43\/2559\/157932-o-m.jpg\" alt=\"CM718 FILIPINAS Villa priv\u00e9e  Tamariu\" title=\"CM718 FILIPINAS Villa priv\u00e9e  Tamariu\"><\/div><div class=\"slide-item\"><img data-lazy=\"https:\/\/files.net2rent.com\/pfiles\/43\/2559\/157930-o-m.jpg\" alt=\"CM718 FILIPINAS Villa priv\u00e9e  Tamariu\" title=\"CM718 FILIPINAS Villa priv\u00e9e  Tamariu\"><\/div><div class=\"slide-item\"><img data-lazy=\"https:\/\/files.net2rent.com\/pfiles\/43\/2559\/157931-o-m.jpg\" alt=\"CM718 FILIPINAS Villa priv\u00e9e  Tamariu\" title=\"CM718 FILIPINAS Villa priv\u00e9e  Tamariu\"><\/div><div class=\"slide-item\"><img data-lazy=\"https:\/\/files.net2rent.com\/pfiles\/43\/2559\/157933-o-m.jpg\" alt=\"CM718 FILIPINAS Villa priv\u00e9e  Tamariu\" title=\"CM718 FILIPINAS Villa priv\u00e9e  Tamariu\"><\/div><div class=\"slide-item\"><img data-lazy=\"https:\/\/files.net2rent.com\/pfiles\/43\/2559\/295706-o-m.jpg\" alt=\"CM718 FILIPINAS Villa priv\u00e9e \/ Villa Costa Brava Tamariu\" title=\"CM718 FILIPINAS Villa priv\u00e9e \/ Villa Costa Brava Tamariu\"><\/div><div class=\"slide-item\"><img data-lazy=\"https:\/\/files.net2rent.com\/pfiles\/43\/2559\/295707-o-m.jpg\" alt=\"CM718 FILIPINAS Villa priv\u00e9e \/ Villa Costa Brava Tamariu\" title=\"CM718 FILIPINAS Villa priv\u00e9e \/ Villa Costa Brava Tamariu\"><\/div><div class=\"slide-item\"><img data-lazy=\"https:\/\/my.matterport.com\/api\/v1\/player\/models\/ch8LiCnqPaf\/thumb?width=696&#038;dpr=2&#038;disable=upscale\" alt=\"CM718 FILIPINAS Villa priv\u00e9e \/ Villa Costa Brava Tamariu\" title=\"CM718 FILIPINAS Villa priv\u00e9e \/ Villa Costa Brava Tamariu\"><\/div><div class=\"slide-item\"><img data-lazy=\"https:\/\/files.net2rent.com\/pfiles\/43\/2559\/473254-m.jpg\" alt=\"CM718 FILIPINAS Villa priv\u00e9e \/ Villa Costa Brava Tamariu\" title=\"CM718 FILIPINAS Villa priv\u00e9e \/ Villa Costa Brava Tamariu\"><\/div><div class=\"slide-item\"><img data-lazy=\"https:\/\/files.net2rent.com\/pfiles\/43\/2559\/473244-m.jpg\" alt=\"CM718 FILIPINAS Villa priv\u00e9e \/ Villa Costa Brava Tamariu\" title=\"CM718 FILIPINAS Villa priv\u00e9e \/ Villa Costa Brava Tamariu\"><\/div><div class=\"slide-item\"><img data-lazy=\"https:\/\/files.net2rent.com\/pfiles\/43\/2559\/473245-m.jpg\" alt=\"CM718 FILIPINAS Villa priv\u00e9e \/ Villa Costa Brava Tamariu\" title=\"CM718 FILIPINAS Villa priv\u00e9e \/ Villa Costa Brava Tamariu\"><\/div><div class=\"slide-item\"><img data-lazy=\"https:\/\/files.net2rent.com\/pfiles\/43\/2559\/473246-m.jpg\" alt=\"CM718 FILIPINAS Villa priv\u00e9e \/ Villa Costa Brava Tamariu\" title=\"CM718 FILIPINAS Villa priv\u00e9e \/ Villa Costa Brava Tamariu\"><\/div><div class=\"slide-item\"><img data-lazy=\"https:\/\/files.net2rent.com\/pfiles\/43\/2559\/473247-m.jpg\" alt=\"CM718 FILIPINAS Villa priv\u00e9e \/ Villa Costa Brava Tamariu\" title=\"CM718 FILIPINAS Villa priv\u00e9e \/ Villa Costa Brava Tamariu\"><\/div><div class=\"slide-item\"><img data-lazy=\"https:\/\/files.net2rent.com\/pfiles\/43\/2559\/473248-m.jpg\" alt=\"CM718 FILIPINAS Villa priv\u00e9e \/ Villa Costa Brava Tamariu\" title=\"CM718 FILIPINAS Villa priv\u00e9e \/ Villa Costa Brava Tamariu\"><\/div><div class=\"slide-item\"><img data-lazy=\"https:\/\/files.net2rent.com\/pfiles\/43\/2559\/473249-m.jpg\" alt=\"CM718 FILIPINAS Villa priv\u00e9e \/ Villa Costa Brava Tamariu\" title=\"CM718 FILIPINAS Villa priv\u00e9e \/ Villa Costa Brava Tamariu\"><\/div><div class=\"slide-item\"><img data-lazy=\"https:\/\/files.net2rent.com\/pfiles\/43\/2559\/473250-m.jpg\" alt=\"CM718 FILIPINAS Villa priv\u00e9e \/ Villa Costa Brava Tamariu\" title=\"CM718 FILIPINAS Villa priv\u00e9e \/ Villa Costa Brava Tamariu\"><\/div><div class=\"slide-item\"><img data-lazy=\"https:\/\/files.net2rent.com\/pfiles\/43\/2559\/473251-m.jpg\" alt=\"CM718 FILIPINAS Villa priv\u00e9e \/ Villa Costa Brava Tamariu\" title=\"CM718 FILIPINAS Villa priv\u00e9e \/ Villa Costa Brava Tamariu\"><\/div><div class=\"slide-item\"><img data-lazy=\"https:\/\/files.net2rent.com\/pfiles\/43\/2559\/473252-m.jpg\" alt=\"CM718 FILIPINAS Villa priv\u00e9e \/ Villa Costa Brava Tamariu\" title=\"CM718 FILIPINAS Villa priv\u00e9e \/ Villa Costa Brava Tamariu\"><\/div><div class=\"slide-item\"><img data-lazy=\"https:\/\/files.net2rent.com\/pfiles\/43\/2559\/473253-m.jpg\" alt=\"CM718 FILIPINAS Villa priv\u00e9e \/ Villa Costa Brava Tamariu\" title=\"CM718 FILIPINAS Villa priv\u00e9e \/ Villa Costa Brava Tamariu\"><\/div><div class=\"slide-item\"><img data-lazy=\"https:\/\/files.net2rent.com\/pfiles\/43\/2559\/473255-m.jpg\" alt=\"CM718 FILIPINAS Villa priv\u00e9e \/ Villa Costa Brava Tamariu\" title=\"CM718 FILIPINAS Villa priv\u00e9e \/ Villa Costa Brava Tamariu\"><\/div>  <\/div>\n\n  <div class=\"n2r__list__item__info\">\n    <div class=\"n2r__list__item__title\">\n      <h2 class=\"n2r__list__item__name\">\n        <a href=\"https:\/\/www.corredormato.com\/fr\/logement-detail\/louer-villa-filipinas-tamariu-2559\/?checkin=2026-05-29&#038;checkout=2026-06-05\">Villa Filipinas \u2013 Villa avec piscine priv\u00e9e et jardin \u00e0 Tamariu, Costa Brava<\/a>\n      <\/h2>\n          <\/div>\n    <div class=\"n2r__list__item__title\">\n      <div class=\"n2r__list__item__reference\">Ref: CM718<\/div>\n      <div class=\"n2r__list__item__turisticreference\">HUTG-008979-12<\/div>      <div class=\"n2r__list__item__city\">Tamariu<\/div>\n              <div class=\"n2r__list__item__rating\">\n          <div class=\"n2r__rating\">\n            <div class=\"n2r__rating__complete\" style=\"width:90%\"><\/div>\n          <\/div>\n        <\/div>\n          <\/div>\n    <div class=\"n2r__list__item__features\">\n      <div class=\"n2r__list__item__feature n2r__list__item__feature--rooms\" title=\"4 chambres \u00e0 coucher\"><i class=\"n2r_room\"><\/i> 4<\/div><div class=\"n2r__list__item__feature n2r__list__item__feature--capacity\" title=\"8 pax\"><i class=\"n2r_people\"><\/i> 8<\/div><div class=\"n2r__list__item__feature n2r__list__item__feature--bathrooms\" title=\"5 toilettes\"><i class=\"n2r_toilet\"><\/i> 5<\/div><div class=\"n2r__list__item__feature n2r__list__item__feature--terrace\" title=\"terrasse\"><i class=\"n2r_terrace\"><\/i> <\/div><div class=\"n2r__list__item__feature n2r__list__item__feature--property_meters\" title=\"M\u00e8tres de la propri\u00e9t\u00e9\"><i class=\"n2r_property_meters\"><\/i> 265 m<sup>2<\/sup><\/div><div class=\"n2r__list__item__feature n2r__list__item__feature--pool\" title=\"piscine\"><i class=\"n2r_swimming_pool\"><\/i> <\/div>    <\/div>\n    <div class=\"n2r__list__item__description\">Villa Filipinas avec piscine priv\u00e9e \u00e0 Tamariu \u2013 Costa Brava\r\nSpectaculaire villa individuelle situ\u00e9e dans le quartier r\u00e9sidentiel exclusif de Tamariu, l&#039;un des villages les plus tranquilles et authentiques de la Costa Brava. Orient\u00e9e plein sud, avec jardin priv\u00e9 et piscine \u00e0 usage exclusif, cette propri\u00e9t\u00e9 est un choix exceptionnel pour les familles qui recherchent espace, intimit\u00e9 et proximit\u00e9 de la mer dans un cadre calme et pr\u00e9serv\u00e9.\r\nLa villa offre 265 m\u00b2 r\u00e9partis sur deux niveaux, pour une capacit\u00e9 maximale de 8 personnes. Son design moderne et lumineux \u2014 avec de grandes baies vitr\u00e9es, des finitions contemporaines, des sols en carrelage et des murs aux tons clairs \u2014 cr\u00e9e une atmosph\u00e8re spacieuse et confortable d\u00e8s l&#039;arriv\u00e9e.\r\nRez-de-chauss\u00e9e L&#039;entr\u00e9e m\u00e8ne par un hall avec vestiaire vers un grand salon avec chemin\u00e9e, ouvert sur la salle \u00e0 manger et avec acc\u00e8s direct \u00e0 la terrasse, au jardin et \u00e0 la piscine. La cuisine est enti\u00e8rement \u00e9quip\u00e9e avec plaque \u00e9lectrique, four, r\u00e9frig\u00e9rateur-cong\u00e9lateur am\u00e9ricain, lave-vaisselle, micro-ondes, cafeti\u00e8re et un \u00eelot central faisant office de bar petit-d\u00e9jeuner. Une chambre double avec salle de bain compl\u00e8te se trouve \u00e9galement \u00e0 ce niveau.\r\n\u00c9tage Trois chambres doubles, chacune avec sa propre salle de bain privative. L&#039;une d&#039;elles dispose d&#039;une terrasse priv\u00e9e avec vue sur le jardin et la piscine. La configuration en suite \u00e9vite les files d&#039;attente le matin \u2014 id\u00e9ale pour deux familles ou un grand groupe.\r\nEspace ext\u00e9rieur Jardin priv\u00e9 avec piscine \u00e0 usage exclusif, orient\u00e9e sud pour profiter du soleil toute la journ\u00e9e, mobilier de jardin, chaises longues, auvent et barbecue. L&#039;espace ext\u00e9rieur est g\u00e9n\u00e9reux et con\u00e7u pour \u00eatre appr\u00e9ci\u00e9 du matin au soir.\r\n\u00c9quipement complet Garage, WiFi, chauffage au fioul, climatisation, lave-linge, fer \u00e0 repasser, TV, TNT, DVD, cha\u00eene hi-fi, placards int\u00e9gr\u00e9s, barbecue portable et tout l&#039;\u00e9quipement de cuisine n\u00e9cessaire. La villa est pr\u00eate pour un s\u00e9jour confortable en toute saison.\r\nTamariu est un petit village tranquille de la Costa Brava, sans bruit ni foule, avec une plage de sable fin bord\u00e9e de pins et un front de mer anim\u00e9 de restaurants et de bars de plage. C&#039;est la base id\u00e9ale pour explorer les criques et les villages du Baix Empord\u00e0.\r\nCapacit\u00e9 maximale : 8 personnes \u00b7 Chambres : 4 \u00b7 Salles de bain : 4 \u00b7 Surface : 265 m\u00b2 Num\u00e9ro d&#039;enregistrement touristique : HUTG-008979-12<\/div>\n    <div class=\"n2r__list__item__footer\">\n      <div class=\"n2r__list__item__price\"><div class=\"n2r__list__item__price__offers\"><div class=\"n2r__list__item__price__offer\">\n          <span class=\"n2r__list__item__price__offer__amount n2r__list__item__price__offer__amount--original\">2.170 \u20ac<\/span>\n          <span class=\"n2r__list__item__price__offer__amount\">\n            995 \u20ac\n          <\/span>\n          <span class=\"n2r__list__item__price__offer__dates\">\n            D\u00e9s 29\/05\/2026 \u00c0 05\/06\/2026\n          <\/span>\n          <span class=\"n2r__list__item__price__offer__conditions\">\n            \n          <\/span>\n        <\/div><\/div><\/div>    <\/div>\n  <\/div>\n  <a class=\"n2r__list__item__link\" href=\"https:\/\/www.corredormato.com\/fr\/logement-detail\/louer-villa-filipinas-tamariu-2559\/?checkin=2026-05-29&#038;checkout=2026-06-05\">Plus<\/a>\n  <\/div><div class=\"n2r__list__item n2r__clickable   \" data-id=\"27095\">\n    <div class=\"n2r__list__item__gallery n2r__slider\">\n    <div class=\"slide-item\"><img data-lazy=\"https:\/\/files.net2rent.com\/pfiles\/43\/27095\/619964-m.jpg\" alt=\"CM2378 SA TORTUGA Villa priv\u00e9e \/ Villa  Sa Riera\" title=\"CM2378 SA TORTUGA Villa priv\u00e9e \/ Villa  Sa Riera\"><\/div><div class=\"slide-item\"><img data-lazy=\"https:\/\/files.net2rent.com\/pfiles\/43\/27095\/619965-m.jpg\" alt=\"CM2378 SA TORTUGA Villa priv\u00e9e \/ Villa  Sa Riera\" title=\"CM2378 SA TORTUGA Villa priv\u00e9e \/ Villa  Sa Riera\"><\/div><div class=\"slide-item\"><img data-lazy=\"https:\/\/files.net2rent.com\/pfiles\/43\/27095\/619966-m.jpg\" alt=\"CM2378 SA TORTUGA Villa priv\u00e9e \/ Villa  Sa Riera\" title=\"CM2378 SA TORTUGA Villa priv\u00e9e \/ Villa  Sa Riera\"><\/div><div class=\"slide-item\"><img data-lazy=\"https:\/\/files.net2rent.com\/pfiles\/43\/27095\/619967-m.jpg\" alt=\"CM2378 SA TORTUGA Villa priv\u00e9e \/ Villa  Sa Riera\" title=\"CM2378 SA TORTUGA Villa priv\u00e9e \/ Villa  Sa Riera\"><\/div><div class=\"slide-item\"><img data-lazy=\"https:\/\/files.net2rent.com\/pfiles\/43\/27095\/619968-m.jpg\" alt=\"CM2378 SA TORTUGA Villa priv\u00e9e \/ Villa  Sa Riera\" title=\"CM2378 SA TORTUGA Villa priv\u00e9e \/ Villa  Sa Riera\"><\/div><div class=\"slide-item\"><img data-lazy=\"https:\/\/files.net2rent.com\/pfiles\/43\/27095\/619969-m.jpg\" alt=\"CM2378 SA TORTUGA Villa priv\u00e9e \/ Villa  Sa Riera\" title=\"CM2378 SA TORTUGA Villa priv\u00e9e \/ Villa  Sa Riera\"><\/div><div class=\"slide-item\"><img data-lazy=\"https:\/\/files.net2rent.com\/pfiles\/43\/27095\/619970-m.jpg\" alt=\"CM2378 SA TORTUGA Villa priv\u00e9e \/ Villa  Sa Riera\" title=\"CM2378 SA TORTUGA Villa priv\u00e9e \/ Villa  Sa Riera\"><\/div><div class=\"slide-item\"><img data-lazy=\"https:\/\/files.net2rent.com\/pfiles\/43\/27095\/619971-m.jpg\" alt=\"CM2378 SA TORTUGA Villa priv\u00e9e \/ Villa  Sa Riera\" title=\"CM2378 SA TORTUGA Villa priv\u00e9e \/ Villa  Sa Riera\"><\/div><div class=\"slide-item\"><img data-lazy=\"https:\/\/files.net2rent.com\/pfiles\/43\/27095\/619972-m.jpg\" alt=\"CM2378 SA TORTUGA Villa priv\u00e9e \/ Villa  Sa Riera\" title=\"CM2378 SA TORTUGA Villa priv\u00e9e \/ Villa  Sa Riera\"><\/div><div class=\"slide-item\"><img data-lazy=\"https:\/\/files.net2rent.com\/pfiles\/43\/27095\/619973-m.jpg\" alt=\"CM2378 SA TORTUGA Villa priv\u00e9e \/ Villa  Sa Riera\" title=\"CM2378 SA TORTUGA Villa priv\u00e9e \/ Villa  Sa Riera\"><\/div><div class=\"slide-item\"><img data-lazy=\"https:\/\/files.net2rent.com\/pfiles\/43\/27095\/619974-m.jpg\" alt=\"CM2378 SA TORTUGA Villa priv\u00e9e \/ Villa  Sa Riera\" title=\"CM2378 SA TORTUGA Villa priv\u00e9e \/ Villa  Sa Riera\"><\/div><div class=\"slide-item\"><img data-lazy=\"https:\/\/files.net2rent.com\/pfiles\/43\/27095\/619975-m.jpg\" alt=\"CM2378 SA TORTUGA Villa priv\u00e9e \/ Villa  Sa Riera\" title=\"CM2378 SA TORTUGA Villa priv\u00e9e \/ Villa  Sa Riera\"><\/div><div class=\"slide-item\"><img data-lazy=\"https:\/\/files.net2rent.com\/pfiles\/43\/27095\/619976-m.jpg\" alt=\"CM2378 SA TORTUGA Villa priv\u00e9e \/ Villa  Sa Riera\" title=\"CM2378 SA TORTUGA Villa priv\u00e9e \/ Villa  Sa Riera\"><\/div><div class=\"slide-item\"><img data-lazy=\"https:\/\/files.net2rent.com\/pfiles\/43\/27095\/619977-m.jpg\" alt=\"CM2378 SA TORTUGA Villa priv\u00e9e \/ Villa  Sa Riera\" title=\"CM2378 SA TORTUGA Villa priv\u00e9e \/ Villa  Sa Riera\"><\/div><div class=\"slide-item\"><img data-lazy=\"https:\/\/files.net2rent.com\/pfiles\/43\/27095\/619978-m.jpg\" alt=\"CM2378 SA TORTUGA Villa priv\u00e9e \/ Villa  Sa Riera\" title=\"CM2378 SA TORTUGA Villa priv\u00e9e \/ Villa  Sa Riera\"><\/div><div class=\"slide-item\"><img data-lazy=\"https:\/\/files.net2rent.com\/pfiles\/43\/27095\/619979-m.jpg\" alt=\"CM2378 SA TORTUGA Villa priv\u00e9e \/ Villa  Sa Riera\" title=\"CM2378 SA TORTUGA Villa priv\u00e9e \/ Villa  Sa Riera\"><\/div><div class=\"slide-item\"><img data-lazy=\"https:\/\/files.net2rent.com\/pfiles\/43\/27095\/619980-m.jpg\" alt=\"CM2378 SA TORTUGA Villa priv\u00e9e \/ Villa  Sa Riera\" title=\"CM2378 SA TORTUGA Villa priv\u00e9e \/ Villa  Sa Riera\"><\/div><div class=\"slide-item\"><img data-lazy=\"https:\/\/files.net2rent.com\/pfiles\/43\/27095\/619981-m.jpg\" alt=\"CM2378 SA TORTUGA Villa priv\u00e9e \/ Villa  Sa Riera\" title=\"CM2378 SA TORTUGA Villa priv\u00e9e \/ Villa  Sa Riera\"><\/div><div class=\"slide-item\"><img data-lazy=\"https:\/\/files.net2rent.com\/pfiles\/43\/27095\/619982-m.jpg\" alt=\"CM2378 SA TORTUGA Villa priv\u00e9e \/ Villa  Sa Riera\" title=\"CM2378 SA TORTUGA Villa priv\u00e9e \/ Villa  Sa Riera\"><\/div><div class=\"slide-item\"><img data-lazy=\"https:\/\/files.net2rent.com\/pfiles\/43\/27095\/619983-m.jpg\" alt=\"CM2378 SA TORTUGA Villa priv\u00e9e \/ Villa  Sa Riera\" title=\"CM2378 SA TORTUGA Villa priv\u00e9e \/ Villa  Sa Riera\"><\/div><div class=\"slide-item\"><img data-lazy=\"https:\/\/files.net2rent.com\/pfiles\/43\/27095\/619984-m.jpg\" alt=\"CM2378 SA TORTUGA Villa priv\u00e9e \/ Villa  Sa Riera\" title=\"CM2378 SA TORTUGA Villa priv\u00e9e \/ Villa  Sa Riera\"><\/div><div class=\"slide-item\"><img data-lazy=\"https:\/\/files.net2rent.com\/pfiles\/43\/27095\/619985-m.jpg\" alt=\"CM2378 SA TORTUGA Villa priv\u00e9e \/ Villa  Sa Riera\" title=\"CM2378 SA TORTUGA Villa priv\u00e9e \/ Villa  Sa Riera\"><\/div><div class=\"slide-item\"><img data-lazy=\"https:\/\/files.net2rent.com\/pfiles\/43\/27095\/619986-m.jpg\" alt=\"CM2378 SA TORTUGA Villa priv\u00e9e \/ Villa  Sa Riera\" title=\"CM2378 SA TORTUGA Villa priv\u00e9e \/ Villa  Sa Riera\"><\/div><div class=\"slide-item\"><img data-lazy=\"https:\/\/files.net2rent.com\/pfiles\/43\/27095\/619987-m.jpg\" alt=\"CM2378 SA TORTUGA Villa priv\u00e9e \/ Villa  Sa Riera\" title=\"CM2378 SA TORTUGA Villa priv\u00e9e \/ Villa  Sa Riera\"><\/div><div class=\"slide-item\"><img data-lazy=\"https:\/\/files.net2rent.com\/pfiles\/43\/27095\/619990-m.jpg\" alt=\"CM2378 SA TORTUGA Villa priv\u00e9e \/ Villa  Sa Riera\" title=\"CM2378 SA TORTUGA Villa priv\u00e9e \/ Villa  Sa Riera\"><\/div><div class=\"slide-item\"><img data-lazy=\"https:\/\/files.net2rent.com\/pfiles\/43\/27095\/619991-m.jpg\" alt=\"CM2378 SA TORTUGA Villa priv\u00e9e \/ Villa  Sa Riera\" title=\"CM2378 SA TORTUGA Villa priv\u00e9e \/ Villa  Sa Riera\"><\/div><div class=\"slide-item\"><img data-lazy=\"https:\/\/files.net2rent.com\/pfiles\/43\/27095\/619992-m.jpg\" alt=\"CM2378 SA TORTUGA Villa priv\u00e9e \/ Villa  Sa Riera\" title=\"CM2378 SA TORTUGA Villa priv\u00e9e \/ Villa  Sa Riera\"><\/div><div class=\"slide-item\"><img data-lazy=\"https:\/\/files.net2rent.com\/pfiles\/43\/27095\/619993-m.jpg\" alt=\"CM2378 SA TORTUGA Villa priv\u00e9e \/ Villa  Sa Riera\" title=\"CM2378 SA TORTUGA Villa priv\u00e9e \/ Villa  Sa Riera\"><\/div><div class=\"slide-item\"><img data-lazy=\"https:\/\/files.net2rent.com\/pfiles\/43\/27095\/619995-m.jpg\" alt=\"CM2378 SA TORTUGA Villa priv\u00e9e \/ Villa  Sa Riera\" title=\"CM2378 SA TORTUGA Villa priv\u00e9e \/ Villa  Sa Riera\"><\/div><div class=\"slide-item\"><img data-lazy=\"https:\/\/files.net2rent.com\/pfiles\/43\/27095\/619996-m.jpg\" alt=\"CM2378 SA TORTUGA Villa priv\u00e9e \/ Villa  Sa Riera\" title=\"CM2378 SA TORTUGA Villa priv\u00e9e \/ Villa  Sa Riera\"><\/div><div class=\"slide-item\"><img data-lazy=\"https:\/\/files.net2rent.com\/pfiles\/43\/27095\/619998-m.jpg\" alt=\"CM2378 SA TORTUGA Villa priv\u00e9e \/ Villa  Sa Riera\" title=\"CM2378 SA TORTUGA Villa priv\u00e9e \/ Villa  Sa Riera\"><\/div><div class=\"slide-item\"><img data-lazy=\"https:\/\/files.net2rent.com\/pfiles\/43\/27095\/619999-m.jpg\" alt=\"CM2378 SA TORTUGA Villa priv\u00e9e \/ Villa  Sa Riera\" title=\"CM2378 SA TORTUGA Villa priv\u00e9e \/ Villa  Sa Riera\"><\/div><div class=\"slide-item\"><img data-lazy=\"https:\/\/files.net2rent.com\/pfiles\/43\/27095\/620000-m.jpg\" alt=\"CM2378 SA TORTUGA Villa priv\u00e9e \/ Villa  Sa Riera\" title=\"CM2378 SA TORTUGA Villa priv\u00e9e \/ Villa  Sa Riera\"><\/div><div class=\"slide-item\"><img data-lazy=\"https:\/\/files.net2rent.com\/pfiles\/43\/27095\/620001-m.jpg\" alt=\"CM2378 SA TORTUGA Villa priv\u00e9e \/ Villa  Sa Riera\" title=\"CM2378 SA TORTUGA Villa priv\u00e9e \/ Villa  Sa Riera\"><\/div><div class=\"slide-item\"><img data-lazy=\"https:\/\/files.net2rent.com\/pfiles\/43\/27095\/620002-m.jpg\" alt=\"CM2378 SA TORTUGA Villa priv\u00e9e \/ Villa  Sa Riera\" title=\"CM2378 SA TORTUGA Villa priv\u00e9e \/ Villa  Sa Riera\"><\/div><div class=\"slide-item\"><img data-lazy=\"https:\/\/files.net2rent.com\/pfiles\/43\/27095\/620003-m.jpg\" alt=\"CM2378 SA TORTUGA Villa priv\u00e9e \/ Villa  Sa Riera\" title=\"CM2378 SA TORTUGA Villa priv\u00e9e \/ Villa  Sa Riera\"><\/div><div class=\"slide-item\"><img data-lazy=\"https:\/\/files.net2rent.com\/pfiles\/43\/27095\/620004-m.jpg\" alt=\"CM2378 SA TORTUGA Villa priv\u00e9e \/ Villa  Sa Riera\" title=\"CM2378 SA TORTUGA Villa priv\u00e9e \/ Villa  Sa Riera\"><\/div><div class=\"slide-item\"><img data-lazy=\"https:\/\/files.net2rent.com\/pfiles\/43\/27095\/620005-m.jpg\" alt=\"CM2378 SA TORTUGA Villa priv\u00e9e \/ Villa  Sa Riera\" title=\"CM2378 SA TORTUGA Villa priv\u00e9e \/ Villa  Sa Riera\"><\/div><div class=\"slide-item\"><img data-lazy=\"https:\/\/files.net2rent.com\/pfiles\/43\/27095\/620006-m.jpg\" alt=\"CM2378 SA TORTUGA Villa priv\u00e9e \/ Villa  Sa Riera\" title=\"CM2378 SA TORTUGA Villa priv\u00e9e \/ Villa  Sa Riera\"><\/div><div class=\"slide-item\"><img data-lazy=\"https:\/\/files.net2rent.com\/pfiles\/43\/27095\/620007-m.jpg\" alt=\"CM2378 SA TORTUGA Villa priv\u00e9e \/ Villa  Sa Riera\" title=\"CM2378 SA TORTUGA Villa priv\u00e9e \/ Villa  Sa Riera\"><\/div><div class=\"slide-item\"><img data-lazy=\"https:\/\/files.net2rent.com\/pfiles\/43\/27095\/620008-m.jpg\" alt=\"CM2378 SA TORTUGA Villa priv\u00e9e \/ Villa  Sa Riera\" title=\"CM2378 SA TORTUGA Villa priv\u00e9e \/ Villa  Sa Riera\"><\/div><div class=\"slide-item\"><img data-lazy=\"https:\/\/files.net2rent.com\/pfiles\/43\/27095\/620009-m.jpg\" alt=\"CM2378 SA TORTUGA Villa priv\u00e9e \/ Villa  Sa Riera\" title=\"CM2378 SA TORTUGA Villa priv\u00e9e \/ Villa  Sa Riera\"><\/div><div class=\"slide-item\"><img data-lazy=\"https:\/\/files.net2rent.com\/pfiles\/43\/27095\/620010-m.jpg\" alt=\"CM2378 SA TORTUGA Villa priv\u00e9e \/ Villa  Sa Riera\" title=\"CM2378 SA TORTUGA Villa priv\u00e9e \/ Villa  Sa Riera\"><\/div><div class=\"slide-item\"><img data-lazy=\"https:\/\/files.net2rent.com\/pfiles\/43\/27095\/620011-m.jpg\" alt=\"CM2378 SA TORTUGA Villa priv\u00e9e \/ Villa  Sa Riera\" title=\"CM2378 SA TORTUGA Villa priv\u00e9e \/ Villa  Sa Riera\"><\/div><div class=\"slide-item\"><img data-lazy=\"https:\/\/files.net2rent.com\/pfiles\/43\/27095\/620012-m.jpg\" alt=\"CM2378 SA TORTUGA Villa priv\u00e9e \/ Villa  Sa Riera\" title=\"CM2378 SA TORTUGA Villa priv\u00e9e \/ Villa  Sa Riera\"><\/div><div class=\"slide-item\"><img data-lazy=\"https:\/\/files.net2rent.com\/pfiles\/43\/27095\/620013-m.jpg\" alt=\"CM2378 SA TORTUGA Villa priv\u00e9e \/ Villa  Sa Riera\" title=\"CM2378 SA TORTUGA Villa priv\u00e9e \/ Villa  Sa Riera\"><\/div><div class=\"slide-item\"><img data-lazy=\"https:\/\/files.net2rent.com\/pfiles\/43\/27095\/620014-m.jpg\" alt=\"CM2378 SA TORTUGA Villa priv\u00e9e \/ Villa  Sa Riera\" title=\"CM2378 SA TORTUGA Villa priv\u00e9e \/ Villa  Sa Riera\"><\/div><div class=\"slide-item\"><img data-lazy=\"https:\/\/files.net2rent.com\/pfiles\/43\/27095\/620015-m.jpg\" alt=\"CM2378 SA TORTUGA Villa priv\u00e9e \/ Villa  Sa Riera\" title=\"CM2378 SA TORTUGA Villa priv\u00e9e \/ Villa  Sa Riera\"><\/div><div class=\"slide-item\"><img data-lazy=\"https:\/\/files.net2rent.com\/pfiles\/43\/27095\/620016-m.jpg\" alt=\"CM2378 SA TORTUGA Villa priv\u00e9e \/ Villa  Sa Riera\" title=\"CM2378 SA TORTUGA Villa priv\u00e9e \/ Villa  Sa Riera\"><\/div><div class=\"slide-item\"><img data-lazy=\"https:\/\/files.net2rent.com\/pfiles\/43\/27095\/620017-m.jpg\" alt=\"CM2378 SA TORTUGA Villa priv\u00e9e \/ Villa  Sa Riera\" title=\"CM2378 SA TORTUGA Villa priv\u00e9e \/ Villa  Sa Riera\"><\/div><div class=\"slide-item\"><img data-lazy=\"https:\/\/files.net2rent.com\/pfiles\/43\/27095\/620018-m.jpg\" alt=\"CM2378 SA TORTUGA Villa priv\u00e9e \/ Villa  Sa Riera\" title=\"CM2378 SA TORTUGA Villa priv\u00e9e \/ Villa  Sa Riera\"><\/div><div class=\"slide-item\"><img data-lazy=\"https:\/\/files.net2rent.com\/pfiles\/43\/27095\/620019-m.jpg\" alt=\"CM2378 SA TORTUGA Villa priv\u00e9e \/ Villa  Sa Riera\" title=\"CM2378 SA TORTUGA Villa priv\u00e9e \/ Villa  Sa Riera\"><\/div><div class=\"slide-item\"><img data-lazy=\"https:\/\/files.net2rent.com\/pfiles\/43\/27095\/620020-m.jpg\" alt=\"CM2378 SA TORTUGA Villa priv\u00e9e \/ Villa  Sa Riera\" title=\"CM2378 SA TORTUGA Villa priv\u00e9e \/ Villa  Sa Riera\"><\/div><div class=\"slide-item\"><img data-lazy=\"https:\/\/files.net2rent.com\/pfiles\/43\/27095\/620021-m.jpg\" alt=\"CM2378 SA TORTUGA Villa priv\u00e9e \/ Villa  Sa Riera\" title=\"CM2378 SA TORTUGA Villa priv\u00e9e \/ Villa  Sa Riera\"><\/div><div class=\"slide-item\"><img data-lazy=\"https:\/\/files.net2rent.com\/pfiles\/43\/27095\/620023-m.jpg\" alt=\"CM2378 SA TORTUGA Villa priv\u00e9e \/ Villa  Sa Riera\" title=\"CM2378 SA TORTUGA Villa priv\u00e9e \/ Villa  Sa Riera\"><\/div><div class=\"slide-item\"><img data-lazy=\"https:\/\/files.net2rent.com\/pfiles\/43\/27095\/620024-m.jpg\" alt=\"CM2378 SA TORTUGA Villa priv\u00e9e \/ Villa  Sa Riera\" title=\"CM2378 SA TORTUGA Villa priv\u00e9e \/ Villa  Sa Riera\"><\/div><div class=\"slide-item\"><img data-lazy=\"https:\/\/files.net2rent.com\/pfiles\/43\/27095\/620025-m.jpg\" alt=\"CM2378 SA TORTUGA Villa priv\u00e9e \/ Villa  Sa Riera\" title=\"CM2378 SA TORTUGA Villa priv\u00e9e \/ Villa  Sa Riera\"><\/div><div class=\"slide-item\"><img data-lazy=\"https:\/\/files.net2rent.com\/pfiles\/43\/27095\/620026-m.jpg\" alt=\"CM2378 SA TORTUGA Villa priv\u00e9e \/ Villa  Sa Riera\" title=\"CM2378 SA TORTUGA Villa priv\u00e9e \/ Villa  Sa Riera\"><\/div><div class=\"slide-item\"><img data-lazy=\"https:\/\/files.net2rent.com\/pfiles\/43\/27095\/620027-m.jpg\" alt=\"CM2378 SA TORTUGA Villa priv\u00e9e \/ Villa  Sa Riera\" title=\"CM2378 SA TORTUGA Villa priv\u00e9e \/ Villa  Sa Riera\"><\/div><div class=\"slide-item\"><img data-lazy=\"https:\/\/files.net2rent.com\/pfiles\/43\/27095\/620028-m.jpg\" alt=\"CM2378 SA TORTUGA Villa priv\u00e9e \/ Villa  Sa Riera\" title=\"CM2378 SA TORTUGA Villa priv\u00e9e \/ Villa  Sa Riera\"><\/div><div class=\"slide-item\"><img data-lazy=\"https:\/\/files.net2rent.com\/pfiles\/43\/27095\/620029-m.jpg\" alt=\"CM2378 SA TORTUGA Villa priv\u00e9e \/ Villa  Sa Riera\" title=\"CM2378 SA TORTUGA Villa priv\u00e9e \/ Villa  Sa Riera\"><\/div><div class=\"slide-item\"><img data-lazy=\"https:\/\/files.net2rent.com\/pfiles\/43\/27095\/620030-m.jpg\" alt=\"CM2378 SA TORTUGA Villa priv\u00e9e \/ Villa  Sa Riera\" title=\"CM2378 SA TORTUGA Villa priv\u00e9e \/ Villa  Sa Riera\"><\/div><div class=\"slide-item\"><img data-lazy=\"https:\/\/files.net2rent.com\/pfiles\/43\/27095\/620031-m.jpg\" alt=\"CM2378 SA TORTUGA Villa priv\u00e9e \/ Villa  Sa Riera\" title=\"CM2378 SA TORTUGA Villa priv\u00e9e \/ Villa  Sa Riera\"><\/div><div class=\"slide-item\"><img data-lazy=\"https:\/\/files.net2rent.com\/pfiles\/43\/27095\/620032-m.jpg\" alt=\"CM2378 SA TORTUGA Villa priv\u00e9e \/ Villa  Sa Riera\" title=\"CM2378 SA TORTUGA Villa priv\u00e9e \/ Villa  Sa Riera\"><\/div><div class=\"slide-item\"><img data-lazy=\"https:\/\/files.net2rent.com\/pfiles\/43\/27095\/620033-m.jpg\" alt=\"CM2378 SA TORTUGA Villa priv\u00e9e \/ Villa  Sa Riera\" title=\"CM2378 SA TORTUGA Villa priv\u00e9e \/ Villa  Sa Riera\"><\/div><div class=\"slide-item\"><img data-lazy=\"https:\/\/files.net2rent.com\/pfiles\/43\/27095\/620034-m.jpg\" alt=\"CM2378 SA TORTUGA Villa priv\u00e9e \/ Villa  Sa Riera\" title=\"CM2378 SA TORTUGA Villa priv\u00e9e \/ Villa  Sa Riera\"><\/div><div class=\"slide-item\"><img data-lazy=\"https:\/\/files.net2rent.com\/pfiles\/43\/27095\/620035-m.jpg\" alt=\"CM2378 SA TORTUGA Villa priv\u00e9e \/ Villa  Sa Riera\" title=\"CM2378 SA TORTUGA Villa priv\u00e9e \/ Villa  Sa Riera\"><\/div><div class=\"slide-item\"><img data-lazy=\"https:\/\/files.net2rent.com\/pfiles\/43\/27095\/620036-m.jpg\" alt=\"CM2378 SA TORTUGA Villa priv\u00e9e \/ Villa  Sa Riera\" title=\"CM2378 SA TORTUGA Villa priv\u00e9e \/ Villa  Sa Riera\"><\/div><div class=\"slide-item\"><img data-lazy=\"https:\/\/files.net2rent.com\/pfiles\/43\/27095\/620037-m.jpg\" alt=\"CM2378 SA TORTUGA Villa priv\u00e9e \/ Villa  Sa Riera\" title=\"CM2378 SA TORTUGA Villa priv\u00e9e \/ Villa  Sa Riera\"><\/div><div class=\"slide-item\"><img data-lazy=\"https:\/\/files.net2rent.com\/pfiles\/43\/27095\/620038-m.jpg\" alt=\"CM2378 SA TORTUGA Villa priv\u00e9e \/ Villa  Sa Riera\" title=\"CM2378 SA TORTUGA Villa priv\u00e9e \/ Villa  Sa Riera\"><\/div><div class=\"slide-item\"><img data-lazy=\"https:\/\/files.net2rent.com\/pfiles\/43\/27095\/620039-m.jpg\" alt=\"CM2378 SA TORTUGA Villa priv\u00e9e \/ Villa  Sa Riera\" title=\"CM2378 SA TORTUGA Villa priv\u00e9e \/ Villa  Sa Riera\"><\/div><div class=\"slide-item\"><img data-lazy=\"https:\/\/files.net2rent.com\/pfiles\/43\/27095\/620040-m.jpg\" alt=\"CM2378 SA TORTUGA Villa priv\u00e9e \/ Villa  Sa Riera\" title=\"CM2378 SA TORTUGA Villa priv\u00e9e \/ Villa  Sa Riera\"><\/div><div class=\"slide-item\"><img data-lazy=\"https:\/\/files.net2rent.com\/pfiles\/43\/27095\/620041-m.jpg\" alt=\"CM2378 SA TORTUGA Villa priv\u00e9e \/ Villa  Sa Riera\" title=\"CM2378 SA TORTUGA Villa priv\u00e9e \/ Villa  Sa Riera\"><\/div><div class=\"slide-item\"><img data-lazy=\"https:\/\/files.net2rent.com\/pfiles\/43\/27095\/620042-m.jpg\" alt=\"CM2378 SA TORTUGA Villa priv\u00e9e \/ Villa  Sa Riera\" title=\"CM2378 SA TORTUGA Villa priv\u00e9e \/ Villa  Sa Riera\"><\/div><div class=\"slide-item\"><img data-lazy=\"https:\/\/files.net2rent.com\/pfiles\/43\/27095\/620043-m.jpg\" alt=\"CM2378 SA TORTUGA Villa priv\u00e9e \/ Villa  Sa Riera\" title=\"CM2378 SA TORTUGA Villa priv\u00e9e \/ Villa  Sa Riera\"><\/div><div class=\"slide-item\"><img data-lazy=\"https:\/\/files.net2rent.com\/pfiles\/43\/27095\/620044-m.jpg\" alt=\"CM2378 SA TORTUGA Villa priv\u00e9e \/ Villa  Sa Riera\" title=\"CM2378 SA TORTUGA Villa priv\u00e9e \/ Villa  Sa Riera\"><\/div><div class=\"slide-item\"><img data-lazy=\"https:\/\/files.net2rent.com\/pfiles\/43\/27095\/620045-m.jpg\" alt=\"CM2378 SA TORTUGA Villa priv\u00e9e \/ Villa  Sa Riera\" title=\"CM2378 SA TORTUGA Villa priv\u00e9e \/ Villa  Sa Riera\"><\/div><div class=\"slide-item\"><img data-lazy=\"https:\/\/files.net2rent.com\/pfiles\/43\/27095\/620046-m.jpg\" alt=\"CM2378 SA TORTUGA Villa priv\u00e9e \/ Villa  Sa Riera\" title=\"CM2378 SA TORTUGA Villa priv\u00e9e \/ Villa  Sa Riera\"><\/div><div class=\"slide-item\"><img data-lazy=\"https:\/\/files.net2rent.com\/pfiles\/43\/27095\/620047-m.jpg\" alt=\"CM2378 SA TORTUGA Villa priv\u00e9e \/ Villa  Sa Riera\" title=\"CM2378 SA TORTUGA Villa priv\u00e9e \/ Villa  Sa Riera\"><\/div><div class=\"slide-item\"><img data-lazy=\"https:\/\/files.net2rent.com\/pfiles\/43\/27095\/620048-m.jpg\" alt=\"CM2378 SA TORTUGA Villa priv\u00e9e \/ Villa  Sa Riera\" title=\"CM2378 SA TORTUGA Villa priv\u00e9e \/ Villa  Sa Riera\"><\/div><div class=\"slide-item\"><img data-lazy=\"https:\/\/files.net2rent.com\/pfiles\/43\/27095\/620049-m.jpg\" alt=\"CM2378 SA TORTUGA Villa priv\u00e9e \/ Villa  Sa Riera\" title=\"CM2378 SA TORTUGA Villa priv\u00e9e \/ Villa  Sa Riera\"><\/div><div class=\"slide-item\"><img data-lazy=\"https:\/\/files.net2rent.com\/pfiles\/43\/27095\/620050-m.jpg\" alt=\"CM2378 SA TORTUGA Villa priv\u00e9e \/ Villa  Sa Riera\" title=\"CM2378 SA TORTUGA Villa priv\u00e9e \/ Villa  Sa Riera\"><\/div><div class=\"slide-item\"><img data-lazy=\"https:\/\/files.net2rent.com\/pfiles\/43\/27095\/620051-m.jpg\" alt=\"CM2378 SA TORTUGA Villa priv\u00e9e \/ Villa  Sa Riera\" title=\"CM2378 SA TORTUGA Villa priv\u00e9e \/ Villa  Sa Riera\"><\/div><div class=\"slide-item\"><img data-lazy=\"https:\/\/files.net2rent.com\/pfiles\/43\/27095\/620052-m.jpg\" alt=\"CM2378 SA TORTUGA Villa priv\u00e9e \/ Villa  Sa Riera\" title=\"CM2378 SA TORTUGA Villa priv\u00e9e \/ Villa  Sa Riera\"><\/div><div class=\"slide-item\"><img data-lazy=\"https:\/\/files.net2rent.com\/pfiles\/43\/27095\/620053-m.jpg\" alt=\"CM2378 SA TORTUGA Villa priv\u00e9e \/ Villa  Sa Riera\" title=\"CM2378 SA TORTUGA Villa priv\u00e9e \/ Villa  Sa Riera\"><\/div><div class=\"slide-item\"><img data-lazy=\"https:\/\/files.net2rent.com\/pfiles\/43\/27095\/620054-m.jpg\" alt=\"CM2378 SA TORTUGA Villa priv\u00e9e \/ Villa  Sa Riera\" title=\"CM2378 SA TORTUGA Villa priv\u00e9e \/ Villa  Sa Riera\"><\/div><div class=\"slide-item\"><img data-lazy=\"https:\/\/files.net2rent.com\/pfiles\/43\/27095\/620055-m.jpg\" alt=\"CM2378 SA TORTUGA Villa priv\u00e9e \/ Villa  Sa Riera\" title=\"CM2378 SA TORTUGA Villa priv\u00e9e \/ Villa  Sa Riera\"><\/div><div class=\"slide-item\"><img data-lazy=\"https:\/\/files.net2rent.com\/pfiles\/43\/27095\/620056-m.jpg\" alt=\"CM2378 SA TORTUGA Villa priv\u00e9e \/ Villa  Sa Riera\" title=\"CM2378 SA TORTUGA Villa priv\u00e9e \/ Villa  Sa Riera\"><\/div><div class=\"slide-item\"><img data-lazy=\"https:\/\/files.net2rent.com\/pfiles\/43\/27095\/620057-m.jpg\" alt=\"CM2378 SA TORTUGA Villa priv\u00e9e \/ Villa  Sa Riera\" title=\"CM2378 SA TORTUGA Villa priv\u00e9e \/ Villa  Sa Riera\"><\/div><div class=\"slide-item\"><img data-lazy=\"https:\/\/files.net2rent.com\/pfiles\/43\/27095\/620058-m.jpg\" alt=\"CM2378 SA TORTUGA Villa priv\u00e9e \/ Villa  Sa Riera\" title=\"CM2378 SA TORTUGA Villa priv\u00e9e \/ Villa  Sa Riera\"><\/div><div class=\"slide-item\"><img data-lazy=\"https:\/\/files.net2rent.com\/pfiles\/43\/27095\/620059-m.jpg\" alt=\"CM2378 SA TORTUGA Villa priv\u00e9e \/ Villa  Sa Riera\" title=\"CM2378 SA TORTUGA Villa priv\u00e9e \/ Villa  Sa Riera\"><\/div><div class=\"slide-item\"><img data-lazy=\"https:\/\/files.net2rent.com\/pfiles\/43\/27095\/620060-m.jpg\" alt=\"CM2378 SA TORTUGA Villa priv\u00e9e \/ Villa  Sa Riera\" title=\"CM2378 SA TORTUGA Villa priv\u00e9e \/ Villa  Sa Riera\"><\/div><div class=\"slide-item\"><img data-lazy=\"https:\/\/files.net2rent.com\/pfiles\/43\/27095\/620061-m.jpg\" alt=\"CM2378 SA TORTUGA Villa priv\u00e9e \/ Villa  Sa Riera\" title=\"CM2378 SA TORTUGA Villa priv\u00e9e \/ Villa  Sa Riera\"><\/div><div class=\"slide-item\"><img data-lazy=\"https:\/\/files.net2rent.com\/pfiles\/43\/27095\/620062-m.jpg\" alt=\"CM2378 SA TORTUGA Villa priv\u00e9e \/ Villa  Sa Riera\" title=\"CM2378 SA TORTUGA Villa priv\u00e9e \/ Villa  Sa Riera\"><\/div><div class=\"slide-item\"><img data-lazy=\"https:\/\/files.net2rent.com\/pfiles\/43\/27095\/620063-m.jpg\" alt=\"CM2378 SA TORTUGA Villa priv\u00e9e \/ Villa  Sa Riera\" title=\"CM2378 SA TORTUGA Villa priv\u00e9e \/ Villa  Sa Riera\"><\/div><div class=\"slide-item\"><img data-lazy=\"https:\/\/files.net2rent.com\/pfiles\/43\/27095\/620064-m.jpg\" alt=\"CM2378 SA TORTUGA Villa priv\u00e9e \/ Villa  Sa Riera\" title=\"CM2378 SA TORTUGA Villa priv\u00e9e \/ Villa  Sa Riera\"><\/div><div class=\"slide-item\"><img data-lazy=\"https:\/\/files.net2rent.com\/pfiles\/43\/27095\/620065-m.jpg\" alt=\"CM2378 SA TORTUGA Villa priv\u00e9e \/ Villa  Sa Riera\" title=\"CM2378 SA TORTUGA Villa priv\u00e9e \/ Villa  Sa Riera\"><\/div><div class=\"slide-item\"><img data-lazy=\"https:\/\/files.net2rent.com\/pfiles\/43\/27095\/620066-m.jpg\" alt=\"CM2378 SA TORTUGA Villa priv\u00e9e \/ Villa  Sa Riera\" title=\"CM2378 SA TORTUGA Villa priv\u00e9e \/ Villa  Sa Riera\"><\/div><div class=\"slide-item\"><img data-lazy=\"https:\/\/files.net2rent.com\/pfiles\/43\/27095\/620067-m.jpg\" alt=\"CM2378 SA TORTUGA Villa priv\u00e9e \/ Villa  Sa Riera\" title=\"CM2378 SA TORTUGA Villa priv\u00e9e \/ Villa  Sa Riera\"><\/div><div class=\"slide-item\"><img data-lazy=\"https:\/\/files.net2rent.com\/pfiles\/43\/27095\/620068-m.jpg\" alt=\"CM2378 SA TORTUGA Villa priv\u00e9e \/ Villa  Sa Riera\" title=\"CM2378 SA TORTUGA Villa priv\u00e9e \/ Villa  Sa Riera\"><\/div><div class=\"slide-item\"><img data-lazy=\"https:\/\/files.net2rent.com\/pfiles\/43\/27095\/620069-m.jpg\" alt=\"CM2378 SA TORTUGA Villa priv\u00e9e \/ Villa  Sa Riera\" title=\"CM2378 SA TORTUGA Villa priv\u00e9e \/ Villa  Sa Riera\"><\/div><div class=\"slide-item\"><img data-lazy=\"https:\/\/files.net2rent.com\/pfiles\/43\/27095\/620070-m.jpg\" alt=\"CM2378 SA TORTUGA Villa priv\u00e9e \/ Villa  Sa Riera\" title=\"CM2378 SA TORTUGA Villa priv\u00e9e \/ Villa  Sa Riera\"><\/div><div class=\"slide-item\"><img data-lazy=\"https:\/\/files.net2rent.com\/pfiles\/43\/27095\/620071-m.jpg\" alt=\"CM2378 SA TORTUGA Villa priv\u00e9e \/ Villa  Sa Riera\" title=\"CM2378 SA TORTUGA Villa priv\u00e9e \/ Villa  Sa Riera\"><\/div><div class=\"slide-item\"><img data-lazy=\"https:\/\/files.net2rent.com\/pfiles\/43\/27095\/620072-m.jpg\" alt=\"CM2378 SA TORTUGA Villa priv\u00e9e \/ Villa  Sa Riera\" title=\"CM2378 SA TORTUGA Villa priv\u00e9e \/ Villa  Sa Riera\"><\/div><div class=\"slide-item\"><img data-lazy=\"https:\/\/files.net2rent.com\/pfiles\/43\/27095\/620073-m.jpg\" alt=\"CM2378 SA TORTUGA Villa priv\u00e9e \/ Villa  Sa Riera\" title=\"CM2378 SA TORTUGA Villa priv\u00e9e \/ Villa  Sa Riera\"><\/div><div class=\"slide-item\"><img data-lazy=\"https:\/\/files.net2rent.com\/pfiles\/43\/27095\/620074-m.jpg\" alt=\"CM2378 SA TORTUGA Villa priv\u00e9e \/ Villa  Sa Riera\" title=\"CM2378 SA TORTUGA Villa priv\u00e9e \/ Villa  Sa Riera\"><\/div><div class=\"slide-item\"><img data-lazy=\"https:\/\/files.net2rent.com\/pfiles\/43\/27095\/620075-m.jpg\" alt=\"CM2378 SA TORTUGA Villa priv\u00e9e \/ Villa  Sa Riera\" title=\"CM2378 SA TORTUGA Villa priv\u00e9e \/ Villa  Sa Riera\"><\/div><div class=\"slide-item\"><img data-lazy=\"https:\/\/files.net2rent.com\/pfiles\/43\/27095\/620076-m.jpg\" alt=\"CM2378 SA TORTUGA Villa priv\u00e9e \/ Villa  Sa Riera\" title=\"CM2378 SA TORTUGA Villa priv\u00e9e \/ Villa  Sa Riera\"><\/div><div class=\"slide-item\"><img data-lazy=\"https:\/\/files.net2rent.com\/pfiles\/43\/27095\/620077-m.jpg\" alt=\"CM2378 SA TORTUGA Villa priv\u00e9e \/ Villa  Sa Riera\" title=\"CM2378 SA TORTUGA Villa priv\u00e9e \/ Villa  Sa Riera\"><\/div><div class=\"slide-item\"><img data-lazy=\"https:\/\/files.net2rent.com\/pfiles\/43\/27095\/620078-m.jpg\" alt=\"CM2378 SA TORTUGA Villa priv\u00e9e \/ Villa  Sa Riera\" title=\"CM2378 SA TORTUGA Villa priv\u00e9e \/ Villa  Sa Riera\"><\/div><div class=\"slide-item\"><img data-lazy=\"https:\/\/files.net2rent.com\/pfiles\/43\/27095\/620079-m.jpg\" alt=\"CM2378 SA TORTUGA Villa priv\u00e9e \/ Villa  Sa Riera\" title=\"CM2378 SA TORTUGA Villa priv\u00e9e \/ Villa  Sa Riera\"><\/div><div class=\"slide-item\"><img data-lazy=\"https:\/\/files.net2rent.com\/pfiles\/43\/27095\/620080-m.jpg\" alt=\"CM2378 SA TORTUGA Villa priv\u00e9e \/ Villa  Sa Riera\" title=\"CM2378 SA TORTUGA Villa priv\u00e9e \/ Villa  Sa Riera\"><\/div><div class=\"slide-item\"><img data-lazy=\"https:\/\/files.net2rent.com\/pfiles\/43\/27095\/620081-m.jpg\" alt=\"CM2378 SA TORTUGA Villa priv\u00e9e \/ Villa  Sa Riera\" title=\"CM2378 SA TORTUGA Villa priv\u00e9e \/ Villa  Sa Riera\"><\/div><div class=\"slide-item\"><img data-lazy=\"https:\/\/files.net2rent.com\/pfiles\/43\/27095\/620082-m.jpg\" alt=\"CM2378 SA TORTUGA Villa priv\u00e9e \/ Villa  Sa Riera\" title=\"CM2378 SA TORTUGA Villa priv\u00e9e \/ Villa  Sa Riera\"><\/div><div class=\"slide-item\"><img data-lazy=\"https:\/\/files.net2rent.com\/pfiles\/43\/27095\/620083-m.jpg\" alt=\"CM2378 SA TORTUGA Villa priv\u00e9e \/ Villa  Sa Riera\" title=\"CM2378 SA TORTUGA Villa priv\u00e9e \/ Villa  Sa Riera\"><\/div><div class=\"slide-item\"><img data-lazy=\"https:\/\/files.net2rent.com\/pfiles\/43\/27095\/620084-m.jpg\" alt=\"CM2378 SA TORTUGA Villa priv\u00e9e \/ Villa  Sa Riera\" title=\"CM2378 SA TORTUGA Villa priv\u00e9e \/ Villa  Sa Riera\"><\/div><div class=\"slide-item\"><img data-lazy=\"https:\/\/files.net2rent.com\/pfiles\/43\/27095\/620085-m.jpg\" alt=\"CM2378 SA TORTUGA Villa priv\u00e9e \/ Villa  Sa Riera\" title=\"CM2378 SA TORTUGA Villa priv\u00e9e \/ Villa  Sa Riera\"><\/div><div class=\"slide-item\"><img data-lazy=\"https:\/\/files.net2rent.com\/pfiles\/43\/27095\/620086-m.jpg\" alt=\"CM2378 SA TORTUGA Villa priv\u00e9e \/ Villa  Sa Riera\" title=\"CM2378 SA TORTUGA Villa priv\u00e9e \/ Villa  Sa Riera\"><\/div><div class=\"slide-item\"><img data-lazy=\"https:\/\/files.net2rent.com\/pfiles\/43\/27095\/620087-m.jpg\" alt=\"CM2378 SA TORTUGA Villa priv\u00e9e \/ Villa  Sa Riera\" title=\"CM2378 SA TORTUGA Villa priv\u00e9e \/ Villa  Sa Riera\"><\/div><div class=\"slide-item\"><img data-lazy=\"https:\/\/files.net2rent.com\/pfiles\/43\/27095\/620088-m.jpg\" alt=\"CM2378 SA TORTUGA Villa priv\u00e9e \/ Villa  Sa Riera\" title=\"CM2378 SA TORTUGA Villa priv\u00e9e \/ Villa  Sa Riera\"><\/div><div class=\"slide-item\"><img data-lazy=\"https:\/\/files.net2rent.com\/pfiles\/43\/27095\/620089-m.jpg\" alt=\"CM2378 SA TORTUGA Villa priv\u00e9e \/ Villa  Sa Riera\" title=\"CM2378 SA TORTUGA Villa priv\u00e9e \/ Villa  Sa Riera\"><\/div><div class=\"slide-item\"><img data-lazy=\"https:\/\/files.net2rent.com\/pfiles\/43\/27095\/620090-m.jpg\" alt=\"CM2378 SA TORTUGA Villa priv\u00e9e \/ Villa  Sa Riera\" title=\"CM2378 SA TORTUGA Villa priv\u00e9e \/ Villa  Sa Riera\"><\/div><div class=\"slide-item\"><img data-lazy=\"https:\/\/files.net2rent.com\/pfiles\/43\/27095\/620091-m.jpg\" alt=\"CM2378 SA TORTUGA Villa priv\u00e9e \/ Villa  Sa Riera\" title=\"CM2378 SA TORTUGA Villa priv\u00e9e \/ Villa  Sa Riera\"><\/div><div class=\"slide-item\"><img data-lazy=\"https:\/\/files.net2rent.com\/pfiles\/43\/27095\/620092-m.jpg\" alt=\"CM2378 SA TORTUGA Villa priv\u00e9e \/ Villa  Sa Riera\" title=\"CM2378 SA TORTUGA Villa priv\u00e9e \/ Villa  Sa Riera\"><\/div><div class=\"slide-item\"><img data-lazy=\"https:\/\/files.net2rent.com\/pfiles\/43\/27095\/620093-m.jpg\" alt=\"CM2378 SA TORTUGA Villa priv\u00e9e \/ Villa  Sa Riera\" title=\"CM2378 SA TORTUGA Villa priv\u00e9e \/ Villa  Sa Riera\"><\/div><div class=\"slide-item\"><img data-lazy=\"https:\/\/files.net2rent.com\/pfiles\/43\/27095\/620094-m.jpg\" alt=\"CM2378 SA TORTUGA Villa priv\u00e9e \/ Villa  Sa Riera\" title=\"CM2378 SA TORTUGA Villa priv\u00e9e \/ Villa  Sa Riera\"><\/div><div class=\"slide-item\"><img data-lazy=\"https:\/\/files.net2rent.com\/pfiles\/43\/27095\/620095-m.jpg\" alt=\"CM2378 SA TORTUGA Villa priv\u00e9e \/ Villa  Sa Riera\" title=\"CM2378 SA TORTUGA Villa priv\u00e9e \/ Villa  Sa Riera\"><\/div><div class=\"slide-item\"><img data-lazy=\"https:\/\/files.net2rent.com\/pfiles\/43\/27095\/620096-m.jpg\" alt=\"CM2378 SA TORTUGA Villa priv\u00e9e \/ Villa  Sa Riera\" title=\"CM2378 SA TORTUGA Villa priv\u00e9e \/ Villa  Sa Riera\"><\/div><div class=\"slide-item\"><img data-lazy=\"https:\/\/files.net2rent.com\/pfiles\/43\/27095\/620097-m.jpg\" alt=\"CM2378 SA TORTUGA Villa priv\u00e9e \/ Villa  Sa Riera\" title=\"CM2378 SA TORTUGA Villa priv\u00e9e \/ Villa  Sa Riera\"><\/div><div class=\"slide-item\"><img data-lazy=\"https:\/\/files.net2rent.com\/pfiles\/43\/27095\/620098-m.jpg\" alt=\"CM2378 SA TORTUGA Villa priv\u00e9e \/ Villa  Sa Riera\" title=\"CM2378 SA TORTUGA Villa priv\u00e9e \/ Villa  Sa Riera\"><\/div><div class=\"slide-item\"><img data-lazy=\"https:\/\/files.net2rent.com\/pfiles\/43\/27095\/620099-m.jpg\" alt=\"CM2378 SA TORTUGA Villa priv\u00e9e \/ Villa  Sa Riera\" title=\"CM2378 SA TORTUGA Villa priv\u00e9e \/ Villa  Sa Riera\"><\/div><div class=\"slide-item\"><img data-lazy=\"https:\/\/files.net2rent.com\/pfiles\/43\/27095\/620100-m.jpg\" alt=\"CM2378 SA TORTUGA Villa priv\u00e9e \/ Villa  Sa Riera\" title=\"CM2378 SA TORTUGA Villa priv\u00e9e \/ Villa  Sa Riera\"><\/div><div class=\"slide-item\"><img data-lazy=\"https:\/\/files.net2rent.com\/pfiles\/43\/27095\/620101-m.jpg\" alt=\"CM2378 SA TORTUGA Villa priv\u00e9e \/ Villa  Sa Riera\" title=\"CM2378 SA TORTUGA Villa priv\u00e9e \/ Villa  Sa Riera\"><\/div><div class=\"slide-item\"><img data-lazy=\"https:\/\/files.net2rent.com\/pfiles\/43\/27095\/620102-m.jpg\" alt=\"CM2378 SA TORTUGA Villa priv\u00e9e \/ Villa  Sa Riera\" title=\"CM2378 SA TORTUGA Villa priv\u00e9e \/ Villa  Sa Riera\"><\/div><div class=\"slide-item\"><img data-lazy=\"https:\/\/files.net2rent.com\/pfiles\/43\/27095\/620103-m.jpg\" alt=\"CM2378 SA TORTUGA Villa priv\u00e9e \/ Villa  Sa Riera\" title=\"CM2378 SA TORTUGA Villa priv\u00e9e \/ Villa  Sa Riera\"><\/div><div class=\"slide-item\"><img data-lazy=\"https:\/\/files.net2rent.com\/pfiles\/43\/27095\/620104-m.jpg\" alt=\"CM2378 SA TORTUGA Villa priv\u00e9e \/ Villa  Sa Riera\" title=\"CM2378 SA TORTUGA Villa priv\u00e9e \/ Villa  Sa Riera\"><\/div><div class=\"slide-item\"><img data-lazy=\"https:\/\/files.net2rent.com\/pfiles\/43\/27095\/620105-m.jpg\" alt=\"CM2378 SA TORTUGA Villa priv\u00e9e \/ Villa  Sa Riera\" title=\"CM2378 SA TORTUGA Villa priv\u00e9e \/ Villa  Sa Riera\"><\/div><div class=\"slide-item\"><img data-lazy=\"https:\/\/files.net2rent.com\/pfiles\/43\/27095\/620106-m.jpg\" alt=\"CM2378 SA TORTUGA Villa priv\u00e9e \/ Villa  Sa Riera\" title=\"CM2378 SA TORTUGA Villa priv\u00e9e \/ Villa  Sa Riera\"><\/div><div class=\"slide-item\"><img data-lazy=\"https:\/\/files.net2rent.com\/pfiles\/43\/27095\/620107-m.jpg\" alt=\"CM2378 SA TORTUGA Villa priv\u00e9e \/ Villa  Sa Riera\" title=\"CM2378 SA TORTUGA Villa priv\u00e9e \/ Villa  Sa Riera\"><\/div><div class=\"slide-item\"><img data-lazy=\"https:\/\/files.net2rent.com\/pfiles\/43\/27095\/620108-m.jpg\" alt=\"CM2378 SA TORTUGA Villa priv\u00e9e \/ Villa  Sa Riera\" title=\"CM2378 SA TORTUGA Villa priv\u00e9e \/ Villa  Sa Riera\"><\/div><div class=\"slide-item\"><img data-lazy=\"https:\/\/files.net2rent.com\/pfiles\/43\/27095\/620109-m.jpg\" alt=\"CM2378 SA TORTUGA Villa priv\u00e9e \/ Villa  Sa Riera\" title=\"CM2378 SA TORTUGA Villa priv\u00e9e \/ Villa  Sa Riera\"><\/div><div class=\"slide-item\"><img data-lazy=\"https:\/\/files.net2rent.com\/pfiles\/43\/27095\/620110-m.jpg\" alt=\"CM2378 SA TORTUGA Villa priv\u00e9e \/ Villa  Sa Riera\" title=\"CM2378 SA TORTUGA Villa priv\u00e9e \/ Villa  Sa Riera\"><\/div><div class=\"slide-item\"><img data-lazy=\"https:\/\/files.net2rent.com\/pfiles\/43\/27095\/620111-m.jpg\" alt=\"CM2378 SA TORTUGA Villa priv\u00e9e \/ Villa  Sa Riera\" title=\"CM2378 SA TORTUGA Villa priv\u00e9e \/ Villa  Sa Riera\"><\/div><div class=\"slide-item\"><img data-lazy=\"https:\/\/files.net2rent.com\/pfiles\/43\/27095\/620112-m.jpg\" alt=\"CM2378 SA TORTUGA Villa priv\u00e9e \/ Villa  Sa Riera\" title=\"CM2378 SA TORTUGA Villa priv\u00e9e \/ Villa  Sa Riera\"><\/div><div class=\"slide-item\"><img data-lazy=\"https:\/\/files.net2rent.com\/pfiles\/43\/27095\/620113-m.jpg\" alt=\"CM2378 SA TORTUGA Villa priv\u00e9e \/ Villa  Sa Riera\" title=\"CM2378 SA TORTUGA Villa priv\u00e9e \/ Villa  Sa Riera\"><\/div><div class=\"slide-item\"><img data-lazy=\"https:\/\/files.net2rent.com\/pfiles\/43\/27095\/620114-m.jpg\" alt=\"CM2378 SA TORTUGA Villa priv\u00e9e \/ Villa  Sa Riera\" title=\"CM2378 SA TORTUGA Villa priv\u00e9e \/ Villa  Sa Riera\"><\/div><div class=\"slide-item\"><img data-lazy=\"https:\/\/files.net2rent.com\/pfiles\/43\/27095\/620115-m.jpg\" alt=\"CM2378 SA TORTUGA Villa priv\u00e9e \/ Villa  Sa Riera\" title=\"CM2378 SA TORTUGA Villa priv\u00e9e \/ Villa  Sa Riera\"><\/div><div class=\"slide-item\"><img data-lazy=\"https:\/\/files.net2rent.com\/pfiles\/43\/27095\/620116-m.jpg\" alt=\"CM2378 SA TORTUGA Villa priv\u00e9e \/ Villa  Sa Riera\" title=\"CM2378 SA TORTUGA Villa priv\u00e9e \/ Villa  Sa Riera\"><\/div><div class=\"slide-item\"><img data-lazy=\"https:\/\/files.net2rent.com\/pfiles\/43\/27095\/620117-m.jpg\" alt=\"CM2378 SA TORTUGA Villa priv\u00e9e \/ Villa  Sa Riera\" title=\"CM2378 SA TORTUGA Villa priv\u00e9e \/ Villa  Sa Riera\"><\/div><div class=\"slide-item\"><img data-lazy=\"https:\/\/files.net2rent.com\/pfiles\/43\/27095\/620118-m.jpg\" alt=\"CM2378 SA TORTUGA Villa priv\u00e9e \/ Villa  Sa Riera\" title=\"CM2378 SA TORTUGA Villa priv\u00e9e \/ Villa  Sa Riera\"><\/div><div class=\"slide-item\"><img data-lazy=\"https:\/\/files.net2rent.com\/pfiles\/43\/27095\/620119-m.jpg\" alt=\"CM2378 SA TORTUGA Villa priv\u00e9e \/ Villa  Sa Riera\" title=\"CM2378 SA TORTUGA Villa priv\u00e9e \/ Villa  Sa Riera\"><\/div><div class=\"slide-item\"><img data-lazy=\"https:\/\/files.net2rent.com\/pfiles\/43\/27095\/620120-m.jpg\" alt=\"CM2378 SA TORTUGA Villa priv\u00e9e \/ Villa  Sa Riera\" title=\"CM2378 SA TORTUGA Villa priv\u00e9e \/ Villa  Sa Riera\"><\/div><div class=\"slide-item\"><img data-lazy=\"https:\/\/files.net2rent.com\/pfiles\/43\/27095\/620121-m.jpg\" alt=\"CM2378 SA TORTUGA Villa priv\u00e9e \/ Villa  Sa Riera\" title=\"CM2378 SA TORTUGA Villa priv\u00e9e \/ Villa  Sa Riera\"><\/div><div class=\"slide-item\"><img data-lazy=\"https:\/\/files.net2rent.com\/pfiles\/43\/27095\/620122-m.jpg\" alt=\"CM2378 SA TORTUGA Villa priv\u00e9e \/ Villa  Sa Riera\" title=\"CM2378 SA TORTUGA Villa priv\u00e9e \/ Villa  Sa Riera\"><\/div><div class=\"slide-item\"><img data-lazy=\"https:\/\/files.net2rent.com\/pfiles\/43\/27095\/620123-m.jpg\" alt=\"CM2378 SA TORTUGA Villa priv\u00e9e \/ Villa  Sa Riera\" title=\"CM2378 SA TORTUGA Villa priv\u00e9e \/ Villa  Sa Riera\"><\/div><div class=\"slide-item\"><img data-lazy=\"https:\/\/files.net2rent.com\/pfiles\/43\/27095\/620124-m.jpg\" alt=\"CM2378 SA TORTUGA Villa priv\u00e9e \/ Villa  Sa Riera\" title=\"CM2378 SA TORTUGA Villa priv\u00e9e \/ Villa  Sa Riera\"><\/div><div class=\"slide-item\"><img data-lazy=\"https:\/\/files.net2rent.com\/pfiles\/43\/27095\/620125-m.jpg\" alt=\"CM2378 SA TORTUGA Villa priv\u00e9e \/ Villa  Sa Riera\" title=\"CM2378 SA TORTUGA Villa priv\u00e9e \/ Villa  Sa Riera\"><\/div><div class=\"slide-item\"><img data-lazy=\"https:\/\/files.net2rent.com\/pfiles\/43\/27095\/620126-m.jpg\" alt=\"CM2378 SA TORTUGA Villa priv\u00e9e \/ Villa  Sa Riera\" title=\"CM2378 SA TORTUGA Villa priv\u00e9e \/ Villa  Sa Riera\"><\/div><div class=\"slide-item\"><img data-lazy=\"https:\/\/files.net2rent.com\/pfiles\/43\/27095\/620127-m.jpg\" alt=\"CM2378 SA TORTUGA Villa priv\u00e9e \/ Villa  Sa Riera\" title=\"CM2378 SA TORTUGA Villa priv\u00e9e \/ Villa  Sa Riera\"><\/div><div class=\"slide-item\"><img data-lazy=\"https:\/\/files.net2rent.com\/pfiles\/43\/27095\/620128-m.jpg\" alt=\"CM2378 SA TORTUGA Villa priv\u00e9e \/ Villa  Sa Riera\" title=\"CM2378 SA TORTUGA Villa priv\u00e9e \/ Villa  Sa Riera\"><\/div><div class=\"slide-item\"><img data-lazy=\"https:\/\/files.net2rent.com\/pfiles\/43\/27095\/620129-m.jpg\" alt=\"CM2378 SA TORTUGA Villa priv\u00e9e \/ Villa  Sa Riera\" title=\"CM2378 SA TORTUGA Villa priv\u00e9e \/ Villa  Sa Riera\"><\/div><div class=\"slide-item\"><img data-lazy=\"https:\/\/files.net2rent.com\/pfiles\/43\/27095\/620130-m.jpg\" alt=\"CM2378 SA TORTUGA Villa priv\u00e9e \/ Villa  Sa Riera\" title=\"CM2378 SA TORTUGA Villa priv\u00e9e \/ Villa  Sa Riera\"><\/div><div class=\"slide-item\"><img data-lazy=\"https:\/\/files.net2rent.com\/pfiles\/43\/27095\/620131-m.jpg\" alt=\"CM2378 SA TORTUGA Villa priv\u00e9e \/ Villa  Sa Riera\" title=\"CM2378 SA TORTUGA Villa priv\u00e9e \/ Villa  Sa Riera\"><\/div><div class=\"slide-item\"><img data-lazy=\"https:\/\/files.net2rent.com\/pfiles\/43\/27095\/620132-m.jpg\" alt=\"CM2378 SA TORTUGA Villa priv\u00e9e \/ Villa  Sa Riera\" title=\"CM2378 SA TORTUGA Villa priv\u00e9e \/ Villa  Sa Riera\"><\/div><div class=\"slide-item\"><img data-lazy=\"https:\/\/files.net2rent.com\/pfiles\/43\/27095\/620133-m.jpg\" alt=\"CM2378 SA TORTUGA Villa priv\u00e9e \/ Villa  Sa Riera\" title=\"CM2378 SA TORTUGA Villa priv\u00e9e \/ Villa  Sa Riera\"><\/div><div class=\"slide-item\"><img data-lazy=\"https:\/\/files.net2rent.com\/pfiles\/43\/27095\/620134-m.jpg\" alt=\"CM2378 SA TORTUGA Villa priv\u00e9e \/ Villa  Sa Riera\" title=\"CM2378 SA TORTUGA Villa priv\u00e9e \/ Villa  Sa Riera\"><\/div><div class=\"slide-item\"><img data-lazy=\"https:\/\/files.net2rent.com\/pfiles\/43\/27095\/620135-m.jpg\" alt=\"CM2378 SA TORTUGA Villa priv\u00e9e \/ Villa  Sa Riera\" title=\"CM2378 SA TORTUGA Villa priv\u00e9e \/ Villa  Sa Riera\"><\/div><div class=\"slide-item\"><img data-lazy=\"https:\/\/files.net2rent.com\/pfiles\/43\/27095\/620136-m.jpg\" alt=\"CM2378 SA TORTUGA Villa priv\u00e9e \/ Villa  Sa Riera\" title=\"CM2378 SA TORTUGA Villa priv\u00e9e \/ Villa  Sa Riera\"><\/div><div class=\"slide-item\"><img data-lazy=\"https:\/\/files.net2rent.com\/pfiles\/43\/27095\/620137-m.jpg\" alt=\"CM2378 SA TORTUGA Villa priv\u00e9e \/ Villa  Sa Riera\" title=\"CM2378 SA TORTUGA Villa priv\u00e9e \/ Villa  Sa Riera\"><\/div><div class=\"slide-item\"><img data-lazy=\"https:\/\/files.net2rent.com\/pfiles\/43\/27095\/620138-m.jpg\" alt=\"CM2378 SA TORTUGA Villa priv\u00e9e \/ Villa  Sa Riera\" title=\"CM2378 SA TORTUGA Villa priv\u00e9e \/ Villa  Sa Riera\"><\/div><div class=\"slide-item\"><img data-lazy=\"https:\/\/files.net2rent.com\/pfiles\/43\/27095\/620139-m.jpg\" alt=\"CM2378 SA TORTUGA Villa priv\u00e9e \/ Villa  Sa Riera\" title=\"CM2378 SA TORTUGA Villa priv\u00e9e \/ Villa  Sa Riera\"><\/div><div class=\"slide-item\"><img data-lazy=\"https:\/\/files.net2rent.com\/pfiles\/43\/27095\/620140-m.jpg\" alt=\"CM2378 SA TORTUGA Villa priv\u00e9e \/ Villa  Sa Riera\" title=\"CM2378 SA TORTUGA Villa priv\u00e9e \/ Villa  Sa Riera\"><\/div><div class=\"slide-item\"><img data-lazy=\"https:\/\/files.net2rent.com\/pfiles\/43\/27095\/620141-m.jpg\" alt=\"CM2378 SA TORTUGA Villa priv\u00e9e \/ Villa  Sa Riera\" title=\"CM2378 SA TORTUGA Villa priv\u00e9e \/ Villa  Sa Riera\"><\/div><div class=\"slide-item\"><img data-lazy=\"https:\/\/files.net2rent.com\/pfiles\/43\/27095\/620142-m.jpg\" alt=\"CM2378 SA TORTUGA Villa priv\u00e9e \/ Villa  Sa Riera\" title=\"CM2378 SA TORTUGA Villa priv\u00e9e \/ Villa  Sa Riera\"><\/div><div class=\"slide-item\"><img data-lazy=\"https:\/\/files.net2rent.com\/pfiles\/43\/27095\/620143-m.jpg\" alt=\"CM2378 SA TORTUGA Villa priv\u00e9e \/ Villa  Sa Riera\" title=\"CM2378 SA TORTUGA Villa priv\u00e9e \/ Villa  Sa Riera\"><\/div><div class=\"slide-item\"><img data-lazy=\"https:\/\/files.net2rent.com\/pfiles\/43\/27095\/620144-m.jpg\" alt=\"CM2378 SA TORTUGA Villa priv\u00e9e \/ Villa  Sa Riera\" title=\"CM2378 SA TORTUGA Villa priv\u00e9e \/ Villa  Sa Riera\"><\/div><div class=\"slide-item\"><img data-lazy=\"https:\/\/files.net2rent.com\/pfiles\/43\/27095\/620145-m.jpg\" alt=\"CM2378 SA TORTUGA Villa priv\u00e9e \/ Villa  Sa Riera\" title=\"CM2378 SA TORTUGA Villa priv\u00e9e \/ Villa  Sa Riera\"><\/div><div class=\"slide-item\"><img data-lazy=\"https:\/\/files.net2rent.com\/pfiles\/43\/27095\/620146-m.jpg\" alt=\"CM2378 SA TORTUGA Villa priv\u00e9e \/ Villa  Sa Riera\" title=\"CM2378 SA TORTUGA Villa priv\u00e9e \/ Villa  Sa Riera\"><\/div><div class=\"slide-item\"><img data-lazy=\"https:\/\/files.net2rent.com\/pfiles\/43\/27095\/620147-m.jpg\" alt=\"CM2378 SA TORTUGA Villa priv\u00e9e \/ Villa  Sa Riera\" title=\"CM2378 SA TORTUGA Villa priv\u00e9e \/ Villa  Sa Riera\"><\/div><div class=\"slide-item\"><img data-lazy=\"https:\/\/files.net2rent.com\/pfiles\/43\/27095\/620148-m.jpg\" alt=\"CM2378 SA TORTUGA Villa priv\u00e9e \/ Villa  Sa Riera\" title=\"CM2378 SA TORTUGA Villa priv\u00e9e \/ Villa  Sa Riera\"><\/div><div class=\"slide-item\"><img data-lazy=\"https:\/\/files.net2rent.com\/pfiles\/43\/27095\/620149-m.jpg\" alt=\"CM2378 SA TORTUGA Villa priv\u00e9e \/ Villa  Sa Riera\" title=\"CM2378 SA TORTUGA Villa priv\u00e9e \/ Villa  Sa Riera\"><\/div><div class=\"slide-item\"><img data-lazy=\"https:\/\/files.net2rent.com\/pfiles\/43\/27095\/620150-m.jpg\" alt=\"CM2378 SA TORTUGA Villa priv\u00e9e \/ Villa  Sa Riera\" title=\"CM2378 SA TORTUGA Villa priv\u00e9e \/ Villa  Sa Riera\"><\/div><div class=\"slide-item\"><img data-lazy=\"https:\/\/files.net2rent.com\/pfiles\/43\/27095\/620151-m.jpg\" alt=\"CM2378 SA TORTUGA Villa priv\u00e9e \/ Villa  Sa Riera\" title=\"CM2378 SA TORTUGA Villa priv\u00e9e \/ Villa  Sa Riera\"><\/div><div class=\"slide-item\"><img data-lazy=\"https:\/\/files.net2rent.com\/pfiles\/43\/27095\/620152-m.jpg\" alt=\"CM2378 SA TORTUGA Villa priv\u00e9e \/ Villa  Sa Riera\" title=\"CM2378 SA TORTUGA Villa priv\u00e9e \/ Villa  Sa Riera\"><\/div><div class=\"slide-item\"><img data-lazy=\"https:\/\/files.net2rent.com\/pfiles\/43\/27095\/620153-m.jpg\" alt=\"CM2378 SA TORTUGA Villa priv\u00e9e \/ Villa  Sa Riera\" title=\"CM2378 SA TORTUGA Villa priv\u00e9e \/ Villa  Sa Riera\"><\/div><div class=\"slide-item\"><img data-lazy=\"https:\/\/files.net2rent.com\/pfiles\/43\/27095\/620154-m.jpg\" alt=\"CM2378 SA TORTUGA Villa priv\u00e9e \/ Villa  Sa Riera\" title=\"CM2378 SA TORTUGA Villa priv\u00e9e \/ Villa  Sa Riera\"><\/div><div class=\"slide-item\"><img data-lazy=\"https:\/\/files.net2rent.com\/pfiles\/43\/27095\/620155-m.jpg\" alt=\"CM2378 SA TORTUGA Villa priv\u00e9e \/ Villa  Sa Riera\" title=\"CM2378 SA TORTUGA Villa priv\u00e9e \/ Villa  Sa Riera\"><\/div><div class=\"slide-item\"><img data-lazy=\"https:\/\/files.net2rent.com\/pfiles\/43\/27095\/620156-m.jpg\" alt=\"CM2378 SA TORTUGA Villa priv\u00e9e \/ Villa  Sa Riera\" title=\"CM2378 SA TORTUGA Villa priv\u00e9e \/ Villa  Sa Riera\"><\/div><div class=\"slide-item\"><img data-lazy=\"https:\/\/files.net2rent.com\/pfiles\/43\/27095\/620157-m.jpg\" alt=\"CM2378 SA TORTUGA Villa priv\u00e9e \/ Villa  Sa Riera\" title=\"CM2378 SA TORTUGA Villa priv\u00e9e \/ Villa  Sa Riera\"><\/div><div class=\"slide-item\"><img data-lazy=\"https:\/\/files.net2rent.com\/pfiles\/43\/27095\/620158-m.jpg\" alt=\"CM2378 SA TORTUGA Villa priv\u00e9e \/ Villa  Sa Riera\" title=\"CM2378 SA TORTUGA Villa priv\u00e9e \/ Villa  Sa Riera\"><\/div><div class=\"slide-item\"><img data-lazy=\"https:\/\/files.net2rent.com\/pfiles\/43\/27095\/620159-m.jpg\" alt=\"CM2378 SA TORTUGA Villa priv\u00e9e \/ Villa  Sa Riera\" title=\"CM2378 SA TORTUGA Villa priv\u00e9e \/ Villa  Sa Riera\"><\/div><div class=\"slide-item\"><img data-lazy=\"https:\/\/files.net2rent.com\/pfiles\/43\/27095\/620160-m.jpg\" alt=\"CM2378 SA TORTUGA Villa priv\u00e9e \/ Villa  Sa Riera\" title=\"CM2378 SA TORTUGA Villa priv\u00e9e \/ Villa  Sa Riera\"><\/div><div class=\"slide-item\"><img data-lazy=\"https:\/\/files.net2rent.com\/pfiles\/43\/27095\/620161-m.jpg\" alt=\"CM2378 SA TORTUGA Villa priv\u00e9e \/ Villa  Sa Riera\" title=\"CM2378 SA TORTUGA Villa priv\u00e9e \/ Villa  Sa Riera\"><\/div><div class=\"slide-item\"><img data-lazy=\"https:\/\/files.net2rent.com\/pfiles\/43\/27095\/620162-m.jpg\" alt=\"CM2378 SA TORTUGA Villa priv\u00e9e \/ Villa  Sa Riera\" title=\"CM2378 SA TORTUGA Villa priv\u00e9e \/ Villa  Sa Riera\"><\/div><div class=\"slide-item\"><img data-lazy=\"https:\/\/files.net2rent.com\/pfiles\/43\/27095\/620163-m.jpg\" alt=\"CM2378 SA TORTUGA Villa priv\u00e9e \/ Villa  Sa Riera\" title=\"CM2378 SA TORTUGA Villa priv\u00e9e \/ Villa  Sa Riera\"><\/div><div class=\"slide-item\"><img data-lazy=\"https:\/\/files.net2rent.com\/pfiles\/43\/27095\/620164-m.jpg\" alt=\"CM2378 SA TORTUGA Villa priv\u00e9e \/ Villa  Sa Riera\" title=\"CM2378 SA TORTUGA Villa priv\u00e9e \/ Villa  Sa Riera\"><\/div><div class=\"slide-item\"><img data-lazy=\"https:\/\/files.net2rent.com\/pfiles\/43\/27095\/620165-m.jpg\" alt=\"CM2378 SA TORTUGA Villa priv\u00e9e \/ Villa  Sa Riera\" title=\"CM2378 SA TORTUGA Villa priv\u00e9e \/ Villa  Sa Riera\"><\/div><div class=\"slide-item\"><img data-lazy=\"https:\/\/files.net2rent.com\/pfiles\/43\/27095\/620166-m.jpg\" alt=\"CM2378 SA TORTUGA Villa priv\u00e9e \/ Villa  Sa Riera\" title=\"CM2378 SA TORTUGA Villa priv\u00e9e \/ Villa  Sa Riera\"><\/div><div class=\"slide-item\"><img data-lazy=\"https:\/\/files.net2rent.com\/pfiles\/43\/27095\/620167-m.jpg\" alt=\"CM2378 SA TORTUGA Villa priv\u00e9e \/ Villa  Sa Riera\" title=\"CM2378 SA TORTUGA Villa priv\u00e9e \/ Villa  Sa Riera\"><\/div><div class=\"slide-item\"><img data-lazy=\"https:\/\/files.net2rent.com\/pfiles\/43\/27095\/620168-m.jpg\" alt=\"CM2378 SA TORTUGA Villa priv\u00e9e \/ Villa  Sa Riera\" title=\"CM2378 SA TORTUGA Villa priv\u00e9e \/ Villa  Sa Riera\"><\/div><div class=\"slide-item\"><img data-lazy=\"https:\/\/files.net2rent.com\/pfiles\/43\/27095\/620169-m.jpg\" alt=\"CM2378 SA TORTUGA Villa priv\u00e9e \/ Villa  Sa Riera\" title=\"CM2378 SA TORTUGA Villa priv\u00e9e \/ Villa  Sa Riera\"><\/div><div class=\"slide-item\"><img data-lazy=\"https:\/\/files.net2rent.com\/pfiles\/43\/27095\/620170-m.jpg\" alt=\"CM2378 SA TORTUGA Villa priv\u00e9e \/ Villa  Sa Riera\" title=\"CM2378 SA TORTUGA Villa priv\u00e9e \/ Villa  Sa Riera\"><\/div>  <\/div>\n\n  <div class=\"n2r__list__item__info\">\n    <div class=\"n2r__list__item__title\">\n      <h2 class=\"n2r__list__item__name\">\n        <a href=\"https:\/\/www.corredormato.com\/fr\/logement-detail\/louer-villa-sa-tortuga-sa-riera-27095\/\">Sa Tortuga : villa de luxe en bord de mer \u00e0 Begur avec piscine et acc\u00e8s direct \u00e0 la plage<\/a>\n      <\/h2>\n          <\/div>\n    <div class=\"n2r__list__item__title\">\n      <div class=\"n2r__list__item__reference\">Ref: CM2378<\/div>\n      <div class=\"n2r__list__item__turisticreference\">HUTG-073283-25<\/div>      <div class=\"n2r__list__item__city\">Sa Riera<\/div>\n              <div class=\"n2r__list__item__rating\">\n          <div class=\"n2r__rating\">\n            <div class=\"n2r__rating__complete\" style=\"width:0%\"><\/div>\n          <\/div>\n        <\/div>\n          <\/div>\n    <div class=\"n2r__list__item__features\">\n      <div class=\"n2r__list__item__feature n2r__list__item__feature--rooms\" title=\"6 chambres \u00e0 coucher\"><i class=\"n2r_room\"><\/i> 6<\/div><div class=\"n2r__list__item__feature n2r__list__item__feature--capacity\" title=\"10 pax\"><i class=\"n2r_people\"><\/i> 10<\/div><div class=\"n2r__list__item__feature n2r__list__item__feature--bathrooms\" title=\"5 toilettes\"><i class=\"n2r_toilet\"><\/i> 5<\/div><div class=\"n2r__list__item__feature n2r__list__item__feature--terrace\" title=\"terrasse\"><i class=\"n2r_terrace\"><\/i> <\/div><div class=\"n2r__list__item__feature n2r__list__item__feature--property_meters\" title=\"M\u00e8tres de la propri\u00e9t\u00e9\"><i class=\"n2r_property_meters\"><\/i> 500 m<sup>2<\/sup><\/div><div class=\"n2r__list__item__feature n2r__list__item__feature--pool\" title=\"piscine\"><i class=\"n2r_swimming_pool\"><\/i> <\/div>    <\/div>\n    <div class=\"n2r__list__item__description\">Sa Tortuga Villa de luxe en bord de mer \u00e0 Sa Riera (Begur), Costa Brava HUTG-073283-25\r\nPiscine, jardin et acc\u00e8s direct \u00e0 la plage\r\nImaginez-vous vous r\u00e9veiller avec la brise marine qui traverse les baies vitr\u00e9es, prendre votre petit-d\u00e9jeuner face \u00e0 un M\u00e9diterran\u00e9e \u00e0 l\u2019infini, puis terminer la journ\u00e9e avec des couchers de soleil dor\u00e9s sur Sa Riera, berc\u00e9s par le son des vagues. Sa Tortuga n\u2019est pas seulement une location de vacances : c\u2019est une mani\u00e8re rare de vivre la Costa Brava, dans un lieu privil\u00e9gi\u00e9, intime et absolument en front de mer.\r\nUne villa unique en premi\u00e8re ligne avec vue mer\r\nPerch\u00e9e sur un cap face \u00e0 la plage de Sa Riera, \u00e0 Begur, Sa Tortuga est une villa de luxe en premi\u00e8re ligne de mer b\u00e9n\u00e9ficiant d\u2019un emplacement exceptionnel : acc\u00e8s direct \u00e0 la plage en moins d\u2019une minute par un chemin priv\u00e9 et connexion imm\u00e9diate au Cam\u00ed de Ronda, id\u00e9al pour longer la c\u00f4te entre pins, criques secr\u00e8tes et belv\u00e9d\u00e8res naturels.\r\nConstruite dans les ann\u00e9es 70 et enti\u00e8rement r\u00e9nov\u00e9e en 2024 sous la direction d\u2019un designer d\u2019int\u00e9rieur reconnu, la maison conserve une identit\u00e9 architecturale singuli\u00e8re, sublim\u00e9e par une esth\u00e9tique contemporaine, \u00e9l\u00e9gante et intemporelle. Entour\u00e9e par la mer, l\u2019exp\u00e9rience est immersive : espaces ouverts, lumi\u00e8re naturelle et sensation presque nautique, comme si la M\u00e9diterran\u00e9e faisait partie de la maison.\r\nDes ext\u00e9rieurs pour savourer l\u2019art de vivre m\u00e9diterran\u00e9en\r\nAvec 1 800 m\u00b2 de jardins, Sa Tortuga est pens\u00e9e pour profiter pleinement de l\u2019ext\u00e9rieur sans renoncer au confort. Ici, tout invite \u00e0 ralentir : espace chill-out, coin repas ext\u00e9rieur avec vue mer et piscine panoramique se confondant avec le bleu de Sa Riera. Un d\u00e9cor parfait pour de longues tabl\u00e9es, une lecture \u00e0 l\u2019ombre et des instants qui restent.\r\nUn int\u00e9rieur spacieux, lumineux et parfaitement \u00e9quip\u00e9\r\nLa propri\u00e9t\u00e9 offre plus de 500 m\u00b2 et peut accueillir jusqu\u2019\u00e0 10 voyageurs, id\u00e9ale pour les familles ou les groupes en qu\u00eate d\u2019espace et de confidentialit\u00e9. Les salons et la salle \u00e0 manger s\u2019ouvrent sur un horizon marin continu ; la cuisine, vaste et fonctionnelle, accompagne aussi bien les s\u00e9jours en famille que les escapades avec service.\r\nR\u00e9partition des chambres:\r\n4 suites vue mer, chacune avec lit king-size (200 x 200 cm)\r\n2 chambres individuelles (enfants\/service) avec lits 190 x 80 cm\r\n4 salles de bain + 1 toilette invit\u00e9s (les chambres 5 et 6 partagent une salle de bain)\r\nLa villa dispose \u00e9galement de la climatisation dans toutes les pi\u00e8ces, Wi-Fi haut d\u00e9bit, chemin\u00e9e, barbecue et salle de sport enti\u00e8rement \u00e9quip\u00e9e.\r\nEmplacement : Begur, l\u2019adresse premium de la Costa Brava\r\nSa Riera est l\u2019une des plages les plus recherch\u00e9es de Begur, destination embl\u00e9matique pour une location de vacances haut de gamme sur la Costa Brava. Depuis la villa, le Cam\u00ed de Ronda relie des criques et paysages d\u2019exception, et la proximit\u00e9 imm\u00e9diate de la mer permet d\u2019organiser des exp\u00e9riences inoubliables, dont des sorties pour d\u00e9couvrir la c\u00f4te depuis l\u2019eau.\r\nServices inclus pour un s\u00e9jour sans contraintes\r\nPour que vous n\u2019ayez plus qu\u2019\u00e0 profiter :\r\nM\u00e9nage quotidien (2 heures)\r\nDraps et serviettes (salle de bain, piscine, etc.)\r\nM\u00e9nage de fin de s\u00e9jour\r\nProduits de bain \u00e9co-responsables\r\nPanier de bienvenue\r\n\u00c9quipement complet\r\n\u00a0\r\nServices premium en option (Concierge 24\/7)\r\nPersonnalisez votre s\u00e9jour avec notre Concierge 24\/7 :\r\nChef priv\u00e9 et menus m\u00e9diterran\u00e9ens \/ fine dining\r\nTransferts VIP et chauffeur priv\u00e9\r\nLocation de yachts et excursions exclusives sur la Costa Brava\r\nCours de yoga, massages et soins wellness\r\nOrganisation de mariages, shootings et \u00e9v\u00e9nements priv\u00e9s\r\n\u00a0\r\nPoints forts\r\nVilla de luxe en premi\u00e8re ligne \u00e0 Sa Riera (Begur)\r\nAcc\u00e8s direct \u00e0 la plage et au Cam\u00ed de Ronda\r\nPiscine avec vue mer\r\nJardin priv\u00e9 de 1 800 m\u00b2\r\nPlus de 500 m\u00b2 d\u2019espaces int\u00e9rieurs\r\nR\u00e9nov\u00e9e en 2024\r\n4 suites + 2 chambres individuelles (jusqu\u2019\u00e0 10 voyageurs)\r\nClimatisation dans toutes les chambres\r\nSalle de sport, chemin\u00e9e, barbecue et Wi-Fi haut d\u00e9bit\r\nM\u00e9nage quotidien inclus\r\n\u00a0\r\nR\u00e9servez votre s\u00e9jour \u00e0 Sa Tortuga\r\nSi vous recherchez une villa exclusive avec vue mer \u00e0 Begur, piscine, intimit\u00e9 et acc\u00e8s direct \u00e0 la plage, Sa Tortuga est l\u2019adresse id\u00e9ale. Consultez les disponibilit\u00e9s et bloquez vos dates pour vivre la Costa Brava comme elle le m\u00e9rite : douceur, lumi\u00e8re et M\u00e9diterran\u00e9e en premi\u00e8re ligne.<\/div>\n    <div class=\"n2r__list__item__footer\">\n      <div class=\"n2r__list__item__price\"><span class=\"n2r__list__item__price__from\">D\u00e9s 2.860 \u20ac <small class=\"n2r__list__item__price__from__type\">\/  Jour<\/small><\/span><\/div>    <\/div>\n  <\/div>\n  <a class=\"n2r__list__item__link\" href=\"https:\/\/www.corredormato.com\/fr\/logement-detail\/louer-villa-sa-tortuga-sa-riera-27095\/\">Plus<\/a>\n  <\/div>    <\/div>\n      <\/div>\n  <\/div><\/div>\n\t\t\t\t\t\t<\/div>\n\t\t\t\t<\/div>\n\t\t\t\t\t<\/div>\n\t\t\t\t<\/div>\n\t\t<div class=\"elementor-element elementor-element-7e9aac2 e-flex e-con-boxed e-con e-parent\" data-id=\"7e9aac2\" data-element_type=\"container\" data-e-type=\"container\" data-settings=\"{&quot;background_background&quot;:&quot;classic&quot;}\">\n\t\t\t\t\t<div class=\"e-con-inner\">\n\t\t\t\t<div class=\"elementor-element elementor-element-7197294 elementor-widget elementor-widget-image\" data-id=\"7197294\" data-element_type=\"widget\" data-e-type=\"widget\" data-widget_type=\"image.default\">\n\t\t\t\t<div class=\"elementor-widget-container\">\n\t\t\t\t\t\t\t\t\t\t\t\t\t\t\t\t<a href=\"https:\/\/www.corredormato.com\/contacte\/\">\n\t\t\t\t\t\t\t<img decoding=\"async\" width=\"77\" height=\"77\" src=\"https:\/\/www.corredormato.com\/wp-content\/uploads\/2023\/10\/Valoracio-calculadora.png\" class=\"attachment-full size-full wp-image-8744\" alt=\"Vols saber el valor del teu habitatge?\" \/>\t\t\t\t\t\t\t\t<\/a>\n\t\t\t\t\t\t\t\t\t\t\t\t\t\t\t<\/div>\n\t\t\t\t<\/div>\n\t\t\t\t<div class=\"elementor-element elementor-element-4bcd13b elementor-widget elementor-widget-heading\" data-id=\"4bcd13b\" data-element_type=\"widget\" data-e-type=\"widget\" data-widget_type=\"heading.default\">\n\t\t\t\t<div class=\"elementor-widget-container\">\n\t\t\t\t\t<h2 class=\"elementor-heading-title elementor-size-default\"><a href=\"https:\/\/www.corredormato.com\/contacte\/\">Voulez-vous conna\u00eetre la valeur de votre maison?<\/a><\/h2>\t\t\t\t<\/div>\n\t\t\t\t<\/div>\n\t\t\t\t<div class=\"elementor-element elementor-element-9e30680 elementor-widget elementor-widget-heading\" data-id=\"9e30680\" data-element_type=\"widget\" data-e-type=\"widget\" data-widget_type=\"heading.default\">\n\t\t\t\t<div class=\"elementor-widget-container\">\n\t\t\t\t\t<h3 class=\"elementor-heading-title elementor-size-default\"><a href=\"https:\/\/www.corredormato.com\/contacte\/\">Contactez-nous et demandez une estimation gratuite \u00e0 notre \u00e9quipe d'agents immobiliers experts.<\/a><\/h3>\t\t\t\t<\/div>\n\t\t\t\t<\/div>\n\t\t\t\t\t<\/div>\n\t\t\t\t<\/div>\n\t\t<div class=\"elementor-element elementor-element-38e5235 e-flex e-con-boxed e-con e-parent\" data-id=\"38e5235\" data-element_type=\"container\" data-e-type=\"container\" data-settings=\"{&quot;background_background&quot;:&quot;classic&quot;}\">\n\t\t\t\t\t<div class=\"e-con-inner\">\n\t\t\t\t<div class=\"elementor-element elementor-element-758d934 elementor-widget elementor-widget-heading\" data-id=\"758d934\" data-element_type=\"widget\" data-e-type=\"widget\" data-widget_type=\"heading.default\">\n\t\t\t\t<div class=\"elementor-widget-container\">\n\t\t\t\t\t<h2 class=\"elementor-heading-title elementor-size-default\"><strong>Propri\u00e9t\u00e9s en vedette<\/strong> | Achat<\/h2>\t\t\t\t<\/div>\n\t\t\t\t<\/div>\n\t\t\t\t<div class=\"elementor-element elementor-element-ea69794 sep23-venta elementor-widget elementor-widget-shortcode\" data-id=\"ea69794\" data-element_type=\"widget\" data-e-type=\"widget\" data-widget_type=\"shortcode.default\">\n\t\t\t\t<div class=\"elementor-widget-container\">\n\t\t\t\t\t\t\t<div class=\"elementor-shortcode\">\n<div class=\"n2r__list grid\" data-n2r-searchparams=\"\">\n    <div class=\"n2r__row\">\n    <div class=\"n2r__list__items\">\n      <div class=\"n2r__list__item n2r__clickable   \" data-id=\"18069\">\n  <span class=\"n2r__list__item__label n2r__list__item__label--offer\">Offre<\/span>  <div class=\"n2r__list__item__gallery n2r__slider\">\n    <div class=\"slide-item\"><img data-lazy=\"https:\/\/files.net2rent.com\/pfiles\/43\/18069\/378348-o-m.jpg\" alt=\"\" title=\"\"><\/div><div class=\"slide-item\"><img data-lazy=\"https:\/\/files.net2rent.com\/pfiles\/43\/18069\/378349-o-m.jpg\" alt=\"\" title=\"\"><\/div><div class=\"slide-item\"><img data-lazy=\"https:\/\/files.net2rent.com\/pfiles\/43\/18069\/378350-o-m.jpg\" alt=\"\" title=\"\"><\/div><div class=\"slide-item\"><img data-lazy=\"https:\/\/files.net2rent.com\/pfiles\/43\/18069\/378351-o-m.jpg\" alt=\"\" title=\"\"><\/div><div class=\"slide-item\"><img data-lazy=\"https:\/\/files.net2rent.com\/pfiles\/43\/18069\/378352-o-m.jpg\" alt=\"\" title=\"\"><\/div><div class=\"slide-item\"><img data-lazy=\"https:\/\/files.net2rent.com\/pfiles\/43\/18069\/378353-o-m.jpg\" alt=\"\" title=\"\"><\/div><div class=\"slide-item\"><img data-lazy=\"https:\/\/files.net2rent.com\/pfiles\/43\/18069\/378354-o-m.jpg\" alt=\"\" title=\"\"><\/div><div class=\"slide-item\"><img data-lazy=\"https:\/\/files.net2rent.com\/pfiles\/43\/18069\/378355-o-m.jpg\" alt=\"\" title=\"\"><\/div><div class=\"slide-item\"><img data-lazy=\"https:\/\/files.net2rent.com\/pfiles\/43\/18069\/378356-o-m.jpg\" alt=\"\" title=\"\"><\/div><div class=\"slide-item\"><img data-lazy=\"https:\/\/files.net2rent.com\/pfiles\/43\/18069\/378357-o-m.jpg\" alt=\"\" title=\"\"><\/div><div class=\"slide-item\"><img data-lazy=\"https:\/\/files.net2rent.com\/pfiles\/43\/18069\/378358-o-m.jpg\" alt=\"\" title=\"\"><\/div><div class=\"slide-item\"><img data-lazy=\"https:\/\/files.net2rent.com\/pfiles\/43\/18069\/378359-o-m.jpg\" alt=\"\" title=\"\"><\/div><div class=\"slide-item\"><img data-lazy=\"https:\/\/files.net2rent.com\/pfiles\/43\/18069\/378360-o-m.jpg\" alt=\"\" title=\"\"><\/div><div class=\"slide-item\"><img data-lazy=\"https:\/\/files.net2rent.com\/pfiles\/43\/18069\/378361-o-m.jpg\" alt=\"\" title=\"\"><\/div><div class=\"slide-item\"><img data-lazy=\"https:\/\/files.net2rent.com\/pfiles\/43\/18069\/378362-o-m.jpg\" alt=\"\" title=\"\"><\/div><div class=\"slide-item\"><img data-lazy=\"https:\/\/files.net2rent.com\/pfiles\/43\/18069\/378363-o-m.jpg\" alt=\"\" title=\"\"><\/div><div class=\"slide-item\"><img data-lazy=\"https:\/\/files.net2rent.com\/pfiles\/43\/18069\/378364-o-m.jpg\" alt=\"\" title=\"\"><\/div><div class=\"slide-item\"><img data-lazy=\"https:\/\/files.net2rent.com\/pfiles\/43\/18069\/378365-o-m.jpg\" alt=\"\" title=\"\"><\/div><div class=\"slide-item\"><img data-lazy=\"https:\/\/files.net2rent.com\/pfiles\/43\/18069\/378366-o-m.jpg\" alt=\"\" title=\"\"><\/div><div class=\"slide-item\"><img data-lazy=\"https:\/\/files.net2rent.com\/pfiles\/43\/18069\/378367-o-m.jpg\" alt=\"\" title=\"\"><\/div><div class=\"slide-item\"><img data-lazy=\"https:\/\/files.net2rent.com\/pfiles\/43\/18069\/378368-o-m.jpg\" alt=\"\" title=\"\"><\/div><div class=\"slide-item\"><img data-lazy=\"https:\/\/files.net2rent.com\/pfiles\/43\/18069\/378369-o-m.jpg\" alt=\"\" title=\"\"><\/div><div class=\"slide-item\"><img data-lazy=\"https:\/\/files.net2rent.com\/pfiles\/43\/18069\/378370-o-m.jpg\" alt=\"\" title=\"\"><\/div><div class=\"slide-item\"><img data-lazy=\"https:\/\/files.net2rent.com\/pfiles\/43\/18069\/378371-o-m.jpg\" alt=\"\" title=\"\"><\/div><div class=\"slide-item\"><img data-lazy=\"https:\/\/files.net2rent.com\/pfiles\/43\/18069\/378372-o-m.jpg\" alt=\"\" title=\"\"><\/div><div class=\"slide-item\"><img data-lazy=\"https:\/\/files.net2rent.com\/pfiles\/43\/18069\/378373-o-m.jpg\" alt=\"\" title=\"\"><\/div><div class=\"slide-item\"><img data-lazy=\"https:\/\/files.net2rent.com\/pfiles\/43\/18069\/378374-o-m.jpg\" alt=\"\" title=\"\"><\/div><div class=\"slide-item\"><img data-lazy=\"https:\/\/files.net2rent.com\/pfiles\/43\/18069\/378375-o-m.jpg\" alt=\"\" title=\"\"><\/div><div class=\"slide-item\"><img data-lazy=\"https:\/\/files.net2rent.com\/pfiles\/43\/18069\/378376-o-m.jpg\" alt=\"\" title=\"\"><\/div>  <\/div>\n\n  <div class=\"n2r__list__item__info\">\n    <div class=\"n2r__list__item__title\">\n      <h2 class=\"n2r__list__item__name\">\n        <a href=\"https:\/\/www.corredormato.com\/fr\/vendre\/vente-villa-castell-de-rosanes-la-garriga-18069\/\">CASTELL DE ROSANES<\/a>\n      <\/h2>\n          <\/div>\n    <div class=\"n2r__list__item__title\">\n      <div class=\"n2r__list__item__reference\">Ref: M1269<\/div>\n            <div class=\"n2r__list__item__city\">La Garriga<\/div>\n          <\/div>\n    <div class=\"n2r__list__item__features\">\n      <div class=\"n2r__list__item__feature n2r__list__item__feature--property_meters\" title=\"M\u00e8tres de la propri\u00e9t\u00e9\"><i class=\"n2r_property_meters\"><\/i> 5615 m<sup>2<\/sup><\/div>    <\/div>\n    <div class=\"n2r__list__item__description\"><\/div>\n    <div class=\"n2r__list__item__footer\">\n      <div class=\"n2r__list__item__price\"><span class=\"n2r__list__item__price__amount n2r__list__item__price__old\">5.000.000 \u20ac<\/span> 3.000.000 \u20ac<\/div>    <\/div>\n  <\/div>\n  <a class=\"n2r__list__item__link\" href=\"https:\/\/www.corredormato.com\/fr\/vendre\/vente-villa-castell-de-rosanes-la-garriga-18069\/\">Plus<\/a>\n  <\/div><div class=\"n2r__list__item n2r__clickable   \" data-id=\"21934\">\n  <span class=\"n2r__list__item__label n2r__list__item__label--offer\">Offre<\/span>  <div class=\"n2r__list__item__gallery n2r__slider\">\n    <div class=\"slide-item\"><img data-lazy=\"https:\/\/files.net2rent.com\/pfiles\/43\/21934\/552045-m.jpg\" alt=\"\" title=\"\"><\/div><div class=\"slide-item\"><img data-lazy=\"https:\/\/files.net2rent.com\/pfiles\/43\/21934\/522156-m.jpg\" alt=\"\" title=\"\"><\/div><div class=\"slide-item\"><img data-lazy=\"https:\/\/files.net2rent.com\/pfiles\/43\/21934\/522150-m.jpg\" alt=\"\" title=\"\"><\/div><div class=\"slide-item\"><img data-lazy=\"https:\/\/files.net2rent.com\/pfiles\/43\/21934\/522151-m.jpg\" alt=\"\" title=\"\"><\/div><div class=\"slide-item\"><img data-lazy=\"https:\/\/files.net2rent.com\/pfiles\/43\/21934\/522152-m.jpg\" alt=\"\" title=\"\"><\/div><div class=\"slide-item\"><img data-lazy=\"https:\/\/files.net2rent.com\/pfiles\/43\/21934\/522153-m.jpg\" alt=\"\" title=\"\"><\/div><div class=\"slide-item\"><img data-lazy=\"https:\/\/files.net2rent.com\/pfiles\/43\/21934\/522154-m.jpg\" alt=\"\" title=\"\"><\/div><div class=\"slide-item\"><img data-lazy=\"https:\/\/files.net2rent.com\/pfiles\/43\/21934\/522155-m.jpg\" alt=\"\" title=\"\"><\/div><div class=\"slide-item\"><img data-lazy=\"https:\/\/files.net2rent.com\/pfiles\/43\/21934\/522157-m.jpg\" alt=\"\" title=\"\"><\/div><div class=\"slide-item\"><img data-lazy=\"https:\/\/files.net2rent.com\/pfiles\/43\/21934\/514535-m.jpg\" alt=\"\" title=\"\"><\/div><div class=\"slide-item\"><img data-lazy=\"https:\/\/files.net2rent.com\/pfiles\/43\/21934\/514538-m.jpg\" alt=\"\" title=\"\"><\/div><div class=\"slide-item\"><img data-lazy=\"https:\/\/files.net2rent.com\/pfiles\/43\/21934\/514795-m.jpg\" alt=\"\" title=\"\"><\/div><div class=\"slide-item\"><img data-lazy=\"https:\/\/files.net2rent.com\/pfiles\/43\/21934\/514796-m.jpg\" alt=\"\" title=\"\"><\/div><div class=\"slide-item\"><img data-lazy=\"https:\/\/files.net2rent.com\/pfiles\/43\/21934\/514797-m.jpg\" alt=\"\" title=\"\"><\/div><div class=\"slide-item\"><img data-lazy=\"https:\/\/files.net2rent.com\/pfiles\/43\/21934\/514798-m.jpg\" alt=\"\" title=\"\"><\/div><div class=\"slide-item\"><img data-lazy=\"https:\/\/files.net2rent.com\/pfiles\/43\/21934\/514799-m.jpg\" alt=\"\" title=\"\"><\/div><div class=\"slide-item\"><img data-lazy=\"https:\/\/files.net2rent.com\/pfiles\/43\/21934\/514800-m.jpg\" alt=\"\" title=\"\"><\/div><div class=\"slide-item\"><img data-lazy=\"https:\/\/files.net2rent.com\/pfiles\/43\/21934\/514801-m.jpg\" alt=\"\" title=\"\"><\/div><div class=\"slide-item\"><img data-lazy=\"https:\/\/files.net2rent.com\/pfiles\/43\/21934\/514802-m.jpg\" alt=\"\" title=\"\"><\/div><div class=\"slide-item\"><img data-lazy=\"https:\/\/files.net2rent.com\/pfiles\/43\/21934\/514803-m.jpg\" alt=\"\" title=\"\"><\/div>  <\/div>\n\n  <div class=\"n2r__list__item__info\">\n    <div class=\"n2r__list__item__title\">\n      <h2 class=\"n2r__list__item__name\">\n        <a href=\"https:\/\/www.corredormato.com\/fr\/vendre\/vente-villa-salvador-tamariu-21934\/\">Spectaculaire villa nouvellement construite<\/a>\n      <\/h2>\n          <\/div>\n    <div class=\"n2r__list__item__title\">\n      <div class=\"n2r__list__item__reference\">Ref: M2395<\/div>\n            <div class=\"n2r__list__item__city\">Tamariu<\/div>\n          <\/div>\n    <div class=\"n2r__list__item__features\">\n      <div class=\"n2r__list__item__feature n2r__list__item__feature--rooms\" title=\"4 chambres \u00e0 coucher\"><i class=\"n2r_room\"><\/i> 4<\/div><div class=\"n2r__list__item__feature n2r__list__item__feature--bathrooms\" title=\"5 toilettes\"><i class=\"n2r_toilet\"><\/i> 5<\/div><div class=\"n2r__list__item__feature n2r__list__item__feature--property_meters\" title=\"M\u00e8tres de la propri\u00e9t\u00e9\"><i class=\"n2r_property_meters\"><\/i> 576 m<sup>2<\/sup><\/div><div class=\"n2r__list__item__feature n2r__list__item__feature--pool\" title=\"piscine\"><i class=\"n2r_swimming_pool\"><\/i> <\/div>    <\/div>\n    <div class=\"n2r__list__item__description\">Derni\u00e8re propri\u00e9t\u00e9 disponible dans cette zone de maisons ind\u00e9pendantes d&#039;exception, situ\u00e9e dans l&#039;un des quartiers les plus exclusifs de Tamariu, cette villa vous offre la tranquillit\u00e9 d&#039;un environnement naturel privil\u00e9gi\u00e9, en m\u00eame temps que vous \u00eates \u00e0 quelques minutes de tous les services et commodit\u00e9s. D\u00e9couvrez la vie de luxe pr\u00e8s de la mer dans cette spectaculaire villa de nouvelle construction.\nSitu\u00e9 sur un terrain de 1600 m\u00b2 \u00e0 seulement 5 minutes \u00e0 pied de la plage de Tamariu, ce joyau architectural offre une vue panoramique in\u00e9gal\u00e9e et une intimit\u00e9 absolue.\nCette villa au design contemporain allie parfaitement \u00e9l\u00e9gance et fonctionnalit\u00e9. Les grandes fen\u00eatres inondent chaque recoin de la maison de lumi\u00e8re naturelle, cr\u00e9ant une atmosph\u00e8re chaleureuse et accueillante. La cuisine, enti\u00e8rement \u00e9quip\u00e9e, est le c\u0153ur de la maison et s&#039;ouvre sur un grand s\u00e9jour avec acc\u00e8s direct \u00e0 la terrasse et au jardin.\nLe jardin, soigneusement con\u00e7u, est une oasis de tranquillit\u00e9 o\u00f9 vous pourrez profiter du soleil, organiser des barbecues entre amis ou en famille, ou simplement vous d\u00e9tendre au bord de la piscine.\nCaract\u00e9ristiques d\u00e9taill\u00e9es :\nSuperficie : 576m\u00b2 construits\nTerrain : 1500m\u00b2\nChambres : 4 spacieuses et lumineuses\nSalles de bains : 5 et 4 en suite.\n\u00c0 l&#039;\u00e9tage sup\u00e9rieur : 3 pi\u00e8ces et terrasses avec vue mer.\nRez-de-chauss\u00e9e&nbsp;: Suite principale avec salle de bain priv\u00e9e et dressing, salle de bain de courtoisie\nExt\u00e9rieur : Grand jardin, piscine priv\u00e9e\nTechnologie : Syst\u00e8me domotique \u00e0 la fine pointe de la technologie\nFinitions : Luxueuses et de haute qualit\u00e9\nLivraison 2027<\/div>\n    <div class=\"n2r__list__item__footer\">\n      <div class=\"n2r__list__item__price\"><span class=\"n2r__list__item__price__amount n2r__list__item__price__old\">4.000.000 \u20ac<\/span> 3.980.000 \u20ac<\/div>    <\/div>\n  <\/div>\n  <a class=\"n2r__list__item__link\" href=\"https:\/\/www.corredormato.com\/fr\/vendre\/vente-villa-salvador-tamariu-21934\/\">Plus<\/a>\n  <\/div><div class=\"n2r__list__item n2r__clickable   \" data-id=\"21648\">\n  <span class=\"n2r__list__item__icon n2r__list__item__icon--withvideo\" title=\"Avec vid\u00e9o\"><i class=\"fas fa-video\"><\/i><\/span>  <div class=\"n2r__list__item__gallery n2r__slider\">\n    <div class=\"slide-item\"><img data-lazy=\"https:\/\/files.net2rent.com\/pfiles\/43\/21648\/511649-m.jpg\" alt=\"\" title=\"\"><\/div><div class=\"slide-item\"><img data-lazy=\"https:\/\/files.net2rent.com\/pfiles\/43\/21648\/511650-m.jpg\" alt=\"\" title=\"\"><\/div><div class=\"slide-item\"><img data-lazy=\"https:\/\/files.net2rent.com\/pfiles\/43\/21648\/511651-m.jpg\" alt=\"\" title=\"\"><\/div><div class=\"slide-item\"><img data-lazy=\"https:\/\/files.net2rent.com\/pfiles\/43\/21648\/511652-m.jpg\" alt=\"\" title=\"\"><\/div><div class=\"slide-item\"><img data-lazy=\"https:\/\/files.net2rent.com\/pfiles\/43\/21648\/511653-m.jpg\" alt=\"\" title=\"\"><\/div><div class=\"slide-item\"><img data-lazy=\"https:\/\/files.net2rent.com\/pfiles\/43\/21648\/511654-m.jpg\" alt=\"\" title=\"\"><\/div><div class=\"slide-item\"><img data-lazy=\"https:\/\/files.net2rent.com\/pfiles\/43\/21648\/511655-m.jpg\" alt=\"\" title=\"\"><\/div><div class=\"slide-item\"><img data-lazy=\"https:\/\/files.net2rent.com\/pfiles\/43\/21648\/511656-m.jpg\" alt=\"\" title=\"\"><\/div><div class=\"slide-item\"><img data-lazy=\"https:\/\/files.net2rent.com\/pfiles\/43\/21648\/511657-m.jpg\" alt=\"\" title=\"\"><\/div><div class=\"slide-item\"><img data-lazy=\"https:\/\/files.net2rent.com\/pfiles\/43\/21648\/511658-m.jpg\" alt=\"\" title=\"\"><\/div><div class=\"slide-item\"><img data-lazy=\"https:\/\/files.net2rent.com\/pfiles\/43\/21648\/511659-m.jpg\" alt=\"\" title=\"\"><\/div><div class=\"slide-item\"><img data-lazy=\"https:\/\/files.net2rent.com\/pfiles\/43\/21648\/511660-m.jpg\" alt=\"\" title=\"\"><\/div><div class=\"slide-item\"><img data-lazy=\"https:\/\/files.net2rent.com\/pfiles\/43\/21648\/511661-m.jpg\" alt=\"\" title=\"\"><\/div><div class=\"slide-item\"><img data-lazy=\"https:\/\/files.net2rent.com\/pfiles\/43\/21648\/511662-m.jpg\" alt=\"\" title=\"\"><\/div><div class=\"slide-item\"><img data-lazy=\"https:\/\/files.net2rent.com\/pfiles\/43\/21648\/511663-m.jpg\" alt=\"\" title=\"\"><\/div><div class=\"slide-item\"><img data-lazy=\"https:\/\/files.net2rent.com\/pfiles\/43\/21648\/511664-m.jpg\" alt=\"\" title=\"\"><\/div><div class=\"slide-item\"><img data-lazy=\"https:\/\/files.net2rent.com\/pfiles\/43\/21648\/511665-m.jpg\" alt=\"\" title=\"\"><\/div><div class=\"slide-item\"><img data-lazy=\"https:\/\/files.net2rent.com\/pfiles\/43\/21648\/511666-m.jpg\" alt=\"\" title=\"\"><\/div><div class=\"slide-item\"><img data-lazy=\"https:\/\/files.net2rent.com\/pfiles\/43\/21648\/511667-m.jpg\" alt=\"\" title=\"\"><\/div><div class=\"slide-item\"><img data-lazy=\"https:\/\/files.net2rent.com\/pfiles\/43\/21648\/511668-m.jpg\" alt=\"\" title=\"\"><\/div><div class=\"slide-item\"><img data-lazy=\"https:\/\/files.net2rent.com\/pfiles\/43\/21648\/511669-m.jpg\" alt=\"\" title=\"\"><\/div><div class=\"slide-item\"><img data-lazy=\"https:\/\/files.net2rent.com\/pfiles\/43\/21648\/511670-m.jpg\" alt=\"\" title=\"\"><\/div><div class=\"slide-item\"><img data-lazy=\"https:\/\/files.net2rent.com\/pfiles\/43\/21648\/511671-m.jpg\" alt=\"\" title=\"\"><\/div><div class=\"slide-item\"><img data-lazy=\"https:\/\/files.net2rent.com\/pfiles\/43\/21648\/511672-m.jpg\" alt=\"\" title=\"\"><\/div><div class=\"slide-item\"><img data-lazy=\"https:\/\/files.net2rent.com\/pfiles\/43\/21648\/511673-m.jpg\" alt=\"\" title=\"\"><\/div><div class=\"slide-item\"><img data-lazy=\"https:\/\/files.net2rent.com\/pfiles\/43\/21648\/511674-m.jpg\" alt=\"\" title=\"\"><\/div><div class=\"slide-item\"><img data-lazy=\"https:\/\/files.net2rent.com\/pfiles\/43\/21648\/511675-m.jpg\" alt=\"\" title=\"\"><\/div><div class=\"slide-item\"><img data-lazy=\"https:\/\/files.net2rent.com\/pfiles\/43\/21648\/511676-m.jpg\" alt=\"\" title=\"\"><\/div><div class=\"slide-item\"><img data-lazy=\"https:\/\/files.net2rent.com\/pfiles\/43\/21648\/511677-m.jpg\" alt=\"\" title=\"\"><\/div><div class=\"slide-item\"><img data-lazy=\"https:\/\/files.net2rent.com\/pfiles\/43\/21648\/511678-m.jpg\" alt=\"\" title=\"\"><\/div><div class=\"slide-item\"><img data-lazy=\"https:\/\/files.net2rent.com\/pfiles\/43\/21648\/511679-m.jpg\" alt=\"\" title=\"\"><\/div><div class=\"slide-item\"><img data-lazy=\"https:\/\/files.net2rent.com\/pfiles\/43\/21648\/511680-m.jpg\" alt=\"\" title=\"\"><\/div><div class=\"slide-item\"><img data-lazy=\"https:\/\/files.net2rent.com\/pfiles\/43\/21648\/511681-m.jpg\" alt=\"\" title=\"\"><\/div><div class=\"slide-item\"><img data-lazy=\"https:\/\/files.net2rent.com\/pfiles\/43\/21648\/511682-m.jpg\" alt=\"\" title=\"\"><\/div><div class=\"slide-item\"><img data-lazy=\"https:\/\/files.net2rent.com\/pfiles\/43\/21648\/511683-m.jpg\" alt=\"\" title=\"\"><\/div><div class=\"slide-item\"><img data-lazy=\"https:\/\/files.net2rent.com\/pfiles\/43\/21648\/511684-m.jpg\" alt=\"\" title=\"\"><\/div><div class=\"slide-item\"><img data-lazy=\"https:\/\/files.net2rent.com\/pfiles\/43\/21648\/511685-m.jpg\" alt=\"\" title=\"\"><\/div><div class=\"slide-item\"><img data-lazy=\"https:\/\/files.net2rent.com\/pfiles\/43\/21648\/524255-m.jpg\" alt=\"\" title=\"\"><\/div><div class=\"slide-item\"><img data-lazy=\"https:\/\/files.net2rent.com\/pfiles\/43\/21648\/524256-m.jpg\" alt=\"\" title=\"\"><\/div><div class=\"slide-item\"><img data-lazy=\"https:\/\/img.youtube.com\/vi\/3eABtQL_OPM\/0.jpg\" alt=\"\" title=\"\"><\/div>  <\/div>\n\n  <div class=\"n2r__list__item__info\">\n    <div class=\"n2r__list__item__title\">\n      <h2 class=\"n2r__list__item__name\">\n        <a href=\"https:\/\/www.corredormato.com\/fr\/vendre\/vente-grenier-madriguera-sitges-21648\/\">Penthouse  duplex de luxe avec vue panoramique<\/a>\n      <\/h2>\n          <\/div>\n    <div class=\"n2r__list__item__title\">\n      <div class=\"n2r__list__item__reference\">Ref: M2370<\/div>\n            <div class=\"n2r__list__item__city\">Sitges<\/div>\n          <\/div>\n    <div class=\"n2r__list__item__features\">\n      <div class=\"n2r__list__item__feature n2r__list__item__feature--rooms\" title=\"2 chambres \u00e0 coucher\"><i class=\"n2r_room\"><\/i> 2<\/div><div class=\"n2r__list__item__feature n2r__list__item__feature--bathrooms\" title=\"2 toilettes\"><i class=\"n2r_toilet\"><\/i> 2<\/div><div class=\"n2r__list__item__feature n2r__list__item__feature--property_meters\" title=\"M\u00e8tres de la propri\u00e9t\u00e9\"><i class=\"n2r_property_meters\"><\/i> 90 m<sup>2<\/sup><\/div>    <\/div>\n    <div class=\"n2r__list__item__description\">Cet \u00e9l\u00e9gant penthouse en duplex, situ\u00e9 dans un nouveau quartier r\u00e9sidentiel de Sitges, offre une combinaison parfaite de luxe, de confort et d&#039;emplacement. Avec ses terrasses spacieuses et ses vues panoramiques sur la mer, cette maison est l&#039;endroit id\u00e9al pour se d\u00e9tendre et profiter du style de vie m\u00e9diterran\u00e9en.Caract\u00e9ristiques exceptionnelles :Situation privil\u00e9gi\u00e9e : \u00e0 quelques pas du centre de Sitges, de la gare et des belles plages, vous aurez tout \u00e0 port\u00e9e de main.Design moderne : le penthouse a un design contemporain, avec des finitions de haute qualit\u00e9 et un agencement fonctionnel.Terrasses spacieuses : deux terrasses priv\u00e9es, l&#039;une enveloppante avec vue sur les environs et l&#039;autre sur le toit avec vue sur la mer, parfaites pour se d\u00e9tendre et profiter de l&#039;ext\u00e9rieur.Luminosit\u00e9 : L&#039;abondance de lumi\u00e8re naturelle et les grandes portes coulissantes cr\u00e9ent une atmosph\u00e8re lumineuse et accueillante.\u00c9quipements : Le penthouse est enti\u00e8rement \u00e9quip\u00e9 de tout ce dont vous avez besoin, y compris la climatisation, une cuisine moderne et un mobilier design.Intimit\u00e9 : L&#039;ascenseur vous conduit directement \u00e0 votre porte d&#039;entr\u00e9e, garantissant ainsi votre intimit\u00e9 et votre confort.Disposition :Espace jour : spacieux salon-salle \u00e0 manger avec cuisine ouverte, enti\u00e8rement \u00e9quip\u00e9e et reli\u00e9e \u00e0 la terrasse enveloppante.Chambres : Deux chambres doubles, l&#039;une avec salle de bains priv\u00e9e et l&#039;autre avec acc\u00e8s \u00e0 une terrasse priv\u00e9e.Salles de bains : Deux salles de bains modernes avec douche.Terrasse sur le toit : espace id\u00e9al pour se d\u00e9tendre, prendre le soleil et profiter de la vue sur la mer.Ne manquez pas l&#039;opportunit\u00e9 de vivre dans ce paradis urbain !<\/div>\n    <div class=\"n2r__list__item__footer\">\n      <div class=\"n2r__list__item__price\">675.000 \u20ac<\/div>    <\/div>\n  <\/div>\n  <a class=\"n2r__list__item__link\" href=\"https:\/\/www.corredormato.com\/fr\/vendre\/vente-grenier-madriguera-sitges-21648\/\">Plus<\/a>\n  <\/div><div class=\"n2r__list__item n2r__clickable   \" data-id=\"20698\">\n    <div class=\"n2r__list__item__gallery n2r__slider\">\n    <div class=\"slide-item\"><img data-lazy=\"https:\/\/files.net2rent.com\/pfiles\/43\/20698\/471693-m.jpg\" alt=\"\" title=\"\"><\/div><div class=\"slide-item\"><img data-lazy=\"https:\/\/files.net2rent.com\/pfiles\/43\/20698\/471694-m.jpg\" alt=\"\" title=\"\"><\/div><div class=\"slide-item\"><img data-lazy=\"https:\/\/files.net2rent.com\/pfiles\/43\/20698\/471695-m.jpg\" alt=\"\" title=\"\"><\/div><div class=\"slide-item\"><img data-lazy=\"https:\/\/files.net2rent.com\/pfiles\/43\/20698\/471696-m.jpg\" alt=\"\" title=\"\"><\/div><div class=\"slide-item\"><img data-lazy=\"https:\/\/files.net2rent.com\/pfiles\/43\/20698\/471697-m.jpg\" alt=\"\" title=\"\"><\/div><div class=\"slide-item\"><img data-lazy=\"https:\/\/files.net2rent.com\/pfiles\/43\/20698\/471698-m.jpg\" alt=\"\" title=\"\"><\/div><div class=\"slide-item\"><img data-lazy=\"https:\/\/files.net2rent.com\/pfiles\/43\/20698\/471699-m.jpg\" alt=\"\" title=\"\"><\/div><div class=\"slide-item\"><img data-lazy=\"https:\/\/files.net2rent.com\/pfiles\/43\/20698\/471700-m.jpg\" alt=\"\" title=\"\"><\/div><div class=\"slide-item\"><img data-lazy=\"https:\/\/files.net2rent.com\/pfiles\/43\/20698\/471701-m.jpg\" alt=\"\" title=\"\"><\/div><div class=\"slide-item\"><img data-lazy=\"https:\/\/files.net2rent.com\/pfiles\/43\/20698\/471702-m.jpg\" alt=\"\" title=\"\"><\/div><div class=\"slide-item\"><img data-lazy=\"https:\/\/files.net2rent.com\/pfiles\/43\/20698\/471703-m.jpg\" alt=\"\" title=\"\"><\/div><div class=\"slide-item\"><img data-lazy=\"https:\/\/files.net2rent.com\/pfiles\/43\/20698\/471704-m.jpg\" alt=\"\" title=\"\"><\/div><div class=\"slide-item\"><img data-lazy=\"https:\/\/files.net2rent.com\/pfiles\/43\/20698\/471705-m.jpg\" alt=\"\" title=\"\"><\/div><div class=\"slide-item\"><img data-lazy=\"https:\/\/files.net2rent.com\/pfiles\/43\/20698\/471706-m.jpg\" alt=\"\" title=\"\"><\/div><div class=\"slide-item\"><img data-lazy=\"https:\/\/files.net2rent.com\/pfiles\/43\/20698\/471707-m.jpg\" alt=\"\" title=\"\"><\/div><div class=\"slide-item\"><img data-lazy=\"https:\/\/files.net2rent.com\/pfiles\/43\/20698\/471708-m.jpg\" alt=\"\" title=\"\"><\/div><div class=\"slide-item\"><img data-lazy=\"https:\/\/files.net2rent.com\/pfiles\/43\/20698\/471709-m.jpg\" alt=\"\" title=\"\"><\/div><div class=\"slide-item\"><img data-lazy=\"https:\/\/files.net2rent.com\/pfiles\/43\/20698\/471710-m.jpg\" alt=\"\" title=\"\"><\/div><div class=\"slide-item\"><img data-lazy=\"https:\/\/files.net2rent.com\/pfiles\/43\/20698\/471711-m.jpg\" alt=\"\" title=\"\"><\/div><div class=\"slide-item\"><img data-lazy=\"https:\/\/files.net2rent.com\/pfiles\/43\/20698\/471712-m.jpg\" alt=\"\" title=\"\"><\/div><div class=\"slide-item\"><img data-lazy=\"https:\/\/files.net2rent.com\/pfiles\/43\/20698\/471713-m.jpg\" alt=\"\" title=\"\"><\/div><div class=\"slide-item\"><img data-lazy=\"https:\/\/files.net2rent.com\/pfiles\/43\/20698\/471714-m.jpg\" alt=\"\" title=\"\"><\/div><div class=\"slide-item\"><img data-lazy=\"https:\/\/files.net2rent.com\/pfiles\/43\/20698\/471715-m.jpg\" alt=\"\" title=\"\"><\/div><div class=\"slide-item\"><img data-lazy=\"https:\/\/files.net2rent.com\/pfiles\/43\/20698\/471716-m.jpg\" alt=\"\" title=\"\"><\/div><div class=\"slide-item\"><img data-lazy=\"https:\/\/files.net2rent.com\/pfiles\/43\/20698\/471717-m.jpg\" alt=\"\" title=\"\"><\/div><div class=\"slide-item\"><img data-lazy=\"https:\/\/files.net2rent.com\/pfiles\/43\/20698\/471718-m.jpg\" alt=\"\" title=\"\"><\/div><div class=\"slide-item\"><img data-lazy=\"https:\/\/files.net2rent.com\/pfiles\/43\/20698\/471719-m.jpg\" alt=\"\" title=\"\"><\/div><div class=\"slide-item\"><img data-lazy=\"https:\/\/files.net2rent.com\/pfiles\/43\/20698\/471720-m.jpg\" alt=\"\" title=\"\"><\/div><div class=\"slide-item\"><img data-lazy=\"https:\/\/files.net2rent.com\/pfiles\/43\/20698\/471721-m.jpg\" alt=\"\" title=\"\"><\/div><div class=\"slide-item\"><img data-lazy=\"https:\/\/files.net2rent.com\/pfiles\/43\/20698\/471722-m.jpg\" alt=\"\" title=\"\"><\/div><div class=\"slide-item\"><img data-lazy=\"https:\/\/files.net2rent.com\/pfiles\/43\/20698\/471723-m.jpg\" alt=\"\" title=\"\"><\/div><div class=\"slide-item\"><img data-lazy=\"https:\/\/files.net2rent.com\/pfiles\/43\/20698\/471724-m.jpg\" alt=\"\" title=\"\"><\/div><div class=\"slide-item\"><img data-lazy=\"https:\/\/files.net2rent.com\/pfiles\/43\/20698\/471725-m.jpg\" alt=\"\" title=\"\"><\/div><div class=\"slide-item\"><img data-lazy=\"https:\/\/files.net2rent.com\/pfiles\/43\/20698\/471726-m.jpg\" alt=\"\" title=\"\"><\/div><div class=\"slide-item\"><img data-lazy=\"https:\/\/files.net2rent.com\/pfiles\/43\/20698\/471727-m.jpg\" alt=\"\" title=\"\"><\/div><div class=\"slide-item\"><img data-lazy=\"https:\/\/files.net2rent.com\/pfiles\/43\/20698\/471728-m.jpg\" alt=\"\" title=\"\"><\/div><div class=\"slide-item\"><img data-lazy=\"https:\/\/files.net2rent.com\/pfiles\/43\/20698\/471729-m.jpg\" alt=\"\" title=\"\"><\/div><div class=\"slide-item\"><img data-lazy=\"https:\/\/files.net2rent.com\/pfiles\/43\/20698\/471730-m.jpg\" alt=\"\" title=\"\"><\/div><div class=\"slide-item\"><img data-lazy=\"https:\/\/files.net2rent.com\/pfiles\/43\/20698\/471731-m.jpg\" alt=\"\" title=\"\"><\/div><div class=\"slide-item\"><img data-lazy=\"https:\/\/files.net2rent.com\/pfiles\/43\/20698\/471732-m.jpg\" alt=\"\" title=\"\"><\/div><div class=\"slide-item\"><img data-lazy=\"https:\/\/files.net2rent.com\/pfiles\/43\/20698\/471733-m.jpg\" alt=\"\" title=\"\"><\/div><div class=\"slide-item\"><img data-lazy=\"https:\/\/files.net2rent.com\/pfiles\/43\/20698\/471734-m.jpg\" alt=\"\" title=\"\"><\/div><div class=\"slide-item\"><img data-lazy=\"https:\/\/files.net2rent.com\/pfiles\/43\/20698\/471735-m.jpg\" alt=\"\" title=\"\"><\/div><div class=\"slide-item\"><img data-lazy=\"https:\/\/files.net2rent.com\/pfiles\/43\/20698\/471736-m.jpg\" alt=\"\" title=\"\"><\/div><div class=\"slide-item\"><img data-lazy=\"https:\/\/files.net2rent.com\/pfiles\/43\/20698\/471737-m.jpg\" alt=\"\" title=\"\"><\/div><div class=\"slide-item\"><img data-lazy=\"https:\/\/files.net2rent.com\/pfiles\/43\/20698\/471738-m.jpg\" alt=\"\" title=\"\"><\/div><div class=\"slide-item\"><img data-lazy=\"https:\/\/files.net2rent.com\/pfiles\/43\/20698\/471739-m.jpg\" alt=\"\" title=\"\"><\/div>  <\/div>\n\n  <div class=\"n2r__list__item__info\">\n    <div class=\"n2r__list__item__title\">\n      <h2 class=\"n2r__list__item__name\">\n        <a href=\"https:\/\/www.corredormato.com\/fr\/vendre\/vente-villa-supermaresme-sant-vicenc-de-montalt-20698\/\">Avenue SUPERMARESME<\/a>\n      <\/h2>\n          <\/div>\n    <div class=\"n2r__list__item__title\">\n      <div class=\"n2r__list__item__reference\">Ref: M2164<\/div>\n            <div class=\"n2r__list__item__city\">Sant Vicen\u00e7 de Montalt<\/div>\n          <\/div>\n    <div class=\"n2r__list__item__features\">\n      <div class=\"n2r__list__item__feature n2r__list__item__feature--rooms\" title=\"7 chambres \u00e0 coucher\"><i class=\"n2r_room\"><\/i> 7<\/div><div class=\"n2r__list__item__feature n2r__list__item__feature--bathrooms\" title=\"5 toilettes\"><i class=\"n2r_toilet\"><\/i> 5<\/div><div class=\"n2r__list__item__feature n2r__list__item__feature--property_meters\" title=\"M\u00e8tres de la propri\u00e9t\u00e9\"><i class=\"n2r_property_meters\"><\/i> 1252 m<sup>2<\/sup><\/div><div class=\"n2r__list__item__feature n2r__list__item__feature--pool\" title=\"piscine\"><i class=\"n2r_swimming_pool\"><\/i> <\/div>    <\/div>\n    <div class=\"n2r__list__item__description\">Fantastique propri\u00e9t\u00e9 \u00e0 Supermaresme, l&#039;une des urbanisations les plus prestigieuses d&#039;Espagne !Finca orient\u00e9e sud-ouest, tr\u00e8s lumineuse, ce qui vous permet de profiter du soleil et de voir la mer toute la journ\u00e9e. La surface du terrain est d&#039;environ 3.500m2. Les 80% de la maison sont situ\u00e9s au rez-de-chauss\u00e9e, ce qui la rend tr\u00e8s confortable et accessible.La distribution de la maison est la suivante : rez-de-chauss\u00e9e avec une grande cuisine lumineuse avec des vues exceptionnelles sur la mer et la for\u00eat avec un acc\u00e8s direct \u00e0 la zone de barbecue, une grande salle \u00e0 manger et un salon avec chemin\u00e9e d&#039;o\u00f9 les vues sur le jardin et la mer sont relaxantes. La suite parentale, de grandes dimensions, est tr\u00e8s bien \u00e9quip\u00e9e, les autres chambres ont des dimensions tr\u00e8s ad\u00e9quates. Enfin, la maison dispose d&#039;une piscine int\u00e9rieure chauff\u00e9e avec jacuzzi, d&#039;un sauna et d&#039;une spectaculaire piscine ext\u00e9rieure de grandes dimensions.La zone de service a sa propre entr\u00e9e et est s\u00e9par\u00e9e du reste de la maison. La propri\u00e9t\u00e9 dispose \u00e9galement d&#039;une annexe d&#039;environ 90 m\u00e8tres carr\u00e9s, id\u00e9ale pour une salle de sport, des bureaux ou des services.Le domaine est situ\u00e9 dans le &quot;TRIANGLE D&#039;OR&quot;, form\u00e9 par Sant Andreu de Llavaneres, Sant Vicen\u00e7 de Montalt et Caldes d&#039;Estrac. Situ\u00e9 au sud de l&#039;Europe, entre mer et montagne, il b\u00e9n\u00e9ficie d&#039;un microclimat fantastique. Zone parfaitement communiqu\u00e9e : a\u00e9roports de Barcelone \u00e0 environ 40 minutes et de G\u00e9rone \u00e0 30 minutes, trains de banlieue, connexion facile avec le train \u00e0 grande vitesse AVE, autoroutes, voies rapides et \u00e0 seulement 25 minutes de la ville de Barcelone, 30 minutes de la Costa Brava, ainsi qu&#039;\u00e0 2 heures des pistes de ski.<\/div>\n    <div class=\"n2r__list__item__footer\">\n      <div class=\"n2r__list__item__price\">3.600.000 \u20ac<\/div>    <\/div>\n  <\/div>\n  <a class=\"n2r__list__item__link\" href=\"https:\/\/www.corredormato.com\/fr\/vendre\/vente-villa-supermaresme-sant-vicenc-de-montalt-20698\/\">Plus<\/a>\n  <\/div>    <\/div>\n      <\/div>\n  <\/div><\/div>\n\t\t\t\t\t\t<\/div>\n\t\t\t\t<\/div>\n\t\t\t\t\t<\/div>\n\t\t\t\t<\/div>\n\t\t<div class=\"elementor-element elementor-element-c0e5e63 e-flex e-con-boxed e-con e-parent\" data-id=\"c0e5e63\" data-element_type=\"container\" data-e-type=\"container\" data-settings=\"{&quot;background_background&quot;:&quot;classic&quot;}\">\n\t\t\t\t\t<div class=\"e-con-inner\">\n\t\t\t\t<div class=\"elementor-element elementor-element-6bcb870 elementor-widget elementor-widget-heading\" data-id=\"6bcb870\" data-element_type=\"widget\" data-e-type=\"widget\" data-widget_type=\"heading.default\">\n\t\t\t\t<div class=\"elementor-widget-container\">\n\t\t\t\t\t<p class=\"elementor-heading-title elementor-size-default\">Les meilleures propri\u00e9t\u00e9s ne se cherchent pas, elles se d\u00e9couvrent. Recevez en avant-premi\u00e8re notre s\u00e9lection priv\u00e9e de maisons neuves sur la Costa Brava.<\/p>\t\t\t\t<\/div>\n\t\t\t\t<\/div>\n\t\t\t\t<div class=\"elementor-element elementor-element-2180c83 elementor-widget elementor-widget-template\" data-id=\"2180c83\" data-element_type=\"widget\" data-e-type=\"widget\" data-widget_type=\"template.default\">\n\t\t\t\t<div class=\"elementor-widget-container\">\n\t\t\t\t\t\t\t<div class=\"elementor-template\">\n\t\t\t\t\t<div data-elementor-type=\"section\" data-elementor-id=\"22345\" class=\"elementor elementor-22345 elementor-22339 elementor-22339\" data-elementor-post-type=\"elementor_library\">\n\t\t\t\t\t<section class=\"elementor-section elementor-top-section elementor-element elementor-element-852c075 elementor-section-boxed elementor-section-height-default elementor-section-height-default\" data-id=\"852c075\" data-element_type=\"section\" data-e-type=\"section\" data-settings=\"{&quot;background_background&quot;:&quot;classic&quot;}\">\n\t\t\t\t\t\t<div class=\"elementor-container elementor-column-gap-default\">\n\t\t\t\t\t<div class=\"elementor-column elementor-col-100 elementor-top-column elementor-element elementor-element-95c1123\" data-id=\"95c1123\" data-element_type=\"column\" data-e-type=\"column\">\n\t\t\t<div class=\"elementor-widget-wrap elementor-element-populated\">\n\t\t\t\t\t\t<section class=\"elementor-section elementor-inner-section elementor-element elementor-element-bb0dbd5 elementor-section-full_width elementor-section-height-default elementor-section-height-default\" data-id=\"bb0dbd5\" data-element_type=\"section\" data-e-type=\"section\" data-settings=\"{&quot;background_background&quot;:&quot;classic&quot;}\">\n\t\t\t\t\t\t<div class=\"elementor-container elementor-column-gap-default\">\n\t\t\t\t\t<div class=\"elementor-column elementor-col-100 elementor-inner-column elementor-element elementor-element-6240749\" data-id=\"6240749\" data-element_type=\"column\" data-e-type=\"column\">\n\t\t\t<div class=\"elementor-widget-wrap elementor-element-populated\">\n\t\t\t\t\t\t<div class=\"elementor-element elementor-element-03146cb condiciones-cm elementor-button-align-stretch elementor-widget elementor-widget-form\" data-id=\"03146cb\" data-element_type=\"widget\" data-e-type=\"widget\" id=\"form-newsletter-template\" data-settings=\"{&quot;step_next_label&quot;:&quot;Next&quot;,&quot;step_previous_label&quot;:&quot;Previous&quot;,&quot;button_width&quot;:&quot;30&quot;,&quot;step_type&quot;:&quot;number_text&quot;,&quot;step_icon_shape&quot;:&quot;circle&quot;}\" data-widget_type=\"form.default\">\n\t\t\t\t<div class=\"elementor-widget-container\">\n\t\t\t\t\t\t\t<form class=\"elementor-form\" method=\"post\" name=\"form-newsletter-template\" aria-label=\"form-newsletter-template\">\n\t\t\t<input type=\"hidden\" name=\"post_id\" value=\"22345\"\/>\n\t\t\t<input type=\"hidden\" name=\"form_id\" value=\"03146cb\"\/>\n\t\t\t<input type=\"hidden\" name=\"referer_title\" value=\"SA GRAONADA - maison mitoyenne avec jardin priv\u00e9 - Calella de Palaf...\" \/>\n\n\t\t\t\t\t\t\t<input type=\"hidden\" name=\"queried_id\" value=\"9736\"\/>\n\t\t\t\n\t\t\t<div class=\"elementor-form-fields-wrapper elementor-labels-\">\n\t\t\t\t\t\t\t\t<div class=\"elementor-field-type-email elementor-field-group elementor-column elementor-field-group-email elementor-col-100 elementor-field-required\">\n\t\t\t\t\t\t\t\t\t\t\t\t<label for=\"form-field-email\" class=\"elementor-field-label elementor-screen-only\">\n\t\t\t\t\t\t\t\tEmail\t\t\t\t\t\t\t<\/label>\n\t\t\t\t\t\t\t\t\t\t\t\t\t\t<input size=\"1\" type=\"email\" name=\"form_fields[email]\" id=\"form-field-email\" class=\"elementor-field elementor-size-sm  elementor-field-textual\" placeholder=\"Email\" required=\"required\">\n\t\t\t\t\t\t\t\t\t\t\t<\/div>\n\t\t\t\t\t\t\t\t<div class=\"elementor-field-type-checkbox elementor-field-group elementor-column elementor-field-group-field_f391f8d elementor-col-100\">\n\t\t\t\t\t\t\t\t\t\t\t\t<label for=\"form-field-field_f391f8d\" class=\"elementor-field-label elementor-screen-only\">\n\t\t\t\t\t\t\t\tInt\u00e9ress\u00e9 par\t\t\t\t\t\t\t<\/label>\n\t\t\t\t\t\t<div class=\"elementor-field-subgroup  elementor-subgroup-inline\"><span class=\"elementor-field-option\"><input type=\"checkbox\" value=\"Int\u00e9ress\u00e9 par la location\" id=\"form-field-field_f391f8d-0\" name=\"form_fields[field_f391f8d][]\"> <label for=\"form-field-field_f391f8d-0\">Int\u00e9ress\u00e9 par la location<\/label><\/span><span class=\"elementor-field-option\"><input type=\"checkbox\" value=\"Int\u00e9ress\u00e9 par la vente\" id=\"form-field-field_f391f8d-1\" name=\"form_fields[field_f391f8d][]\"> <label for=\"form-field-field_f391f8d-1\">Int\u00e9ress\u00e9 par la vente<\/label><\/span><\/div>\t\t\t\t<\/div>\n\t\t\t\t\t\t\t\t<div class=\"elementor-field-type-acceptance elementor-field-group elementor-column elementor-field-group-field_6b28549 elementor-col-100 elementor-field-required\">\n\t\t\t\t\t\t\t\t\t\t\t\t<label for=\"form-field-field_6b28549\" class=\"elementor-field-label elementor-screen-only\">\n\t\t\t\t\t\t\t\tPolitique de confidentialit\u00e9\t\t\t\t\t\t\t<\/label>\n\t\t\t\t\t\t\t\t<div class=\"elementor-field-subgroup\">\n\t\t\t<span class=\"elementor-field-option\">\n\t\t\t\t<input type=\"checkbox\" name=\"form_fields[field_6b28549]\" id=\"form-field-field_6b28549\" class=\"elementor-field elementor-size-sm  elementor-acceptance-field\" required=\"required\">\n\t\t\t\t<label for=\"form-field-field_6b28549\">J'accepte le <a href=\"https:\/\/www.corredormato.com\/fr\/politique-de-confidentialite\/\">politique de confidentialit\u00e9<\/a><\/label>\t\t\t<\/span>\n\t\t<\/div>\n\t\t\t\t\t\t<\/div>\n\t\t\t\t\t\t\t\t<div class=\"elementor-field-type-altcha elementor-field-group elementor-column elementor-field-group-field_6a29f94 elementor-col-100\">\n\t\t\t\t\t<div style=\"flex-basis:100%\"><altcha-widget challengeurl=\"https:\/\/www.corredormato.com\/fr\/wp-json\/altcha\/v1\/challenge\" strings=\"{&quot;error&quot;:&quot;La v\\u00e9rification a \\u00e9chou\\u00e9. Veuillez r\\u00e9essayer plus tard.&quot;,&quot;footer&quot;:&quot;Prot\\u00e9g\\u00e9 par &lt;a href=\\&quot;https:\\\/\\\/altcha.org\\\/\\&quot; target=\\&quot;_blank\\&quot;&gt;ALTCHA&lt;\\\/a&gt;&quot;,&quot;label&quot;:&quot;Je ne suis pas un robot&quot;,&quot;verified&quot;:&quot;V\\u00e9rifi\\u00e9&quot;,&quot;verifying&quot;:&quot;En cours de v\\u00e9rification...&quot;,&quot;waitAlert&quot;:&quot;En cours de v\\u00e9rification... Veuillez patienter.&quot;}\" hidefooter=\"1\"><\/altcha-widget><noscript><div class=\"altcha-no-javascript\">This form requires JavaScript!<\/div><\/noscript><\/div><input type=\"hidden\" name=\"form_fields[field_6a29f94]\" id=\"form-field-field_6a29f94\" class=\"elementor-field elementor-size-sm \">\t\t\t\t<\/div>\n\t\t\t\t\t\t\t\t<div class=\"elementor-field-group elementor-column elementor-field-type-submit elementor-col-30 e-form__buttons\">\n\t\t\t\t\t<button class=\"elementor-button elementor-size-sm\" type=\"submit\">\n\t\t\t\t\t\t<span class=\"elementor-button-content-wrapper\">\n\t\t\t\t\t\t\t\t\t\t\t\t\t\t\t\t\t\t\t\t\t\t<span class=\"elementor-button-text\">Envoyer<\/span>\n\t\t\t\t\t\t\t\t\t\t\t\t\t<\/span>\n\t\t\t\t\t<\/button>\n\t\t\t\t<\/div>\n\t\t\t<\/div>\n\t\t<\/form>\n\t\t\t\t\t\t<\/div>\n\t\t\t\t<\/div>\n\t\t\t\t\t<\/div>\n\t\t<\/div>\n\t\t\t\t\t<\/div>\n\t\t<\/section>\n\t\t\t\t\t<\/div>\n\t\t<\/div>\n\t\t\t\t\t<\/div>\n\t\t<\/section>\n\t\t\t\t<\/div>\n\t\t\t\t<\/div>\n\t\t\t\t\t\t<\/div>\n\t\t\t\t<\/div>\n\t\t\t\t\t<\/div>\n\t\t\t\t<\/div>\n\t\t\t\t<\/div>\n\t\t","protected":false},"excerpt":{"rendered":"<p>L&#8217;immobilier de r\u00e9f\u00e9rencesur la Costa Brava depuis 1960 Chez Corredor Mat\u00f3, nous sommes experts en contrats de location et de vente de propri\u00e9t\u00e9spour des clients nationaux et internationaux. H\u00e9bergements en vedette | Location Voulez-vous conna\u00eetre la valeur de votre maison? Contactez-nous et demandez une estimation gratuite \u00e0 notre \u00e9quipe d&#8217;agents immobiliers experts. Propri\u00e9t\u00e9s en vedette [&hellip;]<\/p>\n","protected":false},"author":1,"featured_media":4520,"parent":0,"menu_order":0,"comment_status":"closed","ping_status":"closed","template":"","meta":{"footnotes":""},"class_list":["post-9132","page","type-page","status-publish","has-post-thumbnail","hentry"],"yoast_head":"<!-- This site is optimized with the Yoast SEO plugin v27.4 - https:\/\/yoast.com\/product\/yoast-seo-wordpress\/ -->\n<title>Accueil - Corredor Mat\u00f3 - Corredor Mat\u00f3 Real Estate &amp; Property Management<\/title>\n<meta name=\"description\" content=\"Si vous \u00eates propri\u00e9taire et souhaitez louer ou vendre, Corredor Mat\u00f3 Real Estate est votre agence. Service personnalis\u00e9 pour nos clients.\" \/>\n<meta name=\"robots\" content=\"index, follow, max-snippet:-1, max-image-preview:large, max-video-preview:-1\" \/>\n<link rel=\"canonical\" href=\"https:\/\/www.corredormato.com\/fr\/\" \/>\n<meta property=\"og:locale\" content=\"fr_FR\" \/>\n<meta property=\"og:type\" content=\"article\" \/>\n<meta property=\"og:title\" content=\"Accueil - Corredor Mat\u00f3 - Corredor Mat\u00f3 Real Estate &amp; Property Management\" \/>\n<meta property=\"og:description\" content=\"Si vous \u00eates propri\u00e9taire et souhaitez louer ou vendre, Corredor Mat\u00f3 Real Estate est votre agence. Service personnalis\u00e9 pour nos clients.\" \/>\n<meta property=\"og:url\" content=\"https:\/\/www.corredormato.com\/fr\/\" \/>\n<meta property=\"og:site_name\" content=\"Corredor Mat\u00f3 Real Estate &amp; Property Management\" \/>\n<meta property=\"article:modified_time\" content=\"2025-11-20T10:46:35+00:00\" \/>\n<meta property=\"og:image\" content=\"https:\/\/www.corredormato.com\/wp-content\/uploads\/2023\/06\/RRSS_Corredor_MATO.jpg\" \/>\n\t<meta property=\"og:image:width\" content=\"1280\" \/>\n\t<meta property=\"og:image:height\" content=\"720\" \/>\n\t<meta property=\"og:image:type\" content=\"image\/jpeg\" \/>\n<meta name=\"twitter:card\" content=\"summary_large_image\" \/>\n<meta name=\"twitter:label1\" content=\"Dur\u00e9e de lecture estim\u00e9e\" \/>\n\t<meta name=\"twitter:data1\" content=\"1 minute\" \/>\n<script type=\"application\/ld+json\" class=\"yoast-schema-graph\">{\"@context\":\"https:\\\/\\\/schema.org\",\"@graph\":[{\"@type\":\"WebPage\",\"@id\":\"https:\\\/\\\/www.corredormato.com\\\/fr\\\/\",\"url\":\"https:\\\/\\\/www.corredormato.com\\\/fr\\\/\",\"name\":\"Accueil - Corredor Mat\u00f3 - Corredor Mat\u00f3 Real Estate &amp; Property Management\",\"isPartOf\":{\"@id\":\"https:\\\/\\\/www.corredormato.com\\\/fr\\\/#website\"},\"primaryImageOfPage\":{\"@id\":\"https:\\\/\\\/www.corredormato.com\\\/fr\\\/#primaryimage\"},\"image\":{\"@id\":\"https:\\\/\\\/www.corredormato.com\\\/fr\\\/#primaryimage\"},\"thumbnailUrl\":\"https:\\\/\\\/www.corredormato.com\\\/wp-content\\\/uploads\\\/2023\\\/06\\\/RRSS_Corredor_MATO.jpg\",\"datePublished\":\"2023-10-24T09:10:13+00:00\",\"dateModified\":\"2025-11-20T10:46:35+00:00\",\"description\":\"Si vous \u00eates propri\u00e9taire et souhaitez louer ou vendre, Corredor Mat\u00f3 Real Estate est votre agence. Service personnalis\u00e9 pour nos clients.\",\"breadcrumb\":{\"@id\":\"https:\\\/\\\/www.corredormato.com\\\/fr\\\/#breadcrumb\"},\"inLanguage\":\"fr-FR\",\"potentialAction\":[{\"@type\":\"ReadAction\",\"target\":[\"https:\\\/\\\/www.corredormato.com\\\/fr\\\/\"]}]},{\"@type\":\"BreadcrumbList\",\"@id\":\"https:\\\/\\\/www.corredormato.com\\\/fr\\\/#breadcrumb\",\"itemListElement\":[{\"@type\":\"ListItem\",\"position\":1,\"name\":\"Home\",\"item\":\"https:\\\/\\\/www.corredormato.com\\\/fr\\\/\"},{\"@type\":\"ListItem\",\"position\":2,\"name\":\"Accueil &#8211; Corredor Mat\u00f3\"}]},{\"@type\":\"WebSite\",\"@id\":\"https:\\\/\\\/www.corredormato.com\\\/fr\\\/#website\",\"url\":\"https:\\\/\\\/www.corredormato.com\\\/fr\\\/\",\"name\":\"Corredor Mat\u00f3 Real Estate &amp; Property Management\",\"description\":\"Real Estate &amp; Property Management\",\"publisher\":{\"@id\":\"https:\\\/\\\/www.corredormato.com\\\/fr\\\/#organization\"},\"alternateName\":\"Corredor Mat\u00f3\",\"potentialAction\":[{\"@type\":\"SearchAction\",\"target\":{\"@type\":\"EntryPoint\",\"urlTemplate\":\"https:\\\/\\\/www.corredormato.com\\\/resultats-de-cerca-lloguer\\\/?search_text={search_term_string}\"},\"query-input\":{\"@type\":\"PropertyValueSpecification\",\"valueRequired\":true,\"valueName\":\"search_term_string\"}}],\"inLanguage\":\"fr-FR\"},{\"@type\":\"Organization\",\"@id\":\"https:\\\/\\\/www.corredormato.com\\\/fr\\\/#organization\",\"name\":\"Corredor Mat\u00f3 | Real Estate & Property Management\",\"url\":\"https:\\\/\\\/www.corredormato.com\\\/fr\\\/\",\"logo\":{\"@type\":\"ImageObject\",\"inLanguage\":\"fr-FR\",\"@id\":\"https:\\\/\\\/www.corredormato.com\\\/fr\\\/#\\\/schema\\\/logo\\\/image\\\/\",\"url\":\"https:\\\/\\\/www.corredormato.com\\\/wp-content\\\/uploads\\\/2021\\\/04\\\/logo.png\",\"contentUrl\":\"https:\\\/\\\/www.corredormato.com\\\/wp-content\\\/uploads\\\/2021\\\/04\\\/logo.png\",\"width\":970,\"height\":225,\"caption\":\"Corredor Mat\u00f3 | Real Estate & Property Management\"},\"image\":{\"@id\":\"https:\\\/\\\/www.corredormato.com\\\/fr\\\/#\\\/schema\\\/logo\\\/image\\\/\"}}]}<\/script>\n<!-- \/ Yoast SEO plugin. -->","yoast_head_json":{"title":"Accueil - Corredor Mat\u00f3 - Corredor Mat\u00f3 Real Estate &amp; Property Management","description":"Si vous \u00eates propri\u00e9taire et souhaitez louer ou vendre, Corredor Mat\u00f3 Real Estate est votre agence. Service personnalis\u00e9 pour nos clients.","robots":{"index":"index","follow":"follow","max-snippet":"max-snippet:-1","max-image-preview":"max-image-preview:large","max-video-preview":"max-video-preview:-1"},"canonical":"https:\/\/www.corredormato.com\/fr\/","og_locale":"fr_FR","og_type":"article","og_title":"Accueil - Corredor Mat\u00f3 - Corredor Mat\u00f3 Real Estate &amp; Property Management","og_description":"Si vous \u00eates propri\u00e9taire et souhaitez louer ou vendre, Corredor Mat\u00f3 Real Estate est votre agence. Service personnalis\u00e9 pour nos clients.","og_url":"https:\/\/www.corredormato.com\/fr\/","og_site_name":"Corredor Mat\u00f3 Real Estate &amp; Property Management","article_modified_time":"2025-11-20T10:46:35+00:00","og_image":[{"width":1280,"height":720,"url":"https:\/\/www.corredormato.com\/wp-content\/uploads\/2023\/06\/RRSS_Corredor_MATO.jpg","type":"image\/jpeg"}],"twitter_card":"summary_large_image","twitter_misc":{"Dur\u00e9e de lecture estim\u00e9e":"1 minute"},"schema":{"@context":"https:\/\/schema.org","@graph":[{"@type":"WebPage","@id":"https:\/\/www.corredormato.com\/fr\/","url":"https:\/\/www.corredormato.com\/fr\/","name":"Accueil - Corredor Mat\u00f3 - Corredor Mat\u00f3 Real Estate &amp; Property Management","isPartOf":{"@id":"https:\/\/www.corredormato.com\/fr\/#website"},"primaryImageOfPage":{"@id":"https:\/\/www.corredormato.com\/fr\/#primaryimage"},"image":{"@id":"https:\/\/www.corredormato.com\/fr\/#primaryimage"},"thumbnailUrl":"https:\/\/www.corredormato.com\/wp-content\/uploads\/2023\/06\/RRSS_Corredor_MATO.jpg","datePublished":"2023-10-24T09:10:13+00:00","dateModified":"2025-11-20T10:46:35+00:00","description":"Si vous \u00eates propri\u00e9taire et souhaitez louer ou vendre, Corredor Mat\u00f3 Real Estate est votre agence. Service personnalis\u00e9 pour nos clients.","breadcrumb":{"@id":"https:\/\/www.corredormato.com\/fr\/#breadcrumb"},"inLanguage":"fr-FR","potentialAction":[{"@type":"ReadAction","target":["https:\/\/www.corredormato.com\/fr\/"]}]},{"@type":"BreadcrumbList","@id":"https:\/\/www.corredormato.com\/fr\/#breadcrumb","itemListElement":[{"@type":"ListItem","position":1,"name":"Home","item":"https:\/\/www.corredormato.com\/fr\/"},{"@type":"ListItem","position":2,"name":"Accueil &#8211; Corredor Mat\u00f3"}]},{"@type":"WebSite","@id":"https:\/\/www.corredormato.com\/fr\/#website","url":"https:\/\/www.corredormato.com\/fr\/","name":"Corredor Mat\u00f3 Real Estate &amp; Property Management","description":"Real Estate &amp; Property Management","publisher":{"@id":"https:\/\/www.corredormato.com\/fr\/#organization"},"alternateName":"Corredor Mat\u00f3","potentialAction":[{"@type":"SearchAction","target":{"@type":"EntryPoint","urlTemplate":"https:\/\/www.corredormato.com\/resultats-de-cerca-lloguer\/?search_text={search_term_string}"},"query-input":{"@type":"PropertyValueSpecification","valueRequired":true,"valueName":"search_term_string"}}],"inLanguage":"fr-FR"},{"@type":"Organization","@id":"https:\/\/www.corredormato.com\/fr\/#organization","name":"Corredor Mat\u00f3 | Real Estate & Property Management","url":"https:\/\/www.corredormato.com\/fr\/","logo":{"@type":"ImageObject","inLanguage":"fr-FR","@id":"https:\/\/www.corredormato.com\/fr\/#\/schema\/logo\/image\/","url":"https:\/\/www.corredormato.com\/wp-content\/uploads\/2021\/04\/logo.png","contentUrl":"https:\/\/www.corredormato.com\/wp-content\/uploads\/2021\/04\/logo.png","width":970,"height":225,"caption":"Corredor Mat\u00f3 | Real Estate & Property Management"},"image":{"@id":"https:\/\/www.corredormato.com\/fr\/#\/schema\/logo\/image\/"}}]}},"_links":{"self":[{"href":"https:\/\/www.corredormato.com\/fr\/wp-json\/wp\/v2\/pages\/9132","targetHints":{"allow":["GET"]}}],"collection":[{"href":"https:\/\/www.corredormato.com\/fr\/wp-json\/wp\/v2\/pages"}],"about":[{"href":"https:\/\/www.corredormato.com\/fr\/wp-json\/wp\/v2\/types\/page"}],"author":[{"embeddable":true,"href":"https:\/\/www.corredormato.com\/fr\/wp-json\/wp\/v2\/users\/1"}],"replies":[{"embeddable":true,"href":"https:\/\/www.corredormato.com\/fr\/wp-json\/wp\/v2\/comments?post=9132"}],"version-history":[{"count":8,"href":"https:\/\/www.corredormato.com\/fr\/wp-json\/wp\/v2\/pages\/9132\/revisions"}],"predecessor-version":[{"id":22428,"href":"https:\/\/www.corredormato.com\/fr\/wp-json\/wp\/v2\/pages\/9132\/revisions\/22428"}],"wp:featuredmedia":[{"embeddable":true,"href":"https:\/\/www.corredormato.com\/fr\/wp-json\/wp\/v2\/media\/4520"}],"wp:attachment":[{"href":"https:\/\/www.corredormato.com\/fr\/wp-json\/wp\/v2\/media?parent=9132"}],"curies":[{"name":"wp","href":"https:\/\/api.w.org\/{rel}","templated":true}]}}